{"id":14,"date":"2013-03-10T21:41:01","date_gmt":"2013-03-10T21:41:01","guid":{"rendered":"http:\/\/paratraduccion.com\/mestrado\/oscar-ferreiro-vazquez\/"},"modified":"2025-09-04T16:41:46","modified_gmt":"2025-09-04T16:41:46","slug":"oscar-ferreiro-vazquez","status":"publish","type":"page","link":"http:\/\/paratraduccion.com\/limiares\/en\/oscar-ferreiro-vazquez\/","title":{"rendered":"Ferreiro V\u00e1zquez, \u00d3scar"},"content":{"rendered":"<div data-elementor-type=\"wp-page\" data-elementor-id=\"14\" class=\"elementor elementor-14\" data-elementor-post-type=\"page\">\n\t\t\t\t\t\t<section class=\"elementor-section elementor-top-section elementor-element elementor-element-eccaf49 elementor-section-boxed elementor-section-height-default elementor-section-height-default\" data-id=\"eccaf49\" data-element_type=\"section\" data-settings=\"{&quot;jet_parallax_layout_list&quot;:[]}\">\n\t\t\t\t\t\t<div class=\"elementor-container elementor-column-gap-default\">\n\t\t\t\t\t<div class=\"elementor-column elementor-col-100 elementor-top-column elementor-element elementor-element-dcd7ea8\" data-id=\"dcd7ea8\" data-element_type=\"column\">\n\t\t\t<div class=\"elementor-widget-wrap elementor-element-populated\">\n\t\t\t\t\t\t<div class=\"elementor-element elementor-element-741da2d elementor-widget elementor-widget-bdt-advanced-heading\" data-id=\"741da2d\" data-element_type=\"widget\" data-widget_type=\"bdt-advanced-heading.default\">\n\t\t\t\t<div class=\"elementor-widget-container\">\n\t\t\t<div id =\"741da2d\" class=\"bdt-ep-advanced-heading\" data-settings=\"{&quot;titleMultiColor&quot;:&quot;no&quot;}\"><div class=\"bdt-ep-advanced-heading-content bdt-visible@m\"><div class=\"bdt-transform-origin-top-left\">Senior Lecturer\n<\/div><\/div><h2 class=\"bdt-ep-advanced-heading-title\"><span class=\"bdt-ep-advanced-heading-main-title\"><span class=\"bdt-ep-advanced-heading-main-title-inner\">Senior Lecturer\n<\/span><\/span><\/h2><\/div>\t\t<\/div>\n\t\t\t\t<\/div>\n\t\t\t\t<div class=\"elementor-element elementor-element-534e88e e-grid-align-left elementor-shape-rounded elementor-grid-0 elementor-widget elementor-widget-social-icons\" data-id=\"534e88e\" data-element_type=\"widget\" data-widget_type=\"social-icons.default\">\n\t\t\t\t<div class=\"elementor-widget-container\">\n\t\t\t\t\t<div class=\"elementor-social-icons-wrapper elementor-grid\">\n\t\t\t\t\t\t\t<span class=\"elementor-grid-item\">\n\t\t\t\t\t<a class=\"elementor-icon elementor-social-icon elementor-social-icon-orcid elementor-repeater-item-9d5de23\" href=\"https:\/\/orcid.org\/0000-0002-8442-8930\" target=\"_blank\">\n\t\t\t\t\t\t<span class=\"elementor-screen-only\">Orcid<\/span>\n\t\t\t\t\t\t<i class=\"fab fa-orcid\"><\/i>\t\t\t\t\t<\/a>\n\t\t\t\t<\/span>\n\t\t\t\t\t\t\t<span class=\"elementor-grid-item\">\n\t\t\t\t\t<a class=\"elementor-icon elementor-social-icon elementor-social-icon-linkedin elementor-repeater-item-2663dfe\" href=\"http:\/\/linkedin.com\/in\/\u00f3scar-ferreiro-v\u00e1zquez-117b321bb\" target=\"_blank\">\n\t\t\t\t\t\t<span class=\"elementor-screen-only\">Linkedin<\/span>\n\t\t\t\t\t\t<i class=\"fab fa-linkedin\"><\/i>\t\t\t\t\t<\/a>\n\t\t\t\t<\/span>\n\t\t\t\t\t\t\t<span class=\"elementor-grid-item\">\n\t\t\t\t\t<a class=\"elementor-icon elementor-social-icon elementor-social-icon- elementor-repeater-item-7cb6326\" href=\"https:\/\/uvigo.academia.edu\/OscarFerreiro\" target=\"_blank\">\n\t\t\t\t\t\t<span class=\"elementor-screen-only\"><\/span>\n\t\t\t\t\t\t<svg xmlns:dc=\"http:\/\/purl.org\/dc\/elements\/1.1\/\" xmlns:cc=\"http:\/\/creativecommons.org\/ns#\" xmlns:rdf=\"http:\/\/www.w3.org\/1999\/02\/22-rdf-syntax-ns#\" xmlns:svg=\"http:\/\/www.w3.org\/2000\/svg\" xmlns=\"http:\/\/www.w3.org\/2000\/svg\" xmlns:sodipodi=\"http:\/\/sodipodi.sourceforge.net\/DTD\/sodipodi-0.dtd\" xmlns:inkscape=\"http:\/\/www.inkscape.org\/namespaces\/inkscape\" sodipodi:docname=\"academia-square.svg\" inkscape:version=\"1.0 (1.0+r73+1)\" id=\"svg8\" viewbox=\"0 0 448 512\" height=\"512\" width=\"448\"><title id=\"title835\">Academia<\/title><defs id=\"defs2\"><\/defs><metadata><\/metadata><g inkscape:label=\"icon\" id=\"layer6\" inkscape:groupmode=\"layer\"><path id=\"path2\" d=\"M 48 32 C 21.5 32 0 53.5 0 80 L 0 432 C 0 458.5 21.5 480 48 480 L 400 480 C 426.5 480 448 458.5 448 432 L 448 80 C 448 53.5 426.5 32 400 32 L 48 32 z M 207.79297 96 C 221.64286 95.990765 235.49191 96.065306 249.3418 96.304688 C 287.24422 192.07456 326.21734 287.4763 364.63477 383.0625 C 368.5023 394.00152 380.91729 396.8388 390.97266 398.86523 C 390.97266 404.57395 391.00781 410.28199 391.00781 415.99219 C 340.98742 415.95439 290.96725 416.02908 240.94531 415.95508 C 240.94531 410.20985 240.98047 404.50009 240.98047 398.79102 C 253.50488 397.83511 269.63835 398.57261 277.08008 386.23047 C 279.95403 376.65384 276.74937 366.67038 273.21289 357.75781 C 267.90871 344.53351 262.60415 331.30964 257.29883 318.12305 C 218.6585 317.97689 180.0583 318.23487 141.41797 318.01367 C 134.45651 334.25801 128.41379 350.87158 122.04102 367.33594 C 119.38971 374.59229 116.55398 384.24386 122.96289 390.43164 C 131.10332 397.35696 142.59601 397.17255 152.61523 398.71875 C 152.65123 404.46515 152.6513 410.21162 152.6875 415.99414 C 120.78869 415.95694 88.891007 416.06764 56.992188 415.91992 C 56.992187 410.24735 57.027344 404.57586 57.027344 398.93945 C 66.787415 396.91454 78.980872 394.51791 82.701172 383.79883 C 115.63242 299.66783 148.59941 215.50194 181.05078 131.1875 C 175.70932 119.69438 171.3987 107.76225 166.24219 96.195312 C 180.09207 96.102824 193.94308 96.009235 207.79297 96 z M 197.95703 169.5332 C 183.44421 208.98335 167.75343 248.02703 152.94531 287.36719 A 9679.2904 9679.2904 0 0 0 245.06836 287.36719 C 229.37659 248.10086 213.61265 208.83608 197.95703 169.5332 z \"><\/path><\/g><\/svg>\t\t\t\t\t<\/a>\n\t\t\t\t<\/span>\n\t\t\t\t\t\t\t<span class=\"elementor-grid-item\">\n\t\t\t\t\t<a class=\"elementor-icon elementor-social-icon elementor-social-icon-facebook elementor-repeater-item-2ef4fc2\" href=\"https:\/\/www.facebook.com\/oscar.ferreirovazquez\" target=\"_blank\">\n\t\t\t\t\t\t<span class=\"elementor-screen-only\">Facebook<\/span>\n\t\t\t\t\t\t<i class=\"fab fa-facebook\"><\/i>\t\t\t\t\t<\/a>\n\t\t\t\t<\/span>\n\t\t\t\t\t\t\t<span class=\"elementor-grid-item\">\n\t\t\t\t\t<a class=\"elementor-icon elementor-social-icon elementor-social-icon-instagram elementor-repeater-item-6e6b13b\" href=\"https:\/\/www.instagram.com\/ferreiro_oscar\/\" target=\"_blank\">\n\t\t\t\t\t\t<span class=\"elementor-screen-only\">Instagram<\/span>\n\t\t\t\t\t\t<i class=\"fab fa-instagram\"><\/i>\t\t\t\t\t<\/a>\n\t\t\t\t<\/span>\n\t\t\t\t\t<\/div>\n\t\t\t\t<\/div>\n\t\t\t\t<\/div>\n\t\t\t\t<div class=\"elementor-element elementor-element-4b29f66 elementor-widget elementor-widget-bdt-accordion\" data-id=\"4b29f66\" data-element_type=\"widget\" data-widget_type=\"bdt-accordion.default\">\n\t\t\t\t<div class=\"elementor-widget-container\">\n\t\t\t        <div class=\"bdt-ep-accordion-container\">\n            <div id=\"bdt-ep-accordion-4b29f66\" class=\"bdt-ep-accordion bdt-accordion\" data-bdt-accordion=\"{&quot;collapsible&quot;:true,&quot;multiple&quot;:false,&quot;transition&quot;:&quot;ease-in-out&quot;}\" data-settings=\"{&quot;id&quot;:&quot;bdt-ep-accordion-4b29f66&quot;,&quot;activeHash&quot;:&quot;no&quot;,&quot;activeScrollspy&quot;:null,&quot;hashTopOffset&quot;:false,&quot;hashScrollspyTime&quot;:false}\">\n                                    <div class=\"bdt-ep-accordion-item\">\n                        <div class=\"bdt-ep-accordion-title bdt-accordion-title bdt-flex bdt-flex-middle bdt-flex-between\" id=\"bdt-ep-accordion-bionota\" data-accordion-index=\"0\" data-title=\"bionota\" role=\"heading\">\n\n                                                            <span class=\"bdt-ep-accordion-icon bdt-flex-align-right\" aria-hidden=\"true\">\n\n                                                                            <span class=\"bdt-ep-accordion-icon-closed\">\n                                            <i aria-hidden=\"true\" class=\"fa-fw fas fa-plus\"><\/i>                                        <\/span>\n                                    \n                                                                            <span class=\"bdt-ep-accordion-icon-opened\">\n                                            <i aria-hidden=\"true\" class=\"fa-fw fas fa-minus\"><\/i>                                        <\/span>\n                                    \n                                <\/span>\n                            \n                            <span class=\"bdt-ep-title-text bdt-flex bdt-flex-middle\">\n\n                                                                INFO                            <\/span>\n\n                        <\/div>\n                        <div class=\"bdt-ep-accordion-content bdt-accordion-content\">\n                            <p style=\"text-align: justify;\" class=\" translation-block\">\u00d3scar Ferreiro V\u00e1zquez was born in the Swiss canton of Fribourg. He has a bachelor\u2019s degree and a PhD in Translation and Interpreting by the  <a href=\"https:\/\/www.uvigo.gal\/es\" target=\"_self\" role=\"link\">Universidade de Vigo<\/a> with international mention. He obtained the highest qualification of outstanding with honors for his dissertation\u00a0<a href=\"http:\/\/paratraduccion.com\/doctorado\/portfolio-item\/tesis-doctoral-de-oscar-ferreiro-vazquez\/\" target=\"_self\" role=\"link\">\u00abPor boca de\u00bb:<\/a>\u00a0<a href=\"http:\/\/paratraduccion.com\/doctorado\/portfolio-item\/tesis-doctoral-de-oscar-ferreiro-vazquez\/\" target=\"_self\" role=\"link\">achegas \u00e1 historia da interpretaci\u00f3n do centro e sur de Am\u00e9rica (15181870)<\/a> as well as the extraordinary award by the <a href=\"https:\/\/www.uvigo.gal\/es\" target=\"_self\" role=\"link\">Universidade de Vigo<\/a> in 2016.<\/p><p style=\"text-align: justify;\" class=\" translation-block\">He is a lecturer of French, on extended leave, of the <a href=\"https:\/\/www.edu.xunta.gal\/\" target=\"_self\" role=\"link\">Department of Education and University of the Xunta de Galicia<\/a>.\u00a0\u00a0<\/p><p style=\"text-align: justify;\">He is a sworn French-Galician-French translator-interpreter, certified by the General Secretariat of Language Policy (Xunta de Galicia). As per the private sector, he has taught more than 1 500 hours of training in different companies. For five years he carried out translation and interpreting tasks at a renowned company of the city of Vigo. He also oversaw and coordinated a team of translators and interprets to give language services to more than a hundred companies both at national and international levels.<\/p>                        <\/div>\n                    <\/div>\n                                    <div class=\"bdt-ep-accordion-item\">\n                        <div class=\"bdt-ep-accordion-title bdt-accordion-title bdt-flex bdt-flex-middle bdt-flex-between\" id=\"bdt-ep-accordion-experiencia-docente\" data-accordion-index=\"1\" data-title=\"experiencia-docente\" role=\"heading\">\n\n                                                            <span class=\"bdt-ep-accordion-icon bdt-flex-align-right\" aria-hidden=\"true\">\n\n                                                                            <span class=\"bdt-ep-accordion-icon-closed\">\n                                            <i aria-hidden=\"true\" class=\"fa-fw fas fa-plus\"><\/i>                                        <\/span>\n                                    \n                                                                            <span class=\"bdt-ep-accordion-icon-opened\">\n                                            <i aria-hidden=\"true\" class=\"fa-fw fas fa-minus\"><\/i>                                        <\/span>\n                                    \n                                <\/span>\n                            \n                            <span class=\"bdt-ep-title-text bdt-flex bdt-flex-middle\">\n\n                                                                TEACHING EXPERIENCE                            <\/span>\n\n                        <\/div>\n                        <div class=\"bdt-ep-accordion-content bdt-accordion-content\">\n                            <p style=\"text-align: justify;\" class=\" translation-block\">Regarding his university teaching experience, he is a lecturer in the <a href=\"https:\/\/www.uvigo.gal\/es\/estudiar\/organizacion-academica\/centros\/traducion-linguistica\" target=\"_self\" role=\"link\">Translation and Linguistics Department at the Universidade de Vigo<\/a> since the academic year 2006-2007. He teaches different courses in the degree of translation and interpreting, as well as in the\u00a0<a href=\"https:\/\/paratraduccion.com\/limiares\/2021\/10\/25\/acto-de-entrega-de-la-mencion-de-excelencia-de-la-xunta-de-galicia\/\" target=\"_self\" role=\"link\">master\u2019s degree in Translation for<\/a>\u00a0<a href=\"https:\/\/paratraduccion.com\/limiares\/2021\/10\/25\/acto-de-entrega-de-la-mencion-de-excelencia-de-la-xunta-de-galicia\/\" target=\"_self\" role=\"link\">International Communication<\/a>\u00a0\u2014which has been recently awarded the mention of excellence by the <a href=\"https:\/\/www.xunta.gal\/portada\" target=\"_self\" role=\"link\">Xunta de Galicia<\/a>\u2014and in the <a href=\"http:\/\/paratraduccion.com\/doctorado\/\" target=\"_self\" role=\"link\">\u00a0doctoral program in Translation &amp; Paratranslation.<\/a>\u00a0He is co-director of the University-accredited degree of Specialist in Translation for the Video game Industry<\/em>\u00a0<a href=\"https:\/\/paratraduccion.com\/videojuegos\/\" target=\"_self\" role=\"link\">(ETIV)<\/a>.\u00a0<\/p>                        <\/div>\n                    <\/div>\n                                    <div class=\"bdt-ep-accordion-item\">\n                        <div class=\"bdt-ep-accordion-title bdt-accordion-title bdt-flex bdt-flex-middle bdt-flex-between\" id=\"bdt-ep-accordion-materias-impartidas-no-mtci\" data-accordion-index=\"2\" data-title=\"materias-impartidas-no-mtci\" role=\"heading\">\n\n                                                            <span class=\"bdt-ep-accordion-icon bdt-flex-align-right\" aria-hidden=\"true\">\n\n                                                                            <span class=\"bdt-ep-accordion-icon-closed\">\n                                            <i aria-hidden=\"true\" class=\"fa-fw fas fa-plus\"><\/i>                                        <\/span>\n                                    \n                                                                            <span class=\"bdt-ep-accordion-icon-opened\">\n                                            <i aria-hidden=\"true\" class=\"fa-fw fas fa-minus\"><\/i>                                        <\/span>\n                                    \n                                <\/span>\n                            \n                            <span class=\"bdt-ep-title-text bdt-flex bdt-flex-middle\">\n\n                                                                MTCI SUBJECT                            <\/span>\n\n                        <\/div>\n                        <div class=\"bdt-ep-accordion-content bdt-accordion-content\">\n                                                    <\/div>\n                    <\/div>\n                                    <div class=\"bdt-ep-accordion-item\">\n                        <div class=\"bdt-ep-accordion-title bdt-accordion-title bdt-flex bdt-flex-middle bdt-flex-between\" id=\"bdt-ep-accordion-lias-de-investigacin\" data-accordion-index=\"3\" data-title=\"li-as-de-investigaci-n\" role=\"heading\">\n\n                                                            <span class=\"bdt-ep-accordion-icon bdt-flex-align-right\" aria-hidden=\"true\">\n\n                                                                            <span class=\"bdt-ep-accordion-icon-closed\">\n                                            <i aria-hidden=\"true\" class=\"fa-fw fas fa-plus\"><\/i>                                        <\/span>\n                                    \n                                                                            <span class=\"bdt-ep-accordion-icon-opened\">\n                                            <i aria-hidden=\"true\" class=\"fa-fw fas fa-minus\"><\/i>                                        <\/span>\n                                    \n                                <\/span>\n                            \n                            <span class=\"bdt-ep-title-text bdt-flex bdt-flex-middle\">\n\n                                                                LINES OF RESEARCH                            <\/span>\n\n                        <\/div>\n                        <div class=\"bdt-ep-accordion-content bdt-accordion-content\">\n                            <p style=\"text-align: justify;\">His lines of research include the history of translation and interpreting in America during the conquest and colonization period, as well as the translation of the globalizing hip hop movement as an artistic and cultural expression. In recent years, he opened a new line of research in which he applies the concept of paratranslation to studies of fascism and the New Right.<\/p>                        <\/div>\n                    <\/div>\n                                    <div class=\"bdt-ep-accordion-item\">\n                        <div class=\"bdt-ep-accordion-title bdt-accordion-title bdt-flex bdt-flex-middle bdt-flex-between\" id=\"bdt-ep-accordion-publicacins\" data-accordion-index=\"4\" data-title=\"publicaci-ns\" role=\"heading\">\n\n                                                            <span class=\"bdt-ep-accordion-icon bdt-flex-align-right\" aria-hidden=\"true\">\n\n                                                                            <span class=\"bdt-ep-accordion-icon-closed\">\n                                            <i aria-hidden=\"true\" class=\"fa-fw fas fa-plus\"><\/i>                                        <\/span>\n                                    \n                                                                            <span class=\"bdt-ep-accordion-icon-opened\">\n                                            <i aria-hidden=\"true\" class=\"fa-fw fas fa-minus\"><\/i>                                        <\/span>\n                                    \n                                <\/span>\n                            \n                            <span class=\"bdt-ep-title-text bdt-flex bdt-flex-middle\">\n\n                                                                PUBLICATIONS                            <\/span>\n\n                        <\/div>\n                        <div class=\"bdt-ep-accordion-content bdt-accordion-content\">\n                            <ul><li style=\"text-align: justify;\" class=\" translation-block\">Ferreiro-V\u00e1zquez, \u00d3scar; Torres-Out\u00f3n, Sara Mar\u00eda (2023). Uso de traductores autom\u00e1ticos y aprendizaje de lengua francesa en 2\u00ba de bachillerato. En Jos\u00e9 Ram\u00f3n Calvo-Ferrer e Sara Mar\u00eda Torres Out\u00f3n [eds.] <em>Tecnolog\u00edas aplicadas a la traducci\u00f3n y al aprendizaje de lenguas<\/em>, pp. 7-22. ISBN: 978-84-1369-428-3. Granada: Editorial Comares.<\/li><li style=\"text-align: justify;\" class=\" translation-block\">Ferreiro-V\u00e1zquez, \u00d3scar; Gonz\u00e1lez-Santamar\u00eda, Pedro (2023). Eventos vinculados a videojuegos y actividad tur\u00edstica. En Ram\u00f3n M\u00e9ndez y Alba Calvo [eds.] <em>Nuevas Voces investigadoras en el \u00e1mbito de la localizaci\u00f3n de videojuegos<\/em>., pp. 15-27. ISBN: 978-84-19471-92-5. Valencia: Tirant Humanidades.<\/li><li style=\"text-align: justify;\" class=\" translation-block\">Schurster, Karl; Ferreiro-V\u00e1zquez, \u00d3scar (2023). En los m\u00e1rgenes del texto, el paratexto: la paratraducci\u00f3n y las \u00abnuevas derechas\u00bb en el Tiempo Presente. En Ram\u00f3n M\u00e9ndez Gonz\u00e1lez e Emmanuel Claude Bourgoin Vergondy [eds]. <em>Traducci\u00f3n y Paratraducci\u00f3n \u2013 L\u00edneas de investigaci\u00f3n II<\/em>. ISBN: 978-3-631-84174-7. Frankfurt: Peter Lang.<\/li><li style=\"text-align: justify;\">Ferreiro V\u00e1zquez, \u00d3scar. (2016) \u00ab<a href=\"https:\/\/www.academia.edu\/33730843\/De_la_comunicaci%C3%B3n_no_verbal_al_acto_de_mediaci%C3%B3n_el_habitus_en_interpretaci%C3%B3n_durante_la_conquista_y_colonizaci%C3%B3n_de_Am%C3%A9rica\">De la comunicaci\u00f3n no verbal al acto de mediaci\u00f3n: el habitus en interpretaci\u00f3n durante la conquista y colonizaci\u00f3n de Am\u00e9rica<\/a>\u00bb,\u00a0<em>Estudios Hisp\u00e1nicos<\/em>. Vol. XXIV: 37-48.<\/li><\/ul>                        <\/div>\n                    <\/div>\n                            <\/div>\n        <\/div>\n    \t\t<\/div>\n\t\t\t\t<\/div>\n\t\t\t\t\t<\/div>\n\t\t<\/div>\n\t\t\t\t\t<\/div>\n\t\t<\/section>\n\t\t\t\t<section class=\"elementor-section elementor-top-section elementor-element elementor-element-c79815e elementor-section-boxed elementor-section-height-default elementor-section-height-default\" data-id=\"c79815e\" data-element_type=\"section\" data-settings=\"{&quot;jet_parallax_layout_list&quot;:[]}\">\n\t\t\t\t\t\t<div class=\"elementor-container elementor-column-gap-default\">\n\t\t\t\t\t<div class=\"elementor-column elementor-col-100 elementor-top-column elementor-element elementor-element-db0ffa4\" data-id=\"db0ffa4\" data-element_type=\"column\">\n\t\t\t<div class=\"elementor-widget-wrap elementor-element-populated\">\n\t\t\t\t\t\t<div class=\"elementor-element elementor-element-4c05888 elementor-widget__width-auto elementor-widget elementor-widget-global elementor-global-122536 elementor-widget-premium-addon-person\" data-id=\"4c05888\" data-element_type=\"widget\" data-settings=\"{&quot;persons_per_row&quot;:&quot;16.667%&quot;,&quot;persons_per_row_tablet&quot;:&quot;100%&quot;,&quot;persons_per_row_mobile&quot;:&quot;100%&quot;}\" data-widget_type=\"premium-addon-person.default\">\n\t\t\t\t<div class=\"elementor-widget-container\">\n\t\t\t\t\t<div class=\"premium-persons-container premium-person-style1 multiple-persons\" data-persons-equal=\"\">\r\n\t\t\t\t\t\t\t\t<div class=\"premium-person-container premium-person-zoomin-effect\">\r\n\t\t\t\t\t\t<div class=\"premium-person-image-container\">\r\n\t\t\t\t\t\t\t<img fetchpriority=\"high\" decoding=\"async\" width=\"320\" height=\"426\" src=\"https:\/\/paratraduccion.com\/limiares\/wp-content\/uploads\/2024\/07\/lorena_abreu_BG-320x426.png\" class=\"attachment-medium size-medium wp-image-126037\" alt=\"\" srcset=\"https:\/\/paratraduccion.com\/limiares\/wp-content\/uploads\/2024\/07\/lorena_abreu_BG-320x426.png 320w, https:\/\/paratraduccion.com\/limiares\/wp-content\/uploads\/2024\/07\/lorena_abreu_BG-9x12.png 9w, https:\/\/paratraduccion.com\/limiares\/wp-content\/uploads\/2024\/07\/lorena_abreu_BG.png 433w\" sizes=\"(max-width: 320px) 100vw, 320px\" \/>\t\t\t\t\t\t\t\t\t\t\t\t\t<\/div>\r\n\t\t\t\t\t\t<div class=\"premium-person-info\">\r\n\t\t\t\t\t\t\t\t\t\t<div class=\"premium-person-info-container\">\r\n\t\t\t\t\t\t\t\t\t<span class=\"premium-person-name\">\r\n\t\t\t\t\t\tAbreu L\u00f3pez, Lorena\t\t\t\t\t<\/span>\r\n\t\t\t\t\t\t\t\t\t\t\t<div class=\"premium-person-content\">\r\n\t\t\t\t\t\t\t<p><a href=\"http:\/\/paratraduccion.com\/limiares\/en\/abreu-lopez-lorena\/\"><span style=\"color: #00ccff;\">INFO<\/span><\/a><\/p>\t\t\t\t\t\t<\/div>\r\n\t\t\t\t\t\t\t\t<\/div>\r\n\t\t\t\t\t\t\t\t\t<\/div>\r\n\t\t\t\t\t<\/div>\r\n\t\t\t\t\t\t\t\t\t\t<div class=\"premium-person-container premium-person-zoomin-effect\">\r\n\t\t\t\t\t\t<div class=\"premium-person-image-container\">\r\n\t\t\t\t\t\t\t<img decoding=\"async\" width=\"320\" height=\"320\" src=\"https:\/\/paratraduccion.com\/limiares\/wp-content\/uploads\/2022\/05\/Alberto-320x320.jpeg\" class=\"attachment-medium size-medium wp-image-121656\" alt=\"\" srcset=\"https:\/\/paratraduccion.com\/limiares\/wp-content\/uploads\/2022\/05\/Alberto-320x320.jpeg 320w, https:\/\/paratraduccion.com\/limiares\/wp-content\/uploads\/2022\/05\/Alberto-1200x1200.jpeg 1200w, https:\/\/paratraduccion.com\/limiares\/wp-content\/uploads\/2022\/05\/Alberto-160x160.jpeg 160w, https:\/\/paratraduccion.com\/limiares\/wp-content\/uploads\/2022\/05\/Alberto-768x768.jpeg 768w, https:\/\/paratraduccion.com\/limiares\/wp-content\/uploads\/2022\/05\/Alberto-1536x1536.jpeg 1536w, https:\/\/paratraduccion.com\/limiares\/wp-content\/uploads\/2022\/05\/Alberto-2048x2048.jpeg 2048w\" sizes=\"(max-width: 320px) 100vw, 320px\" \/>\t\t\t\t\t\t\t\t\t\t\t\t\t<\/div>\r\n\t\t\t\t\t\t<div class=\"premium-person-info\">\r\n\t\t\t\t\t\t\t\t\t\t<div class=\"premium-person-info-container\">\r\n\t\t\t\t\t\t\t\t\t<span class=\"premium-person-name\">\r\n\t\t\t\t\t\t\u00c1lvarez Lugr\u00eds, Alberto\t\t\t\t\t<\/span>\r\n\t\t\t\t\t\t\t\t\t\t\t<div class=\"premium-person-content\">\r\n\t\t\t\t\t\t\t<p><a href=\"http:\/\/paratraduccion.com\/limiares\/en\/alvarez-lugris\/\"><span style=\"color: #00ccff;\">INFO<br \/><\/span><\/a><\/p>\t\t\t\t\t\t<\/div>\r\n\t\t\t\t\t\t\t\t<\/div>\r\n\t\t\t\t\t\t\t\t\t<\/div>\r\n\t\t\t\t\t<\/div>\r\n\t\t\t\t\t\t\t\t\t\t<div class=\"premium-person-container premium-person-zoomin-effect\">\r\n\t\t\t\t\t\t<div class=\"premium-person-image-container\">\r\n\t\t\t\t\t\t\t<img decoding=\"async\" src=\"https:\/\/paratraduccion.com\/limiares\/wp-content\/uploads\/2022\/05\/Emmanuel-scaled.jpeg\" title=\"\" alt=\"\" loading=\"lazy\" \/>\t\t\t\t\t\t\t\t\t\t\t\t\t<\/div>\r\n\t\t\t\t\t\t<div class=\"premium-person-info\">\r\n\t\t\t\t\t\t\t\t\t\t<div class=\"premium-person-info-container\">\r\n\t\t\t\t\t\t\t\t\t<span class=\"premium-person-name\">\r\n\t\t\t\t\t\tBourgoin Vergondy, Emmanuel\t\t\t\t\t<\/span>\r\n\t\t\t\t\t\t\t\t\t\t\t<div class=\"premium-person-content\">\r\n\t\t\t\t\t\t\t<p><a href=\"http:\/\/paratraduccion.com\/limiares\/en\/bourgoin-vergondy-emmanuel-claude\/\"><span style=\"color: #00ccff;\">INFO<\/span><\/a><\/p>\t\t\t\t\t\t<\/div>\r\n\t\t\t\t\t\t\t\t<\/div>\r\n\t\t\t\t\t\t\t\t\t<\/div>\r\n\t\t\t\t\t<\/div>\r\n\t\t\t\t\t\t\t\t\t\t<div class=\"premium-person-container premium-person-zoomin-effect\">\r\n\t\t\t\t\t\t<div class=\"premium-person-image-container\">\r\n\t\t\t\t\t\t\t<img decoding=\"async\" width=\"320\" height=\"320\" src=\"https:\/\/paratraduccion.com\/limiares\/wp-content\/uploads\/2022\/05\/Patricia-Buxan--320x320.jpeg\" class=\"attachment-medium size-medium wp-image-121672\" alt=\"\" srcset=\"https:\/\/paratraduccion.com\/limiares\/wp-content\/uploads\/2022\/05\/Patricia-Buxan--320x320.jpeg 320w, https:\/\/paratraduccion.com\/limiares\/wp-content\/uploads\/2022\/05\/Patricia-Buxan--1200x1200.jpeg 1200w, https:\/\/paratraduccion.com\/limiares\/wp-content\/uploads\/2022\/05\/Patricia-Buxan--160x160.jpeg 160w, https:\/\/paratraduccion.com\/limiares\/wp-content\/uploads\/2022\/05\/Patricia-Buxan--768x768.jpeg 768w, https:\/\/paratraduccion.com\/limiares\/wp-content\/uploads\/2022\/05\/Patricia-Buxan--1536x1536.jpeg 1536w, https:\/\/paratraduccion.com\/limiares\/wp-content\/uploads\/2022\/05\/Patricia-Buxan--2048x2048.jpeg 2048w\" sizes=\"(max-width: 320px) 100vw, 320px\" \/>\t\t\t\t\t\t\t\t\t\t\t\t\t<\/div>\r\n\t\t\t\t\t\t<div class=\"premium-person-info\">\r\n\t\t\t\t\t\t\t\t\t\t<div class=\"premium-person-info-container\">\r\n\t\t\t\t\t\t\t\t\t<span class=\"premium-person-name\">\r\n\t\t\t\t\t\tBux\u00e1n Otero, Patricia\t\t\t\t\t<\/span>\r\n\t\t\t\t\t\t\t\t\t\t\t<div class=\"premium-person-content\">\r\n\t\t\t\t\t\t\t<p><a href=\"http:\/\/paratraduccion.com\/limiares\/en\/patricia-bujan\/\"><span style=\"color: #00ccff;\">INFO<\/span><\/a><\/p>\t\t\t\t\t\t<\/div>\r\n\t\t\t\t\t\t\t\t<\/div>\r\n\t\t\t\t\t\t\t\t\t<\/div>\r\n\t\t\t\t\t<\/div>\r\n\t\t\t\t\t\t\t\t\t\t<div class=\"premium-person-container premium-person-zoomin-effect\">\r\n\t\t\t\t\t\t<div class=\"premium-person-image-container\">\r\n\t\t\t\t\t\t\t<img loading=\"lazy\" decoding=\"async\" width=\"320\" height=\"320\" src=\"https:\/\/paratraduccion.com\/limiares\/wp-content\/uploads\/2022\/05\/Pablo-de-Carlo--320x320.jpeg\" class=\"attachment-medium size-medium wp-image-121670\" alt=\"\" srcset=\"https:\/\/paratraduccion.com\/limiares\/wp-content\/uploads\/2022\/05\/Pablo-de-Carlo--320x320.jpeg 320w, https:\/\/paratraduccion.com\/limiares\/wp-content\/uploads\/2022\/05\/Pablo-de-Carlo--1200x1200.jpeg 1200w, https:\/\/paratraduccion.com\/limiares\/wp-content\/uploads\/2022\/05\/Pablo-de-Carlo--160x160.jpeg 160w, https:\/\/paratraduccion.com\/limiares\/wp-content\/uploads\/2022\/05\/Pablo-de-Carlo--768x768.jpeg 768w, https:\/\/paratraduccion.com\/limiares\/wp-content\/uploads\/2022\/05\/Pablo-de-Carlo--1536x1536.jpeg 1536w, https:\/\/paratraduccion.com\/limiares\/wp-content\/uploads\/2022\/05\/Pablo-de-Carlo--2048x2048.jpeg 2048w\" sizes=\"(max-width: 320px) 100vw, 320px\" \/>\t\t\t\t\t\t\t\t\t\t\t\t\t<\/div>\r\n\t\t\t\t\t\t<div class=\"premium-person-info\">\r\n\t\t\t\t\t\t\t\t\t\t<div class=\"premium-person-info-container\">\r\n\t\t\t\t\t\t\t\t\t<span class=\"premium-person-name\">\r\n\t\t\t\t\t\tDe Carlos Villamarin, Pablo\t\t\t\t\t<\/span>\r\n\t\t\t\t\t\t\t\t\t\t\t<div class=\"premium-person-content\">\r\n\t\t\t\t\t\t\t<p><a href=\"http:\/\/paratraduccion.com\/limiares\/en\/pablo-de-carlo\/\"><span style=\"color: #00ccff;\">INFO<\/span><\/a><\/p>\t\t\t\t\t\t<\/div>\r\n\t\t\t\t\t\t\t\t<\/div>\r\n\t\t\t\t\t\t\t\t\t<\/div>\r\n\t\t\t\t\t<\/div>\r\n\t\t\t\t\t\t\t\t\t\t<div class=\"premium-person-container premium-person-zoomin-effect\">\r\n\t\t\t\t\t\t<div class=\"premium-person-image-container\">\r\n\t\t\t\t\t\t\t<img loading=\"lazy\" decoding=\"async\" width=\"320\" height=\"320\" src=\"https:\/\/paratraduccion.com\/limiares\/wp-content\/uploads\/2022\/05\/Maribel-320x320.jpeg\" class=\"attachment-medium size-medium wp-image-121668\" alt=\"\" srcset=\"https:\/\/paratraduccion.com\/limiares\/wp-content\/uploads\/2022\/05\/Maribel-320x320.jpeg 320w, https:\/\/paratraduccion.com\/limiares\/wp-content\/uploads\/2022\/05\/Maribel-1200x1200.jpeg 1200w, https:\/\/paratraduccion.com\/limiares\/wp-content\/uploads\/2022\/05\/Maribel-160x160.jpeg 160w, https:\/\/paratraduccion.com\/limiares\/wp-content\/uploads\/2022\/05\/Maribel-768x768.jpeg 768w, https:\/\/paratraduccion.com\/limiares\/wp-content\/uploads\/2022\/05\/Maribel-1536x1536.jpeg 1536w, https:\/\/paratraduccion.com\/limiares\/wp-content\/uploads\/2022\/05\/Maribel-2048x2048.jpeg 2048w\" sizes=\"(max-width: 320px) 100vw, 320px\" \/>\t\t\t\t\t\t\t\t\t\t\t\t\t<\/div>\r\n\t\t\t\t\t\t<div class=\"premium-person-info\">\r\n\t\t\t\t\t\t\t\t\t\t<div class=\"premium-person-info-container\">\r\n\t\t\t\t\t\t\t\t\t<span class=\"premium-person-name\">\r\n\t\t\t\t\t\tDel Pozo Trivi\u00f1o, Maribel\t\t\t\t\t<\/span>\r\n\t\t\t\t\t\t\t\t\t\t\t<div class=\"premium-person-content\">\r\n\t\t\t\t\t\t\t<p><a href=\"http:\/\/paratraduccion.com\/limiares\/en\/del-pozo-maribel\/\"><span style=\"color: #00ccff;\">INFO<\/span><\/a><\/p>\t\t\t\t\t\t<\/div>\r\n\t\t\t\t\t\t\t\t<\/div>\r\n\t\t\t\t\t\t\t\t\t<\/div>\r\n\t\t\t\t\t<\/div>\r\n\t\t\t\t\t\t\t\t\t\t<div class=\"premium-person-container premium-person-zoomin-effect\">\r\n\t\t\t\t\t\t<div class=\"premium-person-image-container\">\r\n\t\t\t\t\t\t\t<img loading=\"lazy\" decoding=\"async\" width=\"320\" height=\"320\" src=\"https:\/\/paratraduccion.com\/limiares\/wp-content\/uploads\/2022\/05\/Lara-320x320.jpeg\" class=\"attachment-medium size-medium wp-image-121667\" alt=\"\" srcset=\"https:\/\/paratraduccion.com\/limiares\/wp-content\/uploads\/2022\/05\/Lara-320x320.jpeg 320w, https:\/\/paratraduccion.com\/limiares\/wp-content\/uploads\/2022\/05\/Lara-1200x1200.jpeg 1200w, https:\/\/paratraduccion.com\/limiares\/wp-content\/uploads\/2022\/05\/Lara-160x160.jpeg 160w, https:\/\/paratraduccion.com\/limiares\/wp-content\/uploads\/2022\/05\/Lara-768x768.jpeg 768w, https:\/\/paratraduccion.com\/limiares\/wp-content\/uploads\/2022\/05\/Lara-1536x1536.jpeg 1536w, https:\/\/paratraduccion.com\/limiares\/wp-content\/uploads\/2022\/05\/Lara-2048x2048.jpeg 2048w\" sizes=\"(max-width: 320px) 100vw, 320px\" \/>\t\t\t\t\t\t\t\t\t\t\t\t\t<\/div>\r\n\t\t\t\t\t\t<div class=\"premium-person-info\">\r\n\t\t\t\t\t\t\t\t\t\t<div class=\"premium-person-info-container\">\r\n\t\t\t\t\t\t\t\t\t<span class=\"premium-person-name\">\r\n\t\t\t\t\t\tDom\u00ednguez Ara\u00fajo, Lara\t\t\t\t\t<\/span>\r\n\t\t\t\t\t\t\t\t\t\t\t<div class=\"premium-person-content\">\r\n\t\t\t\t\t\t\t<p><a href=\"http:\/\/paratraduccion.com\/limiares\/en\/lara-dominguez-araujo\/\"><span style=\"color: #00ccff;\">INFO<\/span><\/a><\/p>\t\t\t\t\t\t<\/div>\r\n\t\t\t\t\t\t\t\t<\/div>\r\n\t\t\t\t\t\t\t\t\t<\/div>\r\n\t\t\t\t\t<\/div>\r\n\t\t\t\t\t\t\t\t\t\t<div class=\"premium-person-container premium-person-zoomin-effect\">\r\n\t\t\t\t\t\t<div class=\"premium-person-image-container\">\r\n\t\t\t\t\t\t\t<img loading=\"lazy\" decoding=\"async\" width=\"320\" height=\"320\" src=\"https:\/\/paratraduccion.com\/limiares\/wp-content\/uploads\/2022\/05\/Pablo-Fernandez-Calero--320x320.jpeg\" class=\"attachment-medium size-medium wp-image-121671\" alt=\"\" srcset=\"https:\/\/paratraduccion.com\/limiares\/wp-content\/uploads\/2022\/05\/Pablo-Fernandez-Calero--320x320.jpeg 320w, https:\/\/paratraduccion.com\/limiares\/wp-content\/uploads\/2022\/05\/Pablo-Fernandez-Calero--1200x1200.jpeg 1200w, https:\/\/paratraduccion.com\/limiares\/wp-content\/uploads\/2022\/05\/Pablo-Fernandez-Calero--160x160.jpeg 160w, https:\/\/paratraduccion.com\/limiares\/wp-content\/uploads\/2022\/05\/Pablo-Fernandez-Calero--768x768.jpeg 768w, https:\/\/paratraduccion.com\/limiares\/wp-content\/uploads\/2022\/05\/Pablo-Fernandez-Calero--1536x1536.jpeg 1536w, https:\/\/paratraduccion.com\/limiares\/wp-content\/uploads\/2022\/05\/Pablo-Fernandez-Calero--2048x2048.jpeg 2048w\" sizes=\"(max-width: 320px) 100vw, 320px\" \/>\t\t\t\t\t\t\t\t\t\t\t\t\t<\/div>\r\n\t\t\t\t\t\t<div class=\"premium-person-info\">\r\n\t\t\t\t\t\t\t\t\t\t<div class=\"premium-person-info-container\">\r\n\t\t\t\t\t\t\t\t\t<span class=\"premium-person-name\">\r\n\t\t\t\t\t\tFern\u00e1ndez Carballo Calero, Pablo\t\t\t\t\t<\/span>\r\n\t\t\t\t\t\t\t\t\t\t\t<div class=\"premium-person-content\">\r\n\t\t\t\t\t\t\t<p><a href=\"http:\/\/paratraduccion.com\/limiares\/en\/pablo-fernandez-carballo-calero\/\"><span style=\"color: #00ccff;\">INFO<\/span><\/a><\/p>\t\t\t\t\t\t<\/div>\r\n\t\t\t\t\t\t\t\t<\/div>\r\n\t\t\t\t\t\t\t\t\t<\/div>\r\n\t\t\t\t\t<\/div>\r\n\t\t\t\t\t\t\t\t\t\t<div class=\"premium-person-container premium-person-zoomin-effect\">\r\n\t\t\t\t\t\t<div class=\"premium-person-image-container\">\r\n\t\t\t\t\t\t\t<img loading=\"lazy\" decoding=\"async\" width=\"320\" height=\"323\" src=\"https:\/\/paratraduccion.com\/limiares\/wp-content\/uploads\/2022\/05\/Anxo-320x323.jpeg\" class=\"attachment-medium size-medium wp-image-121660\" alt=\"\" srcset=\"https:\/\/paratraduccion.com\/limiares\/wp-content\/uploads\/2022\/05\/Anxo-320x323.jpeg 320w, https:\/\/paratraduccion.com\/limiares\/wp-content\/uploads\/2022\/05\/Anxo-1200x1212.jpeg 1200w, https:\/\/paratraduccion.com\/limiares\/wp-content\/uploads\/2022\/05\/Anxo-768x775.jpeg 768w, https:\/\/paratraduccion.com\/limiares\/wp-content\/uploads\/2022\/05\/Anxo-1521x1536.jpeg 1521w, https:\/\/paratraduccion.com\/limiares\/wp-content\/uploads\/2022\/05\/Anxo-2028x2048.jpeg 2028w\" sizes=\"(max-width: 320px) 100vw, 320px\" \/>\t\t\t\t\t\t\t\t\t\t\t\t\t<\/div>\r\n\t\t\t\t\t\t<div class=\"premium-person-info\">\r\n\t\t\t\t\t\t\t\t\t\t<div class=\"premium-person-info-container\">\r\n\t\t\t\t\t\t\t\t\t<span class=\"premium-person-name\">\r\n\t\t\t\t\t\tFern\u00e1ndez Ocampo, Anxo\t\t\t\t\t<\/span>\r\n\t\t\t\t\t\t\t\t\t\t\t<div class=\"premium-person-content\">\r\n\t\t\t\t\t\t\t<p><a href=\"http:\/\/paratraduccion.com\/limiares\/en\/fernandez-ocampo-anxo\/\"><span style=\"color: #00ccff;\">INFO<\/span><\/a><\/p>\t\t\t\t\t\t<\/div>\r\n\t\t\t\t\t\t\t\t<\/div>\r\n\t\t\t\t\t\t\t\t\t<\/div>\r\n\t\t\t\t\t<\/div>\r\n\t\t\t\t\t\t\t\t\t\t<div class=\"premium-person-container premium-person-zoomin-effect\">\r\n\t\t\t\t\t\t<div class=\"premium-person-image-container\">\r\n\t\t\t\t\t\t\t<img loading=\"lazy\" decoding=\"async\" width=\"320\" height=\"320\" src=\"https:\/\/paratraduccion.com\/limiares\/wp-content\/uploads\/2022\/05\/Oscar-Ferreiro--320x320.jpg\" class=\"attachment-medium size-medium wp-image-121669\" alt=\"\" srcset=\"https:\/\/paratraduccion.com\/limiares\/wp-content\/uploads\/2022\/05\/Oscar-Ferreiro--320x320.jpg 320w, https:\/\/paratraduccion.com\/limiares\/wp-content\/uploads\/2022\/05\/Oscar-Ferreiro--1200x1200.jpg 1200w, https:\/\/paratraduccion.com\/limiares\/wp-content\/uploads\/2022\/05\/Oscar-Ferreiro--160x160.jpg 160w, https:\/\/paratraduccion.com\/limiares\/wp-content\/uploads\/2022\/05\/Oscar-Ferreiro--768x768.jpg 768w, https:\/\/paratraduccion.com\/limiares\/wp-content\/uploads\/2022\/05\/Oscar-Ferreiro--1536x1536.jpg 1536w, https:\/\/paratraduccion.com\/limiares\/wp-content\/uploads\/2022\/05\/Oscar-Ferreiro--2048x2048.jpg 2048w\" sizes=\"(max-width: 320px) 100vw, 320px\" \/>\t\t\t\t\t\t\t\t\t\t\t\t\t<\/div>\r\n\t\t\t\t\t\t<div class=\"premium-person-info\">\r\n\t\t\t\t\t\t\t\t\t\t<div class=\"premium-person-info-container\">\r\n\t\t\t\t\t\t\t\t\t<span class=\"premium-person-name\">\r\n\t\t\t\t\t\tFerreiro V\u00e1zquez, \u00d3scar\t\t\t\t\t<\/span>\r\n\t\t\t\t\t\t\t\t\t\t\t<div class=\"premium-person-content\">\r\n\t\t\t\t\t\t\t<p><a href=\"http:\/\/paratraduccion.com\/limiares\/en\/oscar-ferreiro-vazquez\/\"><span style=\"color: #00ccff;\">INFO<\/span><\/a><\/p>\t\t\t\t\t\t<\/div>\r\n\t\t\t\t\t\t\t\t<\/div>\r\n\t\t\t\t\t\t\t\t\t<\/div>\r\n\t\t\t\t\t<\/div>\r\n\t\t\t\t\t\t\t\t\t\t<div class=\"premium-person-container premium-person-zoomin-effect\">\r\n\t\t\t\t\t\t<div class=\"premium-person-image-container\">\r\n\t\t\t\t\t\t\t<img loading=\"lazy\" decoding=\"async\" width=\"320\" height=\"320\" src=\"https:\/\/paratraduccion.com\/limiares\/wp-content\/uploads\/2022\/05\/Iolanda-Galanes-320x320.jpeg\" class=\"attachment-medium size-medium wp-image-121664\" alt=\"\" srcset=\"https:\/\/paratraduccion.com\/limiares\/wp-content\/uploads\/2022\/05\/Iolanda-Galanes-320x320.jpeg 320w, https:\/\/paratraduccion.com\/limiares\/wp-content\/uploads\/2022\/05\/Iolanda-Galanes-1200x1200.jpeg 1200w, https:\/\/paratraduccion.com\/limiares\/wp-content\/uploads\/2022\/05\/Iolanda-Galanes-160x160.jpeg 160w, https:\/\/paratraduccion.com\/limiares\/wp-content\/uploads\/2022\/05\/Iolanda-Galanes-768x768.jpeg 768w, https:\/\/paratraduccion.com\/limiares\/wp-content\/uploads\/2022\/05\/Iolanda-Galanes-1536x1536.jpeg 1536w, https:\/\/paratraduccion.com\/limiares\/wp-content\/uploads\/2022\/05\/Iolanda-Galanes-2048x2048.jpeg 2048w\" sizes=\"(max-width: 320px) 100vw, 320px\" \/>\t\t\t\t\t\t\t\t\t\t\t\t\t<\/div>\r\n\t\t\t\t\t\t<div class=\"premium-person-info\">\r\n\t\t\t\t\t\t\t\t\t\t<div class=\"premium-person-info-container\">\r\n\t\t\t\t\t\t\t\t\t<span class=\"premium-person-name\">\r\n\t\t\t\t\t\tGalanes Santos, Iolanda\t\t\t\t\t<\/span>\r\n\t\t\t\t\t\t\t\t\t\t\t<div class=\"premium-person-content\">\r\n\t\t\t\t\t\t\t<p><a href=\"http:\/\/paratraduccion.com\/limiares\/en\/iolanda-galanes\/\"><span style=\"color: #00ccff;\">INFO<\/span><\/a><\/p>\t\t\t\t\t\t<\/div>\r\n\t\t\t\t\t\t\t\t<\/div>\r\n\t\t\t\t\t\t\t\t\t<\/div>\r\n\t\t\t\t\t<\/div>\r\n\t\t\t\t\t\t\t\t\t\t<div class=\"premium-person-container premium-person-zoomin-effect\">\r\n\t\t\t\t\t\t<div class=\"premium-person-image-container\">\r\n\t\t\t\t\t\t\t<img loading=\"lazy\" decoding=\"async\" width=\"320\" height=\"320\" src=\"https:\/\/paratraduccion.com\/limiares\/wp-content\/uploads\/2022\/05\/Xoan-Garrido--320x320.jpeg\" class=\"attachment-medium size-medium wp-image-121685\" alt=\"\" srcset=\"https:\/\/paratraduccion.com\/limiares\/wp-content\/uploads\/2022\/05\/Xoan-Garrido--320x320.jpeg 320w, https:\/\/paratraduccion.com\/limiares\/wp-content\/uploads\/2022\/05\/Xoan-Garrido--1200x1200.jpeg 1200w, https:\/\/paratraduccion.com\/limiares\/wp-content\/uploads\/2022\/05\/Xoan-Garrido--160x160.jpeg 160w, https:\/\/paratraduccion.com\/limiares\/wp-content\/uploads\/2022\/05\/Xoan-Garrido--768x768.jpeg 768w, https:\/\/paratraduccion.com\/limiares\/wp-content\/uploads\/2022\/05\/Xoan-Garrido--1536x1536.jpeg 1536w, https:\/\/paratraduccion.com\/limiares\/wp-content\/uploads\/2022\/05\/Xoan-Garrido--2048x2048.jpeg 2048w\" sizes=\"(max-width: 320px) 100vw, 320px\" \/>\t\t\t\t\t\t\t\t\t\t\t\t\t<\/div>\r\n\t\t\t\t\t\t<div class=\"premium-person-info\">\r\n\t\t\t\t\t\t\t\t\t\t<div class=\"premium-person-info-container\">\r\n\t\t\t\t\t\t\t\t\t<span class=\"premium-person-name\">\r\n\t\t\t\t\t\tGarrido Vilari\u00f1o, Xo\u00e1n\t\t\t\t\t<\/span>\r\n\t\t\t\t\t\t\t\t\t\t\t<div class=\"premium-person-content\">\r\n\t\t\t\t\t\t\t<p><a href=\"http:\/\/paratraduccion.com\/limiares\/en\/garrido-vilarino-xoan-manuel\/\"><span style=\"color: #00ccff;\">INFO<\/span><\/a><\/p>\t\t\t\t\t\t<\/div>\r\n\t\t\t\t\t\t\t\t<\/div>\r\n\t\t\t\t\t\t\t\t\t<\/div>\r\n\t\t\t\t\t<\/div>\r\n\t\t\t\t\t\t\t\t\t\t<div class=\"premium-person-container premium-person-zoomin-effect\">\r\n\t\t\t\t\t\t<div class=\"premium-person-image-container\">\r\n\t\t\t\t\t\t\t<img loading=\"lazy\" decoding=\"async\" width=\"320\" height=\"320\" src=\"https:\/\/paratraduccion.com\/limiares\/wp-content\/uploads\/2022\/05\/Pedro--320x320.jpeg\" class=\"attachment-medium size-medium wp-image-121674\" alt=\"\" srcset=\"https:\/\/paratraduccion.com\/limiares\/wp-content\/uploads\/2022\/05\/Pedro--320x320.jpeg 320w, https:\/\/paratraduccion.com\/limiares\/wp-content\/uploads\/2022\/05\/Pedro--1200x1200.jpeg 1200w, https:\/\/paratraduccion.com\/limiares\/wp-content\/uploads\/2022\/05\/Pedro--160x160.jpeg 160w, https:\/\/paratraduccion.com\/limiares\/wp-content\/uploads\/2022\/05\/Pedro--768x768.jpeg 768w, https:\/\/paratraduccion.com\/limiares\/wp-content\/uploads\/2022\/05\/Pedro--1536x1536.jpeg 1536w, https:\/\/paratraduccion.com\/limiares\/wp-content\/uploads\/2022\/05\/Pedro--2048x2048.jpeg 2048w\" sizes=\"(max-width: 320px) 100vw, 320px\" \/>\t\t\t\t\t\t\t\t\t\t\t\t\t<\/div>\r\n\t\t\t\t\t\t<div class=\"premium-person-info\">\r\n\t\t\t\t\t\t\t\t\t\t<div class=\"premium-person-info-container\">\r\n\t\t\t\t\t\t\t\t\t<span class=\"premium-person-name\">\r\n\t\t\t\t\t\tGonz\u00e1lez Santamar\u00eda, Pedro\t\t\t\t\t<\/span>\r\n\t\t\t\t\t\t\t\t\t\t\t<div class=\"premium-person-content\">\r\n\t\t\t\t\t\t\t<p><a href=\"http:\/\/paratraduccion.com\/limiares\/en\/pedro-gonzalez\/\"><span style=\"color: #00ccff;\">INFO<\/span><\/a><\/p>\t\t\t\t\t\t<\/div>\r\n\t\t\t\t\t\t\t\t<\/div>\r\n\t\t\t\t\t\t\t\t\t<\/div>\r\n\t\t\t\t\t<\/div>\r\n\t\t\t\t\t\t\t\t\t\t<div class=\"premium-person-container premium-person-zoomin-effect\">\r\n\t\t\t\t\t\t<div class=\"premium-person-image-container\">\r\n\t\t\t\t\t\t\t<img loading=\"lazy\" decoding=\"async\" width=\"320\" height=\"320\" src=\"https:\/\/paratraduccion.com\/limiares\/wp-content\/uploads\/2022\/05\/Jessica-320x320.jpeg\" class=\"attachment-medium size-medium wp-image-121665\" alt=\"\" srcset=\"https:\/\/paratraduccion.com\/limiares\/wp-content\/uploads\/2022\/05\/Jessica-320x320.jpeg 320w, https:\/\/paratraduccion.com\/limiares\/wp-content\/uploads\/2022\/05\/Jessica-1200x1200.jpeg 1200w, https:\/\/paratraduccion.com\/limiares\/wp-content\/uploads\/2022\/05\/Jessica-160x160.jpeg 160w, https:\/\/paratraduccion.com\/limiares\/wp-content\/uploads\/2022\/05\/Jessica-768x768.jpeg 768w, https:\/\/paratraduccion.com\/limiares\/wp-content\/uploads\/2022\/05\/Jessica-1536x1536.jpeg 1536w, https:\/\/paratraduccion.com\/limiares\/wp-content\/uploads\/2022\/05\/Jessica-2048x2048.jpeg 2048w\" sizes=\"(max-width: 320px) 100vw, 320px\" \/>\t\t\t\t\t\t\t\t\t\t\t\t\t<\/div>\r\n\t\t\t\t\t\t<div class=\"premium-person-info\">\r\n\t\t\t\t\t\t\t\t\t\t<div class=\"premium-person-info-container\">\r\n\t\t\t\t\t\t\t\t\t<span class=\"premium-person-name\">\r\n\t\t\t\t\t\tGregori Sendra, Jessica\t\t\t\t\t<\/span>\r\n\t\t\t\t\t\t\t\t\t\t\t<div class=\"premium-person-content\">\r\n\t\t\t\t\t\t\t<p><a href=\"http:\/\/paratraduccion.com\/limiares\/en\/gregori-sendra-jessica\/\"><span style=\"color: #00ccff;\">INFO<\/span><\/a><\/p>\t\t\t\t\t\t<\/div>\r\n\t\t\t\t\t\t\t\t<\/div>\r\n\t\t\t\t\t\t\t\t\t<\/div>\r\n\t\t\t\t\t<\/div>\r\n\t\t\t\t\t\t\t\t\t\t<div class=\"premium-person-container premium-person-zoomin-effect\">\r\n\t\t\t\t\t\t<div class=\"premium-person-image-container\">\r\n\t\t\t\t\t\t\t<img loading=\"lazy\" decoding=\"async\" width=\"320\" height=\"320\" src=\"https:\/\/paratraduccion.com\/limiares\/wp-content\/uploads\/2022\/05\/Ana-Hermida-320x320.jpeg\" class=\"attachment-medium size-medium wp-image-121658\" alt=\"\" srcset=\"https:\/\/paratraduccion.com\/limiares\/wp-content\/uploads\/2022\/05\/Ana-Hermida-320x320.jpeg 320w, https:\/\/paratraduccion.com\/limiares\/wp-content\/uploads\/2022\/05\/Ana-Hermida-1200x1200.jpeg 1200w, https:\/\/paratraduccion.com\/limiares\/wp-content\/uploads\/2022\/05\/Ana-Hermida-160x160.jpeg 160w, https:\/\/paratraduccion.com\/limiares\/wp-content\/uploads\/2022\/05\/Ana-Hermida-768x768.jpeg 768w, https:\/\/paratraduccion.com\/limiares\/wp-content\/uploads\/2022\/05\/Ana-Hermida-1536x1536.jpeg 1536w, https:\/\/paratraduccion.com\/limiares\/wp-content\/uploads\/2022\/05\/Ana-Hermida-2048x2048.jpeg 2048w\" sizes=\"(max-width: 320px) 100vw, 320px\" \/>\t\t\t\t\t\t\t\t\t\t\t\t\t<\/div>\r\n\t\t\t\t\t\t<div class=\"premium-person-info\">\r\n\t\t\t\t\t\t\t\t\t\t<div class=\"premium-person-info-container\">\r\n\t\t\t\t\t\t\t\t\t<span class=\"premium-person-name\">\r\n\t\t\t\t\t\tHermida Ruibal, Ana\t\t\t\t\t<\/span>\r\n\t\t\t\t\t\t\t\t\t\t\t<div class=\"premium-person-content\">\r\n\t\t\t\t\t\t\t<p><a href=\"http:\/\/paratraduccion.com\/limiares\/en\/ana-hermida-ruibal\/\"><span style=\"color: #00ccff;\">INFO<\/span><\/a><\/p>\t\t\t\t\t\t<\/div>\r\n\t\t\t\t\t\t\t\t<\/div>\r\n\t\t\t\t\t\t\t\t\t<\/div>\r\n\t\t\t\t\t<\/div>\r\n\t\t\t\t\t\t\t\t\t\t<div class=\"premium-person-container premium-person-zoomin-effect\">\r\n\t\t\t\t\t\t<div class=\"premium-person-image-container\">\r\n\t\t\t\t\t\t\t<img loading=\"lazy\" decoding=\"async\" width=\"320\" height=\"320\" src=\"https:\/\/paratraduccion.com\/limiares\/wp-content\/uploads\/2022\/05\/Sara-Louredo--320x320.jpeg\" class=\"attachment-medium size-medium wp-image-121677\" alt=\"\" srcset=\"https:\/\/paratraduccion.com\/limiares\/wp-content\/uploads\/2022\/05\/Sara-Louredo--320x320.jpeg 320w, https:\/\/paratraduccion.com\/limiares\/wp-content\/uploads\/2022\/05\/Sara-Louredo--1200x1200.jpeg 1200w, https:\/\/paratraduccion.com\/limiares\/wp-content\/uploads\/2022\/05\/Sara-Louredo--160x160.jpeg 160w, https:\/\/paratraduccion.com\/limiares\/wp-content\/uploads\/2022\/05\/Sara-Louredo--768x768.jpeg 768w, https:\/\/paratraduccion.com\/limiares\/wp-content\/uploads\/2022\/05\/Sara-Louredo--1536x1536.jpeg 1536w, https:\/\/paratraduccion.com\/limiares\/wp-content\/uploads\/2022\/05\/Sara-Louredo--2048x2048.jpeg 2048w\" sizes=\"(max-width: 320px) 100vw, 320px\" \/>\t\t\t\t\t\t\t\t\t\t\t\t\t<\/div>\r\n\t\t\t\t\t\t<div class=\"premium-person-info\">\r\n\t\t\t\t\t\t\t\t\t\t<div class=\"premium-person-info-container\">\r\n\t\t\t\t\t\t\t\t\t<span class=\"premium-person-name\">\r\n\t\t\t\t\t\tLouredo Casado, Sara\t\t\t\t\t<\/span>\r\n\t\t\t\t\t\t\t\t\t\t\t<div class=\"premium-person-content\">\r\n\t\t\t\t\t\t\t<p><a href=\"http:\/\/paratraduccion.com\/limiares\/en\/sara-louredo-casado\/\"><span style=\"color: #00ccff;\">INFO<\/span><\/a><\/p>\t\t\t\t\t\t<\/div>\r\n\t\t\t\t\t\t\t\t<\/div>\r\n\t\t\t\t\t\t\t\t\t<\/div>\r\n\t\t\t\t\t<\/div>\r\n\t\t\t\t\t\t\t\t\t\t<div class=\"premium-person-container premium-person-zoomin-effect\">\r\n\t\t\t\t\t\t<div class=\"premium-person-image-container\">\r\n\t\t\t\t\t\t\t<img loading=\"lazy\" decoding=\"async\" width=\"320\" height=\"320\" src=\"https:\/\/paratraduccion.com\/limiares\/wp-content\/uploads\/2022\/05\/Ana-Luna-320x320.jpeg\" class=\"attachment-medium size-medium wp-image-121659\" alt=\"\" srcset=\"https:\/\/paratraduccion.com\/limiares\/wp-content\/uploads\/2022\/05\/Ana-Luna-320x320.jpeg 320w, https:\/\/paratraduccion.com\/limiares\/wp-content\/uploads\/2022\/05\/Ana-Luna-1200x1200.jpeg 1200w, https:\/\/paratraduccion.com\/limiares\/wp-content\/uploads\/2022\/05\/Ana-Luna-160x160.jpeg 160w, https:\/\/paratraduccion.com\/limiares\/wp-content\/uploads\/2022\/05\/Ana-Luna-768x768.jpeg 768w, https:\/\/paratraduccion.com\/limiares\/wp-content\/uploads\/2022\/05\/Ana-Luna-1536x1536.jpeg 1536w, https:\/\/paratraduccion.com\/limiares\/wp-content\/uploads\/2022\/05\/Ana-Luna-2048x2048.jpeg 2048w\" sizes=\"(max-width: 320px) 100vw, 320px\" \/>\t\t\t\t\t\t\t\t\t\t\t\t\t<\/div>\r\n\t\t\t\t\t\t<div class=\"premium-person-info\">\r\n\t\t\t\t\t\t\t\t\t\t<div class=\"premium-person-info-container\">\r\n\t\t\t\t\t\t\t\t\t<span class=\"premium-person-name\">\r\n\t\t\t\t\t\tLuna Alonso, Ana\t\t\t\t\t<\/span>\r\n\t\t\t\t\t\t\t\t\t\t\t<div class=\"premium-person-content\">\r\n\t\t\t\t\t\t\t<p><a href=\"http:\/\/paratraduccion.com\/limiares\/en\/ana-luna\/\"><span style=\"color: #00ccff;\">INFO<\/span><\/a><\/p>\t\t\t\t\t\t<\/div>\r\n\t\t\t\t\t\t\t\t<\/div>\r\n\t\t\t\t\t\t\t\t\t<\/div>\r\n\t\t\t\t\t<\/div>\r\n\t\t\t\t\t\t\t\t\t\t<div class=\"premium-person-container premium-person-zoomin-effect\">\r\n\t\t\t\t\t\t<div class=\"premium-person-image-container\">\r\n\t\t\t\t\t\t\t<img loading=\"lazy\" decoding=\"async\" width=\"320\" height=\"320\" src=\"https:\/\/paratraduccion.com\/limiares\/wp-content\/uploads\/2022\/05\/Ramon--320x320.jpeg\" class=\"attachment-medium size-medium wp-image-121675\" alt=\"\" srcset=\"https:\/\/paratraduccion.com\/limiares\/wp-content\/uploads\/2022\/05\/Ramon--320x320.jpeg 320w, https:\/\/paratraduccion.com\/limiares\/wp-content\/uploads\/2022\/05\/Ramon--1200x1200.jpeg 1200w, https:\/\/paratraduccion.com\/limiares\/wp-content\/uploads\/2022\/05\/Ramon--160x160.jpeg 160w, https:\/\/paratraduccion.com\/limiares\/wp-content\/uploads\/2022\/05\/Ramon--768x768.jpeg 768w, https:\/\/paratraduccion.com\/limiares\/wp-content\/uploads\/2022\/05\/Ramon--1536x1536.jpeg 1536w, https:\/\/paratraduccion.com\/limiares\/wp-content\/uploads\/2022\/05\/Ramon--2048x2048.jpeg 2048w\" sizes=\"(max-width: 320px) 100vw, 320px\" \/>\t\t\t\t\t\t\t\t\t\t\t\t\t<\/div>\r\n\t\t\t\t\t\t<div class=\"premium-person-info\">\r\n\t\t\t\t\t\t\t\t\t\t<div class=\"premium-person-info-container\">\r\n\t\t\t\t\t\t\t\t\t<span class=\"premium-person-name\">\r\n\t\t\t\t\t\tM\u00e9ndez Gonz\u00e1lez, Ram\u00f3n\t\t\t\t\t<\/span>\r\n\t\t\t\t\t\t\t\t\t\t\t<div class=\"premium-person-content\">\r\n\t\t\t\t\t\t\t<p><a href=\"http:\/\/paratraduccion.com\/limiares\/en\/ramon-mendez\/\"><span style=\"color: #00ccff;\">INFO<\/span><\/a><\/p>\t\t\t\t\t\t<\/div>\r\n\t\t\t\t\t\t\t\t<\/div>\r\n\t\t\t\t\t\t\t\t\t<\/div>\r\n\t\t\t\t\t<\/div>\r\n\t\t\t\t\t\t\t\t\t\t<div class=\"premium-person-container premium-person-zoomin-effect\">\r\n\t\t\t\t\t\t<div class=\"premium-person-image-container\">\r\n\t\t\t\t\t\t\t<img loading=\"lazy\" decoding=\"async\" width=\"320\" height=\"320\" src=\"https:\/\/paratraduccion.com\/limiares\/wp-content\/uploads\/2022\/05\/Xoan-Montero-320x320.jpeg\" class=\"attachment-medium size-medium wp-image-121678\" alt=\"\" srcset=\"https:\/\/paratraduccion.com\/limiares\/wp-content\/uploads\/2022\/05\/Xoan-Montero-320x320.jpeg 320w, https:\/\/paratraduccion.com\/limiares\/wp-content\/uploads\/2022\/05\/Xoan-Montero-1200x1200.jpeg 1200w, https:\/\/paratraduccion.com\/limiares\/wp-content\/uploads\/2022\/05\/Xoan-Montero-160x160.jpeg 160w, https:\/\/paratraduccion.com\/limiares\/wp-content\/uploads\/2022\/05\/Xoan-Montero-768x768.jpeg 768w, https:\/\/paratraduccion.com\/limiares\/wp-content\/uploads\/2022\/05\/Xoan-Montero-1536x1536.jpeg 1536w, https:\/\/paratraduccion.com\/limiares\/wp-content\/uploads\/2022\/05\/Xoan-Montero-2048x2048.jpeg 2048w\" sizes=\"(max-width: 320px) 100vw, 320px\" \/>\t\t\t\t\t\t\t\t\t\t\t\t\t<\/div>\r\n\t\t\t\t\t\t<div class=\"premium-person-info\">\r\n\t\t\t\t\t\t\t\t\t\t<div class=\"premium-person-info-container\">\r\n\t\t\t\t\t\t\t\t\t<span class=\"premium-person-name\">\r\n\t\t\t\t\t\tMontero Dom\u00ednguez, Xo\u00e1n\t\t\t\t\t<\/span>\r\n\t\t\t\t\t\t\t\t\t\t\t<div class=\"premium-person-content\">\r\n\t\t\t\t\t\t\t<p><a href=\"http:\/\/paratraduccion.com\/limiares\/en\/xoan-montero\/\"><span style=\"color: #00ccff;\">INFO<\/span><\/a><\/p>\t\t\t\t\t\t<\/div>\r\n\t\t\t\t\t\t\t\t<\/div>\r\n\t\t\t\t\t\t\t\t\t<\/div>\r\n\t\t\t\t\t<\/div>\r\n\t\t\t\t\t\t\t\t\t\t<div class=\"premium-person-container premium-person-zoomin-effect\">\r\n\t\t\t\t\t\t<div class=\"premium-person-image-container\">\r\n\t\t\t\t\t\t\t<img loading=\"lazy\" decoding=\"async\" width=\"320\" height=\"320\" src=\"https:\/\/paratraduccion.com\/limiares\/wp-content\/uploads\/2022\/05\/Salvador-320x320.jpeg\" class=\"attachment-medium size-medium wp-image-121676\" alt=\"\" srcset=\"https:\/\/paratraduccion.com\/limiares\/wp-content\/uploads\/2022\/05\/Salvador-320x320.jpeg 320w, https:\/\/paratraduccion.com\/limiares\/wp-content\/uploads\/2022\/05\/Salvador-1200x1200.jpeg 1200w, https:\/\/paratraduccion.com\/limiares\/wp-content\/uploads\/2022\/05\/Salvador-160x160.jpeg 160w, https:\/\/paratraduccion.com\/limiares\/wp-content\/uploads\/2022\/05\/Salvador-768x768.jpeg 768w, https:\/\/paratraduccion.com\/limiares\/wp-content\/uploads\/2022\/05\/Salvador-1536x1536.jpeg 1536w, https:\/\/paratraduccion.com\/limiares\/wp-content\/uploads\/2022\/05\/Salvador-2048x2048.jpeg 2048w\" sizes=\"(max-width: 320px) 100vw, 320px\" \/>\t\t\t\t\t\t\t\t\t\t\t\t\t<\/div>\r\n\t\t\t\t\t\t<div class=\"premium-person-info\">\r\n\t\t\t\t\t\t\t\t\t\t<div class=\"premium-person-info-container\">\r\n\t\t\t\t\t\t\t\t\t<span class=\"premium-person-name\">\r\n\t\t\t\t\t\tMourelo P\u00e9rez, Salvador\t\t\t\t\t<\/span>\r\n\t\t\t\t\t\t\t\t\t\t\t<div class=\"premium-person-content\">\r\n\t\t\t\t\t\t\t<p><a href=\"http:\/\/paratraduccion.com\/limiares\/en\/mourelo-salvador\/\"><span style=\"color: #00ccff;\">INFO<\/span><\/a><\/p>\t\t\t\t\t\t<\/div>\r\n\t\t\t\t\t\t\t\t<\/div>\r\n\t\t\t\t\t\t\t\t\t<\/div>\r\n\t\t\t\t\t<\/div>\r\n\t\t\t\t\t\t\t\t\t\t<div class=\"premium-person-container premium-person-zoomin-effect\">\r\n\t\t\t\t\t\t<div class=\"premium-person-image-container\">\r\n\t\t\t\t\t\t\t<img loading=\"lazy\" decoding=\"async\" width=\"320\" height=\"320\" src=\"https:\/\/paratraduccion.com\/limiares\/wp-content\/uploads\/2022\/05\/Elena-320x320.jpeg\" class=\"attachment-medium size-medium wp-image-121661\" alt=\"\" srcset=\"https:\/\/paratraduccion.com\/limiares\/wp-content\/uploads\/2022\/05\/Elena-320x320.jpeg 320w, https:\/\/paratraduccion.com\/limiares\/wp-content\/uploads\/2022\/05\/Elena-1200x1200.jpeg 1200w, https:\/\/paratraduccion.com\/limiares\/wp-content\/uploads\/2022\/05\/Elena-160x160.jpeg 160w, https:\/\/paratraduccion.com\/limiares\/wp-content\/uploads\/2022\/05\/Elena-768x768.jpeg 768w, https:\/\/paratraduccion.com\/limiares\/wp-content\/uploads\/2022\/05\/Elena-1536x1536.jpeg 1536w, https:\/\/paratraduccion.com\/limiares\/wp-content\/uploads\/2022\/05\/Elena-2048x2048.jpeg 2048w\" sizes=\"(max-width: 320px) 100vw, 320px\" \/>\t\t\t\t\t\t\t\t\t\t\t\t\t<\/div>\r\n\t\t\t\t\t\t<div class=\"premium-person-info\">\r\n\t\t\t\t\t\t\t\t\t\t<div class=\"premium-person-info-container\">\r\n\t\t\t\t\t\t\t\t\t<span class=\"premium-person-name\">\r\n\t\t\t\t\t\tSanchez Trigo, Elena\t\t\t\t\t<\/span>\r\n\t\t\t\t\t\t\t\t\t\t\t<div class=\"premium-person-content\">\r\n\t\t\t\t\t\t\t<p><a href=\"http:\/\/paratraduccion.com\/limiares\/en\/elena-sanchez-trigo\/\"><span style=\"color: #00ccff;\">INFO<\/span><\/a><\/p>\t\t\t\t\t\t<\/div>\r\n\t\t\t\t\t\t\t\t<\/div>\r\n\t\t\t\t\t\t\t\t\t<\/div>\r\n\t\t\t\t\t<\/div>\r\n\t\t\t\t\t\t\t\t\t\t<div class=\"premium-person-container premium-person-zoomin-effect\">\r\n\t\t\t\t\t\t<div class=\"premium-person-image-container\">\r\n\t\t\t\t\t\t\t<img loading=\"lazy\" decoding=\"async\" width=\"320\" height=\"320\" src=\"https:\/\/paratraduccion.com\/limiares\/wp-content\/uploads\/2022\/05\/Patricia-Sotelo-320x320.jpeg\" class=\"attachment-medium size-medium wp-image-121673\" alt=\"\" srcset=\"https:\/\/paratraduccion.com\/limiares\/wp-content\/uploads\/2022\/05\/Patricia-Sotelo-320x320.jpeg 320w, https:\/\/paratraduccion.com\/limiares\/wp-content\/uploads\/2022\/05\/Patricia-Sotelo-1200x1200.jpeg 1200w, https:\/\/paratraduccion.com\/limiares\/wp-content\/uploads\/2022\/05\/Patricia-Sotelo-160x160.jpeg 160w, https:\/\/paratraduccion.com\/limiares\/wp-content\/uploads\/2022\/05\/Patricia-Sotelo-768x768.jpeg 768w, https:\/\/paratraduccion.com\/limiares\/wp-content\/uploads\/2022\/05\/Patricia-Sotelo-1536x1536.jpeg 1536w, https:\/\/paratraduccion.com\/limiares\/wp-content\/uploads\/2022\/05\/Patricia-Sotelo-2048x2048.jpeg 2048w\" sizes=\"(max-width: 320px) 100vw, 320px\" \/>\t\t\t\t\t\t\t\t\t\t\t\t\t<\/div>\r\n\t\t\t\t\t\t<div class=\"premium-person-info\">\r\n\t\t\t\t\t\t\t\t\t\t<div class=\"premium-person-info-container\">\r\n\t\t\t\t\t\t\t\t\t<span class=\"premium-person-name\">\r\n\t\t\t\t\t\tSotelo Dios, Patricia\t\t\t\t\t<\/span>\r\n\t\t\t\t\t\t\t\t\t\t\t<div class=\"premium-person-content\">\r\n\t\t\t\t\t\t\t<p><a href=\"http:\/\/paratraduccion.com\/limiares\/en\/sotelo-dios-patricia\/\"><span style=\"color: #00ccff;\">INFO<\/span><\/a><\/p>\t\t\t\t\t\t<\/div>\r\n\t\t\t\t\t\t\t\t<\/div>\r\n\t\t\t\t\t\t\t\t\t<\/div>\r\n\t\t\t\t\t<\/div>\r\n\t\t\t\t\t\t\t\t\t\t<div class=\"premium-person-container premium-person-zoomin-effect\">\r\n\t\t\t\t\t\t<div class=\"premium-person-image-container\">\r\n\t\t\t\t\t\t\t<img loading=\"lazy\" decoding=\"async\" width=\"320\" height=\"320\" src=\"https:\/\/paratraduccion.com\/limiares\/wp-content\/uploads\/2022\/05\/Francisco--320x320.jpeg\" class=\"attachment-medium size-medium wp-image-121663\" alt=\"\" srcset=\"https:\/\/paratraduccion.com\/limiares\/wp-content\/uploads\/2022\/05\/Francisco--320x320.jpeg 320w, https:\/\/paratraduccion.com\/limiares\/wp-content\/uploads\/2022\/05\/Francisco--1200x1200.jpeg 1200w, https:\/\/paratraduccion.com\/limiares\/wp-content\/uploads\/2022\/05\/Francisco--160x160.jpeg 160w, https:\/\/paratraduccion.com\/limiares\/wp-content\/uploads\/2022\/05\/Francisco--768x768.jpeg 768w, https:\/\/paratraduccion.com\/limiares\/wp-content\/uploads\/2022\/05\/Francisco--1536x1536.jpeg 1536w, https:\/\/paratraduccion.com\/limiares\/wp-content\/uploads\/2022\/05\/Francisco--2048x2048.jpeg 2048w\" sizes=\"(max-width: 320px) 100vw, 320px\" \/>\t\t\t\t\t\t\t\t\t\t\t\t\t<\/div>\r\n\t\t\t\t\t\t<div class=\"premium-person-info\">\r\n\t\t\t\t\t\t\t\t\t\t<div class=\"premium-person-info-container\">\r\n\t\t\t\t\t\t\t\t\t<span class=\"premium-person-name\">\r\n\t\t\t\t\t\tTorres P\u00e9rez, Francisco Jos\u00e9\t\t\t\t\t<\/span>\r\n\t\t\t\t\t\t\t\t\t\t\t<div class=\"premium-person-content\">\r\n\t\t\t\t\t\t\t<p><a href=\"http:\/\/paratraduccion.com\/limiares\/en\/franciso-jose-torres-perez\/\"><span style=\"color: #00ccff;\">INFO<\/span><\/a><\/p>\t\t\t\t\t\t<\/div>\r\n\t\t\t\t\t\t\t\t<\/div>\r\n\t\t\t\t\t\t\t\t\t<\/div>\r\n\t\t\t\t\t<\/div>\r\n\t\t\t\t\t\t\t\t\t\t<div class=\"premium-person-container premium-person-zoomin-effect\">\r\n\t\t\t\t\t\t<div class=\"premium-person-image-container\">\r\n\t\t\t\t\t\t\t<img loading=\"lazy\" decoding=\"async\" width=\"320\" height=\"320\" src=\"https:\/\/paratraduccion.com\/limiares\/wp-content\/uploads\/2022\/05\/Jose-Yuste-II-320x320.jpeg\" class=\"attachment-medium size-medium wp-image-121666\" alt=\"\" srcset=\"https:\/\/paratraduccion.com\/limiares\/wp-content\/uploads\/2022\/05\/Jose-Yuste-II-320x320.jpeg 320w, https:\/\/paratraduccion.com\/limiares\/wp-content\/uploads\/2022\/05\/Jose-Yuste-II-1200x1200.jpeg 1200w, https:\/\/paratraduccion.com\/limiares\/wp-content\/uploads\/2022\/05\/Jose-Yuste-II-160x160.jpeg 160w, https:\/\/paratraduccion.com\/limiares\/wp-content\/uploads\/2022\/05\/Jose-Yuste-II-768x768.jpeg 768w, https:\/\/paratraduccion.com\/limiares\/wp-content\/uploads\/2022\/05\/Jose-Yuste-II-1536x1536.jpeg 1536w, https:\/\/paratraduccion.com\/limiares\/wp-content\/uploads\/2022\/05\/Jose-Yuste-II-2048x2048.jpeg 2048w\" sizes=\"(max-width: 320px) 100vw, 320px\" \/>\t\t\t\t\t\t\t\t\t\t\t\t\t<\/div>\r\n\t\t\t\t\t\t<div class=\"premium-person-info\">\r\n\t\t\t\t\t\t\t\t\t\t<div class=\"premium-person-info-container\">\r\n\t\t\t\t\t\t\t\t\t<span class=\"premium-person-name\">\r\n\t\t\t\t\t\tYuste Fr\u00edas, Jos\u00e9\t\t\t\t\t<\/span>\r\n\t\t\t\t\t\t\t\t\t\t\t<div class=\"premium-person-content\">\r\n\t\t\t\t\t\t\t<p><a href=\"http:\/\/paratraduccion.com\/limiares\/en\/yuste-frias\/\"><span style=\"color: #00ccff;\">INFO<\/span><\/a><\/p>\t\t\t\t\t\t<\/div>\r\n\t\t\t\t\t\t\t\t<\/div>\r\n\t\t\t\t\t\t\t\t\t<\/div>\r\n\t\t\t\t\t<\/div>\r\n\t\t\t\t\t\t\t<\/div>\r\n\t\t\t\t<\/div>\n\t\t\t\t<\/div>\n\t\t\t\t\t<\/div>\n\t\t<\/div>\n\t\t\t\t\t<\/div>\n\t\t<\/section>\n\t\t\t\t<\/div>","protected":false},"excerpt":{"rendered":"<p>Profesor titular de universidade Profesor titular de universidade Orcid Linkedin Academia Facebook Instagram BIONOTA \u00d3scar Ferreiro V\u00e1zquez naceu no cant\u00f3n de Fribourg (Su\u00edza). Licenciado e doutor en Traduci\u00f3n e Interpretaci\u00f3n pola Universidade de Vigo con Menci\u00f3n Internacional, obtivo pola s\u00faa tese titulada\u00a0\u00abPor boca de\u00bb:\u00a0achegas \u00e1 historia da interpretaci\u00f3n do centro e sur de Am\u00e9rica (15181870)\u00a0a&hellip;<\/p>","protected":false},"author":1,"featured_media":121669,"parent":0,"menu_order":1,"comment_status":"closed","ping_status":"closed","template":"","meta":{"footnotes":""},"_links":{"self":[{"href":"http:\/\/paratraduccion.com\/limiares\/en\/wp-json\/wp\/v2\/pages\/14"}],"collection":[{"href":"http:\/\/paratraduccion.com\/limiares\/en\/wp-json\/wp\/v2\/pages"}],"about":[{"href":"http:\/\/paratraduccion.com\/limiares\/en\/wp-json\/wp\/v2\/types\/page"}],"author":[{"embeddable":true,"href":"http:\/\/paratraduccion.com\/limiares\/en\/wp-json\/wp\/v2\/users\/1"}],"replies":[{"embeddable":true,"href":"http:\/\/paratraduccion.com\/limiares\/en\/wp-json\/wp\/v2\/comments?post=14"}],"version-history":[{"count":62,"href":"http:\/\/paratraduccion.com\/limiares\/en\/wp-json\/wp\/v2\/pages\/14\/revisions"}],"predecessor-version":[{"id":127879,"href":"http:\/\/paratraduccion.com\/limiares\/en\/wp-json\/wp\/v2\/pages\/14\/revisions\/127879"}],"wp:featuredmedia":[{"embeddable":true,"href":"http:\/\/paratraduccion.com\/limiares\/en\/wp-json\/wp\/v2\/media\/121669"}],"wp:attachment":[{"href":"http:\/\/paratraduccion.com\/limiares\/en\/wp-json\/wp\/v2\/media?parent=14"}],"curies":[{"name":"wp","href":"https:\/\/api.w.org\/{rel}","templated":true}]}}