{"id":27,"date":"2013-03-10T21:41:01","date_gmt":"2013-03-10T21:41:01","guid":{"rendered":"http:\/\/paratraduccion.com\/mestrado\/pablo-de-carlo\/"},"modified":"2025-09-04T17:43:55","modified_gmt":"2025-09-04T17:43:55","slug":"pablo-de-carlo","status":"publish","type":"page","link":"https:\/\/paratraduccion.com\/limiares\/en\/pablo-de-carlo\/","title":{"rendered":"de Carlos Villamar\u00edn, Pablo"},"content":{"rendered":"<div data-elementor-type=\"wp-page\" data-elementor-id=\"27\" class=\"elementor elementor-27\" data-elementor-post-type=\"page\">\n\t\t\t\t\t\t<section class=\"elementor-section elementor-top-section elementor-element elementor-element-d94d341 elementor-section-boxed elementor-section-height-default elementor-section-height-default\" data-id=\"d94d341\" data-element_type=\"section\" data-settings=\"{&quot;jet_parallax_layout_list&quot;:[]}\">\n\t\t\t\t\t\t<div class=\"elementor-container elementor-column-gap-default\">\n\t\t\t\t\t<div class=\"elementor-column elementor-col-100 elementor-top-column elementor-element elementor-element-4720ad1\" data-id=\"4720ad1\" data-element_type=\"column\">\n\t\t\t<div class=\"elementor-widget-wrap elementor-element-populated\">\n\t\t\t\t\t\t<div class=\"elementor-element elementor-element-16fdbff elementor-widget elementor-widget-bdt-advanced-heading\" data-id=\"16fdbff\" data-element_type=\"widget\" data-widget_type=\"bdt-advanced-heading.default\">\n\t\t\t\t<div class=\"elementor-widget-container\">\n\t\t\t<div id =\"16fdbff\" class=\"bdt-ep-advanced-heading\" data-settings=\"{&quot;titleMultiColor&quot;:&quot;no&quot;}\"><div class=\"bdt-ep-advanced-heading-content bdt-visible@m\"><div class=\"bdt-transform-origin-top-left\">Senior Lecturer\n<\/div><\/div><h2 class=\"bdt-ep-advanced-heading-title\"><span class=\"bdt-ep-advanced-heading-main-title\"><span class=\"bdt-ep-advanced-heading-main-title-inner\">Senior Lecturer\n<\/span><\/span><\/h2><\/div>\t\t<\/div>\n\t\t\t\t<\/div>\n\t\t\t\t<div class=\"elementor-element elementor-element-0e523a6 e-grid-align-left elementor-shape-rounded elementor-grid-0 elementor-widget elementor-widget-social-icons\" data-id=\"0e523a6\" data-element_type=\"widget\" data-widget_type=\"social-icons.default\">\n\t\t\t\t<div class=\"elementor-widget-container\">\n\t\t\t\t\t<div class=\"elementor-social-icons-wrapper elementor-grid\">\n\t\t\t\t\t\t\t<span class=\"elementor-grid-item\">\n\t\t\t\t\t<a class=\"elementor-icon elementor-social-icon elementor-social-icon-orcid elementor-repeater-item-c07250c\" href=\"https:\/\/orcid.org\/0000-0002-6487-0481\" target=\"_blank\">\n\t\t\t\t\t\t<span class=\"elementor-screen-only\">Orcid<\/span>\n\t\t\t\t\t\t<i class=\"fab fa-orcid\"><\/i>\t\t\t\t\t<\/a>\n\t\t\t\t<\/span>\n\t\t\t\t\t<\/div>\n\t\t\t\t<\/div>\n\t\t\t\t<\/div>\n\t\t\t\t<div class=\"elementor-element elementor-element-53619b1 elementor-widget elementor-widget-bdt-accordion\" data-id=\"53619b1\" data-element_type=\"widget\" data-widget_type=\"bdt-accordion.default\">\n\t\t\t\t<div class=\"elementor-widget-container\">\n\t\t\t        <div class=\"bdt-ep-accordion-container\">\n            <div id=\"bdt-ep-accordion-53619b1\" class=\"bdt-ep-accordion bdt-accordion\" data-bdt-accordion=\"{&quot;collapsible&quot;:true,&quot;multiple&quot;:false,&quot;transition&quot;:&quot;ease-in-out&quot;}\" data-settings=\"{&quot;id&quot;:&quot;bdt-ep-accordion-53619b1&quot;,&quot;activeHash&quot;:&quot;no&quot;,&quot;activeScrollspy&quot;:null,&quot;hashTopOffset&quot;:false,&quot;hashScrollspyTime&quot;:false}\">\n                                    <div class=\"bdt-ep-accordion-item\">\n                        <div class=\"bdt-ep-accordion-title bdt-accordion-title bdt-flex bdt-flex-middle bdt-flex-between\" id=\"bdt-ep-accordion-bionota\" data-accordion-index=\"0\" data-title=\"bionota\" role=\"heading\">\n\n                                                            <span class=\"bdt-ep-accordion-icon bdt-flex-align-right\" aria-hidden=\"true\">\n\n                                                                            <span class=\"bdt-ep-accordion-icon-closed\">\n                                            <i aria-hidden=\"true\" class=\"fa-fw fas fa-plus\"><\/i>                                        <\/span>\n                                    \n                                                                            <span class=\"bdt-ep-accordion-icon-opened\">\n                                            <i aria-hidden=\"true\" class=\"fa-fw fas fa-minus\"><\/i>                                        <\/span>\n                                    \n                                <\/span>\n                            \n                            <span class=\"bdt-ep-title-text bdt-flex bdt-flex-middle\">\n\n                                                                INFO                            <\/span>\n\n                        <\/div>\n                        <div class=\"bdt-ep-accordion-content bdt-accordion-content\">\n                            <p style=\"text-align: justify;\" class=\" translation-block\">Pablo de Carlos Villamar\u00edn was born in Vigo. He has a bachelor\u2019s degree in Economic and Business Sciences and has a PhD in Economy by the <a href=\"https:\/\/www.uvigo.gal\/es\" target=\"_self\" role=\"link\">Universidade de Vigo<\/a>. He received the qualification \u201cExcellent\u201d and \u201cCum laude\u201d for his dissertation titled <em>Relation between the economic cycle and the political cycle. Theoretical analysis and application to the Spanish economy in 2005<\/em>.<\/p><p style=\"text-align: justify;\" class=\" translation-block\">He began his teaching and research activities at the <a href=\"https:\/\/www.uvigo.gal\/es\" target=\"_self\" role=\"link\">Universidade de Vigo<\/a> in 1996 and since 2010 he is a member of the Area of Business Organization of the <a href=\"http:\/\/doem.uvigo.es\/ga\/index.htm\" target=\"_self\" role=\"link\">Department of Business Organization and Marketing<\/a>, of which he is a senior lecturer since 2022.<\/p><p style=\"text-align: justify;\" class=\" translation-block\">Between 2013 and 2016 he was the coordinator of the degree in Tourism of the <a href=\"https:\/\/fcetou.uvigo.es\/gl\/\" target=\"_self\" role=\"link\">Faculty of Business and Tourism of the Universidade de Vigo<\/a>. He has also collaborated between 2014 and 2017 in the coordination of the master\u2019s degree in Creation, Management and Innovation in Business taught at the same institution.<\/p>                        <\/div>\n                    <\/div>\n                                    <div class=\"bdt-ep-accordion-item\">\n                        <div class=\"bdt-ep-accordion-title bdt-accordion-title bdt-flex bdt-flex-middle bdt-flex-between\" id=\"bdt-ep-accordion-experiencia-docente\" data-accordion-index=\"1\" data-title=\"experiencia-docente\" role=\"heading\">\n\n                                                            <span class=\"bdt-ep-accordion-icon bdt-flex-align-right\" aria-hidden=\"true\">\n\n                                                                            <span class=\"bdt-ep-accordion-icon-closed\">\n                                            <i aria-hidden=\"true\" class=\"fa-fw fas fa-plus\"><\/i>                                        <\/span>\n                                    \n                                                                            <span class=\"bdt-ep-accordion-icon-opened\">\n                                            <i aria-hidden=\"true\" class=\"fa-fw fas fa-minus\"><\/i>                                        <\/span>\n                                    \n                                <\/span>\n                            \n                            <span class=\"bdt-ep-title-text bdt-flex bdt-flex-middle\">\n\n                                                                TEACHING EXPERIENCE                            <\/span>\n\n                        <\/div>\n                        <div class=\"bdt-ep-accordion-content bdt-accordion-content\">\n                            <p style=\"text-align: justify;\" class=\" translation-block\">In recent years he has focused his teaching activity on courses in the area of Business Organization, such as Information Systems for Tourism Management (<a href=\"http:\/\/fcetou.uvigo.es\/gl\/estudos\/grao-en-turismo\/\" target=\"_self\" role=\"link\">Degree in Tourism <\/a> and <a href=\"http:\/\/fcetou.uvigo.es\/gl\/estudos\/pceo-turismo-historia\/\" target=\"_self\" role=\"link\">PCEO Tourism-History<\/a>) or Strategic Management (<a href=\"http:\/\/fcetou.uvigo.es\/gl\/estudos\/grao-en-ade\/\" target=\"_self\" role=\"link\">Degree in Business Administration<\/a>, <a href=\"http:\/\/fcetou.uvigo.es\/gl\/estudos\/pceo-ade-dereito\/\" target=\"_self\" role=\"link\">PCEO PCEO Business Administration-Law<\/a> and <a href=\"http:\/\/fcetou.uvigo.es\/gl\/estudos\/pceo-ade-informatica\/\" target=\"_self\" role=\"link\">PCEO Business Administration-Computer science<\/a>). Aside from teaching and\/or coordinating courses in different degrees, he also teaches in the <a href=\"http:\/\/www.masterturismoourense.es\/gl\/\" target=\"_self\" role=\"link\">master\u2019s degree in Tourism Management and Planning<\/a> and in the <a href=\"http:\/\/mbadeporte.es\/\" target=\"_self\" role=\"link\">master\u2019s degree in Sports Business Management<\/a>, both of which are official degrees at the <a href=\"https:\/\/www.uvigo.gal\/es\" target=\"_self\" role=\"link\">Universidade de Vigo<\/a>.<\/p><p style=\"text-align: justify;\" class=\" translation-block\">At the international level, he has taught several courses at the <a href=\"https:\/\/www.univ-ubs.fr\/fr\/formation-initiale-continue\/formations\/master-XB\/arts-lettres-langues-ALL\/master-responsable-du-developpement-international-5LRI00_217.html\" target=\"_self\" role=\"link\">Master Responsable du D\u00e9veloppement \u00e0 l\u2019International na UFR Lettres, Sciences Humaines et Sociales da Universit\u00e9 de Bretagne-Sud (Francia)<\/a> and the <a href=\"https:\/\/www.esht.ipp.pt\/cursos\/mestrado\/415\" target=\"_self\" role=\"link\">Mestrado em Gest\u00e3o do Turismo na Escola Superior de Hotelaria e Turismo do Instituto Polit\u00e9cnico do Porto (Portugal)<\/a>.<\/p><p style=\"text-align: justify;\" class=\" translation-block\">Lastly, he is a part of the inter-university <a href=\"http:\/\/turismo.uvigo.es\/gl\/\" target=\"_self\" role=\"link\">doctoral program in Tourism<\/a>, within the line of research <em>Economic Analysis of the tourism sector<\/em>.<\/p>                        <\/div>\n                    <\/div>\n                                    <div class=\"bdt-ep-accordion-item\">\n                        <div class=\"bdt-ep-accordion-title bdt-accordion-title bdt-flex bdt-flex-middle bdt-flex-between\" id=\"bdt-ep-accordion-materias-impartidas-no-mtci\" data-accordion-index=\"2\" data-title=\"materias-impartidas-no-mtci\" role=\"heading\">\n\n                                                            <span class=\"bdt-ep-accordion-icon bdt-flex-align-right\" aria-hidden=\"true\">\n\n                                                                            <span class=\"bdt-ep-accordion-icon-closed\">\n                                            <i aria-hidden=\"true\" class=\"fa-fw fas fa-plus\"><\/i>                                        <\/span>\n                                    \n                                                                            <span class=\"bdt-ep-accordion-icon-opened\">\n                                            <i aria-hidden=\"true\" class=\"fa-fw fas fa-minus\"><\/i>                                        <\/span>\n                                    \n                                <\/span>\n                            \n                            <span class=\"bdt-ep-title-text bdt-flex bdt-flex-middle\">\n\n                                                                MTCI SUBJECT                            <\/span>\n\n                        <\/div>\n                        <div class=\"bdt-ep-accordion-content bdt-accordion-content\">\n                            <ul><li><p style=\"text-align: justify;\"><a href=\"https:\/\/paratraduccion.com\/limiares\/en\/economia-aplicada\/\" target=\"_blank\" rel=\"noopener\">Economy Applied to Translation<\/a>.<\/p><\/li><\/ul>                        <\/div>\n                    <\/div>\n                                    <div class=\"bdt-ep-accordion-item\">\n                        <div class=\"bdt-ep-accordion-title bdt-accordion-title bdt-flex bdt-flex-middle bdt-flex-between\" id=\"bdt-ep-accordion-lias-de-investigacin\" data-accordion-index=\"3\" data-title=\"li-as-de-investigaci-n\" role=\"heading\">\n\n                                                            <span class=\"bdt-ep-accordion-icon bdt-flex-align-right\" aria-hidden=\"true\">\n\n                                                                            <span class=\"bdt-ep-accordion-icon-closed\">\n                                            <i aria-hidden=\"true\" class=\"fa-fw fas fa-plus\"><\/i>                                        <\/span>\n                                    \n                                                                            <span class=\"bdt-ep-accordion-icon-opened\">\n                                            <i aria-hidden=\"true\" class=\"fa-fw fas fa-minus\"><\/i>                                        <\/span>\n                                    \n                                <\/span>\n                            \n                            <span class=\"bdt-ep-title-text bdt-flex bdt-flex-middle\">\n\n                                                                LINES OF RESEARCH                            <\/span>\n\n                        <\/div>\n                        <div class=\"bdt-ep-accordion-content bdt-accordion-content\">\n                            <p style=\"text-align: justify;\" class=\" translation-block\">Within his research activity, it is worth noting his participation in several projects and contracts with public and private entities related to the analysis of the business sector in Vigo and its hinterland, as well as to the analysis of the socioeconomic reality of the province of Ourense as a member of the <a href=\"https:\/\/emitur.webs4.uvigo.es\/\" target=\"_self\" role=\"link\">Emitur<\/a> research group.<\/p><p style=\"text-align: justify;\">Nevertheless, his main lines of research include the business-economic analysis of tourism as a key sector in the world economy and that of professional sports as an activity that has gained great economic and social importance in recent years.<\/p>                        <\/div>\n                    <\/div>\n                                    <div class=\"bdt-ep-accordion-item\">\n                        <div class=\"bdt-ep-accordion-title bdt-accordion-title bdt-flex bdt-flex-middle bdt-flex-between\" id=\"bdt-ep-accordion-publicacins\" data-accordion-index=\"4\" data-title=\"publicaci-ns\" role=\"heading\">\n\n                                                            <span class=\"bdt-ep-accordion-icon bdt-flex-align-right\" aria-hidden=\"true\">\n\n                                                                            <span class=\"bdt-ep-accordion-icon-closed\">\n                                            <i aria-hidden=\"true\" class=\"fa-fw fas fa-plus\"><\/i>                                        <\/span>\n                                    \n                                                                            <span class=\"bdt-ep-accordion-icon-opened\">\n                                            <i aria-hidden=\"true\" class=\"fa-fw fas fa-minus\"><\/i>                                        <\/span>\n                                    \n                                <\/span>\n                            \n                            <span class=\"bdt-ep-title-text bdt-flex bdt-flex-middle\">\n\n                                                                PUBLICATIONS                            <\/span>\n\n                        <\/div>\n                        <div class=\"bdt-ep-accordion-content bdt-accordion-content\">\n                            <ul><li style=\"text-align: justify;\" class=\" translation-block\">Fraiz Brea, J. A., De Carlos Villamar\u00edn, P., &amp; Ara\u00fajo Vila, N. (2020). \u00abDisclosing homogeneity within heterogeneity: a segmentation of Spanish active tourism based on motivational pull factors\u00bb, <em>Journal of Outdoor Recreation and Tourism<\/em>, <em>30<\/em>: 100294. Doi: <a href=\"https:\/\/doi.org\/10.1016\/j.jort.2020.100294\" target=\"_self\" role=\"link\">https:\/\/doi.org\/10.1016\/j.jort.2020.100294<\/a>.<\/li><li style=\"text-align: justify;\">Fraiz Brea, J. A., De Carlos Villamar\u00edn, P., &amp; Ara\u00fajo Vila, N. (2020). \u00abDisclosing homogeneity within heterogeneity: a segmentation of Spanish active tourism based on motivational pull factors\u00bb, <em>Journal of Outdoor Recreation and Tourism<\/em>, <em>30<\/em>: 100294. Doi: <a href=\"https:\/\/doi.org\/10.1016\/j.jort.2020.100294\">https:\/\/doi.org\/10.1016\/j.jort.2020.100294<\/a>.<\/li><li style=\"text-align: justify;\" class=\" translation-block\">Ara\u00fajo Vila, N., Fraiz Brea, J. A., &amp; De Carlos Villamar\u00edn, P. (2021). \u00abFilm tourism in Spain: destination awareness and visit motivation as determinants to visit places seen in TV series\u00bb, <em>European Research on Management and Business Economics<\/em>, <em>27<\/em>: 100135. Doi: <a href=\"https:\/\/doi.org\/10.1016\/j.iedeen.2020.100135\" target=\"_self\" role=\"link\">https:\/\/doi.org\/10.1016\/j.iedeen.2020.100135<\/a>.<\/li><li style=\"text-align: justify;\" class=\" translation-block\">Nicolau, J. L., De Carlos Villamar\u00edn, P., Al\u00e9n Gonz\u00e1lez, E., &amp; P\u00e9rez Gonz\u00e1lez, A. (2022). \u201cAsymmetric effects of extreme-moderate online reviews in the language-satisfaction relationship\u201d, <em>Tourism Management<\/em>, <em>91<\/em>, August: 104524. Doi: <a href=\"https:\/\/doi.org\/10.1016\/j.tourman.2022.104524\" target=\"_self\" role=\"link\">https:\/\/doi.org\/10.1016\/j.tourman.2022.104524<\/a>.<\/li><li style=\"text-align: justify;\" class=\" translation-block\">P\u00e9rez Gonz\u00e1lez, A., De Carlos Villamar\u00edn, P., &amp; y Al\u00e9n Gonz\u00e1lez, E. (2022). \u201cAn analysis of the efficiency of football clubs in the Spanish First Division through a two-stage relational network DEA model: a simulation study\u201d, <em>Operational Research. An International Journal<\/em>, <em>22<\/em>(3): 3089-3112. DOI: <a href=\"https:\/\/doi.org\/10.1007\/s12351-021-00650-5\" target=\"_self\" role=\"link\">https:\/\/doi.org\/10.1007\/s12351-021-00650-5<\/a>.<\/li><\/ul>                        <\/div>\n                    <\/div>\n                            <\/div>\n        <\/div>\n    \t\t<\/div>\n\t\t\t\t<\/div>\n\t\t\t\t\t<\/div>\n\t\t<\/div>\n\t\t\t\t\t<\/div>\n\t\t<\/section>\n\t\t\t\t<section class=\"elementor-section elementor-top-section elementor-element elementor-element-ff1f13d elementor-section-boxed elementor-section-height-default elementor-section-height-default\" data-id=\"ff1f13d\" data-element_type=\"section\" data-settings=\"{&quot;jet_parallax_layout_list&quot;:[]}\">\n\t\t\t\t\t\t<div class=\"elementor-container elementor-column-gap-default\">\n\t\t\t\t\t<div class=\"elementor-column elementor-col-100 elementor-top-column elementor-element elementor-element-c7718c4\" data-id=\"c7718c4\" data-element_type=\"column\">\n\t\t\t<div class=\"elementor-widget-wrap elementor-element-populated\">\n\t\t\t\t\t\t<div class=\"elementor-element elementor-element-bd3f3fd elementor-widget__width-auto elementor-widget elementor-widget-global elementor-global-122536 elementor-widget-premium-addon-person\" data-id=\"bd3f3fd\" data-element_type=\"widget\" data-settings=\"{&quot;persons_per_row&quot;:&quot;16.667%&quot;,&quot;persons_per_row_tablet&quot;:&quot;100%&quot;,&quot;persons_per_row_mobile&quot;:&quot;100%&quot;}\" data-widget_type=\"premium-addon-person.default\">\n\t\t\t\t<div class=\"elementor-widget-container\">\n\t\t\t\t\t<div class=\"premium-persons-container premium-person-style1 multiple-persons\" data-persons-equal=\"\">\r\n\t\t\t\t\t\t\t\t<div class=\"premium-person-container premium-person-zoomin-effect\">\r\n\t\t\t\t\t\t<div class=\"premium-person-image-container\">\r\n\t\t\t\t\t\t\t<img fetchpriority=\"high\" decoding=\"async\" width=\"320\" height=\"426\" src=\"https:\/\/paratraduccion.com\/limiares\/wp-content\/uploads\/2024\/07\/lorena_abreu_BG-320x426.png\" class=\"attachment-medium size-medium wp-image-126037\" alt=\"\" srcset=\"https:\/\/paratraduccion.com\/limiares\/wp-content\/uploads\/2024\/07\/lorena_abreu_BG-320x426.png 320w, https:\/\/paratraduccion.com\/limiares\/wp-content\/uploads\/2024\/07\/lorena_abreu_BG-9x12.png 9w, https:\/\/paratraduccion.com\/limiares\/wp-content\/uploads\/2024\/07\/lorena_abreu_BG.png 433w\" sizes=\"(max-width: 320px) 100vw, 320px\" \/>\t\t\t\t\t\t\t\t\t\t\t\t\t<\/div>\r\n\t\t\t\t\t\t<div class=\"premium-person-info\">\r\n\t\t\t\t\t\t\t\t\t\t<div class=\"premium-person-info-container\">\r\n\t\t\t\t\t\t\t\t\t<span class=\"premium-person-name\">\r\n\t\t\t\t\t\tAbreu L\u00f3pez, Lorena\t\t\t\t\t<\/span>\r\n\t\t\t\t\t\t\t\t\t\t\t<div class=\"premium-person-content\">\r\n\t\t\t\t\t\t\t<p><a href=\"https:\/\/paratraduccion.com\/limiares\/en\/abreu-lopez-lorena\/\"><span style=\"color: #00ccff;\">INFO<\/span><\/a><\/p>\t\t\t\t\t\t<\/div>\r\n\t\t\t\t\t\t\t\t<\/div>\r\n\t\t\t\t\t\t\t\t\t<\/div>\r\n\t\t\t\t\t<\/div>\r\n\t\t\t\t\t\t\t\t\t\t<div class=\"premium-person-container premium-person-zoomin-effect\">\r\n\t\t\t\t\t\t<div class=\"premium-person-image-container\">\r\n\t\t\t\t\t\t\t<img decoding=\"async\" width=\"320\" height=\"320\" src=\"https:\/\/paratraduccion.com\/limiares\/wp-content\/uploads\/2022\/05\/Alberto-320x320.jpeg\" class=\"attachment-medium size-medium wp-image-121656\" alt=\"\" srcset=\"https:\/\/paratraduccion.com\/limiares\/wp-content\/uploads\/2022\/05\/Alberto-320x320.jpeg 320w, https:\/\/paratraduccion.com\/limiares\/wp-content\/uploads\/2022\/05\/Alberto-1200x1200.jpeg 1200w, https:\/\/paratraduccion.com\/limiares\/wp-content\/uploads\/2022\/05\/Alberto-160x160.jpeg 160w, https:\/\/paratraduccion.com\/limiares\/wp-content\/uploads\/2022\/05\/Alberto-768x768.jpeg 768w, https:\/\/paratraduccion.com\/limiares\/wp-content\/uploads\/2022\/05\/Alberto-1536x1536.jpeg 1536w, https:\/\/paratraduccion.com\/limiares\/wp-content\/uploads\/2022\/05\/Alberto-2048x2048.jpeg 2048w\" sizes=\"(max-width: 320px) 100vw, 320px\" \/>\t\t\t\t\t\t\t\t\t\t\t\t\t<\/div>\r\n\t\t\t\t\t\t<div class=\"premium-person-info\">\r\n\t\t\t\t\t\t\t\t\t\t<div class=\"premium-person-info-container\">\r\n\t\t\t\t\t\t\t\t\t<span class=\"premium-person-name\">\r\n\t\t\t\t\t\t\u00c1lvarez Lugr\u00eds, Alberto\t\t\t\t\t<\/span>\r\n\t\t\t\t\t\t\t\t\t\t\t<div class=\"premium-person-content\">\r\n\t\t\t\t\t\t\t<p><a href=\"https:\/\/paratraduccion.com\/limiares\/en\/alvarez-lugris\/\"><span style=\"color: #00ccff;\">INFO<br \/><\/span><\/a><\/p>\t\t\t\t\t\t<\/div>\r\n\t\t\t\t\t\t\t\t<\/div>\r\n\t\t\t\t\t\t\t\t\t<\/div>\r\n\t\t\t\t\t<\/div>\r\n\t\t\t\t\t\t\t\t\t\t<div class=\"premium-person-container premium-person-zoomin-effect\">\r\n\t\t\t\t\t\t<div class=\"premium-person-image-container\">\r\n\t\t\t\t\t\t\t<img decoding=\"async\" src=\"https:\/\/paratraduccion.com\/limiares\/wp-content\/uploads\/2022\/05\/Emmanuel-scaled.jpeg\" title=\"\" alt=\"\" loading=\"lazy\" \/>\t\t\t\t\t\t\t\t\t\t\t\t\t<\/div>\r\n\t\t\t\t\t\t<div class=\"premium-person-info\">\r\n\t\t\t\t\t\t\t\t\t\t<div class=\"premium-person-info-container\">\r\n\t\t\t\t\t\t\t\t\t<span class=\"premium-person-name\">\r\n\t\t\t\t\t\tBourgoin Vergondy, Emmanuel\t\t\t\t\t<\/span>\r\n\t\t\t\t\t\t\t\t\t\t\t<div class=\"premium-person-content\">\r\n\t\t\t\t\t\t\t<p><a href=\"https:\/\/paratraduccion.com\/limiares\/en\/bourgoin-vergondy-emmanuel-claude\/\"><span style=\"color: #00ccff;\">INFO<\/span><\/a><\/p>\t\t\t\t\t\t<\/div>\r\n\t\t\t\t\t\t\t\t<\/div>\r\n\t\t\t\t\t\t\t\t\t<\/div>\r\n\t\t\t\t\t<\/div>\r\n\t\t\t\t\t\t\t\t\t\t<div class=\"premium-person-container premium-person-zoomin-effect\">\r\n\t\t\t\t\t\t<div class=\"premium-person-image-container\">\r\n\t\t\t\t\t\t\t<img decoding=\"async\" width=\"320\" height=\"320\" src=\"https:\/\/paratraduccion.com\/limiares\/wp-content\/uploads\/2022\/05\/Patricia-Buxan--320x320.jpeg\" class=\"attachment-medium size-medium wp-image-121672\" alt=\"\" srcset=\"https:\/\/paratraduccion.com\/limiares\/wp-content\/uploads\/2022\/05\/Patricia-Buxan--320x320.jpeg 320w, https:\/\/paratraduccion.com\/limiares\/wp-content\/uploads\/2022\/05\/Patricia-Buxan--1200x1200.jpeg 1200w, https:\/\/paratraduccion.com\/limiares\/wp-content\/uploads\/2022\/05\/Patricia-Buxan--160x160.jpeg 160w, https:\/\/paratraduccion.com\/limiares\/wp-content\/uploads\/2022\/05\/Patricia-Buxan--768x768.jpeg 768w, https:\/\/paratraduccion.com\/limiares\/wp-content\/uploads\/2022\/05\/Patricia-Buxan--1536x1536.jpeg 1536w, https:\/\/paratraduccion.com\/limiares\/wp-content\/uploads\/2022\/05\/Patricia-Buxan--2048x2048.jpeg 2048w\" sizes=\"(max-width: 320px) 100vw, 320px\" \/>\t\t\t\t\t\t\t\t\t\t\t\t\t<\/div>\r\n\t\t\t\t\t\t<div class=\"premium-person-info\">\r\n\t\t\t\t\t\t\t\t\t\t<div class=\"premium-person-info-container\">\r\n\t\t\t\t\t\t\t\t\t<span class=\"premium-person-name\">\r\n\t\t\t\t\t\tBux\u00e1n Otero, Patricia\t\t\t\t\t<\/span>\r\n\t\t\t\t\t\t\t\t\t\t\t<div class=\"premium-person-content\">\r\n\t\t\t\t\t\t\t<p><a href=\"https:\/\/paratraduccion.com\/limiares\/en\/patricia-bujan\/\"><span style=\"color: #00ccff;\">INFO<\/span><\/a><\/p>\t\t\t\t\t\t<\/div>\r\n\t\t\t\t\t\t\t\t<\/div>\r\n\t\t\t\t\t\t\t\t\t<\/div>\r\n\t\t\t\t\t<\/div>\r\n\t\t\t\t\t\t\t\t\t\t<div class=\"premium-person-container premium-person-zoomin-effect\">\r\n\t\t\t\t\t\t<div class=\"premium-person-image-container\">\r\n\t\t\t\t\t\t\t<img loading=\"lazy\" decoding=\"async\" width=\"320\" height=\"320\" src=\"https:\/\/paratraduccion.com\/limiares\/wp-content\/uploads\/2022\/05\/Pablo-de-Carlo--320x320.jpeg\" class=\"attachment-medium size-medium wp-image-121670\" alt=\"\" srcset=\"https:\/\/paratraduccion.com\/limiares\/wp-content\/uploads\/2022\/05\/Pablo-de-Carlo--320x320.jpeg 320w, https:\/\/paratraduccion.com\/limiares\/wp-content\/uploads\/2022\/05\/Pablo-de-Carlo--1200x1200.jpeg 1200w, https:\/\/paratraduccion.com\/limiares\/wp-content\/uploads\/2022\/05\/Pablo-de-Carlo--160x160.jpeg 160w, https:\/\/paratraduccion.com\/limiares\/wp-content\/uploads\/2022\/05\/Pablo-de-Carlo--768x768.jpeg 768w, https:\/\/paratraduccion.com\/limiares\/wp-content\/uploads\/2022\/05\/Pablo-de-Carlo--1536x1536.jpeg 1536w, https:\/\/paratraduccion.com\/limiares\/wp-content\/uploads\/2022\/05\/Pablo-de-Carlo--2048x2048.jpeg 2048w\" sizes=\"(max-width: 320px) 100vw, 320px\" \/>\t\t\t\t\t\t\t\t\t\t\t\t\t<\/div>\r\n\t\t\t\t\t\t<div class=\"premium-person-info\">\r\n\t\t\t\t\t\t\t\t\t\t<div class=\"premium-person-info-container\">\r\n\t\t\t\t\t\t\t\t\t<span class=\"premium-person-name\">\r\n\t\t\t\t\t\tDe Carlos Villamarin, Pablo\t\t\t\t\t<\/span>\r\n\t\t\t\t\t\t\t\t\t\t\t<div class=\"premium-person-content\">\r\n\t\t\t\t\t\t\t<p><a href=\"https:\/\/paratraduccion.com\/limiares\/en\/pablo-de-carlo\/\"><span style=\"color: #00ccff;\">INFO<\/span><\/a><\/p>\t\t\t\t\t\t<\/div>\r\n\t\t\t\t\t\t\t\t<\/div>\r\n\t\t\t\t\t\t\t\t\t<\/div>\r\n\t\t\t\t\t<\/div>\r\n\t\t\t\t\t\t\t\t\t\t<div class=\"premium-person-container premium-person-zoomin-effect\">\r\n\t\t\t\t\t\t<div class=\"premium-person-image-container\">\r\n\t\t\t\t\t\t\t<img loading=\"lazy\" decoding=\"async\" width=\"320\" height=\"320\" src=\"https:\/\/paratraduccion.com\/limiares\/wp-content\/uploads\/2022\/05\/Maribel-320x320.jpeg\" class=\"attachment-medium size-medium wp-image-121668\" alt=\"\" srcset=\"https:\/\/paratraduccion.com\/limiares\/wp-content\/uploads\/2022\/05\/Maribel-320x320.jpeg 320w, https:\/\/paratraduccion.com\/limiares\/wp-content\/uploads\/2022\/05\/Maribel-1200x1200.jpeg 1200w, https:\/\/paratraduccion.com\/limiares\/wp-content\/uploads\/2022\/05\/Maribel-160x160.jpeg 160w, https:\/\/paratraduccion.com\/limiares\/wp-content\/uploads\/2022\/05\/Maribel-768x768.jpeg 768w, https:\/\/paratraduccion.com\/limiares\/wp-content\/uploads\/2022\/05\/Maribel-1536x1536.jpeg 1536w, https:\/\/paratraduccion.com\/limiares\/wp-content\/uploads\/2022\/05\/Maribel-2048x2048.jpeg 2048w\" sizes=\"(max-width: 320px) 100vw, 320px\" \/>\t\t\t\t\t\t\t\t\t\t\t\t\t<\/div>\r\n\t\t\t\t\t\t<div class=\"premium-person-info\">\r\n\t\t\t\t\t\t\t\t\t\t<div class=\"premium-person-info-container\">\r\n\t\t\t\t\t\t\t\t\t<span class=\"premium-person-name\">\r\n\t\t\t\t\t\tDel Pozo Trivi\u00f1o, Maribel\t\t\t\t\t<\/span>\r\n\t\t\t\t\t\t\t\t\t\t\t<div class=\"premium-person-content\">\r\n\t\t\t\t\t\t\t<p><a href=\"https:\/\/paratraduccion.com\/limiares\/en\/del-pozo-maribel\/\"><span style=\"color: #00ccff;\">INFO<\/span><\/a><\/p>\t\t\t\t\t\t<\/div>\r\n\t\t\t\t\t\t\t\t<\/div>\r\n\t\t\t\t\t\t\t\t\t<\/div>\r\n\t\t\t\t\t<\/div>\r\n\t\t\t\t\t\t\t\t\t\t<div class=\"premium-person-container premium-person-zoomin-effect\">\r\n\t\t\t\t\t\t<div class=\"premium-person-image-container\">\r\n\t\t\t\t\t\t\t<img loading=\"lazy\" decoding=\"async\" width=\"320\" height=\"320\" src=\"https:\/\/paratraduccion.com\/limiares\/wp-content\/uploads\/2022\/05\/Lara-320x320.jpeg\" class=\"attachment-medium size-medium wp-image-121667\" alt=\"\" srcset=\"https:\/\/paratraduccion.com\/limiares\/wp-content\/uploads\/2022\/05\/Lara-320x320.jpeg 320w, https:\/\/paratraduccion.com\/limiares\/wp-content\/uploads\/2022\/05\/Lara-1200x1200.jpeg 1200w, https:\/\/paratraduccion.com\/limiares\/wp-content\/uploads\/2022\/05\/Lara-160x160.jpeg 160w, https:\/\/paratraduccion.com\/limiares\/wp-content\/uploads\/2022\/05\/Lara-768x768.jpeg 768w, https:\/\/paratraduccion.com\/limiares\/wp-content\/uploads\/2022\/05\/Lara-1536x1536.jpeg 1536w, https:\/\/paratraduccion.com\/limiares\/wp-content\/uploads\/2022\/05\/Lara-2048x2048.jpeg 2048w\" sizes=\"(max-width: 320px) 100vw, 320px\" \/>\t\t\t\t\t\t\t\t\t\t\t\t\t<\/div>\r\n\t\t\t\t\t\t<div class=\"premium-person-info\">\r\n\t\t\t\t\t\t\t\t\t\t<div class=\"premium-person-info-container\">\r\n\t\t\t\t\t\t\t\t\t<span class=\"premium-person-name\">\r\n\t\t\t\t\t\tDom\u00ednguez Ara\u00fajo, Lara\t\t\t\t\t<\/span>\r\n\t\t\t\t\t\t\t\t\t\t\t<div class=\"premium-person-content\">\r\n\t\t\t\t\t\t\t<p><a href=\"https:\/\/paratraduccion.com\/limiares\/en\/lara-dominguez-araujo\/\"><span style=\"color: #00ccff;\">INFO<\/span><\/a><\/p>\t\t\t\t\t\t<\/div>\r\n\t\t\t\t\t\t\t\t<\/div>\r\n\t\t\t\t\t\t\t\t\t<\/div>\r\n\t\t\t\t\t<\/div>\r\n\t\t\t\t\t\t\t\t\t\t<div class=\"premium-person-container premium-person-zoomin-effect\">\r\n\t\t\t\t\t\t<div class=\"premium-person-image-container\">\r\n\t\t\t\t\t\t\t<img loading=\"lazy\" decoding=\"async\" width=\"320\" height=\"320\" src=\"https:\/\/paratraduccion.com\/limiares\/wp-content\/uploads\/2022\/05\/Pablo-Fernandez-Calero--320x320.jpeg\" class=\"attachment-medium size-medium wp-image-121671\" alt=\"\" srcset=\"https:\/\/paratraduccion.com\/limiares\/wp-content\/uploads\/2022\/05\/Pablo-Fernandez-Calero--320x320.jpeg 320w, https:\/\/paratraduccion.com\/limiares\/wp-content\/uploads\/2022\/05\/Pablo-Fernandez-Calero--1200x1200.jpeg 1200w, https:\/\/paratraduccion.com\/limiares\/wp-content\/uploads\/2022\/05\/Pablo-Fernandez-Calero--160x160.jpeg 160w, https:\/\/paratraduccion.com\/limiares\/wp-content\/uploads\/2022\/05\/Pablo-Fernandez-Calero--768x768.jpeg 768w, https:\/\/paratraduccion.com\/limiares\/wp-content\/uploads\/2022\/05\/Pablo-Fernandez-Calero--1536x1536.jpeg 1536w, https:\/\/paratraduccion.com\/limiares\/wp-content\/uploads\/2022\/05\/Pablo-Fernandez-Calero--2048x2048.jpeg 2048w\" sizes=\"(max-width: 320px) 100vw, 320px\" \/>\t\t\t\t\t\t\t\t\t\t\t\t\t<\/div>\r\n\t\t\t\t\t\t<div class=\"premium-person-info\">\r\n\t\t\t\t\t\t\t\t\t\t<div class=\"premium-person-info-container\">\r\n\t\t\t\t\t\t\t\t\t<span class=\"premium-person-name\">\r\n\t\t\t\t\t\tFern\u00e1ndez Carballo Calero, Pablo\t\t\t\t\t<\/span>\r\n\t\t\t\t\t\t\t\t\t\t\t<div class=\"premium-person-content\">\r\n\t\t\t\t\t\t\t<p><a href=\"https:\/\/paratraduccion.com\/limiares\/en\/pablo-fernandez-carballo-calero\/\"><span style=\"color: #00ccff;\">INFO<\/span><\/a><\/p>\t\t\t\t\t\t<\/div>\r\n\t\t\t\t\t\t\t\t<\/div>\r\n\t\t\t\t\t\t\t\t\t<\/div>\r\n\t\t\t\t\t<\/div>\r\n\t\t\t\t\t\t\t\t\t\t<div class=\"premium-person-container premium-person-zoomin-effect\">\r\n\t\t\t\t\t\t<div class=\"premium-person-image-container\">\r\n\t\t\t\t\t\t\t<img loading=\"lazy\" decoding=\"async\" width=\"320\" height=\"323\" src=\"https:\/\/paratraduccion.com\/limiares\/wp-content\/uploads\/2022\/05\/Anxo-320x323.jpeg\" class=\"attachment-medium size-medium wp-image-121660\" alt=\"\" srcset=\"https:\/\/paratraduccion.com\/limiares\/wp-content\/uploads\/2022\/05\/Anxo-320x323.jpeg 320w, https:\/\/paratraduccion.com\/limiares\/wp-content\/uploads\/2022\/05\/Anxo-1200x1212.jpeg 1200w, https:\/\/paratraduccion.com\/limiares\/wp-content\/uploads\/2022\/05\/Anxo-768x775.jpeg 768w, https:\/\/paratraduccion.com\/limiares\/wp-content\/uploads\/2022\/05\/Anxo-1521x1536.jpeg 1521w, https:\/\/paratraduccion.com\/limiares\/wp-content\/uploads\/2022\/05\/Anxo-2028x2048.jpeg 2028w\" sizes=\"(max-width: 320px) 100vw, 320px\" \/>\t\t\t\t\t\t\t\t\t\t\t\t\t<\/div>\r\n\t\t\t\t\t\t<div class=\"premium-person-info\">\r\n\t\t\t\t\t\t\t\t\t\t<div class=\"premium-person-info-container\">\r\n\t\t\t\t\t\t\t\t\t<span class=\"premium-person-name\">\r\n\t\t\t\t\t\tFern\u00e1ndez Ocampo, Anxo\t\t\t\t\t<\/span>\r\n\t\t\t\t\t\t\t\t\t\t\t<div class=\"premium-person-content\">\r\n\t\t\t\t\t\t\t<p><a href=\"https:\/\/paratraduccion.com\/limiares\/en\/fernandez-ocampo-anxo\/\"><span style=\"color: #00ccff;\">INFO<\/span><\/a><\/p>\t\t\t\t\t\t<\/div>\r\n\t\t\t\t\t\t\t\t<\/div>\r\n\t\t\t\t\t\t\t\t\t<\/div>\r\n\t\t\t\t\t<\/div>\r\n\t\t\t\t\t\t\t\t\t\t<div class=\"premium-person-container premium-person-zoomin-effect\">\r\n\t\t\t\t\t\t<div class=\"premium-person-image-container\">\r\n\t\t\t\t\t\t\t<img loading=\"lazy\" decoding=\"async\" width=\"320\" height=\"320\" src=\"https:\/\/paratraduccion.com\/limiares\/wp-content\/uploads\/2022\/05\/Oscar-Ferreiro--320x320.jpg\" class=\"attachment-medium size-medium wp-image-121669\" alt=\"\" srcset=\"https:\/\/paratraduccion.com\/limiares\/wp-content\/uploads\/2022\/05\/Oscar-Ferreiro--320x320.jpg 320w, https:\/\/paratraduccion.com\/limiares\/wp-content\/uploads\/2022\/05\/Oscar-Ferreiro--1200x1200.jpg 1200w, https:\/\/paratraduccion.com\/limiares\/wp-content\/uploads\/2022\/05\/Oscar-Ferreiro--160x160.jpg 160w, https:\/\/paratraduccion.com\/limiares\/wp-content\/uploads\/2022\/05\/Oscar-Ferreiro--768x768.jpg 768w, https:\/\/paratraduccion.com\/limiares\/wp-content\/uploads\/2022\/05\/Oscar-Ferreiro--1536x1536.jpg 1536w, https:\/\/paratraduccion.com\/limiares\/wp-content\/uploads\/2022\/05\/Oscar-Ferreiro--2048x2048.jpg 2048w\" sizes=\"(max-width: 320px) 100vw, 320px\" \/>\t\t\t\t\t\t\t\t\t\t\t\t\t<\/div>\r\n\t\t\t\t\t\t<div class=\"premium-person-info\">\r\n\t\t\t\t\t\t\t\t\t\t<div class=\"premium-person-info-container\">\r\n\t\t\t\t\t\t\t\t\t<span class=\"premium-person-name\">\r\n\t\t\t\t\t\tFerreiro V\u00e1zquez, \u00d3scar\t\t\t\t\t<\/span>\r\n\t\t\t\t\t\t\t\t\t\t\t<div class=\"premium-person-content\">\r\n\t\t\t\t\t\t\t<p><a href=\"https:\/\/paratraduccion.com\/limiares\/en\/oscar-ferreiro-vazquez\/\"><span style=\"color: #00ccff;\">INFO<\/span><\/a><\/p>\t\t\t\t\t\t<\/div>\r\n\t\t\t\t\t\t\t\t<\/div>\r\n\t\t\t\t\t\t\t\t\t<\/div>\r\n\t\t\t\t\t<\/div>\r\n\t\t\t\t\t\t\t\t\t\t<div class=\"premium-person-container premium-person-zoomin-effect\">\r\n\t\t\t\t\t\t<div class=\"premium-person-image-container\">\r\n\t\t\t\t\t\t\t<img loading=\"lazy\" decoding=\"async\" width=\"320\" height=\"320\" src=\"https:\/\/paratraduccion.com\/limiares\/wp-content\/uploads\/2022\/05\/Iolanda-Galanes-320x320.jpeg\" class=\"attachment-medium size-medium wp-image-121664\" alt=\"\" srcset=\"https:\/\/paratraduccion.com\/limiares\/wp-content\/uploads\/2022\/05\/Iolanda-Galanes-320x320.jpeg 320w, https:\/\/paratraduccion.com\/limiares\/wp-content\/uploads\/2022\/05\/Iolanda-Galanes-1200x1200.jpeg 1200w, https:\/\/paratraduccion.com\/limiares\/wp-content\/uploads\/2022\/05\/Iolanda-Galanes-160x160.jpeg 160w, https:\/\/paratraduccion.com\/limiares\/wp-content\/uploads\/2022\/05\/Iolanda-Galanes-768x768.jpeg 768w, https:\/\/paratraduccion.com\/limiares\/wp-content\/uploads\/2022\/05\/Iolanda-Galanes-1536x1536.jpeg 1536w, https:\/\/paratraduccion.com\/limiares\/wp-content\/uploads\/2022\/05\/Iolanda-Galanes-2048x2048.jpeg 2048w\" sizes=\"(max-width: 320px) 100vw, 320px\" \/>\t\t\t\t\t\t\t\t\t\t\t\t\t<\/div>\r\n\t\t\t\t\t\t<div class=\"premium-person-info\">\r\n\t\t\t\t\t\t\t\t\t\t<div class=\"premium-person-info-container\">\r\n\t\t\t\t\t\t\t\t\t<span class=\"premium-person-name\">\r\n\t\t\t\t\t\tGalanes Santos, Iolanda\t\t\t\t\t<\/span>\r\n\t\t\t\t\t\t\t\t\t\t\t<div class=\"premium-person-content\">\r\n\t\t\t\t\t\t\t<p><a href=\"https:\/\/paratraduccion.com\/limiares\/en\/iolanda-galanes\/\"><span style=\"color: #00ccff;\">INFO<\/span><\/a><\/p>\t\t\t\t\t\t<\/div>\r\n\t\t\t\t\t\t\t\t<\/div>\r\n\t\t\t\t\t\t\t\t\t<\/div>\r\n\t\t\t\t\t<\/div>\r\n\t\t\t\t\t\t\t\t\t\t<div class=\"premium-person-container premium-person-zoomin-effect\">\r\n\t\t\t\t\t\t<div class=\"premium-person-image-container\">\r\n\t\t\t\t\t\t\t<img loading=\"lazy\" decoding=\"async\" width=\"320\" height=\"320\" src=\"https:\/\/paratraduccion.com\/limiares\/wp-content\/uploads\/2022\/05\/Xoan-Garrido--320x320.jpeg\" class=\"attachment-medium size-medium wp-image-121685\" alt=\"\" srcset=\"https:\/\/paratraduccion.com\/limiares\/wp-content\/uploads\/2022\/05\/Xoan-Garrido--320x320.jpeg 320w, https:\/\/paratraduccion.com\/limiares\/wp-content\/uploads\/2022\/05\/Xoan-Garrido--1200x1200.jpeg 1200w, https:\/\/paratraduccion.com\/limiares\/wp-content\/uploads\/2022\/05\/Xoan-Garrido--160x160.jpeg 160w, https:\/\/paratraduccion.com\/limiares\/wp-content\/uploads\/2022\/05\/Xoan-Garrido--768x768.jpeg 768w, https:\/\/paratraduccion.com\/limiares\/wp-content\/uploads\/2022\/05\/Xoan-Garrido--1536x1536.jpeg 1536w, https:\/\/paratraduccion.com\/limiares\/wp-content\/uploads\/2022\/05\/Xoan-Garrido--2048x2048.jpeg 2048w\" sizes=\"(max-width: 320px) 100vw, 320px\" \/>\t\t\t\t\t\t\t\t\t\t\t\t\t<\/div>\r\n\t\t\t\t\t\t<div class=\"premium-person-info\">\r\n\t\t\t\t\t\t\t\t\t\t<div class=\"premium-person-info-container\">\r\n\t\t\t\t\t\t\t\t\t<span class=\"premium-person-name\">\r\n\t\t\t\t\t\tGarrido Vilari\u00f1o, Xo\u00e1n\t\t\t\t\t<\/span>\r\n\t\t\t\t\t\t\t\t\t\t\t<div class=\"premium-person-content\">\r\n\t\t\t\t\t\t\t<p><a href=\"https:\/\/paratraduccion.com\/limiares\/en\/garrido-vilarino-xoan-manuel\/\"><span style=\"color: #00ccff;\">INFO<\/span><\/a><\/p>\t\t\t\t\t\t<\/div>\r\n\t\t\t\t\t\t\t\t<\/div>\r\n\t\t\t\t\t\t\t\t\t<\/div>\r\n\t\t\t\t\t<\/div>\r\n\t\t\t\t\t\t\t\t\t\t<div class=\"premium-person-container premium-person-zoomin-effect\">\r\n\t\t\t\t\t\t<div class=\"premium-person-image-container\">\r\n\t\t\t\t\t\t\t<img loading=\"lazy\" decoding=\"async\" width=\"320\" height=\"320\" src=\"https:\/\/paratraduccion.com\/limiares\/wp-content\/uploads\/2022\/05\/Pedro--320x320.jpeg\" class=\"attachment-medium size-medium wp-image-121674\" alt=\"\" srcset=\"https:\/\/paratraduccion.com\/limiares\/wp-content\/uploads\/2022\/05\/Pedro--320x320.jpeg 320w, https:\/\/paratraduccion.com\/limiares\/wp-content\/uploads\/2022\/05\/Pedro--1200x1200.jpeg 1200w, https:\/\/paratraduccion.com\/limiares\/wp-content\/uploads\/2022\/05\/Pedro--160x160.jpeg 160w, https:\/\/paratraduccion.com\/limiares\/wp-content\/uploads\/2022\/05\/Pedro--768x768.jpeg 768w, https:\/\/paratraduccion.com\/limiares\/wp-content\/uploads\/2022\/05\/Pedro--1536x1536.jpeg 1536w, https:\/\/paratraduccion.com\/limiares\/wp-content\/uploads\/2022\/05\/Pedro--2048x2048.jpeg 2048w\" sizes=\"(max-width: 320px) 100vw, 320px\" \/>\t\t\t\t\t\t\t\t\t\t\t\t\t<\/div>\r\n\t\t\t\t\t\t<div class=\"premium-person-info\">\r\n\t\t\t\t\t\t\t\t\t\t<div class=\"premium-person-info-container\">\r\n\t\t\t\t\t\t\t\t\t<span class=\"premium-person-name\">\r\n\t\t\t\t\t\tGonz\u00e1lez Santamar\u00eda, Pedro\t\t\t\t\t<\/span>\r\n\t\t\t\t\t\t\t\t\t\t\t<div class=\"premium-person-content\">\r\n\t\t\t\t\t\t\t<p><a href=\"https:\/\/paratraduccion.com\/limiares\/en\/pedro-gonzalez\/\"><span style=\"color: #00ccff;\">INFO<\/span><\/a><\/p>\t\t\t\t\t\t<\/div>\r\n\t\t\t\t\t\t\t\t<\/div>\r\n\t\t\t\t\t\t\t\t\t<\/div>\r\n\t\t\t\t\t<\/div>\r\n\t\t\t\t\t\t\t\t\t\t<div class=\"premium-person-container premium-person-zoomin-effect\">\r\n\t\t\t\t\t\t<div class=\"premium-person-image-container\">\r\n\t\t\t\t\t\t\t<img loading=\"lazy\" decoding=\"async\" width=\"320\" height=\"320\" src=\"https:\/\/paratraduccion.com\/limiares\/wp-content\/uploads\/2022\/05\/Jessica-320x320.jpeg\" class=\"attachment-medium size-medium wp-image-121665\" alt=\"\" srcset=\"https:\/\/paratraduccion.com\/limiares\/wp-content\/uploads\/2022\/05\/Jessica-320x320.jpeg 320w, https:\/\/paratraduccion.com\/limiares\/wp-content\/uploads\/2022\/05\/Jessica-1200x1200.jpeg 1200w, https:\/\/paratraduccion.com\/limiares\/wp-content\/uploads\/2022\/05\/Jessica-160x160.jpeg 160w, https:\/\/paratraduccion.com\/limiares\/wp-content\/uploads\/2022\/05\/Jessica-768x768.jpeg 768w, https:\/\/paratraduccion.com\/limiares\/wp-content\/uploads\/2022\/05\/Jessica-1536x1536.jpeg 1536w, https:\/\/paratraduccion.com\/limiares\/wp-content\/uploads\/2022\/05\/Jessica-2048x2048.jpeg 2048w\" sizes=\"(max-width: 320px) 100vw, 320px\" \/>\t\t\t\t\t\t\t\t\t\t\t\t\t<\/div>\r\n\t\t\t\t\t\t<div class=\"premium-person-info\">\r\n\t\t\t\t\t\t\t\t\t\t<div class=\"premium-person-info-container\">\r\n\t\t\t\t\t\t\t\t\t<span class=\"premium-person-name\">\r\n\t\t\t\t\t\tGregori Sendra, Jessica\t\t\t\t\t<\/span>\r\n\t\t\t\t\t\t\t\t\t\t\t<div class=\"premium-person-content\">\r\n\t\t\t\t\t\t\t<p><a href=\"https:\/\/paratraduccion.com\/limiares\/en\/gregori-sendra-jessica\/\"><span style=\"color: #00ccff;\">INFO<\/span><\/a><\/p>\t\t\t\t\t\t<\/div>\r\n\t\t\t\t\t\t\t\t<\/div>\r\n\t\t\t\t\t\t\t\t\t<\/div>\r\n\t\t\t\t\t<\/div>\r\n\t\t\t\t\t\t\t\t\t\t<div class=\"premium-person-container premium-person-zoomin-effect\">\r\n\t\t\t\t\t\t<div class=\"premium-person-image-container\">\r\n\t\t\t\t\t\t\t<img loading=\"lazy\" decoding=\"async\" width=\"320\" height=\"320\" src=\"https:\/\/paratraduccion.com\/limiares\/wp-content\/uploads\/2022\/05\/Ana-Hermida-320x320.jpeg\" class=\"attachment-medium size-medium wp-image-121658\" alt=\"\" srcset=\"https:\/\/paratraduccion.com\/limiares\/wp-content\/uploads\/2022\/05\/Ana-Hermida-320x320.jpeg 320w, https:\/\/paratraduccion.com\/limiares\/wp-content\/uploads\/2022\/05\/Ana-Hermida-1200x1200.jpeg 1200w, https:\/\/paratraduccion.com\/limiares\/wp-content\/uploads\/2022\/05\/Ana-Hermida-160x160.jpeg 160w, https:\/\/paratraduccion.com\/limiares\/wp-content\/uploads\/2022\/05\/Ana-Hermida-768x768.jpeg 768w, https:\/\/paratraduccion.com\/limiares\/wp-content\/uploads\/2022\/05\/Ana-Hermida-1536x1536.jpeg 1536w, https:\/\/paratraduccion.com\/limiares\/wp-content\/uploads\/2022\/05\/Ana-Hermida-2048x2048.jpeg 2048w\" sizes=\"(max-width: 320px) 100vw, 320px\" \/>\t\t\t\t\t\t\t\t\t\t\t\t\t<\/div>\r\n\t\t\t\t\t\t<div class=\"premium-person-info\">\r\n\t\t\t\t\t\t\t\t\t\t<div class=\"premium-person-info-container\">\r\n\t\t\t\t\t\t\t\t\t<span class=\"premium-person-name\">\r\n\t\t\t\t\t\tHermida Ruibal, Ana\t\t\t\t\t<\/span>\r\n\t\t\t\t\t\t\t\t\t\t\t<div class=\"premium-person-content\">\r\n\t\t\t\t\t\t\t<p><a href=\"https:\/\/paratraduccion.com\/limiares\/en\/ana-hermida-ruibal\/\"><span style=\"color: #00ccff;\">INFO<\/span><\/a><\/p>\t\t\t\t\t\t<\/div>\r\n\t\t\t\t\t\t\t\t<\/div>\r\n\t\t\t\t\t\t\t\t\t<\/div>\r\n\t\t\t\t\t<\/div>\r\n\t\t\t\t\t\t\t\t\t\t<div class=\"premium-person-container premium-person-zoomin-effect\">\r\n\t\t\t\t\t\t<div class=\"premium-person-image-container\">\r\n\t\t\t\t\t\t\t<img loading=\"lazy\" decoding=\"async\" width=\"320\" height=\"320\" src=\"https:\/\/paratraduccion.com\/limiares\/wp-content\/uploads\/2022\/05\/Sara-Louredo--320x320.jpeg\" class=\"attachment-medium size-medium wp-image-121677\" alt=\"\" srcset=\"https:\/\/paratraduccion.com\/limiares\/wp-content\/uploads\/2022\/05\/Sara-Louredo--320x320.jpeg 320w, https:\/\/paratraduccion.com\/limiares\/wp-content\/uploads\/2022\/05\/Sara-Louredo--1200x1200.jpeg 1200w, https:\/\/paratraduccion.com\/limiares\/wp-content\/uploads\/2022\/05\/Sara-Louredo--160x160.jpeg 160w, https:\/\/paratraduccion.com\/limiares\/wp-content\/uploads\/2022\/05\/Sara-Louredo--768x768.jpeg 768w, https:\/\/paratraduccion.com\/limiares\/wp-content\/uploads\/2022\/05\/Sara-Louredo--1536x1536.jpeg 1536w, https:\/\/paratraduccion.com\/limiares\/wp-content\/uploads\/2022\/05\/Sara-Louredo--2048x2048.jpeg 2048w\" sizes=\"(max-width: 320px) 100vw, 320px\" \/>\t\t\t\t\t\t\t\t\t\t\t\t\t<\/div>\r\n\t\t\t\t\t\t<div class=\"premium-person-info\">\r\n\t\t\t\t\t\t\t\t\t\t<div class=\"premium-person-info-container\">\r\n\t\t\t\t\t\t\t\t\t<span class=\"premium-person-name\">\r\n\t\t\t\t\t\tLouredo Casado, Sara\t\t\t\t\t<\/span>\r\n\t\t\t\t\t\t\t\t\t\t\t<div class=\"premium-person-content\">\r\n\t\t\t\t\t\t\t<p><a href=\"https:\/\/paratraduccion.com\/limiares\/en\/sara-louredo-casado\/\"><span style=\"color: #00ccff;\">INFO<\/span><\/a><\/p>\t\t\t\t\t\t<\/div>\r\n\t\t\t\t\t\t\t\t<\/div>\r\n\t\t\t\t\t\t\t\t\t<\/div>\r\n\t\t\t\t\t<\/div>\r\n\t\t\t\t\t\t\t\t\t\t<div class=\"premium-person-container premium-person-zoomin-effect\">\r\n\t\t\t\t\t\t<div class=\"premium-person-image-container\">\r\n\t\t\t\t\t\t\t<img loading=\"lazy\" decoding=\"async\" width=\"320\" height=\"320\" src=\"https:\/\/paratraduccion.com\/limiares\/wp-content\/uploads\/2022\/05\/Ana-Luna-320x320.jpeg\" class=\"attachment-medium size-medium wp-image-121659\" alt=\"\" srcset=\"https:\/\/paratraduccion.com\/limiares\/wp-content\/uploads\/2022\/05\/Ana-Luna-320x320.jpeg 320w, https:\/\/paratraduccion.com\/limiares\/wp-content\/uploads\/2022\/05\/Ana-Luna-1200x1200.jpeg 1200w, https:\/\/paratraduccion.com\/limiares\/wp-content\/uploads\/2022\/05\/Ana-Luna-160x160.jpeg 160w, https:\/\/paratraduccion.com\/limiares\/wp-content\/uploads\/2022\/05\/Ana-Luna-768x768.jpeg 768w, https:\/\/paratraduccion.com\/limiares\/wp-content\/uploads\/2022\/05\/Ana-Luna-1536x1536.jpeg 1536w, https:\/\/paratraduccion.com\/limiares\/wp-content\/uploads\/2022\/05\/Ana-Luna-2048x2048.jpeg 2048w\" sizes=\"(max-width: 320px) 100vw, 320px\" \/>\t\t\t\t\t\t\t\t\t\t\t\t\t<\/div>\r\n\t\t\t\t\t\t<div class=\"premium-person-info\">\r\n\t\t\t\t\t\t\t\t\t\t<div class=\"premium-person-info-container\">\r\n\t\t\t\t\t\t\t\t\t<span class=\"premium-person-name\">\r\n\t\t\t\t\t\tLuna Alonso, Ana\t\t\t\t\t<\/span>\r\n\t\t\t\t\t\t\t\t\t\t\t<div class=\"premium-person-content\">\r\n\t\t\t\t\t\t\t<p><a href=\"https:\/\/paratraduccion.com\/limiares\/en\/ana-luna\/\"><span style=\"color: #00ccff;\">INFO<\/span><\/a><\/p>\t\t\t\t\t\t<\/div>\r\n\t\t\t\t\t\t\t\t<\/div>\r\n\t\t\t\t\t\t\t\t\t<\/div>\r\n\t\t\t\t\t<\/div>\r\n\t\t\t\t\t\t\t\t\t\t<div class=\"premium-person-container premium-person-zoomin-effect\">\r\n\t\t\t\t\t\t<div class=\"premium-person-image-container\">\r\n\t\t\t\t\t\t\t<img loading=\"lazy\" decoding=\"async\" width=\"320\" height=\"320\" src=\"https:\/\/paratraduccion.com\/limiares\/wp-content\/uploads\/2022\/05\/Ramon--320x320.jpeg\" class=\"attachment-medium size-medium wp-image-121675\" alt=\"\" srcset=\"https:\/\/paratraduccion.com\/limiares\/wp-content\/uploads\/2022\/05\/Ramon--320x320.jpeg 320w, https:\/\/paratraduccion.com\/limiares\/wp-content\/uploads\/2022\/05\/Ramon--1200x1200.jpeg 1200w, https:\/\/paratraduccion.com\/limiares\/wp-content\/uploads\/2022\/05\/Ramon--160x160.jpeg 160w, https:\/\/paratraduccion.com\/limiares\/wp-content\/uploads\/2022\/05\/Ramon--768x768.jpeg 768w, https:\/\/paratraduccion.com\/limiares\/wp-content\/uploads\/2022\/05\/Ramon--1536x1536.jpeg 1536w, https:\/\/paratraduccion.com\/limiares\/wp-content\/uploads\/2022\/05\/Ramon--2048x2048.jpeg 2048w\" sizes=\"(max-width: 320px) 100vw, 320px\" \/>\t\t\t\t\t\t\t\t\t\t\t\t\t<\/div>\r\n\t\t\t\t\t\t<div class=\"premium-person-info\">\r\n\t\t\t\t\t\t\t\t\t\t<div class=\"premium-person-info-container\">\r\n\t\t\t\t\t\t\t\t\t<span class=\"premium-person-name\">\r\n\t\t\t\t\t\tM\u00e9ndez Gonz\u00e1lez, Ram\u00f3n\t\t\t\t\t<\/span>\r\n\t\t\t\t\t\t\t\t\t\t\t<div class=\"premium-person-content\">\r\n\t\t\t\t\t\t\t<p><a href=\"https:\/\/paratraduccion.com\/limiares\/en\/ramon-mendez\/\"><span style=\"color: #00ccff;\">INFO<\/span><\/a><\/p>\t\t\t\t\t\t<\/div>\r\n\t\t\t\t\t\t\t\t<\/div>\r\n\t\t\t\t\t\t\t\t\t<\/div>\r\n\t\t\t\t\t<\/div>\r\n\t\t\t\t\t\t\t\t\t\t<div class=\"premium-person-container premium-person-zoomin-effect\">\r\n\t\t\t\t\t\t<div class=\"premium-person-image-container\">\r\n\t\t\t\t\t\t\t<img loading=\"lazy\" decoding=\"async\" width=\"320\" height=\"320\" src=\"https:\/\/paratraduccion.com\/limiares\/wp-content\/uploads\/2022\/05\/Xoan-Montero-320x320.jpeg\" class=\"attachment-medium size-medium wp-image-121678\" alt=\"\" srcset=\"https:\/\/paratraduccion.com\/limiares\/wp-content\/uploads\/2022\/05\/Xoan-Montero-320x320.jpeg 320w, https:\/\/paratraduccion.com\/limiares\/wp-content\/uploads\/2022\/05\/Xoan-Montero-1200x1200.jpeg 1200w, https:\/\/paratraduccion.com\/limiares\/wp-content\/uploads\/2022\/05\/Xoan-Montero-160x160.jpeg 160w, https:\/\/paratraduccion.com\/limiares\/wp-content\/uploads\/2022\/05\/Xoan-Montero-768x768.jpeg 768w, https:\/\/paratraduccion.com\/limiares\/wp-content\/uploads\/2022\/05\/Xoan-Montero-1536x1536.jpeg 1536w, https:\/\/paratraduccion.com\/limiares\/wp-content\/uploads\/2022\/05\/Xoan-Montero-2048x2048.jpeg 2048w\" sizes=\"(max-width: 320px) 100vw, 320px\" \/>\t\t\t\t\t\t\t\t\t\t\t\t\t<\/div>\r\n\t\t\t\t\t\t<div class=\"premium-person-info\">\r\n\t\t\t\t\t\t\t\t\t\t<div class=\"premium-person-info-container\">\r\n\t\t\t\t\t\t\t\t\t<span class=\"premium-person-name\">\r\n\t\t\t\t\t\tMontero Dom\u00ednguez, Xo\u00e1n\t\t\t\t\t<\/span>\r\n\t\t\t\t\t\t\t\t\t\t\t<div class=\"premium-person-content\">\r\n\t\t\t\t\t\t\t<p><a href=\"https:\/\/paratraduccion.com\/limiares\/en\/xoan-montero\/\"><span style=\"color: #00ccff;\">INFO<\/span><\/a><\/p>\t\t\t\t\t\t<\/div>\r\n\t\t\t\t\t\t\t\t<\/div>\r\n\t\t\t\t\t\t\t\t\t<\/div>\r\n\t\t\t\t\t<\/div>\r\n\t\t\t\t\t\t\t\t\t\t<div class=\"premium-person-container premium-person-zoomin-effect\">\r\n\t\t\t\t\t\t<div class=\"premium-person-image-container\">\r\n\t\t\t\t\t\t\t<img loading=\"lazy\" decoding=\"async\" width=\"320\" height=\"320\" src=\"https:\/\/paratraduccion.com\/limiares\/wp-content\/uploads\/2022\/05\/Salvador-320x320.jpeg\" class=\"attachment-medium size-medium wp-image-121676\" alt=\"\" srcset=\"https:\/\/paratraduccion.com\/limiares\/wp-content\/uploads\/2022\/05\/Salvador-320x320.jpeg 320w, https:\/\/paratraduccion.com\/limiares\/wp-content\/uploads\/2022\/05\/Salvador-1200x1200.jpeg 1200w, https:\/\/paratraduccion.com\/limiares\/wp-content\/uploads\/2022\/05\/Salvador-160x160.jpeg 160w, https:\/\/paratraduccion.com\/limiares\/wp-content\/uploads\/2022\/05\/Salvador-768x768.jpeg 768w, https:\/\/paratraduccion.com\/limiares\/wp-content\/uploads\/2022\/05\/Salvador-1536x1536.jpeg 1536w, https:\/\/paratraduccion.com\/limiares\/wp-content\/uploads\/2022\/05\/Salvador-2048x2048.jpeg 2048w\" sizes=\"(max-width: 320px) 100vw, 320px\" \/>\t\t\t\t\t\t\t\t\t\t\t\t\t<\/div>\r\n\t\t\t\t\t\t<div class=\"premium-person-info\">\r\n\t\t\t\t\t\t\t\t\t\t<div class=\"premium-person-info-container\">\r\n\t\t\t\t\t\t\t\t\t<span class=\"premium-person-name\">\r\n\t\t\t\t\t\tMourelo P\u00e9rez, Salvador\t\t\t\t\t<\/span>\r\n\t\t\t\t\t\t\t\t\t\t\t<div class=\"premium-person-content\">\r\n\t\t\t\t\t\t\t<p><a href=\"https:\/\/paratraduccion.com\/limiares\/en\/mourelo-salvador\/\"><span style=\"color: #00ccff;\">INFO<\/span><\/a><\/p>\t\t\t\t\t\t<\/div>\r\n\t\t\t\t\t\t\t\t<\/div>\r\n\t\t\t\t\t\t\t\t\t<\/div>\r\n\t\t\t\t\t<\/div>\r\n\t\t\t\t\t\t\t\t\t\t<div class=\"premium-person-container premium-person-zoomin-effect\">\r\n\t\t\t\t\t\t<div class=\"premium-person-image-container\">\r\n\t\t\t\t\t\t\t<img loading=\"lazy\" decoding=\"async\" width=\"320\" height=\"320\" src=\"https:\/\/paratraduccion.com\/limiares\/wp-content\/uploads\/2022\/05\/Elena-320x320.jpeg\" class=\"attachment-medium size-medium wp-image-121661\" alt=\"\" srcset=\"https:\/\/paratraduccion.com\/limiares\/wp-content\/uploads\/2022\/05\/Elena-320x320.jpeg 320w, https:\/\/paratraduccion.com\/limiares\/wp-content\/uploads\/2022\/05\/Elena-1200x1200.jpeg 1200w, https:\/\/paratraduccion.com\/limiares\/wp-content\/uploads\/2022\/05\/Elena-160x160.jpeg 160w, https:\/\/paratraduccion.com\/limiares\/wp-content\/uploads\/2022\/05\/Elena-768x768.jpeg 768w, https:\/\/paratraduccion.com\/limiares\/wp-content\/uploads\/2022\/05\/Elena-1536x1536.jpeg 1536w, https:\/\/paratraduccion.com\/limiares\/wp-content\/uploads\/2022\/05\/Elena-2048x2048.jpeg 2048w\" sizes=\"(max-width: 320px) 100vw, 320px\" \/>\t\t\t\t\t\t\t\t\t\t\t\t\t<\/div>\r\n\t\t\t\t\t\t<div class=\"premium-person-info\">\r\n\t\t\t\t\t\t\t\t\t\t<div class=\"premium-person-info-container\">\r\n\t\t\t\t\t\t\t\t\t<span class=\"premium-person-name\">\r\n\t\t\t\t\t\tSanchez Trigo, Elena\t\t\t\t\t<\/span>\r\n\t\t\t\t\t\t\t\t\t\t\t<div class=\"premium-person-content\">\r\n\t\t\t\t\t\t\t<p><a href=\"https:\/\/paratraduccion.com\/limiares\/en\/elena-sanchez-trigo\/\"><span style=\"color: #00ccff;\">INFO<\/span><\/a><\/p>\t\t\t\t\t\t<\/div>\r\n\t\t\t\t\t\t\t\t<\/div>\r\n\t\t\t\t\t\t\t\t\t<\/div>\r\n\t\t\t\t\t<\/div>\r\n\t\t\t\t\t\t\t\t\t\t<div class=\"premium-person-container premium-person-zoomin-effect\">\r\n\t\t\t\t\t\t<div class=\"premium-person-image-container\">\r\n\t\t\t\t\t\t\t<img loading=\"lazy\" decoding=\"async\" width=\"320\" height=\"320\" src=\"https:\/\/paratraduccion.com\/limiares\/wp-content\/uploads\/2022\/05\/Patricia-Sotelo-320x320.jpeg\" class=\"attachment-medium size-medium wp-image-121673\" alt=\"\" srcset=\"https:\/\/paratraduccion.com\/limiares\/wp-content\/uploads\/2022\/05\/Patricia-Sotelo-320x320.jpeg 320w, https:\/\/paratraduccion.com\/limiares\/wp-content\/uploads\/2022\/05\/Patricia-Sotelo-1200x1200.jpeg 1200w, https:\/\/paratraduccion.com\/limiares\/wp-content\/uploads\/2022\/05\/Patricia-Sotelo-160x160.jpeg 160w, https:\/\/paratraduccion.com\/limiares\/wp-content\/uploads\/2022\/05\/Patricia-Sotelo-768x768.jpeg 768w, https:\/\/paratraduccion.com\/limiares\/wp-content\/uploads\/2022\/05\/Patricia-Sotelo-1536x1536.jpeg 1536w, https:\/\/paratraduccion.com\/limiares\/wp-content\/uploads\/2022\/05\/Patricia-Sotelo-2048x2048.jpeg 2048w\" sizes=\"(max-width: 320px) 100vw, 320px\" \/>\t\t\t\t\t\t\t\t\t\t\t\t\t<\/div>\r\n\t\t\t\t\t\t<div class=\"premium-person-info\">\r\n\t\t\t\t\t\t\t\t\t\t<div class=\"premium-person-info-container\">\r\n\t\t\t\t\t\t\t\t\t<span class=\"premium-person-name\">\r\n\t\t\t\t\t\tSotelo Dios, Patricia\t\t\t\t\t<\/span>\r\n\t\t\t\t\t\t\t\t\t\t\t<div class=\"premium-person-content\">\r\n\t\t\t\t\t\t\t<p><a href=\"https:\/\/paratraduccion.com\/limiares\/en\/sotelo-dios-patricia\/\"><span style=\"color: #00ccff;\">INFO<\/span><\/a><\/p>\t\t\t\t\t\t<\/div>\r\n\t\t\t\t\t\t\t\t<\/div>\r\n\t\t\t\t\t\t\t\t\t<\/div>\r\n\t\t\t\t\t<\/div>\r\n\t\t\t\t\t\t\t\t\t\t<div class=\"premium-person-container premium-person-zoomin-effect\">\r\n\t\t\t\t\t\t<div class=\"premium-person-image-container\">\r\n\t\t\t\t\t\t\t<img loading=\"lazy\" decoding=\"async\" width=\"320\" height=\"320\" src=\"https:\/\/paratraduccion.com\/limiares\/wp-content\/uploads\/2022\/05\/Francisco--320x320.jpeg\" class=\"attachment-medium size-medium wp-image-121663\" alt=\"\" srcset=\"https:\/\/paratraduccion.com\/limiares\/wp-content\/uploads\/2022\/05\/Francisco--320x320.jpeg 320w, https:\/\/paratraduccion.com\/limiares\/wp-content\/uploads\/2022\/05\/Francisco--1200x1200.jpeg 1200w, https:\/\/paratraduccion.com\/limiares\/wp-content\/uploads\/2022\/05\/Francisco--160x160.jpeg 160w, https:\/\/paratraduccion.com\/limiares\/wp-content\/uploads\/2022\/05\/Francisco--768x768.jpeg 768w, https:\/\/paratraduccion.com\/limiares\/wp-content\/uploads\/2022\/05\/Francisco--1536x1536.jpeg 1536w, https:\/\/paratraduccion.com\/limiares\/wp-content\/uploads\/2022\/05\/Francisco--2048x2048.jpeg 2048w\" sizes=\"(max-width: 320px) 100vw, 320px\" \/>\t\t\t\t\t\t\t\t\t\t\t\t\t<\/div>\r\n\t\t\t\t\t\t<div class=\"premium-person-info\">\r\n\t\t\t\t\t\t\t\t\t\t<div class=\"premium-person-info-container\">\r\n\t\t\t\t\t\t\t\t\t<span class=\"premium-person-name\">\r\n\t\t\t\t\t\tTorres P\u00e9rez, Francisco Jos\u00e9\t\t\t\t\t<\/span>\r\n\t\t\t\t\t\t\t\t\t\t\t<div class=\"premium-person-content\">\r\n\t\t\t\t\t\t\t<p><a href=\"https:\/\/paratraduccion.com\/limiares\/en\/franciso-jose-torres-perez\/\"><span style=\"color: #00ccff;\">INFO<\/span><\/a><\/p>\t\t\t\t\t\t<\/div>\r\n\t\t\t\t\t\t\t\t<\/div>\r\n\t\t\t\t\t\t\t\t\t<\/div>\r\n\t\t\t\t\t<\/div>\r\n\t\t\t\t\t\t\t\t\t\t<div class=\"premium-person-container premium-person-zoomin-effect\">\r\n\t\t\t\t\t\t<div class=\"premium-person-image-container\">\r\n\t\t\t\t\t\t\t<img loading=\"lazy\" decoding=\"async\" width=\"320\" height=\"320\" src=\"https:\/\/paratraduccion.com\/limiares\/wp-content\/uploads\/2022\/05\/Jose-Yuste-II-320x320.jpeg\" class=\"attachment-medium size-medium wp-image-121666\" alt=\"\" srcset=\"https:\/\/paratraduccion.com\/limiares\/wp-content\/uploads\/2022\/05\/Jose-Yuste-II-320x320.jpeg 320w, https:\/\/paratraduccion.com\/limiares\/wp-content\/uploads\/2022\/05\/Jose-Yuste-II-1200x1200.jpeg 1200w, https:\/\/paratraduccion.com\/limiares\/wp-content\/uploads\/2022\/05\/Jose-Yuste-II-160x160.jpeg 160w, https:\/\/paratraduccion.com\/limiares\/wp-content\/uploads\/2022\/05\/Jose-Yuste-II-768x768.jpeg 768w, https:\/\/paratraduccion.com\/limiares\/wp-content\/uploads\/2022\/05\/Jose-Yuste-II-1536x1536.jpeg 1536w, https:\/\/paratraduccion.com\/limiares\/wp-content\/uploads\/2022\/05\/Jose-Yuste-II-2048x2048.jpeg 2048w\" sizes=\"(max-width: 320px) 100vw, 320px\" \/>\t\t\t\t\t\t\t\t\t\t\t\t\t<\/div>\r\n\t\t\t\t\t\t<div class=\"premium-person-info\">\r\n\t\t\t\t\t\t\t\t\t\t<div class=\"premium-person-info-container\">\r\n\t\t\t\t\t\t\t\t\t<span class=\"premium-person-name\">\r\n\t\t\t\t\t\tYuste Fr\u00edas, Jos\u00e9\t\t\t\t\t<\/span>\r\n\t\t\t\t\t\t\t\t\t\t\t<div class=\"premium-person-content\">\r\n\t\t\t\t\t\t\t<p><a href=\"https:\/\/paratraduccion.com\/limiares\/en\/yuste-frias\/\"><span style=\"color: #00ccff;\">INFO<\/span><\/a><\/p>\t\t\t\t\t\t<\/div>\r\n\t\t\t\t\t\t\t\t<\/div>\r\n\t\t\t\t\t\t\t\t\t<\/div>\r\n\t\t\t\t\t<\/div>\r\n\t\t\t\t\t\t\t<\/div>\r\n\t\t\t\t<\/div>\n\t\t\t\t<\/div>\n\t\t\t\t\t<\/div>\n\t\t<\/div>\n\t\t\t\t\t<\/div>\n\t\t<\/section>\n\t\t\t\t<\/div>","protected":false},"excerpt":{"rendered":"<p>Profesor titular de universidade Profesor titular de universidade Orcid BIONOTA Pablo de Carlos Villamar\u00edn naceu na cidade de Vigo. Licenciado en Ciencias Econ\u00f3micas e Empresariais e Doutor en Ciencias Econ\u00f3micas pola Universidade de Vigo, obtivo pola s\u00faa tese, titulada Relaci\u00f3n entre o ciclo econ\u00f3mico e o ciclo pol\u00edtico. An\u00e1lise te\u00f3rica e aplicaci\u00f3n \u00e1 econom\u00eda espa\u00f1ola,&hellip;<\/p>","protected":false},"author":1,"featured_media":121670,"parent":0,"menu_order":19,"comment_status":"closed","ping_status":"closed","template":"","meta":{"footnotes":""},"_links":{"self":[{"href":"https:\/\/paratraduccion.com\/limiares\/en\/wp-json\/wp\/v2\/pages\/27"}],"collection":[{"href":"https:\/\/paratraduccion.com\/limiares\/en\/wp-json\/wp\/v2\/pages"}],"about":[{"href":"https:\/\/paratraduccion.com\/limiares\/en\/wp-json\/wp\/v2\/types\/page"}],"author":[{"embeddable":true,"href":"https:\/\/paratraduccion.com\/limiares\/en\/wp-json\/wp\/v2\/users\/1"}],"replies":[{"embeddable":true,"href":"https:\/\/paratraduccion.com\/limiares\/en\/wp-json\/wp\/v2\/comments?post=27"}],"version-history":[{"count":33,"href":"https:\/\/paratraduccion.com\/limiares\/en\/wp-json\/wp\/v2\/pages\/27\/revisions"}],"predecessor-version":[{"id":127916,"href":"https:\/\/paratraduccion.com\/limiares\/en\/wp-json\/wp\/v2\/pages\/27\/revisions\/127916"}],"wp:featuredmedia":[{"embeddable":true,"href":"https:\/\/paratraduccion.com\/limiares\/en\/wp-json\/wp\/v2\/media\/121670"}],"wp:attachment":[{"href":"https:\/\/paratraduccion.com\/limiares\/en\/wp-json\/wp\/v2\/media?parent=27"}],"curies":[{"name":"wp","href":"https:\/\/api.w.org\/{rel}","templated":true}]}}