{"id":33,"date":"2013-03-10T21:41:01","date_gmt":"2013-03-10T21:41:01","guid":{"rendered":"http:\/\/paratraduccion.com\/mestrado\/rita-fidalgo\/"},"modified":"2025-09-04T16:44:51","modified_gmt":"2025-09-04T16:44:51","slug":"pedro-gonzalez","status":"publish","type":"page","link":"https:\/\/paratraduccion.com\/limiares\/es\/pedro-gonzalez\/","title":{"rendered":"Gonz\u00e1lez Santamar\u00eda, Pedro"},"content":{"rendered":"<div data-elementor-type=\"wp-page\" data-elementor-id=\"33\" class=\"elementor elementor-33\" data-elementor-post-type=\"page\">\n\t\t\t\t\t\t<section class=\"elementor-section elementor-top-section elementor-element elementor-element-61ea655 elementor-section-boxed elementor-section-height-default elementor-section-height-default\" data-id=\"61ea655\" data-element_type=\"section\" data-settings=\"{&quot;jet_parallax_layout_list&quot;:[]}\">\n\t\t\t\t\t\t<div class=\"elementor-container elementor-column-gap-default\">\n\t\t\t\t\t<div class=\"elementor-column elementor-col-100 elementor-top-column elementor-element elementor-element-565fbe0\" data-id=\"565fbe0\" data-element_type=\"column\">\n\t\t\t<div class=\"elementor-widget-wrap elementor-element-populated\">\n\t\t\t\t\t\t<div class=\"elementor-element elementor-element-678fe7d elementor-widget elementor-widget-bdt-advanced-heading\" data-id=\"678fe7d\" data-element_type=\"widget\" data-widget_type=\"bdt-advanced-heading.default\">\n\t\t\t\t<div class=\"elementor-widget-container\">\n\t\t\t<div id =\"678fe7d\" class=\"bdt-ep-advanced-heading\" data-settings=\"{&quot;titleMultiColor&quot;:&quot;no&quot;}\"><div class=\"bdt-ep-advanced-heading-content bdt-visible@m\"><div class=\"bdt-transform-origin-top-left\">Profesor permanente laboral<\/div><\/div><h2 class=\"bdt-ep-advanced-heading-title\"><span class=\"bdt-ep-advanced-heading-main-title\"><span class=\"bdt-ep-advanced-heading-main-title-inner\">Profesor permanente laboral<\/span><\/span><\/h2><\/div>\t\t<\/div>\n\t\t\t\t<\/div>\n\t\t\t\t<div class=\"elementor-element elementor-element-ca3bab3 e-grid-align-left elementor-shape-rounded elementor-grid-0 elementor-widget elementor-widget-social-icons\" data-id=\"ca3bab3\" data-element_type=\"widget\" data-widget_type=\"social-icons.default\">\n\t\t\t\t<div class=\"elementor-widget-container\">\n\t\t\t\t\t<div class=\"elementor-social-icons-wrapper elementor-grid\">\n\t\t\t\t\t\t\t<span class=\"elementor-grid-item\">\n\t\t\t\t\t<a class=\"elementor-icon elementor-social-icon elementor-social-icon-link elementor-repeater-item-aa2960e\" href=\"http:\/\/santamaria.webs.uvigo.es\/%20\" target=\"_blank\">\n\t\t\t\t\t\t<span class=\"elementor-screen-only\">Link<\/span>\n\t\t\t\t\t\t<i class=\"fas fa-link\"><\/i>\t\t\t\t\t<\/a>\n\t\t\t\t<\/span>\n\t\t\t\t\t\t\t<span class=\"elementor-grid-item\">\n\t\t\t\t\t<a class=\"elementor-icon elementor-social-icon elementor-social-icon-orcid elementor-repeater-item-14a091b\" href=\"http:\/\/orcid.org\/0000-0002-0787-1306%20\" target=\"_blank\">\n\t\t\t\t\t\t<span class=\"elementor-screen-only\">Orcid<\/span>\n\t\t\t\t\t\t<i class=\"fab fa-orcid\"><\/i>\t\t\t\t\t<\/a>\n\t\t\t\t<\/span>\n\t\t\t\t\t<\/div>\n\t\t\t\t<\/div>\n\t\t\t\t<\/div>\n\t\t\t\t<div class=\"elementor-element elementor-element-5f92873 elementor-widget elementor-widget-bdt-accordion\" data-id=\"5f92873\" data-element_type=\"widget\" data-widget_type=\"bdt-accordion.default\">\n\t\t\t\t<div class=\"elementor-widget-container\">\n\t\t\t        <div class=\"bdt-ep-accordion-container\">\n            <div id=\"bdt-ep-accordion-5f92873\" class=\"bdt-ep-accordion bdt-accordion\" data-bdt-accordion=\"{&quot;collapsible&quot;:true,&quot;multiple&quot;:false,&quot;transition&quot;:&quot;ease-in-out&quot;}\" data-settings=\"{&quot;id&quot;:&quot;bdt-ep-accordion-5f92873&quot;,&quot;activeHash&quot;:&quot;no&quot;,&quot;activeScrollspy&quot;:null,&quot;hashTopOffset&quot;:false,&quot;hashScrollspyTime&quot;:false}\">\n                                    <div class=\"bdt-ep-accordion-item\">\n                        <div class=\"bdt-ep-accordion-title bdt-accordion-title bdt-flex bdt-flex-middle bdt-flex-between\" id=\"bdt-ep-accordion-bionota\" data-accordion-index=\"0\" data-title=\"bionota\" role=\"heading\">\n\n                                                            <span class=\"bdt-ep-accordion-icon bdt-flex-align-right\" aria-hidden=\"true\">\n\n                                                                            <span class=\"bdt-ep-accordion-icon-closed\">\n                                            <i aria-hidden=\"true\" class=\"fa-fw fas fa-plus\"><\/i>                                        <\/span>\n                                    \n                                                                            <span class=\"bdt-ep-accordion-icon-opened\">\n                                            <i aria-hidden=\"true\" class=\"fa-fw fas fa-minus\"><\/i>                                        <\/span>\n                                    \n                                <\/span>\n                            \n                            <span class=\"bdt-ep-title-text bdt-flex bdt-flex-middle\">\n\n                                                                BIONOTA                            <\/span>\n\n                        <\/div>\n                        <div class=\"bdt-ep-accordion-content bdt-accordion-content\">\n                            <p style=\"text-align: justify;\">Pedro Gonz\u00e1lez Santamar\u00eda es Diplomado en Ciencias Empresariales, Licenciado en Administraci\u00f3n y Direcci\u00f3n de Empresas, Licenciado en Investigaci\u00f3n y T\u00e9cnicas de Mercado y doctor \u00abSobresaliente Cum Laude\u00bb en Gesti\u00f3n y Organizaci\u00f3n de empresas por la <a href=\"https:\/\/www.uvigo.gal\/es\">Universidade de Vigo<\/a>, e imparte docencia en los grados de Ingenier\u00eda Industrial y Administraci\u00f3n de Empresas, as\u00ed coma en el M\u00e1ster en Gesti\u00f3n y Direcci\u00f3n de Pymes de la <a href=\"https:\/\/www.uvigo.gal\/es\">UVigo <\/a>y en la Maestr\u00eda en Comunicaci\u00f3n y Mercadotecnia Estrat\u00e9gica de la <a href=\"https:\/\/www.jacobea.edu.mx\/\">Escuela Jacobea de Pogrado<\/a>, en M\u00e9xico.<\/p><p style=\"text-align: justify;\">Ha publicado diversos trabajos relacionados con la gesti\u00f3n en los sectores del Turismo y las TIC, e impartido conferencias en varios pa\u00edses de Europa y Am\u00e9rica Latina. Acumula m\u00e1s de 20 a\u00f1os de experiencia en el mundo empresarial, asumiendo diversas responsabilidades vinculadas a la gesti\u00f3n y direcci\u00f3n en diferentes sectores (comercial, organizaci\u00f3n de eventos, turismo, formaci\u00f3n).<\/p><p style=\"text-align: justify;\">Desde el a\u00f1o 2001 coordin\u00f3 varios proyectos europeos, colaborando con distintas instituciones en pa\u00edses como Italia, Portugal, Ruman\u00eda, Bulgaria, Polonia, Lituania, Austria o Turqu\u00eda. Posee diversa formaci\u00f3n en gesti\u00f3n y captaci\u00f3n de proyectos europeos y particip\u00f3 en el programa TecEuropa, en Bruselas, de formaci\u00f3n especializada en financiaci\u00f3n comunitaria.<\/p><p style=\"text-align: justify;\" class=\" translation-block\">Desde el a\u00f1o 2015, forma parte del panel de expertos del <a href=\"http:\/\/sepie.es\/internacionalizacion.html\" target=\"_self\" role=\"link\">Servicio Espa\u00f1ol para la Internacionalizaci\u00f3n de la Educaci\u00f3n<\/a>, dependiente del <a href=\"http:\/\/www.mecd.gob.es\/redirigeme\/\" target=\"_self\" role=\"link\">Ministerio de Educaci\u00f3n, Cultura y Deporte<\/a>, donde lleva a cabo tareas relacionadas con la evaluaci\u00f3n y el control de proyectos europeos.<\/p>                        <\/div>\n                    <\/div>\n                                    <div class=\"bdt-ep-accordion-item\">\n                        <div class=\"bdt-ep-accordion-title bdt-accordion-title bdt-flex bdt-flex-middle bdt-flex-between\" id=\"bdt-ep-accordion-experiencia-docente\" data-accordion-index=\"1\" data-title=\"experiencia-docente\" role=\"heading\">\n\n                                                            <span class=\"bdt-ep-accordion-icon bdt-flex-align-right\" aria-hidden=\"true\">\n\n                                                                            <span class=\"bdt-ep-accordion-icon-closed\">\n                                            <i aria-hidden=\"true\" class=\"fa-fw fas fa-plus\"><\/i>                                        <\/span>\n                                    \n                                                                            <span class=\"bdt-ep-accordion-icon-opened\">\n                                            <i aria-hidden=\"true\" class=\"fa-fw fas fa-minus\"><\/i>                                        <\/span>\n                                    \n                                <\/span>\n                            \n                            <span class=\"bdt-ep-title-text bdt-flex bdt-flex-middle\">\n\n                                                                EXPERIENCIA DOCENTE                            <\/span>\n\n                        <\/div>\n                        <div class=\"bdt-ep-accordion-content bdt-accordion-content\">\n                            <p style=\"text-align: justify;\" class=\" translation-block\">En relaci\u00f3n con su experiencia docente, ha impartido numerosos cursos de especializaci\u00f3n en el \u00e1mbito de las tecnolog\u00edas de la informaci\u00f3n y la comunicaci\u00f3n. Al mismo tiempo, ha sido docente de Formaci\u00f3n Profesional en centros p\u00fablicos y privados en las especialidades de Inform\u00e1tica, Administraci\u00f3n de Empresas, Formaci\u00f3n y Orientaci\u00f3n Laboral y Organizaci\u00f3n comercial. Tambi\u00e9n ha impartido clases de Bachillerato en centros p\u00fablicos de la <a href=\"https:\/\/www.edu.xunta.gal\/\" target=\"_self\" role=\"link\">Conseller\u00eda de Educaci\u00f3n e Ordenaci\u00f3n Universitaria da Xunta de Galicia<\/a> en la especialidad de Econom\u00eda. Durante m\u00e1s de 10 a\u00f1os imparti\u00f3 docencia sobre Sistemas  de Informaci\u00f3n y Marketing Tur\u00edstico en la Diplomatura en Empresas y Actividades Tur\u00edsticas tutelada por la <a href=\"https:\/\/www.uned.es\/universidad\/inicio.html\" target=\"_self\" role=\"link\">UNED<\/a>. Desde al a\u00f1o 2008 es docente en el Departamento de Organizaci\u00f3n de Empresas y Marketing de la <a href=\"https:\/\/www.uvigo.gal\/es\" target=\"_self\" role=\"link\">Universidade de Vigo<\/a>, donde imparte diversas asignaturas en grados y m\u00e1steres relacionadas con la gesti\u00f3n y administraci\u00f3n de empresas, los sistemas de informaci\u00f3n y la gesti\u00f3n de proyectos. Tambi\u00e9n ha colaborado como docente en el \u00e1mbito del Marketing con diversas instituciones internacionales.<\/p>                        <\/div>\n                    <\/div>\n                                    <div class=\"bdt-ep-accordion-item\">\n                        <div class=\"bdt-ep-accordion-title bdt-accordion-title bdt-flex bdt-flex-middle bdt-flex-between\" id=\"bdt-ep-accordion-materias-impartidas-no-mtci\" data-accordion-index=\"2\" data-title=\"materias-impartidas-no-mtci\" role=\"heading\">\n\n                                                            <span class=\"bdt-ep-accordion-icon bdt-flex-align-right\" aria-hidden=\"true\">\n\n                                                                            <span class=\"bdt-ep-accordion-icon-closed\">\n                                            <i aria-hidden=\"true\" class=\"fa-fw fas fa-plus\"><\/i>                                        <\/span>\n                                    \n                                                                            <span class=\"bdt-ep-accordion-icon-opened\">\n                                            <i aria-hidden=\"true\" class=\"fa-fw fas fa-minus\"><\/i>                                        <\/span>\n                                    \n                                <\/span>\n                            \n                            <span class=\"bdt-ep-title-text bdt-flex bdt-flex-middle\">\n\n                                                                MATERIAS IMPARTIDAS EN EL MTCI                            <\/span>\n\n                        <\/div>\n                        <div class=\"bdt-ep-accordion-content bdt-accordion-content\">\n                            <ul><li><p><a href=\"https:\/\/paratraduccion.com\/limiares\/es\/cooperacion\/\" target=\"_blank\" rel=\"noopener\">Traducci\u00f3n y cooperaci\u00f3n transfronteriza<\/a><\/p><\/li><\/ul>                        <\/div>\n                    <\/div>\n                                    <div class=\"bdt-ep-accordion-item\">\n                        <div class=\"bdt-ep-accordion-title bdt-accordion-title bdt-flex bdt-flex-middle bdt-flex-between\" id=\"bdt-ep-accordion-lias-de-investigacin\" data-accordion-index=\"3\" data-title=\"li-as-de-investigaci-n\" role=\"heading\">\n\n                                                            <span class=\"bdt-ep-accordion-icon bdt-flex-align-right\" aria-hidden=\"true\">\n\n                                                                            <span class=\"bdt-ep-accordion-icon-closed\">\n                                            <i aria-hidden=\"true\" class=\"fa-fw fas fa-plus\"><\/i>                                        <\/span>\n                                    \n                                                                            <span class=\"bdt-ep-accordion-icon-opened\">\n                                            <i aria-hidden=\"true\" class=\"fa-fw fas fa-minus\"><\/i>                                        <\/span>\n                                    \n                                <\/span>\n                            \n                            <span class=\"bdt-ep-title-text bdt-flex bdt-flex-middle\">\n\n                                                                L\u00cdNEAS DE INVESTIGACI\u00d3N                            <\/span>\n\n                        <\/div>\n                        <div class=\"bdt-ep-accordion-content bdt-accordion-content\">\n                            <p style=\"text-align: justify;\">Sus l\u00edneas de investigaci\u00f3n comprenden el comportamiento del consumidor, el marketing tur\u00edstico y el estudio de la industria de los videojuegos.<\/p>                        <\/div>\n                    <\/div>\n                                    <div class=\"bdt-ep-accordion-item\">\n                        <div class=\"bdt-ep-accordion-title bdt-accordion-title bdt-flex bdt-flex-middle bdt-flex-between\" id=\"bdt-ep-accordion-publicacins\" data-accordion-index=\"4\" data-title=\"publicaci-ns\" role=\"heading\">\n\n                                                            <span class=\"bdt-ep-accordion-icon bdt-flex-align-right\" aria-hidden=\"true\">\n\n                                                                            <span class=\"bdt-ep-accordion-icon-closed\">\n                                            <i aria-hidden=\"true\" class=\"fa-fw fas fa-plus\"><\/i>                                        <\/span>\n                                    \n                                                                            <span class=\"bdt-ep-accordion-icon-opened\">\n                                            <i aria-hidden=\"true\" class=\"fa-fw fas fa-minus\"><\/i>                                        <\/span>\n                                    \n                                <\/span>\n                            \n                            <span class=\"bdt-ep-title-text bdt-flex bdt-flex-middle\">\n\n                                                                PUBLICACIONES                            <\/span>\n\n                        <\/div>\n                        <div class=\"bdt-ep-accordion-content bdt-accordion-content\">\n                            <ul><li style=\"text-align: justify;\">Gonz\u00e1lez-Santamar\u00eda, Pedro y Ferreiro-V\u00e1zquez, \u00d3scar; (2023). Desarrollo profesional en el sector de la traducci\u00f3n y la interpretaci\u00f3n relacionado con el \u00e1mbito de los videojuegos. En Sara Mar\u00eda Torres Out\u00f3n y Ram\u00f3n M\u00e9ndez Gonz\u00e1lez [eds.] Realidades y desaf\u00edos de la tecnolog\u00eda aplicada a la tradicci\u00f3n y la interpretaci\u00f3n, pp. 13-26. ISBN: 978-3-631-87192-8. Berl\u00edn: Editorial Peter Lang.<\/li><li style=\"text-align: justify;\">Ferreiro-V\u00e1zquez, \u00d3scar y Gonz\u00e1lez-Santamar\u00eda, Pedro (2023). Eventos vinculados a videojuegos y actividad tur\u00edstica. En Ram\u00f3n M\u00e9ndez y Alba Calvo [eds.] Nuevas Voces investigadoras en el \u00e1mbito de la localizaci\u00f3n de videojuegos., pp. 15-27. ISBN: 978-84-19471-92-5. Valencia: Tirant Humanidades.<\/li><\/ul>                        <\/div>\n                    <\/div>\n                            <\/div>\n        <\/div>\n    \t\t<\/div>\n\t\t\t\t<\/div>\n\t\t\t\t\t<\/div>\n\t\t<\/div>\n\t\t\t\t\t<\/div>\n\t\t<\/section>\n\t\t\t\t<section class=\"elementor-section elementor-top-section elementor-element elementor-element-38d9ad9 elementor-section-boxed elementor-section-height-default elementor-section-height-default\" data-id=\"38d9ad9\" data-element_type=\"section\" data-settings=\"{&quot;jet_parallax_layout_list&quot;:[]}\">\n\t\t\t\t\t\t<div class=\"elementor-container elementor-column-gap-default\">\n\t\t\t\t\t<div class=\"elementor-column elementor-col-100 elementor-top-column elementor-element elementor-element-6e372bf\" data-id=\"6e372bf\" data-element_type=\"column\">\n\t\t\t<div class=\"elementor-widget-wrap elementor-element-populated\">\n\t\t\t\t\t\t<div class=\"elementor-element elementor-element-99dc792 elementor-widget__width-auto elementor-widget elementor-widget-global elementor-global-122536 elementor-widget-premium-addon-person\" data-id=\"99dc792\" data-element_type=\"widget\" data-settings=\"{&quot;persons_per_row&quot;:&quot;16.667%&quot;,&quot;persons_per_row_tablet&quot;:&quot;100%&quot;,&quot;persons_per_row_mobile&quot;:&quot;100%&quot;}\" data-widget_type=\"premium-addon-person.default\">\n\t\t\t\t<div class=\"elementor-widget-container\">\n\t\t\t\t\t<div class=\"premium-persons-container premium-person-style1 multiple-persons\" data-persons-equal=\"\">\r\n\t\t\t\t\t\t\t\t<div class=\"premium-person-container premium-person-zoomin-effect\">\r\n\t\t\t\t\t\t<div class=\"premium-person-image-container\">\r\n\t\t\t\t\t\t\t<img fetchpriority=\"high\" decoding=\"async\" width=\"320\" height=\"426\" src=\"https:\/\/paratraduccion.com\/limiares\/wp-content\/uploads\/2024\/07\/lorena_abreu_BG-320x426.png\" class=\"attachment-medium size-medium wp-image-126037\" alt=\"\" srcset=\"https:\/\/paratraduccion.com\/limiares\/wp-content\/uploads\/2024\/07\/lorena_abreu_BG-320x426.png 320w, https:\/\/paratraduccion.com\/limiares\/wp-content\/uploads\/2024\/07\/lorena_abreu_BG-9x12.png 9w, https:\/\/paratraduccion.com\/limiares\/wp-content\/uploads\/2024\/07\/lorena_abreu_BG.png 433w\" sizes=\"(max-width: 320px) 100vw, 320px\" \/>\t\t\t\t\t\t\t\t\t\t\t\t\t<\/div>\r\n\t\t\t\t\t\t<div class=\"premium-person-info\">\r\n\t\t\t\t\t\t\t\t\t\t<div class=\"premium-person-info-container\">\r\n\t\t\t\t\t\t\t\t\t<span class=\"premium-person-name\">\r\n\t\t\t\t\t\tAbreu L\u00f3pez, Lorena\t\t\t\t\t<\/span>\r\n\t\t\t\t\t\t\t\t\t\t\t<div class=\"premium-person-content\">\r\n\t\t\t\t\t\t\t<p><a href=\"https:\/\/paratraduccion.com\/limiares\/es\/abreu-lopez-lorena\/\"><span style=\"color: #00ccff;\">BIONOTA<\/span><\/a><\/p>\t\t\t\t\t\t<\/div>\r\n\t\t\t\t\t\t\t\t<\/div>\r\n\t\t\t\t\t\t\t\t\t<\/div>\r\n\t\t\t\t\t<\/div>\r\n\t\t\t\t\t\t\t\t\t\t<div class=\"premium-person-container premium-person-zoomin-effect\">\r\n\t\t\t\t\t\t<div class=\"premium-person-image-container\">\r\n\t\t\t\t\t\t\t<img decoding=\"async\" width=\"320\" height=\"320\" src=\"https:\/\/paratraduccion.com\/limiares\/wp-content\/uploads\/2022\/05\/Alberto-320x320.jpeg\" class=\"attachment-medium size-medium wp-image-121656\" alt=\"\" srcset=\"https:\/\/paratraduccion.com\/limiares\/wp-content\/uploads\/2022\/05\/Alberto-320x320.jpeg 320w, https:\/\/paratraduccion.com\/limiares\/wp-content\/uploads\/2022\/05\/Alberto-1200x1200.jpeg 1200w, https:\/\/paratraduccion.com\/limiares\/wp-content\/uploads\/2022\/05\/Alberto-160x160.jpeg 160w, https:\/\/paratraduccion.com\/limiares\/wp-content\/uploads\/2022\/05\/Alberto-768x768.jpeg 768w, https:\/\/paratraduccion.com\/limiares\/wp-content\/uploads\/2022\/05\/Alberto-1536x1536.jpeg 1536w, https:\/\/paratraduccion.com\/limiares\/wp-content\/uploads\/2022\/05\/Alberto-2048x2048.jpeg 2048w\" sizes=\"(max-width: 320px) 100vw, 320px\" \/>\t\t\t\t\t\t\t\t\t\t\t\t\t<\/div>\r\n\t\t\t\t\t\t<div class=\"premium-person-info\">\r\n\t\t\t\t\t\t\t\t\t\t<div class=\"premium-person-info-container\">\r\n\t\t\t\t\t\t\t\t\t<span class=\"premium-person-name\">\r\n\t\t\t\t\t\t\u00c1lvarez Lugr\u00eds, Alberto\t\t\t\t\t<\/span>\r\n\t\t\t\t\t\t\t\t\t\t\t<div class=\"premium-person-content\">\r\n\t\t\t\t\t\t\t<p><a href=\"https:\/\/paratraduccion.com\/limiares\/es\/alvarez-lugris\/\"><span style=\"color: #00ccff;\">BIONOTA<br \/><\/span><\/a><\/p>\t\t\t\t\t\t<\/div>\r\n\t\t\t\t\t\t\t\t<\/div>\r\n\t\t\t\t\t\t\t\t\t<\/div>\r\n\t\t\t\t\t<\/div>\r\n\t\t\t\t\t\t\t\t\t\t<div class=\"premium-person-container premium-person-zoomin-effect\">\r\n\t\t\t\t\t\t<div class=\"premium-person-image-container\">\r\n\t\t\t\t\t\t\t<img decoding=\"async\" src=\"https:\/\/paratraduccion.com\/limiares\/wp-content\/uploads\/2022\/05\/Emmanuel-scaled.jpeg\" title=\"\" alt=\"\" loading=\"lazy\" \/>\t\t\t\t\t\t\t\t\t\t\t\t\t<\/div>\r\n\t\t\t\t\t\t<div class=\"premium-person-info\">\r\n\t\t\t\t\t\t\t\t\t\t<div class=\"premium-person-info-container\">\r\n\t\t\t\t\t\t\t\t\t<span class=\"premium-person-name\">\r\n\t\t\t\t\t\tBourgoin Vergondy, Emmanuel\t\t\t\t\t<\/span>\r\n\t\t\t\t\t\t\t\t\t\t\t<div class=\"premium-person-content\">\r\n\t\t\t\t\t\t\t<p><a href=\"https:\/\/paratraduccion.com\/limiares\/es\/bourgoin-vergondy-emmanuel-claude\/\"><span style=\"color: #00ccff;\">BIONOTA<\/span><\/a><\/p>\t\t\t\t\t\t<\/div>\r\n\t\t\t\t\t\t\t\t<\/div>\r\n\t\t\t\t\t\t\t\t\t<\/div>\r\n\t\t\t\t\t<\/div>\r\n\t\t\t\t\t\t\t\t\t\t<div class=\"premium-person-container premium-person-zoomin-effect\">\r\n\t\t\t\t\t\t<div class=\"premium-person-image-container\">\r\n\t\t\t\t\t\t\t<img decoding=\"async\" width=\"320\" height=\"320\" src=\"https:\/\/paratraduccion.com\/limiares\/wp-content\/uploads\/2022\/05\/Patricia-Buxan--320x320.jpeg\" class=\"attachment-medium size-medium wp-image-121672\" alt=\"\" srcset=\"https:\/\/paratraduccion.com\/limiares\/wp-content\/uploads\/2022\/05\/Patricia-Buxan--320x320.jpeg 320w, https:\/\/paratraduccion.com\/limiares\/wp-content\/uploads\/2022\/05\/Patricia-Buxan--1200x1200.jpeg 1200w, https:\/\/paratraduccion.com\/limiares\/wp-content\/uploads\/2022\/05\/Patricia-Buxan--160x160.jpeg 160w, https:\/\/paratraduccion.com\/limiares\/wp-content\/uploads\/2022\/05\/Patricia-Buxan--768x768.jpeg 768w, https:\/\/paratraduccion.com\/limiares\/wp-content\/uploads\/2022\/05\/Patricia-Buxan--1536x1536.jpeg 1536w, https:\/\/paratraduccion.com\/limiares\/wp-content\/uploads\/2022\/05\/Patricia-Buxan--2048x2048.jpeg 2048w\" sizes=\"(max-width: 320px) 100vw, 320px\" \/>\t\t\t\t\t\t\t\t\t\t\t\t\t<\/div>\r\n\t\t\t\t\t\t<div class=\"premium-person-info\">\r\n\t\t\t\t\t\t\t\t\t\t<div class=\"premium-person-info-container\">\r\n\t\t\t\t\t\t\t\t\t<span class=\"premium-person-name\">\r\n\t\t\t\t\t\tBux\u00e1n Otero, Patricia\t\t\t\t\t<\/span>\r\n\t\t\t\t\t\t\t\t\t\t\t<div class=\"premium-person-content\">\r\n\t\t\t\t\t\t\t<p><a href=\"https:\/\/paratraduccion.com\/limiares\/es\/patricia-bujan\/\"><span style=\"color: #00ccff;\">BIONOTA<\/span><\/a><\/p>\t\t\t\t\t\t<\/div>\r\n\t\t\t\t\t\t\t\t<\/div>\r\n\t\t\t\t\t\t\t\t\t<\/div>\r\n\t\t\t\t\t<\/div>\r\n\t\t\t\t\t\t\t\t\t\t<div class=\"premium-person-container premium-person-zoomin-effect\">\r\n\t\t\t\t\t\t<div class=\"premium-person-image-container\">\r\n\t\t\t\t\t\t\t<img loading=\"lazy\" decoding=\"async\" width=\"320\" height=\"320\" src=\"https:\/\/paratraduccion.com\/limiares\/wp-content\/uploads\/2022\/05\/Pablo-de-Carlo--320x320.jpeg\" class=\"attachment-medium size-medium wp-image-121670\" alt=\"\" srcset=\"https:\/\/paratraduccion.com\/limiares\/wp-content\/uploads\/2022\/05\/Pablo-de-Carlo--320x320.jpeg 320w, https:\/\/paratraduccion.com\/limiares\/wp-content\/uploads\/2022\/05\/Pablo-de-Carlo--1200x1200.jpeg 1200w, https:\/\/paratraduccion.com\/limiares\/wp-content\/uploads\/2022\/05\/Pablo-de-Carlo--160x160.jpeg 160w, https:\/\/paratraduccion.com\/limiares\/wp-content\/uploads\/2022\/05\/Pablo-de-Carlo--768x768.jpeg 768w, https:\/\/paratraduccion.com\/limiares\/wp-content\/uploads\/2022\/05\/Pablo-de-Carlo--1536x1536.jpeg 1536w, https:\/\/paratraduccion.com\/limiares\/wp-content\/uploads\/2022\/05\/Pablo-de-Carlo--2048x2048.jpeg 2048w\" sizes=\"(max-width: 320px) 100vw, 320px\" \/>\t\t\t\t\t\t\t\t\t\t\t\t\t<\/div>\r\n\t\t\t\t\t\t<div class=\"premium-person-info\">\r\n\t\t\t\t\t\t\t\t\t\t<div class=\"premium-person-info-container\">\r\n\t\t\t\t\t\t\t\t\t<span class=\"premium-person-name\">\r\n\t\t\t\t\t\tDe Carlos Villamarin, Pablo\t\t\t\t\t<\/span>\r\n\t\t\t\t\t\t\t\t\t\t\t<div class=\"premium-person-content\">\r\n\t\t\t\t\t\t\t<p><a href=\"https:\/\/paratraduccion.com\/limiares\/es\/pablo-de-carlo\/\"><span style=\"color: #00ccff;\">BIONOTA<\/span><\/a><\/p>\t\t\t\t\t\t<\/div>\r\n\t\t\t\t\t\t\t\t<\/div>\r\n\t\t\t\t\t\t\t\t\t<\/div>\r\n\t\t\t\t\t<\/div>\r\n\t\t\t\t\t\t\t\t\t\t<div class=\"premium-person-container premium-person-zoomin-effect\">\r\n\t\t\t\t\t\t<div class=\"premium-person-image-container\">\r\n\t\t\t\t\t\t\t<img loading=\"lazy\" decoding=\"async\" width=\"320\" height=\"320\" src=\"https:\/\/paratraduccion.com\/limiares\/wp-content\/uploads\/2022\/05\/Maribel-320x320.jpeg\" class=\"attachment-medium size-medium wp-image-121668\" alt=\"\" srcset=\"https:\/\/paratraduccion.com\/limiares\/wp-content\/uploads\/2022\/05\/Maribel-320x320.jpeg 320w, https:\/\/paratraduccion.com\/limiares\/wp-content\/uploads\/2022\/05\/Maribel-1200x1200.jpeg 1200w, https:\/\/paratraduccion.com\/limiares\/wp-content\/uploads\/2022\/05\/Maribel-160x160.jpeg 160w, https:\/\/paratraduccion.com\/limiares\/wp-content\/uploads\/2022\/05\/Maribel-768x768.jpeg 768w, https:\/\/paratraduccion.com\/limiares\/wp-content\/uploads\/2022\/05\/Maribel-1536x1536.jpeg 1536w, https:\/\/paratraduccion.com\/limiares\/wp-content\/uploads\/2022\/05\/Maribel-2048x2048.jpeg 2048w\" sizes=\"(max-width: 320px) 100vw, 320px\" \/>\t\t\t\t\t\t\t\t\t\t\t\t\t<\/div>\r\n\t\t\t\t\t\t<div class=\"premium-person-info\">\r\n\t\t\t\t\t\t\t\t\t\t<div class=\"premium-person-info-container\">\r\n\t\t\t\t\t\t\t\t\t<span class=\"premium-person-name\">\r\n\t\t\t\t\t\tDel Pozo Trivi\u00f1o, Maribel\t\t\t\t\t<\/span>\r\n\t\t\t\t\t\t\t\t\t\t\t<div class=\"premium-person-content\">\r\n\t\t\t\t\t\t\t<p><a href=\"https:\/\/paratraduccion.com\/limiares\/es\/del-pozo-maribel\/\"><span style=\"color: #00ccff;\">BIONOTA<\/span><\/a><\/p>\t\t\t\t\t\t<\/div>\r\n\t\t\t\t\t\t\t\t<\/div>\r\n\t\t\t\t\t\t\t\t\t<\/div>\r\n\t\t\t\t\t<\/div>\r\n\t\t\t\t\t\t\t\t\t\t<div class=\"premium-person-container premium-person-zoomin-effect\">\r\n\t\t\t\t\t\t<div class=\"premium-person-image-container\">\r\n\t\t\t\t\t\t\t<img loading=\"lazy\" decoding=\"async\" width=\"320\" height=\"320\" src=\"https:\/\/paratraduccion.com\/limiares\/wp-content\/uploads\/2022\/05\/Lara-320x320.jpeg\" class=\"attachment-medium size-medium wp-image-121667\" alt=\"\" srcset=\"https:\/\/paratraduccion.com\/limiares\/wp-content\/uploads\/2022\/05\/Lara-320x320.jpeg 320w, https:\/\/paratraduccion.com\/limiares\/wp-content\/uploads\/2022\/05\/Lara-1200x1200.jpeg 1200w, https:\/\/paratraduccion.com\/limiares\/wp-content\/uploads\/2022\/05\/Lara-160x160.jpeg 160w, https:\/\/paratraduccion.com\/limiares\/wp-content\/uploads\/2022\/05\/Lara-768x768.jpeg 768w, https:\/\/paratraduccion.com\/limiares\/wp-content\/uploads\/2022\/05\/Lara-1536x1536.jpeg 1536w, https:\/\/paratraduccion.com\/limiares\/wp-content\/uploads\/2022\/05\/Lara-2048x2048.jpeg 2048w\" sizes=\"(max-width: 320px) 100vw, 320px\" \/>\t\t\t\t\t\t\t\t\t\t\t\t\t<\/div>\r\n\t\t\t\t\t\t<div class=\"premium-person-info\">\r\n\t\t\t\t\t\t\t\t\t\t<div class=\"premium-person-info-container\">\r\n\t\t\t\t\t\t\t\t\t<span class=\"premium-person-name\">\r\n\t\t\t\t\t\tDom\u00ednguez Ara\u00fajo, Lara\t\t\t\t\t<\/span>\r\n\t\t\t\t\t\t\t\t\t\t\t<div class=\"premium-person-content\">\r\n\t\t\t\t\t\t\t<p><a href=\"https:\/\/paratraduccion.com\/limiares\/es\/lara-dominguez-araujo\/\"><span style=\"color: #00ccff;\">BIONOTA<\/span><\/a><\/p>\t\t\t\t\t\t<\/div>\r\n\t\t\t\t\t\t\t\t<\/div>\r\n\t\t\t\t\t\t\t\t\t<\/div>\r\n\t\t\t\t\t<\/div>\r\n\t\t\t\t\t\t\t\t\t\t<div class=\"premium-person-container premium-person-zoomin-effect\">\r\n\t\t\t\t\t\t<div class=\"premium-person-image-container\">\r\n\t\t\t\t\t\t\t<img loading=\"lazy\" decoding=\"async\" width=\"320\" height=\"320\" src=\"https:\/\/paratraduccion.com\/limiares\/wp-content\/uploads\/2022\/05\/Pablo-Fernandez-Calero--320x320.jpeg\" class=\"attachment-medium size-medium wp-image-121671\" alt=\"\" srcset=\"https:\/\/paratraduccion.com\/limiares\/wp-content\/uploads\/2022\/05\/Pablo-Fernandez-Calero--320x320.jpeg 320w, https:\/\/paratraduccion.com\/limiares\/wp-content\/uploads\/2022\/05\/Pablo-Fernandez-Calero--1200x1200.jpeg 1200w, https:\/\/paratraduccion.com\/limiares\/wp-content\/uploads\/2022\/05\/Pablo-Fernandez-Calero--160x160.jpeg 160w, https:\/\/paratraduccion.com\/limiares\/wp-content\/uploads\/2022\/05\/Pablo-Fernandez-Calero--768x768.jpeg 768w, https:\/\/paratraduccion.com\/limiares\/wp-content\/uploads\/2022\/05\/Pablo-Fernandez-Calero--1536x1536.jpeg 1536w, https:\/\/paratraduccion.com\/limiares\/wp-content\/uploads\/2022\/05\/Pablo-Fernandez-Calero--2048x2048.jpeg 2048w\" sizes=\"(max-width: 320px) 100vw, 320px\" \/>\t\t\t\t\t\t\t\t\t\t\t\t\t<\/div>\r\n\t\t\t\t\t\t<div class=\"premium-person-info\">\r\n\t\t\t\t\t\t\t\t\t\t<div class=\"premium-person-info-container\">\r\n\t\t\t\t\t\t\t\t\t<span class=\"premium-person-name\">\r\n\t\t\t\t\t\tFern\u00e1ndez Carballo Calero, Pablo\t\t\t\t\t<\/span>\r\n\t\t\t\t\t\t\t\t\t\t\t<div class=\"premium-person-content\">\r\n\t\t\t\t\t\t\t<p><a href=\"https:\/\/paratraduccion.com\/limiares\/es\/pablo-fernandez-carballo-calero\/\"><span style=\"color: #00ccff;\">BIONOTA<\/span><\/a><\/p>\t\t\t\t\t\t<\/div>\r\n\t\t\t\t\t\t\t\t<\/div>\r\n\t\t\t\t\t\t\t\t\t<\/div>\r\n\t\t\t\t\t<\/div>\r\n\t\t\t\t\t\t\t\t\t\t<div class=\"premium-person-container premium-person-zoomin-effect\">\r\n\t\t\t\t\t\t<div class=\"premium-person-image-container\">\r\n\t\t\t\t\t\t\t<img loading=\"lazy\" decoding=\"async\" width=\"320\" height=\"323\" src=\"https:\/\/paratraduccion.com\/limiares\/wp-content\/uploads\/2022\/05\/Anxo-320x323.jpeg\" class=\"attachment-medium size-medium wp-image-121660\" alt=\"\" srcset=\"https:\/\/paratraduccion.com\/limiares\/wp-content\/uploads\/2022\/05\/Anxo-320x323.jpeg 320w, https:\/\/paratraduccion.com\/limiares\/wp-content\/uploads\/2022\/05\/Anxo-1200x1212.jpeg 1200w, https:\/\/paratraduccion.com\/limiares\/wp-content\/uploads\/2022\/05\/Anxo-768x775.jpeg 768w, https:\/\/paratraduccion.com\/limiares\/wp-content\/uploads\/2022\/05\/Anxo-1521x1536.jpeg 1521w, https:\/\/paratraduccion.com\/limiares\/wp-content\/uploads\/2022\/05\/Anxo-2028x2048.jpeg 2028w\" sizes=\"(max-width: 320px) 100vw, 320px\" \/>\t\t\t\t\t\t\t\t\t\t\t\t\t<\/div>\r\n\t\t\t\t\t\t<div class=\"premium-person-info\">\r\n\t\t\t\t\t\t\t\t\t\t<div class=\"premium-person-info-container\">\r\n\t\t\t\t\t\t\t\t\t<span class=\"premium-person-name\">\r\n\t\t\t\t\t\tFern\u00e1ndez Ocampo, Anxo\t\t\t\t\t<\/span>\r\n\t\t\t\t\t\t\t\t\t\t\t<div class=\"premium-person-content\">\r\n\t\t\t\t\t\t\t<p><a href=\"https:\/\/paratraduccion.com\/limiares\/es\/fernandez-ocampo-anxo\/\"><span style=\"color: #00ccff;\">BIONOTA<\/span><\/a><\/p>\t\t\t\t\t\t<\/div>\r\n\t\t\t\t\t\t\t\t<\/div>\r\n\t\t\t\t\t\t\t\t\t<\/div>\r\n\t\t\t\t\t<\/div>\r\n\t\t\t\t\t\t\t\t\t\t<div class=\"premium-person-container premium-person-zoomin-effect\">\r\n\t\t\t\t\t\t<div class=\"premium-person-image-container\">\r\n\t\t\t\t\t\t\t<img loading=\"lazy\" decoding=\"async\" width=\"320\" height=\"320\" src=\"https:\/\/paratraduccion.com\/limiares\/wp-content\/uploads\/2022\/05\/Oscar-Ferreiro--320x320.jpg\" class=\"attachment-medium size-medium wp-image-121669\" alt=\"\" srcset=\"https:\/\/paratraduccion.com\/limiares\/wp-content\/uploads\/2022\/05\/Oscar-Ferreiro--320x320.jpg 320w, https:\/\/paratraduccion.com\/limiares\/wp-content\/uploads\/2022\/05\/Oscar-Ferreiro--1200x1200.jpg 1200w, https:\/\/paratraduccion.com\/limiares\/wp-content\/uploads\/2022\/05\/Oscar-Ferreiro--160x160.jpg 160w, https:\/\/paratraduccion.com\/limiares\/wp-content\/uploads\/2022\/05\/Oscar-Ferreiro--768x768.jpg 768w, https:\/\/paratraduccion.com\/limiares\/wp-content\/uploads\/2022\/05\/Oscar-Ferreiro--1536x1536.jpg 1536w, https:\/\/paratraduccion.com\/limiares\/wp-content\/uploads\/2022\/05\/Oscar-Ferreiro--2048x2048.jpg 2048w\" sizes=\"(max-width: 320px) 100vw, 320px\" \/>\t\t\t\t\t\t\t\t\t\t\t\t\t<\/div>\r\n\t\t\t\t\t\t<div class=\"premium-person-info\">\r\n\t\t\t\t\t\t\t\t\t\t<div class=\"premium-person-info-container\">\r\n\t\t\t\t\t\t\t\t\t<span class=\"premium-person-name\">\r\n\t\t\t\t\t\tFerreiro V\u00e1zquez, \u00d3scar\t\t\t\t\t<\/span>\r\n\t\t\t\t\t\t\t\t\t\t\t<div class=\"premium-person-content\">\r\n\t\t\t\t\t\t\t<p><a href=\"https:\/\/paratraduccion.com\/limiares\/es\/oscar-ferreiro-vazquez\/\"><span style=\"color: #00ccff;\">BIONOTA<\/span><\/a><\/p>\t\t\t\t\t\t<\/div>\r\n\t\t\t\t\t\t\t\t<\/div>\r\n\t\t\t\t\t\t\t\t\t<\/div>\r\n\t\t\t\t\t<\/div>\r\n\t\t\t\t\t\t\t\t\t\t<div class=\"premium-person-container premium-person-zoomin-effect\">\r\n\t\t\t\t\t\t<div class=\"premium-person-image-container\">\r\n\t\t\t\t\t\t\t<img loading=\"lazy\" decoding=\"async\" width=\"320\" height=\"320\" src=\"https:\/\/paratraduccion.com\/limiares\/wp-content\/uploads\/2022\/05\/Iolanda-Galanes-320x320.jpeg\" class=\"attachment-medium size-medium wp-image-121664\" alt=\"\" srcset=\"https:\/\/paratraduccion.com\/limiares\/wp-content\/uploads\/2022\/05\/Iolanda-Galanes-320x320.jpeg 320w, https:\/\/paratraduccion.com\/limiares\/wp-content\/uploads\/2022\/05\/Iolanda-Galanes-1200x1200.jpeg 1200w, https:\/\/paratraduccion.com\/limiares\/wp-content\/uploads\/2022\/05\/Iolanda-Galanes-160x160.jpeg 160w, https:\/\/paratraduccion.com\/limiares\/wp-content\/uploads\/2022\/05\/Iolanda-Galanes-768x768.jpeg 768w, https:\/\/paratraduccion.com\/limiares\/wp-content\/uploads\/2022\/05\/Iolanda-Galanes-1536x1536.jpeg 1536w, https:\/\/paratraduccion.com\/limiares\/wp-content\/uploads\/2022\/05\/Iolanda-Galanes-2048x2048.jpeg 2048w\" sizes=\"(max-width: 320px) 100vw, 320px\" \/>\t\t\t\t\t\t\t\t\t\t\t\t\t<\/div>\r\n\t\t\t\t\t\t<div class=\"premium-person-info\">\r\n\t\t\t\t\t\t\t\t\t\t<div class=\"premium-person-info-container\">\r\n\t\t\t\t\t\t\t\t\t<span class=\"premium-person-name\">\r\n\t\t\t\t\t\tGalanes Santos, Iolanda\t\t\t\t\t<\/span>\r\n\t\t\t\t\t\t\t\t\t\t\t<div class=\"premium-person-content\">\r\n\t\t\t\t\t\t\t<p><a href=\"https:\/\/paratraduccion.com\/limiares\/es\/iolanda-galanes\/\"><span style=\"color: #00ccff;\">BIONOTA<\/span><\/a><\/p>\t\t\t\t\t\t<\/div>\r\n\t\t\t\t\t\t\t\t<\/div>\r\n\t\t\t\t\t\t\t\t\t<\/div>\r\n\t\t\t\t\t<\/div>\r\n\t\t\t\t\t\t\t\t\t\t<div class=\"premium-person-container premium-person-zoomin-effect\">\r\n\t\t\t\t\t\t<div class=\"premium-person-image-container\">\r\n\t\t\t\t\t\t\t<img loading=\"lazy\" decoding=\"async\" width=\"320\" height=\"320\" src=\"https:\/\/paratraduccion.com\/limiares\/wp-content\/uploads\/2022\/05\/Xoan-Garrido--320x320.jpeg\" class=\"attachment-medium size-medium wp-image-121685\" alt=\"\" srcset=\"https:\/\/paratraduccion.com\/limiares\/wp-content\/uploads\/2022\/05\/Xoan-Garrido--320x320.jpeg 320w, https:\/\/paratraduccion.com\/limiares\/wp-content\/uploads\/2022\/05\/Xoan-Garrido--1200x1200.jpeg 1200w, https:\/\/paratraduccion.com\/limiares\/wp-content\/uploads\/2022\/05\/Xoan-Garrido--160x160.jpeg 160w, https:\/\/paratraduccion.com\/limiares\/wp-content\/uploads\/2022\/05\/Xoan-Garrido--768x768.jpeg 768w, https:\/\/paratraduccion.com\/limiares\/wp-content\/uploads\/2022\/05\/Xoan-Garrido--1536x1536.jpeg 1536w, https:\/\/paratraduccion.com\/limiares\/wp-content\/uploads\/2022\/05\/Xoan-Garrido--2048x2048.jpeg 2048w\" sizes=\"(max-width: 320px) 100vw, 320px\" \/>\t\t\t\t\t\t\t\t\t\t\t\t\t<\/div>\r\n\t\t\t\t\t\t<div class=\"premium-person-info\">\r\n\t\t\t\t\t\t\t\t\t\t<div class=\"premium-person-info-container\">\r\n\t\t\t\t\t\t\t\t\t<span class=\"premium-person-name\">\r\n\t\t\t\t\t\tGarrido Vilari\u00f1o, Xo\u00e1n\t\t\t\t\t<\/span>\r\n\t\t\t\t\t\t\t\t\t\t\t<div class=\"premium-person-content\">\r\n\t\t\t\t\t\t\t<p><a href=\"https:\/\/paratraduccion.com\/limiares\/es\/garrido-vilarino-xoan-manuel\/\"><span style=\"color: #00ccff;\">BIONOTA<\/span><\/a><\/p>\t\t\t\t\t\t<\/div>\r\n\t\t\t\t\t\t\t\t<\/div>\r\n\t\t\t\t\t\t\t\t\t<\/div>\r\n\t\t\t\t\t<\/div>\r\n\t\t\t\t\t\t\t\t\t\t<div class=\"premium-person-container premium-person-zoomin-effect\">\r\n\t\t\t\t\t\t<div class=\"premium-person-image-container\">\r\n\t\t\t\t\t\t\t<img loading=\"lazy\" decoding=\"async\" width=\"320\" height=\"320\" src=\"https:\/\/paratraduccion.com\/limiares\/wp-content\/uploads\/2022\/05\/Pedro--320x320.jpeg\" class=\"attachment-medium size-medium wp-image-121674\" alt=\"\" srcset=\"https:\/\/paratraduccion.com\/limiares\/wp-content\/uploads\/2022\/05\/Pedro--320x320.jpeg 320w, https:\/\/paratraduccion.com\/limiares\/wp-content\/uploads\/2022\/05\/Pedro--1200x1200.jpeg 1200w, https:\/\/paratraduccion.com\/limiares\/wp-content\/uploads\/2022\/05\/Pedro--160x160.jpeg 160w, https:\/\/paratraduccion.com\/limiares\/wp-content\/uploads\/2022\/05\/Pedro--768x768.jpeg 768w, https:\/\/paratraduccion.com\/limiares\/wp-content\/uploads\/2022\/05\/Pedro--1536x1536.jpeg 1536w, https:\/\/paratraduccion.com\/limiares\/wp-content\/uploads\/2022\/05\/Pedro--2048x2048.jpeg 2048w\" sizes=\"(max-width: 320px) 100vw, 320px\" \/>\t\t\t\t\t\t\t\t\t\t\t\t\t<\/div>\r\n\t\t\t\t\t\t<div class=\"premium-person-info\">\r\n\t\t\t\t\t\t\t\t\t\t<div class=\"premium-person-info-container\">\r\n\t\t\t\t\t\t\t\t\t<span class=\"premium-person-name\">\r\n\t\t\t\t\t\tGonz\u00e1lez Santamar\u00eda, Pedro\t\t\t\t\t<\/span>\r\n\t\t\t\t\t\t\t\t\t\t\t<div class=\"premium-person-content\">\r\n\t\t\t\t\t\t\t<p><a href=\"https:\/\/paratraduccion.com\/limiares\/es\/pedro-gonzalez\/\"><span style=\"color: #00ccff;\">BIONOTA<\/span><\/a><\/p>\t\t\t\t\t\t<\/div>\r\n\t\t\t\t\t\t\t\t<\/div>\r\n\t\t\t\t\t\t\t\t\t<\/div>\r\n\t\t\t\t\t<\/div>\r\n\t\t\t\t\t\t\t\t\t\t<div class=\"premium-person-container premium-person-zoomin-effect\">\r\n\t\t\t\t\t\t<div class=\"premium-person-image-container\">\r\n\t\t\t\t\t\t\t<img loading=\"lazy\" decoding=\"async\" width=\"320\" height=\"320\" src=\"https:\/\/paratraduccion.com\/limiares\/wp-content\/uploads\/2022\/05\/Jessica-320x320.jpeg\" class=\"attachment-medium size-medium wp-image-121665\" alt=\"\" srcset=\"https:\/\/paratraduccion.com\/limiares\/wp-content\/uploads\/2022\/05\/Jessica-320x320.jpeg 320w, https:\/\/paratraduccion.com\/limiares\/wp-content\/uploads\/2022\/05\/Jessica-1200x1200.jpeg 1200w, https:\/\/paratraduccion.com\/limiares\/wp-content\/uploads\/2022\/05\/Jessica-160x160.jpeg 160w, https:\/\/paratraduccion.com\/limiares\/wp-content\/uploads\/2022\/05\/Jessica-768x768.jpeg 768w, https:\/\/paratraduccion.com\/limiares\/wp-content\/uploads\/2022\/05\/Jessica-1536x1536.jpeg 1536w, https:\/\/paratraduccion.com\/limiares\/wp-content\/uploads\/2022\/05\/Jessica-2048x2048.jpeg 2048w\" sizes=\"(max-width: 320px) 100vw, 320px\" \/>\t\t\t\t\t\t\t\t\t\t\t\t\t<\/div>\r\n\t\t\t\t\t\t<div class=\"premium-person-info\">\r\n\t\t\t\t\t\t\t\t\t\t<div class=\"premium-person-info-container\">\r\n\t\t\t\t\t\t\t\t\t<span class=\"premium-person-name\">\r\n\t\t\t\t\t\tGregori Sendra, Jessica\t\t\t\t\t<\/span>\r\n\t\t\t\t\t\t\t\t\t\t\t<div class=\"premium-person-content\">\r\n\t\t\t\t\t\t\t<p><a href=\"https:\/\/paratraduccion.com\/limiares\/es\/gregori-sendra-jessica\/\"><span style=\"color: #00ccff;\">BIONOTA<\/span><\/a><\/p>\t\t\t\t\t\t<\/div>\r\n\t\t\t\t\t\t\t\t<\/div>\r\n\t\t\t\t\t\t\t\t\t<\/div>\r\n\t\t\t\t\t<\/div>\r\n\t\t\t\t\t\t\t\t\t\t<div class=\"premium-person-container premium-person-zoomin-effect\">\r\n\t\t\t\t\t\t<div class=\"premium-person-image-container\">\r\n\t\t\t\t\t\t\t<img loading=\"lazy\" decoding=\"async\" width=\"320\" height=\"320\" src=\"https:\/\/paratraduccion.com\/limiares\/wp-content\/uploads\/2022\/05\/Ana-Hermida-320x320.jpeg\" class=\"attachment-medium size-medium wp-image-121658\" alt=\"\" srcset=\"https:\/\/paratraduccion.com\/limiares\/wp-content\/uploads\/2022\/05\/Ana-Hermida-320x320.jpeg 320w, https:\/\/paratraduccion.com\/limiares\/wp-content\/uploads\/2022\/05\/Ana-Hermida-1200x1200.jpeg 1200w, https:\/\/paratraduccion.com\/limiares\/wp-content\/uploads\/2022\/05\/Ana-Hermida-160x160.jpeg 160w, https:\/\/paratraduccion.com\/limiares\/wp-content\/uploads\/2022\/05\/Ana-Hermida-768x768.jpeg 768w, https:\/\/paratraduccion.com\/limiares\/wp-content\/uploads\/2022\/05\/Ana-Hermida-1536x1536.jpeg 1536w, https:\/\/paratraduccion.com\/limiares\/wp-content\/uploads\/2022\/05\/Ana-Hermida-2048x2048.jpeg 2048w\" sizes=\"(max-width: 320px) 100vw, 320px\" \/>\t\t\t\t\t\t\t\t\t\t\t\t\t<\/div>\r\n\t\t\t\t\t\t<div class=\"premium-person-info\">\r\n\t\t\t\t\t\t\t\t\t\t<div class=\"premium-person-info-container\">\r\n\t\t\t\t\t\t\t\t\t<span class=\"premium-person-name\">\r\n\t\t\t\t\t\tHermida Ruibal, Ana\t\t\t\t\t<\/span>\r\n\t\t\t\t\t\t\t\t\t\t\t<div class=\"premium-person-content\">\r\n\t\t\t\t\t\t\t<p><a href=\"https:\/\/paratraduccion.com\/limiares\/es\/ana-hermida-ruibal\/\"><span style=\"color: #00ccff;\">BIONOTA<\/span><\/a><\/p>\t\t\t\t\t\t<\/div>\r\n\t\t\t\t\t\t\t\t<\/div>\r\n\t\t\t\t\t\t\t\t\t<\/div>\r\n\t\t\t\t\t<\/div>\r\n\t\t\t\t\t\t\t\t\t\t<div class=\"premium-person-container premium-person-zoomin-effect\">\r\n\t\t\t\t\t\t<div class=\"premium-person-image-container\">\r\n\t\t\t\t\t\t\t<img loading=\"lazy\" decoding=\"async\" width=\"320\" height=\"320\" src=\"https:\/\/paratraduccion.com\/limiares\/wp-content\/uploads\/2022\/05\/Sara-Louredo--320x320.jpeg\" class=\"attachment-medium size-medium wp-image-121677\" alt=\"\" srcset=\"https:\/\/paratraduccion.com\/limiares\/wp-content\/uploads\/2022\/05\/Sara-Louredo--320x320.jpeg 320w, https:\/\/paratraduccion.com\/limiares\/wp-content\/uploads\/2022\/05\/Sara-Louredo--1200x1200.jpeg 1200w, https:\/\/paratraduccion.com\/limiares\/wp-content\/uploads\/2022\/05\/Sara-Louredo--160x160.jpeg 160w, https:\/\/paratraduccion.com\/limiares\/wp-content\/uploads\/2022\/05\/Sara-Louredo--768x768.jpeg 768w, https:\/\/paratraduccion.com\/limiares\/wp-content\/uploads\/2022\/05\/Sara-Louredo--1536x1536.jpeg 1536w, https:\/\/paratraduccion.com\/limiares\/wp-content\/uploads\/2022\/05\/Sara-Louredo--2048x2048.jpeg 2048w\" sizes=\"(max-width: 320px) 100vw, 320px\" \/>\t\t\t\t\t\t\t\t\t\t\t\t\t<\/div>\r\n\t\t\t\t\t\t<div class=\"premium-person-info\">\r\n\t\t\t\t\t\t\t\t\t\t<div class=\"premium-person-info-container\">\r\n\t\t\t\t\t\t\t\t\t<span class=\"premium-person-name\">\r\n\t\t\t\t\t\tLouredo Casado, Sara\t\t\t\t\t<\/span>\r\n\t\t\t\t\t\t\t\t\t\t\t<div class=\"premium-person-content\">\r\n\t\t\t\t\t\t\t<p><a href=\"https:\/\/paratraduccion.com\/limiares\/es\/sara-louredo-casado\/\"><span style=\"color: #00ccff;\">BIONOTA<\/span><\/a><\/p>\t\t\t\t\t\t<\/div>\r\n\t\t\t\t\t\t\t\t<\/div>\r\n\t\t\t\t\t\t\t\t\t<\/div>\r\n\t\t\t\t\t<\/div>\r\n\t\t\t\t\t\t\t\t\t\t<div class=\"premium-person-container premium-person-zoomin-effect\">\r\n\t\t\t\t\t\t<div class=\"premium-person-image-container\">\r\n\t\t\t\t\t\t\t<img loading=\"lazy\" decoding=\"async\" width=\"320\" height=\"320\" src=\"https:\/\/paratraduccion.com\/limiares\/wp-content\/uploads\/2022\/05\/Ana-Luna-320x320.jpeg\" class=\"attachment-medium size-medium wp-image-121659\" alt=\"\" srcset=\"https:\/\/paratraduccion.com\/limiares\/wp-content\/uploads\/2022\/05\/Ana-Luna-320x320.jpeg 320w, https:\/\/paratraduccion.com\/limiares\/wp-content\/uploads\/2022\/05\/Ana-Luna-1200x1200.jpeg 1200w, https:\/\/paratraduccion.com\/limiares\/wp-content\/uploads\/2022\/05\/Ana-Luna-160x160.jpeg 160w, https:\/\/paratraduccion.com\/limiares\/wp-content\/uploads\/2022\/05\/Ana-Luna-768x768.jpeg 768w, https:\/\/paratraduccion.com\/limiares\/wp-content\/uploads\/2022\/05\/Ana-Luna-1536x1536.jpeg 1536w, https:\/\/paratraduccion.com\/limiares\/wp-content\/uploads\/2022\/05\/Ana-Luna-2048x2048.jpeg 2048w\" sizes=\"(max-width: 320px) 100vw, 320px\" \/>\t\t\t\t\t\t\t\t\t\t\t\t\t<\/div>\r\n\t\t\t\t\t\t<div class=\"premium-person-info\">\r\n\t\t\t\t\t\t\t\t\t\t<div class=\"premium-person-info-container\">\r\n\t\t\t\t\t\t\t\t\t<span class=\"premium-person-name\">\r\n\t\t\t\t\t\tLuna Alonso, Ana\t\t\t\t\t<\/span>\r\n\t\t\t\t\t\t\t\t\t\t\t<div class=\"premium-person-content\">\r\n\t\t\t\t\t\t\t<p><a href=\"https:\/\/paratraduccion.com\/limiares\/es\/ana-luna\/\"><span style=\"color: #00ccff;\">BIONOTA<\/span><\/a><\/p>\t\t\t\t\t\t<\/div>\r\n\t\t\t\t\t\t\t\t<\/div>\r\n\t\t\t\t\t\t\t\t\t<\/div>\r\n\t\t\t\t\t<\/div>\r\n\t\t\t\t\t\t\t\t\t\t<div class=\"premium-person-container premium-person-zoomin-effect\">\r\n\t\t\t\t\t\t<div class=\"premium-person-image-container\">\r\n\t\t\t\t\t\t\t<img loading=\"lazy\" decoding=\"async\" width=\"320\" height=\"320\" src=\"https:\/\/paratraduccion.com\/limiares\/wp-content\/uploads\/2022\/05\/Ramon--320x320.jpeg\" class=\"attachment-medium size-medium wp-image-121675\" alt=\"\" srcset=\"https:\/\/paratraduccion.com\/limiares\/wp-content\/uploads\/2022\/05\/Ramon--320x320.jpeg 320w, https:\/\/paratraduccion.com\/limiares\/wp-content\/uploads\/2022\/05\/Ramon--1200x1200.jpeg 1200w, https:\/\/paratraduccion.com\/limiares\/wp-content\/uploads\/2022\/05\/Ramon--160x160.jpeg 160w, https:\/\/paratraduccion.com\/limiares\/wp-content\/uploads\/2022\/05\/Ramon--768x768.jpeg 768w, https:\/\/paratraduccion.com\/limiares\/wp-content\/uploads\/2022\/05\/Ramon--1536x1536.jpeg 1536w, https:\/\/paratraduccion.com\/limiares\/wp-content\/uploads\/2022\/05\/Ramon--2048x2048.jpeg 2048w\" sizes=\"(max-width: 320px) 100vw, 320px\" \/>\t\t\t\t\t\t\t\t\t\t\t\t\t<\/div>\r\n\t\t\t\t\t\t<div class=\"premium-person-info\">\r\n\t\t\t\t\t\t\t\t\t\t<div class=\"premium-person-info-container\">\r\n\t\t\t\t\t\t\t\t\t<span class=\"premium-person-name\">\r\n\t\t\t\t\t\tM\u00e9ndez Gonz\u00e1lez, Ram\u00f3n\t\t\t\t\t<\/span>\r\n\t\t\t\t\t\t\t\t\t\t\t<div class=\"premium-person-content\">\r\n\t\t\t\t\t\t\t<p><a href=\"https:\/\/paratraduccion.com\/limiares\/es\/ramon-mendez\/\"><span style=\"color: #00ccff;\">BIONOTA<\/span><\/a><\/p>\t\t\t\t\t\t<\/div>\r\n\t\t\t\t\t\t\t\t<\/div>\r\n\t\t\t\t\t\t\t\t\t<\/div>\r\n\t\t\t\t\t<\/div>\r\n\t\t\t\t\t\t\t\t\t\t<div class=\"premium-person-container premium-person-zoomin-effect\">\r\n\t\t\t\t\t\t<div class=\"premium-person-image-container\">\r\n\t\t\t\t\t\t\t<img loading=\"lazy\" decoding=\"async\" width=\"320\" height=\"320\" src=\"https:\/\/paratraduccion.com\/limiares\/wp-content\/uploads\/2022\/05\/Xoan-Montero-320x320.jpeg\" class=\"attachment-medium size-medium wp-image-121678\" alt=\"\" srcset=\"https:\/\/paratraduccion.com\/limiares\/wp-content\/uploads\/2022\/05\/Xoan-Montero-320x320.jpeg 320w, https:\/\/paratraduccion.com\/limiares\/wp-content\/uploads\/2022\/05\/Xoan-Montero-1200x1200.jpeg 1200w, https:\/\/paratraduccion.com\/limiares\/wp-content\/uploads\/2022\/05\/Xoan-Montero-160x160.jpeg 160w, https:\/\/paratraduccion.com\/limiares\/wp-content\/uploads\/2022\/05\/Xoan-Montero-768x768.jpeg 768w, https:\/\/paratraduccion.com\/limiares\/wp-content\/uploads\/2022\/05\/Xoan-Montero-1536x1536.jpeg 1536w, https:\/\/paratraduccion.com\/limiares\/wp-content\/uploads\/2022\/05\/Xoan-Montero-2048x2048.jpeg 2048w\" sizes=\"(max-width: 320px) 100vw, 320px\" \/>\t\t\t\t\t\t\t\t\t\t\t\t\t<\/div>\r\n\t\t\t\t\t\t<div class=\"premium-person-info\">\r\n\t\t\t\t\t\t\t\t\t\t<div class=\"premium-person-info-container\">\r\n\t\t\t\t\t\t\t\t\t<span class=\"premium-person-name\">\r\n\t\t\t\t\t\tMontero Dom\u00ednguez, Xo\u00e1n\t\t\t\t\t<\/span>\r\n\t\t\t\t\t\t\t\t\t\t\t<div class=\"premium-person-content\">\r\n\t\t\t\t\t\t\t<p><a href=\"https:\/\/paratraduccion.com\/limiares\/es\/xoan-montero\/\"><span style=\"color: #00ccff;\">BIONOTA<\/span><\/a><\/p>\t\t\t\t\t\t<\/div>\r\n\t\t\t\t\t\t\t\t<\/div>\r\n\t\t\t\t\t\t\t\t\t<\/div>\r\n\t\t\t\t\t<\/div>\r\n\t\t\t\t\t\t\t\t\t\t<div class=\"premium-person-container premium-person-zoomin-effect\">\r\n\t\t\t\t\t\t<div class=\"premium-person-image-container\">\r\n\t\t\t\t\t\t\t<img loading=\"lazy\" decoding=\"async\" width=\"320\" height=\"320\" src=\"https:\/\/paratraduccion.com\/limiares\/wp-content\/uploads\/2022\/05\/Salvador-320x320.jpeg\" class=\"attachment-medium size-medium wp-image-121676\" alt=\"\" srcset=\"https:\/\/paratraduccion.com\/limiares\/wp-content\/uploads\/2022\/05\/Salvador-320x320.jpeg 320w, https:\/\/paratraduccion.com\/limiares\/wp-content\/uploads\/2022\/05\/Salvador-1200x1200.jpeg 1200w, https:\/\/paratraduccion.com\/limiares\/wp-content\/uploads\/2022\/05\/Salvador-160x160.jpeg 160w, https:\/\/paratraduccion.com\/limiares\/wp-content\/uploads\/2022\/05\/Salvador-768x768.jpeg 768w, https:\/\/paratraduccion.com\/limiares\/wp-content\/uploads\/2022\/05\/Salvador-1536x1536.jpeg 1536w, https:\/\/paratraduccion.com\/limiares\/wp-content\/uploads\/2022\/05\/Salvador-2048x2048.jpeg 2048w\" sizes=\"(max-width: 320px) 100vw, 320px\" \/>\t\t\t\t\t\t\t\t\t\t\t\t\t<\/div>\r\n\t\t\t\t\t\t<div class=\"premium-person-info\">\r\n\t\t\t\t\t\t\t\t\t\t<div class=\"premium-person-info-container\">\r\n\t\t\t\t\t\t\t\t\t<span class=\"premium-person-name\">\r\n\t\t\t\t\t\tMourelo P\u00e9rez, Salvador\t\t\t\t\t<\/span>\r\n\t\t\t\t\t\t\t\t\t\t\t<div class=\"premium-person-content\">\r\n\t\t\t\t\t\t\t<p><a href=\"https:\/\/paratraduccion.com\/limiares\/es\/mourelo-salvador\/\"><span style=\"color: #00ccff;\">BIONOTA<\/span><\/a><\/p>\t\t\t\t\t\t<\/div>\r\n\t\t\t\t\t\t\t\t<\/div>\r\n\t\t\t\t\t\t\t\t\t<\/div>\r\n\t\t\t\t\t<\/div>\r\n\t\t\t\t\t\t\t\t\t\t<div class=\"premium-person-container premium-person-zoomin-effect\">\r\n\t\t\t\t\t\t<div class=\"premium-person-image-container\">\r\n\t\t\t\t\t\t\t<img loading=\"lazy\" decoding=\"async\" width=\"320\" height=\"320\" src=\"https:\/\/paratraduccion.com\/limiares\/wp-content\/uploads\/2022\/05\/Elena-320x320.jpeg\" class=\"attachment-medium size-medium wp-image-121661\" alt=\"\" srcset=\"https:\/\/paratraduccion.com\/limiares\/wp-content\/uploads\/2022\/05\/Elena-320x320.jpeg 320w, https:\/\/paratraduccion.com\/limiares\/wp-content\/uploads\/2022\/05\/Elena-1200x1200.jpeg 1200w, https:\/\/paratraduccion.com\/limiares\/wp-content\/uploads\/2022\/05\/Elena-160x160.jpeg 160w, https:\/\/paratraduccion.com\/limiares\/wp-content\/uploads\/2022\/05\/Elena-768x768.jpeg 768w, https:\/\/paratraduccion.com\/limiares\/wp-content\/uploads\/2022\/05\/Elena-1536x1536.jpeg 1536w, https:\/\/paratraduccion.com\/limiares\/wp-content\/uploads\/2022\/05\/Elena-2048x2048.jpeg 2048w\" sizes=\"(max-width: 320px) 100vw, 320px\" \/>\t\t\t\t\t\t\t\t\t\t\t\t\t<\/div>\r\n\t\t\t\t\t\t<div class=\"premium-person-info\">\r\n\t\t\t\t\t\t\t\t\t\t<div class=\"premium-person-info-container\">\r\n\t\t\t\t\t\t\t\t\t<span class=\"premium-person-name\">\r\n\t\t\t\t\t\tSanchez Trigo, Elena\t\t\t\t\t<\/span>\r\n\t\t\t\t\t\t\t\t\t\t\t<div class=\"premium-person-content\">\r\n\t\t\t\t\t\t\t<p><a href=\"https:\/\/paratraduccion.com\/limiares\/es\/elena-sanchez-trigo\/\"><span style=\"color: #00ccff;\">BIONOTA<\/span><\/a><\/p>\t\t\t\t\t\t<\/div>\r\n\t\t\t\t\t\t\t\t<\/div>\r\n\t\t\t\t\t\t\t\t\t<\/div>\r\n\t\t\t\t\t<\/div>\r\n\t\t\t\t\t\t\t\t\t\t<div class=\"premium-person-container premium-person-zoomin-effect\">\r\n\t\t\t\t\t\t<div class=\"premium-person-image-container\">\r\n\t\t\t\t\t\t\t<img loading=\"lazy\" decoding=\"async\" width=\"320\" height=\"320\" src=\"https:\/\/paratraduccion.com\/limiares\/wp-content\/uploads\/2022\/05\/Patricia-Sotelo-320x320.jpeg\" class=\"attachment-medium size-medium wp-image-121673\" alt=\"\" srcset=\"https:\/\/paratraduccion.com\/limiares\/wp-content\/uploads\/2022\/05\/Patricia-Sotelo-320x320.jpeg 320w, https:\/\/paratraduccion.com\/limiares\/wp-content\/uploads\/2022\/05\/Patricia-Sotelo-1200x1200.jpeg 1200w, https:\/\/paratraduccion.com\/limiares\/wp-content\/uploads\/2022\/05\/Patricia-Sotelo-160x160.jpeg 160w, https:\/\/paratraduccion.com\/limiares\/wp-content\/uploads\/2022\/05\/Patricia-Sotelo-768x768.jpeg 768w, https:\/\/paratraduccion.com\/limiares\/wp-content\/uploads\/2022\/05\/Patricia-Sotelo-1536x1536.jpeg 1536w, https:\/\/paratraduccion.com\/limiares\/wp-content\/uploads\/2022\/05\/Patricia-Sotelo-2048x2048.jpeg 2048w\" sizes=\"(max-width: 320px) 100vw, 320px\" \/>\t\t\t\t\t\t\t\t\t\t\t\t\t<\/div>\r\n\t\t\t\t\t\t<div class=\"premium-person-info\">\r\n\t\t\t\t\t\t\t\t\t\t<div class=\"premium-person-info-container\">\r\n\t\t\t\t\t\t\t\t\t<span class=\"premium-person-name\">\r\n\t\t\t\t\t\tSotelo Dios, Patricia\t\t\t\t\t<\/span>\r\n\t\t\t\t\t\t\t\t\t\t\t<div class=\"premium-person-content\">\r\n\t\t\t\t\t\t\t<p><a href=\"https:\/\/paratraduccion.com\/limiares\/es\/sotelo-dios-patricia\/\"><span style=\"color: #00ccff;\">BIONOTA<\/span><\/a><\/p>\t\t\t\t\t\t<\/div>\r\n\t\t\t\t\t\t\t\t<\/div>\r\n\t\t\t\t\t\t\t\t\t<\/div>\r\n\t\t\t\t\t<\/div>\r\n\t\t\t\t\t\t\t\t\t\t<div class=\"premium-person-container premium-person-zoomin-effect\">\r\n\t\t\t\t\t\t<div class=\"premium-person-image-container\">\r\n\t\t\t\t\t\t\t<img loading=\"lazy\" decoding=\"async\" width=\"320\" height=\"320\" src=\"https:\/\/paratraduccion.com\/limiares\/wp-content\/uploads\/2022\/05\/Francisco--320x320.jpeg\" class=\"attachment-medium size-medium wp-image-121663\" alt=\"\" srcset=\"https:\/\/paratraduccion.com\/limiares\/wp-content\/uploads\/2022\/05\/Francisco--320x320.jpeg 320w, https:\/\/paratraduccion.com\/limiares\/wp-content\/uploads\/2022\/05\/Francisco--1200x1200.jpeg 1200w, https:\/\/paratraduccion.com\/limiares\/wp-content\/uploads\/2022\/05\/Francisco--160x160.jpeg 160w, https:\/\/paratraduccion.com\/limiares\/wp-content\/uploads\/2022\/05\/Francisco--768x768.jpeg 768w, https:\/\/paratraduccion.com\/limiares\/wp-content\/uploads\/2022\/05\/Francisco--1536x1536.jpeg 1536w, https:\/\/paratraduccion.com\/limiares\/wp-content\/uploads\/2022\/05\/Francisco--2048x2048.jpeg 2048w\" sizes=\"(max-width: 320px) 100vw, 320px\" \/>\t\t\t\t\t\t\t\t\t\t\t\t\t<\/div>\r\n\t\t\t\t\t\t<div class=\"premium-person-info\">\r\n\t\t\t\t\t\t\t\t\t\t<div class=\"premium-person-info-container\">\r\n\t\t\t\t\t\t\t\t\t<span class=\"premium-person-name\">\r\n\t\t\t\t\t\tTorres P\u00e9rez, Francisco Jos\u00e9\t\t\t\t\t<\/span>\r\n\t\t\t\t\t\t\t\t\t\t\t<div class=\"premium-person-content\">\r\n\t\t\t\t\t\t\t<p><a href=\"https:\/\/paratraduccion.com\/limiares\/es\/franciso-jose-torres-perez\/\"><span style=\"color: #00ccff;\">BIONOTA<\/span><\/a><\/p>\t\t\t\t\t\t<\/div>\r\n\t\t\t\t\t\t\t\t<\/div>\r\n\t\t\t\t\t\t\t\t\t<\/div>\r\n\t\t\t\t\t<\/div>\r\n\t\t\t\t\t\t\t\t\t\t<div class=\"premium-person-container premium-person-zoomin-effect\">\r\n\t\t\t\t\t\t<div class=\"premium-person-image-container\">\r\n\t\t\t\t\t\t\t<img loading=\"lazy\" decoding=\"async\" width=\"320\" height=\"320\" src=\"https:\/\/paratraduccion.com\/limiares\/wp-content\/uploads\/2022\/05\/Jose-Yuste-II-320x320.jpeg\" class=\"attachment-medium size-medium wp-image-121666\" alt=\"\" srcset=\"https:\/\/paratraduccion.com\/limiares\/wp-content\/uploads\/2022\/05\/Jose-Yuste-II-320x320.jpeg 320w, https:\/\/paratraduccion.com\/limiares\/wp-content\/uploads\/2022\/05\/Jose-Yuste-II-1200x1200.jpeg 1200w, https:\/\/paratraduccion.com\/limiares\/wp-content\/uploads\/2022\/05\/Jose-Yuste-II-160x160.jpeg 160w, https:\/\/paratraduccion.com\/limiares\/wp-content\/uploads\/2022\/05\/Jose-Yuste-II-768x768.jpeg 768w, https:\/\/paratraduccion.com\/limiares\/wp-content\/uploads\/2022\/05\/Jose-Yuste-II-1536x1536.jpeg 1536w, https:\/\/paratraduccion.com\/limiares\/wp-content\/uploads\/2022\/05\/Jose-Yuste-II-2048x2048.jpeg 2048w\" sizes=\"(max-width: 320px) 100vw, 320px\" \/>\t\t\t\t\t\t\t\t\t\t\t\t\t<\/div>\r\n\t\t\t\t\t\t<div class=\"premium-person-info\">\r\n\t\t\t\t\t\t\t\t\t\t<div class=\"premium-person-info-container\">\r\n\t\t\t\t\t\t\t\t\t<span class=\"premium-person-name\">\r\n\t\t\t\t\t\tYuste Fr\u00edas, Jos\u00e9\t\t\t\t\t<\/span>\r\n\t\t\t\t\t\t\t\t\t\t\t<div class=\"premium-person-content\">\r\n\t\t\t\t\t\t\t<p><a href=\"https:\/\/paratraduccion.com\/limiares\/es\/yuste-frias\/\"><span style=\"color: #00ccff;\">BIONOTA<\/span><\/a><\/p>\t\t\t\t\t\t<\/div>\r\n\t\t\t\t\t\t\t\t<\/div>\r\n\t\t\t\t\t\t\t\t\t<\/div>\r\n\t\t\t\t\t<\/div>\r\n\t\t\t\t\t\t\t<\/div>\r\n\t\t\t\t<\/div>\n\t\t\t\t<\/div>\n\t\t\t\t\t<\/div>\n\t\t<\/div>\n\t\t\t\t\t<\/div>\n\t\t<\/section>\n\t\t\t\t<\/div>","protected":false},"excerpt":{"rendered":"<p>Profesor permanente laboral Profesor permanente laboral Link Orcid BIONOTA Pedro Gonz\u00e1lez Santamar\u00eda \u00e9 diplomado en ciencias empresariais, licenciado en Administraci\u00f3n e Direcci\u00f3n de empresas, licenciado en investigaci\u00f3n e t\u00e9cnicas de mercado e doutor \u00absobresaliente cum laude\u00bb pola Universidade de Vigo, onde imparte docencia nos Graos de Enxe\u00f1er\u00eda Industrial e Administraci\u00f3n de Empresas, as\u00ed coma no&hellip;<\/p>","protected":false},"author":1,"featured_media":121674,"parent":0,"menu_order":22,"comment_status":"closed","ping_status":"closed","template":"","meta":{"footnotes":""},"_links":{"self":[{"href":"https:\/\/paratraduccion.com\/limiares\/es\/wp-json\/wp\/v2\/pages\/33"}],"collection":[{"href":"https:\/\/paratraduccion.com\/limiares\/es\/wp-json\/wp\/v2\/pages"}],"about":[{"href":"https:\/\/paratraduccion.com\/limiares\/es\/wp-json\/wp\/v2\/types\/page"}],"author":[{"embeddable":true,"href":"https:\/\/paratraduccion.com\/limiares\/es\/wp-json\/wp\/v2\/users\/1"}],"replies":[{"embeddable":true,"href":"https:\/\/paratraduccion.com\/limiares\/es\/wp-json\/wp\/v2\/comments?post=33"}],"version-history":[{"count":32,"href":"https:\/\/paratraduccion.com\/limiares\/es\/wp-json\/wp\/v2\/pages\/33\/revisions"}],"predecessor-version":[{"id":127885,"href":"https:\/\/paratraduccion.com\/limiares\/es\/wp-json\/wp\/v2\/pages\/33\/revisions\/127885"}],"wp:featuredmedia":[{"embeddable":true,"href":"https:\/\/paratraduccion.com\/limiares\/es\/wp-json\/wp\/v2\/media\/121674"}],"wp:attachment":[{"href":"https:\/\/paratraduccion.com\/limiares\/es\/wp-json\/wp\/v2\/media?parent=33"}],"curies":[{"name":"wp","href":"https:\/\/api.w.org\/{rel}","templated":true}]}}