{"id":121949,"date":"2022-06-01T06:09:16","date_gmt":"2022-06-01T06:09:16","guid":{"rendered":"https:\/\/paratraduccion.com\/limiares\/?page_id=121949"},"modified":"2025-12-10T18:06:51","modified_gmt":"2025-12-10T18:06:51","slug":"blog-do-mtci","status":"publish","type":"page","link":"https:\/\/paratraduccion.com\/limiares\/fr\/blog-do-mtci\/","title":{"rendered":"Blog do MTCI"},"content":{"rendered":"<div data-elementor-type=\"wp-page\" data-elementor-id=\"121949\" class=\"elementor elementor-121949\" data-elementor-post-type=\"page\">\n\t\t\t\t\t\t<section class=\"elementor-section elementor-top-section elementor-element elementor-element-3b1a0a0 elementor-section-boxed elementor-section-height-default elementor-section-height-default\" data-id=\"3b1a0a0\" data-element_type=\"section\" data-settings=\"{&quot;jet_parallax_layout_list&quot;:[]}\">\n\t\t\t\t\t\t<div class=\"elementor-container elementor-column-gap-default\">\n\t\t\t\t\t<div class=\"elementor-column elementor-col-100 elementor-top-column elementor-element elementor-element-ae31f56\" data-id=\"ae31f56\" data-element_type=\"column\">\n\t\t\t<div class=\"elementor-widget-wrap elementor-element-populated\">\n\t\t\t\t\t\t<div class=\"elementor-element elementor-element-446362b elementor-hidden-tablet elementor-hidden-mobile elementor-widget elementor-widget-spacer\" data-id=\"446362b\" data-element_type=\"widget\" data-widget_type=\"spacer.default\">\n\t\t\t\t<div class=\"elementor-widget-container\">\n\t\t\t\t\t<div class=\"elementor-spacer\">\n\t\t\t<div class=\"elementor-spacer-inner\"><\/div>\n\t\t<\/div>\n\t\t\t\t<\/div>\n\t\t\t\t<\/div>\n\t\t\t\t<div class=\"elementor-element elementor-element-0b0794a elementor-hidden-desktop elementor-widget elementor-widget-spacer\" data-id=\"0b0794a\" data-element_type=\"widget\" data-widget_type=\"spacer.default\">\n\t\t\t\t<div class=\"elementor-widget-container\">\n\t\t\t\t\t<div class=\"elementor-spacer\">\n\t\t\t<div class=\"elementor-spacer-inner\"><\/div>\n\t\t<\/div>\n\t\t\t\t<\/div>\n\t\t\t\t<\/div>\n\t\t\t\t\t<\/div>\n\t\t<\/div>\n\t\t\t\t\t<\/div>\n\t\t<\/section>\n\t\t\t\t<section class=\"elementor-section elementor-top-section elementor-element elementor-element-c46aa19 elementor-section-boxed elementor-section-height-default elementor-section-height-default\" data-id=\"c46aa19\" data-element_type=\"section\" data-settings=\"{&quot;jet_parallax_layout_list&quot;:[]}\">\n\t\t\t\t\t\t<div class=\"elementor-container elementor-column-gap-default\">\n\t\t\t\t\t<div class=\"elementor-column elementor-col-100 elementor-top-column elementor-element elementor-element-3251474\" data-id=\"3251474\" data-element_type=\"column\">\n\t\t\t<div class=\"elementor-widget-wrap elementor-element-populated\">\n\t\t\t\t\t\t<div class=\"elementor-element elementor-element-01b519c elementor-search-form-skin-default elementor-widget elementor-widget-bdt-search\" data-id=\"01b519c\" data-element_type=\"widget\" data-widget_type=\"bdt-search.default\">\n\t\t\t\t<div class=\"elementor-widget-container\">\n\t\t\t\t\t<div class=\"bdt-search-container\">\n\t\t\t\n\t\t\t\n\t\t\t<form class=\"bdt-search bdt-ajax-search bdt-search-default\" role=\"search\" method=\"get\" action=\"https:\/\/paratraduccion.com\/limiares\/fr\/\" anchor-target=\"yes\" autocomplete=\"off\" data-settings=\"{&quot;post_type&quot;:&quot;post&quot;}\" data-trp-original-action=\"https:\/\/paratraduccion.com\/limiares\/fr\/\">\n\t\t\t\t<div class=\"bdt-position-relative\">\n\t\t\t\t\t<span class=\"\" data-bdt-search-icon><\/span>\t\t\t\t\t\t\t\t\t\t\t<input name=\"post_type\" id=\"post_type\" type=\"hidden\" value=\"post\">\n\t\t\t\t\t\t\t\t\t\t<input placeholder=\"Rechercher\" class=\"bdt-search-input\" type=\"search\" name=\"s\" title=\"Search\" value=\"\">\n\t\t\t\t\t\t\t\t\t<\/div>\n\n\n\t\t\t\t\t\t\t\t\t<div class=\"bdt-search-result\"><\/div>\n\t\t\t\t\t\t\t<input type=\"hidden\" name=\"trp-form-language\" value=\"fr\"\/><\/form>\n\n\t\t\t\t<\/div>\n\t\t\t\t<\/div>\n\t\t\t\t<\/div>\n\t\t\t\t<div class=\"elementor-element elementor-element-00a70c1 elementor-widget elementor-widget-bdt-timeline\" data-id=\"00a70c1\" data-element_type=\"widget\" data-widget_type=\"bdt-timeline.default\">\n\t\t\t\t<div class=\"elementor-widget-container\">\n\t\t\t            <div id=\"bdt-timeline-00a70c1\" class=\"bdt-timeline bdt-timeline-skin-default bdt-timeline-center bdt-timeline-icon-yes\">\n                <div class=\"bdt-grid bdt-grid-collapse\">\n                    \n                        <div class=\"bdt-width-1-2@m bdt-timeline-item left-part\">\n\n                            <div class=\"bdt-timeline-item-main-wrapper\">\n                                <div class=\"bdt-timeline-line\">\n                                    <span ><\/span>\n                                <\/div>\n                                <div class=\"bdt-timeline-item-main-container\">\n                                    \n                                            <div class=\"bdt-timeline-icon\">\n                            <span><i class=\"ep-icon-post\" aria-hidden=\"true\"><\/i><\/span>\n                    <\/div>\n\t\t\n                                            <div class=\"bdt-timeline-item-main\" >\n            <span class=\"bdt-timeline-arrow\"><\/span>\n\n                        <div class=\"bdt-timeline-thumbnail\">\n                <img decoding=\"async\" src=\"https:\/\/paratraduccion.com\/limiares\/wp-content\/uploads\/2026\/08\/DOBRAXE-1200x849.jpeg\" alt=\"2.\u00aa edici\u00f3n de la microcredencial de Introducci\u00f3n al doblaje\">\n            <\/div>\n        \n            <div class=\"bdt-timeline-desc bdt-padding\">\n                        <h4 class=\"bdt-timeline-title\">\n                            <a href=\"https:\/\/paratraduccion.com\/limiares\/fr\/microcredencial-dobraxe\/\" title=\"2.\u00aa edici\u00f3n de la microcredencial de Introducci\u00f3n al doblaje\">\n                    2.\u00aa edici\u00f3n de la microcredencial de Introducci\u00f3n al doblaje                <\/a>\n                    <\/h4>\n                                                <div class=\"bdt-timeline-excerpt\">\n                <p>Estimado futuro alumnado del M\u00e1ster:Os informamos de que est\u00e1 abierto el plazo de inscripci\u00f3n para<\/p>\n            <\/div>\n                                <a href=\"https:\/\/paratraduccion.com\/limiares\/fr\/microcredencial-dobraxe\/\" class=\"bdt-timeline-readmore elementor-button elementor-size-sm\">\n            En savoir plus\n                    <\/a>\n                    <\/div>\n        <\/div>\n    \n                                <\/div>\n                            <\/div>\n                        <\/div>\n\n                                                            <div class=\"bdt-timeline-item bdt-width-1-2@m bdt-visible@m\">\n            <div class=\"bdt-timeline-date bdt-text-left\" >\n                <span>28 ao\u00fbt 2026<\/span>\n            <\/div>\n        <\/div>\n                                \n                                                        <div class=\"bdt-timeline-item bdt-width-1-2@m bdt-visible@m\">\n            <div class=\"bdt-timeline-date bdt-text-right\" >\n                <span>28 ao\u00fbt 2026<\/span>\n            <\/div>\n        <\/div>\n                                \n                        <div class=\"bdt-width-1-2@m bdt-timeline-item right-part\">\n\n                            <div class=\"bdt-timeline-item-main-wrapper\">\n                                <div class=\"bdt-timeline-line\">\n                                    <span ><\/span>\n                                <\/div>\n                                <div class=\"bdt-timeline-item-main-container\">\n                                    \n                                            <div class=\"bdt-timeline-icon bdt-timeline-icon\">\n                            <span><i class=\"ep-icon-post\" aria-hidden=\"true\"><\/i><\/span>\n                    <\/div>\n\t\t\n                                            <div class=\"bdt-timeline-item-main\" >\n            <span class=\"bdt-timeline-arrow\"><\/span>\n\n                        <div class=\"bdt-timeline-thumbnail\">\n                <img decoding=\"async\" src=\"https:\/\/paratraduccion.com\/limiares\/wp-content\/uploads\/2026\/08\/plazas-completas-2026_27.png\" alt=\"D\u00e9cimo ano consecutivo coas prazas completas!\">\n            <\/div>\n        \n            <div class=\"bdt-timeline-desc bdt-padding\">\n                        <h4 class=\"bdt-timeline-title\">\n                            <a href=\"https:\/\/paratraduccion.com\/limiares\/fr\/prazas-completas\/\" title=\"D\u00e9cimo ano consecutivo coas prazas completas!\">\n                    D\u00e9cimo ano consecutivo coas prazas completas!                <\/a>\n                    <\/h4>\n                                                <div class=\"bdt-timeline-excerpt\">\n                <p>Estamos de celebraci\u00f3n! Por d\u00e9cimo ano consecutivo, completamos todas as prazas do M\u00e1ster en Traduci\u00f3n<\/p>\n            <\/div>\n                                <a href=\"https:\/\/paratraduccion.com\/limiares\/fr\/prazas-completas\/\" class=\"bdt-timeline-readmore elementor-button elementor-size-sm\">\n            En savoir plus\n                    <\/a>\n                    <\/div>\n        <\/div>\n    \n                                <\/div>\n                            <\/div>\n                        <\/div>\n\n                        \n                    \n                        <div class=\"bdt-width-1-2@m bdt-timeline-item left-part\">\n\n                            <div class=\"bdt-timeline-item-main-wrapper\">\n                                <div class=\"bdt-timeline-line\">\n                                    <span ><\/span>\n                                <\/div>\n                                <div class=\"bdt-timeline-item-main-container\">\n                                    \n                                            <div class=\"bdt-timeline-icon bdt-timeline-icon bdt-timeline-icon\">\n                            <span><i class=\"ep-icon-post\" aria-hidden=\"true\"><\/i><\/span>\n                    <\/div>\n\t\t\n                                            <div class=\"bdt-timeline-item-main\" >\n            <span class=\"bdt-timeline-arrow\"><\/span>\n\n                        <div class=\"bdt-timeline-thumbnail\">\n                <img decoding=\"async\" src=\"https:\/\/paratraduccion.com\/limiares\/wp-content\/uploads\/2026\/08\/trillo-palermo.png\" alt=\"A experiencia de Luc\u00eda Trillo en Sicilia como estudante de dobre titulaci\u00f3n\">\n            <\/div>\n        \n            <div class=\"bdt-timeline-desc bdt-padding\">\n                        <h4 class=\"bdt-timeline-title\">\n                            <a href=\"https:\/\/paratraduccion.com\/limiares\/fr\/lucia-trillo\/\" title=\"A experiencia de Luc\u00eda Trillo en Sicilia como estudante de dobre titulaci\u00f3n\">\n                    A experiencia de Luc\u00eda Trillo en Sicilia como estudante de dobre titulaci\u00f3n                <\/a>\n                    <\/h4>\n                                                <div class=\"bdt-timeline-excerpt\">\n                <p>Co\u00f1ece a experiencia de Luc\u00eda Trillo, antiga alumna do MTCI, que cursou a dobre titulaci\u00f3n<\/p>\n            <\/div>\n                                <a href=\"https:\/\/paratraduccion.com\/limiares\/fr\/lucia-trillo\/\" class=\"bdt-timeline-readmore elementor-button elementor-size-sm\">\n            En savoir plus\n                    <\/a>\n                    <\/div>\n        <\/div>\n    \n                                <\/div>\n                            <\/div>\n                        <\/div>\n\n                                                            <div class=\"bdt-timeline-item bdt-width-1-2@m bdt-visible@m\">\n            <div class=\"bdt-timeline-date bdt-text-left\" >\n                <span>28 ao\u00fbt 2026<\/span>\n            <\/div>\n        <\/div>\n                                \n                                                        <div class=\"bdt-timeline-item bdt-width-1-2@m bdt-visible@m\">\n            <div class=\"bdt-timeline-date bdt-text-right\" >\n                <span>22 juin 2026<\/span>\n            <\/div>\n        <\/div>\n                                \n                        <div class=\"bdt-width-1-2@m bdt-timeline-item right-part\">\n\n                            <div class=\"bdt-timeline-item-main-wrapper\">\n                                <div class=\"bdt-timeline-line\">\n                                    <span ><\/span>\n                                <\/div>\n                                <div class=\"bdt-timeline-item-main-container\">\n                                    \n                                            <div class=\"bdt-timeline-icon bdt-timeline-icon bdt-timeline-icon bdt-timeline-icon\">\n                            <span><i class=\"ep-icon-post\" aria-hidden=\"true\"><\/i><\/span>\n                    <\/div>\n\t\t\n                                            <div class=\"bdt-timeline-item-main\" >\n            <span class=\"bdt-timeline-arrow\"><\/span>\n\n                        <div class=\"bdt-timeline-thumbnail\">\n                <img decoding=\"async\" src=\"https:\/\/paratraduccion.com\/limiares\/wp-content\/uploads\/2026\/06\/v22c1-e1782129505748.png\" alt=\"\u00d3scar Ferreiro, coordinador do mestrado, destaca os logros do MTCI tras a renovaci\u00f3n da Menci\u00f3n de Excelencia da Xunta de Galicia\">\n            <\/div>\n        \n            <div class=\"bdt-timeline-desc bdt-padding\">\n                        <h4 class=\"bdt-timeline-title\">\n                            <a href=\"https:\/\/paratraduccion.com\/limiares\/fr\/mtci-la-voz\/\" title=\"\u00d3scar Ferreiro, coordinador do mestrado, destaca os logros do MTCI tras a renovaci\u00f3n da Menci\u00f3n de Excelencia da Xunta de Galicia\">\n                    \u00d3scar Ferreiro, coordinador do mestrado, destaca os logros do MTCI tras a renovaci\u00f3n da Menci\u00f3n de Excelencia da Xunta de Galicia                <\/a>\n                    <\/h4>\n                                                <div class=\"bdt-timeline-excerpt\">\n                <p>O M\u00e1ster en Traduci\u00f3n para a Comunicaci\u00f3n Internacional (MTCI) volve situarse entre os mestrados de<\/p>\n            <\/div>\n                                <a href=\"https:\/\/paratraduccion.com\/limiares\/fr\/mtci-la-voz\/\" class=\"bdt-timeline-readmore elementor-button elementor-size-sm\">\n            En savoir plus\n                    <\/a>\n                    <\/div>\n        <\/div>\n    \n                                <\/div>\n                            <\/div>\n                        <\/div>\n\n                        \n                    \n                        <div class=\"bdt-width-1-2@m bdt-timeline-item left-part\">\n\n                            <div class=\"bdt-timeline-item-main-wrapper\">\n                                <div class=\"bdt-timeline-line\">\n                                    <span ><\/span>\n                                <\/div>\n                                <div class=\"bdt-timeline-item-main-container\">\n                                    \n                                            <div class=\"bdt-timeline-icon bdt-timeline-icon bdt-timeline-icon bdt-timeline-icon bdt-timeline-icon\">\n                            <span><i class=\"ep-icon-post\" aria-hidden=\"true\"><\/i><\/span>\n                    <\/div>\n\t\t\n                                            <div class=\"bdt-timeline-item-main\" >\n            <span class=\"bdt-timeline-arrow\"><\/span>\n\n                        <div class=\"bdt-timeline-thumbnail\">\n                <img decoding=\"async\" src=\"https:\/\/paratraduccion.com\/limiares\/wp-content\/uploads\/2026\/06\/Cuberta.jpg\" alt=\"O MTCI renova a menci\u00f3n de Excelencia da Xunta de Galicia ata o 2031 e reafirma o seu liderado no SUG\">\n            <\/div>\n        \n            <div class=\"bdt-timeline-desc bdt-padding\">\n                        <h4 class=\"bdt-timeline-title\">\n                            <a href=\"https:\/\/paratraduccion.com\/limiares\/fr\/excelencia-2031\/\" title=\"O MTCI renova a menci\u00f3n de Excelencia da Xunta de Galicia ata o 2031 e reafirma o seu liderado no SUG\">\n                    O MTCI renova a menci\u00f3n de Excelencia da Xunta de Galicia ata o 2031 e reafirma o seu liderado no SUG                <\/a>\n                    <\/h4>\n                                                <div class=\"bdt-timeline-excerpt\">\n                <p>Como coordinador do Mestrado en Traduci\u00f3n para a Comunicaci\u00f3n Internacional (MTCI), \u00e9 para min unha<\/p>\n            <\/div>\n                                <a href=\"https:\/\/paratraduccion.com\/limiares\/fr\/excelencia-2031\/\" class=\"bdt-timeline-readmore elementor-button elementor-size-sm\">\n            En savoir plus\n                    <\/a>\n                    <\/div>\n        <\/div>\n    \n                                <\/div>\n                            <\/div>\n                        <\/div>\n\n                                                            <div class=\"bdt-timeline-item bdt-width-1-2@m bdt-visible@m\">\n            <div class=\"bdt-timeline-date bdt-text-left\" >\n                <span>01 juin 2026<\/span>\n            <\/div>\n        <\/div>\n                                \n                                                        <div class=\"bdt-timeline-item bdt-width-1-2@m bdt-visible@m\">\n            <div class=\"bdt-timeline-date bdt-text-right\" >\n                <span>18 mars 2026<\/span>\n            <\/div>\n        <\/div>\n                                \n                        <div class=\"bdt-width-1-2@m bdt-timeline-item right-part\">\n\n                            <div class=\"bdt-timeline-item-main-wrapper\">\n                                <div class=\"bdt-timeline-line\">\n                                    <span ><\/span>\n                                <\/div>\n                                <div class=\"bdt-timeline-item-main-container\">\n                                    \n                                            <div class=\"bdt-timeline-icon bdt-timeline-icon bdt-timeline-icon bdt-timeline-icon bdt-timeline-icon bdt-timeline-icon\">\n                            <span><i class=\"ep-icon-post\" aria-hidden=\"true\"><\/i><\/span>\n                    <\/div>\n\t\t\n                                            <div class=\"bdt-timeline-item-main\" >\n            <span class=\"bdt-timeline-arrow\"><\/span>\n\n                        <div class=\"bdt-timeline-thumbnail\">\n                <img decoding=\"async\" src=\"https:\/\/paratraduccion.com\/limiares\/wp-content\/uploads\/2026\/03\/CARTEL_Cidade_sostibilidade_V2-1200x848.jpg\" alt=\"Activar espazos, crear p\u00fablicos: un obradoiro para repensar a cultura como motor de cidade\">\n            <\/div>\n        \n            <div class=\"bdt-timeline-desc bdt-padding\">\n                        <h4 class=\"bdt-timeline-title\">\n                            <a href=\"https:\/\/paratraduccion.com\/limiares\/fr\/sostibilidade\/\" title=\"Activar espazos, crear p\u00fablicos: un obradoiro para repensar a cultura como motor de cidade\">\n                    Activar espazos, crear p\u00fablicos: un obradoiro para repensar a cultura como motor de cidade                <\/a>\n                    <\/h4>\n                                                <div class=\"bdt-timeline-excerpt\">\n                <p>O Mestrado en Traduci\u00f3n para a Comunicaci\u00f3n Internacional pon en marcha o obradoiro \u00abActivar espazos,<\/p>\n            <\/div>\n                                <a href=\"https:\/\/paratraduccion.com\/limiares\/fr\/sostibilidade\/\" class=\"bdt-timeline-readmore elementor-button elementor-size-sm\">\n            En savoir plus\n                    <\/a>\n                    <\/div>\n        <\/div>\n    \n                                <\/div>\n                            <\/div>\n                        <\/div>\n\n                        \n                    \n                        <div class=\"bdt-width-1-2@m bdt-timeline-item left-part\">\n\n                            <div class=\"bdt-timeline-item-main-wrapper\">\n                                <div class=\"bdt-timeline-line\">\n                                    <span ><\/span>\n                                <\/div>\n                                <div class=\"bdt-timeline-item-main-container\">\n                                    \n                                            <div class=\"bdt-timeline-icon bdt-timeline-icon bdt-timeline-icon bdt-timeline-icon bdt-timeline-icon bdt-timeline-icon bdt-timeline-icon\">\n                            <span><i class=\"ep-icon-post\" aria-hidden=\"true\"><\/i><\/span>\n                    <\/div>\n\t\t\n                                            <div class=\"bdt-timeline-item-main\" >\n            <span class=\"bdt-timeline-arrow\"><\/span>\n\n                        <div class=\"bdt-timeline-thumbnail\">\n                <img decoding=\"async\" src=\"https:\/\/paratraduccion.com\/limiares\/wp-content\/uploads\/2026\/02\/mentoria-iii.jpg\" alt=\"O MTCI pon en marcha a III Edici\u00f3n da Mentor\u00eda personalizada para o estudantado de mestrado\">\n            <\/div>\n        \n            <div class=\"bdt-timeline-desc bdt-padding\">\n                        <h4 class=\"bdt-timeline-title\">\n                            <a href=\"https:\/\/paratraduccion.com\/limiares\/fr\/mentoria-iii\/\" title=\"O MTCI pon en marcha a III Edici\u00f3n da Mentor\u00eda personalizada para o estudantado de mestrado\">\n                    O MTCI pon en marcha a III Edici\u00f3n da Mentor\u00eda personalizada para o estudantado de mestrado                <\/a>\n                    <\/h4>\n                                                <div class=\"bdt-timeline-excerpt\">\n                <p>Un ano m\u00e1is, dende a coordinaci\u00f3n do Mestrado en Traduci\u00f3n para a Comunicaci\u00f3n Internacional temos<\/p>\n            <\/div>\n                                <a href=\"https:\/\/paratraduccion.com\/limiares\/fr\/mentoria-iii\/\" class=\"bdt-timeline-readmore elementor-button elementor-size-sm\">\n            En savoir plus\n                    <\/a>\n                    <\/div>\n        <\/div>\n    \n                                <\/div>\n                            <\/div>\n                        <\/div>\n\n                                                            <div class=\"bdt-timeline-item bdt-width-1-2@m bdt-visible@m\">\n            <div class=\"bdt-timeline-date bdt-text-left\" >\n                <span>23 f\u00e9vrier 2026<\/span>\n            <\/div>\n        <\/div>\n                                \n                                                        <div class=\"bdt-timeline-item bdt-width-1-2@m bdt-visible@m\">\n            <div class=\"bdt-timeline-date bdt-text-right\" >\n                <span>22 f\u00e9vrier 2026<\/span>\n            <\/div>\n        <\/div>\n                                \n                        <div class=\"bdt-width-1-2@m bdt-timeline-item right-part\">\n\n                            <div class=\"bdt-timeline-item-main-wrapper\">\n                                <div class=\"bdt-timeline-line\">\n                                    <span ><\/span>\n                                <\/div>\n                                <div class=\"bdt-timeline-item-main-container\">\n                                    \n                                            <div class=\"bdt-timeline-icon bdt-timeline-icon bdt-timeline-icon bdt-timeline-icon bdt-timeline-icon bdt-timeline-icon bdt-timeline-icon bdt-timeline-icon\">\n                            <span><i class=\"ep-icon-post\" aria-hidden=\"true\"><\/i><\/span>\n                    <\/div>\n\t\t\n                                            <div class=\"bdt-timeline-item-main\" >\n            <span class=\"bdt-timeline-arrow\"><\/span>\n\n                        <div class=\"bdt-timeline-thumbnail\">\n                <img decoding=\"async\" src=\"https:\/\/paratraduccion.com\/limiares\/wp-content\/uploads\/2026\/02\/cartel-1200x848.jpeg\" alt=\"Microcredencial: Inmersi\u00f3n inicial en cultura, lingua e comunicaci\u00f3n coreana para negocios\">\n            <\/div>\n        \n            <div class=\"bdt-timeline-desc bdt-padding\">\n                        <h4 class=\"bdt-timeline-title\">\n                            <a href=\"https:\/\/paratraduccion.com\/limiares\/fr\/microcredencial-coreano\/\" title=\"Microcredencial: Inmersi\u00f3n inicial en cultura, lingua e comunicaci\u00f3n coreana para negocios\">\n                    Microcredencial: Inmersi\u00f3n inicial en cultura, lingua e comunicaci\u00f3n coreana para negocios                <\/a>\n                    <\/h4>\n                                                <div class=\"bdt-timeline-excerpt\">\n                <p>Temos o pracer de anunciar a posta en marcha da microcredencial Inmersi\u00f3n inicial en cultura,<\/p>\n            <\/div>\n                                <a href=\"https:\/\/paratraduccion.com\/limiares\/fr\/microcredencial-coreano\/\" class=\"bdt-timeline-readmore elementor-button elementor-size-sm\">\n            En savoir plus\n                    <\/a>\n                    <\/div>\n        <\/div>\n    \n                                <\/div>\n                            <\/div>\n                        <\/div>\n\n                        \n                    \n                        <div class=\"bdt-width-1-2@m bdt-timeline-item left-part\">\n\n                            <div class=\"bdt-timeline-item-main-wrapper\">\n                                <div class=\"bdt-timeline-line\">\n                                    <span ><\/span>\n                                <\/div>\n                                <div class=\"bdt-timeline-item-main-container\">\n                                    \n                                            <div class=\"bdt-timeline-icon bdt-timeline-icon bdt-timeline-icon bdt-timeline-icon bdt-timeline-icon bdt-timeline-icon bdt-timeline-icon bdt-timeline-icon bdt-timeline-icon\">\n                            <span><i class=\"ep-icon-post\" aria-hidden=\"true\"><\/i><\/span>\n                    <\/div>\n\t\t\n                                            <div class=\"bdt-timeline-item-main\" >\n            <span class=\"bdt-timeline-arrow\"><\/span>\n\n                        <div class=\"bdt-timeline-thumbnail\">\n                <img decoding=\"async\" src=\"https:\/\/paratraduccion.com\/limiares\/wp-content\/uploads\/2026\/01\/WhatsApp-Image-2026-01-16-at-17.37.58-1200x1600.jpeg\" alt=\"Do Mestrado en Traduci\u00f3n para a Comunicaci\u00f3n Internacional ao Parlamento Europeo: entrevista con Alba Rubio Alonso\">\n            <\/div>\n        \n            <div class=\"bdt-timeline-desc bdt-padding\">\n                        <h4 class=\"bdt-timeline-title\">\n                            <a href=\"https:\/\/paratraduccion.com\/limiares\/fr\/entrevista-alba-rubio\/\" title=\"Do Mestrado en Traduci\u00f3n para a Comunicaci\u00f3n Internacional ao Parlamento Europeo: entrevista con Alba Rubio Alonso\">\n                    Do Mestrado en Traduci\u00f3n para a Comunicaci\u00f3n Internacional ao Parlamento Europeo: entrevista con Alba Rubio Alonso                <\/a>\n                    <\/h4>\n                                                <div class=\"bdt-timeline-excerpt\">\n                <p>Por que decidiches solicitar a bolsa Schuman do Parlamento Europeo e como te enteraches da<\/p>\n            <\/div>\n                                <a href=\"https:\/\/paratraduccion.com\/limiares\/fr\/entrevista-alba-rubio\/\" class=\"bdt-timeline-readmore elementor-button elementor-size-sm\">\n            En savoir plus\n                    <\/a>\n                    <\/div>\n        <\/div>\n    \n                                <\/div>\n                            <\/div>\n                        <\/div>\n\n                                                            <div class=\"bdt-timeline-item bdt-width-1-2@m bdt-visible@m\">\n            <div class=\"bdt-timeline-date bdt-text-left\" >\n                <span>19 janvier 2026<\/span>\n            <\/div>\n        <\/div>\n                                \n                                                        <div class=\"bdt-timeline-item bdt-width-1-2@m bdt-visible@m\">\n            <div class=\"bdt-timeline-date bdt-text-right\" >\n                <span>03 octobre 2025<\/span>\n            <\/div>\n        <\/div>\n                                \n                        <div class=\"bdt-width-1-2@m bdt-timeline-item right-part\">\n\n                            <div class=\"bdt-timeline-item-main-wrapper\">\n                                <div class=\"bdt-timeline-line\">\n                                    <span ><\/span>\n                                <\/div>\n                                <div class=\"bdt-timeline-item-main-container\">\n                                    \n                                            <div class=\"bdt-timeline-icon bdt-timeline-icon bdt-timeline-icon bdt-timeline-icon bdt-timeline-icon bdt-timeline-icon bdt-timeline-icon bdt-timeline-icon bdt-timeline-icon bdt-timeline-icon\">\n                            <span><i class=\"ep-icon-post\" aria-hidden=\"true\"><\/i><\/span>\n                    <\/div>\n\t\t\n                                            <div class=\"bdt-timeline-item-main\" >\n            <span class=\"bdt-timeline-arrow\"><\/span>\n\n                        <div class=\"bdt-timeline-thumbnail\">\n                <img decoding=\"async\" src=\"https:\/\/paratraduccion.com\/limiares\/wp-content\/uploads\/2025\/10\/CARTEL_A3_-1200x849.jpg\" alt=\"Aberta a inscrici\u00f3n na microcredencial \u00abTraduci\u00f3n e dobraxe\u00bb\">\n            <\/div>\n        \n            <div class=\"bdt-timeline-desc bdt-padding\">\n                        <h4 class=\"bdt-timeline-title\">\n                            <a href=\"https:\/\/paratraduccion.com\/limiares\/fr\/traducion-e-dobraxe\/\" title=\"Aberta a inscrici\u00f3n na microcredencial \u00abTraduci\u00f3n e dobraxe\u00bb\">\n                    Aberta a inscrici\u00f3n na microcredencial \u00abTraduci\u00f3n e dobraxe\u00bb                <\/a>\n                    <\/h4>\n                                                <div class=\"bdt-timeline-excerpt\">\n                <p>O Mestrado en Traduci\u00f3n para a Comunicaci\u00f3n Internacional da Universidade de Vigo informa que puxo<\/p>\n            <\/div>\n                                <a href=\"https:\/\/paratraduccion.com\/limiares\/fr\/traducion-e-dobraxe\/\" class=\"bdt-timeline-readmore elementor-button elementor-size-sm\">\n            En savoir plus\n                    <\/a>\n                    <\/div>\n        <\/div>\n    \n                                <\/div>\n                            <\/div>\n                        <\/div>\n\n                        \n                    \n                        <div class=\"bdt-width-1-2@m bdt-timeline-item left-part\">\n\n                            <div class=\"bdt-timeline-item-main-wrapper\">\n                                <div class=\"bdt-timeline-line\">\n                                    <span ><\/span>\n                                <\/div>\n                                <div class=\"bdt-timeline-item-main-container\">\n                                    \n                                            <div class=\"bdt-timeline-icon bdt-timeline-icon bdt-timeline-icon bdt-timeline-icon bdt-timeline-icon bdt-timeline-icon bdt-timeline-icon bdt-timeline-icon bdt-timeline-icon bdt-timeline-icon bdt-timeline-icon\">\n                            <span><i class=\"ep-icon-post\" aria-hidden=\"true\"><\/i><\/span>\n                    <\/div>\n\t\t\n                                            <div class=\"bdt-timeline-item-main\" >\n            <span class=\"bdt-timeline-arrow\"><\/span>\n\n                        <div class=\"bdt-timeline-thumbnail\">\n                <img decoding=\"async\" src=\"https:\/\/paratraduccion.com\/limiares\/wp-content\/uploads\/2025\/07\/record-inscritos.png\" alt=\"O Mestrado en Traduci\u00f3n para a Comunicaci\u00f3n Internacional consol\u00eddase como referente internacional cunha avalancha de solicitudes e lidera a demanda en Humanidades\">\n            <\/div>\n        \n            <div class=\"bdt-timeline-desc bdt-padding\">\n                        <h4 class=\"bdt-timeline-title\">\n                            <a href=\"https:\/\/paratraduccion.com\/limiares\/fr\/record-inscritos\/\" title=\"O Mestrado en Traduci\u00f3n para a Comunicaci\u00f3n Internacional consol\u00eddase como referente internacional cunha avalancha de solicitudes e lidera a demanda en Humanidades\">\n                    O Mestrado en Traduci\u00f3n para a Comunicaci\u00f3n Internacional consol\u00eddase como referente internacional cunha avalancha de solicitudes e lidera a demanda en Humanidades                <\/a>\n                    <\/h4>\n                                                <div class=\"bdt-timeline-excerpt\">\n                <p>O Mestrado en Traduci\u00f3n para a Comunicaci\u00f3n Internacional (MTCI) volve acadar un fito sen precedentes<\/p>\n            <\/div>\n                                <a href=\"https:\/\/paratraduccion.com\/limiares\/fr\/record-inscritos\/\" class=\"bdt-timeline-readmore elementor-button elementor-size-sm\">\n            En savoir plus\n                    <\/a>\n                    <\/div>\n        <\/div>\n    \n                                <\/div>\n                            <\/div>\n                        <\/div>\n\n                                                            <div class=\"bdt-timeline-item bdt-width-1-2@m bdt-visible@m\">\n            <div class=\"bdt-timeline-date bdt-text-left\" >\n                <span>10 juillet 2025<\/span>\n            <\/div>\n        <\/div>\n                                \n                                                        <div class=\"bdt-timeline-item bdt-width-1-2@m bdt-visible@m\">\n            <div class=\"bdt-timeline-date bdt-text-right\" >\n                <span>30 juin 2025<\/span>\n            <\/div>\n        <\/div>\n                                \n                        <div class=\"bdt-width-1-2@m bdt-timeline-item right-part\">\n\n                            <div class=\"bdt-timeline-item-main-wrapper\">\n                                <div class=\"bdt-timeline-line\">\n                                    <span ><\/span>\n                                <\/div>\n                                <div class=\"bdt-timeline-item-main-container\">\n                                    \n                                            <div class=\"bdt-timeline-icon bdt-timeline-icon bdt-timeline-icon bdt-timeline-icon bdt-timeline-icon bdt-timeline-icon bdt-timeline-icon bdt-timeline-icon bdt-timeline-icon bdt-timeline-icon bdt-timeline-icon bdt-timeline-icon\">\n                            <span><i class=\"ep-icon-post\" aria-hidden=\"true\"><\/i><\/span>\n                    <\/div>\n\t\t\n                                            <div class=\"bdt-timeline-item-main\" >\n            <span class=\"bdt-timeline-arrow\"><\/span>\n\n                        <div class=\"bdt-timeline-thumbnail\">\n                <img decoding=\"async\" src=\"https:\/\/paratraduccion.com\/limiares\/wp-content\/uploads\/2025\/06\/materias-friendly-1.png\" alt=\"Materias English Friendly, Fran\u00e7ais Amical, Portugu\u00eas Amig\u00e1vel e Italiano Amichevole no MTCI\">\n            <\/div>\n        \n            <div class=\"bdt-timeline-desc bdt-padding\">\n                        <h4 class=\"bdt-timeline-title\">\n                            <a href=\"https:\/\/paratraduccion.com\/limiares\/fr\/materias-multilingues\/\" title=\"Materias English Friendly, Fran\u00e7ais Amical, Portugu\u00eas Amig\u00e1vel e Italiano Amichevole no MTCI\">\n                    Materias English Friendly, Fran\u00e7ais Amical, Portugu\u00eas Amig\u00e1vel e Italiano Amichevole no MTCI                <\/a>\n                    <\/h4>\n                                                <div class=\"bdt-timeline-excerpt\">\n                <p>O M\u00e1ster universitario en Traduci\u00f3n para a Comunicaci\u00f3n Internacional (MTCI) da Universidade de Vigo \u2014m\u00e1ster<\/p>\n            <\/div>\n                                <a href=\"https:\/\/paratraduccion.com\/limiares\/fr\/materias-multilingues\/\" class=\"bdt-timeline-readmore elementor-button elementor-size-sm\">\n            En savoir plus\n                    <\/a>\n                    <\/div>\n        <\/div>\n    \n                                <\/div>\n                            <\/div>\n                        <\/div>\n\n                        \n                    \n                        <div class=\"bdt-width-1-2@m bdt-timeline-item left-part\">\n\n                            <div class=\"bdt-timeline-item-main-wrapper\">\n                                <div class=\"bdt-timeline-line\">\n                                    <span ><\/span>\n                                <\/div>\n                                <div class=\"bdt-timeline-item-main-container\">\n                                    \n                                            <div class=\"bdt-timeline-icon bdt-timeline-icon bdt-timeline-icon bdt-timeline-icon bdt-timeline-icon bdt-timeline-icon bdt-timeline-icon bdt-timeline-icon bdt-timeline-icon bdt-timeline-icon bdt-timeline-icon bdt-timeline-icon bdt-timeline-icon\">\n                            <span><i class=\"ep-icon-post\" aria-hidden=\"true\"><\/i><\/span>\n                    <\/div>\n\t\t\n                                            <div class=\"bdt-timeline-item-main\" >\n            <span class=\"bdt-timeline-arrow\"><\/span>\n\n                        <div class=\"bdt-timeline-thumbnail\">\n                <img decoding=\"async\" src=\"https:\/\/paratraduccion.com\/limiares\/wp-content\/uploads\/2025\/06\/20250222_132118-1200x1600.jpg\" alt=\"Entrevista a Leire Area Balado sobre su estancia en Palermo como estudiante de doble\u00a0titulaci\u00f3n\">\n            <\/div>\n        \n            <div class=\"bdt-timeline-desc bdt-padding\">\n                        <h4 class=\"bdt-timeline-title\">\n                            <a href=\"https:\/\/paratraduccion.com\/limiares\/fr\/leire-area-palermo\/\" title=\"Entrevista a Leire Area Balado sobre su estancia en Palermo como estudiante de doble\u00a0titulaci\u00f3n\">\n                    Entrevista a Leire Area Balado sobre su estancia en Palermo como estudiante de doble\u00a0titulaci\u00f3n                <\/a>\n                    <\/h4>\n                                                <div class=\"bdt-timeline-excerpt\">\n                <p>En un af\u00e1n de la coordinaci\u00f3n del m\u00e1ster por internacionalizar cada vez m\u00e1s el MTCI,<\/p>\n            <\/div>\n                                <a href=\"https:\/\/paratraduccion.com\/limiares\/fr\/leire-area-palermo\/\" class=\"bdt-timeline-readmore elementor-button elementor-size-sm\">\n            En savoir plus\n                    <\/a>\n                    <\/div>\n        <\/div>\n    \n                                <\/div>\n                            <\/div>\n                        <\/div>\n\n                                                            <div class=\"bdt-timeline-item bdt-width-1-2@m bdt-visible@m\">\n            <div class=\"bdt-timeline-date bdt-text-left\" >\n                <span>18 juin 2025<\/span>\n            <\/div>\n        <\/div>\n                                \n                                                        <div class=\"bdt-timeline-item bdt-width-1-2@m bdt-visible@m\">\n            <div class=\"bdt-timeline-date bdt-text-right\" >\n                <span>13 juin 2025<\/span>\n            <\/div>\n        <\/div>\n                                \n                        <div class=\"bdt-width-1-2@m bdt-timeline-item right-part\">\n\n                            <div class=\"bdt-timeline-item-main-wrapper\">\n                                <div class=\"bdt-timeline-line\">\n                                    <span ><\/span>\n                                <\/div>\n                                <div class=\"bdt-timeline-item-main-container\">\n                                    \n                                            <div class=\"bdt-timeline-icon bdt-timeline-icon bdt-timeline-icon bdt-timeline-icon bdt-timeline-icon bdt-timeline-icon bdt-timeline-icon bdt-timeline-icon bdt-timeline-icon bdt-timeline-icon bdt-timeline-icon bdt-timeline-icon bdt-timeline-icon bdt-timeline-icon\">\n                            <span><i class=\"ep-icon-post\" aria-hidden=\"true\"><\/i><\/span>\n                    <\/div>\n\t\t\n                                            <div class=\"bdt-timeline-item-main\" >\n            <span class=\"bdt-timeline-arrow\"><\/span>\n\n                        <div class=\"bdt-timeline-thumbnail\">\n                <img decoding=\"async\" src=\"https:\/\/paratraduccion.com\/limiares\/wp-content\/uploads\/2025\/06\/sofia-rizzo.png\" alt=\"A experiencia internacional de Sofia Rizzo na UVigo: testemu\u00f1a dunha dobre titulaci\u00f3n enriquecedora\">\n            <\/div>\n        \n            <div class=\"bdt-timeline-desc bdt-padding\">\n                        <h4 class=\"bdt-timeline-title\">\n                            <a href=\"https:\/\/paratraduccion.com\/limiares\/fr\/sofia-rizzo\/\" title=\"A experiencia internacional de Sofia Rizzo na UVigo: testemu\u00f1a dunha dobre titulaci\u00f3n enriquecedora\">\n                    A experiencia internacional de Sofia Rizzo na UVigo: testemu\u00f1a dunha dobre titulaci\u00f3n enriquecedora                <\/a>\n                    <\/h4>\n                                                <div class=\"bdt-timeline-excerpt\">\n                <p>Sofia Rizzo \u00e9 unha das estudantes que este curso tivo a oportunidade de formar parte<\/p>\n            <\/div>\n                                <a href=\"https:\/\/paratraduccion.com\/limiares\/fr\/sofia-rizzo\/\" class=\"bdt-timeline-readmore elementor-button elementor-size-sm\">\n            En savoir plus\n                    <\/a>\n                    <\/div>\n        <\/div>\n    \n                                <\/div>\n                            <\/div>\n                        <\/div>\n\n                        \n                    \n                        <div class=\"bdt-width-1-2@m bdt-timeline-item left-part\">\n\n                            <div class=\"bdt-timeline-item-main-wrapper\">\n                                <div class=\"bdt-timeline-line\">\n                                    <span ><\/span>\n                                <\/div>\n                                <div class=\"bdt-timeline-item-main-container\">\n                                    \n                                            <div class=\"bdt-timeline-icon bdt-timeline-icon bdt-timeline-icon bdt-timeline-icon bdt-timeline-icon bdt-timeline-icon bdt-timeline-icon bdt-timeline-icon bdt-timeline-icon bdt-timeline-icon bdt-timeline-icon bdt-timeline-icon bdt-timeline-icon bdt-timeline-icon bdt-timeline-icon\">\n                            <span><i class=\"ep-icon-post\" aria-hidden=\"true\"><\/i><\/span>\n                    <\/div>\n\t\t\n                                            <div class=\"bdt-timeline-item-main\" >\n            <span class=\"bdt-timeline-arrow\"><\/span>\n\n                        <div class=\"bdt-timeline-thumbnail\">\n                <img decoding=\"async\" src=\"https:\/\/paratraduccion.com\/limiares\/wp-content\/uploads\/2025\/06\/emt-4-e1749115825644.jpg\" alt=\"O M\u00e1ster en Traduci\u00f3n para a Comunicaci\u00f3n Internacional participa na reuni\u00f3n de primavera da rede EMT en Varsovia\">\n            <\/div>\n        \n            <div class=\"bdt-timeline-desc bdt-padding\">\n                        <h4 class=\"bdt-timeline-title\">\n                            <a href=\"https:\/\/paratraduccion.com\/limiares\/fr\/emt-varsovia\/\" title=\"O M\u00e1ster en Traduci\u00f3n para a Comunicaci\u00f3n Internacional participa na reuni\u00f3n de primavera da rede EMT en Varsovia\">\n                    O M\u00e1ster en Traduci\u00f3n para a Comunicaci\u00f3n Internacional participa na reuni\u00f3n de primavera da rede EMT en Varsovia                <\/a>\n                    <\/h4>\n                                                <div class=\"bdt-timeline-excerpt\">\n                <p>Os d\u00edas 2 e 3 de xu\u00f1o de 2025, o M\u00e1ster en Traduci\u00f3n para a<\/p>\n            <\/div>\n                                <a href=\"https:\/\/paratraduccion.com\/limiares\/fr\/emt-varsovia\/\" class=\"bdt-timeline-readmore elementor-button elementor-size-sm\">\n            En savoir plus\n                    <\/a>\n                    <\/div>\n        <\/div>\n    \n                                <\/div>\n                            <\/div>\n                        <\/div>\n\n                                                            <div class=\"bdt-timeline-item bdt-width-1-2@m bdt-visible@m\">\n            <div class=\"bdt-timeline-date bdt-text-left\" >\n                <span>05 juin 2025<\/span>\n            <\/div>\n        <\/div>\n                                \n                                                        <div class=\"bdt-timeline-item bdt-width-1-2@m bdt-visible@m\">\n            <div class=\"bdt-timeline-date bdt-text-right\" >\n                <span>02 juin 2025<\/span>\n            <\/div>\n        <\/div>\n                                \n                        <div class=\"bdt-width-1-2@m bdt-timeline-item right-part\">\n\n                            <div class=\"bdt-timeline-item-main-wrapper\">\n                                <div class=\"bdt-timeline-line\">\n                                    <span ><\/span>\n                                <\/div>\n                                <div class=\"bdt-timeline-item-main-container\">\n                                    \n                                            <div class=\"bdt-timeline-icon bdt-timeline-icon bdt-timeline-icon bdt-timeline-icon bdt-timeline-icon bdt-timeline-icon bdt-timeline-icon bdt-timeline-icon bdt-timeline-icon bdt-timeline-icon bdt-timeline-icon bdt-timeline-icon bdt-timeline-icon bdt-timeline-icon bdt-timeline-icon bdt-timeline-icon\">\n                            <span><i class=\"ep-icon-post\" aria-hidden=\"true\"><\/i><\/span>\n                    <\/div>\n\t\t\n                                            <div class=\"bdt-timeline-item-main\" >\n            <span class=\"bdt-timeline-arrow\"><\/span>\n\n                        <div class=\"bdt-timeline-thumbnail\">\n                <img decoding=\"async\" src=\"https:\/\/paratraduccion.com\/limiares\/wp-content\/uploads\/2025\/06\/IMG_20250530_191120_1-1200x900.jpg\" alt=\"A Universidade de Vigo reafirma o seu liderado na localizaci\u00f3n de videoxogos coa III Edici\u00f3n dos Premios ETIV\">\n            <\/div>\n        \n            <div class=\"bdt-timeline-desc bdt-padding\">\n                        <h4 class=\"bdt-timeline-title\">\n                            <a href=\"https:\/\/paratraduccion.com\/limiares\/fr\/gala-etiv-iii\/\" title=\"A Universidade de Vigo reafirma o seu liderado na localizaci\u00f3n de videoxogos coa III Edici\u00f3n dos Premios ETIV\">\n                    A Universidade de Vigo reafirma o seu liderado na localizaci\u00f3n de videoxogos coa III Edici\u00f3n dos Premios ETIV                <\/a>\n                    <\/h4>\n                                                <div class=\"bdt-timeline-excerpt\">\n                <p>O Centro Comercial Vialia de Vigo converteuse este venres nun escaparate da innovaci\u00f3n e excelencia<\/p>\n            <\/div>\n                                <a href=\"https:\/\/paratraduccion.com\/limiares\/fr\/gala-etiv-iii\/\" class=\"bdt-timeline-readmore elementor-button elementor-size-sm\">\n            En savoir plus\n                    <\/a>\n                    <\/div>\n        <\/div>\n    \n                                <\/div>\n                            <\/div>\n                        <\/div>\n\n                        \n                    \n                        <div class=\"bdt-width-1-2@m bdt-timeline-item left-part\">\n\n                            <div class=\"bdt-timeline-item-main-wrapper\">\n                                <div class=\"bdt-timeline-line\">\n                                    <span ><\/span>\n                                <\/div>\n                                <div class=\"bdt-timeline-item-main-container\">\n                                    \n                                            <div class=\"bdt-timeline-icon bdt-timeline-icon bdt-timeline-icon bdt-timeline-icon bdt-timeline-icon bdt-timeline-icon bdt-timeline-icon bdt-timeline-icon bdt-timeline-icon bdt-timeline-icon bdt-timeline-icon bdt-timeline-icon bdt-timeline-icon bdt-timeline-icon bdt-timeline-icon bdt-timeline-icon bdt-timeline-icon\">\n                            <span><i class=\"ep-icon-post\" aria-hidden=\"true\"><\/i><\/span>\n                    <\/div>\n\t\t\n                                            <div class=\"bdt-timeline-item-main\" >\n            <span class=\"bdt-timeline-arrow\"><\/span>\n\n                        <div class=\"bdt-timeline-thumbnail\">\n                <img decoding=\"async\" src=\"https:\/\/paratraduccion.com\/limiares\/wp-content\/uploads\/2025\/05\/Imagen-de-WhatsApp-2025-05-22-a-las-11.57.49_6a9b2fc8.jpg\" alt=\"III Edici\u00f3n dos Premios ETIV-UVIGO \u00e1 localizaci\u00f3n de videoxogos. Este ano no CC Vialia\">\n            <\/div>\n        \n            <div class=\"bdt-timeline-desc bdt-padding\">\n                        <h4 class=\"bdt-timeline-title\">\n                            <a href=\"https:\/\/paratraduccion.com\/limiares\/fr\/iii-edicion-dos-premios-etiv\/\" title=\"III Edici\u00f3n dos Premios ETIV-UVIGO \u00e1 localizaci\u00f3n de videoxogos. Este ano no CC Vialia\">\n                    III Edici\u00f3n dos Premios ETIV-UVIGO \u00e1 localizaci\u00f3n de videoxogos. Este ano no CC Vialia                <\/a>\n                    <\/h4>\n                                                <div class=\"bdt-timeline-excerpt\">\n                <p>III Edici\u00f3n dos Premios ETIV-UVIGO \u00e1 localizaci\u00f3n de videoxogos \u2013 Unha cita ineludible\u00a0\u00a0O vindeiro\u00a0venres 30<\/p>\n            <\/div>\n                                <a href=\"https:\/\/paratraduccion.com\/limiares\/fr\/iii-edicion-dos-premios-etiv\/\" class=\"bdt-timeline-readmore elementor-button elementor-size-sm\">\n            En savoir plus\n                    <\/a>\n                    <\/div>\n        <\/div>\n    \n                                <\/div>\n                            <\/div>\n                        <\/div>\n\n                                                            <div class=\"bdt-timeline-item bdt-width-1-2@m bdt-visible@m\">\n            <div class=\"bdt-timeline-date bdt-text-left\" >\n                <span>22 mai 2025<\/span>\n            <\/div>\n        <\/div>\n                                \n                                                        <div class=\"bdt-timeline-item bdt-width-1-2@m bdt-visible@m\">\n            <div class=\"bdt-timeline-date bdt-text-right\" >\n                <span>19 mai 2025<\/span>\n            <\/div>\n        <\/div>\n                                \n                        <div class=\"bdt-width-1-2@m bdt-timeline-item right-part\">\n\n                            <div class=\"bdt-timeline-item-main-wrapper\">\n                                <div class=\"bdt-timeline-line\">\n                                    <span ><\/span>\n                                <\/div>\n                                <div class=\"bdt-timeline-item-main-container\">\n                                    \n                                            <div class=\"bdt-timeline-icon bdt-timeline-icon bdt-timeline-icon bdt-timeline-icon bdt-timeline-icon bdt-timeline-icon bdt-timeline-icon bdt-timeline-icon bdt-timeline-icon bdt-timeline-icon bdt-timeline-icon bdt-timeline-icon bdt-timeline-icon bdt-timeline-icon bdt-timeline-icon bdt-timeline-icon bdt-timeline-icon bdt-timeline-icon\">\n                            <span><i class=\"ep-icon-post\" aria-hidden=\"true\"><\/i><\/span>\n                    <\/div>\n\t\t\n                                            <div class=\"bdt-timeline-item-main\" >\n            <span class=\"bdt-timeline-arrow\"><\/span>\n\n                        <div class=\"bdt-timeline-thumbnail\">\n                <img decoding=\"async\" src=\"https:\/\/paratraduccion.com\/limiares\/wp-content\/uploads\/2025\/05\/patricia-byung-chul_page-0001-1-1200x1200.jpg\" alt=\"A docente do MTCI Patricia Bux\u00e1n traduce por primeira vez ao galego a Byung-Chul Han\">\n            <\/div>\n        \n            <div class=\"bdt-timeline-desc bdt-padding\">\n                        <h4 class=\"bdt-timeline-title\">\n                            <a href=\"https:\/\/paratraduccion.com\/limiares\/fr\/a-docente-do-mtci-patricia-buxan-traduce-por-primeira-vez-ao-galego-a-byung-chul-han\/\" title=\"A docente do MTCI Patricia Bux\u00e1n traduce por primeira vez ao galego a Byung-Chul Han\">\n                    A docente do MTCI Patricia Bux\u00e1n traduce por primeira vez ao galego a Byung-Chul Han                <\/a>\n                    <\/h4>\n                                                <div class=\"bdt-timeline-excerpt\">\n                <p>A docente do MTCI Patricia Bux\u00e1n traduce por primeira vez ao galego a Byung-Chul Han:<\/p>\n            <\/div>\n                                <a href=\"https:\/\/paratraduccion.com\/limiares\/fr\/a-docente-do-mtci-patricia-buxan-traduce-por-primeira-vez-ao-galego-a-byung-chul-han\/\" class=\"bdt-timeline-readmore elementor-button elementor-size-sm\">\n            En savoir plus\n                    <\/a>\n                    <\/div>\n        <\/div>\n    \n                                <\/div>\n                            <\/div>\n                        <\/div>\n\n                        \n                    \n                        <div class=\"bdt-width-1-2@m bdt-timeline-item left-part\">\n\n                            <div class=\"bdt-timeline-item-main-wrapper\">\n                                <div class=\"bdt-timeline-line\">\n                                    <span ><\/span>\n                                <\/div>\n                                <div class=\"bdt-timeline-item-main-container\">\n                                    \n                                            <div class=\"bdt-timeline-icon bdt-timeline-icon bdt-timeline-icon bdt-timeline-icon bdt-timeline-icon bdt-timeline-icon bdt-timeline-icon bdt-timeline-icon bdt-timeline-icon bdt-timeline-icon bdt-timeline-icon bdt-timeline-icon bdt-timeline-icon bdt-timeline-icon bdt-timeline-icon bdt-timeline-icon bdt-timeline-icon bdt-timeline-icon bdt-timeline-icon\">\n                            <span><i class=\"ep-icon-post\" aria-hidden=\"true\"><\/i><\/span>\n                    <\/div>\n\t\t\n                                            <div class=\"bdt-timeline-item-main\" >\n            <span class=\"bdt-timeline-arrow\"><\/span>\n\n                        <div class=\"bdt-timeline-thumbnail\">\n                <img decoding=\"async\" src=\"https:\/\/paratraduccion.com\/limiares\/wp-content\/uploads\/2025\/04\/mentoria-2025.jpg\" alt=\"Volve a mentor\u00eda personalizada do MTCI\">\n            <\/div>\n        \n            <div class=\"bdt-timeline-desc bdt-padding\">\n                        <h4 class=\"bdt-timeline-title\">\n                            <a href=\"https:\/\/paratraduccion.com\/limiares\/fr\/volve-a-mentoria-personalizada-do-mtci\/\" title=\"Volve a mentor\u00eda personalizada do MTCI\">\n                    Volve a mentor\u00eda personalizada do MTCI                <\/a>\n                    <\/h4>\n                                                <div class=\"bdt-timeline-excerpt\">\n                <p>Un ano m\u00e1is, dende a coordinaci\u00f3n do Mestrado Universitario en Traducci\u00f3n para a Comunicaci\u00f3n Internacional<\/p>\n            <\/div>\n                                <a href=\"https:\/\/paratraduccion.com\/limiares\/fr\/volve-a-mentoria-personalizada-do-mtci\/\" class=\"bdt-timeline-readmore elementor-button elementor-size-sm\">\n            En savoir plus\n                    <\/a>\n                    <\/div>\n        <\/div>\n    \n                                <\/div>\n                            <\/div>\n                        <\/div>\n\n                                                            <div class=\"bdt-timeline-item bdt-width-1-2@m bdt-visible@m\">\n            <div class=\"bdt-timeline-date bdt-text-left\" >\n                <span>29 avril 2025<\/span>\n            <\/div>\n        <\/div>\n                                \n                                                        <div class=\"bdt-timeline-item bdt-width-1-2@m bdt-visible@m\">\n            <div class=\"bdt-timeline-date bdt-text-right\" >\n                <span>11 avril 2025<\/span>\n            <\/div>\n        <\/div>\n                                \n                        <div class=\"bdt-width-1-2@m bdt-timeline-item right-part\">\n\n                            <div class=\"bdt-timeline-item-main-wrapper\">\n                                <div class=\"bdt-timeline-line\">\n                                    <span ><\/span>\n                                <\/div>\n                                <div class=\"bdt-timeline-item-main-container\">\n                                    \n                                            <div class=\"bdt-timeline-icon bdt-timeline-icon bdt-timeline-icon bdt-timeline-icon bdt-timeline-icon bdt-timeline-icon bdt-timeline-icon bdt-timeline-icon bdt-timeline-icon bdt-timeline-icon bdt-timeline-icon bdt-timeline-icon bdt-timeline-icon bdt-timeline-icon bdt-timeline-icon bdt-timeline-icon bdt-timeline-icon bdt-timeline-icon bdt-timeline-icon bdt-timeline-icon\">\n                            <span><i class=\"ep-icon-post\" aria-hidden=\"true\"><\/i><\/span>\n                    <\/div>\n\t\t\n                                            <div class=\"bdt-timeline-item-main\" >\n            <span class=\"bdt-timeline-arrow\"><\/span>\n\n                        <div class=\"bdt-timeline-thumbnail\">\n                <img decoding=\"async\" src=\"https:\/\/paratraduccion.com\/limiares\/wp-content\/uploads\/2025\/04\/Imagen-de-WhatsApp-2025-04-11-a-las-13.06.33_11275eda-1200x675.jpg\" alt=\"Visita ao Sal\u00f3n Internacional do Libro Infantil e Xuvenil de Pontevedra\">\n            <\/div>\n        \n            <div class=\"bdt-timeline-desc bdt-padding\">\n                        <h4 class=\"bdt-timeline-title\">\n                            <a href=\"https:\/\/paratraduccion.com\/limiares\/fr\/visita-ao-salon-internacional-do-libro-infantil-e-xuvenil-de-pontevedra\/\" title=\"Visita ao Sal\u00f3n Internacional do Libro Infantil e Xuvenil de Pontevedra\">\n                    Visita ao Sal\u00f3n Internacional do Libro Infantil e Xuvenil de Pontevedra                <\/a>\n                    <\/h4>\n                                                <div class=\"bdt-timeline-excerpt\">\n                <p>O pasado 25 de marzo, o alumnado da materia Traduci\u00f3n e servizos culturais do Mestrado<\/p>\n            <\/div>\n                                <a href=\"https:\/\/paratraduccion.com\/limiares\/fr\/visita-ao-salon-internacional-do-libro-infantil-e-xuvenil-de-pontevedra\/\" class=\"bdt-timeline-readmore elementor-button elementor-size-sm\">\n            En savoir plus\n                    <\/a>\n                    <\/div>\n        <\/div>\n    \n                                <\/div>\n                            <\/div>\n                        <\/div>\n\n                        \n                    \n                        <div class=\"bdt-width-1-2@m bdt-timeline-item left-part\">\n\n                            <div class=\"bdt-timeline-item-main-wrapper\">\n                                <div class=\"bdt-timeline-line\">\n                                    <span ><\/span>\n                                <\/div>\n                                <div class=\"bdt-timeline-item-main-container\">\n                                    \n                                            <div class=\"bdt-timeline-icon bdt-timeline-icon bdt-timeline-icon bdt-timeline-icon bdt-timeline-icon bdt-timeline-icon bdt-timeline-icon bdt-timeline-icon bdt-timeline-icon bdt-timeline-icon bdt-timeline-icon bdt-timeline-icon bdt-timeline-icon bdt-timeline-icon bdt-timeline-icon bdt-timeline-icon bdt-timeline-icon bdt-timeline-icon bdt-timeline-icon bdt-timeline-icon bdt-timeline-icon\">\n                            <span><i class=\"ep-icon-post\" aria-hidden=\"true\"><\/i><\/span>\n                    <\/div>\n\t\t\n                                            <div class=\"bdt-timeline-item-main\" >\n            <span class=\"bdt-timeline-arrow\"><\/span>\n\n                        <div class=\"bdt-timeline-thumbnail\">\n                <img decoding=\"async\" src=\"https:\/\/paratraduccion.com\/limiares\/wp-content\/uploads\/2025\/02\/CONFERENCIA-XOAN-GARRIDO-USC.jpg\" alt=\"Conferencia do docente do MTCI Xo\u00e1n Garrido: \u00abHistoria da percepci\u00f3n de &#8220;Se isto \u00e9 un home&#8221; a trav\u00e9s das traduci\u00f3ns\u00bb\">\n            <\/div>\n        \n            <div class=\"bdt-timeline-desc bdt-padding\">\n                        <h4 class=\"bdt-timeline-title\">\n                            <a href=\"https:\/\/paratraduccion.com\/limiares\/fr\/conferencia-garrido\/\" title=\"Conferencia do docente do MTCI Xo\u00e1n Garrido: \u00abHistoria da percepci\u00f3n de &#8220;Se isto \u00e9 un home&#8221; a trav\u00e9s das traduci\u00f3ns\u00bb\">\n                    Conferencia do docente do MTCI Xo\u00e1n Garrido: \u00abHistoria da percepci\u00f3n de &#8220;Se isto \u00e9 un home&#8221; a trav\u00e9s das traduci\u00f3ns\u00bb                <\/a>\n                    <\/h4>\n                                                <div class=\"bdt-timeline-excerpt\">\n                <p>Hoxe, 6 de febreiro, \u00e1s 12 horas ter\u00e1 lugar na Facultade de Xeograf\u00eda e Historia<\/p>\n            <\/div>\n                                <a href=\"https:\/\/paratraduccion.com\/limiares\/fr\/conferencia-garrido\/\" class=\"bdt-timeline-readmore elementor-button elementor-size-sm\">\n            En savoir plus\n                    <\/a>\n                    <\/div>\n        <\/div>\n    \n                                <\/div>\n                            <\/div>\n                        <\/div>\n\n                                                            <div class=\"bdt-timeline-item bdt-width-1-2@m bdt-visible@m\">\n            <div class=\"bdt-timeline-date bdt-text-left\" >\n                <span>06 f\u00e9vrier 2025<\/span>\n            <\/div>\n        <\/div>\n                                \n                                                        <div class=\"bdt-timeline-item bdt-width-1-2@m bdt-visible@m\">\n            <div class=\"bdt-timeline-date bdt-text-right\" >\n                <span>07 janvier 2025<\/span>\n            <\/div>\n        <\/div>\n                                \n                        <div class=\"bdt-width-1-2@m bdt-timeline-item right-part\">\n\n                            <div class=\"bdt-timeline-item-main-wrapper\">\n                                <div class=\"bdt-timeline-line\">\n                                    <span ><\/span>\n                                <\/div>\n                                <div class=\"bdt-timeline-item-main-container\">\n                                    \n                                            <div class=\"bdt-timeline-icon bdt-timeline-icon bdt-timeline-icon bdt-timeline-icon bdt-timeline-icon bdt-timeline-icon bdt-timeline-icon bdt-timeline-icon bdt-timeline-icon bdt-timeline-icon bdt-timeline-icon bdt-timeline-icon bdt-timeline-icon bdt-timeline-icon bdt-timeline-icon bdt-timeline-icon bdt-timeline-icon bdt-timeline-icon bdt-timeline-icon bdt-timeline-icon bdt-timeline-icon bdt-timeline-icon\">\n                            <span><i class=\"ep-icon-post\" aria-hidden=\"true\"><\/i><\/span>\n                    <\/div>\n\t\t\n                                            <div class=\"bdt-timeline-item-main\" >\n            <span class=\"bdt-timeline-arrow\"><\/span>\n\n                        <div class=\"bdt-timeline-thumbnail\">\n                <img decoding=\"async\" src=\"https:\/\/paratraduccion.com\/limiares\/wp-content\/uploads\/2025\/01\/Imagen-de-WhatsApp-2025-01-04-a-las-20.06.30_f87a766e-1200x795.jpg\" alt=\"\u00a1Vuelven los Premios ETIV-UVigo en su III Edici\u00f3n!\">\n            <\/div>\n        \n            <div class=\"bdt-timeline-desc bdt-padding\">\n                        <h4 class=\"bdt-timeline-title\">\n                            <a href=\"https:\/\/paratraduccion.com\/limiares\/fr\/etiv3\/\" title=\"\u00a1Vuelven los Premios ETIV-UVigo en su III Edici\u00f3n!\">\n                    \u00a1Vuelven los Premios ETIV-UVigo en su III Edici\u00f3n!                <\/a>\n                    <\/h4>\n                                                <div class=\"bdt-timeline-excerpt\">\n                <p>Nos complace anunciar que los Premios ETIV-UVigo regresan un a\u00f1o m\u00e1s para celebrar y reconocer<\/p>\n            <\/div>\n                                <a href=\"https:\/\/paratraduccion.com\/limiares\/fr\/etiv3\/\" class=\"bdt-timeline-readmore elementor-button elementor-size-sm\">\n            En savoir plus\n                    <\/a>\n                    <\/div>\n        <\/div>\n    \n                                <\/div>\n                            <\/div>\n                        <\/div>\n\n                        \n                    \n                        <div class=\"bdt-width-1-2@m bdt-timeline-item left-part\">\n\n                            <div class=\"bdt-timeline-item-main-wrapper\">\n                                <div class=\"bdt-timeline-line\">\n                                    <span ><\/span>\n                                <\/div>\n                                <div class=\"bdt-timeline-item-main-container\">\n                                    \n                                            <div class=\"bdt-timeline-icon bdt-timeline-icon bdt-timeline-icon bdt-timeline-icon bdt-timeline-icon bdt-timeline-icon bdt-timeline-icon bdt-timeline-icon bdt-timeline-icon bdt-timeline-icon bdt-timeline-icon bdt-timeline-icon bdt-timeline-icon bdt-timeline-icon bdt-timeline-icon bdt-timeline-icon bdt-timeline-icon bdt-timeline-icon bdt-timeline-icon bdt-timeline-icon bdt-timeline-icon bdt-timeline-icon bdt-timeline-icon\">\n                            <span><i class=\"ep-icon-post\" aria-hidden=\"true\"><\/i><\/span>\n                    <\/div>\n\t\t\n                                            <div class=\"bdt-timeline-item-main\" >\n            <span class=\"bdt-timeline-arrow\"><\/span>\n\n                        <div class=\"bdt-timeline-thumbnail\">\n                <img decoding=\"async\" src=\"https:\/\/paratraduccion.com\/limiares\/wp-content\/uploads\/2024\/12\/EMT-Students-CLD-2024-15-1200x540.jpg\" alt=\"Citizens&#8217; Language Days: entrevista a Paula S\u00e1nchez\">\n            <\/div>\n        \n            <div class=\"bdt-timeline-desc bdt-padding\">\n                        <h4 class=\"bdt-timeline-title\">\n                            <a href=\"https:\/\/paratraduccion.com\/limiares\/fr\/citizens-language-days\/\" title=\"Citizens&#8217; Language Days: entrevista a Paula S\u00e1nchez\">\n                    Citizens&#8217; Language Days: entrevista a Paula S\u00e1nchez                <\/a>\n                    <\/h4>\n                                                <div class=\"bdt-timeline-excerpt\">\n                <p>1.\u00a0\u00a0\u00a0\u00a0 Que sentiches ao ser unha das 24 persoas seleccionadas de entre todos os mestrados<\/p>\n            <\/div>\n                                <a href=\"https:\/\/paratraduccion.com\/limiares\/fr\/citizens-language-days\/\" class=\"bdt-timeline-readmore elementor-button elementor-size-sm\">\n            En savoir plus\n                    <\/a>\n                    <\/div>\n        <\/div>\n    \n                                <\/div>\n                            <\/div>\n                        <\/div>\n\n                                                            <div class=\"bdt-timeline-item bdt-width-1-2@m bdt-visible@m\">\n            <div class=\"bdt-timeline-date bdt-text-left\" >\n                <span>19 d\u00e9cembre 2024<\/span>\n            <\/div>\n        <\/div>\n                                \n                                                        <div class=\"bdt-timeline-item bdt-width-1-2@m bdt-visible@m\">\n            <div class=\"bdt-timeline-date bdt-text-right\" >\n                <span>05 d\u00e9cembre 2024<\/span>\n            <\/div>\n        <\/div>\n                                \n                        <div class=\"bdt-width-1-2@m bdt-timeline-item right-part\">\n\n                            <div class=\"bdt-timeline-item-main-wrapper\">\n                                <div class=\"bdt-timeline-line\">\n                                    <span ><\/span>\n                                <\/div>\n                                <div class=\"bdt-timeline-item-main-container\">\n                                    \n                                            <div class=\"bdt-timeline-icon bdt-timeline-icon bdt-timeline-icon bdt-timeline-icon bdt-timeline-icon bdt-timeline-icon bdt-timeline-icon bdt-timeline-icon bdt-timeline-icon bdt-timeline-icon bdt-timeline-icon bdt-timeline-icon bdt-timeline-icon bdt-timeline-icon bdt-timeline-icon bdt-timeline-icon bdt-timeline-icon bdt-timeline-icon bdt-timeline-icon bdt-timeline-icon bdt-timeline-icon bdt-timeline-icon bdt-timeline-icon bdt-timeline-icon\">\n                            <span><i class=\"ep-icon-post\" aria-hidden=\"true\"><\/i><\/span>\n                    <\/div>\n\t\t\n                                            <div class=\"bdt-timeline-item-main\" >\n            <span class=\"bdt-timeline-arrow\"><\/span>\n\n                        <div class=\"bdt-timeline-thumbnail\">\n                <img decoding=\"async\" src=\"https:\/\/paratraduccion.com\/limiares\/wp-content\/uploads\/2024\/12\/DL2_SLIDER01-1200x269.jpg\" alt=\"Nociones clave para-traducir entre la transtextualidad y la transmedialidad\">\n            <\/div>\n        \n            <div class=\"bdt-timeline-desc bdt-padding\">\n                        <h4 class=\"bdt-timeline-title\">\n                            <a href=\"https:\/\/paratraduccion.com\/limiares\/fr\/nociones-clave-para-traducir-entre-la-transtextualidad-y-la-transmedialidad\/\" title=\"Nociones clave para-traducir entre la transtextualidad y la transmedialidad\">\n                    Nociones clave para-traducir entre la transtextualidad y la transmedialidad                <\/a>\n                    <\/h4>\n                                                <div class=\"bdt-timeline-excerpt\">\n                <p>Desde la Coordinaci\u00f3n del M\u00e1ster\u00a0en Traduci\u00f3n para a Comunicaci\u00f3n Internacional (MTCI) \u2013M\u00e1ster Universitario Excelente da<\/p>\n            <\/div>\n                                <a href=\"https:\/\/paratraduccion.com\/limiares\/fr\/nociones-clave-para-traducir-entre-la-transtextualidad-y-la-transmedialidad\/\" class=\"bdt-timeline-readmore elementor-button elementor-size-sm\">\n            En savoir plus\n                    <\/a>\n                    <\/div>\n        <\/div>\n    \n                                <\/div>\n                            <\/div>\n                        <\/div>\n\n                        \n                    \n                        <div class=\"bdt-width-1-2@m bdt-timeline-item left-part\">\n\n                            <div class=\"bdt-timeline-item-main-wrapper\">\n                                <div class=\"bdt-timeline-line\">\n                                    <span ><\/span>\n                                <\/div>\n                                <div class=\"bdt-timeline-item-main-container\">\n                                    \n                                            <div class=\"bdt-timeline-icon bdt-timeline-icon bdt-timeline-icon bdt-timeline-icon bdt-timeline-icon bdt-timeline-icon bdt-timeline-icon bdt-timeline-icon bdt-timeline-icon bdt-timeline-icon bdt-timeline-icon bdt-timeline-icon bdt-timeline-icon bdt-timeline-icon bdt-timeline-icon bdt-timeline-icon bdt-timeline-icon bdt-timeline-icon bdt-timeline-icon bdt-timeline-icon bdt-timeline-icon bdt-timeline-icon bdt-timeline-icon bdt-timeline-icon bdt-timeline-icon\">\n                            <span><i class=\"ep-icon-post\" aria-hidden=\"true\"><\/i><\/span>\n                    <\/div>\n\t\t\n                                            <div class=\"bdt-timeline-item-main\" >\n            <span class=\"bdt-timeline-arrow\"><\/span>\n\n                        <div class=\"bdt-timeline-thumbnail\">\n                <img decoding=\"async\" src=\"https:\/\/paratraduccion.com\/limiares\/wp-content\/uploads\/2024\/11\/TEF-2-1200x1224.jpg\" alt=\"Entrevista TEF 2024:  Luc\u00eda Traygo Cornejo\">\n            <\/div>\n        \n            <div class=\"bdt-timeline-desc bdt-padding\">\n                        <h4 class=\"bdt-timeline-title\">\n                            <a href=\"https:\/\/paratraduccion.com\/limiares\/fr\/tef2024\/\" title=\"Entrevista TEF 2024:  Luc\u00eda Traygo Cornejo\">\n                    Entrevista TEF 2024:  Luc\u00eda Traygo Cornejo                <\/a>\n                    <\/h4>\n                                                <div class=\"bdt-timeline-excerpt\">\n                <p>Que sentiches ao ser unha das 20 persoas seleccionadas de entre todos os mestrados da<\/p>\n            <\/div>\n                                <a href=\"https:\/\/paratraduccion.com\/limiares\/fr\/tef2024\/\" class=\"bdt-timeline-readmore elementor-button elementor-size-sm\">\n            En savoir plus\n                    <\/a>\n                    <\/div>\n        <\/div>\n    \n                                <\/div>\n                            <\/div>\n                        <\/div>\n\n                                                            <div class=\"bdt-timeline-item bdt-width-1-2@m bdt-visible@m\">\n            <div class=\"bdt-timeline-date bdt-text-left\" >\n                <span>01 d\u00e9cembre 2024<\/span>\n            <\/div>\n        <\/div>\n                                \n                                                        <div class=\"bdt-timeline-item bdt-width-1-2@m bdt-visible@m\">\n            <div class=\"bdt-timeline-date bdt-text-right\" >\n                <span>22 novembre 2024<\/span>\n            <\/div>\n        <\/div>\n                                \n                        <div class=\"bdt-width-1-2@m bdt-timeline-item right-part\">\n\n                            <div class=\"bdt-timeline-item-main-wrapper\">\n                                <div class=\"bdt-timeline-line\">\n                                    <span ><\/span>\n                                <\/div>\n                                <div class=\"bdt-timeline-item-main-container\">\n                                    \n                                            <div class=\"bdt-timeline-icon bdt-timeline-icon bdt-timeline-icon bdt-timeline-icon bdt-timeline-icon bdt-timeline-icon bdt-timeline-icon bdt-timeline-icon bdt-timeline-icon bdt-timeline-icon bdt-timeline-icon bdt-timeline-icon bdt-timeline-icon bdt-timeline-icon bdt-timeline-icon bdt-timeline-icon bdt-timeline-icon bdt-timeline-icon bdt-timeline-icon bdt-timeline-icon bdt-timeline-icon bdt-timeline-icon bdt-timeline-icon bdt-timeline-icon bdt-timeline-icon bdt-timeline-icon\">\n                            <span><i class=\"ep-icon-post\" aria-hidden=\"true\"><\/i><\/span>\n                    <\/div>\n\t\t\n                                            <div class=\"bdt-timeline-item-main\" >\n            <span class=\"bdt-timeline-arrow\"><\/span>\n\n                        <div class=\"bdt-timeline-thumbnail\">\n                <img decoding=\"async\" src=\"https:\/\/paratraduccion.com\/limiares\/wp-content\/uploads\/2024\/11\/Imagen-de-WhatsApp-2024-11-18-a-las-11.25.15_b88838b3-1200x848.jpg\" alt=\"Cursos de formaci\u00f3n previa\">\n            <\/div>\n        \n            <div class=\"bdt-timeline-desc bdt-padding\">\n                        <h4 class=\"bdt-timeline-title\">\n                            <a href=\"https:\/\/paratraduccion.com\/limiares\/fr\/cursos-de-formacion-previa\/\" title=\"Cursos de formaci\u00f3n previa\">\n                    Cursos de formaci\u00f3n previa                <\/a>\n                    <\/h4>\n                                                <div class=\"bdt-timeline-excerpt\">\n                <p>Cursos de formaci\u00f3n previa de Memorias de Traduci\u00f3n: co\u00f1ecementos b\u00e1sicos e Correcci\u00f3n ling\u00fc\u00edstica e fundamentos<\/p>\n            <\/div>\n                                <a href=\"https:\/\/paratraduccion.com\/limiares\/fr\/cursos-de-formacion-previa\/\" class=\"bdt-timeline-readmore elementor-button elementor-size-sm\">\n            En savoir plus\n                    <\/a>\n                    <\/div>\n        <\/div>\n    \n                                <\/div>\n                            <\/div>\n                        <\/div>\n\n                        \n                    \n                        <div class=\"bdt-width-1-2@m bdt-timeline-item left-part\">\n\n                            <div class=\"bdt-timeline-item-main-wrapper\">\n                                <div class=\"bdt-timeline-line\">\n                                    <span ><\/span>\n                                <\/div>\n                                <div class=\"bdt-timeline-item-main-container\">\n                                    \n                                            <div class=\"bdt-timeline-icon bdt-timeline-icon bdt-timeline-icon bdt-timeline-icon bdt-timeline-icon bdt-timeline-icon bdt-timeline-icon bdt-timeline-icon bdt-timeline-icon bdt-timeline-icon bdt-timeline-icon bdt-timeline-icon bdt-timeline-icon bdt-timeline-icon bdt-timeline-icon bdt-timeline-icon bdt-timeline-icon bdt-timeline-icon bdt-timeline-icon bdt-timeline-icon bdt-timeline-icon bdt-timeline-icon bdt-timeline-icon bdt-timeline-icon bdt-timeline-icon bdt-timeline-icon bdt-timeline-icon\">\n                            <span><i class=\"ep-icon-post\" aria-hidden=\"true\"><\/i><\/span>\n                    <\/div>\n\t\t\n                                            <div class=\"bdt-timeline-item-main\" >\n            <span class=\"bdt-timeline-arrow\"><\/span>\n\n                        <div class=\"bdt-timeline-thumbnail\">\n                <img decoding=\"async\" src=\"https:\/\/paratraduccion.com\/limiares\/wp-content\/uploads\/2024\/10\/cartel-transcreacion-1200x848.jpg\" alt=\"Curso de transcreaci\u00f3n\">\n            <\/div>\n        \n            <div class=\"bdt-timeline-desc bdt-padding\">\n                        <h4 class=\"bdt-timeline-title\">\n                            <a href=\"https:\/\/paratraduccion.com\/limiares\/fr\/curso-de-transcreacion\/\" title=\"Curso de transcreaci\u00f3n\">\n                    Curso de transcreaci\u00f3n                <\/a>\n                    <\/h4>\n                                                <div class=\"bdt-timeline-excerpt\">\n                <p>Dende a Coordinaci\u00f3n do Mestrado en Traduci\u00f3n para a Comunicaci\u00f3n Internacional (MTCI) \u4e00M\u00e1ster Universitario Excelente<\/p>\n            <\/div>\n                                <a href=\"https:\/\/paratraduccion.com\/limiares\/fr\/curso-de-transcreacion\/\" class=\"bdt-timeline-readmore elementor-button elementor-size-sm\">\n            En savoir plus\n                    <\/a>\n                    <\/div>\n        <\/div>\n    \n                                <\/div>\n                            <\/div>\n                        <\/div>\n\n                                                            <div class=\"bdt-timeline-item bdt-width-1-2@m bdt-visible@m\">\n            <div class=\"bdt-timeline-date bdt-text-left\" >\n                <span>19 novembre 2024<\/span>\n            <\/div>\n        <\/div>\n                                \n                                                        <div class=\"bdt-timeline-item bdt-width-1-2@m bdt-visible@m\">\n            <div class=\"bdt-timeline-date bdt-text-right\" >\n                <span>15 novembre 2024<\/span>\n            <\/div>\n        <\/div>\n                                \n                        <div class=\"bdt-width-1-2@m bdt-timeline-item right-part\">\n\n                            <div class=\"bdt-timeline-item-main-wrapper\">\n                                <div class=\"bdt-timeline-line\">\n                                    <span ><\/span>\n                                <\/div>\n                                <div class=\"bdt-timeline-item-main-container\">\n                                    \n                                            <div class=\"bdt-timeline-icon bdt-timeline-icon bdt-timeline-icon bdt-timeline-icon bdt-timeline-icon bdt-timeline-icon bdt-timeline-icon bdt-timeline-icon bdt-timeline-icon bdt-timeline-icon bdt-timeline-icon bdt-timeline-icon bdt-timeline-icon bdt-timeline-icon bdt-timeline-icon bdt-timeline-icon bdt-timeline-icon bdt-timeline-icon bdt-timeline-icon bdt-timeline-icon bdt-timeline-icon bdt-timeline-icon bdt-timeline-icon bdt-timeline-icon bdt-timeline-icon bdt-timeline-icon bdt-timeline-icon bdt-timeline-icon\">\n                            <span><i class=\"ep-icon-post\" aria-hidden=\"true\"><\/i><\/span>\n                    <\/div>\n\t\t\n                                            <div class=\"bdt-timeline-item-main\" >\n            <span class=\"bdt-timeline-arrow\"><\/span>\n\n                        <div class=\"bdt-timeline-thumbnail\">\n                <img decoding=\"async\" src=\"https:\/\/paratraduccion.com\/limiares\/wp-content\/uploads\/2024\/10\/conferencia-Wordfast-1200x848.jpg\" alt=\"Conferencia Wordfast\">\n            <\/div>\n        \n            <div class=\"bdt-timeline-desc bdt-padding\">\n                        <h4 class=\"bdt-timeline-title\">\n                            <a href=\"https:\/\/paratraduccion.com\/limiares\/fr\/wordfast\/\" title=\"Conferencia Wordfast\">\n                    Conferencia Wordfast                <\/a>\n                    <\/h4>\n                                                <div class=\"bdt-timeline-excerpt\">\n                <p>Cumprindo co cronograma dos eventos cient\u00edficos programados e as actividades extraacad\u00e9micas previstas en cada curso<\/p>\n            <\/div>\n                                <a href=\"https:\/\/paratraduccion.com\/limiares\/fr\/wordfast\/\" class=\"bdt-timeline-readmore elementor-button elementor-size-sm\">\n            En savoir plus\n                    <\/a>\n                    <\/div>\n        <\/div>\n    \n                                <\/div>\n                            <\/div>\n                        <\/div>\n\n                        \n                    \n                        <div class=\"bdt-width-1-2@m bdt-timeline-item left-part\">\n\n                            <div class=\"bdt-timeline-item-main-wrapper\">\n                                <div class=\"bdt-timeline-line\">\n                                    <span ><\/span>\n                                <\/div>\n                                <div class=\"bdt-timeline-item-main-container\">\n                                    \n                                            <div class=\"bdt-timeline-icon bdt-timeline-icon bdt-timeline-icon bdt-timeline-icon bdt-timeline-icon bdt-timeline-icon bdt-timeline-icon bdt-timeline-icon bdt-timeline-icon bdt-timeline-icon bdt-timeline-icon bdt-timeline-icon bdt-timeline-icon bdt-timeline-icon bdt-timeline-icon bdt-timeline-icon bdt-timeline-icon bdt-timeline-icon bdt-timeline-icon bdt-timeline-icon bdt-timeline-icon bdt-timeline-icon bdt-timeline-icon bdt-timeline-icon bdt-timeline-icon bdt-timeline-icon bdt-timeline-icon bdt-timeline-icon bdt-timeline-icon\">\n                            <span><i class=\"ep-icon-post\" aria-hidden=\"true\"><\/i><\/span>\n                    <\/div>\n\t\t\n                                            <div class=\"bdt-timeline-item-main\" >\n            <span class=\"bdt-timeline-arrow\"><\/span>\n\n                        <div class=\"bdt-timeline-thumbnail\">\n                <img decoding=\"async\" src=\"https:\/\/paratraduccion.com\/limiares\/wp-content\/uploads\/2024\/11\/Ganadores-VII-Premio-Xela-Arias.webp\" alt=\"Premio Xela Arias para un profesor del ETIV\">\n            <\/div>\n        \n            <div class=\"bdt-timeline-desc bdt-padding\">\n                        <h4 class=\"bdt-timeline-title\">\n                            <a href=\"https:\/\/paratraduccion.com\/limiares\/fr\/premio-xela-arias-para-un-profesor-del-etiv\/\" title=\"Premio Xela Arias para un profesor del ETIV\">\n                    Premio Xela Arias para un profesor del ETIV                <\/a>\n                    <\/h4>\n                                                <div class=\"bdt-timeline-excerpt\">\n                <p>El pasado 4 de noviembre de 2024 fue comunicada la notica por la AGPTI (Asociaci\u00f3n<\/p>\n            <\/div>\n                                <a href=\"https:\/\/paratraduccion.com\/limiares\/fr\/premio-xela-arias-para-un-profesor-del-etiv\/\" class=\"bdt-timeline-readmore elementor-button elementor-size-sm\">\n            En savoir plus\n                    <\/a>\n                    <\/div>\n        <\/div>\n    \n                                <\/div>\n                            <\/div>\n                        <\/div>\n\n                                                            <div class=\"bdt-timeline-item bdt-width-1-2@m bdt-visible@m\">\n            <div class=\"bdt-timeline-date bdt-text-left\" >\n                <span>13 novembre 2024<\/span>\n            <\/div>\n        <\/div>\n                                \n                                                        <div class=\"bdt-timeline-item bdt-width-1-2@m bdt-visible@m\">\n            <div class=\"bdt-timeline-date bdt-text-right\" >\n                <span>11 novembre 2024<\/span>\n            <\/div>\n        <\/div>\n                                \n                        <div class=\"bdt-width-1-2@m bdt-timeline-item right-part\">\n\n                            <div class=\"bdt-timeline-item-main-wrapper\">\n                                <div class=\"bdt-timeline-line\">\n                                    <span ><\/span>\n                                <\/div>\n                                <div class=\"bdt-timeline-item-main-container\">\n                                    \n                                            <div class=\"bdt-timeline-icon bdt-timeline-icon bdt-timeline-icon bdt-timeline-icon bdt-timeline-icon bdt-timeline-icon bdt-timeline-icon bdt-timeline-icon bdt-timeline-icon bdt-timeline-icon bdt-timeline-icon bdt-timeline-icon bdt-timeline-icon bdt-timeline-icon bdt-timeline-icon bdt-timeline-icon bdt-timeline-icon bdt-timeline-icon bdt-timeline-icon bdt-timeline-icon bdt-timeline-icon bdt-timeline-icon bdt-timeline-icon bdt-timeline-icon bdt-timeline-icon bdt-timeline-icon bdt-timeline-icon bdt-timeline-icon bdt-timeline-icon bdt-timeline-icon\">\n                            <span><i class=\"ep-icon-post\" aria-hidden=\"true\"><\/i><\/span>\n                    <\/div>\n\t\t\n                                            <div class=\"bdt-timeline-item-main\" >\n            <span class=\"bdt-timeline-arrow\"><\/span>\n\n                        <div class=\"bdt-timeline-thumbnail\">\n                <img decoding=\"async\" src=\"https:\/\/paratraduccion.com\/limiares\/wp-content\/uploads\/2024\/11\/ATRAE_2024-Todo-el-mundo.webp\" alt=\"Premios ATRAE para profesorado del ETIV y alumnado del MTCI\">\n            <\/div>\n        \n            <div class=\"bdt-timeline-desc bdt-padding\">\n                        <h4 class=\"bdt-timeline-title\">\n                            <a href=\"https:\/\/paratraduccion.com\/limiares\/fr\/premios-atrae-para-profesorado-del-etiv-y-alumnado-del-mtci\/\" title=\"Premios ATRAE para profesorado del ETIV y alumnado del MTCI\">\n                    Premios ATRAE para profesorado del ETIV y alumnado del MTCI                <\/a>\n                    <\/h4>\n                                                <div class=\"bdt-timeline-excerpt\">\n                <p>La asociaci\u00f3n ATRAE (Asociaci\u00f3n de Traducci\u00f3n y Adaptaci\u00f3n Audiovisual de Espa\u00f1a) entreg\u00f3 el pasado mes<\/p>\n            <\/div>\n                                <a href=\"https:\/\/paratraduccion.com\/limiares\/fr\/premios-atrae-para-profesorado-del-etiv-y-alumnado-del-mtci\/\" class=\"bdt-timeline-readmore elementor-button elementor-size-sm\">\n            En savoir plus\n                    <\/a>\n                    <\/div>\n        <\/div>\n    \n                                <\/div>\n                            <\/div>\n                        <\/div>\n\n                        \n                    \n                        <div class=\"bdt-width-1-2@m bdt-timeline-item left-part\">\n\n                            <div class=\"bdt-timeline-item-main-wrapper\">\n                                <div class=\"bdt-timeline-line\">\n                                    <span ><\/span>\n                                <\/div>\n                                <div class=\"bdt-timeline-item-main-container\">\n                                    \n                                            <div class=\"bdt-timeline-icon bdt-timeline-icon bdt-timeline-icon bdt-timeline-icon bdt-timeline-icon bdt-timeline-icon bdt-timeline-icon bdt-timeline-icon bdt-timeline-icon bdt-timeline-icon bdt-timeline-icon bdt-timeline-icon bdt-timeline-icon bdt-timeline-icon bdt-timeline-icon bdt-timeline-icon bdt-timeline-icon bdt-timeline-icon bdt-timeline-icon bdt-timeline-icon bdt-timeline-icon bdt-timeline-icon bdt-timeline-icon bdt-timeline-icon bdt-timeline-icon bdt-timeline-icon bdt-timeline-icon bdt-timeline-icon bdt-timeline-icon bdt-timeline-icon bdt-timeline-icon\">\n                            <span><i class=\"ep-icon-post\" aria-hidden=\"true\"><\/i><\/span>\n                    <\/div>\n\t\t\n                                            <div class=\"bdt-timeline-item-main\" >\n            <span class=\"bdt-timeline-arrow\"><\/span>\n\n                        <div class=\"bdt-timeline-thumbnail\">\n                <img decoding=\"async\" src=\"https:\/\/paratraduccion.com\/limiares\/wp-content\/uploads\/2024\/10\/Portada-videoxogo-TINTIN-1200x1200.png\" alt=\"\u00abTintin Reporter\u00bb ya se puede jugar en gallego\">\n            <\/div>\n        \n            <div class=\"bdt-timeline-desc bdt-padding\">\n                        <h4 class=\"bdt-timeline-title\">\n                            <a href=\"https:\/\/paratraduccion.com\/limiares\/fr\/tintin-reporter-ya-se-puede-jugar-en-gallego\/\" title=\"\u00abTintin Reporter\u00bb ya se puede jugar en gallego\">\n                    \u00abTintin Reporter\u00bb ya se puede jugar en gallego                <\/a>\n                    <\/h4>\n                                                <div class=\"bdt-timeline-excerpt\">\n                <p>Estamos de enhorabuena en el\u00a0T\u00edtulo Propio de Especialista en Traducci\u00f3n para la Industria del Videojuego<\/p>\n            <\/div>\n                                <a href=\"https:\/\/paratraduccion.com\/limiares\/fr\/tintin-reporter-ya-se-puede-jugar-en-gallego\/\" class=\"bdt-timeline-readmore elementor-button elementor-size-sm\">\n            En savoir plus\n                    <\/a>\n                    <\/div>\n        <\/div>\n    \n                                <\/div>\n                            <\/div>\n                        <\/div>\n\n                                                            <div class=\"bdt-timeline-item bdt-width-1-2@m bdt-visible@m\">\n            <div class=\"bdt-timeline-date bdt-text-left\" >\n                <span>28 octobre 2024<\/span>\n            <\/div>\n        <\/div>\n                                \n                                                        <div class=\"bdt-timeline-item bdt-width-1-2@m bdt-visible@m\">\n            <div class=\"bdt-timeline-date bdt-text-right\" >\n                <span>24 octobre 2024<\/span>\n            <\/div>\n        <\/div>\n                                \n                        <div class=\"bdt-width-1-2@m bdt-timeline-item right-part\">\n\n                            <div class=\"bdt-timeline-item-main-wrapper\">\n                                <div class=\"bdt-timeline-line\">\n                                    <span ><\/span>\n                                <\/div>\n                                <div class=\"bdt-timeline-item-main-container\">\n                                    \n                                            <div class=\"bdt-timeline-icon bdt-timeline-icon bdt-timeline-icon bdt-timeline-icon bdt-timeline-icon bdt-timeline-icon bdt-timeline-icon bdt-timeline-icon bdt-timeline-icon bdt-timeline-icon bdt-timeline-icon bdt-timeline-icon bdt-timeline-icon bdt-timeline-icon bdt-timeline-icon bdt-timeline-icon bdt-timeline-icon bdt-timeline-icon bdt-timeline-icon bdt-timeline-icon bdt-timeline-icon bdt-timeline-icon bdt-timeline-icon bdt-timeline-icon bdt-timeline-icon bdt-timeline-icon bdt-timeline-icon bdt-timeline-icon bdt-timeline-icon bdt-timeline-icon bdt-timeline-icon bdt-timeline-icon\">\n                            <span><i class=\"ep-icon-post\" aria-hidden=\"true\"><\/i><\/span>\n                    <\/div>\n\t\t\n                                            <div class=\"bdt-timeline-item-main\" >\n            <span class=\"bdt-timeline-arrow\"><\/span>\n\n                        <div class=\"bdt-timeline-thumbnail\">\n                <img decoding=\"async\" src=\"https:\/\/paratraduccion.com\/limiares\/wp-content\/uploads\/2024\/10\/DIPLOMA-EMT.png\" alt=\"Acto de entrega de la Menci\u00f3n de Excelencia de la UE al MTCI\">\n            <\/div>\n        \n            <div class=\"bdt-timeline-desc bdt-padding\">\n                        <h4 class=\"bdt-timeline-title\">\n                            <a href=\"https:\/\/paratraduccion.com\/limiares\/fr\/acto-de-entrega-de-la-mencion-de-excelencia-de-la-ue-al-mtci\/\" title=\"Acto de entrega de la Menci\u00f3n de Excelencia de la UE al MTCI\">\n                    Acto de entrega de la Menci\u00f3n de Excelencia de la UE al MTCI                <\/a>\n                    <\/h4>\n                                                <div class=\"bdt-timeline-excerpt\">\n                <p>O actual coordinador do Mestrado en Traduci\u00f3n para a Comunicaci\u00f3n Internacional, \u00d3scar Ferreiro V\u00e1zquez, at\u00f3pase<\/p>\n            <\/div>\n                                <a href=\"https:\/\/paratraduccion.com\/limiares\/fr\/acto-de-entrega-de-la-mencion-de-excelencia-de-la-ue-al-mtci\/\" class=\"bdt-timeline-readmore elementor-button elementor-size-sm\">\n            En savoir plus\n                    <\/a>\n                    <\/div>\n        <\/div>\n    \n                                <\/div>\n                            <\/div>\n                        <\/div>\n\n                        \n                    \n                        <div class=\"bdt-width-1-2@m bdt-timeline-item left-part\">\n\n                            <div class=\"bdt-timeline-item-main-wrapper\">\n                                <div class=\"bdt-timeline-line\">\n                                    <span ><\/span>\n                                <\/div>\n                                <div class=\"bdt-timeline-item-main-container\">\n                                    \n                                            <div class=\"bdt-timeline-icon bdt-timeline-icon bdt-timeline-icon bdt-timeline-icon bdt-timeline-icon bdt-timeline-icon bdt-timeline-icon bdt-timeline-icon bdt-timeline-icon bdt-timeline-icon bdt-timeline-icon bdt-timeline-icon bdt-timeline-icon bdt-timeline-icon bdt-timeline-icon bdt-timeline-icon bdt-timeline-icon bdt-timeline-icon bdt-timeline-icon bdt-timeline-icon bdt-timeline-icon bdt-timeline-icon bdt-timeline-icon bdt-timeline-icon bdt-timeline-icon bdt-timeline-icon bdt-timeline-icon bdt-timeline-icon bdt-timeline-icon bdt-timeline-icon bdt-timeline-icon bdt-timeline-icon bdt-timeline-icon\">\n                            <span><i class=\"ep-icon-post\" aria-hidden=\"true\"><\/i><\/span>\n                    <\/div>\n\t\t\n                                            <div class=\"bdt-timeline-item-main\" >\n            <span class=\"bdt-timeline-arrow\"><\/span>\n\n                        <div class=\"bdt-timeline-thumbnail\">\n                <img decoding=\"async\" src=\"https:\/\/paratraduccion.com\/limiares\/wp-content\/uploads\/2024\/10\/cartel-presentacion-curso-2024-25.png\" alt=\"Presentaci\u00f3n do curso 2024-2025\">\n            <\/div>\n        \n            <div class=\"bdt-timeline-desc bdt-padding\">\n                        <h4 class=\"bdt-timeline-title\">\n                            <a href=\"https:\/\/paratraduccion.com\/limiares\/fr\/presentacion-do-curso-2024-2025\/\" title=\"Presentaci\u00f3n do curso 2024-2025\">\n                    Presentaci\u00f3n do curso 2024-2025                <\/a>\n                    <\/h4>\n                                                <div class=\"bdt-timeline-excerpt\">\n                <p>Co gallo do D\u00eda Internacional da Traduci\u00f3n, o pasado luns 30 de setembro tivo lugar,<\/p>\n            <\/div>\n                                <a href=\"https:\/\/paratraduccion.com\/limiares\/fr\/presentacion-do-curso-2024-2025\/\" class=\"bdt-timeline-readmore elementor-button elementor-size-sm\">\n            En savoir plus\n                    <\/a>\n                    <\/div>\n        <\/div>\n    \n                                <\/div>\n                            <\/div>\n                        <\/div>\n\n                                                            <div class=\"bdt-timeline-item bdt-width-1-2@m bdt-visible@m\">\n            <div class=\"bdt-timeline-date bdt-text-left\" >\n                <span>30 septembre 2024<\/span>\n            <\/div>\n        <\/div>\n                                \n                                                        <div class=\"bdt-timeline-item bdt-width-1-2@m bdt-visible@m\">\n            <div class=\"bdt-timeline-date bdt-text-right\" >\n                <span>09 juillet 2024<\/span>\n            <\/div>\n        <\/div>\n                                \n                        <div class=\"bdt-width-1-2@m bdt-timeline-item right-part\">\n\n                            <div class=\"bdt-timeline-item-main-wrapper\">\n                                <div class=\"bdt-timeline-line\">\n                                    <span ><\/span>\n                                <\/div>\n                                <div class=\"bdt-timeline-item-main-container\">\n                                    \n                                            <div class=\"bdt-timeline-icon bdt-timeline-icon bdt-timeline-icon bdt-timeline-icon bdt-timeline-icon bdt-timeline-icon bdt-timeline-icon bdt-timeline-icon bdt-timeline-icon bdt-timeline-icon bdt-timeline-icon bdt-timeline-icon bdt-timeline-icon bdt-timeline-icon bdt-timeline-icon bdt-timeline-icon bdt-timeline-icon bdt-timeline-icon bdt-timeline-icon bdt-timeline-icon bdt-timeline-icon bdt-timeline-icon bdt-timeline-icon bdt-timeline-icon bdt-timeline-icon bdt-timeline-icon bdt-timeline-icon bdt-timeline-icon bdt-timeline-icon bdt-timeline-icon bdt-timeline-icon bdt-timeline-icon bdt-timeline-icon bdt-timeline-icon\">\n                            <span><i class=\"ep-icon-post\" aria-hidden=\"true\"><\/i><\/span>\n                    <\/div>\n\t\t\n                                            <div class=\"bdt-timeline-item-main\" >\n            <span class=\"bdt-timeline-arrow\"><\/span>\n\n                        <div class=\"bdt-timeline-thumbnail\">\n                <img decoding=\"async\" src=\"https:\/\/paratraduccion.com\/limiares\/wp-content\/uploads\/2024\/07\/unipa.webp\" alt=\"Doble titulaci\u00f3n UVigo-UniPA desde el MTCI\">\n            <\/div>\n        \n            <div class=\"bdt-timeline-desc bdt-padding\">\n                        <h4 class=\"bdt-timeline-title\">\n                            <a href=\"https:\/\/paratraduccion.com\/limiares\/fr\/doble-titulacion-uvigo-unipa-desde-el-mtci\/\" title=\"Doble titulaci\u00f3n UVigo-UniPA desde el MTCI\">\n                    Doble titulaci\u00f3n UVigo-UniPA desde el MTCI                <\/a>\n                    <\/h4>\n                                                <div class=\"bdt-timeline-excerpt\">\n                <p>Desde la coordinaci\u00f3n del M\u00e1ster en Traducci\u00f3n para la Comunicaci\u00f3n Internacional (MTCI) \u2013M\u00c1STER UNIVERSITARIO EXCELENTE<\/p>\n            <\/div>\n                                <a href=\"https:\/\/paratraduccion.com\/limiares\/fr\/doble-titulacion-uvigo-unipa-desde-el-mtci\/\" class=\"bdt-timeline-readmore elementor-button elementor-size-sm\">\n            En savoir plus\n                    <\/a>\n                    <\/div>\n        <\/div>\n    \n                                <\/div>\n                            <\/div>\n                        <\/div>\n\n                        \n                    \n                        <div class=\"bdt-width-1-2@m bdt-timeline-item left-part\">\n\n                            <div class=\"bdt-timeline-item-main-wrapper\">\n                                <div class=\"bdt-timeline-line\">\n                                    <span ><\/span>\n                                <\/div>\n                                <div class=\"bdt-timeline-item-main-container\">\n                                    \n                                            <div class=\"bdt-timeline-icon bdt-timeline-icon bdt-timeline-icon bdt-timeline-icon bdt-timeline-icon bdt-timeline-icon bdt-timeline-icon bdt-timeline-icon bdt-timeline-icon bdt-timeline-icon bdt-timeline-icon bdt-timeline-icon bdt-timeline-icon bdt-timeline-icon bdt-timeline-icon bdt-timeline-icon bdt-timeline-icon bdt-timeline-icon bdt-timeline-icon bdt-timeline-icon bdt-timeline-icon bdt-timeline-icon bdt-timeline-icon bdt-timeline-icon bdt-timeline-icon bdt-timeline-icon bdt-timeline-icon bdt-timeline-icon bdt-timeline-icon bdt-timeline-icon bdt-timeline-icon bdt-timeline-icon bdt-timeline-icon bdt-timeline-icon bdt-timeline-icon\">\n                            <span><i class=\"ep-icon-post\" aria-hidden=\"true\"><\/i><\/span>\n                    <\/div>\n\t\t\n                                            <div class=\"bdt-timeline-item-main\" >\n            <span class=\"bdt-timeline-arrow\"><\/span>\n\n                        <div class=\"bdt-timeline-thumbnail\">\n                <img decoding=\"async\" src=\"https:\/\/paratraduccion.com\/limiares\/wp-content\/uploads\/2024\/06\/EMT_logo-azul.png\" alt=\"El MTCI es EMT (M\u00e1ster Europeo en Traducci\u00f3n)\">\n            <\/div>\n        \n            <div class=\"bdt-timeline-desc bdt-padding\">\n                        <h4 class=\"bdt-timeline-title\">\n                            <a href=\"https:\/\/paratraduccion.com\/limiares\/fr\/el-mtci-es-emt-master-europeo-en-traduccion\/\" title=\"El MTCI es EMT (M\u00e1ster Europeo en Traducci\u00f3n)\">\n                    El MTCI es EMT (M\u00e1ster Europeo en Traducci\u00f3n)                <\/a>\n                    <\/h4>\n                                                <div class=\"bdt-timeline-excerpt\">\n                <p>LEER CARTA DE LA RED EMT Excelencia europea para el MTCI\n\t\t<div id=\"wppdfemb-frame-container-125874\" style=\"-webkit-overflow-scrolling:auto;\">\n\t\t\t<iframe src=\"https:\/\/paratraduccion.com\/limiares\/fr\/?url=https:\/\/paratraduccion.com\/limiares\/wp-content\/uploads\/2024\/06\/O-MTCI-E-EMT.pdf&#038;0=title=O&#038;1=MTCI&#038;2=\u00c9\/p&#038;3=\/div&#038;4&#038;href=https:\/\/paratraduccion.com\/limiares\/fr\/el-reportaje-fotografico-tp-de-la-ii-gala-de-los-premios-etiv-uvigo\/&#038;5=class=bdt-timeline-readmore&#038;6=elementor-button&#038;7=elementor-size-sm&#038;8=&#038;9=Ler&#038;10=M\u00e1is&#038;11=\/a&#038;12=\/div&#038;13=\/div&#038;14=\/div&#038;15=\/div&#038;16=\/div&#038;17&#038;18=class=bdt-timeline-item&#038;19=bdt-width-1-2@m&#038;20=bdt-visible@m&#038;21&#038;class=bdt-timeline-item-main&#038;22=&#038;23=span05&#038;24=juin&#038;25=2024\/span&#038;26=\/div&#038;27=\/div&#038;28&#038;29=class=bdt-timeline-item&#038;30=bdt-width-1-2@m&#038;31=bdt-visible@m&#038;32&#038;33=&#038;34=span26&#038;35=avril&#038;36=2024\/span&#038;37=\/div&#038;38=\/div&#038;39&#038;40=class=&#038;41=bdt-width-1-2@m&#038;42=bdt-timeline-item&#038;43=right-part&#038;44&#038;45=class=bdt-timeline-item-main-wrapper&#038;46&#038;47=class=bdt-timeline-line&#038;48&#038;49=\/span&#038;50=\/div&#038;51&#038;52=class=bdt-timeline-item-main-container&#038;53&#038;54=class=bdt-timeline-icon&#038;55=bdt-timeline-icon&#038;56=bdt-timeline-icon&#038;57=bdt-timeline-icon&#038;58=bdt-timeline-icon&#038;59=bdt-timeline-icon&#038;60=bdt-timeline-icon&#038;61=bdt-timeline-icon&#038;62=bdt-timeline-icon&#038;63=bdt-timeline-icon&#038;64=bdt-timeline-icon&#038;65=bdt-timeline-icon&#038;66=bdt-timeline-icon&#038;67=bdt-timeline-icon&#038;68=bdt-timeline-icon&#038;69=bdt-timeline-icon&#038;70=bdt-timeline-icon&#038;71=bdt-timeline-icon&#038;72=bdt-timeline-icon&#038;73=bdt-timeline-icon&#038;74=bdt-timeline-icon&#038;75=bdt-timeline-icon&#038;76=bdt-timeline-icon&#038;77=bdt-timeline-icon&#038;78=bdt-timeline-icon&#038;79=bdt-timeline-icon&#038;80=bdt-timeline-icon&#038;81=bdt-timeline-icon&#038;82=bdt-timeline-icon&#038;83=bdt-timeline-icon&#038;84=bdt-timeline-icon&#038;85=bdt-timeline-icon&#038;86=bdt-timeline-icon&#038;87=bdt-timeline-icon&#038;88=bdt-timeline-icon&#038;89=bdt-timeline-icon&#038;90&#038;91=aria-hidden=true\/i\/span&#038;92=\/div&#038;93&#038;94=&#038;95&#038;96=class=bdt-timeline-arrow\/span&#038;97&#038;98=class=bdt-timeline-thumbnail&#038;99&#038;src=https:\/\/paratraduccion.com\/limiares\/wp-content\/uploads\/2022\/05\/Cubo_Premios-ETIV-UVigo.png&#038;100=alt=Premio&#038;101=ETIV-UVigo&#038;102=\u00abManolo&#038;103=Ramos\u00bb&#038;104=al&#038;105=mejor&#038;106=trabajo&#038;107=de&#038;108=investigaci\u00f3n&#038;109=\/div&#038;110&#038;111=class=bdt-timeline-desc&#038;112=bdt-padding&#038;113&#038;114=class=bdt-timeline-title&#038;115&#038;116=title=Premio&#038;117=ETIV-UVigo&#038;118=\u00abManolo&#038;119=Ramos\u00bb&#038;120=al&#038;121=mejor&#038;122=trabajo&#038;123=de&#038;124=investigaci\u00f3n&#038;125=Premio&#038;126=ETIV-UVigo&#038;127=\u00abManolo&#038;128=Ramos\u00bb&#038;129=al&#038;130=mejor&#038;131=trabajo&#038;132=de&#038;133=investigaci\u00f3n&#038;134=\/a&#038;135=\/h4&#038;136&#038;137=class=bdt-timeline-excerpt&#038;138=pLos&#038;139=Premios&#038;140=ETIV-UVigo&#038;141=a&#038;142=la&#038;143=localizaci\u00f3n&#038;144=de&#038;145=videojuegos&#038;146=son&#038;147=unos&#038;148=galardones&#038;149=institucionales&#038;150=promovidos&#038;151=por&#038;152=el\/p&#038;153=\/div&#038;154&#038;155=class=bdt-timeline-readmore&#038;156=elementor-button&#038;157=elementor-size-sm&#038;158&#038;159=bdt-width-1-2@m&#038;160=bdt-timeline-item&#038;161=left-part&#038;162&#038;163=class=bdt-timeline-item-main-wrapper&#038;164&#038;165=class=bdt-timeline-line&#038;166&#038;167=\/span&#038;168=\/div&#038;169&#038;170=class=bdt-timeline-item-main-container&#038;171&#038;172=class=bdt-timeline-icon&#038;173=bdt-timeline-icon&#038;174=bdt-timeline-icon&#038;175=bdt-timeline-icon&#038;176=bdt-timeline-icon&#038;177=bdt-timeline-icon&#038;178=bdt-timeline-icon&#038;179=bdt-timeline-icon&#038;180=bdt-timeline-icon&#038;181=bdt-timeline-icon&#038;182=bdt-timeline-icon&#038;183=bdt-timeline-icon&#038;184=bdt-timeline-icon&#038;185=bdt-timeline-icon&#038;186=bdt-timeline-icon&#038;187=bdt-timeline-icon&#038;188=bdt-timeline-icon&#038;189=bdt-timeline-icon&#038;190=bdt-timeline-icon&#038;191=bdt-timeline-icon&#038;192=bdt-timeline-icon&#038;193=bdt-timeline-icon&#038;194=bdt-timeline-icon&#038;195=bdt-timeline-icon&#038;196=bdt-timeline-icon&#038;197=bdt-timeline-icon&#038;198=bdt-timeline-icon&#038;199=bdt-timeline-icon&#038;200=bdt-timeline-icon&#038;201=bdt-timeline-icon&#038;202=bdt-timeline-icon&#038;203=bdt-timeline-icon&#038;204=bdt-timeline-icon&#038;205=bdt-timeline-icon&#038;206=bdt-timeline-icon&#038;207=bdt-timeline-icon&#038;208=bdt-timeline-icon&#038;209&#038;210=aria-hidden=true\/i\/span&#038;211=\/div&#038;212&#038;213=&#038;214&#038;215=class=bdt-timeline-arrow\/span&#038;216&#038;217=class=bdt-timeline-thumbnail&#038;218&#038;219=alt=Mentor\u00edas&#038;220=MTCI&#038;221=\/div&#038;222&#038;223=class=bdt-timeline-desc&#038;224=bdt-padding&#038;225&#038;226=class=bdt-timeline-title&#038;227&#038;228=title=Mentor\u00edas&#038;229=MTCI&#038;230=Mentor\u00edas&#038;231=MTCI&#038;232=\/a&#038;233=\/h4&#038;234&#038;235=class=bdt-timeline-excerpt&#038;236=pHace&#038;237=tres&#038;238=a\u00f1os,&#038;239=el&#038;240=13&#038;241=de&#038;242=agosto&#038;243=de&#038;244=2021,&#038;245=la&#038;246=Xunta&#038;247=de&#038;248=Galicia&#038;249=otorg\u00f3&#038;250=la\/p&#038;251=\/div&#038;252&#038;253=class=bdt-timeline-readmore&#038;254=elementor-button&#038;255=elementor-size-sm&#038;256=&#038;257=Ler&#038;258=M\u00e1is&#038;259=\/a&#038;260=\/div&#038;261=\/div&#038;262=\/div&#038;263=\/div&#038;264=\/div&#038;265&#038;266=class=bdt-timeline-item&#038;267=bdt-width-1-2@m&#038;268=bdt-visible@m&#038;269&#038;270=&#038;271=span12&#038;272=mars&#038;273=2024\/span&#038;274=\/div&#038;275=\/div&#038;276&#038;277=class=bdt-timeline-item&#038;278=bdt-width-1-2@m&#038;279=bdt-visible@m&#038;280&#038;281=&#038;282=span06&#038;283=mars&#038;284=2024\/span&#038;285=\/div&#038;286=\/div&#038;287&#038;288=class=&#038;289=bdt-width-1-2@m&#038;290=bdt-timeline-item&#038;291=right-part&#038;292&#038;293=class=bdt-timeline-item-main-wrapper&#038;294&#038;295=class=bdt-timeline-line&#038;296&#038;297=\/span&#038;298=\/div&#038;299&#038;300=class=bdt-timeline-item-main-container&#038;301&#038;302=class=bdt-timeline-icon&#038;303=bdt-timeline-icon&#038;304=bdt-timeline-icon&#038;305=bdt-timeline-icon&#038;306=bdt-timeline-icon&#038;307=bdt-timeline-icon&#038;308=bdt-timeline-icon&#038;309=bdt-timeline-icon&#038;310=bdt-timeline-icon&#038;311=bdt-timeline-icon&#038;312=bdt-timeline-icon&#038;313=bdt-timeline-icon&#038;314=bdt-timeline-icon&#038;315=bdt-timeline-icon&#038;316=bdt-timeline-icon&#038;317=bdt-timeline-icon&#038;318=bdt-timeline-icon&#038;319=bdt-timeline-icon&#038;320=bdt-timeline-icon&#038;321=bdt-timeline-icon&#038;322=bdt-timeline-icon&#038;323=bdt-timeline-icon&#038;324=bdt-timeline-icon&#038;325=bdt-timeline-icon&#038;326=bdt-timeline-icon&#038;327=bdt-timeline-icon&#038;328=bdt-timeline-icon&#038;329=bdt-timeline-icon&#038;330=bdt-timeline-icon&#038;331=bdt-timeline-icon&#038;332=bdt-timeline-icon&#038;333=bdt-timeline-icon&#038;334=bdt-timeline-icon&#038;335=bdt-timeline-icon&#038;336=bdt-timeline-icon&#038;337=bdt-timeline-icon&#038;338=bdt-timeline-icon&#038;339=bdt-timeline-icon&#038;340&#038;341=aria-hidden=true\/i\/span&#038;342=\/div&#038;343&#038;344=&#038;345&#038;346=class=bdt-timeline-arrow\/span&#038;347&#038;348=class=bdt-timeline-thumbnail&#038;349&#038;350=alt=LA&#038;351=VOZ&#038;352=DEL&#038;353=TRADUCTOR&#038;354=en&#038;355=los&#038;356=tratados&#038;357=m\u00e9dicos&#038;358=decimon\u00f3nicos&#038;359=sobre&#038;360=las&#038;361=enfermedades&#038;362=de&#038;363=las&#038;364=mujeres&#038;365=\/div&#038;366&#038;367=class=bdt-timeline-desc&#038;368=bdt-padding&#038;369&#038;370=class=bdt-timeline-title&#038;371&#038;372=title=LA&#038;373=VOZ&#038;374=DEL&#038;375=TRADUCTOR&#038;376=en&#038;377=los&#038;378=tratados&#038;379=m\u00e9dicos&#038;380=decimon\u00f3nicos&#038;381=sobre&#038;382=las&#038;383=enfermedades&#038;384=de&#038;385=las&#038;386=mujeres&#038;387=LA&#038;388=VOZ&#038;389=DEL&#038;390=TRADUCTOR&#038;391=en&#038;392=los&#038;393=tratados&#038;394=m\u00e9dicos&#038;395=decimon\u00f3nicos&#038;396=sobre&#038;397=las&#038;398=enfermedades&#038;399=de&#038;400=las&#038;401=mujeres&#038;402=\/a&#038;403=\/h4&#038;404&#038;405=class=bdt-timeline-excerpt&#038;406=pCumpliendo&#038;407=con&#038;408=el&#038;409=cronograma&#038;410=de&#038;411=los&#038;412=eventos&#038;413=cient\u00edficos&#038;414=programados&#038;415=y&#038;416=las&#038;417=actividades&#038;418=extraacad\u00e9micas&#038;419=previstas&#038;420=en\/p&#038;421=\/div&#038;422&#038;423=class=bdt-timeline-readmore&#038;424=elementor-button&#038;425=elementor-size-sm&#038;426&#038;427=bdt-width-1-2@m&#038;428=bdt-timeline-item&#038;429=left-part&#038;430&#038;431=class=bdt-timeline-item-main-wrapper&#038;432&#038;433=class=bdt-timeline-line&#038;434&#038;435=\/span&#038;436=\/div&#038;437&#038;438=class=bdt-timeline-item-main-container&#038;439&#038;440=class=bdt-timeline-icon&#038;441=bdt-timeline-icon&#038;442=bdt-timeline-icon&#038;443=bdt-timeline-icon&#038;444=bdt-timeline-icon&#038;445=bdt-timeline-icon&#038;446=bdt-timeline-icon&#038;447=bdt-timeline-icon&#038;448=bdt-timeline-icon&#038;449=bdt-timeline-icon&#038;450=bdt-timeline-icon&#038;451=bdt-timeline-icon&#038;452=bdt-timeline-icon&#038;453=bdt-timeline-icon&#038;454=bdt-timeline-icon&#038;455=bdt-timeline-icon&#038;456=bdt-timeline-icon&#038;457=bdt-timeline-icon&#038;458=bdt-timeline-icon&#038;459=bdt-timeline-icon&#038;460=bdt-timeline-icon&#038;461=bdt-timeline-icon&#038;462=bdt-timeline-icon&#038;463=bdt-timeline-icon&#038;464=bdt-timeline-icon&#038;465=bdt-timeline-icon&#038;466=bdt-timeline-icon&#038;467=bdt-timeline-icon&#038;468=bdt-timeline-icon&#038;469=bdt-timeline-icon&#038;470=bdt-timeline-icon&#038;471=bdt-timeline-icon&#038;472=bdt-timeline-icon&#038;473=bdt-timeline-icon&#038;474=bdt-timeline-icon&#038;475=bdt-timeline-icon&#038;476=bdt-timeline-icon&#038;477=bdt-timeline-icon&#038;478=bdt-timeline-icon&#038;479&#038;480=aria-hidden=true\/i\/span&#038;481=\/div&#038;482&#038;483=&#038;484&#038;485=class=bdt-timeline-arrow\/span&#038;486&#038;487=class=bdt-timeline-thumbnail&#038;488&#038;489=alt=ParatradIT-2024_UVigo_T&#038;P&#038;490=\/div&#038;491&#038;492=class=bdt-timeline-desc&#038;493=bdt-padding&#038;494&#038;495=class=bdt-timeline-title&#038;496&#038;497=title=ParatradIT-2024_UVigo_T&#038;P&#038;498=ParatradIT-2024_UVigo_T&#038;P&#038;499=\/a&#038;500=\/h4&#038;501&#038;502=class=bdt-timeline-excerpt&#038;503=pEl&#038;504=I&#038;505=Congreso&#038;506=Internacional&#038;507=de&#038;508=Paratraducci\u00f3n,&#038;509=Interlinguas&#038;510=y&#038;511=Transmedia&#038;512=(ParatradIT),&#038;513=que&#038;514=se&#038;515=celebrar\u00e1&#038;516=tanto&#038;517=en&#038;518=modalidad&#038;519=presencial&#038;520=como\/p&#038;521=\/div&#038;522&#038;523=class=bdt-timeline-readmore&#038;524=elementor-button&#038;525=elementor-size-sm&#038;526=&#038;527=Ler&#038;528=M\u00e1is&#038;529=\/a&#038;530=\/div&#038;531=\/div&#038;532=\/div&#038;533=\/div&#038;534=\/div&#038;535&#038;536=class=bdt-timeline-item&#038;537=bdt-width-1-2@m&#038;538=bdt-visible@m&#038;539&#038;540=&#038;541=span06&#038;542=mars&#038;543=2024\/span&#038;544=\/div&#038;545=\/div&#038;546&#038;547=class=bdt-timeline-item&#038;548=bdt-width-1-2@m&#038;549=bdt-visible@m&#038;550&#038;551=&#038;552=span26&#038;553=f\u00e9vrier&#038;554=2024\/span&#038;555=\/div&#038;556=\/div&#038;557&#038;558=class=&#038;559=bdt-width-1-2@m&#038;560=bdt-timeline-item&#038;561=right-part&#038;562&#038;563=class=bdt-timeline-item-main-wrapper&#038;564&#038;565=class=bdt-timeline-line&#038;566&#038;567=\/span&#038;568=\/div&#038;569&#038;570=class=bdt-timeline-item-main-container&#038;571&#038;572=class=bdt-timeline-icon&#038;573=bdt-timeline-icon&#038;574=bdt-timeline-icon&#038;575=bdt-timeline-icon&#038;576=bdt-timeline-icon&#038;577=bdt-timeline-icon&#038;578=bdt-timeline-icon&#038;579=bdt-timeline-icon&#038;580=bdt-timeline-icon&#038;581=bdt-timeline-icon&#038;582=bdt-timeline-icon&#038;583=bdt-timeline-icon&#038;584=bdt-timeline-icon&#038;585=bdt-timeline-icon&#038;586=bdt-timeline-icon&#038;587=bdt-timeline-icon&#038;588=bdt-timeline-icon&#038;589=bdt-timeline-icon&#038;590=bdt-timeline-icon&#038;591=bdt-timeline-icon&#038;592=bdt-timeline-icon&#038;593=bdt-timeline-icon&#038;594=bdt-timeline-icon&#038;595=bdt-timeline-icon&#038;596=bdt-timeline-icon&#038;597=bdt-timeline-icon&#038;598=bdt-timeline-icon&#038;599=bdt-timeline-icon&#038;600=bdt-timeline-icon&#038;601=bdt-timeline-icon&#038;602=bdt-timeline-icon&#038;603=bdt-timeline-icon&#038;604=bdt-timeline-icon&#038;605=bdt-timeline-icon&#038;606=bdt-timeline-icon&#038;607=bdt-timeline-icon&#038;608=bdt-timeline-icon&#038;609=bdt-timeline-icon&#038;610=bdt-timeline-icon&#038;611=bdt-timeline-icon&#038;612&#038;613=aria-hidden=true\/i\/span&#038;614=\/div&#038;615&#038;616=&#038;617&#038;618=class=bdt-timeline-arrow\/span&#038;619&#038;620=class=bdt-timeline-thumbnail&#038;621&#038;622=alt=A&#038;623=paratraduci\u00f3n&#038;624=como&#038;625=mecanismo&#038;626=para&#038;627=desenmascarar&#038;628=o&#038;629=canon&#038;630=\/div&#038;631&#038;632=class=bdt-timeline-desc&#038;633=bdt-padding&#038;634&#038;635=class=bdt-timeline-title&#038;636&#038;637=title=A&#038;638=paratraduci\u00f3n&#038;639=como&#038;640=mecanismo&#038;641=para&#038;642=desenmascarar&#038;643=o&#038;644=canon&#038;645=A&#038;646=paratraduci\u00f3n&#038;647=como&#038;648=mecanismo&#038;649=para&#038;650=desenmascarar&#038;651=o&#038;652=canon&#038;653=\/a&#038;654=\/h4&#038;655&#038;656=class=bdt-timeline-excerpt&#038;657=pCumpliendo&#038;658=con&#038;659=el&#038;660=cronograma&#038;661=de&#038;662=los&#038;663=eventos&#038;664=cient\u00edficos&#038;665=programados&#038;666=y&#038;667=las&#038;668=actividades&#038;669=extraacad\u00e9micas&#038;670=previstas&#038;671=en\/p&#038;672=\/div&#038;673&#038;674=class=bdt-timeline-readmore&#038;675=elementor-button&#038;676=elementor-size-sm&#038;677&#038;678=bdt-width-1-2@m&#038;679=bdt-timeline-item&#038;680=left-part&#038;681&#038;682=class=bdt-timeline-item-main-wrapper&#038;683&#038;684=class=bdt-timeline-line&#038;685&#038;686=\/span&#038;687=\/div&#038;688&#038;689=class=bdt-timeline-item-main-container&#038;690&#038;691=class=bdt-timeline-icon&#038;692=bdt-timeline-icon&#038;693=bdt-timeline-icon&#038;694=bdt-timeline-icon&#038;695=bdt-timeline-icon&#038;696=bdt-timeline-icon&#038;697=bdt-timeline-icon&#038;698=bdt-timeline-icon&#038;699=bdt-timeline-icon&#038;700=bdt-timeline-icon&#038;701=bdt-timeline-icon&#038;702=bdt-timeline-icon&#038;703=bdt-timeline-icon&#038;704=bdt-timeline-icon&#038;705=bdt-timeline-icon&#038;706=bdt-timeline-icon&#038;707=bdt-timeline-icon&#038;708=bdt-timeline-icon&#038;709=bdt-timeline-icon&#038;710=bdt-timeline-icon&#038;711=bdt-timeline-icon&#038;712=bdt-timeline-icon&#038;713=bdt-timeline-icon&#038;714=bdt-timeline-icon&#038;715=bdt-timeline-icon&#038;716=bdt-timeline-icon&#038;717=bdt-timeline-icon&#038;718=bdt-timeline-icon&#038;719=bdt-timeline-icon&#038;720=bdt-timeline-icon&#038;721=bdt-timeline-icon&#038;722=bdt-timeline-icon&#038;723=bdt-timeline-icon&#038;724=bdt-timeline-icon&#038;725=bdt-timeline-icon&#038;726=bdt-timeline-icon&#038;727=bdt-timeline-icon&#038;728=bdt-timeline-icon&#038;729=bdt-timeline-icon&#038;730=bdt-timeline-icon&#038;731=bdt-timeline-icon&#038;732&#038;733=aria-hidden=true\/i\/span&#038;734=\/div&#038;735&#038;736=&#038;737&#038;738=class=bdt-timeline-arrow\/span&#038;739&#038;740=class=bdt-timeline-thumbnail&#038;741&#038;742=alt=El&#038;743=tridente&#038;744=T&#038;P-MTCI-ETIV_2023-2024_Meta&#038;745=\/div&#038;746&#038;747=class=bdt-timeline-desc&#038;748=bdt-padding&#038;749&#038;750=class=bdt-timeline-title&#038;751&#038;752=title=El&#038;753=tridente&#038;754=T&#038;P-MTCI-ETIV_2023-2024_Meta&#038;755=El&#038;756=tridente&#038;757=T&#038;P-MTCI-ETIV_2023-2024_Meta&#038;758=\/a&#038;759=\/h4&#038;760&#038;761=class=bdt-timeline-excerpt&#038;762=pDurante&#038;763=nuestra&#038;764=particular&#038;765=celebraci\u00f3n&#038;766=del&#038;767=D\u00eda&#038;768=Internacional&#038;769=de&#038;770=la&#038;771=Traducci\u00f3n&#038;772=2023&#038;773=presentamos&#038;774=las&#038;775=novedades&#038;776=para\/p&#038;777=\/div&#038;778&#038;779=class=bdt-timeline-readmore&#038;780=elementor-button&#038;781=elementor-size-sm&#038;782=&#038;783=Ler&#038;784=M\u00e1is&#038;785=\/a&#038;786=\/div&#038;787=\/div&#038;788=\/div&#038;789=\/div&#038;790=\/div&#038;791&#038;792=class=bdt-timeline-item&#038;793=bdt-width-1-2@m&#038;794=bdt-visible@m&#038;795&#038;796=&#038;797=span20&#038;798=octobre&#038;799=2023\/span&#038;800=\/div&#038;801=\/div&#038;802&#038;803=class=bdt-timeline-item&#038;804=bdt-width-1-2@m&#038;805=bdt-visible@m&#038;806&#038;807=&#038;808=span17&#038;809=octobre&#038;810=2023\/span&#038;811=\/div&#038;812=\/div&#038;813&#038;814=class=&#038;815=bdt-width-1-2@m&#038;816=bdt-timeline-item&#038;817=right-part&#038;818&#038;819=class=bdt-timeline-item-main-wrapper&#038;820&#038;821=class=bdt-timeline-line&#038;822&#038;823=\/span&#038;824=\/div&#038;825&#038;826=class=bdt-timeline-item-main-container&#038;827&#038;828=class=bdt-timeline-icon&#038;829=bdt-timeline-icon&#038;830=bdt-timeline-icon&#038;831=bdt-timeline-icon&#038;832=bdt-timeline-icon&#038;833=bdt-timeline-icon&#038;834=bdt-timeline-icon&#038;835=bdt-timeline-icon&#038;836=bdt-timeline-icon&#038;837=bdt-timeline-icon&#038;838=bdt-timeline-icon&#038;839=bdt-timeline-icon&#038;840=bdt-timeline-icon&#038;841=bdt-timeline-icon&#038;842=bdt-timeline-icon&#038;843=bdt-timeline-icon&#038;844=bdt-timeline-icon&#038;845=bdt-timeline-icon&#038;846=bdt-timeline-icon&#038;847=bdt-timeline-icon&#038;848=bdt-timeline-icon&#038;849=bdt-timeline-icon&#038;850=bdt-timeline-icon&#038;851=bdt-timeline-icon&#038;852=bdt-timeline-icon&#038;853=bdt-timeline-icon&#038;854=bdt-timeline-icon&#038;855=bdt-timeline-icon&#038;856=bdt-timeline-icon&#038;857=bdt-timeline-icon&#038;858=bdt-timeline-icon&#038;859=bdt-timeline-icon&#038;860=bdt-timeline-icon&#038;861=bdt-timeline-icon&#038;862=bdt-timeline-icon&#038;863=bdt-timeline-icon&#038;864=bdt-timeline-icon&#038;865=bdt-timeline-icon&#038;866=bdt-timeline-icon&#038;867=bdt-timeline-icon&#038;868=bdt-timeline-icon&#038;869=bdt-timeline-icon&#038;870&#038;871=aria-hidden=true\/i\/span&#038;872=\/div&#038;873&#038;874=&#038;875&#038;876=class=bdt-timeline-arrow\/span&#038;877&#038;878=class=bdt-timeline-thumbnail&#038;879&#038;880=alt=\u00abNO&#038;881=todo&#038;882=es&#038;883=woRRdpreSS\u00bb&#038;884=\/div&#038;885&#038;886=class=bdt-timeline-desc&#038;887=bdt-padding&#038;888&#038;889=class=bdt-timeline-title&#038;890&#038;891=title=\u00abNO&#038;892=todo&#038;893=es&#038;894=woRRdpreSS\u00bb&#038;895=\u00abNO&#038;896=todo&#038;897=es&#038;898=woRRdpreSS\u00bb&#038;899=\/a&#038;900=\/h4&#038;901&#038;902=class=bdt-timeline-excerpt&#038;903=pCumpliendo&#038;904=con&#038;905=el&#038;906=cronograma&#038;907=de&#038;908=los&#038;909=eventos&#038;910=cient\u00edficos&#038;911=programados&#038;912=y&#038;913=las&#038;914=actividades&#038;915=extraacad\u00e9micas&#038;916=previstas&#038;917=en\/p&#038;918=\/div&#038;919&#038;920=class=bdt-timeline-readmore&#038;921=elementor-button&#038;922=elementor-size-sm&#038;923&#038;924=bdt-width-1-2@m&#038;925=bdt-timeline-item&#038;926=left-part&#038;927&#038;928=class=bdt-timeline-item-main-wrapper&#038;929&#038;930=class=bdt-timeline-line&#038;931&#038;932=\/span&#038;933=\/div&#038;934&#038;935=class=bdt-timeline-item-main-container&#038;936&#038;937=class=bdt-timeline-icon&#038;938=bdt-timeline-icon&#038;939=bdt-timeline-icon&#038;940=bdt-timeline-icon&#038;941=bdt-timeline-icon&#038;942=bdt-timeline-icon&#038;943=bdt-timeline-icon&#038;944=bdt-timeline-icon&#038;945=bdt-timeline-icon&#038;946=bdt-timeline-icon&#038;947=bdt-timeline-icon&#038;948=bdt-timeline-icon&#038;949=bdt-timeline-icon&#038;950=bdt-timeline-icon&#038;951=bdt-timeline-icon&#038;952=bdt-timeline-icon&#038;953=bdt-timeline-icon&#038;954=bdt-timeline-icon&#038;955=bdt-timeline-icon&#038;956=bdt-timeline-icon&#038;957=bdt-timeline-icon&#038;958=bdt-timeline-icon&#038;959=bdt-timeline-icon&#038;960=bdt-timeline-icon&#038;961=bdt-timeline-icon&#038;962=bdt-timeline-icon&#038;963=bdt-timeline-icon&#038;964=bdt-timeline-icon&#038;965=bdt-timeline-icon&#038;966=bdt-timeline-icon&#038;967=bdt-timeline-icon&#038;968=bdt-timeline-icon&#038;969=bdt-timeline-icon&#038;970=bdt-timeline-icon&#038;971=bdt-timeline-icon&#038;972=bdt-timeline-icon&#038;973=bdt-timeline-icon&#038;974=bdt-timeline-icon&#038;975=bdt-timeline-icon&#038;976=bdt-timeline-icon&#038;977=bdt-timeline-icon&#038;978=bdt-timeline-icon&#038;979=bdt-timeline-icon&#038;980&#038;981=aria-hidden=true\/i\/span&#038;982=\/div&#038;983&#038;984=&#038;985&#038;986=class=bdt-timeline-arrow\/span&#038;987&#038;988=class=bdt-timeline-thumbnail&#038;989&#038;990=alt=Entrevista&#038;991=a&#038;992=Patricia&#038;993=Buj\u00e1n&#038;994=en&#038;995=la&#038;996=TVG&#038;997=\/div&#038;998&#038;999=class=bdt-timeline-desc&#038;1000=bdt-padding&#038;1001&#038;1002=class=bdt-timeline-title&#038;1003&#038;1004=title=Entrevista&#038;1005=a&#038;1006=Patricia&#038;1007=Buj\u00e1n&#038;1008=en&#038;1009=la&#038;1010=TVG&#038;1011=Entrevista&#038;1012=a&#038;1013=Patricia&#038;1014=Buj\u00e1n&#038;1015=en&#038;1016=la&#038;1017=TVG&#038;1018=\/a&#038;1019=\/h4&#038;1020&#038;1021=class=bdt-timeline-excerpt&#038;1022=pCon&#038;1023=motivo&#038;1024=del&#038;1025=D\u00eda&#038;1026=Internacional&#038;1027=de&#038;1028=la&#038;1029=Traducci\u00f3n&#038;1030=2023,&#038;1031=que&#038;1032=desde&#038;1033=T&#038;P-MTCI-ETIV&#038;1034=celebramos&#038;1035=justo&#038;1036=el&#038;1037=d\u00eda\/p&#038;1038=\/div&#038;1039&#038;1040=class=bdt-timeline-readmore&#038;1041=elementor-button&#038;1042=elementor-size-sm&#038;1043=&#038;1044=Ler&#038;1045=M\u00e1is&#038;1046=\/a&#038;1047=\/div&#038;1048=\/div&#038;1049=\/div&#038;1050=\/div&#038;1051=\/div&#038;1052&#038;1053=class=bdt-timeline-item&#038;1054=bdt-width-1-2@m&#038;1055=bdt-visible@m&#038;1056&#038;1057=&#038;1058=span08&#038;1059=octobre&#038;1060=2023\/span&#038;1061=\/div&#038;1062=\/div&#038;1063&#038;1064=class=bdt-timeline-item&#038;1065=bdt-width-1-2@m&#038;1066=bdt-visible@m&#038;1067&#038;1068=&#038;1069=span22&#038;1070=septembre&#038;1071=2023\/span&#038;1072=\/div&#038;1073=\/div&#038;1074&#038;1075=class=&#038;1076=bdt-width-1-2@m&#038;1077=bdt-timeline-item&#038;1078=right-part&#038;1079&#038;1080=class=bdt-timeline-item-main-wrapper&#038;1081&#038;1082=class=bdt-timeline-line&#038;1083&#038;1084=\/span&#038;1085=\/div&#038;1086&#038;1087=class=bdt-timeline-item-main-container&#038;1088&#038;1089=class=bdt-timeline-icon&#038;1090=bdt-timeline-icon&#038;1091=bdt-timeline-icon&#038;1092=bdt-timeline-icon&#038;1093=bdt-timeline-icon&#038;1094=bdt-timeline-icon&#038;1095=bdt-timeline-icon&#038;1096=bdt-timeline-icon&#038;1097=bdt-timeline-icon&#038;1098=bdt-timeline-icon&#038;1099=bdt-timeline-icon&#038;1100=bdt-timeline-icon&#038;1101=bdt-timeline-icon&#038;1102=bdt-timeline-icon&#038;1103=bdt-timeline-icon&#038;1104=bdt-timeline-icon&#038;1105=bdt-timeline-icon&#038;1106=bdt-timeline-icon&#038;1107=bdt-timeline-icon&#038;1108=bdt-timeline-icon&#038;1109=bdt-timeline-icon&#038;1110=bdt-timeline-icon&#038;1111=bdt-timeline-icon&#038;1112=bdt-timeline-icon&#038;1113=bdt-timeline-icon&#038;1114=bdt-timeline-icon&#038;1115=bdt-timeline-icon&#038;1116=bdt-timeline-icon&#038;1117=bdt-timeline-icon&#038;1118=bdt-timeline-icon&#038;1119=bdt-timeline-icon&#038;1120=bdt-timeline-icon&#038;1121=bdt-timeline-icon&#038;1122=bdt-timeline-icon&#038;1123=bdt-timeline-icon&#038;1124=bdt-timeline-icon&#038;1125=bdt-timeline-icon&#038;1126=bdt-timeline-icon&#038;1127=bdt-timeline-icon&#038;1128=bdt-timeline-icon&#038;1129=bdt-timeline-icon&#038;1130=bdt-timeline-icon&#038;1131=bdt-timeline-icon&#038;1132=bdt-timeline-icon&#038;1133&#038;1134=aria-hidden=true\/i\/span&#038;1135=\/div&#038;1136&#038;1137=&#038;1138&#038;1139=class=bdt-timeline-arrow\/span&#038;1140&#038;1141=class=bdt-timeline-thumbnail&#038;1142&#038;1143=alt=D\u00eda&#038;1144=Internacional&#038;1145=de&#038;1146=la&#038;1147=Traducci\u00f3n&#038;1148=2023_T&#038;P-MTCI-ETIV_Meta&#038;1149=\/div&#038;1150&#038;1151=class=bdt-timeline-desc&#038;1152=bdt-padding&#038;1153&#038;1154=class=bdt-timeline-title&#038;1155&#038;1156=title=D\u00eda&#038;1157=Internacional&#038;1158=de&#038;1159=la&#038;1160=Traducci\u00f3n&#038;1161=2023_T&#038;P-MTCI-ETIV_Meta&#038;1162=D\u00eda&#038;1163=Internacional&#038;1164=de&#038;1165=la&#038;1166=Traducci\u00f3n&#038;1167=2023_T&#038;P-MTCI-ETIV_Meta&#038;1168=\/a&#038;1169=\/h4&#038;1170&#038;1171=class=bdt-timeline-excerpt&#038;1172=pEl&#038;1173=D\u00eda&#038;1174=Internacional&#038;1175=de&#038;1176=la&#038;1177=Traducci\u00f3n&#038;1178=2023&#038;1179=est\u00e1&#038;1180=dedicado&#038;1181=a&#038;1182=poner&#038;1183=en&#038;1184=valor&#038;1185=c\u00f3mo&#038;1186=La\/p&#038;1187=\/div&#038;1188&#038;1189=class=bdt-timeline-readmore&#038;1190=elementor-button&#038;1191=elementor-size-sm&#038;1192&#038;1193=bdt-width-1-2@m&#038;1194=bdt-timeline-item&#038;1195=left-part&#038;1196&#038;1197=class=bdt-timeline-item-main-wrapper&#038;1198&#038;1199=class=bdt-timeline-line&#038;1200&#038;1201=\/span&#038;1202=\/div&#038;1203&#038;1204=class=bdt-timeline-item-main-container&#038;1205&#038;1206=class=bdt-timeline-icon&#038;1207=bdt-timeline-icon&#038;1208=bdt-timeline-icon&#038;1209=bdt-timeline-icon&#038;1210=bdt-timeline-icon&#038;1211=bdt-timeline-icon&#038;1212=bdt-timeline-icon&#038;1213=bdt-timeline-icon&#038;1214=bdt-timeline-icon&#038;1215=bdt-timeline-icon&#038;1216=bdt-timeline-icon&#038;1217=bdt-timeline-icon&#038;1218=bdt-timeline-icon&#038;1219=bdt-timeline-icon&#038;1220=bdt-timeline-icon&#038;1221=bdt-timeline-icon&#038;1222=bdt-timeline-icon&#038;1223=bdt-timeline-icon&#038;1224=bdt-timeline-icon&#038;1225=bdt-timeline-icon&#038;1226=bdt-timeline-icon&#038;1227=bdt-timeline-icon&#038;1228=bdt-timeline-icon&#038;1229=bdt-timeline-icon&#038;1230=bdt-timeline-icon&#038;1231=bdt-timeline-icon&#038;1232=bdt-timeline-icon&#038;1233=bdt-timeline-icon&#038;1234=bdt-timeline-icon&#038;1235=bdt-timeline-icon&#038;1236=bdt-timeline-icon&#038;1237=bdt-timeline-icon&#038;1238=bdt-timeline-icon&#038;1239=bdt-timeline-icon&#038;1240=bdt-timeline-icon&#038;1241=bdt-timeline-icon&#038;1242=bdt-timeline-icon&#038;1243=bdt-timeline-icon&#038;1244=bdt-timeline-icon&#038;1245=bdt-timeline-icon&#038;1246=bdt-timeline-icon&#038;1247=bdt-timeline-icon&#038;1248=bdt-timeline-icon&#038;1249=bdt-timeline-icon&#038;1250=bdt-timeline-icon&#038;1251&#038;1252=aria-hidden=true\/i\/span&#038;1253=\/div&#038;1254&#038;1255=&#038;1256&#038;1257=class=bdt-timeline-arrow\/span&#038;1258&#038;1259=class=bdt-timeline-thumbnail&#038;1260&#038;1261=alt=Voute&#038;1262=preservar,&#038;1263=mi\u00f1oca!&#038;1264=\/div&#038;1265&#038;1266=class=bdt-timeline-desc&#038;1267=bdt-padding&#038;1268&#038;1269=class=bdt-timeline-title&#038;1270&#038;1271=title=Voute&#038;1272=preservar,&#038;1273=mi\u00f1oca!&#038;1274=Voute&#038;1275=preservar,&#038;1276=mi\u00f1oca!&#038;1277=\/a&#038;1278=\/h4&#038;1279&#038;1280=class=bdt-timeline-excerpt&#038;1281=pO&#038;1282=Grupo&#038;1283=de&#038;1284=Investigaci\u00f3n&#038;1285=Traduci\u00f3n&#038;1286&#038;&#038;1287=Paratraduci\u00f3n&#038;1288=(T&#038;P),&#038;1289=o&#038;1290=Mestrado&#038;1291=en&#038;1292=Traduci\u00f3n&#038;1293=para&#038;1294=a&#038;1295=Comunicaci\u00f3n\/p&#038;1296=\/div&#038;1297&#038;1298=class=bdt-timeline-readmore&#038;1299=elementor-button&#038;1300=elementor-size-sm&#038;1301=&#038;1302=Ler&#038;1303=M\u00e1is&#038;1304=\/a&#038;1305=\/div&#038;1306=\/div&#038;1307=\/div&#038;1308=\/div&#038;1309=\/div&#038;1310&#038;1311=class=bdt-timeline-item&#038;1312=bdt-width-1-2@m&#038;1313=bdt-visible@m&#038;1314&#038;1315=&#038;1316=span13&#038;1317=septembre&#038;1318=2023\/span&#038;1319=\/div&#038;1320=\/div&#038;1321&#038;1322=class=bdt-timeline-item&#038;1323=bdt-width-1-2@m&#038;1324=bdt-visible@m&#038;1325&#038;1326=&#038;1327=span01&#038;1328=juin&#038;1329=2023\/span&#038;1330=\/div&#038;1331=\/div&#038;1332&#038;1333=class=&#038;1334=bdt-width-1-2@m&#038;1335=bdt-timeline-item&#038;1336=right-part&#038;1337&#038;1338=class=bdt-timeline-item-main-wrapper&#038;1339&#038;1340=class=bdt-timeline-line&#038;1341&#038;1342=\/span&#038;1343=\/div&#038;1344&#038;1345=class=bdt-timeline-item-main-container&#038;1346&#038;1347=class=bdt-timeline-icon&#038;1348=bdt-timeline-icon&#038;1349=bdt-timeline-icon&#038;1350=bdt-timeline-icon&#038;1351=bdt-timeline-icon&#038;1352=bdt-timeline-icon&#038;1353=bdt-timeline-icon&#038;1354=bdt-timeline-icon&#038;1355=bdt-timeline-icon&#038;1356=bdt-timeline-icon&#038;1357=bdt-timeline-icon&#038;1358=bdt-timeline-icon&#038;1359=bdt-timeline-icon&#038;1360=bdt-timeline-icon&#038;1361=bdt-timeline-icon&#038;1362=bdt-timeline-icon&#038;1363=bdt-timeline-icon&#038;1364=bdt-timeline-icon&#038;1365=bdt-timeline-icon&#038;1366=bdt-timeline-icon&#038;1367=bdt-timeline-icon&#038;1368=bdt-timeline-icon&#038;1369=bdt-timeline-icon&#038;1370=bdt-timeline-icon&#038;1371=bdt-timeline-icon&#038;1372=bdt-timeline-icon&#038;1373=bdt-timeline-icon&#038;1374=bdt-timeline-icon&#038;1375=bdt-timeline-icon&#038;1376=bdt-timeline-icon&#038;1377=bdt-timeline-icon&#038;1378=bdt-timeline-icon&#038;1379=bdt-timeline-icon&#038;1380=bdt-timeline-icon&#038;1381=bdt-timeline-icon&#038;1382=bdt-timeline-icon&#038;1383=bdt-timeline-icon&#038;1384=bdt-timeline-icon&#038;1385=bdt-timeline-icon&#038;1386=bdt-timeline-icon&#038;1387=bdt-timeline-icon&#038;1388=bdt-timeline-icon&#038;1389=bdt-timeline-icon&#038;1390=bdt-timeline-icon&#038;1391=bdt-timeline-icon&#038;1392=bdt-timeline-icon&#038;1393&#038;1394=aria-hidden=true\/i\/span&#038;1395=\/div&#038;1396&#038;1397=&#038;1398&#038;1399=class=bdt-timeline-arrow\/span&#038;1400&#038;1401=class=bdt-timeline-thumbnail&#038;1402&#038;1403=alt=El&#038;1404=v\u00eddeo&#038;1405=de&#038;1406=la&#038;1407=II&#038;1408=Gala&#038;1409=de&#038;1410=los&#038;1411=Premios&#038;1412=ETIV-UVigo&#038;1413=a&#038;1414=la&#038;1415=localizaci\u00f3n&#038;1416=de&#038;1417=videojuegos&#038;1418=\/div&#038;1419&#038;1420=class=bdt-timeline-desc&#038;1421=bdt-padding&#038;1422&#038;1423=class=bdt-timeline-title&#038;1424&#038;1425=title=El&#038;1426=v\u00eddeo&#038;1427=de&#038;1428=la&#038;1429=II&#038;1430=Gala&#038;1431=de&#038;1432=los&#038;1433=Premios&#038;1434=ETIV-UVigo&#038;1435=a&#038;1436=la&#038;1437=localizaci\u00f3n&#038;1438=de&#038;1439=videojuegos&#038;1440=El&#038;1441=v\u00eddeo&#038;1442=de&#038;1443=la&#038;1444=II&#038;1445=Gala&#038;1446=de&#038;1447=los&#038;1448=Premios&#038;1449=ETIV-UVigo&#038;1450=a&#038;1451=la&#038;1452=localizaci\u00f3n&#038;1453=de&#038;1454=videojuegos&#038;1455=\/a&#038;1456=\/h4&#038;1457&#038;1458=class=bdt-timeline-excerpt&#038;1459=pEl&#038;1460=v\u00eddeo&#038;1461=grabado&#038;1462=y&#038;1463=editado&#038;1464=por&#038;1465=UVigo-TV&#038;1466=de&#038;1467=la&#038;1468=II&#038;1469=Gala&#038;1470=de&#038;1471=los&#038;1472=Premios&#038;1473=ETIV-UVigo\/p&#038;1474=\/div&#038;1475&#038;1476=class=bdt-timeline-readmore&#038;1477=elementor-button&#038;1478=elementor-size-sm&#038;1479&#038;1480=bdt-width-1-2@m&#038;1481=bdt-timeline-item&#038;1482=left-part&#038;1483&#038;1484=class=bdt-timeline-item-main-wrapper&#038;1485&#038;1486=class=bdt-timeline-line&#038;1487&#038;1488=\/span&#038;1489=\/div&#038;1490&#038;1491=class=bdt-timeline-item-main-container&#038;1492&#038;1493=class=bdt-timeline-icon&#038;1494=bdt-timeline-icon&#038;1495=bdt-timeline-icon&#038;1496=bdt-timeline-icon&#038;1497=bdt-timeline-icon&#038;1498=bdt-timeline-icon&#038;1499=bdt-timeline-icon&#038;1500=bdt-timeline-icon&#038;1501=bdt-timeline-icon&#038;1502=bdt-timeline-icon&#038;1503=bdt-timeline-icon&#038;1504=bdt-timeline-icon&#038;1505=bdt-timeline-icon&#038;1506=bdt-timeline-icon&#038;1507=bdt-timeline-icon&#038;1508=bdt-timeline-icon&#038;1509=bdt-timeline-icon&#038;1510=bdt-timeline-icon&#038;1511=bdt-timeline-icon&#038;1512=bdt-timeline-icon&#038;1513=bdt-timeline-icon&#038;1514=bdt-timeline-icon&#038;1515=bdt-timeline-icon&#038;1516=bdt-timeline-icon&#038;1517=bdt-timeline-icon&#038;1518=bdt-timeline-icon&#038;1519=bdt-timeline-icon&#038;1520=bdt-timeline-icon&#038;1521=bdt-timeline-icon&#038;1522=bdt-timeline-icon&#038;1523=bdt-timeline-icon&#038;1524=bdt-timeline-icon&#038;1525=bdt-timeline-icon&#038;1526=bdt-timeline-icon&#038;1527=bdt-timeline-icon&#038;1528=bdt-timeline-icon&#038;1529=bdt-timeline-icon&#038;1530=bdt-timeline-icon&#038;1531=bdt-timeline-icon&#038;1532=bdt-timeline-icon&#038;1533=bdt-timeline-icon&#038;1534=bdt-timeline-icon&#038;1535=bdt-timeline-icon&#038;1536=bdt-timeline-icon&#038;1537=bdt-timeline-icon&#038;1538=bdt-timeline-icon&#038;1539=bdt-timeline-icon&#038;1540&#038;1541=aria-hidden=true\/i\/span&#038;1542=\/div&#038;1543&#038;1544=&#038;1545&#038;1546=class=bdt-timeline-arrow\/span&#038;1547&#038;1548=class=bdt-timeline-thumbnail&#038;1549&#038;1550=alt=Nuevo&#038;1551=T\u00edtulo&#038;1552=Propio&#038;1553=del&#038;1554=MTCI:&#038;1555=Especialista&#038;1556=en&#038;1557=Edici\u00f3n&#038;1558=\/div&#038;1559&#038;1560=class=bdt-timeline-desc&#038;1561=bdt-padding&#038;1562&#038;1563=class=bdt-timeline-title&#038;1564&#038;1565=title=Nuevo&#038;1566=T\u00edtulo&#038;1567=Propio&#038;1568=del&#038;1569=MTCI:&#038;1570=Especialista&#038;1571=en&#038;1572=Edici\u00f3n&#038;1573=Nuevo&#038;1574=T\u00edtulo&#038;1575=Propio&#038;1576=del&#038;1577=MTCI:&#038;1578=Especialista&#038;1579=en&#038;1580=Edici\u00f3n&#038;1581=\/a&#038;1582=\/h4&#038;1583&#038;1584=class=bdt-timeline-excerpt&#038;1585=pTal&#038;1586=y&#038;1587=como&#038;1588=hicimos&#038;1589=hace&#038;1590=cinco&#038;1591=a\u00f1os&#038;1592=cuatro&#038;1593=profesores&#038;1594=del&#038;1595=MTCI&#038;1596=con&#038;1597=la&#038;1598=creaci\u00f3n&#038;1599=del\/p&#038;1600=\/div&#038;1601&#038;1602=class=bdt-timeline-readmore&#038;1603=elementor-button&#038;1604=elementor-size-sm&#038;1605=&#038;1606=Ler&#038;1607=M\u00e1is&#038;1608=\/a&#038;1609=\/div&#038;1610=\/div&#038;1611=\/div&#038;1612=\/div&#038;1613=\/div&#038;1614&#038;1615=class=bdt-timeline-item&#038;1616=bdt-width-1-2@m&#038;1617=bdt-visible@m&#038;1618&#038;1619=&#038;1620=span31&#038;1621=mai&#038;1622=2023\/span&#038;1623=\/div&#038;1624=\/div&#038;1625&#038;1626=class=bdt-timeline-item&#038;1627=bdt-width-1-2@m&#038;1628=bdt-visible@m&#038;1629&#038;1630=&#038;1631=span22&#038;1632=mai&#038;1633=2023\/span&#038;1634=\/div&#038;1635=\/div&#038;1636&#038;1637=class=&#038;1638=bdt-width-1-2@m&#038;1639=bdt-timeline-item&#038;1640=right-part&#038;1641&#038;1642=class=bdt-timeline-item-main-wrapper&#038;1643&#038;1644=class=bdt-timeline-line&#038;1645&#038;1646=\/span&#038;1647=\/div&#038;1648&#038;1649=class=bdt-timeline-item-main-container&#038;1650&#038;1651=class=bdt-timeline-icon&#038;1652=bdt-timeline-icon&#038;1653=bdt-timeline-icon&#038;1654=bdt-timeline-icon&#038;1655=bdt-timeline-icon&#038;1656=bdt-timeline-icon&#038;1657=bdt-timeline-icon&#038;1658=bdt-timeline-icon&#038;1659=bdt-timeline-icon&#038;1660=bdt-timeline-icon&#038;1661=bdt-timeline-icon&#038;1662=bdt-timeline-icon&#038;1663=bdt-timeline-icon&#038;1664=bdt-timeline-icon&#038;1665=bdt-timeline-icon&#038;1666=bdt-timeline-icon&#038;1667=bdt-timeline-icon&#038;1668=bdt-timeline-icon&#038;1669=bdt-timeline-icon&#038;1670=bdt-timeline-icon&#038;1671=bdt-timeline-icon&#038;1672=bdt-timeline-icon&#038;1673=bdt-timeline-icon&#038;1674=bdt-timeline-icon&#038;1675=bdt-timeline-icon&#038;1676=bdt-timeline-icon&#038;1677=bdt-timeline-icon&#038;1678=bdt-timeline-icon&#038;1679=bdt-timeline-icon&#038;1680=bdt-timeline-icon&#038;1681=bdt-timeline-icon&#038;1682=bdt-timeline-icon&#038;1683=bdt-timeline-icon&#038;1684=bdt-timeline-icon&#038;1685=bdt-timeline-icon&#038;1686=bdt-timeline-icon&#038;1687=bdt-timeline-icon&#038;1688=bdt-timeline-icon&#038;1689=bdt-timeline-icon&#038;1690=bdt-timeline-icon&#038;1691=bdt-timeline-icon&#038;1692=bdt-timeline-icon&#038;1693=bdt-timeline-icon&#038;1694=bdt-timeline-icon&#038;1695=bdt-timeline-icon&#038;1696=bdt-timeline-icon&#038;1697=bdt-timeline-icon&#038;1698=bdt-timeline-icon&#038;1699&#038;1700=aria-hidden=true\/i\/span&#038;1701=\/div&#038;1702&#038;1703=&#038;1704&#038;1705=class=bdt-timeline-arrow\/span&#038;1706&#038;1707=class=bdt-timeline-thumbnail&#038;1708&#038;1709=alt=El&#038;1710=reportaje&#038;1711=fotogr\u00e1fico&#038;1712=T&#038;P&#038;1713=de&#038;1714=la&#038;1715=II&#038;1716=Gala&#038;1717=de&#038;1718=los&#038;1719=Premios&#038;1720=ETIV-UVigo&#038;1721=\/div&#038;1722&#038;1723=class=bdt-timeline-desc&#038;1724=bdt-padding&#038;1725&#038;1726=class=bdt-timeline-title&#038;1727&#038;1728=title=El&#038;1729=reportaje&#038;1730=fotogr\u00e1fico&#038;1731=T&#038;P&#038;1732=de&#038;1733=la&#038;1734=II&#038;1735=Gala&#038;1736=de&#038;1737=los&#038;1738=Premios&#038;1739=ETIV-UVigo&#038;1740=El&#038;1741=reportaje&#038;1742=fotogr\u00e1fico&#038;1743=T&#038;P&#038;1744=de&#038;1745=la&#038;1746=II&#038;1747=Gala&#038;1748=de&#038;1749=los&#038;1750=Premios&#038;1751=ETIV-UVigo&#038;1752=\/a&#038;1753=\/h4&#038;1754&#038;1755=class=bdt-timeline-excerpt&#038;1756=p[vc_row&#038;index=1&#038;pdfID=125874\"\n\t\t\t\tid=\"wppdf-emb-iframe-125874\"\n\t\t\t\tdata-pdf-index=\"1\"\n\t\t\t\tclass=\"pdfembed-iframe nonfullscreen\"\n\t\t\t\tstyle=\"border:none;width:100%;max-width:800px;min-height:1000px\"\n\t\t\t\tscrolling=\"yes\">\n\t\t\t<\/iframe>\n\t\t<\/div>\n\n\t\t[vc_column][vc_column_text] El reportaje fotogr\u00e1fico T&amp;P de la II Gala de los Premios ETIV-UVigo a la<\/p>\n            <\/div>\n                                <a href=\"https:\/\/paratraduccion.com\/limiares\/fr\/el-reportaje-fotografico-tp-de-la-ii-gala-de-los-premios-etiv-uvigo\/\" class=\"bdt-timeline-readmore elementor-button elementor-size-sm\">\n            En savoir plus\n                    <\/a>\n                    <\/div>\n        <\/div>\n    \n                                <\/div>\n                            <\/div>\n                        <\/div>\n\n                        \n                    \n                        <div class=\"bdt-width-1-2@m bdt-timeline-item left-part\">\n\n                            <div class=\"bdt-timeline-item-main-wrapper\">\n                                <div class=\"bdt-timeline-line\">\n                                    <span ><\/span>\n                                <\/div>\n                                <div class=\"bdt-timeline-item-main-container\">\n                                    \n                                            <div class=\"bdt-timeline-icon bdt-timeline-icon bdt-timeline-icon bdt-timeline-icon bdt-timeline-icon bdt-timeline-icon bdt-timeline-icon bdt-timeline-icon bdt-timeline-icon bdt-timeline-icon bdt-timeline-icon bdt-timeline-icon bdt-timeline-icon bdt-timeline-icon bdt-timeline-icon bdt-timeline-icon bdt-timeline-icon bdt-timeline-icon bdt-timeline-icon bdt-timeline-icon bdt-timeline-icon bdt-timeline-icon bdt-timeline-icon bdt-timeline-icon bdt-timeline-icon bdt-timeline-icon bdt-timeline-icon bdt-timeline-icon bdt-timeline-icon bdt-timeline-icon bdt-timeline-icon bdt-timeline-icon bdt-timeline-icon bdt-timeline-icon bdt-timeline-icon bdt-timeline-icon bdt-timeline-icon bdt-timeline-icon bdt-timeline-icon bdt-timeline-icon bdt-timeline-icon bdt-timeline-icon bdt-timeline-icon bdt-timeline-icon bdt-timeline-icon bdt-timeline-icon bdt-timeline-icon bdt-timeline-icon bdt-timeline-icon\">\n                            <span><i class=\"ep-icon-post\" aria-hidden=\"true\"><\/i><\/span>\n                    <\/div>\n\t\t\n                                            <div class=\"bdt-timeline-item-main\" >\n            <span class=\"bdt-timeline-arrow\"><\/span>\n\n                        <div class=\"bdt-timeline-thumbnail\">\n                <img decoding=\"async\" src=\"https:\/\/paratraduccion.com\/limiares\/wp-content\/uploads\/2023\/05\/LaFamilia_PremiosETIV-UVigo_2023_01-1200x540.jpeg\" alt=\"Impacto en la prensa de los Premios ETIV-UVigo 2023\">\n            <\/div>\n        \n            <div class=\"bdt-timeline-desc bdt-padding\">\n                        <h4 class=\"bdt-timeline-title\">\n                            <a href=\"https:\/\/paratraduccion.com\/limiares\/fr\/impacto-en-la-prensa-de-los-premios-etiv-uvigo-2023\/\" title=\"Impacto en la prensa de los Premios ETIV-UVigo 2023\">\n                    Impacto en la prensa de los Premios ETIV-UVigo 2023                <\/a>\n                    <\/h4>\n                                                <div class=\"bdt-timeline-excerpt\">\n                <p>Tras semanas de mucho trabajo y \u00faltimos horas fren\u00e9ticas de preparativos, imprevistos, contratiempos y ensayos<\/p>\n            <\/div>\n                                <a href=\"https:\/\/paratraduccion.com\/limiares\/fr\/impacto-en-la-prensa-de-los-premios-etiv-uvigo-2023\/\" class=\"bdt-timeline-readmore elementor-button elementor-size-sm\">\n            En savoir plus\n                    <\/a>\n                    <\/div>\n        <\/div>\n    \n                                <\/div>\n                            <\/div>\n                        <\/div>\n\n                                                            <div class=\"bdt-timeline-item bdt-width-1-2@m bdt-visible@m\">\n            <div class=\"bdt-timeline-date bdt-text-left\" >\n                <span>20 mai 2023<\/span>\n            <\/div>\n        <\/div>\n                                \n                                                        <div class=\"bdt-timeline-item bdt-width-1-2@m bdt-visible@m\">\n            <div class=\"bdt-timeline-date bdt-text-right\" >\n                <span>18 mai 2023<\/span>\n            <\/div>\n        <\/div>\n                                \n                        <div class=\"bdt-width-1-2@m bdt-timeline-item right-part\">\n\n                            <div class=\"bdt-timeline-item-main-wrapper\">\n                                <div class=\"bdt-timeline-line\">\n                                    <span ><\/span>\n                                <\/div>\n                                <div class=\"bdt-timeline-item-main-container\">\n                                    \n                                            <div class=\"bdt-timeline-icon bdt-timeline-icon bdt-timeline-icon bdt-timeline-icon bdt-timeline-icon bdt-timeline-icon bdt-timeline-icon bdt-timeline-icon bdt-timeline-icon bdt-timeline-icon bdt-timeline-icon bdt-timeline-icon bdt-timeline-icon bdt-timeline-icon bdt-timeline-icon bdt-timeline-icon bdt-timeline-icon bdt-timeline-icon bdt-timeline-icon bdt-timeline-icon bdt-timeline-icon bdt-timeline-icon bdt-timeline-icon bdt-timeline-icon bdt-timeline-icon bdt-timeline-icon bdt-timeline-icon bdt-timeline-icon bdt-timeline-icon bdt-timeline-icon bdt-timeline-icon bdt-timeline-icon bdt-timeline-icon bdt-timeline-icon bdt-timeline-icon bdt-timeline-icon bdt-timeline-icon bdt-timeline-icon bdt-timeline-icon bdt-timeline-icon bdt-timeline-icon bdt-timeline-icon bdt-timeline-icon bdt-timeline-icon bdt-timeline-icon bdt-timeline-icon bdt-timeline-icon bdt-timeline-icon bdt-timeline-icon bdt-timeline-icon\">\n                            <span><i class=\"ep-icon-post\" aria-hidden=\"true\"><\/i><\/span>\n                    <\/div>\n\t\t\n                                            <div class=\"bdt-timeline-item-main\" >\n            <span class=\"bdt-timeline-arrow\"><\/span>\n\n                        <div class=\"bdt-timeline-thumbnail\">\n                <img decoding=\"async\" src=\"https:\/\/paratraduccion.com\/limiares\/wp-content\/uploads\/2023\/05\/RADIO-MARCA_Jose-Riveiro-01.jpeg\" alt=\"Premios ETIV-UVigo_Entrevista en RADIO MARCA\">\n            <\/div>\n        \n            <div class=\"bdt-timeline-desc bdt-padding\">\n                        <h4 class=\"bdt-timeline-title\">\n                            <a href=\"https:\/\/paratraduccion.com\/limiares\/fr\/premios-etiv-uvigo_entrevista-en-radio-marca\/\" title=\"Premios ETIV-UVigo_Entrevista en RADIO MARCA\">\n                    Premios ETIV-UVigo_Entrevista en RADIO MARCA                <\/a>\n                    <\/h4>\n                                                <div class=\"bdt-timeline-excerpt\">\n                <p>Hoy, la v\u00edspera de la ceremonia de entrega de los Premios ETIV-UVigo que tendr\u00e1 lugar<\/p>\n            <\/div>\n                                <a href=\"https:\/\/paratraduccion.com\/limiares\/fr\/premios-etiv-uvigo_entrevista-en-radio-marca\/\" class=\"bdt-timeline-readmore elementor-button elementor-size-sm\">\n            En savoir plus\n                    <\/a>\n                    <\/div>\n        <\/div>\n    \n                                <\/div>\n                            <\/div>\n                        <\/div>\n\n                        \n                    \n                        <div class=\"bdt-width-1-2@m bdt-timeline-item left-part\">\n\n                            <div class=\"bdt-timeline-item-main-wrapper\">\n                                <div class=\"bdt-timeline-line\">\n                                    <span ><\/span>\n                                <\/div>\n                                <div class=\"bdt-timeline-item-main-container\">\n                                    \n                                            <div class=\"bdt-timeline-icon bdt-timeline-icon bdt-timeline-icon bdt-timeline-icon bdt-timeline-icon bdt-timeline-icon bdt-timeline-icon bdt-timeline-icon bdt-timeline-icon bdt-timeline-icon bdt-timeline-icon bdt-timeline-icon bdt-timeline-icon bdt-timeline-icon bdt-timeline-icon bdt-timeline-icon bdt-timeline-icon bdt-timeline-icon bdt-timeline-icon bdt-timeline-icon bdt-timeline-icon bdt-timeline-icon bdt-timeline-icon bdt-timeline-icon bdt-timeline-icon bdt-timeline-icon bdt-timeline-icon bdt-timeline-icon bdt-timeline-icon bdt-timeline-icon bdt-timeline-icon bdt-timeline-icon bdt-timeline-icon bdt-timeline-icon bdt-timeline-icon bdt-timeline-icon bdt-timeline-icon bdt-timeline-icon bdt-timeline-icon bdt-timeline-icon bdt-timeline-icon bdt-timeline-icon bdt-timeline-icon bdt-timeline-icon bdt-timeline-icon bdt-timeline-icon bdt-timeline-icon bdt-timeline-icon bdt-timeline-icon bdt-timeline-icon bdt-timeline-icon\">\n                            <span><i class=\"ep-icon-post\" aria-hidden=\"true\"><\/i><\/span>\n                    <\/div>\n\t\t\n                                            <div class=\"bdt-timeline-item-main\" >\n            <span class=\"bdt-timeline-arrow\"><\/span>\n\n                        <div class=\"bdt-timeline-thumbnail\">\n                <img decoding=\"async\" src=\"https:\/\/paratraduccion.com\/limiares\/wp-content\/uploads\/2023\/05\/etiv1-1-1200x675.jpg\" alt=\"O DUVI anuncia a Segunda Edici\u00f3n dos Premios ETIV-UVigo\">\n            <\/div>\n        \n            <div class=\"bdt-timeline-desc bdt-padding\">\n                        <h4 class=\"bdt-timeline-title\">\n                            <a href=\"https:\/\/paratraduccion.com\/limiares\/fr\/o-duvi-anuncia-a-segunda-edicion-dos-premios-etiv-uvigo\/\" title=\"O DUVI anuncia a Segunda Edici\u00f3n dos Premios ETIV-UVigo\">\n                    O DUVI anuncia a Segunda Edici\u00f3n dos Premios ETIV-UVigo                <\/a>\n                    <\/h4>\n                                                <div class=\"bdt-timeline-excerpt\">\n                <p>A II edici\u00f3n dos Premios ETIV-UVigo \u00e1 localizaci\u00f3n de videoxogos converter\u00e1 este venres a Vigo<\/p>\n            <\/div>\n                                <a href=\"https:\/\/paratraduccion.com\/limiares\/fr\/o-duvi-anuncia-a-segunda-edicion-dos-premios-etiv-uvigo\/\" class=\"bdt-timeline-readmore elementor-button elementor-size-sm\">\n            En savoir plus\n                    <\/a>\n                    <\/div>\n        <\/div>\n    \n                                <\/div>\n                            <\/div>\n                        <\/div>\n\n                                                            <div class=\"bdt-timeline-item bdt-width-1-2@m bdt-visible@m\">\n            <div class=\"bdt-timeline-date bdt-text-left\" >\n                <span>18 mai 2023<\/span>\n            <\/div>\n        <\/div>\n                                \n                                                        <div class=\"bdt-timeline-item bdt-width-1-2@m bdt-visible@m\">\n            <div class=\"bdt-timeline-date bdt-text-right\" >\n                <span>26 avril 2023<\/span>\n            <\/div>\n        <\/div>\n                                \n                        <div class=\"bdt-width-1-2@m bdt-timeline-item right-part\">\n\n                            <div class=\"bdt-timeline-item-main-wrapper\">\n                                <div class=\"bdt-timeline-line\">\n                                    <span ><\/span>\n                                <\/div>\n                                <div class=\"bdt-timeline-item-main-container\">\n                                    \n                                            <div class=\"bdt-timeline-icon bdt-timeline-icon bdt-timeline-icon bdt-timeline-icon bdt-timeline-icon bdt-timeline-icon bdt-timeline-icon bdt-timeline-icon bdt-timeline-icon bdt-timeline-icon bdt-timeline-icon bdt-timeline-icon bdt-timeline-icon bdt-timeline-icon bdt-timeline-icon bdt-timeline-icon bdt-timeline-icon bdt-timeline-icon bdt-timeline-icon bdt-timeline-icon bdt-timeline-icon bdt-timeline-icon bdt-timeline-icon bdt-timeline-icon bdt-timeline-icon bdt-timeline-icon bdt-timeline-icon bdt-timeline-icon bdt-timeline-icon bdt-timeline-icon bdt-timeline-icon bdt-timeline-icon bdt-timeline-icon bdt-timeline-icon bdt-timeline-icon bdt-timeline-icon bdt-timeline-icon bdt-timeline-icon bdt-timeline-icon bdt-timeline-icon bdt-timeline-icon bdt-timeline-icon bdt-timeline-icon bdt-timeline-icon bdt-timeline-icon bdt-timeline-icon bdt-timeline-icon bdt-timeline-icon bdt-timeline-icon bdt-timeline-icon bdt-timeline-icon bdt-timeline-icon\">\n                            <span><i class=\"ep-icon-post\" aria-hidden=\"true\"><\/i><\/span>\n                    <\/div>\n\t\t\n                                            <div class=\"bdt-timeline-item-main\" >\n            <span class=\"bdt-timeline-arrow\"><\/span>\n\n                        <div class=\"bdt-timeline-thumbnail\">\n                <img decoding=\"async\" src=\"https:\/\/paratraduccion.com\/limiares\/wp-content\/uploads\/2023\/04\/Rosa-de-los-vientos_BLANCO-1200x1222.jpeg\" alt=\"Comp\u00e1s para traducir\">\n            <\/div>\n        \n            <div class=\"bdt-timeline-desc bdt-padding\">\n                        <h4 class=\"bdt-timeline-title\">\n                            <a href=\"https:\/\/paratraduccion.com\/limiares\/fr\/compas-para-traducir\/\" title=\"Comp\u00e1s para traducir\">\n                    Comp\u00e1s para traducir                <\/a>\n                    <\/h4>\n                                                <div class=\"bdt-timeline-excerpt\">\n                <p> Organizado polo Grupo de Investigaci\u00f3n e o<\/p>\n            <\/div>\n                                <a href=\"https:\/\/paratraduccion.com\/limiares\/fr\/compas-para-traducir\/\" class=\"bdt-timeline-readmore elementor-button elementor-size-sm\">\n            En savoir plus\n                    <\/a>\n                    <\/div>\n        <\/div>\n    \n                                <\/div>\n                            <\/div>\n                        <\/div>\n\n                        \n                    \n                        <div class=\"bdt-width-1-2@m bdt-timeline-item left-part\">\n\n                            <div class=\"bdt-timeline-item-main-wrapper\">\n                                <div class=\"bdt-timeline-line\">\n                                    <span ><\/span>\n                                <\/div>\n                                <div class=\"bdt-timeline-item-main-container\">\n                                    \n                                            <div class=\"bdt-timeline-icon bdt-timeline-icon bdt-timeline-icon bdt-timeline-icon bdt-timeline-icon bdt-timeline-icon bdt-timeline-icon bdt-timeline-icon bdt-timeline-icon bdt-timeline-icon bdt-timeline-icon bdt-timeline-icon bdt-timeline-icon bdt-timeline-icon bdt-timeline-icon bdt-timeline-icon bdt-timeline-icon bdt-timeline-icon bdt-timeline-icon bdt-timeline-icon bdt-timeline-icon bdt-timeline-icon bdt-timeline-icon bdt-timeline-icon bdt-timeline-icon bdt-timeline-icon bdt-timeline-icon bdt-timeline-icon bdt-timeline-icon bdt-timeline-icon bdt-timeline-icon bdt-timeline-icon bdt-timeline-icon bdt-timeline-icon bdt-timeline-icon bdt-timeline-icon bdt-timeline-icon bdt-timeline-icon bdt-timeline-icon bdt-timeline-icon bdt-timeline-icon bdt-timeline-icon bdt-timeline-icon bdt-timeline-icon bdt-timeline-icon bdt-timeline-icon bdt-timeline-icon bdt-timeline-icon bdt-timeline-icon bdt-timeline-icon bdt-timeline-icon bdt-timeline-icon bdt-timeline-icon\">\n                            <span><i class=\"ep-icon-post\" aria-hidden=\"true\"><\/i><\/span>\n                    <\/div>\n\t\t\n                                            <div class=\"bdt-timeline-item-main\" >\n            <span class=\"bdt-timeline-arrow\"><\/span>\n\n                        <div class=\"bdt-timeline-thumbnail\">\n                <img decoding=\"async\" src=\"https:\/\/paratraduccion.com\/limiares\/wp-content\/uploads\/2023\/04\/Conferencia-Elena-Martin-Gil.jpeg\" alt=\"Oportunidades laborales para el alumnado de T&#038;I\">\n            <\/div>\n        \n            <div class=\"bdt-timeline-desc bdt-padding\">\n                        <h4 class=\"bdt-timeline-title\">\n                            <a href=\"https:\/\/paratraduccion.com\/limiares\/fr\/oportunidades-laborales-para-el-alumnado-de-ti\/\" title=\"Oportunidades laborales para el alumnado de T&#038;I\">\n                    Oportunidades laborales para el alumnado de T&#038;I                <\/a>\n                    <\/h4>\n                                                <div class=\"bdt-timeline-excerpt\">\n                <p>Cumpliendo con el cronograma de los eventos cient\u00edficos programados y las actividades extraacad\u00e9micas previstas en<\/p>\n            <\/div>\n                                <a href=\"https:\/\/paratraduccion.com\/limiares\/fr\/oportunidades-laborales-para-el-alumnado-de-ti\/\" class=\"bdt-timeline-readmore elementor-button elementor-size-sm\">\n            En savoir plus\n                    <\/a>\n                    <\/div>\n        <\/div>\n    \n                                <\/div>\n                            <\/div>\n                        <\/div>\n\n                                                            <div class=\"bdt-timeline-item bdt-width-1-2@m bdt-visible@m\">\n            <div class=\"bdt-timeline-date bdt-text-left\" >\n                <span>19 avril 2023<\/span>\n            <\/div>\n        <\/div>\n                                \n                                                        <div class=\"bdt-timeline-item bdt-width-1-2@m bdt-visible@m\">\n            <div class=\"bdt-timeline-date bdt-text-right\" >\n                <span>12 avril 2023<\/span>\n            <\/div>\n        <\/div>\n                                \n                        <div class=\"bdt-width-1-2@m bdt-timeline-item right-part\">\n\n                            <div class=\"bdt-timeline-item-main-wrapper\">\n                                <div class=\"bdt-timeline-line\">\n                                    <span ><\/span>\n                                <\/div>\n                                <div class=\"bdt-timeline-item-main-container\">\n                                    \n                                            <div class=\"bdt-timeline-icon bdt-timeline-icon bdt-timeline-icon bdt-timeline-icon bdt-timeline-icon bdt-timeline-icon bdt-timeline-icon bdt-timeline-icon bdt-timeline-icon bdt-timeline-icon bdt-timeline-icon bdt-timeline-icon bdt-timeline-icon bdt-timeline-icon bdt-timeline-icon bdt-timeline-icon bdt-timeline-icon bdt-timeline-icon bdt-timeline-icon bdt-timeline-icon bdt-timeline-icon bdt-timeline-icon bdt-timeline-icon bdt-timeline-icon bdt-timeline-icon bdt-timeline-icon bdt-timeline-icon bdt-timeline-icon bdt-timeline-icon bdt-timeline-icon bdt-timeline-icon bdt-timeline-icon bdt-timeline-icon bdt-timeline-icon bdt-timeline-icon bdt-timeline-icon bdt-timeline-icon bdt-timeline-icon bdt-timeline-icon bdt-timeline-icon bdt-timeline-icon bdt-timeline-icon bdt-timeline-icon bdt-timeline-icon bdt-timeline-icon bdt-timeline-icon bdt-timeline-icon bdt-timeline-icon bdt-timeline-icon bdt-timeline-icon bdt-timeline-icon bdt-timeline-icon bdt-timeline-icon bdt-timeline-icon\">\n                            <span><i class=\"ep-icon-post\" aria-hidden=\"true\"><\/i><\/span>\n                    <\/div>\n\t\t\n                                            <div class=\"bdt-timeline-item-main\" >\n            <span class=\"bdt-timeline-arrow\"><\/span>\n\n                        <div class=\"bdt-timeline-thumbnail\">\n                <img decoding=\"async\" src=\"https:\/\/paratraduccion.com\/limiares\/wp-content\/uploads\/2023\/04\/CARTEL_Xornadas-Traduccion-Editorial-1200x849.jpg\" alt=\"Jornadas sobre traducci\u00f3n editorial\">\n            <\/div>\n        \n            <div class=\"bdt-timeline-desc bdt-padding\">\n                        <h4 class=\"bdt-timeline-title\">\n                            <a href=\"https:\/\/paratraduccion.com\/limiares\/fr\/jornadas-sobre-traduccion-editorial\/\" title=\"Jornadas sobre traducci\u00f3n editorial\">\n                    Jornadas sobre traducci\u00f3n editorial                <\/a>\n                    <\/h4>\n                                                <div class=\"bdt-timeline-excerpt\">\n                <p>Cumpliendo con el cronograma de los eventos cient\u00edficos programados y las actividades extraacad\u00e9micas previstas en<\/p>\n            <\/div>\n                                <a href=\"https:\/\/paratraduccion.com\/limiares\/fr\/jornadas-sobre-traduccion-editorial\/\" class=\"bdt-timeline-readmore elementor-button elementor-size-sm\">\n            En savoir plus\n                    <\/a>\n                    <\/div>\n        <\/div>\n    \n                                <\/div>\n                            <\/div>\n                        <\/div>\n\n                        \n                    \n                        <div class=\"bdt-width-1-2@m bdt-timeline-item left-part\">\n\n                            <div class=\"bdt-timeline-item-main-wrapper\">\n                                <div class=\"bdt-timeline-line\">\n                                    <span ><\/span>\n                                <\/div>\n                                <div class=\"bdt-timeline-item-main-container\">\n                                    \n                                            <div class=\"bdt-timeline-icon bdt-timeline-icon bdt-timeline-icon bdt-timeline-icon bdt-timeline-icon bdt-timeline-icon bdt-timeline-icon bdt-timeline-icon bdt-timeline-icon bdt-timeline-icon bdt-timeline-icon bdt-timeline-icon bdt-timeline-icon bdt-timeline-icon bdt-timeline-icon bdt-timeline-icon bdt-timeline-icon bdt-timeline-icon bdt-timeline-icon bdt-timeline-icon bdt-timeline-icon bdt-timeline-icon bdt-timeline-icon bdt-timeline-icon bdt-timeline-icon bdt-timeline-icon bdt-timeline-icon bdt-timeline-icon bdt-timeline-icon bdt-timeline-icon bdt-timeline-icon bdt-timeline-icon bdt-timeline-icon bdt-timeline-icon bdt-timeline-icon bdt-timeline-icon bdt-timeline-icon bdt-timeline-icon bdt-timeline-icon bdt-timeline-icon bdt-timeline-icon bdt-timeline-icon bdt-timeline-icon bdt-timeline-icon bdt-timeline-icon bdt-timeline-icon bdt-timeline-icon bdt-timeline-icon bdt-timeline-icon bdt-timeline-icon bdt-timeline-icon bdt-timeline-icon bdt-timeline-icon bdt-timeline-icon bdt-timeline-icon\">\n                            <span><i class=\"ep-icon-post\" aria-hidden=\"true\"><\/i><\/span>\n                    <\/div>\n\t\t\n                                            <div class=\"bdt-timeline-item-main\" >\n            <span class=\"bdt-timeline-arrow\"><\/span>\n\n                        <div class=\"bdt-timeline-thumbnail\">\n                <img decoding=\"async\" src=\"https:\/\/paratraduccion.com\/limiares\/wp-content\/uploads\/2023\/04\/DobraxeGalego_SONIC-1200x848.jpeg\" alt=\"A dobraxe ao galego de \u00abSonic Prime\u00bb e a situaci\u00f3n da dobraxe en Galicia\">\n            <\/div>\n        \n            <div class=\"bdt-timeline-desc bdt-padding\">\n                        <h4 class=\"bdt-timeline-title\">\n                            <a href=\"https:\/\/paratraduccion.com\/limiares\/fr\/a-dobraxe-ao-galego-de-sonic-prime\/\" title=\"A dobraxe ao galego de \u00abSonic Prime\u00bb e a situaci\u00f3n da dobraxe en Galicia\">\n                    A dobraxe ao galego de \u00abSonic Prime\u00bb e a situaci\u00f3n da dobraxe en Galicia                <\/a>\n                    <\/h4>\n                                                <div class=\"bdt-timeline-excerpt\">\n                <p>Cumpliendo con el cronograma de los eventos cient\u00edficos programados y las actividades extraacad\u00e9micas previstas en<\/p>\n            <\/div>\n                                <a href=\"https:\/\/paratraduccion.com\/limiares\/fr\/a-dobraxe-ao-galego-de-sonic-prime\/\" class=\"bdt-timeline-readmore elementor-button elementor-size-sm\">\n            En savoir plus\n                    <\/a>\n                    <\/div>\n        <\/div>\n    \n                                <\/div>\n                            <\/div>\n                        <\/div>\n\n                                                            <div class=\"bdt-timeline-item bdt-width-1-2@m bdt-visible@m\">\n            <div class=\"bdt-timeline-date bdt-text-left\" >\n                <span>11 avril 2023<\/span>\n            <\/div>\n        <\/div>\n                                \n                                                        <div class=\"bdt-timeline-item bdt-width-1-2@m bdt-visible@m\">\n            <div class=\"bdt-timeline-date bdt-text-right\" >\n                <span>15 mars 2023<\/span>\n            <\/div>\n        <\/div>\n                                \n                        <div class=\"bdt-width-1-2@m bdt-timeline-item right-part\">\n\n                            <div class=\"bdt-timeline-item-main-wrapper\">\n                                <div class=\"bdt-timeline-line\">\n                                    <span ><\/span>\n                                <\/div>\n                                <div class=\"bdt-timeline-item-main-container\">\n                                    \n                                            <div class=\"bdt-timeline-icon bdt-timeline-icon bdt-timeline-icon bdt-timeline-icon bdt-timeline-icon bdt-timeline-icon bdt-timeline-icon bdt-timeline-icon bdt-timeline-icon bdt-timeline-icon bdt-timeline-icon bdt-timeline-icon bdt-timeline-icon bdt-timeline-icon bdt-timeline-icon bdt-timeline-icon bdt-timeline-icon bdt-timeline-icon bdt-timeline-icon bdt-timeline-icon bdt-timeline-icon bdt-timeline-icon bdt-timeline-icon bdt-timeline-icon bdt-timeline-icon bdt-timeline-icon bdt-timeline-icon bdt-timeline-icon bdt-timeline-icon bdt-timeline-icon bdt-timeline-icon bdt-timeline-icon bdt-timeline-icon bdt-timeline-icon bdt-timeline-icon bdt-timeline-icon bdt-timeline-icon bdt-timeline-icon bdt-timeline-icon bdt-timeline-icon bdt-timeline-icon bdt-timeline-icon bdt-timeline-icon bdt-timeline-icon bdt-timeline-icon bdt-timeline-icon bdt-timeline-icon bdt-timeline-icon bdt-timeline-icon bdt-timeline-icon bdt-timeline-icon bdt-timeline-icon bdt-timeline-icon bdt-timeline-icon bdt-timeline-icon bdt-timeline-icon\">\n                            <span><i class=\"ep-icon-post\" aria-hidden=\"true\"><\/i><\/span>\n                    <\/div>\n\t\t\n                                            <div class=\"bdt-timeline-item-main\" >\n            <span class=\"bdt-timeline-arrow\"><\/span>\n\n                        <div class=\"bdt-timeline-thumbnail\">\n                <img decoding=\"async\" src=\"https:\/\/paratraduccion.com\/limiares\/wp-content\/uploads\/2023\/03\/CARTEL_Postmortem2-1200x849.jpg\" alt=\"Postmortem: Like a Dragon Ishin!\">\n            <\/div>\n        \n            <div class=\"bdt-timeline-desc bdt-padding\">\n                        <h4 class=\"bdt-timeline-title\">\n                            <a href=\"https:\/\/paratraduccion.com\/limiares\/fr\/postmortem-like-a-dragon-ishin\/\" title=\"Postmortem: Like a Dragon Ishin!\">\n                    Postmortem: Like a Dragon Ishin!                <\/a>\n                    <\/h4>\n                                                <div class=\"bdt-timeline-excerpt\">\n                <p>Cumpliendo con el cronograma de los eventos cient\u00edficos programados y las actividades extraacad\u00e9micas previstas en<\/p>\n            <\/div>\n                                <a href=\"https:\/\/paratraduccion.com\/limiares\/fr\/postmortem-like-a-dragon-ishin\/\" class=\"bdt-timeline-readmore elementor-button elementor-size-sm\">\n            En savoir plus\n                    <\/a>\n                    <\/div>\n        <\/div>\n    \n                                <\/div>\n                            <\/div>\n                        <\/div>\n\n                        \n                    \n                        <div class=\"bdt-width-1-2@m bdt-timeline-item left-part\">\n\n                            <div class=\"bdt-timeline-item-main-wrapper\">\n                                <div class=\"bdt-timeline-line\">\n                                    <span ><\/span>\n                                <\/div>\n                                <div class=\"bdt-timeline-item-main-container\">\n                                    \n                                            <div class=\"bdt-timeline-icon bdt-timeline-icon bdt-timeline-icon bdt-timeline-icon bdt-timeline-icon bdt-timeline-icon bdt-timeline-icon bdt-timeline-icon bdt-timeline-icon bdt-timeline-icon bdt-timeline-icon bdt-timeline-icon bdt-timeline-icon bdt-timeline-icon bdt-timeline-icon bdt-timeline-icon bdt-timeline-icon bdt-timeline-icon bdt-timeline-icon bdt-timeline-icon bdt-timeline-icon bdt-timeline-icon bdt-timeline-icon bdt-timeline-icon bdt-timeline-icon bdt-timeline-icon bdt-timeline-icon bdt-timeline-icon bdt-timeline-icon bdt-timeline-icon bdt-timeline-icon bdt-timeline-icon bdt-timeline-icon bdt-timeline-icon bdt-timeline-icon bdt-timeline-icon bdt-timeline-icon bdt-timeline-icon bdt-timeline-icon bdt-timeline-icon bdt-timeline-icon bdt-timeline-icon bdt-timeline-icon bdt-timeline-icon bdt-timeline-icon bdt-timeline-icon bdt-timeline-icon bdt-timeline-icon bdt-timeline-icon bdt-timeline-icon bdt-timeline-icon bdt-timeline-icon bdt-timeline-icon bdt-timeline-icon bdt-timeline-icon bdt-timeline-icon bdt-timeline-icon\">\n                            <span><i class=\"ep-icon-post\" aria-hidden=\"true\"><\/i><\/span>\n                    <\/div>\n\t\t\n                                            <div class=\"bdt-timeline-item-main\" >\n            <span class=\"bdt-timeline-arrow\"><\/span>\n\n                        <div class=\"bdt-timeline-thumbnail\">\n                <img decoding=\"async\" src=\"https:\/\/paratraduccion.com\/limiares\/wp-content\/uploads\/2023\/03\/CARTEL_MulleresEMigracions-1200x849.jpg\" alt=\"Presentaci\u00f3n de resultados del proyecto de investigaci\u00f3n \u00abMujeres y migraciones en la industria del videojuego\u00bb\">\n            <\/div>\n        \n            <div class=\"bdt-timeline-desc bdt-padding\">\n                        <h4 class=\"bdt-timeline-title\">\n                            <a href=\"https:\/\/paratraduccion.com\/limiares\/fr\/presentacion-de-resultados-del-proyecto-de-investigacion\/\" title=\"Presentaci\u00f3n de resultados del proyecto de investigaci\u00f3n \u00abMujeres y migraciones en la industria del videojuego\u00bb\">\n                    Presentaci\u00f3n de resultados del proyecto de investigaci\u00f3n \u00abMujeres y migraciones en la industria del videojuego\u00bb                <\/a>\n                    <\/h4>\n                                                <div class=\"bdt-timeline-excerpt\">\n                <p>Hoy, 8 de marzo, d\u00eda declarado por la Naciones Unidas D\u00eda Internacional de la Mujer,<\/p>\n            <\/div>\n                                <a href=\"https:\/\/paratraduccion.com\/limiares\/fr\/presentacion-de-resultados-del-proyecto-de-investigacion\/\" class=\"bdt-timeline-readmore elementor-button elementor-size-sm\">\n            En savoir plus\n                    <\/a>\n                    <\/div>\n        <\/div>\n    \n                                <\/div>\n                            <\/div>\n                        <\/div>\n\n                                                            <div class=\"bdt-timeline-item bdt-width-1-2@m bdt-visible@m\">\n            <div class=\"bdt-timeline-date bdt-text-left\" >\n                <span>08 mars 2023<\/span>\n            <\/div>\n        <\/div>\n                                \n                                                        <div class=\"bdt-timeline-item bdt-width-1-2@m bdt-visible@m\">\n            <div class=\"bdt-timeline-date bdt-text-right\" >\n                <span>03 mars 2023<\/span>\n            <\/div>\n        <\/div>\n                                \n                        <div class=\"bdt-width-1-2@m bdt-timeline-item right-part\">\n\n                            <div class=\"bdt-timeline-item-main-wrapper\">\n                                <div class=\"bdt-timeline-line\">\n                                    <span ><\/span>\n                                <\/div>\n                                <div class=\"bdt-timeline-item-main-container\">\n                                    \n                                            <div class=\"bdt-timeline-icon bdt-timeline-icon bdt-timeline-icon bdt-timeline-icon bdt-timeline-icon bdt-timeline-icon bdt-timeline-icon bdt-timeline-icon bdt-timeline-icon bdt-timeline-icon bdt-timeline-icon bdt-timeline-icon bdt-timeline-icon bdt-timeline-icon bdt-timeline-icon bdt-timeline-icon bdt-timeline-icon bdt-timeline-icon bdt-timeline-icon bdt-timeline-icon bdt-timeline-icon bdt-timeline-icon bdt-timeline-icon bdt-timeline-icon bdt-timeline-icon bdt-timeline-icon bdt-timeline-icon bdt-timeline-icon bdt-timeline-icon bdt-timeline-icon bdt-timeline-icon bdt-timeline-icon bdt-timeline-icon bdt-timeline-icon bdt-timeline-icon bdt-timeline-icon bdt-timeline-icon bdt-timeline-icon bdt-timeline-icon bdt-timeline-icon bdt-timeline-icon bdt-timeline-icon bdt-timeline-icon bdt-timeline-icon bdt-timeline-icon bdt-timeline-icon bdt-timeline-icon bdt-timeline-icon bdt-timeline-icon bdt-timeline-icon bdt-timeline-icon bdt-timeline-icon bdt-timeline-icon bdt-timeline-icon bdt-timeline-icon bdt-timeline-icon bdt-timeline-icon bdt-timeline-icon\">\n                            <span><i class=\"ep-icon-post\" aria-hidden=\"true\"><\/i><\/span>\n                    <\/div>\n\t\t\n                                            <div class=\"bdt-timeline-item-main\" >\n            <span class=\"bdt-timeline-arrow\"><\/span>\n\n                        <div class=\"bdt-timeline-thumbnail\">\n                <img decoding=\"async\" src=\"https:\/\/paratraduccion.com\/limiares\/wp-content\/uploads\/2023\/03\/Cartel_LIBRO-ALHEIO_Azul-1200x850.png\" alt=\"Presentaci\u00f3n da publicaci\u00f3n \u00abLivro alheio. Antologia de tradu\u00e7\u00f5es de Haroldo dos Santos\u00bb\">\n            <\/div>\n        \n            <div class=\"bdt-timeline-desc bdt-padding\">\n                        <h4 class=\"bdt-timeline-title\">\n                            <a href=\"https:\/\/paratraduccion.com\/limiares\/fr\/igor-lugris-livro-alheio\/\" title=\"Presentaci\u00f3n da publicaci\u00f3n \u00abLivro alheio. Antologia de tradu\u00e7\u00f5es de Haroldo dos Santos\u00bb\">\n                    Presentaci\u00f3n da publicaci\u00f3n \u00abLivro alheio. Antologia de tradu\u00e7\u00f5es de Haroldo dos Santos\u00bb                <\/a>\n                    <\/h4>\n                                                <div class=\"bdt-timeline-excerpt\">\n                <p>Dentro del marco de las actividades acad\u00e9micas del\u00a0Programa Internacional de Doctorado\u00a0Traduci\u00f3n &amp; Paratraduci\u00f3n (T&amp;P) y<\/p>\n            <\/div>\n                                <a href=\"https:\/\/paratraduccion.com\/limiares\/fr\/igor-lugris-livro-alheio\/\" class=\"bdt-timeline-readmore elementor-button elementor-size-sm\">\n            En savoir plus\n                    <\/a>\n                    <\/div>\n        <\/div>\n    \n                                <\/div>\n                            <\/div>\n                        <\/div>\n\n                        \n                    \n                        <div class=\"bdt-width-1-2@m bdt-timeline-item left-part\">\n\n                            <div class=\"bdt-timeline-item-main-wrapper\">\n                                <div class=\"bdt-timeline-line\">\n                                    <span ><\/span>\n                                <\/div>\n                                <div class=\"bdt-timeline-item-main-container\">\n                                    \n                                            <div class=\"bdt-timeline-icon bdt-timeline-icon bdt-timeline-icon bdt-timeline-icon bdt-timeline-icon bdt-timeline-icon bdt-timeline-icon bdt-timeline-icon bdt-timeline-icon bdt-timeline-icon bdt-timeline-icon bdt-timeline-icon bdt-timeline-icon bdt-timeline-icon bdt-timeline-icon bdt-timeline-icon bdt-timeline-icon bdt-timeline-icon bdt-timeline-icon bdt-timeline-icon bdt-timeline-icon bdt-timeline-icon bdt-timeline-icon bdt-timeline-icon bdt-timeline-icon bdt-timeline-icon bdt-timeline-icon bdt-timeline-icon bdt-timeline-icon bdt-timeline-icon bdt-timeline-icon bdt-timeline-icon bdt-timeline-icon bdt-timeline-icon bdt-timeline-icon bdt-timeline-icon bdt-timeline-icon bdt-timeline-icon bdt-timeline-icon bdt-timeline-icon bdt-timeline-icon bdt-timeline-icon bdt-timeline-icon bdt-timeline-icon bdt-timeline-icon bdt-timeline-icon bdt-timeline-icon bdt-timeline-icon bdt-timeline-icon bdt-timeline-icon bdt-timeline-icon bdt-timeline-icon bdt-timeline-icon bdt-timeline-icon bdt-timeline-icon bdt-timeline-icon bdt-timeline-icon bdt-timeline-icon bdt-timeline-icon\">\n                            <span><i class=\"ep-icon-post\" aria-hidden=\"true\"><\/i><\/span>\n                    <\/div>\n\t\t\n                                            <div class=\"bdt-timeline-item-main\" >\n            <span class=\"bdt-timeline-arrow\"><\/span>\n\n                        <div class=\"bdt-timeline-thumbnail\">\n                <img decoding=\"async\" src=\"https:\/\/paratraduccion.com\/limiares\/wp-content\/uploads\/2023\/02\/Cubierta_Livre_Apprentissage-des-langues-1200x1759.png\" alt=\"Nuevo libro T&#038;P-MTCI-ETIV \u00abL\u2019apprentissage des langues \u00e0 l\u2019\u00e8re du num\u00e9rique\u00bb\">\n            <\/div>\n        \n            <div class=\"bdt-timeline-desc bdt-padding\">\n                        <h4 class=\"bdt-timeline-title\">\n                            <a href=\"https:\/\/paratraduccion.com\/limiares\/fr\/tice-apprentissage-des-langues-a-lere-du-numerique\/\" title=\"Nuevo libro T&#038;P-MTCI-ETIV \u00abL\u2019apprentissage des langues \u00e0 l\u2019\u00e8re du num\u00e9rique\u00bb\">\n                    Nuevo libro T&#038;P-MTCI-ETIV \u00abL\u2019apprentissage des langues \u00e0 l\u2019\u00e8re du num\u00e9rique\u00bb                <\/a>\n                    <\/h4>\n                                                <div class=\"bdt-timeline-excerpt\">\n                <p>Nos alegra comunicar que seguimos estrenado el a\u00f1o 2023 con la publicaci\u00f3n de un nuevo<\/p>\n            <\/div>\n                                <a href=\"https:\/\/paratraduccion.com\/limiares\/fr\/tice-apprentissage-des-langues-a-lere-du-numerique\/\" class=\"bdt-timeline-readmore elementor-button elementor-size-sm\">\n            En savoir plus\n                    <\/a>\n                    <\/div>\n        <\/div>\n    \n                                <\/div>\n                            <\/div>\n                        <\/div>\n\n                                                            <div class=\"bdt-timeline-item bdt-width-1-2@m bdt-visible@m\">\n            <div class=\"bdt-timeline-date bdt-text-left\" >\n                <span>27 f\u00e9vrier 2023<\/span>\n            <\/div>\n        <\/div>\n                                \n                                                        <div class=\"bdt-timeline-item bdt-width-1-2@m bdt-visible@m\">\n            <div class=\"bdt-timeline-date bdt-text-right\" >\n                <span>15 f\u00e9vrier 2023<\/span>\n            <\/div>\n        <\/div>\n                                \n                        <div class=\"bdt-width-1-2@m bdt-timeline-item right-part\">\n\n                            <div class=\"bdt-timeline-item-main-wrapper\">\n                                <div class=\"bdt-timeline-line\">\n                                    <span ><\/span>\n                                <\/div>\n                                <div class=\"bdt-timeline-item-main-container\">\n                                    \n                                            <div class=\"bdt-timeline-icon bdt-timeline-icon bdt-timeline-icon bdt-timeline-icon bdt-timeline-icon bdt-timeline-icon bdt-timeline-icon bdt-timeline-icon bdt-timeline-icon bdt-timeline-icon bdt-timeline-icon bdt-timeline-icon bdt-timeline-icon bdt-timeline-icon bdt-timeline-icon bdt-timeline-icon bdt-timeline-icon bdt-timeline-icon bdt-timeline-icon bdt-timeline-icon bdt-timeline-icon bdt-timeline-icon bdt-timeline-icon bdt-timeline-icon bdt-timeline-icon bdt-timeline-icon bdt-timeline-icon bdt-timeline-icon bdt-timeline-icon bdt-timeline-icon bdt-timeline-icon bdt-timeline-icon bdt-timeline-icon bdt-timeline-icon bdt-timeline-icon bdt-timeline-icon bdt-timeline-icon bdt-timeline-icon bdt-timeline-icon bdt-timeline-icon bdt-timeline-icon bdt-timeline-icon bdt-timeline-icon bdt-timeline-icon bdt-timeline-icon bdt-timeline-icon bdt-timeline-icon bdt-timeline-icon bdt-timeline-icon bdt-timeline-icon bdt-timeline-icon bdt-timeline-icon bdt-timeline-icon bdt-timeline-icon bdt-timeline-icon bdt-timeline-icon bdt-timeline-icon bdt-timeline-icon bdt-timeline-icon bdt-timeline-icon\">\n                            <span><i class=\"ep-icon-post\" aria-hidden=\"true\"><\/i><\/span>\n                    <\/div>\n\t\t\n                                            <div class=\"bdt-timeline-item-main\" >\n            <span class=\"bdt-timeline-arrow\"><\/span>\n\n                        <div class=\"bdt-timeline-thumbnail\">\n                <img decoding=\"async\" src=\"https:\/\/paratraduccion.com\/limiares\/wp-content\/uploads\/2023\/02\/Banner_igualdade_catedra-1200x300.jpg\" alt=\"El Libro \u00abMujeres y migraciones en la industria del videojuego\u00bb\">\n            <\/div>\n        \n            <div class=\"bdt-timeline-desc bdt-padding\">\n                        <h4 class=\"bdt-timeline-title\">\n                            <a href=\"https:\/\/paratraduccion.com\/limiares\/fr\/mujeres-y-migraciones-en-la-industria-del-videojuego\/\" title=\"El Libro \u00abMujeres y migraciones en la industria del videojuego\u00bb\">\n                    El Libro \u00abMujeres y migraciones en la industria del videojuego\u00bb                <\/a>\n                    <\/h4>\n                                                <div class=\"bdt-timeline-excerpt\">\n                <p>Tras haber finalizado nuestro proyecto de investigaci\u00f3n I+D financiado por la\u00a0C\u00e1tedra Feminismos 4.0 y Deputaci\u00f3n<\/p>\n            <\/div>\n                                <a href=\"https:\/\/paratraduccion.com\/limiares\/fr\/mujeres-y-migraciones-en-la-industria-del-videojuego\/\" class=\"bdt-timeline-readmore elementor-button elementor-size-sm\">\n            En savoir plus\n                    <\/a>\n                    <\/div>\n        <\/div>\n    \n                                <\/div>\n                            <\/div>\n                        <\/div>\n\n                        \n                    \n                        <div class=\"bdt-width-1-2@m bdt-timeline-item left-part\">\n\n                            <div class=\"bdt-timeline-item-main-wrapper\">\n                                <div class=\"bdt-timeline-line\">\n                                    <span ><\/span>\n                                <\/div>\n                                <div class=\"bdt-timeline-item-main-container\">\n                                    \n                                            <div class=\"bdt-timeline-icon bdt-timeline-icon bdt-timeline-icon bdt-timeline-icon bdt-timeline-icon bdt-timeline-icon bdt-timeline-icon bdt-timeline-icon bdt-timeline-icon bdt-timeline-icon bdt-timeline-icon bdt-timeline-icon bdt-timeline-icon bdt-timeline-icon bdt-timeline-icon bdt-timeline-icon bdt-timeline-icon bdt-timeline-icon bdt-timeline-icon bdt-timeline-icon bdt-timeline-icon bdt-timeline-icon bdt-timeline-icon bdt-timeline-icon bdt-timeline-icon bdt-timeline-icon bdt-timeline-icon bdt-timeline-icon bdt-timeline-icon bdt-timeline-icon bdt-timeline-icon bdt-timeline-icon bdt-timeline-icon bdt-timeline-icon bdt-timeline-icon bdt-timeline-icon bdt-timeline-icon bdt-timeline-icon bdt-timeline-icon bdt-timeline-icon bdt-timeline-icon bdt-timeline-icon bdt-timeline-icon bdt-timeline-icon bdt-timeline-icon bdt-timeline-icon bdt-timeline-icon bdt-timeline-icon bdt-timeline-icon bdt-timeline-icon bdt-timeline-icon bdt-timeline-icon bdt-timeline-icon bdt-timeline-icon bdt-timeline-icon bdt-timeline-icon bdt-timeline-icon bdt-timeline-icon bdt-timeline-icon bdt-timeline-icon bdt-timeline-icon\">\n                            <span><i class=\"ep-icon-post\" aria-hidden=\"true\"><\/i><\/span>\n                    <\/div>\n\t\t\n                                            <div class=\"bdt-timeline-item-main\" >\n            <span class=\"bdt-timeline-arrow\"><\/span>\n\n                        <div class=\"bdt-timeline-thumbnail\">\n                <img decoding=\"async\" src=\"https:\/\/paratraduccion.com\/limiares\/wp-content\/uploads\/2023\/02\/Foto-Lidia-Lopez-1200x1095.jpg\" alt=\"Premio EGERIA para un TFM del MTCI\">\n            <\/div>\n        \n            <div class=\"bdt-timeline-desc bdt-padding\">\n                        <h4 class=\"bdt-timeline-title\">\n                            <a href=\"https:\/\/paratraduccion.com\/limiares\/fr\/premio-egeria-para-un-tfm-del-mtci\/\" title=\"Premio EGERIA para un TFM del MTCI\">\n                    Premio EGERIA para un TFM del MTCI                <\/a>\n                    <\/h4>\n                                                <div class=\"bdt-timeline-excerpt\">\n                <p>Nuestra alumna del M\u00e1ster en Traducci\u00f3n para la Comunicaci\u00f3n Internacional (MTCI) Lidia L\u00f3pez-Bri\u00f1as P\u00e9rez-Vico ha<\/p>\n            <\/div>\n                                <a href=\"https:\/\/paratraduccion.com\/limiares\/fr\/premio-egeria-para-un-tfm-del-mtci\/\" class=\"bdt-timeline-readmore elementor-button elementor-size-sm\">\n            En savoir plus\n                    <\/a>\n                    <\/div>\n        <\/div>\n    \n                                <\/div>\n                            <\/div>\n                        <\/div>\n\n                                                            <div class=\"bdt-timeline-item bdt-width-1-2@m bdt-visible@m\">\n            <div class=\"bdt-timeline-date bdt-text-left\" >\n                <span>31 janvier 2023<\/span>\n            <\/div>\n        <\/div>\n                                \n                                                        <div class=\"bdt-timeline-item bdt-width-1-2@m bdt-visible@m\">\n            <div class=\"bdt-timeline-date bdt-text-right\" >\n                <span>19 janvier 2023<\/span>\n            <\/div>\n        <\/div>\n                                \n                        <div class=\"bdt-width-1-2@m bdt-timeline-item right-part\">\n\n                            <div class=\"bdt-timeline-item-main-wrapper\">\n                                <div class=\"bdt-timeline-line\">\n                                    <span ><\/span>\n                                <\/div>\n                                <div class=\"bdt-timeline-item-main-container\">\n                                    \n                                            <div class=\"bdt-timeline-icon bdt-timeline-icon bdt-timeline-icon bdt-timeline-icon bdt-timeline-icon bdt-timeline-icon bdt-timeline-icon bdt-timeline-icon bdt-timeline-icon bdt-timeline-icon bdt-timeline-icon bdt-timeline-icon bdt-timeline-icon bdt-timeline-icon bdt-timeline-icon bdt-timeline-icon bdt-timeline-icon bdt-timeline-icon bdt-timeline-icon bdt-timeline-icon bdt-timeline-icon bdt-timeline-icon bdt-timeline-icon bdt-timeline-icon bdt-timeline-icon bdt-timeline-icon bdt-timeline-icon bdt-timeline-icon bdt-timeline-icon bdt-timeline-icon bdt-timeline-icon bdt-timeline-icon bdt-timeline-icon bdt-timeline-icon bdt-timeline-icon bdt-timeline-icon bdt-timeline-icon bdt-timeline-icon bdt-timeline-icon bdt-timeline-icon bdt-timeline-icon bdt-timeline-icon bdt-timeline-icon bdt-timeline-icon bdt-timeline-icon bdt-timeline-icon bdt-timeline-icon bdt-timeline-icon bdt-timeline-icon bdt-timeline-icon bdt-timeline-icon bdt-timeline-icon bdt-timeline-icon bdt-timeline-icon bdt-timeline-icon bdt-timeline-icon bdt-timeline-icon bdt-timeline-icon bdt-timeline-icon bdt-timeline-icon bdt-timeline-icon bdt-timeline-icon\">\n                            <span><i class=\"ep-icon-post\" aria-hidden=\"true\"><\/i><\/span>\n                    <\/div>\n\t\t\n                                            <div class=\"bdt-timeline-item-main\" >\n            <span class=\"bdt-timeline-arrow\"><\/span>\n\n                        <div class=\"bdt-timeline-thumbnail\">\n                <img decoding=\"async\" src=\"https:\/\/paratraduccion.com\/limiares\/wp-content\/uploads\/2023\/01\/etiv1.jpg\" alt=\"Lanzamento da 2\u00aa edici\u00f3n dos premios nacionais ETIV-UVigo\">\n            <\/div>\n        \n            <div class=\"bdt-timeline-desc bdt-padding\">\n                        <h4 class=\"bdt-timeline-title\">\n                            <a href=\"https:\/\/paratraduccion.com\/limiares\/fr\/lanzamento-da-2a-edicion-dos-premios-nacionais-etiv-uvigo\/\" title=\"Lanzamento da 2\u00aa edici\u00f3n dos premios nacionais ETIV-UVigo\">\n                    Lanzamento da 2\u00aa edici\u00f3n dos premios nacionais ETIV-UVigo                <\/a>\n                    <\/h4>\n                                                <div class=\"bdt-timeline-excerpt\">\n                <p>Co lanzamento da 2.\u00aa edici\u00f3n dos premios nacionais ETIV-UVigo Arranca a busca dos mellores videoxogos<\/p>\n            <\/div>\n                                <a href=\"https:\/\/paratraduccion.com\/limiares\/fr\/lanzamento-da-2a-edicion-dos-premios-nacionais-etiv-uvigo\/\" class=\"bdt-timeline-readmore elementor-button elementor-size-sm\">\n            En savoir plus\n                    <\/a>\n                    <\/div>\n        <\/div>\n    \n                                <\/div>\n                            <\/div>\n                        <\/div>\n\n                        \n                    \n                        <div class=\"bdt-width-1-2@m bdt-timeline-item left-part\">\n\n                            <div class=\"bdt-timeline-item-main-wrapper\">\n                                <div class=\"bdt-timeline-line\">\n                                    <span ><\/span>\n                                <\/div>\n                                <div class=\"bdt-timeline-item-main-container\">\n                                    \n                                            <div class=\"bdt-timeline-icon bdt-timeline-icon bdt-timeline-icon bdt-timeline-icon bdt-timeline-icon bdt-timeline-icon bdt-timeline-icon bdt-timeline-icon bdt-timeline-icon bdt-timeline-icon bdt-timeline-icon bdt-timeline-icon bdt-timeline-icon bdt-timeline-icon bdt-timeline-icon bdt-timeline-icon bdt-timeline-icon bdt-timeline-icon bdt-timeline-icon bdt-timeline-icon bdt-timeline-icon bdt-timeline-icon bdt-timeline-icon bdt-timeline-icon bdt-timeline-icon bdt-timeline-icon bdt-timeline-icon bdt-timeline-icon bdt-timeline-icon bdt-timeline-icon bdt-timeline-icon bdt-timeline-icon bdt-timeline-icon bdt-timeline-icon bdt-timeline-icon bdt-timeline-icon bdt-timeline-icon bdt-timeline-icon bdt-timeline-icon bdt-timeline-icon bdt-timeline-icon bdt-timeline-icon bdt-timeline-icon bdt-timeline-icon bdt-timeline-icon bdt-timeline-icon bdt-timeline-icon bdt-timeline-icon bdt-timeline-icon bdt-timeline-icon bdt-timeline-icon bdt-timeline-icon bdt-timeline-icon bdt-timeline-icon bdt-timeline-icon bdt-timeline-icon bdt-timeline-icon bdt-timeline-icon bdt-timeline-icon bdt-timeline-icon bdt-timeline-icon bdt-timeline-icon bdt-timeline-icon\">\n                            <span><i class=\"ep-icon-post\" aria-hidden=\"true\"><\/i><\/span>\n                    <\/div>\n\t\t\n                                            <div class=\"bdt-timeline-item-main\" >\n            <span class=\"bdt-timeline-arrow\"><\/span>\n\n                        <div class=\"bdt-timeline-thumbnail\">\n                <img decoding=\"async\" src=\"https:\/\/paratraduccion.com\/limiares\/wp-content\/uploads\/2023\/01\/Magneto_primer-plano-1.jpeg\" alt=\"La paratraducci\u00f3n del Holocausto\">\n            <\/div>\n        \n            <div class=\"bdt-timeline-desc bdt-padding\">\n                        <h4 class=\"bdt-timeline-title\">\n                            <a href=\"https:\/\/paratraduccion.com\/limiares\/fr\/la-paratraduccion-del-holocausto\/\" title=\"La paratraducci\u00f3n del Holocausto\">\n                    La paratraducci\u00f3n del Holocausto                <\/a>\n                    <\/h4>\n                                                <div class=\"bdt-timeline-excerpt\">\n                <p>Dentro del marco de las actividades acad\u00e9micas del\u00a0Programa Internacional de Doctorado\u00a0Traduci\u00f3n &amp; Paratraduci\u00f3n (T&amp;P) y<\/p>\n            <\/div>\n                                <a href=\"https:\/\/paratraduccion.com\/limiares\/fr\/la-paratraduccion-del-holocausto\/\" class=\"bdt-timeline-readmore elementor-button elementor-size-sm\">\n            En savoir plus\n                    <\/a>\n                    <\/div>\n        <\/div>\n    \n                                <\/div>\n                            <\/div>\n                        <\/div>\n\n                                                            <div class=\"bdt-timeline-item bdt-width-1-2@m bdt-visible@m\">\n            <div class=\"bdt-timeline-date bdt-text-left\" >\n                <span>16 janvier 2023<\/span>\n            <\/div>\n        <\/div>\n                                \n                                                        <div class=\"bdt-timeline-item bdt-width-1-2@m bdt-visible@m\">\n            <div class=\"bdt-timeline-date bdt-text-right\" >\n                <span>16 d\u00e9cembre 2022<\/span>\n            <\/div>\n        <\/div>\n                                \n                        <div class=\"bdt-width-1-2@m bdt-timeline-item right-part\">\n\n                            <div class=\"bdt-timeline-item-main-wrapper\">\n                                <div class=\"bdt-timeline-line\">\n                                    <span ><\/span>\n                                <\/div>\n                                <div class=\"bdt-timeline-item-main-container\">\n                                    \n                                            <div class=\"bdt-timeline-icon bdt-timeline-icon bdt-timeline-icon bdt-timeline-icon bdt-timeline-icon bdt-timeline-icon bdt-timeline-icon bdt-timeline-icon bdt-timeline-icon bdt-timeline-icon bdt-timeline-icon bdt-timeline-icon bdt-timeline-icon bdt-timeline-icon bdt-timeline-icon bdt-timeline-icon bdt-timeline-icon bdt-timeline-icon bdt-timeline-icon bdt-timeline-icon bdt-timeline-icon bdt-timeline-icon bdt-timeline-icon bdt-timeline-icon bdt-timeline-icon bdt-timeline-icon bdt-timeline-icon bdt-timeline-icon bdt-timeline-icon bdt-timeline-icon bdt-timeline-icon bdt-timeline-icon bdt-timeline-icon bdt-timeline-icon bdt-timeline-icon bdt-timeline-icon bdt-timeline-icon bdt-timeline-icon bdt-timeline-icon bdt-timeline-icon bdt-timeline-icon bdt-timeline-icon bdt-timeline-icon bdt-timeline-icon bdt-timeline-icon bdt-timeline-icon bdt-timeline-icon bdt-timeline-icon bdt-timeline-icon bdt-timeline-icon bdt-timeline-icon bdt-timeline-icon bdt-timeline-icon bdt-timeline-icon bdt-timeline-icon bdt-timeline-icon bdt-timeline-icon bdt-timeline-icon bdt-timeline-icon bdt-timeline-icon bdt-timeline-icon bdt-timeline-icon bdt-timeline-icon bdt-timeline-icon\">\n                            <span><i class=\"ep-icon-post\" aria-hidden=\"true\"><\/i><\/span>\n                    <\/div>\n\t\t\n                                            <div class=\"bdt-timeline-item-main\" >\n            <span class=\"bdt-timeline-arrow\"><\/span>\n\n                        <div class=\"bdt-timeline-thumbnail\">\n                <img decoding=\"async\" src=\"https:\/\/paratraduccion.com\/limiares\/wp-content\/uploads\/2022\/12\/Felicitacion-Navidena-TP_2023-1200x1655.png\" alt=\"Nuestra felicitaci\u00f3n navide\u00f1a\">\n            <\/div>\n        \n            <div class=\"bdt-timeline-desc bdt-padding\">\n                        <h4 class=\"bdt-timeline-title\">\n                            <a href=\"https:\/\/paratraduccion.com\/limiares\/fr\/bo-nadal-e-propero-aninovo-2023\/\" title=\"Nuestra felicitaci\u00f3n navide\u00f1a\">\n                    Nuestra felicitaci\u00f3n navide\u00f1a                <\/a>\n                    <\/h4>\n                                                <div class=\"bdt-timeline-excerpt\">\n                <p>Bo nadal e pr\u00f3spero aninovo 2023 Desde el Grupo de Investigaci\u00f3n Traducci\u00f3n &amp; Paratraducci\u00f3n (T&amp;P)<\/p>\n            <\/div>\n                                <a href=\"https:\/\/paratraduccion.com\/limiares\/fr\/bo-nadal-e-propero-aninovo-2023\/\" class=\"bdt-timeline-readmore elementor-button elementor-size-sm\">\n            En savoir plus\n                    <\/a>\n                    <\/div>\n        <\/div>\n    \n                                <\/div>\n                            <\/div>\n                        <\/div>\n\n                        \n                    \n                        <div class=\"bdt-width-1-2@m bdt-timeline-item left-part\">\n\n                            <div class=\"bdt-timeline-item-main-wrapper\">\n                                <div class=\"bdt-timeline-line\">\n                                    <span ><\/span>\n                                <\/div>\n                                <div class=\"bdt-timeline-item-main-container\">\n                                    \n                                            <div class=\"bdt-timeline-icon bdt-timeline-icon bdt-timeline-icon bdt-timeline-icon bdt-timeline-icon bdt-timeline-icon bdt-timeline-icon bdt-timeline-icon bdt-timeline-icon bdt-timeline-icon bdt-timeline-icon bdt-timeline-icon bdt-timeline-icon bdt-timeline-icon bdt-timeline-icon bdt-timeline-icon bdt-timeline-icon bdt-timeline-icon bdt-timeline-icon bdt-timeline-icon bdt-timeline-icon bdt-timeline-icon bdt-timeline-icon bdt-timeline-icon bdt-timeline-icon bdt-timeline-icon bdt-timeline-icon bdt-timeline-icon bdt-timeline-icon bdt-timeline-icon bdt-timeline-icon bdt-timeline-icon bdt-timeline-icon bdt-timeline-icon bdt-timeline-icon bdt-timeline-icon bdt-timeline-icon bdt-timeline-icon bdt-timeline-icon bdt-timeline-icon bdt-timeline-icon bdt-timeline-icon bdt-timeline-icon bdt-timeline-icon bdt-timeline-icon bdt-timeline-icon bdt-timeline-icon bdt-timeline-icon bdt-timeline-icon bdt-timeline-icon bdt-timeline-icon bdt-timeline-icon bdt-timeline-icon bdt-timeline-icon bdt-timeline-icon bdt-timeline-icon bdt-timeline-icon bdt-timeline-icon bdt-timeline-icon bdt-timeline-icon bdt-timeline-icon bdt-timeline-icon bdt-timeline-icon bdt-timeline-icon bdt-timeline-icon\">\n                            <span><i class=\"ep-icon-post\" aria-hidden=\"true\"><\/i><\/span>\n                    <\/div>\n\t\t\n                                            <div class=\"bdt-timeline-item-main\" >\n            <span class=\"bdt-timeline-arrow\"><\/span>\n\n                        <div class=\"bdt-timeline-thumbnail\">\n                <img decoding=\"async\" src=\"https:\/\/paratraduccion.com\/limiares\/wp-content\/uploads\/2022\/11\/erasmusplus.jpg\" alt=\"Un alumno del MTCI en ERASMUS +\">\n            <\/div>\n        \n            <div class=\"bdt-timeline-desc bdt-padding\">\n                        <h4 class=\"bdt-timeline-title\">\n                            <a href=\"https:\/\/paratraduccion.com\/limiares\/fr\/un-alumno-del-mtci-en-erasmus-plus\/\" title=\"Un alumno del MTCI en ERASMUS +\">\n                    Un alumno del MTCI en ERASMUS +                <\/a>\n                    <\/h4>\n                                                <div class=\"bdt-timeline-excerpt\">\n                <p>Entrevista a Malick Ibrahim Alumno extranjero del MTCI que ha participado en nuestro programa de<\/p>\n            <\/div>\n                                <a href=\"https:\/\/paratraduccion.com\/limiares\/fr\/un-alumno-del-mtci-en-erasmus-plus\/\" class=\"bdt-timeline-readmore elementor-button elementor-size-sm\">\n            En savoir plus\n                    <\/a>\n                    <\/div>\n        <\/div>\n    \n                                <\/div>\n                            <\/div>\n                        <\/div>\n\n                                                            <div class=\"bdt-timeline-item bdt-width-1-2@m bdt-visible@m\">\n            <div class=\"bdt-timeline-date bdt-text-left\" >\n                <span>14 novembre 2022<\/span>\n            <\/div>\n        <\/div>\n                                \n                                                        <div class=\"bdt-timeline-item bdt-width-1-2@m bdt-visible@m\">\n            <div class=\"bdt-timeline-date bdt-text-right\" >\n                <span>02 novembre 2022<\/span>\n            <\/div>\n        <\/div>\n                                \n                        <div class=\"bdt-width-1-2@m bdt-timeline-item right-part\">\n\n                            <div class=\"bdt-timeline-item-main-wrapper\">\n                                <div class=\"bdt-timeline-line\">\n                                    <span ><\/span>\n                                <\/div>\n                                <div class=\"bdt-timeline-item-main-container\">\n                                    \n                                            <div class=\"bdt-timeline-icon bdt-timeline-icon bdt-timeline-icon bdt-timeline-icon bdt-timeline-icon bdt-timeline-icon bdt-timeline-icon bdt-timeline-icon bdt-timeline-icon bdt-timeline-icon bdt-timeline-icon bdt-timeline-icon bdt-timeline-icon bdt-timeline-icon bdt-timeline-icon bdt-timeline-icon bdt-timeline-icon bdt-timeline-icon bdt-timeline-icon bdt-timeline-icon bdt-timeline-icon bdt-timeline-icon bdt-timeline-icon bdt-timeline-icon bdt-timeline-icon bdt-timeline-icon bdt-timeline-icon bdt-timeline-icon bdt-timeline-icon bdt-timeline-icon bdt-timeline-icon bdt-timeline-icon bdt-timeline-icon bdt-timeline-icon bdt-timeline-icon bdt-timeline-icon bdt-timeline-icon bdt-timeline-icon bdt-timeline-icon bdt-timeline-icon bdt-timeline-icon bdt-timeline-icon bdt-timeline-icon bdt-timeline-icon bdt-timeline-icon bdt-timeline-icon bdt-timeline-icon bdt-timeline-icon bdt-timeline-icon bdt-timeline-icon bdt-timeline-icon bdt-timeline-icon bdt-timeline-icon bdt-timeline-icon bdt-timeline-icon bdt-timeline-icon bdt-timeline-icon bdt-timeline-icon bdt-timeline-icon bdt-timeline-icon bdt-timeline-icon bdt-timeline-icon bdt-timeline-icon bdt-timeline-icon bdt-timeline-icon bdt-timeline-icon\">\n                            <span><i class=\"ep-icon-post\" aria-hidden=\"true\"><\/i><\/span>\n                    <\/div>\n\t\t\n                                            <div class=\"bdt-timeline-item-main\" >\n            <span class=\"bdt-timeline-arrow\"><\/span>\n\n                        <div class=\"bdt-timeline-thumbnail\">\n                <img decoding=\"async\" src=\"https:\/\/paratraduccion.com\/limiares\/wp-content\/uploads\/2022\/06\/TFM-1200x795.png\" alt=\"Defensas de TFM_Novembro-2022\">\n            <\/div>\n        \n            <div class=\"bdt-timeline-desc bdt-padding\">\n                        <h4 class=\"bdt-timeline-title\">\n                            <a href=\"https:\/\/paratraduccion.com\/limiares\/fr\/defensas-de-tfm_novembro-2022\/\" title=\"Defensas de TFM_Novembro-2022\">\n                    Defensas de TFM_Novembro-2022                <\/a>\n                    <\/h4>\n                                                <div class=\"bdt-timeline-excerpt\">\n                <p>Informaci\u00f3n p\u00fablica sobre as defensas de TFM na convocatoria de novembro 2022 Apelidos e nome<\/p>\n            <\/div>\n                                <a href=\"https:\/\/paratraduccion.com\/limiares\/fr\/defensas-de-tfm_novembro-2022\/\" class=\"bdt-timeline-readmore elementor-button elementor-size-sm\">\n            En savoir plus\n                    <\/a>\n                    <\/div>\n        <\/div>\n    \n                                <\/div>\n                            <\/div>\n                        <\/div>\n\n                        \n                    \n                        <div class=\"bdt-width-1-2@m bdt-timeline-item left-part\">\n\n                            <div class=\"bdt-timeline-item-main-wrapper\">\n                                <div class=\"bdt-timeline-line\">\n                                    <span ><\/span>\n                                <\/div>\n                                <div class=\"bdt-timeline-item-main-container\">\n                                    \n                                            <div class=\"bdt-timeline-icon bdt-timeline-icon bdt-timeline-icon bdt-timeline-icon bdt-timeline-icon bdt-timeline-icon bdt-timeline-icon bdt-timeline-icon bdt-timeline-icon bdt-timeline-icon bdt-timeline-icon bdt-timeline-icon bdt-timeline-icon bdt-timeline-icon bdt-timeline-icon bdt-timeline-icon bdt-timeline-icon bdt-timeline-icon bdt-timeline-icon bdt-timeline-icon bdt-timeline-icon bdt-timeline-icon bdt-timeline-icon bdt-timeline-icon bdt-timeline-icon bdt-timeline-icon bdt-timeline-icon bdt-timeline-icon bdt-timeline-icon bdt-timeline-icon bdt-timeline-icon bdt-timeline-icon bdt-timeline-icon bdt-timeline-icon bdt-timeline-icon bdt-timeline-icon bdt-timeline-icon bdt-timeline-icon bdt-timeline-icon bdt-timeline-icon bdt-timeline-icon bdt-timeline-icon bdt-timeline-icon bdt-timeline-icon bdt-timeline-icon bdt-timeline-icon bdt-timeline-icon bdt-timeline-icon bdt-timeline-icon bdt-timeline-icon bdt-timeline-icon bdt-timeline-icon bdt-timeline-icon bdt-timeline-icon bdt-timeline-icon bdt-timeline-icon bdt-timeline-icon bdt-timeline-icon bdt-timeline-icon bdt-timeline-icon bdt-timeline-icon bdt-timeline-icon bdt-timeline-icon bdt-timeline-icon bdt-timeline-icon bdt-timeline-icon bdt-timeline-icon\">\n                            <span><i class=\"ep-icon-post\" aria-hidden=\"true\"><\/i><\/span>\n                    <\/div>\n\t\t\n                                            <div class=\"bdt-timeline-item-main\" >\n            <span class=\"bdt-timeline-arrow\"><\/span>\n\n                        <div class=\"bdt-timeline-thumbnail\">\n                <img decoding=\"async\" src=\"https:\/\/paratraduccion.com\/limiares\/wp-content\/uploads\/2022\/11\/CARTEIS_Traducion_02-1200x849.jpg\" alt=\"Aprende a vender tus servicios de traducci\u00f3n de manera eficiente\">\n            <\/div>\n        \n            <div class=\"bdt-timeline-desc bdt-padding\">\n                        <h4 class=\"bdt-timeline-title\">\n                            <a href=\"https:\/\/paratraduccion.com\/limiares\/fr\/aprende-a-vender-tus-servicios-de-traduccion-de-manera-eficiente\/\" title=\"Aprende a vender tus servicios de traducci\u00f3n de manera eficiente\">\n                    Aprende a vender tus servicios de traducci\u00f3n de manera eficiente                <\/a>\n                    <\/h4>\n                                                <div class=\"bdt-timeline-excerpt\">\n                <p>\u00a1Las 30 plazas previstas se cubrieron enseguida! Desde la coordinaci\u00f3n del MTCI agradecemos p\u00fablicamente la<\/p>\n            <\/div>\n                                <a href=\"https:\/\/paratraduccion.com\/limiares\/fr\/aprende-a-vender-tus-servicios-de-traduccion-de-manera-eficiente\/\" class=\"bdt-timeline-readmore elementor-button elementor-size-sm\">\n            En savoir plus\n                    <\/a>\n                    <\/div>\n        <\/div>\n    \n                                <\/div>\n                            <\/div>\n                        <\/div>\n\n                                                            <div class=\"bdt-timeline-item bdt-width-1-2@m bdt-visible@m\">\n            <div class=\"bdt-timeline-date bdt-text-left\" >\n                <span>01 novembre 2022<\/span>\n            <\/div>\n        <\/div>\n                                \n                                                        <div class=\"bdt-timeline-item bdt-width-1-2@m bdt-visible@m\">\n            <div class=\"bdt-timeline-date bdt-text-right\" >\n                <span>27 octobre 2022<\/span>\n            <\/div>\n        <\/div>\n                                \n                        <div class=\"bdt-width-1-2@m bdt-timeline-item right-part\">\n\n                            <div class=\"bdt-timeline-item-main-wrapper\">\n                                <div class=\"bdt-timeline-line\">\n                                    <span ><\/span>\n                                <\/div>\n                                <div class=\"bdt-timeline-item-main-container\">\n                                    \n                                            <div class=\"bdt-timeline-icon bdt-timeline-icon bdt-timeline-icon bdt-timeline-icon bdt-timeline-icon bdt-timeline-icon bdt-timeline-icon bdt-timeline-icon bdt-timeline-icon bdt-timeline-icon bdt-timeline-icon bdt-timeline-icon bdt-timeline-icon bdt-timeline-icon bdt-timeline-icon bdt-timeline-icon bdt-timeline-icon bdt-timeline-icon bdt-timeline-icon bdt-timeline-icon bdt-timeline-icon bdt-timeline-icon bdt-timeline-icon bdt-timeline-icon bdt-timeline-icon bdt-timeline-icon bdt-timeline-icon bdt-timeline-icon bdt-timeline-icon bdt-timeline-icon bdt-timeline-icon bdt-timeline-icon bdt-timeline-icon bdt-timeline-icon bdt-timeline-icon bdt-timeline-icon bdt-timeline-icon bdt-timeline-icon bdt-timeline-icon bdt-timeline-icon bdt-timeline-icon bdt-timeline-icon bdt-timeline-icon bdt-timeline-icon bdt-timeline-icon bdt-timeline-icon bdt-timeline-icon bdt-timeline-icon bdt-timeline-icon bdt-timeline-icon bdt-timeline-icon bdt-timeline-icon bdt-timeline-icon bdt-timeline-icon bdt-timeline-icon bdt-timeline-icon bdt-timeline-icon bdt-timeline-icon bdt-timeline-icon bdt-timeline-icon bdt-timeline-icon bdt-timeline-icon bdt-timeline-icon bdt-timeline-icon bdt-timeline-icon bdt-timeline-icon bdt-timeline-icon bdt-timeline-icon\">\n                            <span><i class=\"ep-icon-post\" aria-hidden=\"true\"><\/i><\/span>\n                    <\/div>\n\t\t\n                                            <div class=\"bdt-timeline-item-main\" >\n            <span class=\"bdt-timeline-arrow\"><\/span>\n\n                        <div class=\"bdt-timeline-thumbnail\">\n                <img decoding=\"async\" src=\"https:\/\/paratraduccion.com\/limiares\/wp-content\/uploads\/2022\/10\/CARTEIS_Traducion_01-1200x849.jpg\" alt=\"Empezar como traductora aut\u00f3noma durante la pandemia: experiencias y aprendizajes\">\n            <\/div>\n        \n            <div class=\"bdt-timeline-desc bdt-padding\">\n                        <h4 class=\"bdt-timeline-title\">\n                            <a href=\"https:\/\/paratraduccion.com\/limiares\/fr\/empezar-como-traductora-autonoma-durante-la-pandemia-experiencias-y-aprendizajes\/\" title=\"Empezar como traductora aut\u00f3noma durante la pandemia: experiencias y aprendizajes\">\n                    Empezar como traductora aut\u00f3noma durante la pandemia: experiencias y aprendizajes                <\/a>\n                    <\/h4>\n                                                <div class=\"bdt-timeline-excerpt\">\n                <p>Dentro del marco de las actividades acad\u00e9micas del\u00a0M\u00e1ster en Traducci\u00f3n para la Comunicaci\u00f3n Internacional (MTCI)<\/p>\n            <\/div>\n                                <a href=\"https:\/\/paratraduccion.com\/limiares\/fr\/empezar-como-traductora-autonoma-durante-la-pandemia-experiencias-y-aprendizajes\/\" class=\"bdt-timeline-readmore elementor-button elementor-size-sm\">\n            En savoir plus\n                    <\/a>\n                    <\/div>\n        <\/div>\n    \n                                <\/div>\n                            <\/div>\n                        <\/div>\n\n                        \n                    \n                        <div class=\"bdt-width-1-2@m bdt-timeline-item left-part\">\n\n                            <div class=\"bdt-timeline-item-main-wrapper\">\n                                <div class=\"bdt-timeline-line\">\n                                    <span ><\/span>\n                                <\/div>\n                                <div class=\"bdt-timeline-item-main-container\">\n                                    \n                                            <div class=\"bdt-timeline-icon bdt-timeline-icon bdt-timeline-icon bdt-timeline-icon bdt-timeline-icon bdt-timeline-icon bdt-timeline-icon bdt-timeline-icon bdt-timeline-icon bdt-timeline-icon bdt-timeline-icon bdt-timeline-icon bdt-timeline-icon bdt-timeline-icon bdt-timeline-icon bdt-timeline-icon bdt-timeline-icon bdt-timeline-icon bdt-timeline-icon bdt-timeline-icon bdt-timeline-icon bdt-timeline-icon bdt-timeline-icon bdt-timeline-icon bdt-timeline-icon bdt-timeline-icon bdt-timeline-icon bdt-timeline-icon bdt-timeline-icon bdt-timeline-icon bdt-timeline-icon bdt-timeline-icon bdt-timeline-icon bdt-timeline-icon bdt-timeline-icon bdt-timeline-icon bdt-timeline-icon bdt-timeline-icon bdt-timeline-icon bdt-timeline-icon bdt-timeline-icon bdt-timeline-icon bdt-timeline-icon bdt-timeline-icon bdt-timeline-icon bdt-timeline-icon bdt-timeline-icon bdt-timeline-icon bdt-timeline-icon bdt-timeline-icon bdt-timeline-icon bdt-timeline-icon bdt-timeline-icon bdt-timeline-icon bdt-timeline-icon bdt-timeline-icon bdt-timeline-icon bdt-timeline-icon bdt-timeline-icon bdt-timeline-icon bdt-timeline-icon bdt-timeline-icon bdt-timeline-icon bdt-timeline-icon bdt-timeline-icon bdt-timeline-icon bdt-timeline-icon bdt-timeline-icon bdt-timeline-icon\">\n                            <span><i class=\"ep-icon-post\" aria-hidden=\"true\"><\/i><\/span>\n                    <\/div>\n\t\t\n                                            <div class=\"bdt-timeline-item-main\" >\n            <span class=\"bdt-timeline-arrow\"><\/span>\n\n                        <div class=\"bdt-timeline-thumbnail\">\n                <img decoding=\"async\" src=\"https:\/\/paratraduccion.com\/limiares\/wp-content\/uploads\/2022\/10\/CARTEL_Traduccion-Xuridica_Imprimir-1200x849.jpg\" alt=\"A traduci\u00f3n xur\u00eddica en galego\">\n            <\/div>\n        \n            <div class=\"bdt-timeline-desc bdt-padding\">\n                        <h4 class=\"bdt-timeline-title\">\n                            <a href=\"https:\/\/paratraduccion.com\/limiares\/fr\/a-traducion-xuridica-en-galego\/\" title=\"A traduci\u00f3n xur\u00eddica en galego\">\n                    A traduci\u00f3n xur\u00eddica en galego                <\/a>\n                    <\/h4>\n                                                <div class=\"bdt-timeline-excerpt\">\n                <p>Dentro do marco das actividades acad\u00e9micas do Mestrado en Traduci\u00f3n para a Comunicaci\u00f3n Internacional (MTCI)<\/p>\n            <\/div>\n                                <a href=\"https:\/\/paratraduccion.com\/limiares\/fr\/a-traducion-xuridica-en-galego\/\" class=\"bdt-timeline-readmore elementor-button elementor-size-sm\">\n            En savoir plus\n                    <\/a>\n                    <\/div>\n        <\/div>\n    \n                                <\/div>\n                            <\/div>\n                        <\/div>\n\n                                                            <div class=\"bdt-timeline-item bdt-width-1-2@m bdt-visible@m\">\n            <div class=\"bdt-timeline-date bdt-text-left\" >\n                <span>21 octobre 2022<\/span>\n            <\/div>\n        <\/div>\n                                \n                                                        <div class=\"bdt-timeline-item bdt-width-1-2@m bdt-visible@m\">\n            <div class=\"bdt-timeline-date bdt-text-right\" >\n                <span>05 octobre 2022<\/span>\n            <\/div>\n        <\/div>\n                                \n                        <div class=\"bdt-width-1-2@m bdt-timeline-item right-part\">\n\n                            <div class=\"bdt-timeline-item-main-wrapper\">\n                                <div class=\"bdt-timeline-line\">\n                                    <span ><\/span>\n                                <\/div>\n                                <div class=\"bdt-timeline-item-main-container\">\n                                    \n                                            <div class=\"bdt-timeline-icon bdt-timeline-icon bdt-timeline-icon bdt-timeline-icon bdt-timeline-icon bdt-timeline-icon bdt-timeline-icon bdt-timeline-icon bdt-timeline-icon bdt-timeline-icon bdt-timeline-icon bdt-timeline-icon bdt-timeline-icon bdt-timeline-icon bdt-timeline-icon bdt-timeline-icon bdt-timeline-icon bdt-timeline-icon bdt-timeline-icon bdt-timeline-icon bdt-timeline-icon bdt-timeline-icon bdt-timeline-icon bdt-timeline-icon bdt-timeline-icon bdt-timeline-icon bdt-timeline-icon bdt-timeline-icon bdt-timeline-icon bdt-timeline-icon bdt-timeline-icon bdt-timeline-icon bdt-timeline-icon bdt-timeline-icon bdt-timeline-icon bdt-timeline-icon bdt-timeline-icon bdt-timeline-icon bdt-timeline-icon bdt-timeline-icon bdt-timeline-icon bdt-timeline-icon bdt-timeline-icon bdt-timeline-icon bdt-timeline-icon bdt-timeline-icon bdt-timeline-icon bdt-timeline-icon bdt-timeline-icon bdt-timeline-icon bdt-timeline-icon bdt-timeline-icon bdt-timeline-icon bdt-timeline-icon bdt-timeline-icon bdt-timeline-icon bdt-timeline-icon bdt-timeline-icon bdt-timeline-icon bdt-timeline-icon bdt-timeline-icon bdt-timeline-icon bdt-timeline-icon bdt-timeline-icon bdt-timeline-icon bdt-timeline-icon bdt-timeline-icon bdt-timeline-icon bdt-timeline-icon bdt-timeline-icon\">\n                            <span><i class=\"ep-icon-post\" aria-hidden=\"true\"><\/i><\/span>\n                    <\/div>\n\t\t\n                                            <div class=\"bdt-timeline-item-main\" >\n            <span class=\"bdt-timeline-arrow\"><\/span>\n\n                        <div class=\"bdt-timeline-thumbnail\">\n                <img decoding=\"async\" src=\"https:\/\/paratraduccion.com\/limiares\/wp-content\/uploads\/2022\/10\/Presentacion_2022-2023_MTCI_00-1200x638.png\" alt=\"Los v\u00eddeos de presentaci\u00f3n del curso 2022-2023 del MTCI\">\n            <\/div>\n        \n            <div class=\"bdt-timeline-desc bdt-padding\">\n                        <h4 class=\"bdt-timeline-title\">\n                            <a href=\"https:\/\/paratraduccion.com\/limiares\/fr\/los-videos-de-presentacion-del-curso-2022-2023-del-mtci\/\" title=\"Los v\u00eddeos de presentaci\u00f3n del curso 2022-2023 del MTCI\">\n                    Los v\u00eddeos de presentaci\u00f3n del curso 2022-2023 del MTCI                <\/a>\n                    <\/h4>\n                                                <div class=\"bdt-timeline-excerpt\">\n                <p>Presentaci\u00f3n del MTCI curso 2022-2023 V\u00eddeo editado en red el 04\/10\/2022 V\u00eddeo\u00a0\u00a0|\u00a0\u00a0Gallego\u00a0\u00a0|\u00a0 21 min 50<\/p>\n            <\/div>\n                                <a href=\"https:\/\/paratraduccion.com\/limiares\/fr\/los-videos-de-presentacion-del-curso-2022-2023-del-mtci\/\" class=\"bdt-timeline-readmore elementor-button elementor-size-sm\">\n            En savoir plus\n                    <\/a>\n                    <\/div>\n        <\/div>\n    \n                                <\/div>\n                            <\/div>\n                        <\/div>\n\n                        \n                    \n                        <div class=\"bdt-width-1-2@m bdt-timeline-item left-part\">\n\n                            <div class=\"bdt-timeline-item-main-wrapper\">\n                                <div class=\"bdt-timeline-line\">\n                                    <span ><\/span>\n                                <\/div>\n                                <div class=\"bdt-timeline-item-main-container\">\n                                    \n                                            <div class=\"bdt-timeline-icon bdt-timeline-icon bdt-timeline-icon bdt-timeline-icon bdt-timeline-icon bdt-timeline-icon bdt-timeline-icon bdt-timeline-icon bdt-timeline-icon bdt-timeline-icon bdt-timeline-icon bdt-timeline-icon bdt-timeline-icon bdt-timeline-icon bdt-timeline-icon bdt-timeline-icon bdt-timeline-icon bdt-timeline-icon bdt-timeline-icon bdt-timeline-icon bdt-timeline-icon bdt-timeline-icon bdt-timeline-icon bdt-timeline-icon bdt-timeline-icon bdt-timeline-icon bdt-timeline-icon bdt-timeline-icon bdt-timeline-icon bdt-timeline-icon bdt-timeline-icon bdt-timeline-icon bdt-timeline-icon bdt-timeline-icon bdt-timeline-icon bdt-timeline-icon bdt-timeline-icon bdt-timeline-icon bdt-timeline-icon bdt-timeline-icon bdt-timeline-icon bdt-timeline-icon bdt-timeline-icon bdt-timeline-icon bdt-timeline-icon bdt-timeline-icon bdt-timeline-icon bdt-timeline-icon bdt-timeline-icon bdt-timeline-icon bdt-timeline-icon bdt-timeline-icon bdt-timeline-icon bdt-timeline-icon bdt-timeline-icon bdt-timeline-icon bdt-timeline-icon bdt-timeline-icon bdt-timeline-icon bdt-timeline-icon bdt-timeline-icon bdt-timeline-icon bdt-timeline-icon bdt-timeline-icon bdt-timeline-icon bdt-timeline-icon bdt-timeline-icon bdt-timeline-icon bdt-timeline-icon bdt-timeline-icon bdt-timeline-icon\">\n                            <span><i class=\"ep-icon-post\" aria-hidden=\"true\"><\/i><\/span>\n                    <\/div>\n\t\t\n                                            <div class=\"bdt-timeline-item-main\" >\n            <span class=\"bdt-timeline-arrow\"><\/span>\n\n                        <div class=\"bdt-timeline-thumbnail\">\n                <img decoding=\"async\" src=\"https:\/\/paratraduccion.com\/limiares\/wp-content\/uploads\/2022\/09\/CARTEL_Presentacion_Mestrado_traducion_internacional-1200x849.jpg\" alt=\"Presentaci\u00f3n del curso 2022-2023\">\n            <\/div>\n        \n            <div class=\"bdt-timeline-desc bdt-padding\">\n                        <h4 class=\"bdt-timeline-title\">\n                            <a href=\"https:\/\/paratraduccion.com\/limiares\/fr\/presentacion-del-curso-2022-2023\/\" title=\"Presentaci\u00f3n del curso 2022-2023\">\n                    Presentaci\u00f3n del curso 2022-2023                <\/a>\n                    <\/h4>\n                                                <div class=\"bdt-timeline-excerpt\">\n                <p>El pr\u00f3ximo lunes, 3 de octubre de 2022, a las 13.00 h y en el<\/p>\n            <\/div>\n                                <a href=\"https:\/\/paratraduccion.com\/limiares\/fr\/presentacion-del-curso-2022-2023\/\" class=\"bdt-timeline-readmore elementor-button elementor-size-sm\">\n            En savoir plus\n                    <\/a>\n                    <\/div>\n        <\/div>\n    \n                                <\/div>\n                            <\/div>\n                        <\/div>\n\n                                                            <div class=\"bdt-timeline-item bdt-width-1-2@m bdt-visible@m\">\n            <div class=\"bdt-timeline-date bdt-text-left\" >\n                <span>28 septembre 2022<\/span>\n            <\/div>\n        <\/div>\n                                \n                                                        <div class=\"bdt-timeline-item bdt-width-1-2@m bdt-visible@m\">\n            <div class=\"bdt-timeline-date bdt-text-right\" >\n                <span>09 septembre 2022<\/span>\n            <\/div>\n        <\/div>\n                                \n                        <div class=\"bdt-width-1-2@m bdt-timeline-item right-part\">\n\n                            <div class=\"bdt-timeline-item-main-wrapper\">\n                                <div class=\"bdt-timeline-line\">\n                                    <span ><\/span>\n                                <\/div>\n                                <div class=\"bdt-timeline-item-main-container\">\n                                    \n                                            <div class=\"bdt-timeline-icon bdt-timeline-icon bdt-timeline-icon bdt-timeline-icon bdt-timeline-icon bdt-timeline-icon bdt-timeline-icon bdt-timeline-icon bdt-timeline-icon bdt-timeline-icon bdt-timeline-icon bdt-timeline-icon bdt-timeline-icon bdt-timeline-icon bdt-timeline-icon bdt-timeline-icon bdt-timeline-icon bdt-timeline-icon bdt-timeline-icon bdt-timeline-icon bdt-timeline-icon bdt-timeline-icon bdt-timeline-icon bdt-timeline-icon bdt-timeline-icon bdt-timeline-icon bdt-timeline-icon bdt-timeline-icon bdt-timeline-icon bdt-timeline-icon bdt-timeline-icon bdt-timeline-icon bdt-timeline-icon bdt-timeline-icon bdt-timeline-icon bdt-timeline-icon bdt-timeline-icon bdt-timeline-icon bdt-timeline-icon bdt-timeline-icon bdt-timeline-icon bdt-timeline-icon bdt-timeline-icon bdt-timeline-icon bdt-timeline-icon bdt-timeline-icon bdt-timeline-icon bdt-timeline-icon bdt-timeline-icon bdt-timeline-icon bdt-timeline-icon bdt-timeline-icon bdt-timeline-icon bdt-timeline-icon bdt-timeline-icon bdt-timeline-icon bdt-timeline-icon bdt-timeline-icon bdt-timeline-icon bdt-timeline-icon bdt-timeline-icon bdt-timeline-icon bdt-timeline-icon bdt-timeline-icon bdt-timeline-icon bdt-timeline-icon bdt-timeline-icon bdt-timeline-icon bdt-timeline-icon bdt-timeline-icon bdt-timeline-icon bdt-timeline-icon\">\n                            <span><i class=\"ep-icon-post\" aria-hidden=\"true\"><\/i><\/span>\n                    <\/div>\n\t\t\n                                            <div class=\"bdt-timeline-item-main\" >\n            <span class=\"bdt-timeline-arrow\"><\/span>\n\n                        <div class=\"bdt-timeline-thumbnail\">\n                <img decoding=\"async\" src=\"https:\/\/paratraduccion.com\/limiares\/wp-content\/uploads\/2022\/06\/TFM-1200x795.png\" alt=\"Defensas de TFM_Setembro-2022\">\n            <\/div>\n        \n            <div class=\"bdt-timeline-desc bdt-padding\">\n                        <h4 class=\"bdt-timeline-title\">\n                            <a href=\"https:\/\/paratraduccion.com\/limiares\/fr\/defensas-de-tfm_setembro-2022\/\" title=\"Defensas de TFM_Setembro-2022\">\n                    Defensas de TFM_Setembro-2022                <\/a>\n                    <\/h4>\n                                                <div class=\"bdt-timeline-excerpt\">\n                <p>Informaci\u00f3n p\u00fablica sobre as defensas de TFM na convocatoria de setembro 2022 Apelidos e nome<\/p>\n            <\/div>\n                                <a href=\"https:\/\/paratraduccion.com\/limiares\/fr\/defensas-de-tfm_setembro-2022\/\" class=\"bdt-timeline-readmore elementor-button elementor-size-sm\">\n            En savoir plus\n                    <\/a>\n                    <\/div>\n        <\/div>\n    \n                                <\/div>\n                            <\/div>\n                        <\/div>\n\n                        \n                    \n                        <div class=\"bdt-width-1-2@m bdt-timeline-item left-part\">\n\n                            <div class=\"bdt-timeline-item-main-wrapper\">\n                                <div class=\"bdt-timeline-line\">\n                                    <span ><\/span>\n                                <\/div>\n                                <div class=\"bdt-timeline-item-main-container\">\n                                    \n                                            <div class=\"bdt-timeline-icon bdt-timeline-icon bdt-timeline-icon bdt-timeline-icon bdt-timeline-icon bdt-timeline-icon bdt-timeline-icon bdt-timeline-icon bdt-timeline-icon bdt-timeline-icon bdt-timeline-icon bdt-timeline-icon bdt-timeline-icon bdt-timeline-icon bdt-timeline-icon bdt-timeline-icon bdt-timeline-icon bdt-timeline-icon bdt-timeline-icon bdt-timeline-icon bdt-timeline-icon bdt-timeline-icon bdt-timeline-icon bdt-timeline-icon bdt-timeline-icon bdt-timeline-icon bdt-timeline-icon bdt-timeline-icon bdt-timeline-icon bdt-timeline-icon bdt-timeline-icon bdt-timeline-icon bdt-timeline-icon bdt-timeline-icon bdt-timeline-icon bdt-timeline-icon bdt-timeline-icon bdt-timeline-icon bdt-timeline-icon bdt-timeline-icon bdt-timeline-icon bdt-timeline-icon bdt-timeline-icon bdt-timeline-icon bdt-timeline-icon bdt-timeline-icon bdt-timeline-icon bdt-timeline-icon bdt-timeline-icon bdt-timeline-icon bdt-timeline-icon bdt-timeline-icon bdt-timeline-icon bdt-timeline-icon bdt-timeline-icon bdt-timeline-icon bdt-timeline-icon bdt-timeline-icon bdt-timeline-icon bdt-timeline-icon bdt-timeline-icon bdt-timeline-icon bdt-timeline-icon bdt-timeline-icon bdt-timeline-icon bdt-timeline-icon bdt-timeline-icon bdt-timeline-icon bdt-timeline-icon bdt-timeline-icon bdt-timeline-icon bdt-timeline-icon bdt-timeline-icon\">\n                            <span><i class=\"ep-icon-post\" aria-hidden=\"true\"><\/i><\/span>\n                    <\/div>\n\t\t\n                                            <div class=\"bdt-timeline-item-main\" >\n            <span class=\"bdt-timeline-arrow\"><\/span>\n\n                        <div class=\"bdt-timeline-thumbnail\">\n                <img decoding=\"async\" src=\"https:\/\/paratraduccion.com\/limiares\/wp-content\/uploads\/2022\/07\/UVIGO_2-070-1200x800.jpg\" alt=\"Un proyecto de investigaci\u00f3n del Grupo T&#038;P financiado por la C\u00e1tedra Feminismos 4.0\">\n            <\/div>\n        \n            <div class=\"bdt-timeline-desc bdt-padding\">\n                        <h4 class=\"bdt-timeline-title\">\n                            <a href=\"https:\/\/paratraduccion.com\/limiares\/fr\/un-proyecto-de-investigacion-del-grupo-tp-financiado-por-la-catedra-feminismos-4-0\/\" title=\"Un proyecto de investigaci\u00f3n del Grupo T&#038;P financiado por la C\u00e1tedra Feminismos 4.0\">\n                    Un proyecto de investigaci\u00f3n del Grupo T&#038;P financiado por la C\u00e1tedra Feminismos 4.0                <\/a>\n                    <\/h4>\n                                                <div class=\"bdt-timeline-excerpt\">\n                <p>La C\u00e1tedra Feminismos 4.0 Depo-UVigo\u00a0acaba de destinar 24.772 euros a financiar cinco proyectos de investigaci\u00f3n<\/p>\n            <\/div>\n                                <a href=\"https:\/\/paratraduccion.com\/limiares\/fr\/un-proyecto-de-investigacion-del-grupo-tp-financiado-por-la-catedra-feminismos-4-0\/\" class=\"bdt-timeline-readmore elementor-button elementor-size-sm\">\n            En savoir plus\n                    <\/a>\n                    <\/div>\n        <\/div>\n    \n                                <\/div>\n                            <\/div>\n                        <\/div>\n\n                                                            <div class=\"bdt-timeline-item bdt-width-1-2@m bdt-visible@m\">\n            <div class=\"bdt-timeline-date bdt-text-left\" >\n                <span>29 juillet 2022<\/span>\n            <\/div>\n        <\/div>\n                                \n                                                        <div class=\"bdt-timeline-item bdt-width-1-2@m bdt-visible@m\">\n            <div class=\"bdt-timeline-date bdt-text-right\" >\n                <span>17 juillet 2022<\/span>\n            <\/div>\n        <\/div>\n                                \n                        <div class=\"bdt-width-1-2@m bdt-timeline-item right-part\">\n\n                            <div class=\"bdt-timeline-item-main-wrapper\">\n                                <div class=\"bdt-timeline-line\">\n                                    <span ><\/span>\n                                <\/div>\n                                <div class=\"bdt-timeline-item-main-container\">\n                                    \n                                            <div class=\"bdt-timeline-icon bdt-timeline-icon bdt-timeline-icon bdt-timeline-icon bdt-timeline-icon bdt-timeline-icon bdt-timeline-icon bdt-timeline-icon bdt-timeline-icon bdt-timeline-icon bdt-timeline-icon bdt-timeline-icon bdt-timeline-icon bdt-timeline-icon bdt-timeline-icon bdt-timeline-icon bdt-timeline-icon bdt-timeline-icon bdt-timeline-icon bdt-timeline-icon bdt-timeline-icon bdt-timeline-icon bdt-timeline-icon bdt-timeline-icon bdt-timeline-icon bdt-timeline-icon bdt-timeline-icon bdt-timeline-icon bdt-timeline-icon bdt-timeline-icon bdt-timeline-icon bdt-timeline-icon bdt-timeline-icon bdt-timeline-icon bdt-timeline-icon bdt-timeline-icon bdt-timeline-icon bdt-timeline-icon bdt-timeline-icon bdt-timeline-icon bdt-timeline-icon bdt-timeline-icon bdt-timeline-icon bdt-timeline-icon bdt-timeline-icon bdt-timeline-icon bdt-timeline-icon bdt-timeline-icon bdt-timeline-icon bdt-timeline-icon bdt-timeline-icon bdt-timeline-icon bdt-timeline-icon bdt-timeline-icon bdt-timeline-icon bdt-timeline-icon bdt-timeline-icon bdt-timeline-icon bdt-timeline-icon bdt-timeline-icon bdt-timeline-icon bdt-timeline-icon bdt-timeline-icon bdt-timeline-icon bdt-timeline-icon bdt-timeline-icon bdt-timeline-icon bdt-timeline-icon bdt-timeline-icon bdt-timeline-icon bdt-timeline-icon bdt-timeline-icon bdt-timeline-icon bdt-timeline-icon\">\n                            <span><i class=\"ep-icon-post\" aria-hidden=\"true\"><\/i><\/span>\n                    <\/div>\n\t\t\n                                            <div class=\"bdt-timeline-item-main\" >\n            <span class=\"bdt-timeline-arrow\"><\/span>\n\n                        <div class=\"bdt-timeline-thumbnail\">\n                <img decoding=\"async\" src=\"https:\/\/paratraduccion.com\/limiares\/wp-content\/uploads\/2022\/04\/etiv1-1200x795.jpeg\" alt=\"Innovaci\u00f3n y acci\u00f3n del Grupo T&#038;P\">\n            <\/div>\n        \n            <div class=\"bdt-timeline-desc bdt-padding\">\n                        <h4 class=\"bdt-timeline-title\">\n                            <a href=\"https:\/\/paratraduccion.com\/limiares\/fr\/innovacion-y-accion-del-grupo-tp\/\" title=\"Innovaci\u00f3n y acci\u00f3n del Grupo T&#038;P\">\n                    Innovaci\u00f3n y acci\u00f3n del Grupo T&#038;P                <\/a>\n                    <\/h4>\n                                                <div class=\"bdt-timeline-excerpt\">\n                <p>El suplemento InnovAcci\u00f3n de los peri\u00f3dicos Atl\u00e1ntico Diario y La Regi\u00f3n publica hoy un reportaje<\/p>\n            <\/div>\n                                <a href=\"https:\/\/paratraduccion.com\/limiares\/fr\/innovacion-y-accion-del-grupo-tp\/\" class=\"bdt-timeline-readmore elementor-button elementor-size-sm\">\n            En savoir plus\n                    <\/a>\n                    <\/div>\n        <\/div>\n    \n                                <\/div>\n                            <\/div>\n                        <\/div>\n\n                        \n                    \n                        <div class=\"bdt-width-1-2@m bdt-timeline-item left-part\">\n\n                            <div class=\"bdt-timeline-item-main-wrapper\">\n                                <div class=\"bdt-timeline-line\">\n                                    <span ><\/span>\n                                <\/div>\n                                <div class=\"bdt-timeline-item-main-container\">\n                                    \n                                            <div class=\"bdt-timeline-icon bdt-timeline-icon bdt-timeline-icon bdt-timeline-icon bdt-timeline-icon bdt-timeline-icon bdt-timeline-icon bdt-timeline-icon bdt-timeline-icon bdt-timeline-icon bdt-timeline-icon bdt-timeline-icon bdt-timeline-icon bdt-timeline-icon bdt-timeline-icon bdt-timeline-icon bdt-timeline-icon bdt-timeline-icon bdt-timeline-icon bdt-timeline-icon bdt-timeline-icon bdt-timeline-icon bdt-timeline-icon bdt-timeline-icon bdt-timeline-icon bdt-timeline-icon bdt-timeline-icon bdt-timeline-icon bdt-timeline-icon bdt-timeline-icon bdt-timeline-icon bdt-timeline-icon bdt-timeline-icon bdt-timeline-icon bdt-timeline-icon bdt-timeline-icon bdt-timeline-icon bdt-timeline-icon bdt-timeline-icon bdt-timeline-icon bdt-timeline-icon bdt-timeline-icon bdt-timeline-icon bdt-timeline-icon bdt-timeline-icon bdt-timeline-icon bdt-timeline-icon bdt-timeline-icon bdt-timeline-icon bdt-timeline-icon bdt-timeline-icon bdt-timeline-icon bdt-timeline-icon bdt-timeline-icon bdt-timeline-icon bdt-timeline-icon bdt-timeline-icon bdt-timeline-icon bdt-timeline-icon bdt-timeline-icon bdt-timeline-icon bdt-timeline-icon bdt-timeline-icon bdt-timeline-icon bdt-timeline-icon bdt-timeline-icon bdt-timeline-icon bdt-timeline-icon bdt-timeline-icon bdt-timeline-icon bdt-timeline-icon bdt-timeline-icon bdt-timeline-icon bdt-timeline-icon bdt-timeline-icon\">\n                            <span><i class=\"ep-icon-post\" aria-hidden=\"true\"><\/i><\/span>\n                    <\/div>\n\t\t\n                                            <div class=\"bdt-timeline-item-main\" >\n            <span class=\"bdt-timeline-arrow\"><\/span>\n\n                        <div class=\"bdt-timeline-thumbnail\">\n                <img decoding=\"async\" src=\"https:\/\/paratraduccion.com\/limiares\/wp-content\/uploads\/2022\/06\/TFM-1200x795.png\" alt=\"Defensas de TFM_Xullo-2022\">\n            <\/div>\n        \n            <div class=\"bdt-timeline-desc bdt-padding\">\n                        <h4 class=\"bdt-timeline-title\">\n                            <a href=\"https:\/\/paratraduccion.com\/limiares\/fr\/defensas-de-tfm_xullo-2022\/\" title=\"Defensas de TFM_Xullo-2022\">\n                    Defensas de TFM_Xullo-2022                <\/a>\n                    <\/h4>\n                                                <div class=\"bdt-timeline-excerpt\">\n                <p>Informaci\u00f3n p\u00fablica sobre as defensas de TFM na convocatoria de xullo 2022 Apelidos e nome<\/p>\n            <\/div>\n                                <a href=\"https:\/\/paratraduccion.com\/limiares\/fr\/defensas-de-tfm_xullo-2022\/\" class=\"bdt-timeline-readmore elementor-button elementor-size-sm\">\n            En savoir plus\n                    <\/a>\n                    <\/div>\n        <\/div>\n    \n                                <\/div>\n                            <\/div>\n                        <\/div>\n\n                                                            <div class=\"bdt-timeline-item bdt-width-1-2@m bdt-visible@m\">\n            <div class=\"bdt-timeline-date bdt-text-left\" >\n                <span>08 juillet 2022<\/span>\n            <\/div>\n        <\/div>\n                                \n                                                        <div class=\"bdt-timeline-item bdt-width-1-2@m bdt-visible@m\">\n            <div class=\"bdt-timeline-date bdt-text-right\" >\n                <span>18 juin 2022<\/span>\n            <\/div>\n        <\/div>\n                                \n                        <div class=\"bdt-width-1-2@m bdt-timeline-item right-part\">\n\n                            <div class=\"bdt-timeline-item-main-wrapper\">\n                                <div class=\"bdt-timeline-line\">\n                                    <span ><\/span>\n                                <\/div>\n                                <div class=\"bdt-timeline-item-main-container\">\n                                    \n                                            <div class=\"bdt-timeline-icon bdt-timeline-icon bdt-timeline-icon bdt-timeline-icon bdt-timeline-icon bdt-timeline-icon bdt-timeline-icon bdt-timeline-icon bdt-timeline-icon bdt-timeline-icon bdt-timeline-icon bdt-timeline-icon bdt-timeline-icon bdt-timeline-icon bdt-timeline-icon bdt-timeline-icon bdt-timeline-icon bdt-timeline-icon bdt-timeline-icon bdt-timeline-icon bdt-timeline-icon bdt-timeline-icon bdt-timeline-icon bdt-timeline-icon bdt-timeline-icon bdt-timeline-icon bdt-timeline-icon bdt-timeline-icon bdt-timeline-icon bdt-timeline-icon bdt-timeline-icon bdt-timeline-icon bdt-timeline-icon bdt-timeline-icon bdt-timeline-icon bdt-timeline-icon bdt-timeline-icon bdt-timeline-icon bdt-timeline-icon bdt-timeline-icon bdt-timeline-icon bdt-timeline-icon bdt-timeline-icon bdt-timeline-icon bdt-timeline-icon bdt-timeline-icon bdt-timeline-icon bdt-timeline-icon bdt-timeline-icon bdt-timeline-icon bdt-timeline-icon bdt-timeline-icon bdt-timeline-icon bdt-timeline-icon bdt-timeline-icon bdt-timeline-icon bdt-timeline-icon bdt-timeline-icon bdt-timeline-icon bdt-timeline-icon bdt-timeline-icon bdt-timeline-icon bdt-timeline-icon bdt-timeline-icon bdt-timeline-icon bdt-timeline-icon bdt-timeline-icon bdt-timeline-icon bdt-timeline-icon bdt-timeline-icon bdt-timeline-icon bdt-timeline-icon bdt-timeline-icon bdt-timeline-icon bdt-timeline-icon bdt-timeline-icon\">\n                            <span><i class=\"ep-icon-post\" aria-hidden=\"true\"><\/i><\/span>\n                    <\/div>\n\t\t\n                                            <div class=\"bdt-timeline-item-main\" >\n            <span class=\"bdt-timeline-arrow\"><\/span>\n\n                        <div class=\"bdt-timeline-thumbnail\">\n                <img decoding=\"async\" src=\"https:\/\/paratraduccion.com\/limiares\/wp-content\/uploads\/2022\/07\/Avoo_gamereactor_01.png\" alt=\"Avoo, la sabidur\u00eda de tu abuelo hecha videojuego\">\n            <\/div>\n        \n            <div class=\"bdt-timeline-desc bdt-padding\">\n                        <h4 class=\"bdt-timeline-title\">\n                            <a href=\"https:\/\/paratraduccion.com\/limiares\/fr\/avoo-la-sabiduria-de-tu-abuelo-hecha-videojuego\/\" title=\"Avoo, la sabidur\u00eda de tu abuelo hecha videojuego\">\n                    Avoo, la sabidur\u00eda de tu abuelo hecha videojuego                <\/a>\n                    <\/h4>\n                                                <div class=\"bdt-timeline-excerpt\">\n                <p>Avoo, la sabidur\u00eda de tu abuelo hecha videojuego Planta la semilla del conocimiento y descubre<\/p>\n            <\/div>\n                                <a href=\"https:\/\/paratraduccion.com\/limiares\/fr\/avoo-la-sabiduria-de-tu-abuelo-hecha-videojuego\/\" class=\"bdt-timeline-readmore elementor-button elementor-size-sm\">\n            En savoir plus\n                    <\/a>\n                    <\/div>\n        <\/div>\n    \n                                <\/div>\n                            <\/div>\n                        <\/div>\n\n                        \n                    \n                        <div class=\"bdt-width-1-2@m bdt-timeline-item left-part\">\n\n                            <div class=\"bdt-timeline-item-main-wrapper\">\n                                <div class=\"bdt-timeline-line\">\n                                    <span ><\/span>\n                                <\/div>\n                                <div class=\"bdt-timeline-item-main-container\">\n                                    \n                                            <div class=\"bdt-timeline-icon bdt-timeline-icon bdt-timeline-icon bdt-timeline-icon bdt-timeline-icon bdt-timeline-icon bdt-timeline-icon bdt-timeline-icon bdt-timeline-icon bdt-timeline-icon bdt-timeline-icon bdt-timeline-icon bdt-timeline-icon bdt-timeline-icon bdt-timeline-icon bdt-timeline-icon bdt-timeline-icon bdt-timeline-icon bdt-timeline-icon bdt-timeline-icon bdt-timeline-icon bdt-timeline-icon bdt-timeline-icon bdt-timeline-icon bdt-timeline-icon bdt-timeline-icon bdt-timeline-icon bdt-timeline-icon bdt-timeline-icon bdt-timeline-icon bdt-timeline-icon bdt-timeline-icon bdt-timeline-icon bdt-timeline-icon bdt-timeline-icon bdt-timeline-icon bdt-timeline-icon bdt-timeline-icon bdt-timeline-icon bdt-timeline-icon bdt-timeline-icon bdt-timeline-icon bdt-timeline-icon bdt-timeline-icon bdt-timeline-icon bdt-timeline-icon bdt-timeline-icon bdt-timeline-icon bdt-timeline-icon bdt-timeline-icon bdt-timeline-icon bdt-timeline-icon bdt-timeline-icon bdt-timeline-icon bdt-timeline-icon bdt-timeline-icon bdt-timeline-icon bdt-timeline-icon bdt-timeline-icon bdt-timeline-icon bdt-timeline-icon bdt-timeline-icon bdt-timeline-icon bdt-timeline-icon bdt-timeline-icon bdt-timeline-icon bdt-timeline-icon bdt-timeline-icon bdt-timeline-icon bdt-timeline-icon bdt-timeline-icon bdt-timeline-icon bdt-timeline-icon bdt-timeline-icon bdt-timeline-icon bdt-timeline-icon bdt-timeline-icon\">\n                            <span><i class=\"ep-icon-post\" aria-hidden=\"true\"><\/i><\/span>\n                    <\/div>\n\t\t\n                                            <div class=\"bdt-timeline-item-main\" >\n            <span class=\"bdt-timeline-arrow\"><\/span>\n\n                        <div class=\"bdt-timeline-thumbnail\">\n                <img decoding=\"async\" src=\"https:\/\/paratraduccion.com\/limiares\/wp-content\/uploads\/2022\/06\/TFM-1200x795.png\" alt=\"Defensas de TFM_Xu\u00f1o-2022\">\n            <\/div>\n        \n            <div class=\"bdt-timeline-desc bdt-padding\">\n                        <h4 class=\"bdt-timeline-title\">\n                            <a href=\"https:\/\/paratraduccion.com\/limiares\/fr\/defensas-de-tfm_xuno-2022\/\" title=\"Defensas de TFM_Xu\u00f1o-2022\">\n                    Defensas de TFM_Xu\u00f1o-2022                <\/a>\n                    <\/h4>\n                                                <div class=\"bdt-timeline-excerpt\">\n                <p>Informaci\u00f3n p\u00fablica sobre as defensas de TFM na convocatoria de xu\u00f1o 2022 Apelidos e nome<\/p>\n            <\/div>\n                                <a href=\"https:\/\/paratraduccion.com\/limiares\/fr\/defensas-de-tfm_xuno-2022\/\" class=\"bdt-timeline-readmore elementor-button elementor-size-sm\">\n            En savoir plus\n                    <\/a>\n                    <\/div>\n        <\/div>\n    \n                                <\/div>\n                            <\/div>\n                        <\/div>\n\n                                                            <div class=\"bdt-timeline-item bdt-width-1-2@m bdt-visible@m\">\n            <div class=\"bdt-timeline-date bdt-text-left\" >\n                <span>10 juin 2022<\/span>\n            <\/div>\n        <\/div>\n                                \n                                                        <div class=\"bdt-timeline-item bdt-width-1-2@m bdt-visible@m\">\n            <div class=\"bdt-timeline-date bdt-text-right\" >\n                <span>07 juin 2022<\/span>\n            <\/div>\n        <\/div>\n                                \n                        <div class=\"bdt-width-1-2@m bdt-timeline-item right-part\">\n\n                            <div class=\"bdt-timeline-item-main-wrapper\">\n                                <div class=\"bdt-timeline-line\">\n                                    <span ><\/span>\n                                <\/div>\n                                <div class=\"bdt-timeline-item-main-container\">\n                                    \n                                            <div class=\"bdt-timeline-icon bdt-timeline-icon bdt-timeline-icon bdt-timeline-icon bdt-timeline-icon bdt-timeline-icon bdt-timeline-icon bdt-timeline-icon bdt-timeline-icon bdt-timeline-icon bdt-timeline-icon bdt-timeline-icon bdt-timeline-icon bdt-timeline-icon bdt-timeline-icon bdt-timeline-icon bdt-timeline-icon bdt-timeline-icon bdt-timeline-icon bdt-timeline-icon bdt-timeline-icon bdt-timeline-icon bdt-timeline-icon bdt-timeline-icon bdt-timeline-icon bdt-timeline-icon bdt-timeline-icon bdt-timeline-icon bdt-timeline-icon bdt-timeline-icon bdt-timeline-icon bdt-timeline-icon bdt-timeline-icon bdt-timeline-icon bdt-timeline-icon bdt-timeline-icon bdt-timeline-icon bdt-timeline-icon bdt-timeline-icon bdt-timeline-icon bdt-timeline-icon bdt-timeline-icon bdt-timeline-icon bdt-timeline-icon bdt-timeline-icon bdt-timeline-icon bdt-timeline-icon bdt-timeline-icon bdt-timeline-icon bdt-timeline-icon bdt-timeline-icon bdt-timeline-icon bdt-timeline-icon bdt-timeline-icon bdt-timeline-icon bdt-timeline-icon bdt-timeline-icon bdt-timeline-icon bdt-timeline-icon bdt-timeline-icon bdt-timeline-icon bdt-timeline-icon bdt-timeline-icon bdt-timeline-icon bdt-timeline-icon bdt-timeline-icon bdt-timeline-icon bdt-timeline-icon bdt-timeline-icon bdt-timeline-icon bdt-timeline-icon bdt-timeline-icon bdt-timeline-icon bdt-timeline-icon bdt-timeline-icon bdt-timeline-icon bdt-timeline-icon bdt-timeline-icon\">\n                            <span><i class=\"ep-icon-post\" aria-hidden=\"true\"><\/i><\/span>\n                    <\/div>\n\t\t\n                                            <div class=\"bdt-timeline-item-main\" >\n            <span class=\"bdt-timeline-arrow\"><\/span>\n\n                        <div class=\"bdt-timeline-thumbnail\">\n                <img decoding=\"async\" src=\"https:\/\/paratraduccion.com\/limiares\/wp-content\/uploads\/2017\/05\/Logo_ETIV.jpg\" alt=\"\u00c1brese o prazo de inscrici\u00f3n no ETIV\">\n            <\/div>\n        \n            <div class=\"bdt-timeline-desc bdt-padding\">\n                        <h4 class=\"bdt-timeline-title\">\n                            <a href=\"https:\/\/paratraduccion.com\/limiares\/fr\/inscricion-no-etiv\/\" title=\"\u00c1brese o prazo de inscrici\u00f3n no ETIV\">\n                    \u00c1brese o prazo de inscrici\u00f3n no ETIV                <\/a>\n                    <\/h4>\n                                                <div class=\"bdt-timeline-excerpt\">\n                <p>Gu\u00eda&nbsp;r\u00e1pida&nbsp;para&nbsp;unha&nbsp; correcta&nbsp; correcta&nbsp; preinscrici\u00f3n Descargar Descargar \u00c1brense os prazos de inscrici\u00f3n e matr\u00edcula no ETIV<\/p>\n            <\/div>\n                                <a href=\"https:\/\/paratraduccion.com\/limiares\/fr\/inscricion-no-etiv\/\" class=\"bdt-timeline-readmore elementor-button elementor-size-sm\">\n            En savoir plus\n                    <\/a>\n                    <\/div>\n        <\/div>\n    \n                                <\/div>\n                            <\/div>\n                        <\/div>\n\n                        \n                    \n                        <div class=\"bdt-width-1-2@m bdt-timeline-item left-part\">\n\n                            <div class=\"bdt-timeline-item-main-wrapper\">\n                                <div class=\"bdt-timeline-line\">\n                                    <span ><\/span>\n                                <\/div>\n                                <div class=\"bdt-timeline-item-main-container\">\n                                    \n                                            <div class=\"bdt-timeline-icon bdt-timeline-icon bdt-timeline-icon bdt-timeline-icon bdt-timeline-icon bdt-timeline-icon bdt-timeline-icon bdt-timeline-icon bdt-timeline-icon bdt-timeline-icon bdt-timeline-icon bdt-timeline-icon bdt-timeline-icon bdt-timeline-icon bdt-timeline-icon bdt-timeline-icon bdt-timeline-icon bdt-timeline-icon bdt-timeline-icon bdt-timeline-icon bdt-timeline-icon bdt-timeline-icon bdt-timeline-icon bdt-timeline-icon bdt-timeline-icon bdt-timeline-icon bdt-timeline-icon bdt-timeline-icon bdt-timeline-icon bdt-timeline-icon bdt-timeline-icon bdt-timeline-icon bdt-timeline-icon bdt-timeline-icon bdt-timeline-icon bdt-timeline-icon bdt-timeline-icon bdt-timeline-icon bdt-timeline-icon bdt-timeline-icon bdt-timeline-icon bdt-timeline-icon bdt-timeline-icon bdt-timeline-icon bdt-timeline-icon bdt-timeline-icon bdt-timeline-icon bdt-timeline-icon bdt-timeline-icon bdt-timeline-icon bdt-timeline-icon bdt-timeline-icon bdt-timeline-icon bdt-timeline-icon bdt-timeline-icon bdt-timeline-icon bdt-timeline-icon bdt-timeline-icon bdt-timeline-icon bdt-timeline-icon bdt-timeline-icon bdt-timeline-icon bdt-timeline-icon bdt-timeline-icon bdt-timeline-icon bdt-timeline-icon bdt-timeline-icon bdt-timeline-icon bdt-timeline-icon bdt-timeline-icon bdt-timeline-icon bdt-timeline-icon bdt-timeline-icon bdt-timeline-icon bdt-timeline-icon bdt-timeline-icon bdt-timeline-icon bdt-timeline-icon bdt-timeline-icon\">\n                            <span><i class=\"ep-icon-post\" aria-hidden=\"true\"><\/i><\/span>\n                    <\/div>\n\t\t\n                                            <div class=\"bdt-timeline-item-main\" >\n            <span class=\"bdt-timeline-arrow\"><\/span>\n\n                        <div class=\"bdt-timeline-thumbnail\">\n                <img decoding=\"async\" src=\"https:\/\/paratraduccion.com\/limiares\/wp-content\/uploads\/2021\/03\/Cartel-25-de-maio-copia-1200x675.jpg\" alt=\"Localizaci\u00f3n en Jap\u00f3n\">\n            <\/div>\n        \n            <div class=\"bdt-timeline-desc bdt-padding\">\n                        <h4 class=\"bdt-timeline-title\">\n                            <a href=\"https:\/\/paratraduccion.com\/limiares\/fr\/localizacion-en-japon\/\" title=\"Localizaci\u00f3n en Jap\u00f3n\">\n                    Localizaci\u00f3n en Jap\u00f3n                <\/a>\n                    <\/h4>\n                                                <div class=\"bdt-timeline-excerpt\">\n                <p>Cumpliendo con el cronograma de los eventos cient\u00edficos programados y las actividades extraacad\u00e9micas previstas en<\/p>\n            <\/div>\n                                <a href=\"https:\/\/paratraduccion.com\/limiares\/fr\/localizacion-en-japon\/\" class=\"bdt-timeline-readmore elementor-button elementor-size-sm\">\n            En savoir plus\n                    <\/a>\n                    <\/div>\n        <\/div>\n    \n                                <\/div>\n                            <\/div>\n                        <\/div>\n\n                                                            <div class=\"bdt-timeline-item bdt-width-1-2@m bdt-visible@m\">\n            <div class=\"bdt-timeline-date bdt-text-left\" >\n                <span>25 mai 2022<\/span>\n            <\/div>\n        <\/div>\n                                \n                                                        <div class=\"bdt-timeline-item bdt-width-1-2@m bdt-visible@m\">\n            <div class=\"bdt-timeline-date bdt-text-right\" >\n                <span>12 mai 2022<\/span>\n            <\/div>\n        <\/div>\n                                \n                        <div class=\"bdt-width-1-2@m bdt-timeline-item right-part\">\n\n                            <div class=\"bdt-timeline-item-main-wrapper\">\n                                <div class=\"bdt-timeline-line\">\n                                    <span ><\/span>\n                                <\/div>\n                                <div class=\"bdt-timeline-item-main-container\">\n                                    \n                                            <div class=\"bdt-timeline-icon bdt-timeline-icon bdt-timeline-icon bdt-timeline-icon bdt-timeline-icon bdt-timeline-icon bdt-timeline-icon bdt-timeline-icon bdt-timeline-icon bdt-timeline-icon bdt-timeline-icon bdt-timeline-icon bdt-timeline-icon bdt-timeline-icon bdt-timeline-icon bdt-timeline-icon bdt-timeline-icon bdt-timeline-icon bdt-timeline-icon bdt-timeline-icon bdt-timeline-icon bdt-timeline-icon bdt-timeline-icon bdt-timeline-icon bdt-timeline-icon bdt-timeline-icon bdt-timeline-icon bdt-timeline-icon bdt-timeline-icon bdt-timeline-icon bdt-timeline-icon bdt-timeline-icon bdt-timeline-icon bdt-timeline-icon bdt-timeline-icon bdt-timeline-icon bdt-timeline-icon bdt-timeline-icon bdt-timeline-icon bdt-timeline-icon bdt-timeline-icon bdt-timeline-icon bdt-timeline-icon bdt-timeline-icon bdt-timeline-icon bdt-timeline-icon bdt-timeline-icon bdt-timeline-icon bdt-timeline-icon bdt-timeline-icon bdt-timeline-icon bdt-timeline-icon bdt-timeline-icon bdt-timeline-icon bdt-timeline-icon bdt-timeline-icon bdt-timeline-icon bdt-timeline-icon bdt-timeline-icon bdt-timeline-icon bdt-timeline-icon bdt-timeline-icon bdt-timeline-icon bdt-timeline-icon bdt-timeline-icon bdt-timeline-icon bdt-timeline-icon bdt-timeline-icon bdt-timeline-icon bdt-timeline-icon bdt-timeline-icon bdt-timeline-icon bdt-timeline-icon bdt-timeline-icon bdt-timeline-icon bdt-timeline-icon bdt-timeline-icon bdt-timeline-icon bdt-timeline-icon bdt-timeline-icon\">\n                            <span><i class=\"ep-icon-post\" aria-hidden=\"true\"><\/i><\/span>\n                    <\/div>\n\t\t\n                                            <div class=\"bdt-timeline-item-main\" >\n            <span class=\"bdt-timeline-arrow\"><\/span>\n\n                        <div class=\"bdt-timeline-thumbnail\">\n                <img decoding=\"async\" src=\"https:\/\/paratraduccion.com\/limiares\/wp-content\/uploads\/2022\/05\/Premios-ETIV-1-1200x795.jpg\" alt=\"El v\u00eddeo de la I Gala de los Premios ETIV-UVigo a la localizaci\u00f3n de videojuegos\">\n            <\/div>\n        \n            <div class=\"bdt-timeline-desc bdt-padding\">\n                        <h4 class=\"bdt-timeline-title\">\n                            <a href=\"https:\/\/paratraduccion.com\/limiares\/fr\/el-video-de-la-i-gala-de-los-premios-etiv-uvigo-a-la-localizacion-de-videojuegos\/\" title=\"El v\u00eddeo de la I Gala de los Premios ETIV-UVigo a la localizaci\u00f3n de videojuegos\">\n                    El v\u00eddeo de la I Gala de los Premios ETIV-UVigo a la localizaci\u00f3n de videojuegos                <\/a>\n                    <\/h4>\n                                                <div class=\"bdt-timeline-excerpt\">\n                <p>El v\u00eddeo grabado y editado por UVigo-TV de la I Gala de los Premios ETIV-UVigo<\/p>\n            <\/div>\n                                <a href=\"https:\/\/paratraduccion.com\/limiares\/fr\/el-video-de-la-i-gala-de-los-premios-etiv-uvigo-a-la-localizacion-de-videojuegos\/\" class=\"bdt-timeline-readmore elementor-button elementor-size-sm\">\n            En savoir plus\n                    <\/a>\n                    <\/div>\n        <\/div>\n    \n                                <\/div>\n                            <\/div>\n                        <\/div>\n\n                        \n                    \n                        <div class=\"bdt-width-1-2@m bdt-timeline-item left-part\">\n\n                            <div class=\"bdt-timeline-item-main-wrapper\">\n                                <div class=\"bdt-timeline-line\">\n                                    <span ><\/span>\n                                <\/div>\n                                <div class=\"bdt-timeline-item-main-container\">\n                                    \n                                            <div class=\"bdt-timeline-icon bdt-timeline-icon bdt-timeline-icon bdt-timeline-icon bdt-timeline-icon bdt-timeline-icon bdt-timeline-icon bdt-timeline-icon bdt-timeline-icon bdt-timeline-icon bdt-timeline-icon bdt-timeline-icon bdt-timeline-icon bdt-timeline-icon bdt-timeline-icon bdt-timeline-icon bdt-timeline-icon bdt-timeline-icon bdt-timeline-icon bdt-timeline-icon bdt-timeline-icon bdt-timeline-icon bdt-timeline-icon bdt-timeline-icon bdt-timeline-icon bdt-timeline-icon bdt-timeline-icon bdt-timeline-icon bdt-timeline-icon bdt-timeline-icon bdt-timeline-icon bdt-timeline-icon bdt-timeline-icon bdt-timeline-icon bdt-timeline-icon bdt-timeline-icon bdt-timeline-icon bdt-timeline-icon bdt-timeline-icon bdt-timeline-icon bdt-timeline-icon bdt-timeline-icon bdt-timeline-icon bdt-timeline-icon bdt-timeline-icon bdt-timeline-icon bdt-timeline-icon bdt-timeline-icon bdt-timeline-icon bdt-timeline-icon bdt-timeline-icon bdt-timeline-icon bdt-timeline-icon bdt-timeline-icon bdt-timeline-icon bdt-timeline-icon bdt-timeline-icon bdt-timeline-icon bdt-timeline-icon bdt-timeline-icon bdt-timeline-icon bdt-timeline-icon bdt-timeline-icon bdt-timeline-icon bdt-timeline-icon bdt-timeline-icon bdt-timeline-icon bdt-timeline-icon bdt-timeline-icon bdt-timeline-icon bdt-timeline-icon bdt-timeline-icon bdt-timeline-icon bdt-timeline-icon bdt-timeline-icon bdt-timeline-icon bdt-timeline-icon bdt-timeline-icon bdt-timeline-icon bdt-timeline-icon bdt-timeline-icon\">\n                            <span><i class=\"ep-icon-post\" aria-hidden=\"true\"><\/i><\/span>\n                    <\/div>\n\t\t\n                                            <div class=\"bdt-timeline-item-main\" >\n            <span class=\"bdt-timeline-arrow\"><\/span>\n\n                        <div class=\"bdt-timeline-thumbnail\">\n                <img decoding=\"async\" src=\"https:\/\/paratraduccion.com\/limiares\/wp-content\/uploads\/2022\/05\/Premios-ETIV-2-1200x795.jpg\" alt=\"El reportaje fotogr\u00e1fico T&#038;P de la I Gala de los Premios ETIV-UVigo\">\n            <\/div>\n        \n            <div class=\"bdt-timeline-desc bdt-padding\">\n                        <h4 class=\"bdt-timeline-title\">\n                            <a href=\"https:\/\/paratraduccion.com\/limiares\/fr\/el-reportaje-fotografico-tp-de-la-i-gala-de-los-premios-etiv-uvigo\/\" title=\"El reportaje fotogr\u00e1fico T&#038;P de la I Gala de los Premios ETIV-UVigo\">\n                    El reportaje fotogr\u00e1fico T&#038;P de la I Gala de los Premios ETIV-UVigo                <\/a>\n                    <\/h4>\n                                                <div class=\"bdt-timeline-excerpt\">\n                <p>[vc_row][vc_column][vc_column_text] El reportaje fotogr\u00e1fico T&amp;P de la I Gala de los Premios ETIV-UVigo a la<\/p>\n            <\/div>\n                                <a href=\"https:\/\/paratraduccion.com\/limiares\/fr\/el-reportaje-fotografico-tp-de-la-i-gala-de-los-premios-etiv-uvigo\/\" class=\"bdt-timeline-readmore elementor-button elementor-size-sm\">\n            En savoir plus\n                    <\/a>\n                    <\/div>\n        <\/div>\n    \n                                <\/div>\n                            <\/div>\n                        <\/div>\n\n                                                            <div class=\"bdt-timeline-item bdt-width-1-2@m bdt-visible@m\">\n            <div class=\"bdt-timeline-date bdt-text-left\" >\n                <span>09 mai 2022<\/span>\n            <\/div>\n        <\/div>\n                                \n                                                        <div class=\"bdt-timeline-item bdt-width-1-2@m bdt-visible@m\">\n            <div class=\"bdt-timeline-date bdt-text-right\" >\n                <span>05 mai 2022<\/span>\n            <\/div>\n        <\/div>\n                                \n                        <div class=\"bdt-width-1-2@m bdt-timeline-item right-part\">\n\n                            <div class=\"bdt-timeline-item-main-wrapper\">\n                                <div class=\"bdt-timeline-line\">\n                                    <span ><\/span>\n                                <\/div>\n                                <div class=\"bdt-timeline-item-main-container\">\n                                    \n                                            <div class=\"bdt-timeline-icon bdt-timeline-icon bdt-timeline-icon bdt-timeline-icon bdt-timeline-icon bdt-timeline-icon bdt-timeline-icon bdt-timeline-icon bdt-timeline-icon bdt-timeline-icon bdt-timeline-icon bdt-timeline-icon bdt-timeline-icon bdt-timeline-icon bdt-timeline-icon bdt-timeline-icon bdt-timeline-icon bdt-timeline-icon bdt-timeline-icon bdt-timeline-icon bdt-timeline-icon bdt-timeline-icon bdt-timeline-icon bdt-timeline-icon bdt-timeline-icon bdt-timeline-icon bdt-timeline-icon bdt-timeline-icon bdt-timeline-icon bdt-timeline-icon bdt-timeline-icon bdt-timeline-icon bdt-timeline-icon bdt-timeline-icon bdt-timeline-icon bdt-timeline-icon bdt-timeline-icon bdt-timeline-icon bdt-timeline-icon bdt-timeline-icon bdt-timeline-icon bdt-timeline-icon bdt-timeline-icon bdt-timeline-icon bdt-timeline-icon bdt-timeline-icon bdt-timeline-icon bdt-timeline-icon bdt-timeline-icon bdt-timeline-icon bdt-timeline-icon bdt-timeline-icon bdt-timeline-icon bdt-timeline-icon bdt-timeline-icon bdt-timeline-icon bdt-timeline-icon bdt-timeline-icon bdt-timeline-icon bdt-timeline-icon bdt-timeline-icon bdt-timeline-icon bdt-timeline-icon bdt-timeline-icon bdt-timeline-icon bdt-timeline-icon bdt-timeline-icon bdt-timeline-icon bdt-timeline-icon bdt-timeline-icon bdt-timeline-icon bdt-timeline-icon bdt-timeline-icon bdt-timeline-icon bdt-timeline-icon bdt-timeline-icon bdt-timeline-icon bdt-timeline-icon bdt-timeline-icon bdt-timeline-icon bdt-timeline-icon bdt-timeline-icon\">\n                            <span><i class=\"ep-icon-post\" aria-hidden=\"true\"><\/i><\/span>\n                    <\/div>\n\t\t\n                                            <div class=\"bdt-timeline-item-main\" >\n            <span class=\"bdt-timeline-arrow\"><\/span>\n\n                        <div class=\"bdt-timeline-thumbnail\">\n                <img decoding=\"async\" src=\"https:\/\/paratraduccion.com\/limiares\/wp-content\/uploads\/2022\/05\/Cubo_Premios-ETIV-UVigo.png\" alt=\"Acto solemne en Redeiras\">\n            <\/div>\n        \n            <div class=\"bdt-timeline-desc bdt-padding\">\n                        <h4 class=\"bdt-timeline-title\">\n                            <a href=\"https:\/\/paratraduccion.com\/limiares\/fr\/acto-solemne-en-redeiras\/\" title=\"Acto solemne en Redeiras\">\n                    Acto solemne en Redeiras                <\/a>\n                    <\/h4>\n                                                <div class=\"bdt-timeline-excerpt\">\n                <p>Tras haber informado con detalle sobre los 21 videojuegos finalistas, la organizaci\u00f3n de los Premios<\/p>\n            <\/div>\n                                <a href=\"https:\/\/paratraduccion.com\/limiares\/fr\/acto-solemne-en-redeiras\/\" class=\"bdt-timeline-readmore elementor-button elementor-size-sm\">\n            En savoir plus\n                    <\/a>\n                    <\/div>\n        <\/div>\n    \n                                <\/div>\n                            <\/div>\n                        <\/div>\n\n                        \n                    \n                        <div class=\"bdt-width-1-2@m bdt-timeline-item left-part\">\n\n                            <div class=\"bdt-timeline-item-main-wrapper\">\n                                <div class=\"bdt-timeline-line\">\n                                    <span ><\/span>\n                                <\/div>\n                                <div class=\"bdt-timeline-item-main-container\">\n                                    \n                                            <div class=\"bdt-timeline-icon bdt-timeline-icon bdt-timeline-icon bdt-timeline-icon bdt-timeline-icon bdt-timeline-icon bdt-timeline-icon bdt-timeline-icon bdt-timeline-icon bdt-timeline-icon bdt-timeline-icon bdt-timeline-icon bdt-timeline-icon bdt-timeline-icon bdt-timeline-icon bdt-timeline-icon bdt-timeline-icon bdt-timeline-icon bdt-timeline-icon bdt-timeline-icon bdt-timeline-icon bdt-timeline-icon bdt-timeline-icon bdt-timeline-icon bdt-timeline-icon bdt-timeline-icon bdt-timeline-icon bdt-timeline-icon bdt-timeline-icon bdt-timeline-icon bdt-timeline-icon bdt-timeline-icon bdt-timeline-icon bdt-timeline-icon bdt-timeline-icon bdt-timeline-icon bdt-timeline-icon bdt-timeline-icon bdt-timeline-icon bdt-timeline-icon bdt-timeline-icon bdt-timeline-icon bdt-timeline-icon bdt-timeline-icon bdt-timeline-icon bdt-timeline-icon bdt-timeline-icon bdt-timeline-icon bdt-timeline-icon bdt-timeline-icon bdt-timeline-icon bdt-timeline-icon bdt-timeline-icon bdt-timeline-icon bdt-timeline-icon bdt-timeline-icon bdt-timeline-icon bdt-timeline-icon bdt-timeline-icon bdt-timeline-icon bdt-timeline-icon bdt-timeline-icon bdt-timeline-icon bdt-timeline-icon bdt-timeline-icon bdt-timeline-icon bdt-timeline-icon bdt-timeline-icon bdt-timeline-icon bdt-timeline-icon bdt-timeline-icon bdt-timeline-icon bdt-timeline-icon bdt-timeline-icon bdt-timeline-icon bdt-timeline-icon bdt-timeline-icon bdt-timeline-icon bdt-timeline-icon bdt-timeline-icon bdt-timeline-icon bdt-timeline-icon bdt-timeline-icon\">\n                            <span><i class=\"ep-icon-post\" aria-hidden=\"true\"><\/i><\/span>\n                    <\/div>\n\t\t\n                                            <div class=\"bdt-timeline-item-main\" >\n            <span class=\"bdt-timeline-arrow\"><\/span>\n\n                        <div class=\"bdt-timeline-thumbnail\">\n                <img decoding=\"async\" src=\"https:\/\/paratraduccion.com\/limiares\/wp-content\/uploads\/2022\/05\/CARTEL_Afrontar-unha-tese-1200x849.jpg\" alt=\"Afrontar unha tese\">\n            <\/div>\n        \n            <div class=\"bdt-timeline-desc bdt-padding\">\n                        <h4 class=\"bdt-timeline-title\">\n                            <a href=\"https:\/\/paratraduccion.com\/limiares\/fr\/afrontar-unha-tese\/\" title=\"Afrontar unha tese\">\n                    Afrontar unha tese                <\/a>\n                    <\/h4>\n                                                <div class=\"bdt-timeline-excerpt\">\n                <p>Cumpliendo con el cronograma de los eventos cient\u00edficos programados y las actividades extraacad\u00e9micas previstas en<\/p>\n            <\/div>\n                                <a href=\"https:\/\/paratraduccion.com\/limiares\/fr\/afrontar-unha-tese\/\" class=\"bdt-timeline-readmore elementor-button elementor-size-sm\">\n            En savoir plus\n                    <\/a>\n                    <\/div>\n        <\/div>\n    \n                                <\/div>\n                            <\/div>\n                        <\/div>\n\n                                                            <div class=\"bdt-timeline-item bdt-width-1-2@m bdt-visible@m\">\n            <div class=\"bdt-timeline-date bdt-text-left\" >\n                <span>04 mai 2022<\/span>\n            <\/div>\n        <\/div>\n                                \n                                                        <div class=\"bdt-timeline-item bdt-width-1-2@m bdt-visible@m\">\n            <div class=\"bdt-timeline-date bdt-text-right\" >\n                <span>28 avril 2022<\/span>\n            <\/div>\n        <\/div>\n                                \n                        <div class=\"bdt-width-1-2@m bdt-timeline-item right-part\">\n\n                            <div class=\"bdt-timeline-item-main-wrapper\">\n                                <div class=\"bdt-timeline-line\">\n                                    <span ><\/span>\n                                <\/div>\n                                <div class=\"bdt-timeline-item-main-container\">\n                                    \n                                            <div class=\"bdt-timeline-icon bdt-timeline-icon bdt-timeline-icon bdt-timeline-icon bdt-timeline-icon bdt-timeline-icon bdt-timeline-icon bdt-timeline-icon bdt-timeline-icon bdt-timeline-icon bdt-timeline-icon bdt-timeline-icon bdt-timeline-icon bdt-timeline-icon bdt-timeline-icon bdt-timeline-icon bdt-timeline-icon bdt-timeline-icon bdt-timeline-icon bdt-timeline-icon bdt-timeline-icon bdt-timeline-icon bdt-timeline-icon bdt-timeline-icon bdt-timeline-icon bdt-timeline-icon bdt-timeline-icon bdt-timeline-icon bdt-timeline-icon bdt-timeline-icon bdt-timeline-icon bdt-timeline-icon bdt-timeline-icon bdt-timeline-icon bdt-timeline-icon bdt-timeline-icon bdt-timeline-icon bdt-timeline-icon bdt-timeline-icon bdt-timeline-icon bdt-timeline-icon bdt-timeline-icon bdt-timeline-icon bdt-timeline-icon bdt-timeline-icon bdt-timeline-icon bdt-timeline-icon bdt-timeline-icon bdt-timeline-icon bdt-timeline-icon bdt-timeline-icon bdt-timeline-icon bdt-timeline-icon bdt-timeline-icon bdt-timeline-icon bdt-timeline-icon bdt-timeline-icon bdt-timeline-icon bdt-timeline-icon bdt-timeline-icon bdt-timeline-icon bdt-timeline-icon bdt-timeline-icon bdt-timeline-icon bdt-timeline-icon bdt-timeline-icon bdt-timeline-icon bdt-timeline-icon bdt-timeline-icon bdt-timeline-icon bdt-timeline-icon bdt-timeline-icon bdt-timeline-icon bdt-timeline-icon bdt-timeline-icon bdt-timeline-icon bdt-timeline-icon bdt-timeline-icon bdt-timeline-icon bdt-timeline-icon bdt-timeline-icon bdt-timeline-icon bdt-timeline-icon bdt-timeline-icon\">\n                            <span><i class=\"ep-icon-post\" aria-hidden=\"true\"><\/i><\/span>\n                    <\/div>\n\t\t\n                                            <div class=\"bdt-timeline-item-main\" >\n            <span class=\"bdt-timeline-arrow\"><\/span>\n\n                        <div class=\"bdt-timeline-thumbnail\">\n                <img decoding=\"async\" src=\"https:\/\/paratraduccion.com\/limiares\/wp-content\/uploads\/2022\/04\/CARTEL_Videoxogos-para-todos-1200x849.jpg\" alt=\"Videoxogos para todos\">\n            <\/div>\n        \n            <div class=\"bdt-timeline-desc bdt-padding\">\n                        <h4 class=\"bdt-timeline-title\">\n                            <a href=\"https:\/\/paratraduccion.com\/limiares\/fr\/videoxogos-para-todos\/\" title=\"Videoxogos para todos\">\n                    Videoxogos para todos                <\/a>\n                    <\/h4>\n                                                <div class=\"bdt-timeline-excerpt\">\n                <p>Cumpliendo con el cronograma de los eventos cient\u00edficos programados y las actividades extraacad\u00e9micas previstas en<\/p>\n            <\/div>\n                                <a href=\"https:\/\/paratraduccion.com\/limiares\/fr\/videoxogos-para-todos\/\" class=\"bdt-timeline-readmore elementor-button elementor-size-sm\">\n            En savoir plus\n                    <\/a>\n                    <\/div>\n        <\/div>\n    \n                                <\/div>\n                            <\/div>\n                        <\/div>\n\n                        \n                    \n                        <div class=\"bdt-width-1-2@m bdt-timeline-item left-part\">\n\n                            <div class=\"bdt-timeline-item-main-wrapper\">\n                                <div class=\"bdt-timeline-line\">\n                                    <span ><\/span>\n                                <\/div>\n                                <div class=\"bdt-timeline-item-main-container\">\n                                    \n                                            <div class=\"bdt-timeline-icon bdt-timeline-icon bdt-timeline-icon bdt-timeline-icon bdt-timeline-icon bdt-timeline-icon bdt-timeline-icon bdt-timeline-icon bdt-timeline-icon bdt-timeline-icon bdt-timeline-icon bdt-timeline-icon bdt-timeline-icon bdt-timeline-icon bdt-timeline-icon bdt-timeline-icon bdt-timeline-icon bdt-timeline-icon bdt-timeline-icon bdt-timeline-icon bdt-timeline-icon bdt-timeline-icon bdt-timeline-icon bdt-timeline-icon bdt-timeline-icon bdt-timeline-icon bdt-timeline-icon bdt-timeline-icon bdt-timeline-icon bdt-timeline-icon bdt-timeline-icon bdt-timeline-icon bdt-timeline-icon bdt-timeline-icon bdt-timeline-icon bdt-timeline-icon bdt-timeline-icon bdt-timeline-icon bdt-timeline-icon bdt-timeline-icon bdt-timeline-icon bdt-timeline-icon bdt-timeline-icon bdt-timeline-icon bdt-timeline-icon bdt-timeline-icon bdt-timeline-icon bdt-timeline-icon bdt-timeline-icon bdt-timeline-icon bdt-timeline-icon bdt-timeline-icon bdt-timeline-icon bdt-timeline-icon bdt-timeline-icon bdt-timeline-icon bdt-timeline-icon bdt-timeline-icon bdt-timeline-icon bdt-timeline-icon bdt-timeline-icon bdt-timeline-icon bdt-timeline-icon bdt-timeline-icon bdt-timeline-icon bdt-timeline-icon bdt-timeline-icon bdt-timeline-icon bdt-timeline-icon bdt-timeline-icon bdt-timeline-icon bdt-timeline-icon bdt-timeline-icon bdt-timeline-icon bdt-timeline-icon bdt-timeline-icon bdt-timeline-icon bdt-timeline-icon bdt-timeline-icon bdt-timeline-icon bdt-timeline-icon bdt-timeline-icon bdt-timeline-icon bdt-timeline-icon bdt-timeline-icon\">\n                            <span><i class=\"ep-icon-post\" aria-hidden=\"true\"><\/i><\/span>\n                    <\/div>\n\t\t\n                                            <div class=\"bdt-timeline-item-main\" >\n            <span class=\"bdt-timeline-arrow\"><\/span>\n\n                        <div class=\"bdt-timeline-thumbnail\">\n                <img decoding=\"async\" src=\"https:\/\/paratraduccion.com\/limiares\/wp-content\/uploads\/2022\/04\/Oli_ETIV-UVIGO_02-1200x666.png\" alt=\"21 finalistas na I.\u00aa edici\u00f3n dos Premios ETIV-UVigo \u00e1 localizaci\u00f3n de videoxogos\">\n            <\/div>\n        \n            <div class=\"bdt-timeline-desc bdt-padding\">\n                        <h4 class=\"bdt-timeline-title\">\n                            <a href=\"https:\/\/paratraduccion.com\/limiares\/fr\/21-finalistas-na-i-a-edicion-dos-premios-etiv-uvigo-a-localizacion-de-videoxogos\/\" title=\"21 finalistas na I.\u00aa edici\u00f3n dos Premios ETIV-UVigo \u00e1 localizaci\u00f3n de videoxogos\">\n                    21 finalistas na I.\u00aa edici\u00f3n dos Premios ETIV-UVigo \u00e1 localizaci\u00f3n de videoxogos                <\/a>\n                    <\/h4>\n                                                <div class=\"bdt-timeline-excerpt\">\n                <p>A entrega de galard\u00f3ns ser\u00e1 o 6 de maio nunha gala no edificio Redeiras 21<\/p>\n            <\/div>\n                                <a href=\"https:\/\/paratraduccion.com\/limiares\/fr\/21-finalistas-na-i-a-edicion-dos-premios-etiv-uvigo-a-localizacion-de-videoxogos\/\" class=\"bdt-timeline-readmore elementor-button elementor-size-sm\">\n            En savoir plus\n                    <\/a>\n                    <\/div>\n        <\/div>\n    \n                                <\/div>\n                            <\/div>\n                        <\/div>\n\n                                                            <div class=\"bdt-timeline-item bdt-width-1-2@m bdt-visible@m\">\n            <div class=\"bdt-timeline-date bdt-text-left\" >\n                <span>26 avril 2022<\/span>\n            <\/div>\n        <\/div>\n                                \n                                                        <div class=\"bdt-timeline-item bdt-width-1-2@m bdt-visible@m\">\n            <div class=\"bdt-timeline-date bdt-text-right\" >\n                <span>25 avril 2022<\/span>\n            <\/div>\n        <\/div>\n                                \n                        <div class=\"bdt-width-1-2@m bdt-timeline-item right-part\">\n\n                            <div class=\"bdt-timeline-item-main-wrapper\">\n                                <div class=\"bdt-timeline-line\">\n                                    <span ><\/span>\n                                <\/div>\n                                <div class=\"bdt-timeline-item-main-container\">\n                                    \n                                            <div class=\"bdt-timeline-icon bdt-timeline-icon bdt-timeline-icon bdt-timeline-icon bdt-timeline-icon bdt-timeline-icon bdt-timeline-icon bdt-timeline-icon bdt-timeline-icon bdt-timeline-icon bdt-timeline-icon bdt-timeline-icon bdt-timeline-icon bdt-timeline-icon bdt-timeline-icon bdt-timeline-icon bdt-timeline-icon bdt-timeline-icon bdt-timeline-icon bdt-timeline-icon bdt-timeline-icon bdt-timeline-icon bdt-timeline-icon bdt-timeline-icon bdt-timeline-icon bdt-timeline-icon bdt-timeline-icon bdt-timeline-icon bdt-timeline-icon bdt-timeline-icon bdt-timeline-icon bdt-timeline-icon bdt-timeline-icon bdt-timeline-icon bdt-timeline-icon bdt-timeline-icon bdt-timeline-icon bdt-timeline-icon bdt-timeline-icon bdt-timeline-icon bdt-timeline-icon bdt-timeline-icon bdt-timeline-icon bdt-timeline-icon bdt-timeline-icon bdt-timeline-icon bdt-timeline-icon bdt-timeline-icon bdt-timeline-icon bdt-timeline-icon bdt-timeline-icon bdt-timeline-icon bdt-timeline-icon bdt-timeline-icon bdt-timeline-icon bdt-timeline-icon bdt-timeline-icon bdt-timeline-icon bdt-timeline-icon bdt-timeline-icon bdt-timeline-icon bdt-timeline-icon bdt-timeline-icon bdt-timeline-icon bdt-timeline-icon bdt-timeline-icon bdt-timeline-icon bdt-timeline-icon bdt-timeline-icon bdt-timeline-icon bdt-timeline-icon bdt-timeline-icon bdt-timeline-icon bdt-timeline-icon bdt-timeline-icon bdt-timeline-icon bdt-timeline-icon bdt-timeline-icon bdt-timeline-icon bdt-timeline-icon bdt-timeline-icon bdt-timeline-icon bdt-timeline-icon bdt-timeline-icon bdt-timeline-icon bdt-timeline-icon\">\n                            <span><i class=\"ep-icon-post\" aria-hidden=\"true\"><\/i><\/span>\n                    <\/div>\n\t\t\n                                            <div class=\"bdt-timeline-item-main\" >\n            <span class=\"bdt-timeline-arrow\"><\/span>\n\n                        <div class=\"bdt-timeline-thumbnail\">\n                <img decoding=\"async\" src=\"https:\/\/paratraduccion.com\/limiares\/wp-content\/uploads\/2022\/04\/Confetrencia-FOLLA-DE-RUTA-1200x848.jpeg\" alt=\"Salidas profesionales al terminar el grado de T&#038;I\">\n            <\/div>\n        \n            <div class=\"bdt-timeline-desc bdt-padding\">\n                        <h4 class=\"bdt-timeline-title\">\n                            <a href=\"https:\/\/paratraduccion.com\/limiares\/fr\/salidas-profesionales-al-terminar-el-grado-de-ti\/\" title=\"Salidas profesionales al terminar el grado de T&#038;I\">\n                    Salidas profesionales al terminar el grado de T&#038;I                <\/a>\n                    <\/h4>\n                                                <div class=\"bdt-timeline-excerpt\">\n                <p>Cumpliendo con el cronograma de los eventos cient\u00edficos programados y las actividades extraacad\u00e9micas previstas en<\/p>\n            <\/div>\n                                <a href=\"https:\/\/paratraduccion.com\/limiares\/fr\/salidas-profesionales-al-terminar-el-grado-de-ti\/\" class=\"bdt-timeline-readmore elementor-button elementor-size-sm\">\n            En savoir plus\n                    <\/a>\n                    <\/div>\n        <\/div>\n    \n                                <\/div>\n                            <\/div>\n                        <\/div>\n\n                        \n                    \n                        <div class=\"bdt-width-1-2@m bdt-timeline-item left-part\">\n\n                            <div class=\"bdt-timeline-item-main-wrapper\">\n                                <div class=\"bdt-timeline-line\">\n                                    <span ><\/span>\n                                <\/div>\n                                <div class=\"bdt-timeline-item-main-container\">\n                                    \n                                            <div class=\"bdt-timeline-icon bdt-timeline-icon bdt-timeline-icon bdt-timeline-icon bdt-timeline-icon bdt-timeline-icon bdt-timeline-icon bdt-timeline-icon bdt-timeline-icon bdt-timeline-icon bdt-timeline-icon bdt-timeline-icon bdt-timeline-icon bdt-timeline-icon bdt-timeline-icon bdt-timeline-icon bdt-timeline-icon bdt-timeline-icon bdt-timeline-icon bdt-timeline-icon bdt-timeline-icon bdt-timeline-icon bdt-timeline-icon bdt-timeline-icon bdt-timeline-icon bdt-timeline-icon bdt-timeline-icon bdt-timeline-icon bdt-timeline-icon bdt-timeline-icon bdt-timeline-icon bdt-timeline-icon bdt-timeline-icon bdt-timeline-icon bdt-timeline-icon bdt-timeline-icon bdt-timeline-icon bdt-timeline-icon bdt-timeline-icon bdt-timeline-icon bdt-timeline-icon bdt-timeline-icon bdt-timeline-icon bdt-timeline-icon bdt-timeline-icon bdt-timeline-icon bdt-timeline-icon bdt-timeline-icon bdt-timeline-icon bdt-timeline-icon bdt-timeline-icon bdt-timeline-icon bdt-timeline-icon bdt-timeline-icon bdt-timeline-icon bdt-timeline-icon bdt-timeline-icon bdt-timeline-icon bdt-timeline-icon bdt-timeline-icon bdt-timeline-icon bdt-timeline-icon bdt-timeline-icon bdt-timeline-icon bdt-timeline-icon bdt-timeline-icon bdt-timeline-icon bdt-timeline-icon bdt-timeline-icon bdt-timeline-icon bdt-timeline-icon bdt-timeline-icon bdt-timeline-icon bdt-timeline-icon bdt-timeline-icon bdt-timeline-icon bdt-timeline-icon bdt-timeline-icon bdt-timeline-icon bdt-timeline-icon bdt-timeline-icon bdt-timeline-icon bdt-timeline-icon bdt-timeline-icon bdt-timeline-icon bdt-timeline-icon bdt-timeline-icon\">\n                            <span><i class=\"ep-icon-post\" aria-hidden=\"true\"><\/i><\/span>\n                    <\/div>\n\t\t\n                                            <div class=\"bdt-timeline-item-main\" >\n            <span class=\"bdt-timeline-arrow\"><\/span>\n\n                        <div class=\"bdt-timeline-thumbnail\">\n                <img decoding=\"async\" src=\"https:\/\/paratraduccion.com\/limiares\/wp-content\/uploads\/2022\/04\/Oli_ETIV-UVIGO_02-1200x666.png\" alt=\"V\u00eddeos para promocionar los Premios ETIV-UVIGO\">\n            <\/div>\n        \n            <div class=\"bdt-timeline-desc bdt-padding\">\n                        <h4 class=\"bdt-timeline-title\">\n                            <a href=\"https:\/\/paratraduccion.com\/limiares\/fr\/videos-para-promocionar-los-premios-etiv-uvigo\/\" title=\"V\u00eddeos para promocionar los Premios ETIV-UVIGO\">\n                    V\u00eddeos para promocionar los Premios ETIV-UVIGO                <\/a>\n                    <\/h4>\n                                                <div class=\"bdt-timeline-excerpt\">\n                <p>Los Premios ETIV-UVIGO a la localizaci\u00f3n de videojuegos Tal y como as\u00ed reza la web<\/p>\n            <\/div>\n                                <a href=\"https:\/\/paratraduccion.com\/limiares\/fr\/videos-para-promocionar-los-premios-etiv-uvigo\/\" class=\"bdt-timeline-readmore elementor-button elementor-size-sm\">\n            En savoir plus\n                    <\/a>\n                    <\/div>\n        <\/div>\n    \n                                <\/div>\n                            <\/div>\n                        <\/div>\n\n                                                            <div class=\"bdt-timeline-item bdt-width-1-2@m bdt-visible@m\">\n            <div class=\"bdt-timeline-date bdt-text-left\" >\n                <span>18 avril 2022<\/span>\n            <\/div>\n        <\/div>\n                                \n                                                        <div class=\"bdt-timeline-item bdt-width-1-2@m bdt-visible@m\">\n            <div class=\"bdt-timeline-date bdt-text-right\" >\n                <span>18 mars 2022<\/span>\n            <\/div>\n        <\/div>\n                                \n                        <div class=\"bdt-width-1-2@m bdt-timeline-item right-part\">\n\n                            <div class=\"bdt-timeline-item-main-wrapper\">\n                                <div class=\"bdt-timeline-line\">\n                                    <span ><\/span>\n                                <\/div>\n                                <div class=\"bdt-timeline-item-main-container\">\n                                    \n                                            <div class=\"bdt-timeline-icon bdt-timeline-icon bdt-timeline-icon bdt-timeline-icon bdt-timeline-icon bdt-timeline-icon bdt-timeline-icon bdt-timeline-icon bdt-timeline-icon bdt-timeline-icon bdt-timeline-icon bdt-timeline-icon bdt-timeline-icon bdt-timeline-icon bdt-timeline-icon bdt-timeline-icon bdt-timeline-icon bdt-timeline-icon bdt-timeline-icon bdt-timeline-icon bdt-timeline-icon bdt-timeline-icon bdt-timeline-icon bdt-timeline-icon bdt-timeline-icon bdt-timeline-icon bdt-timeline-icon bdt-timeline-icon bdt-timeline-icon bdt-timeline-icon bdt-timeline-icon bdt-timeline-icon bdt-timeline-icon bdt-timeline-icon bdt-timeline-icon bdt-timeline-icon bdt-timeline-icon bdt-timeline-icon bdt-timeline-icon bdt-timeline-icon bdt-timeline-icon bdt-timeline-icon bdt-timeline-icon bdt-timeline-icon bdt-timeline-icon bdt-timeline-icon bdt-timeline-icon bdt-timeline-icon bdt-timeline-icon bdt-timeline-icon bdt-timeline-icon bdt-timeline-icon bdt-timeline-icon bdt-timeline-icon bdt-timeline-icon bdt-timeline-icon bdt-timeline-icon bdt-timeline-icon bdt-timeline-icon bdt-timeline-icon bdt-timeline-icon bdt-timeline-icon bdt-timeline-icon bdt-timeline-icon bdt-timeline-icon bdt-timeline-icon bdt-timeline-icon bdt-timeline-icon bdt-timeline-icon bdt-timeline-icon bdt-timeline-icon bdt-timeline-icon bdt-timeline-icon bdt-timeline-icon bdt-timeline-icon bdt-timeline-icon bdt-timeline-icon bdt-timeline-icon bdt-timeline-icon bdt-timeline-icon bdt-timeline-icon bdt-timeline-icon bdt-timeline-icon bdt-timeline-icon bdt-timeline-icon bdt-timeline-icon bdt-timeline-icon bdt-timeline-icon\">\n                            <span><i class=\"ep-icon-post\" aria-hidden=\"true\"><\/i><\/span>\n                    <\/div>\n\t\t\n                                            <div class=\"bdt-timeline-item-main\" >\n            <span class=\"bdt-timeline-arrow\"><\/span>\n\n                        <div class=\"bdt-timeline-thumbnail\">\n                <img decoding=\"async\" src=\"https:\/\/paratraduccion.com\/limiares\/wp-content\/uploads\/2022\/03\/RADIO-MARCA-VIGO.jpeg\" alt=\"Avoo en Directo Marca Vigo\">\n            <\/div>\n        \n            <div class=\"bdt-timeline-desc bdt-padding\">\n                        <h4 class=\"bdt-timeline-title\">\n                            <a href=\"https:\/\/paratraduccion.com\/limiares\/fr\/avoo-en-directo-marca-vigo\/\" title=\"Avoo en Directo Marca Vigo\">\n                    Avoo en Directo Marca Vigo                <\/a>\n                    <\/h4>\n                                                <div class=\"bdt-timeline-excerpt\">\n                <p>Hoy, Ismael Men\u00e9ndez y Jacobo Mart\u00ednez han sido entrevistados en el programa\u00a0de radio Directo Marca<\/p>\n            <\/div>\n                                <a href=\"https:\/\/paratraduccion.com\/limiares\/fr\/avoo-en-directo-marca-vigo\/\" class=\"bdt-timeline-readmore elementor-button elementor-size-sm\">\n            En savoir plus\n                    <\/a>\n                    <\/div>\n        <\/div>\n    \n                                <\/div>\n                            <\/div>\n                        <\/div>\n\n                        \n                    \n                        <div class=\"bdt-width-1-2@m bdt-timeline-item left-part\">\n\n                            <div class=\"bdt-timeline-item-main-wrapper\">\n                                <div class=\"bdt-timeline-line\">\n                                    <span ><\/span>\n                                <\/div>\n                                <div class=\"bdt-timeline-item-main-container\">\n                                    \n                                            <div class=\"bdt-timeline-icon bdt-timeline-icon bdt-timeline-icon bdt-timeline-icon bdt-timeline-icon bdt-timeline-icon bdt-timeline-icon bdt-timeline-icon bdt-timeline-icon bdt-timeline-icon bdt-timeline-icon bdt-timeline-icon bdt-timeline-icon bdt-timeline-icon bdt-timeline-icon bdt-timeline-icon bdt-timeline-icon bdt-timeline-icon bdt-timeline-icon bdt-timeline-icon bdt-timeline-icon bdt-timeline-icon bdt-timeline-icon bdt-timeline-icon bdt-timeline-icon bdt-timeline-icon bdt-timeline-icon bdt-timeline-icon bdt-timeline-icon bdt-timeline-icon bdt-timeline-icon bdt-timeline-icon bdt-timeline-icon bdt-timeline-icon bdt-timeline-icon bdt-timeline-icon bdt-timeline-icon bdt-timeline-icon bdt-timeline-icon bdt-timeline-icon bdt-timeline-icon bdt-timeline-icon bdt-timeline-icon bdt-timeline-icon bdt-timeline-icon bdt-timeline-icon bdt-timeline-icon bdt-timeline-icon bdt-timeline-icon bdt-timeline-icon bdt-timeline-icon bdt-timeline-icon bdt-timeline-icon bdt-timeline-icon bdt-timeline-icon bdt-timeline-icon bdt-timeline-icon bdt-timeline-icon bdt-timeline-icon bdt-timeline-icon bdt-timeline-icon bdt-timeline-icon bdt-timeline-icon bdt-timeline-icon bdt-timeline-icon bdt-timeline-icon bdt-timeline-icon bdt-timeline-icon bdt-timeline-icon bdt-timeline-icon bdt-timeline-icon bdt-timeline-icon bdt-timeline-icon bdt-timeline-icon bdt-timeline-icon bdt-timeline-icon bdt-timeline-icon bdt-timeline-icon bdt-timeline-icon bdt-timeline-icon bdt-timeline-icon bdt-timeline-icon bdt-timeline-icon bdt-timeline-icon bdt-timeline-icon bdt-timeline-icon bdt-timeline-icon bdt-timeline-icon bdt-timeline-icon\">\n                            <span><i class=\"ep-icon-post\" aria-hidden=\"true\"><\/i><\/span>\n                    <\/div>\n\t\t\n                                            <div class=\"bdt-timeline-item-main\" >\n            <span class=\"bdt-timeline-arrow\"><\/span>\n\n                        <div class=\"bdt-timeline-thumbnail\">\n                <img decoding=\"async\" src=\"https:\/\/paratraduccion.com\/limiares\/wp-content\/uploads\/2022\/02\/Gabriel-Alvarez-Martinez_Editorial-AIRA.jpeg\" alt=\"Gabriel \u00c1lvarez Mart\u00ednez en la lista de Honor de la iBbY\">\n            <\/div>\n        \n            <div class=\"bdt-timeline-desc bdt-padding\">\n                        <h4 class=\"bdt-timeline-title\">\n                            <a href=\"https:\/\/paratraduccion.com\/limiares\/fr\/gabriel-alvarez-martinez-en-la-lista-de-honor-de-la-ibby\/\" title=\"Gabriel \u00c1lvarez Mart\u00ednez en la lista de Honor de la iBbY\">\n                    Gabriel \u00c1lvarez Mart\u00ednez en la lista de Honor de la iBbY                <\/a>\n                    <\/h4>\n                                                <div class=\"bdt-timeline-excerpt\">\n                <p>Gabriel \u00c1lvarez Mart\u00ednez en la lista de Honor de la iBbY Seg\u00fan ha informado hoy<\/p>\n            <\/div>\n                                <a href=\"https:\/\/paratraduccion.com\/limiares\/fr\/gabriel-alvarez-martinez-en-la-lista-de-honor-de-la-ibby\/\" class=\"bdt-timeline-readmore elementor-button elementor-size-sm\">\n            En savoir plus\n                    <\/a>\n                    <\/div>\n        <\/div>\n    \n                                <\/div>\n                            <\/div>\n                        <\/div>\n\n                                                            <div class=\"bdt-timeline-item bdt-width-1-2@m bdt-visible@m\">\n            <div class=\"bdt-timeline-date bdt-text-left\" >\n                <span>26 f\u00e9vrier 2022<\/span>\n            <\/div>\n        <\/div>\n                                \n                                                        <div class=\"bdt-timeline-item bdt-width-1-2@m bdt-visible@m\">\n            <div class=\"bdt-timeline-date bdt-text-right\" >\n                <span>16 f\u00e9vrier 2022<\/span>\n            <\/div>\n        <\/div>\n                                \n                        <div class=\"bdt-width-1-2@m bdt-timeline-item right-part\">\n\n                            <div class=\"bdt-timeline-item-main-wrapper\">\n                                <div class=\"bdt-timeline-line\">\n                                    <span ><\/span>\n                                <\/div>\n                                <div class=\"bdt-timeline-item-main-container\">\n                                    \n                                            <div class=\"bdt-timeline-icon bdt-timeline-icon bdt-timeline-icon bdt-timeline-icon bdt-timeline-icon bdt-timeline-icon bdt-timeline-icon bdt-timeline-icon bdt-timeline-icon bdt-timeline-icon bdt-timeline-icon bdt-timeline-icon bdt-timeline-icon bdt-timeline-icon bdt-timeline-icon bdt-timeline-icon bdt-timeline-icon bdt-timeline-icon bdt-timeline-icon bdt-timeline-icon bdt-timeline-icon bdt-timeline-icon bdt-timeline-icon bdt-timeline-icon bdt-timeline-icon bdt-timeline-icon bdt-timeline-icon bdt-timeline-icon bdt-timeline-icon bdt-timeline-icon bdt-timeline-icon bdt-timeline-icon bdt-timeline-icon bdt-timeline-icon bdt-timeline-icon bdt-timeline-icon bdt-timeline-icon bdt-timeline-icon bdt-timeline-icon bdt-timeline-icon bdt-timeline-icon bdt-timeline-icon bdt-timeline-icon bdt-timeline-icon bdt-timeline-icon bdt-timeline-icon bdt-timeline-icon bdt-timeline-icon bdt-timeline-icon bdt-timeline-icon bdt-timeline-icon bdt-timeline-icon bdt-timeline-icon bdt-timeline-icon bdt-timeline-icon bdt-timeline-icon bdt-timeline-icon bdt-timeline-icon bdt-timeline-icon bdt-timeline-icon bdt-timeline-icon bdt-timeline-icon bdt-timeline-icon bdt-timeline-icon bdt-timeline-icon bdt-timeline-icon bdt-timeline-icon bdt-timeline-icon bdt-timeline-icon bdt-timeline-icon bdt-timeline-icon bdt-timeline-icon bdt-timeline-icon bdt-timeline-icon bdt-timeline-icon bdt-timeline-icon bdt-timeline-icon bdt-timeline-icon bdt-timeline-icon bdt-timeline-icon bdt-timeline-icon bdt-timeline-icon bdt-timeline-icon bdt-timeline-icon bdt-timeline-icon bdt-timeline-icon bdt-timeline-icon bdt-timeline-icon bdt-timeline-icon bdt-timeline-icon\">\n                            <span><i class=\"ep-icon-post\" aria-hidden=\"true\"><\/i><\/span>\n                    <\/div>\n\t\t\n                                            <div class=\"bdt-timeline-item-main\" >\n            <span class=\"bdt-timeline-arrow\"><\/span>\n\n                        <div class=\"bdt-timeline-thumbnail\">\n                <img decoding=\"async\" src=\"https:\/\/paratraduccion.com\/limiares\/wp-content\/uploads\/2022\/02\/AVOO_00.jpeg\" alt=\"AVOO: el proyecto de colaboraci\u00f3n ETIV\u2013ISELTEC\u2013MUVI\">\n            <\/div>\n        \n            <div class=\"bdt-timeline-desc bdt-padding\">\n                        <h4 class=\"bdt-timeline-title\">\n                            <a href=\"https:\/\/paratraduccion.com\/limiares\/fr\/avoo-el-proyecto-de-colaboracion-etiv-iseltec-muvi\/\" title=\"AVOO: el proyecto de colaboraci\u00f3n ETIV\u2013ISELTEC\u2013MUVI\">\n                    AVOO: el proyecto de colaboraci\u00f3n ETIV\u2013ISELTEC\u2013MUVI                <\/a>\n                    <\/h4>\n                                                <div class=\"bdt-timeline-excerpt\">\n                <p>Como IP del Grupo T&amp;P, me complace hacer p\u00fablico que, dentro del Marco del Programa<\/p>\n            <\/div>\n                                <a href=\"https:\/\/paratraduccion.com\/limiares\/fr\/avoo-el-proyecto-de-colaboracion-etiv-iseltec-muvi\/\" class=\"bdt-timeline-readmore elementor-button elementor-size-sm\">\n            En savoir plus\n                    <\/a>\n                    <\/div>\n        <\/div>\n    \n                                <\/div>\n                            <\/div>\n                        <\/div>\n\n                        \n                    \n                        <div class=\"bdt-width-1-2@m bdt-timeline-item left-part\">\n\n                            <div class=\"bdt-timeline-item-main-wrapper\">\n                                <div class=\"bdt-timeline-line\">\n                                    <span ><\/span>\n                                <\/div>\n                                <div class=\"bdt-timeline-item-main-container\">\n                                    \n                                            <div class=\"bdt-timeline-icon bdt-timeline-icon bdt-timeline-icon bdt-timeline-icon bdt-timeline-icon bdt-timeline-icon bdt-timeline-icon bdt-timeline-icon bdt-timeline-icon bdt-timeline-icon bdt-timeline-icon bdt-timeline-icon bdt-timeline-icon bdt-timeline-icon bdt-timeline-icon bdt-timeline-icon bdt-timeline-icon bdt-timeline-icon bdt-timeline-icon bdt-timeline-icon bdt-timeline-icon bdt-timeline-icon bdt-timeline-icon bdt-timeline-icon bdt-timeline-icon bdt-timeline-icon bdt-timeline-icon bdt-timeline-icon bdt-timeline-icon bdt-timeline-icon bdt-timeline-icon bdt-timeline-icon bdt-timeline-icon bdt-timeline-icon bdt-timeline-icon bdt-timeline-icon bdt-timeline-icon bdt-timeline-icon bdt-timeline-icon bdt-timeline-icon bdt-timeline-icon bdt-timeline-icon bdt-timeline-icon bdt-timeline-icon bdt-timeline-icon bdt-timeline-icon bdt-timeline-icon bdt-timeline-icon bdt-timeline-icon bdt-timeline-icon bdt-timeline-icon bdt-timeline-icon bdt-timeline-icon bdt-timeline-icon bdt-timeline-icon bdt-timeline-icon bdt-timeline-icon bdt-timeline-icon bdt-timeline-icon bdt-timeline-icon bdt-timeline-icon bdt-timeline-icon bdt-timeline-icon bdt-timeline-icon bdt-timeline-icon bdt-timeline-icon bdt-timeline-icon bdt-timeline-icon bdt-timeline-icon bdt-timeline-icon bdt-timeline-icon bdt-timeline-icon bdt-timeline-icon bdt-timeline-icon bdt-timeline-icon bdt-timeline-icon bdt-timeline-icon bdt-timeline-icon bdt-timeline-icon bdt-timeline-icon bdt-timeline-icon bdt-timeline-icon bdt-timeline-icon bdt-timeline-icon bdt-timeline-icon bdt-timeline-icon bdt-timeline-icon bdt-timeline-icon bdt-timeline-icon bdt-timeline-icon bdt-timeline-icon\">\n                            <span><i class=\"ep-icon-post\" aria-hidden=\"true\"><\/i><\/span>\n                    <\/div>\n\t\t\n                                            <div class=\"bdt-timeline-item-main\" >\n            <span class=\"bdt-timeline-arrow\"><\/span>\n\n                        <div class=\"bdt-timeline-thumbnail\">\n                <img decoding=\"async\" src=\"https:\/\/paratraduccion.com\/limiares\/wp-content\/uploads\/2022\/01\/Patricia-BUJAN-Heidi.jpeg\" alt=\"Entrevista con Patricia Buj\u00e1n, profesora do MTCI\">\n            <\/div>\n        \n            <div class=\"bdt-timeline-desc bdt-padding\">\n                        <h4 class=\"bdt-timeline-title\">\n                            <a href=\"https:\/\/paratraduccion.com\/limiares\/fr\/entrevista-con-patricia-bujan-profesora-do-mtci\/\" title=\"Entrevista con Patricia Buj\u00e1n, profesora do MTCI\">\n                    Entrevista con Patricia Buj\u00e1n, profesora do MTCI                <\/a>\n                    <\/h4>\n                                                <div class=\"bdt-timeline-excerpt\">\n                <p>A estradense que\u00a0puxo a falar en galego a Heidi &nbsp; ROC\u00cdO GARC\u00cdA A ESTRADA LA<\/p>\n            <\/div>\n                                <a href=\"https:\/\/paratraduccion.com\/limiares\/fr\/entrevista-con-patricia-bujan-profesora-do-mtci\/\" class=\"bdt-timeline-readmore elementor-button elementor-size-sm\">\n            En savoir plus\n                    <\/a>\n                    <\/div>\n        <\/div>\n    \n                                <\/div>\n                            <\/div>\n                        <\/div>\n\n                                                            <div class=\"bdt-timeline-item bdt-width-1-2@m bdt-visible@m\">\n            <div class=\"bdt-timeline-date bdt-text-left\" >\n                <span>10 janvier 2022<\/span>\n            <\/div>\n        <\/div>\n                                \n                                                        <div class=\"bdt-timeline-item bdt-width-1-2@m bdt-visible@m\">\n            <div class=\"bdt-timeline-date bdt-text-right\" >\n                <span>20 d\u00e9cembre 2021<\/span>\n            <\/div>\n        <\/div>\n                                \n                        <div class=\"bdt-width-1-2@m bdt-timeline-item right-part\">\n\n                            <div class=\"bdt-timeline-item-main-wrapper\">\n                                <div class=\"bdt-timeline-line\">\n                                    <span ><\/span>\n                                <\/div>\n                                <div class=\"bdt-timeline-item-main-container\">\n                                    \n                                            <div class=\"bdt-timeline-icon bdt-timeline-icon bdt-timeline-icon bdt-timeline-icon bdt-timeline-icon bdt-timeline-icon bdt-timeline-icon bdt-timeline-icon bdt-timeline-icon bdt-timeline-icon bdt-timeline-icon bdt-timeline-icon bdt-timeline-icon bdt-timeline-icon bdt-timeline-icon bdt-timeline-icon bdt-timeline-icon bdt-timeline-icon bdt-timeline-icon bdt-timeline-icon bdt-timeline-icon bdt-timeline-icon bdt-timeline-icon bdt-timeline-icon bdt-timeline-icon bdt-timeline-icon bdt-timeline-icon bdt-timeline-icon bdt-timeline-icon bdt-timeline-icon bdt-timeline-icon bdt-timeline-icon bdt-timeline-icon bdt-timeline-icon bdt-timeline-icon bdt-timeline-icon bdt-timeline-icon bdt-timeline-icon bdt-timeline-icon bdt-timeline-icon bdt-timeline-icon bdt-timeline-icon bdt-timeline-icon bdt-timeline-icon bdt-timeline-icon bdt-timeline-icon bdt-timeline-icon bdt-timeline-icon bdt-timeline-icon bdt-timeline-icon bdt-timeline-icon bdt-timeline-icon bdt-timeline-icon bdt-timeline-icon bdt-timeline-icon bdt-timeline-icon bdt-timeline-icon bdt-timeline-icon bdt-timeline-icon bdt-timeline-icon bdt-timeline-icon bdt-timeline-icon bdt-timeline-icon bdt-timeline-icon bdt-timeline-icon bdt-timeline-icon bdt-timeline-icon bdt-timeline-icon bdt-timeline-icon bdt-timeline-icon bdt-timeline-icon bdt-timeline-icon bdt-timeline-icon bdt-timeline-icon bdt-timeline-icon bdt-timeline-icon bdt-timeline-icon bdt-timeline-icon bdt-timeline-icon bdt-timeline-icon bdt-timeline-icon bdt-timeline-icon bdt-timeline-icon bdt-timeline-icon bdt-timeline-icon bdt-timeline-icon bdt-timeline-icon bdt-timeline-icon bdt-timeline-icon bdt-timeline-icon bdt-timeline-icon bdt-timeline-icon\">\n                            <span><i class=\"ep-icon-post\" aria-hidden=\"true\"><\/i><\/span>\n                    <\/div>\n\t\t\n                                            <div class=\"bdt-timeline-item-main\" >\n            <span class=\"bdt-timeline-arrow\"><\/span>\n\n                        <div class=\"bdt-timeline-thumbnail\">\n                <img decoding=\"async\" src=\"https:\/\/paratraduccion.com\/limiares\/wp-content\/uploads\/2021\/12\/DINAK.png\" alt=\"Bolseiro\/a &#8211; Dpto. Internacional con Franc\u00e9s &#8211; Ampliado o prazo\">\n            <\/div>\n        \n            <div class=\"bdt-timeline-desc bdt-padding\">\n                        <h4 class=\"bdt-timeline-title\">\n                            <a href=\"https:\/\/paratraduccion.com\/limiares\/fr\/bolseiro-a-dpto-internacional-con-frances-ampliado-o-prazo\/\" title=\"Bolseiro\/a &#8211; Dpto. Internacional con Franc\u00e9s &#8211; Ampliado o prazo\">\n                    Bolseiro\/a &#8211; Dpto. Internacional con Franc\u00e9s &#8211; Ampliado o prazo                <\/a>\n                    <\/h4>\n                                                <div class=\"bdt-timeline-excerpt\">\n                <p>Oferta de emprego BF-AEE-21-0008 Tipo Bolsas de formaci\u00f3n pr\u00e1ctica Data de inicio da publicaci\u00f3n 17\/12\/2021<\/p>\n            <\/div>\n                                <a href=\"https:\/\/paratraduccion.com\/limiares\/fr\/bolseiro-a-dpto-internacional-con-frances-ampliado-o-prazo\/\" class=\"bdt-timeline-readmore elementor-button elementor-size-sm\">\n            En savoir plus\n                    <\/a>\n                    <\/div>\n        <\/div>\n    \n                                <\/div>\n                            <\/div>\n                        <\/div>\n\n                        \n                    \n                        <div class=\"bdt-width-1-2@m bdt-timeline-item left-part\">\n\n                            <div class=\"bdt-timeline-item-main-wrapper\">\n                                <div class=\"bdt-timeline-line\">\n                                    <span ><\/span>\n                                <\/div>\n                                <div class=\"bdt-timeline-item-main-container\">\n                                    \n                                            <div class=\"bdt-timeline-icon bdt-timeline-icon bdt-timeline-icon bdt-timeline-icon bdt-timeline-icon bdt-timeline-icon bdt-timeline-icon bdt-timeline-icon bdt-timeline-icon bdt-timeline-icon bdt-timeline-icon bdt-timeline-icon bdt-timeline-icon bdt-timeline-icon bdt-timeline-icon bdt-timeline-icon bdt-timeline-icon bdt-timeline-icon bdt-timeline-icon bdt-timeline-icon bdt-timeline-icon bdt-timeline-icon bdt-timeline-icon bdt-timeline-icon bdt-timeline-icon bdt-timeline-icon bdt-timeline-icon bdt-timeline-icon bdt-timeline-icon bdt-timeline-icon bdt-timeline-icon bdt-timeline-icon bdt-timeline-icon bdt-timeline-icon bdt-timeline-icon bdt-timeline-icon bdt-timeline-icon bdt-timeline-icon bdt-timeline-icon bdt-timeline-icon bdt-timeline-icon bdt-timeline-icon bdt-timeline-icon bdt-timeline-icon bdt-timeline-icon bdt-timeline-icon bdt-timeline-icon bdt-timeline-icon bdt-timeline-icon bdt-timeline-icon bdt-timeline-icon bdt-timeline-icon bdt-timeline-icon bdt-timeline-icon bdt-timeline-icon bdt-timeline-icon bdt-timeline-icon bdt-timeline-icon bdt-timeline-icon bdt-timeline-icon bdt-timeline-icon bdt-timeline-icon bdt-timeline-icon bdt-timeline-icon bdt-timeline-icon bdt-timeline-icon bdt-timeline-icon bdt-timeline-icon bdt-timeline-icon bdt-timeline-icon bdt-timeline-icon bdt-timeline-icon bdt-timeline-icon bdt-timeline-icon bdt-timeline-icon bdt-timeline-icon bdt-timeline-icon bdt-timeline-icon bdt-timeline-icon bdt-timeline-icon bdt-timeline-icon bdt-timeline-icon bdt-timeline-icon bdt-timeline-icon bdt-timeline-icon bdt-timeline-icon bdt-timeline-icon bdt-timeline-icon bdt-timeline-icon bdt-timeline-icon bdt-timeline-icon bdt-timeline-icon bdt-timeline-icon\">\n                            <span><i class=\"ep-icon-post\" aria-hidden=\"true\"><\/i><\/span>\n                    <\/div>\n\t\t\n                                            <div class=\"bdt-timeline-item-main\" >\n            <span class=\"bdt-timeline-arrow\"><\/span>\n\n                        <div class=\"bdt-timeline-thumbnail\">\n                <img decoding=\"async\" src=\"https:\/\/paratraduccion.com\/limiares\/wp-content\/uploads\/2021\/11\/CARTEL_traduccion-farmacia.png\" alt=\"Traducir para la biomedicina y la farmacia\">\n            <\/div>\n        \n            <div class=\"bdt-timeline-desc bdt-padding\">\n                        <h4 class=\"bdt-timeline-title\">\n                            <a href=\"https:\/\/paratraduccion.com\/limiares\/fr\/traducir-para-la-biomedicina-y-la-farmacia\/\" title=\"Traducir para la biomedicina y la farmacia\">\n                    Traducir para la biomedicina y la farmacia                <\/a>\n                    <\/h4>\n                                                <div class=\"bdt-timeline-excerpt\">\n                <p>Pincha aqu\u00ed\u00a0para descargarte el PDF del Cartel interactivo del acto acad\u00e9mico Desde la coordinaci\u00f3n del<\/p>\n            <\/div>\n                                <a href=\"https:\/\/paratraduccion.com\/limiares\/fr\/traducir-para-la-biomedicina-y-la-farmacia\/\" class=\"bdt-timeline-readmore elementor-button elementor-size-sm\">\n            En savoir plus\n                    <\/a>\n                    <\/div>\n        <\/div>\n    \n                                <\/div>\n                            <\/div>\n                        <\/div>\n\n                                                            <div class=\"bdt-timeline-item bdt-width-1-2@m bdt-visible@m\">\n            <div class=\"bdt-timeline-date bdt-text-left\" >\n                <span>19 novembre 2021<\/span>\n            <\/div>\n        <\/div>\n                                \n                                                        <div class=\"bdt-timeline-item bdt-width-1-2@m bdt-visible@m\">\n            <div class=\"bdt-timeline-date bdt-text-right\" >\n                <span>25 octobre 2021<\/span>\n            <\/div>\n        <\/div>\n                                \n                        <div class=\"bdt-width-1-2@m bdt-timeline-item right-part\">\n\n                            <div class=\"bdt-timeline-item-main-wrapper\">\n                                <div class=\"bdt-timeline-line\">\n                                    <span ><\/span>\n                                <\/div>\n                                <div class=\"bdt-timeline-item-main-container\">\n                                    \n                                            <div class=\"bdt-timeline-icon bdt-timeline-icon bdt-timeline-icon bdt-timeline-icon bdt-timeline-icon bdt-timeline-icon bdt-timeline-icon bdt-timeline-icon bdt-timeline-icon bdt-timeline-icon bdt-timeline-icon bdt-timeline-icon bdt-timeline-icon bdt-timeline-icon bdt-timeline-icon bdt-timeline-icon bdt-timeline-icon bdt-timeline-icon bdt-timeline-icon bdt-timeline-icon bdt-timeline-icon bdt-timeline-icon bdt-timeline-icon bdt-timeline-icon bdt-timeline-icon bdt-timeline-icon bdt-timeline-icon bdt-timeline-icon bdt-timeline-icon bdt-timeline-icon bdt-timeline-icon bdt-timeline-icon bdt-timeline-icon bdt-timeline-icon bdt-timeline-icon bdt-timeline-icon bdt-timeline-icon bdt-timeline-icon bdt-timeline-icon bdt-timeline-icon bdt-timeline-icon bdt-timeline-icon bdt-timeline-icon bdt-timeline-icon bdt-timeline-icon bdt-timeline-icon bdt-timeline-icon bdt-timeline-icon bdt-timeline-icon bdt-timeline-icon bdt-timeline-icon bdt-timeline-icon bdt-timeline-icon bdt-timeline-icon bdt-timeline-icon bdt-timeline-icon bdt-timeline-icon bdt-timeline-icon bdt-timeline-icon bdt-timeline-icon bdt-timeline-icon bdt-timeline-icon bdt-timeline-icon bdt-timeline-icon bdt-timeline-icon bdt-timeline-icon bdt-timeline-icon bdt-timeline-icon bdt-timeline-icon bdt-timeline-icon bdt-timeline-icon bdt-timeline-icon bdt-timeline-icon bdt-timeline-icon bdt-timeline-icon bdt-timeline-icon bdt-timeline-icon bdt-timeline-icon bdt-timeline-icon bdt-timeline-icon bdt-timeline-icon bdt-timeline-icon bdt-timeline-icon bdt-timeline-icon bdt-timeline-icon bdt-timeline-icon bdt-timeline-icon bdt-timeline-icon bdt-timeline-icon bdt-timeline-icon bdt-timeline-icon bdt-timeline-icon bdt-timeline-icon bdt-timeline-icon\">\n                            <span><i class=\"ep-icon-post\" aria-hidden=\"true\"><\/i><\/span>\n                    <\/div>\n\t\t\n                                            <div class=\"bdt-timeline-item-main\" >\n            <span class=\"bdt-timeline-arrow\"><\/span>\n\n                        <div class=\"bdt-timeline-thumbnail\">\n                <img decoding=\"async\" src=\"https:\/\/paratraduccion.com\/limiares\/wp-content\/uploads\/2021\/10\/Excelencia_00.jpeg\" alt=\"Acto de entrega de la Menci\u00f3n de Excelencia de la Xunta de Galicia\">\n            <\/div>\n        \n            <div class=\"bdt-timeline-desc bdt-padding\">\n                        <h4 class=\"bdt-timeline-title\">\n                            <a href=\"https:\/\/paratraduccion.com\/limiares\/fr\/acto-de-entrega-de-la-mencion-de-excelencia-de-la-xunta-de-galicia\/\" title=\"Acto de entrega de la Menci\u00f3n de Excelencia de la Xunta de Galicia\">\n                    Acto de entrega de la Menci\u00f3n de Excelencia de la Xunta de Galicia                <\/a>\n                    <\/h4>\n                                                <div class=\"bdt-timeline-excerpt\">\n                <p>El pasado 13 de agosto de 2021 aparec\u00eda publicada en el Diario Oficial de GaliciaI\u00a0la<\/p>\n            <\/div>\n                                <a href=\"https:\/\/paratraduccion.com\/limiares\/fr\/acto-de-entrega-de-la-mencion-de-excelencia-de-la-xunta-de-galicia\/\" class=\"bdt-timeline-readmore elementor-button elementor-size-sm\">\n            En savoir plus\n                    <\/a>\n                    <\/div>\n        <\/div>\n    \n                                <\/div>\n                            <\/div>\n                        <\/div>\n\n                        \n                    \n                        <div class=\"bdt-width-1-2@m bdt-timeline-item left-part\">\n\n                            <div class=\"bdt-timeline-item-main-wrapper\">\n                                <div class=\"bdt-timeline-line\">\n                                    <span ><\/span>\n                                <\/div>\n                                <div class=\"bdt-timeline-item-main-container\">\n                                    \n                                            <div class=\"bdt-timeline-icon bdt-timeline-icon bdt-timeline-icon bdt-timeline-icon bdt-timeline-icon bdt-timeline-icon bdt-timeline-icon bdt-timeline-icon bdt-timeline-icon bdt-timeline-icon bdt-timeline-icon bdt-timeline-icon bdt-timeline-icon bdt-timeline-icon bdt-timeline-icon bdt-timeline-icon bdt-timeline-icon bdt-timeline-icon bdt-timeline-icon bdt-timeline-icon bdt-timeline-icon bdt-timeline-icon bdt-timeline-icon bdt-timeline-icon bdt-timeline-icon bdt-timeline-icon bdt-timeline-icon bdt-timeline-icon bdt-timeline-icon bdt-timeline-icon bdt-timeline-icon bdt-timeline-icon bdt-timeline-icon bdt-timeline-icon bdt-timeline-icon bdt-timeline-icon bdt-timeline-icon bdt-timeline-icon bdt-timeline-icon bdt-timeline-icon bdt-timeline-icon bdt-timeline-icon bdt-timeline-icon bdt-timeline-icon bdt-timeline-icon bdt-timeline-icon bdt-timeline-icon bdt-timeline-icon bdt-timeline-icon bdt-timeline-icon bdt-timeline-icon bdt-timeline-icon bdt-timeline-icon bdt-timeline-icon bdt-timeline-icon bdt-timeline-icon bdt-timeline-icon bdt-timeline-icon bdt-timeline-icon bdt-timeline-icon bdt-timeline-icon bdt-timeline-icon bdt-timeline-icon bdt-timeline-icon bdt-timeline-icon bdt-timeline-icon bdt-timeline-icon bdt-timeline-icon bdt-timeline-icon bdt-timeline-icon bdt-timeline-icon bdt-timeline-icon bdt-timeline-icon bdt-timeline-icon bdt-timeline-icon bdt-timeline-icon bdt-timeline-icon bdt-timeline-icon bdt-timeline-icon bdt-timeline-icon bdt-timeline-icon bdt-timeline-icon bdt-timeline-icon bdt-timeline-icon bdt-timeline-icon bdt-timeline-icon bdt-timeline-icon bdt-timeline-icon bdt-timeline-icon bdt-timeline-icon bdt-timeline-icon bdt-timeline-icon bdt-timeline-icon bdt-timeline-icon bdt-timeline-icon\">\n                            <span><i class=\"ep-icon-post\" aria-hidden=\"true\"><\/i><\/span>\n                    <\/div>\n\t\t\n                                            <div class=\"bdt-timeline-item-main\" >\n            <span class=\"bdt-timeline-arrow\"><\/span>\n\n                        <div class=\"bdt-timeline-thumbnail\">\n                <img decoding=\"async\" src=\"https:\/\/paratraduccion.com\/limiares\/wp-content\/uploads\/2021\/10\/ERASMUS-PLUS.png\" alt=\"Erasmus+ KA107 para alumnado 2021-2022\">\n            <\/div>\n        \n            <div class=\"bdt-timeline-desc bdt-padding\">\n                        <h4 class=\"bdt-timeline-title\">\n                            <a href=\"https:\/\/paratraduccion.com\/limiares\/fr\/erasmus-ka107-para-alumnado-2021-2022\/\" title=\"Erasmus+ KA107 para alumnado 2021-2022\">\n                    Erasmus+ KA107 para alumnado 2021-2022                <\/a>\n                    <\/h4>\n                                                <div class=\"bdt-timeline-excerpt\">\n                <p>Erasmus+ KA107 para alumnado 2021-2022 Desde la coordinaci\u00f3n del M\u00e1ster en Traducci\u00f3n para la Comunicaci\u00f3n<\/p>\n            <\/div>\n                                <a href=\"https:\/\/paratraduccion.com\/limiares\/fr\/erasmus-ka107-para-alumnado-2021-2022\/\" class=\"bdt-timeline-readmore elementor-button elementor-size-sm\">\n            En savoir plus\n                    <\/a>\n                    <\/div>\n        <\/div>\n    \n                                <\/div>\n                            <\/div>\n                        <\/div>\n\n                                                            <div class=\"bdt-timeline-item bdt-width-1-2@m bdt-visible@m\">\n            <div class=\"bdt-timeline-date bdt-text-left\" >\n                <span>15 octobre 2021<\/span>\n            <\/div>\n        <\/div>\n                                \n                                                        <div class=\"bdt-timeline-item bdt-width-1-2@m bdt-visible@m\">\n            <div class=\"bdt-timeline-date bdt-text-right\" >\n                <span>07 octobre 2021<\/span>\n            <\/div>\n        <\/div>\n                                \n                        <div class=\"bdt-width-1-2@m bdt-timeline-item right-part\">\n\n                            <div class=\"bdt-timeline-item-main-wrapper\">\n                                <div class=\"bdt-timeline-line\">\n                                    <span ><\/span>\n                                <\/div>\n                                <div class=\"bdt-timeline-item-main-container\">\n                                    \n                                            <div class=\"bdt-timeline-icon bdt-timeline-icon bdt-timeline-icon bdt-timeline-icon bdt-timeline-icon bdt-timeline-icon bdt-timeline-icon bdt-timeline-icon bdt-timeline-icon bdt-timeline-icon bdt-timeline-icon bdt-timeline-icon bdt-timeline-icon bdt-timeline-icon bdt-timeline-icon bdt-timeline-icon bdt-timeline-icon bdt-timeline-icon bdt-timeline-icon bdt-timeline-icon bdt-timeline-icon bdt-timeline-icon bdt-timeline-icon bdt-timeline-icon bdt-timeline-icon bdt-timeline-icon bdt-timeline-icon bdt-timeline-icon bdt-timeline-icon bdt-timeline-icon bdt-timeline-icon bdt-timeline-icon bdt-timeline-icon bdt-timeline-icon bdt-timeline-icon bdt-timeline-icon bdt-timeline-icon bdt-timeline-icon bdt-timeline-icon bdt-timeline-icon bdt-timeline-icon bdt-timeline-icon bdt-timeline-icon bdt-timeline-icon bdt-timeline-icon bdt-timeline-icon bdt-timeline-icon bdt-timeline-icon bdt-timeline-icon bdt-timeline-icon bdt-timeline-icon bdt-timeline-icon bdt-timeline-icon bdt-timeline-icon bdt-timeline-icon bdt-timeline-icon bdt-timeline-icon bdt-timeline-icon bdt-timeline-icon bdt-timeline-icon bdt-timeline-icon bdt-timeline-icon bdt-timeline-icon bdt-timeline-icon bdt-timeline-icon bdt-timeline-icon bdt-timeline-icon bdt-timeline-icon bdt-timeline-icon bdt-timeline-icon bdt-timeline-icon bdt-timeline-icon bdt-timeline-icon bdt-timeline-icon bdt-timeline-icon bdt-timeline-icon bdt-timeline-icon bdt-timeline-icon bdt-timeline-icon bdt-timeline-icon bdt-timeline-icon bdt-timeline-icon bdt-timeline-icon bdt-timeline-icon bdt-timeline-icon bdt-timeline-icon bdt-timeline-icon bdt-timeline-icon bdt-timeline-icon bdt-timeline-icon bdt-timeline-icon bdt-timeline-icon bdt-timeline-icon bdt-timeline-icon bdt-timeline-icon bdt-timeline-icon\">\n                            <span><i class=\"ep-icon-post\" aria-hidden=\"true\"><\/i><\/span>\n                    <\/div>\n\t\t\n                                            <div class=\"bdt-timeline-item-main\" >\n            <span class=\"bdt-timeline-arrow\"><\/span>\n\n                        <div class=\"bdt-timeline-thumbnail\">\n                <img decoding=\"async\" src=\"https:\/\/paratraduccion.com\/limiares\/wp-content\/uploads\/2021\/10\/Viceversa_Lomos.png\" alt=\"_Viceversa. Revista galega de traduci\u00f3n_ recibe el premio Xela Arias\">\n            <\/div>\n        \n            <div class=\"bdt-timeline-desc bdt-padding\">\n                        <h4 class=\"bdt-timeline-title\">\n                            <a href=\"https:\/\/paratraduccion.com\/limiares\/fr\/premio-xela-arias-para-viceversa\/\" title=\"_Viceversa. Revista galega de traduci\u00f3n_ recibe el premio Xela Arias\">\n                    _Viceversa. Revista galega de traduci\u00f3n_ recibe el premio Xela Arias                <\/a>\n                    <\/h4>\n                                                <div class=\"bdt-timeline-excerpt\">\n                <p>Viceversa. Revista galega de traduci\u00f3n recibe el premio Xela Arias La Asociaci\u00f3n Galega de Profesionais<\/p>\n            <\/div>\n                                <a href=\"https:\/\/paratraduccion.com\/limiares\/fr\/premio-xela-arias-para-viceversa\/\" class=\"bdt-timeline-readmore elementor-button elementor-size-sm\">\n            En savoir plus\n                    <\/a>\n                    <\/div>\n        <\/div>\n    \n                                <\/div>\n                            <\/div>\n                        <\/div>\n\n                        \n                    \n                        <div class=\"bdt-width-1-2@m bdt-timeline-item left-part\">\n\n                            <div class=\"bdt-timeline-item-main-wrapper\">\n                                <div class=\"bdt-timeline-line\">\n                                    <span ><\/span>\n                                <\/div>\n                                <div class=\"bdt-timeline-item-main-container\">\n                                    \n                                            <div class=\"bdt-timeline-icon bdt-timeline-icon bdt-timeline-icon bdt-timeline-icon bdt-timeline-icon bdt-timeline-icon bdt-timeline-icon bdt-timeline-icon bdt-timeline-icon bdt-timeline-icon bdt-timeline-icon bdt-timeline-icon bdt-timeline-icon bdt-timeline-icon bdt-timeline-icon bdt-timeline-icon bdt-timeline-icon bdt-timeline-icon bdt-timeline-icon bdt-timeline-icon bdt-timeline-icon bdt-timeline-icon bdt-timeline-icon bdt-timeline-icon bdt-timeline-icon bdt-timeline-icon bdt-timeline-icon bdt-timeline-icon bdt-timeline-icon bdt-timeline-icon bdt-timeline-icon bdt-timeline-icon bdt-timeline-icon bdt-timeline-icon bdt-timeline-icon bdt-timeline-icon bdt-timeline-icon bdt-timeline-icon bdt-timeline-icon bdt-timeline-icon bdt-timeline-icon bdt-timeline-icon bdt-timeline-icon bdt-timeline-icon bdt-timeline-icon bdt-timeline-icon bdt-timeline-icon bdt-timeline-icon bdt-timeline-icon bdt-timeline-icon bdt-timeline-icon bdt-timeline-icon bdt-timeline-icon bdt-timeline-icon bdt-timeline-icon bdt-timeline-icon bdt-timeline-icon bdt-timeline-icon bdt-timeline-icon bdt-timeline-icon bdt-timeline-icon bdt-timeline-icon bdt-timeline-icon bdt-timeline-icon bdt-timeline-icon bdt-timeline-icon bdt-timeline-icon bdt-timeline-icon bdt-timeline-icon bdt-timeline-icon bdt-timeline-icon bdt-timeline-icon bdt-timeline-icon bdt-timeline-icon bdt-timeline-icon bdt-timeline-icon bdt-timeline-icon bdt-timeline-icon bdt-timeline-icon bdt-timeline-icon bdt-timeline-icon bdt-timeline-icon bdt-timeline-icon bdt-timeline-icon bdt-timeline-icon bdt-timeline-icon bdt-timeline-icon bdt-timeline-icon bdt-timeline-icon bdt-timeline-icon bdt-timeline-icon bdt-timeline-icon bdt-timeline-icon bdt-timeline-icon bdt-timeline-icon bdt-timeline-icon bdt-timeline-icon\">\n                            <span><i class=\"ep-icon-post\" aria-hidden=\"true\"><\/i><\/span>\n                    <\/div>\n\t\t\n                                            <div class=\"bdt-timeline-item-main\" >\n            <span class=\"bdt-timeline-arrow\"><\/span>\n\n                        <div class=\"bdt-timeline-thumbnail\">\n                <img decoding=\"async\" src=\"https:\/\/paratraduccion.com\/limiares\/wp-content\/uploads\/2022\/05\/WEB-MTCI_24-1200x1812.jpg\" alt=\"TFM_Curso 2020-2021_Desde Febrero de 2021\">\n            <\/div>\n        \n            <div class=\"bdt-timeline-desc bdt-padding\">\n                        <h4 class=\"bdt-timeline-title\">\n                            <a href=\"https:\/\/paratraduccion.com\/limiares\/fr\/tfm_curso-2020-2021_desde-febrero-de-2021\/\" title=\"TFM_Curso 2020-2021_Desde Febrero de 2021\">\n                    TFM_Curso 2020-2021_Desde Febrero de 2021                <\/a>\n                    <\/h4>\n                                                <div class=\"bdt-timeline-excerpt\">\n                <p>CURSO 2020-2021 (desde Febreiro de 2021) Calendario oficial dos TFM no curso 2020-2021 Calendario acad\u00e9mico<\/p>\n            <\/div>\n                                <a href=\"https:\/\/paratraduccion.com\/limiares\/fr\/tfm_curso-2020-2021_desde-febrero-de-2021\/\" class=\"bdt-timeline-readmore elementor-button elementor-size-sm\">\n            En savoir plus\n                    <\/a>\n                    <\/div>\n        <\/div>\n    \n                                <\/div>\n                            <\/div>\n                        <\/div>\n\n                                                            <div class=\"bdt-timeline-item bdt-width-1-2@m bdt-visible@m\">\n            <div class=\"bdt-timeline-date bdt-text-left\" >\n                <span>05 octobre 2021<\/span>\n            <\/div>\n        <\/div>\n                                \n                                                        <div class=\"bdt-timeline-item bdt-width-1-2@m bdt-visible@m\">\n            <div class=\"bdt-timeline-date bdt-text-right\" >\n                <span>05 octobre 2021<\/span>\n            <\/div>\n        <\/div>\n                                \n                        <div class=\"bdt-width-1-2@m bdt-timeline-item right-part\">\n\n                            <div class=\"bdt-timeline-item-main-wrapper\">\n                                <div class=\"bdt-timeline-line\">\n                                    <span ><\/span>\n                                <\/div>\n                                <div class=\"bdt-timeline-item-main-container\">\n                                    \n                                            <div class=\"bdt-timeline-icon bdt-timeline-icon bdt-timeline-icon bdt-timeline-icon bdt-timeline-icon bdt-timeline-icon bdt-timeline-icon bdt-timeline-icon bdt-timeline-icon bdt-timeline-icon bdt-timeline-icon bdt-timeline-icon bdt-timeline-icon bdt-timeline-icon bdt-timeline-icon bdt-timeline-icon bdt-timeline-icon bdt-timeline-icon bdt-timeline-icon bdt-timeline-icon bdt-timeline-icon bdt-timeline-icon bdt-timeline-icon bdt-timeline-icon bdt-timeline-icon bdt-timeline-icon bdt-timeline-icon bdt-timeline-icon bdt-timeline-icon bdt-timeline-icon bdt-timeline-icon bdt-timeline-icon bdt-timeline-icon bdt-timeline-icon bdt-timeline-icon bdt-timeline-icon bdt-timeline-icon bdt-timeline-icon bdt-timeline-icon bdt-timeline-icon bdt-timeline-icon bdt-timeline-icon bdt-timeline-icon bdt-timeline-icon bdt-timeline-icon bdt-timeline-icon bdt-timeline-icon bdt-timeline-icon bdt-timeline-icon bdt-timeline-icon bdt-timeline-icon bdt-timeline-icon bdt-timeline-icon bdt-timeline-icon bdt-timeline-icon bdt-timeline-icon bdt-timeline-icon bdt-timeline-icon bdt-timeline-icon bdt-timeline-icon bdt-timeline-icon bdt-timeline-icon bdt-timeline-icon bdt-timeline-icon bdt-timeline-icon bdt-timeline-icon bdt-timeline-icon bdt-timeline-icon bdt-timeline-icon bdt-timeline-icon bdt-timeline-icon bdt-timeline-icon bdt-timeline-icon bdt-timeline-icon bdt-timeline-icon bdt-timeline-icon bdt-timeline-icon bdt-timeline-icon bdt-timeline-icon bdt-timeline-icon bdt-timeline-icon bdt-timeline-icon bdt-timeline-icon bdt-timeline-icon bdt-timeline-icon bdt-timeline-icon bdt-timeline-icon bdt-timeline-icon bdt-timeline-icon bdt-timeline-icon bdt-timeline-icon bdt-timeline-icon bdt-timeline-icon bdt-timeline-icon bdt-timeline-icon bdt-timeline-icon bdt-timeline-icon bdt-timeline-icon\">\n                            <span><i class=\"ep-icon-post\" aria-hidden=\"true\"><\/i><\/span>\n                    <\/div>\n\t\t\n                                            <div class=\"bdt-timeline-item-main\" >\n            <span class=\"bdt-timeline-arrow\"><\/span>\n\n                        <div class=\"bdt-timeline-thumbnail\">\n                <img decoding=\"async\" src=\"https:\/\/paratraduccion.com\/limiares\/wp-content\/uploads\/2021\/10\/GALIX_octubre-2021.png\" alt=\"Promoci\u00f3n exterior da LIX galega: estratexias e axentes de mediaci\u00f3n\">\n            <\/div>\n        \n            <div class=\"bdt-timeline-desc bdt-padding\">\n                        <h4 class=\"bdt-timeline-title\">\n                            <a href=\"https:\/\/paratraduccion.com\/limiares\/fr\/promocion-exterior-da-lix-galega\/\" title=\"Promoci\u00f3n exterior da LIX galega: estratexias e axentes de mediaci\u00f3n\">\n                    Promoci\u00f3n exterior da LIX galega: estratexias e axentes de mediaci\u00f3n                <\/a>\n                    <\/h4>\n                                                <div class=\"bdt-timeline-excerpt\">\n                <p>El pr\u00f3ximo mi\u00e9rcoles, 13 de octubre de 2021, a las 10.00 h y en el<\/p>\n            <\/div>\n                                <a href=\"https:\/\/paratraduccion.com\/limiares\/fr\/promocion-exterior-da-lix-galega\/\" class=\"bdt-timeline-readmore elementor-button elementor-size-sm\">\n            En savoir plus\n                    <\/a>\n                    <\/div>\n        <\/div>\n    \n                                <\/div>\n                            <\/div>\n                        <\/div>\n\n                        \n                    \n                        <div class=\"bdt-width-1-2@m bdt-timeline-item left-part\">\n\n                            <div class=\"bdt-timeline-item-main-wrapper\">\n                                <div class=\"bdt-timeline-line\">\n                                    <span ><\/span>\n                                <\/div>\n                                <div class=\"bdt-timeline-item-main-container\">\n                                    \n                                            <div class=\"bdt-timeline-icon bdt-timeline-icon bdt-timeline-icon bdt-timeline-icon bdt-timeline-icon bdt-timeline-icon bdt-timeline-icon bdt-timeline-icon bdt-timeline-icon bdt-timeline-icon bdt-timeline-icon bdt-timeline-icon bdt-timeline-icon bdt-timeline-icon bdt-timeline-icon bdt-timeline-icon bdt-timeline-icon bdt-timeline-icon bdt-timeline-icon bdt-timeline-icon bdt-timeline-icon bdt-timeline-icon bdt-timeline-icon bdt-timeline-icon bdt-timeline-icon bdt-timeline-icon bdt-timeline-icon bdt-timeline-icon bdt-timeline-icon bdt-timeline-icon bdt-timeline-icon bdt-timeline-icon bdt-timeline-icon bdt-timeline-icon bdt-timeline-icon bdt-timeline-icon bdt-timeline-icon bdt-timeline-icon bdt-timeline-icon bdt-timeline-icon bdt-timeline-icon bdt-timeline-icon bdt-timeline-icon bdt-timeline-icon bdt-timeline-icon bdt-timeline-icon bdt-timeline-icon bdt-timeline-icon bdt-timeline-icon bdt-timeline-icon bdt-timeline-icon bdt-timeline-icon bdt-timeline-icon bdt-timeline-icon bdt-timeline-icon bdt-timeline-icon bdt-timeline-icon bdt-timeline-icon bdt-timeline-icon bdt-timeline-icon bdt-timeline-icon bdt-timeline-icon bdt-timeline-icon bdt-timeline-icon bdt-timeline-icon bdt-timeline-icon bdt-timeline-icon bdt-timeline-icon bdt-timeline-icon bdt-timeline-icon bdt-timeline-icon bdt-timeline-icon bdt-timeline-icon bdt-timeline-icon bdt-timeline-icon bdt-timeline-icon bdt-timeline-icon bdt-timeline-icon bdt-timeline-icon bdt-timeline-icon bdt-timeline-icon bdt-timeline-icon bdt-timeline-icon bdt-timeline-icon bdt-timeline-icon bdt-timeline-icon bdt-timeline-icon bdt-timeline-icon bdt-timeline-icon bdt-timeline-icon bdt-timeline-icon bdt-timeline-icon bdt-timeline-icon bdt-timeline-icon bdt-timeline-icon bdt-timeline-icon bdt-timeline-icon bdt-timeline-icon bdt-timeline-icon\">\n                            <span><i class=\"ep-icon-post\" aria-hidden=\"true\"><\/i><\/span>\n                    <\/div>\n\t\t\n                                            <div class=\"bdt-timeline-item-main\" >\n            <span class=\"bdt-timeline-arrow\"><\/span>\n\n                        <div class=\"bdt-timeline-thumbnail\">\n                <img decoding=\"async\" src=\"https:\/\/paratraduccion.com\/limiares\/wp-content\/uploads\/2021\/10\/BANNER_AXENDA-1200x675.jpg\" alt=\"Reparto de agendas 2021-2022\">\n            <\/div>\n        \n            <div class=\"bdt-timeline-desc bdt-padding\">\n                        <h4 class=\"bdt-timeline-title\">\n                            <a href=\"https:\/\/paratraduccion.com\/limiares\/fr\/reparto-de-agendas-2021-2022\/\" title=\"Reparto de agendas 2021-2022\">\n                    Reparto de agendas 2021-2022                <\/a>\n                    <\/h4>\n                                                <div class=\"bdt-timeline-excerpt\">\n                <p>La Universidade de Vigo \u00a0y el Consello Social han anunciado el reparto de la agenda<\/p>\n            <\/div>\n                                <a href=\"https:\/\/paratraduccion.com\/limiares\/fr\/reparto-de-agendas-2021-2022\/\" class=\"bdt-timeline-readmore elementor-button elementor-size-sm\">\n            En savoir plus\n                    <\/a>\n                    <\/div>\n        <\/div>\n    \n                                <\/div>\n                            <\/div>\n                        <\/div>\n\n                                                            <div class=\"bdt-timeline-item bdt-width-1-2@m bdt-visible@m\">\n            <div class=\"bdt-timeline-date bdt-text-left\" >\n                <span>03 octobre 2021<\/span>\n            <\/div>\n        <\/div>\n                                \n                                                        <div class=\"bdt-timeline-item bdt-width-1-2@m bdt-visible@m\">\n            <div class=\"bdt-timeline-date bdt-text-right\" >\n                <span>29 septembre 2021<\/span>\n            <\/div>\n        <\/div>\n                                \n                        <div class=\"bdt-width-1-2@m bdt-timeline-item right-part\">\n\n                            <div class=\"bdt-timeline-item-main-wrapper\">\n                                <div class=\"bdt-timeline-line\">\n                                    <span ><\/span>\n                                <\/div>\n                                <div class=\"bdt-timeline-item-main-container\">\n                                    \n                                            <div class=\"bdt-timeline-icon bdt-timeline-icon bdt-timeline-icon bdt-timeline-icon bdt-timeline-icon bdt-timeline-icon bdt-timeline-icon bdt-timeline-icon bdt-timeline-icon bdt-timeline-icon bdt-timeline-icon bdt-timeline-icon bdt-timeline-icon bdt-timeline-icon bdt-timeline-icon bdt-timeline-icon bdt-timeline-icon bdt-timeline-icon bdt-timeline-icon bdt-timeline-icon bdt-timeline-icon bdt-timeline-icon bdt-timeline-icon bdt-timeline-icon bdt-timeline-icon bdt-timeline-icon bdt-timeline-icon bdt-timeline-icon bdt-timeline-icon bdt-timeline-icon bdt-timeline-icon bdt-timeline-icon bdt-timeline-icon bdt-timeline-icon bdt-timeline-icon bdt-timeline-icon bdt-timeline-icon bdt-timeline-icon bdt-timeline-icon bdt-timeline-icon bdt-timeline-icon bdt-timeline-icon bdt-timeline-icon bdt-timeline-icon bdt-timeline-icon bdt-timeline-icon bdt-timeline-icon bdt-timeline-icon bdt-timeline-icon bdt-timeline-icon bdt-timeline-icon bdt-timeline-icon bdt-timeline-icon bdt-timeline-icon bdt-timeline-icon bdt-timeline-icon bdt-timeline-icon bdt-timeline-icon bdt-timeline-icon bdt-timeline-icon bdt-timeline-icon bdt-timeline-icon bdt-timeline-icon bdt-timeline-icon bdt-timeline-icon bdt-timeline-icon bdt-timeline-icon bdt-timeline-icon bdt-timeline-icon bdt-timeline-icon bdt-timeline-icon bdt-timeline-icon bdt-timeline-icon bdt-timeline-icon bdt-timeline-icon bdt-timeline-icon bdt-timeline-icon bdt-timeline-icon bdt-timeline-icon bdt-timeline-icon bdt-timeline-icon bdt-timeline-icon bdt-timeline-icon bdt-timeline-icon bdt-timeline-icon bdt-timeline-icon bdt-timeline-icon bdt-timeline-icon bdt-timeline-icon bdt-timeline-icon bdt-timeline-icon bdt-timeline-icon bdt-timeline-icon bdt-timeline-icon bdt-timeline-icon bdt-timeline-icon bdt-timeline-icon bdt-timeline-icon bdt-timeline-icon bdt-timeline-icon\">\n                            <span><i class=\"ep-icon-post\" aria-hidden=\"true\"><\/i><\/span>\n                    <\/div>\n\t\t\n                                            <div class=\"bdt-timeline-item-main\" >\n            <span class=\"bdt-timeline-arrow\"><\/span>\n\n                        <div class=\"bdt-timeline-thumbnail\">\n                <img decoding=\"async\" src=\"https:\/\/paratraduccion.com\/limiares\/wp-content\/uploads\/2021\/09\/Bienvenido-Sillas.png\" alt=\"Acto de bienvenida al MTCI\">\n            <\/div>\n        \n            <div class=\"bdt-timeline-desc bdt-padding\">\n                        <h4 class=\"bdt-timeline-title\">\n                            <a href=\"https:\/\/paratraduccion.com\/limiares\/fr\/acto-de-bienvenida-al-mtci\/\" title=\"Acto de bienvenida al MTCI\">\n                    Acto de bienvenida al MTCI                <\/a>\n                    <\/h4>\n                                                <div class=\"bdt-timeline-excerpt\">\n                <p>El pr\u00f3ximo lunes 4 de octubre de 2021, a las 13.00 h, tendr\u00e1 lugar en<\/p>\n            <\/div>\n                                <a href=\"https:\/\/paratraduccion.com\/limiares\/fr\/acto-de-bienvenida-al-mtci\/\" class=\"bdt-timeline-readmore elementor-button elementor-size-sm\">\n            En savoir plus\n                    <\/a>\n                    <\/div>\n        <\/div>\n    \n                                <\/div>\n                            <\/div>\n                        <\/div>\n\n                        \n                                    <\/div>\n            <\/div>\n\n        \t\t<\/div>\n\t\t\t\t<\/div>\n\t\t\t\t\t<\/div>\n\t\t<\/div>\n\t\t\t\t\t<\/div>\n\t\t<\/section>\n\t\t\t\t<section class=\"elementor-section elementor-top-section elementor-element elementor-element-0833a2d elementor-section-boxed elementor-section-height-default elementor-section-height-default\" data-id=\"0833a2d\" data-element_type=\"section\" data-settings=\"{&quot;jet_parallax_layout_list&quot;:[]}\">\n\t\t\t\t\t\t<div class=\"elementor-container elementor-column-gap-default\">\n\t\t\t\t\t<div class=\"elementor-column elementor-col-100 elementor-top-column elementor-element elementor-element-744b8ce\" data-id=\"744b8ce\" data-element_type=\"column\">\n\t\t\t<div class=\"elementor-widget-wrap elementor-element-populated\">\n\t\t\t\t\t\t<div class=\"elementor-element elementor-element-14d7617 bdt-custom-gallery-skin-fedara-style-center elementor-widget elementor-widget-bdt-post-gallery\" data-id=\"14d7617\" data-element_type=\"widget\" data-settings=\"{&quot;columns&quot;:&quot;3&quot;,&quot;columns_tablet&quot;:&quot;2&quot;,&quot;columns_mobile&quot;:&quot;1&quot;}\" data-widget_type=\"bdt-post-gallery.default\">\n\t\t\t\t<div class=\"elementor-widget-container\">\n\t\t\t\t\t<div class=\"bdt-post-gallery-wrapper\">\n\n\t\t\t\t\t\t<div id=\"bdt-post-gallery14d7617\" class=\"bdt-post-gallery bdt-ep-grid-filter-container bdt-post-gallery-skin-default bdt-grid bdt-grid-medium\" data-bdt-grid=\"\" data-bdt-lightbox=\"toggle: .bdt-gallery-lightbox-item; animation:slide;\" data-settings=\"{&quot;id&quot;:&quot;#bdt-post-gallery14d7617&quot;,&quot;tiltShow&quot;:false}\">\n\n\t\t\t\t\t<div class=\"bdt-gallery-item bdt-transition-toggle bdt-width-1-1 bdt-width-1-2@s bdt-width-1-3@m\" data-filter=\"\">\n\t\t\t<div class=\"bdt-post-gallery-inner\" >\n\t\t\t\t\t\t<div class=\"bdt-gallery-thumbnail bdt-image-mask\">\n\t\t\t<img fetchpriority=\"high\" decoding=\"async\" width=\"320\" height=\"233\" src=\"https:\/\/paratraduccion.com\/limiares\/wp-content\/uploads\/2021\/08\/MTCI_Excelencia_DUVI_2021_01-320x233.jpg\" class=\"attachment-medium size-medium\" alt=\"La Xunta concede la excelencia al M\u00e1ster en Traducci\u00f3n para la Comunicaci\u00f3n Internacional de la UVigo\" srcset=\"https:\/\/paratraduccion.com\/limiares\/wp-content\/uploads\/2021\/08\/MTCI_Excelencia_DUVI_2021_01-320x233.jpg 320w, https:\/\/paratraduccion.com\/limiares\/wp-content\/uploads\/2021\/08\/MTCI_Excelencia_DUVI_2021_01-1200x873.jpg 1200w, https:\/\/paratraduccion.com\/limiares\/wp-content\/uploads\/2021\/08\/MTCI_Excelencia_DUVI_2021_01-768x559.jpg 768w, https:\/\/paratraduccion.com\/limiares\/wp-content\/uploads\/2021\/08\/MTCI_Excelencia_DUVI_2021_01.jpg 1500w\" sizes=\"(max-width: 320px) 100vw, 320px\" \/>\t\t<\/div>\n\t\t\t<div class=\"bdt-position-cover bdt-overlay bdt-overlay-default bdt-transition-fade\">\n\t\t\t<div class=\"bdt-post-gallery-content\">\n\t\t\t\t<div class=\"bdt-gallery-content-inner\">\n\t\t\t\t\t\t\t<a href=\"https:\/\/paratraduccion.com\/limiares\/fr\/la-xunta-concede-la-excelencia-al-mtci-de-la-uvigo\/\" >\n\t\t\t<h4 class=\"bdt-gallery-item-title bdt-margin-remove\">\n\t\t\t\tLa Xunta concede la excelencia al M\u00e1ster en Traducci\u00f3n para la Comunicaci\u00f3n Internacional de la UVigo\t\t\t<\/h4>\n\t\t<\/a>\n\t\t\t\t\t\t\t<div class=\"bdt-flex-inline bdt-gallery-item-link-wrapper\">\n\t\t\t\t\t\t\t\t\t\t\t\t\t\t\t<a class=\"bdt-gallery-item-link bdt-gallery-lightbox-item bdt-link-icon\" data-elementor-open-lightbox=\"no\" data-caption=\"La Xunta concede la excelencia al M\u00e1ster en Traducci\u00f3n para la Comunicaci\u00f3n Internacional de la UVigo\" href=\"https:\/\/paratraduccion.com\/limiares\/wp-content\/uploads\/2021\/08\/MTCI_Excelencia_DUVI_2021_01.jpg\">\n\t\t\t\t\t\t\t\t\t\t\t\t\t\t\t\t\t\t\t<i class=\"ep-icon-search\" aria-hidden=\"true\"><\/i>\n\t\t\t\t\t\t\t\t\t\t\t\t\t\t\t\t\t<\/a>\n\t\t\t\t\t\t\t\n\t\t\t\t\t\t\t\t\t\t\t\t\t\t\t\t\t\t\t\t\t\t\t<a class=\"bdt-gallery-item-link bdt-link-icon\" href=\"https:\/\/paratraduccion.com\/limiares\/fr\/la-xunta-concede-la-excelencia-al-mtci-de-la-uvigo\/\" >\n\t\t\t\t\t\t\t\t\t\t\t\t\t\t\t\t\t\t\t<i class=\"ep-icon-link\" aria-hidden=\"true\"><\/i>\n\t\t\t\t\t\t\t\t\t\t\t\t\t\t\t\t\t<\/a>\n\t\t\t\t\t\t\t\t\t\t\t\t\t<\/div>\n\t\t\t\t\t\t\t\t\t<\/div>\n\t\t\t<\/div>\n\t\t<\/div>\n\t\t\t\t<\/div>\n\t\t<\/div>\n\t\t<div class=\"bdt-gallery-item bdt-transition-toggle bdt-width-1-1 bdt-width-1-2@s bdt-width-1-3@m\" data-filter=\"\">\n\t\t\t<div class=\"bdt-post-gallery-inner\" >\n\t\t\t\t\t\t<div class=\"bdt-gallery-thumbnail bdt-image-mask\">\n\t\t\t<img decoding=\"async\" width=\"320\" height=\"483\" src=\"https:\/\/paratraduccion.com\/limiares\/wp-content\/uploads\/2022\/05\/WEB-MTCI_24-320x483.jpg\" class=\"attachment-medium size-medium\" alt=\"TFM_Curso 2020-2021_Hasta Febrero de 2021\" srcset=\"https:\/\/paratraduccion.com\/limiares\/wp-content\/uploads\/2022\/05\/WEB-MTCI_24-320x483.jpg 320w, https:\/\/paratraduccion.com\/limiares\/wp-content\/uploads\/2022\/05\/WEB-MTCI_24-1200x1812.jpg 1200w, https:\/\/paratraduccion.com\/limiares\/wp-content\/uploads\/2022\/05\/WEB-MTCI_24-768x1160.jpg 768w, https:\/\/paratraduccion.com\/limiares\/wp-content\/uploads\/2022\/05\/WEB-MTCI_24-1017x1536.jpg 1017w, https:\/\/paratraduccion.com\/limiares\/wp-content\/uploads\/2022\/05\/WEB-MTCI_24-1356x2048.jpg 1356w, https:\/\/paratraduccion.com\/limiares\/wp-content\/uploads\/2022\/05\/WEB-MTCI_24-scaled.jpg 1696w\" sizes=\"(max-width: 320px) 100vw, 320px\" \/>\t\t<\/div>\n\t\t\t<div class=\"bdt-position-cover bdt-overlay bdt-overlay-default bdt-transition-fade\">\n\t\t\t<div class=\"bdt-post-gallery-content\">\n\t\t\t\t<div class=\"bdt-gallery-content-inner\">\n\t\t\t\t\t\t\t<a href=\"https:\/\/paratraduccion.com\/limiares\/fr\/tfm_curso-2020-2021_hasta-febrero-de-2021\/\" >\n\t\t\t<h4 class=\"bdt-gallery-item-title bdt-margin-remove\">\n\t\t\t\tTFM_Curso 2020-2021_Hasta Febrero de 2021\t\t\t<\/h4>\n\t\t<\/a>\n\t\t\t\t\t\t\t<div class=\"bdt-flex-inline bdt-gallery-item-link-wrapper\">\n\t\t\t\t\t\t\t\t\t\t\t\t\t\t\t<a class=\"bdt-gallery-item-link bdt-gallery-lightbox-item bdt-link-icon\" data-elementor-open-lightbox=\"no\" data-caption=\"TFM_Curso 2020-2021_Hasta Febrero de 2021\" href=\"https:\/\/paratraduccion.com\/limiares\/wp-content\/uploads\/2022\/05\/WEB-MTCI_24-scaled.jpg\">\n\t\t\t\t\t\t\t\t\t\t\t\t\t\t\t\t\t\t\t<i class=\"ep-icon-search\" aria-hidden=\"true\"><\/i>\n\t\t\t\t\t\t\t\t\t\t\t\t\t\t\t\t\t<\/a>\n\t\t\t\t\t\t\t\n\t\t\t\t\t\t\t\t\t\t\t\t\t\t\t\t\t\t\t\t\t\t\t<a class=\"bdt-gallery-item-link bdt-link-icon\" href=\"https:\/\/paratraduccion.com\/limiares\/fr\/tfm_curso-2020-2021_hasta-febrero-de-2021\/\" >\n\t\t\t\t\t\t\t\t\t\t\t\t\t\t\t\t\t\t\t<i class=\"ep-icon-link\" aria-hidden=\"true\"><\/i>\n\t\t\t\t\t\t\t\t\t\t\t\t\t\t\t\t\t<\/a>\n\t\t\t\t\t\t\t\t\t\t\t\t\t<\/div>\n\t\t\t\t\t\t\t\t\t<\/div>\n\t\t\t<\/div>\n\t\t<\/div>\n\t\t\t\t<\/div>\n\t\t<\/div>\n\t\t<div class=\"bdt-gallery-item bdt-transition-toggle bdt-width-1-1 bdt-width-1-2@s bdt-width-1-3@m\" data-filter=\"\">\n\t\t\t<div class=\"bdt-post-gallery-inner\" >\n\t\t\t\t\t\t<div class=\"bdt-gallery-thumbnail bdt-image-mask\">\n\t\t\t<img decoding=\"async\" width=\"320\" height=\"177\" src=\"https:\/\/paratraduccion.com\/limiares\/wp-content\/uploads\/2019\/03\/Rennes-II-320x177.jpg\" class=\"attachment-medium size-medium\" alt=\"Posto de lector.a &#8211; Universidade de Rennes 2, Francia &#8211; Curso 2021-2022\" srcset=\"https:\/\/paratraduccion.com\/limiares\/wp-content\/uploads\/2019\/03\/Rennes-II-320x177.jpg 320w, https:\/\/paratraduccion.com\/limiares\/wp-content\/uploads\/2019\/03\/Rennes-II-768x424.jpg 768w, https:\/\/paratraduccion.com\/limiares\/wp-content\/uploads\/2019\/03\/Rennes-II.jpg 899w\" sizes=\"(max-width: 320px) 100vw, 320px\" \/>\t\t<\/div>\n\t\t\t<div class=\"bdt-position-cover bdt-overlay bdt-overlay-default bdt-transition-fade\">\n\t\t\t<div class=\"bdt-post-gallery-content\">\n\t\t\t\t<div class=\"bdt-gallery-content-inner\">\n\t\t\t\t\t\t\t<a href=\"https:\/\/paratraduccion.com\/limiares\/fr\/posto-de-lector-a-universidade-de-rennes-2-francia-curso-2021-2022\/\" >\n\t\t\t<h4 class=\"bdt-gallery-item-title bdt-margin-remove\">\n\t\t\t\tPosto de lector.a &#8211; Universidade de Rennes 2, Francia &#8211; Curso 2021-2022\t\t\t<\/h4>\n\t\t<\/a>\n\t\t\t\t\t\t\t<div class=\"bdt-flex-inline bdt-gallery-item-link-wrapper\">\n\t\t\t\t\t\t\t\t\t\t\t\t\t\t\t<a class=\"bdt-gallery-item-link bdt-gallery-lightbox-item bdt-link-icon\" data-elementor-open-lightbox=\"no\" data-caption=\"Posto de lector.a &#8211; Universidade de Rennes 2, Francia &#8211; Curso 2021-2022\" href=\"https:\/\/paratraduccion.com\/limiares\/wp-content\/uploads\/2019\/03\/Rennes-II.jpg\">\n\t\t\t\t\t\t\t\t\t\t\t\t\t\t\t\t\t\t\t<i class=\"ep-icon-search\" aria-hidden=\"true\"><\/i>\n\t\t\t\t\t\t\t\t\t\t\t\t\t\t\t\t\t<\/a>\n\t\t\t\t\t\t\t\n\t\t\t\t\t\t\t\t\t\t\t\t\t\t\t\t\t\t\t\t\t\t\t<a class=\"bdt-gallery-item-link bdt-link-icon\" href=\"https:\/\/paratraduccion.com\/limiares\/fr\/posto-de-lector-a-universidade-de-rennes-2-francia-curso-2021-2022\/\" >\n\t\t\t\t\t\t\t\t\t\t\t\t\t\t\t\t\t\t\t<i class=\"ep-icon-link\" aria-hidden=\"true\"><\/i>\n\t\t\t\t\t\t\t\t\t\t\t\t\t\t\t\t\t<\/a>\n\t\t\t\t\t\t\t\t\t\t\t\t\t<\/div>\n\t\t\t\t\t\t\t\t\t<\/div>\n\t\t\t<\/div>\n\t\t<\/div>\n\t\t\t\t<\/div>\n\t\t<\/div>\n\t\t<div class=\"bdt-gallery-item bdt-transition-toggle bdt-width-1-1 bdt-width-1-2@s bdt-width-1-3@m\" data-filter=\"\">\n\t\t\t<div class=\"bdt-post-gallery-inner\" >\n\t\t\t\t\t\t<div class=\"bdt-gallery-thumbnail bdt-image-mask\">\n\t\t\t<img loading=\"lazy\" decoding=\"async\" width=\"320\" height=\"216\" src=\"https:\/\/paratraduccion.com\/limiares\/wp-content\/uploads\/2021\/05\/Universite-dAmiens-campus-610x412-1-320x216.jpg\" class=\"attachment-medium size-medium\" alt=\"Campagne d&#8217;emploi des ma\u00eetre.sse.s de langue \u00e9trang\u00e8re et lecteurs-trices\" srcset=\"https:\/\/paratraduccion.com\/limiares\/wp-content\/uploads\/2021\/05\/Universite-dAmiens-campus-610x412-1-320x216.jpg 320w, https:\/\/paratraduccion.com\/limiares\/wp-content\/uploads\/2021\/05\/Universite-dAmiens-campus-610x412-1.jpg 610w\" sizes=\"(max-width: 320px) 100vw, 320px\" \/>\t\t<\/div>\n\t\t\t<div class=\"bdt-position-cover bdt-overlay bdt-overlay-default bdt-transition-fade\">\n\t\t\t<div class=\"bdt-post-gallery-content\">\n\t\t\t\t<div class=\"bdt-gallery-content-inner\">\n\t\t\t\t\t\t\t<a href=\"https:\/\/paratraduccion.com\/limiares\/fr\/campagne-demploi-des-maitre-sse-s-de-langue-etrangere-et-lecteurs-trices\/\" >\n\t\t\t<h4 class=\"bdt-gallery-item-title bdt-margin-remove\">\n\t\t\t\tCampagne d&#8217;emploi des ma\u00eetre.sse.s de langue \u00e9trang\u00e8re et lecteurs-trices\t\t\t<\/h4>\n\t\t<\/a>\n\t\t\t\t\t\t\t<div class=\"bdt-flex-inline bdt-gallery-item-link-wrapper\">\n\t\t\t\t\t\t\t\t\t\t\t\t\t\t\t<a class=\"bdt-gallery-item-link bdt-gallery-lightbox-item bdt-link-icon\" data-elementor-open-lightbox=\"no\" data-caption=\"Campagne d&#8217;emploi des ma\u00eetre.sse.s de langue \u00e9trang\u00e8re et lecteurs-trices\" href=\"https:\/\/paratraduccion.com\/limiares\/wp-content\/uploads\/2021\/05\/Universite-dAmiens-campus-610x412-1.jpg\">\n\t\t\t\t\t\t\t\t\t\t\t\t\t\t\t\t\t\t\t<i class=\"ep-icon-search\" aria-hidden=\"true\"><\/i>\n\t\t\t\t\t\t\t\t\t\t\t\t\t\t\t\t\t<\/a>\n\t\t\t\t\t\t\t\n\t\t\t\t\t\t\t\t\t\t\t\t\t\t\t\t\t\t\t\t\t\t\t<a class=\"bdt-gallery-item-link bdt-link-icon\" href=\"https:\/\/paratraduccion.com\/limiares\/fr\/campagne-demploi-des-maitre-sse-s-de-langue-etrangere-et-lecteurs-trices\/\" >\n\t\t\t\t\t\t\t\t\t\t\t\t\t\t\t\t\t\t\t<i class=\"ep-icon-link\" aria-hidden=\"true\"><\/i>\n\t\t\t\t\t\t\t\t\t\t\t\t\t\t\t\t\t<\/a>\n\t\t\t\t\t\t\t\t\t\t\t\t\t<\/div>\n\t\t\t\t\t\t\t\t\t<\/div>\n\t\t\t<\/div>\n\t\t<\/div>\n\t\t\t\t<\/div>\n\t\t<\/div>\n\t\t<div class=\"bdt-gallery-item bdt-transition-toggle bdt-width-1-1 bdt-width-1-2@s bdt-width-1-3@m\" data-filter=\"\">\n\t\t\t<div class=\"bdt-post-gallery-inner\" >\n\t\t\t\t\t\t<div class=\"bdt-gallery-thumbnail bdt-image-mask\">\n\t\t\t<img loading=\"lazy\" decoding=\"async\" width=\"320\" height=\"179\" src=\"https:\/\/paratraduccion.com\/limiares\/wp-content\/uploads\/2021\/03\/bandera-cantabria-320x179.jpg\" class=\"attachment-medium size-medium\" alt=\"Cantabria: apertura de plazo para presentar ofrecimiento en EOI con la especialidad de franc\u00e9s.\" srcset=\"https:\/\/paratraduccion.com\/limiares\/wp-content\/uploads\/2021\/03\/bandera-cantabria-320x179.jpg 320w, https:\/\/paratraduccion.com\/limiares\/wp-content\/uploads\/2021\/03\/bandera-cantabria.jpg 750w\" sizes=\"(max-width: 320px) 100vw, 320px\" \/>\t\t<\/div>\n\t\t\t<div class=\"bdt-position-cover bdt-overlay bdt-overlay-default bdt-transition-fade\">\n\t\t\t<div class=\"bdt-post-gallery-content\">\n\t\t\t\t<div class=\"bdt-gallery-content-inner\">\n\t\t\t\t\t\t\t<a href=\"https:\/\/paratraduccion.com\/limiares\/fr\/cantabria-apertura-de-plazo-para-presentar-ofrecimiento-en-eoi-con-la-especialidad-de-frances\/\" >\n\t\t\t<h4 class=\"bdt-gallery-item-title bdt-margin-remove\">\n\t\t\t\tCantabria: apertura de plazo para presentar ofrecimiento en EOI con la especialidad de franc\u00e9s.\t\t\t<\/h4>\n\t\t<\/a>\n\t\t\t\t\t\t\t<div class=\"bdt-flex-inline bdt-gallery-item-link-wrapper\">\n\t\t\t\t\t\t\t\t\t\t\t\t\t\t\t<a class=\"bdt-gallery-item-link bdt-gallery-lightbox-item bdt-link-icon\" data-elementor-open-lightbox=\"no\" data-caption=\"Cantabria: apertura de plazo para presentar ofrecimiento en EOI con la especialidad de franc\u00e9s.\" href=\"https:\/\/paratraduccion.com\/limiares\/wp-content\/uploads\/2021\/03\/bandera-cantabria.jpg\">\n\t\t\t\t\t\t\t\t\t\t\t\t\t\t\t\t\t\t\t<i class=\"ep-icon-search\" aria-hidden=\"true\"><\/i>\n\t\t\t\t\t\t\t\t\t\t\t\t\t\t\t\t\t<\/a>\n\t\t\t\t\t\t\t\n\t\t\t\t\t\t\t\t\t\t\t\t\t\t\t\t\t\t\t\t\t\t\t<a class=\"bdt-gallery-item-link bdt-link-icon\" href=\"https:\/\/paratraduccion.com\/limiares\/fr\/cantabria-apertura-de-plazo-para-presentar-ofrecimiento-en-eoi-con-la-especialidad-de-frances\/\" >\n\t\t\t\t\t\t\t\t\t\t\t\t\t\t\t\t\t\t\t<i class=\"ep-icon-link\" aria-hidden=\"true\"><\/i>\n\t\t\t\t\t\t\t\t\t\t\t\t\t\t\t\t\t<\/a>\n\t\t\t\t\t\t\t\t\t\t\t\t\t<\/div>\n\t\t\t\t\t\t\t\t\t<\/div>\n\t\t\t<\/div>\n\t\t<\/div>\n\t\t\t\t<\/div>\n\t\t<\/div>\n\t\t<div class=\"bdt-gallery-item bdt-transition-toggle bdt-width-1-1 bdt-width-1-2@s bdt-width-1-3@m\" data-filter=\"\">\n\t\t\t<div class=\"bdt-post-gallery-inner\" >\n\t\t\t\t\t\t<div class=\"bdt-gallery-thumbnail bdt-image-mask\">\n\t\t\t<img loading=\"lazy\" decoding=\"async\" width=\"310\" height=\"164\" src=\"https:\/\/paratraduccion.com\/limiares\/wp-content\/uploads\/2020\/12\/Misterio-educacion-formacion-profesional.jpg\" class=\"attachment-medium size-medium\" alt=\"Profesores interinos en programas educativos en el exterior: Andorra\" \/>\t\t<\/div>\n\t\t\t<div class=\"bdt-position-cover bdt-overlay bdt-overlay-default bdt-transition-fade\">\n\t\t\t<div class=\"bdt-post-gallery-content\">\n\t\t\t\t<div class=\"bdt-gallery-content-inner\">\n\t\t\t\t\t\t\t<a href=\"https:\/\/paratraduccion.com\/limiares\/fr\/profesores-interinos-en-programas-educativos-en-el-exterior-andorra\/\" >\n\t\t\t<h4 class=\"bdt-gallery-item-title bdt-margin-remove\">\n\t\t\t\tProfesores interinos en programas educativos en el exterior: Andorra\t\t\t<\/h4>\n\t\t<\/a>\n\t\t\t\t\t\t\t<div class=\"bdt-flex-inline bdt-gallery-item-link-wrapper\">\n\t\t\t\t\t\t\t\t\t\t\t\t\t\t\t<a class=\"bdt-gallery-item-link bdt-gallery-lightbox-item bdt-link-icon\" data-elementor-open-lightbox=\"no\" data-caption=\"Profesores interinos en programas educativos en el exterior: Andorra\" href=\"https:\/\/paratraduccion.com\/limiares\/wp-content\/uploads\/2020\/12\/Misterio-educacion-formacion-profesional.jpg\">\n\t\t\t\t\t\t\t\t\t\t\t\t\t\t\t\t\t\t\t<i class=\"ep-icon-search\" aria-hidden=\"true\"><\/i>\n\t\t\t\t\t\t\t\t\t\t\t\t\t\t\t\t\t<\/a>\n\t\t\t\t\t\t\t\n\t\t\t\t\t\t\t\t\t\t\t\t\t\t\t\t\t\t\t\t\t\t\t<a class=\"bdt-gallery-item-link bdt-link-icon\" href=\"https:\/\/paratraduccion.com\/limiares\/fr\/profesores-interinos-en-programas-educativos-en-el-exterior-andorra\/\" >\n\t\t\t\t\t\t\t\t\t\t\t\t\t\t\t\t\t\t\t<i class=\"ep-icon-link\" aria-hidden=\"true\"><\/i>\n\t\t\t\t\t\t\t\t\t\t\t\t\t\t\t\t\t<\/a>\n\t\t\t\t\t\t\t\t\t\t\t\t\t<\/div>\n\t\t\t\t\t\t\t\t\t<\/div>\n\t\t\t<\/div>\n\t\t<\/div>\n\t\t\t\t<\/div>\n\t\t<\/div>\n\t\t<div class=\"bdt-gallery-item bdt-transition-toggle bdt-width-1-1 bdt-width-1-2@s bdt-width-1-3@m\" data-filter=\"\">\n\t\t\t<div class=\"bdt-post-gallery-inner\" >\n\t\t\t\t\t\t<div class=\"bdt-gallery-thumbnail bdt-image-mask\">\n\t\t\t<img loading=\"lazy\" decoding=\"async\" width=\"300\" height=\"198\" src=\"https:\/\/paratraduccion.com\/limiares\/wp-content\/uploads\/2019\/02\/toulouseJeanJaur\u00e8s.jpg\" class=\"attachment-medium size-medium\" alt=\"Recrutement de lecteurs d&#8217;espagnol (Universit\u00e9 de Toulouse)\" \/>\t\t<\/div>\n\t\t\t<div class=\"bdt-position-cover bdt-overlay bdt-overlay-default bdt-transition-fade\">\n\t\t\t<div class=\"bdt-post-gallery-content\">\n\t\t\t\t<div class=\"bdt-gallery-content-inner\">\n\t\t\t\t\t\t\t<a href=\"https:\/\/paratraduccion.com\/limiares\/fr\/recrutement-de-lecteurs-despagnol-universite-de-toulouse\/\" >\n\t\t\t<h4 class=\"bdt-gallery-item-title bdt-margin-remove\">\n\t\t\t\tRecrutement de lecteurs d&#8217;espagnol (Universit\u00e9 de Toulouse)\t\t\t<\/h4>\n\t\t<\/a>\n\t\t\t\t\t\t\t<div class=\"bdt-flex-inline bdt-gallery-item-link-wrapper\">\n\t\t\t\t\t\t\t\t\t\t\t\t\t\t\t<a class=\"bdt-gallery-item-link bdt-gallery-lightbox-item bdt-link-icon\" data-elementor-open-lightbox=\"no\" data-caption=\"Recrutement de lecteurs d&#8217;espagnol (Universit\u00e9 de Toulouse)\" href=\"https:\/\/paratraduccion.com\/limiares\/wp-content\/uploads\/2019\/02\/toulouseJeanJaur\u00e8s.jpg\">\n\t\t\t\t\t\t\t\t\t\t\t\t\t\t\t\t\t\t\t<i class=\"ep-icon-search\" aria-hidden=\"true\"><\/i>\n\t\t\t\t\t\t\t\t\t\t\t\t\t\t\t\t\t<\/a>\n\t\t\t\t\t\t\t\n\t\t\t\t\t\t\t\t\t\t\t\t\t\t\t\t\t\t\t\t\t\t\t<a class=\"bdt-gallery-item-link bdt-link-icon\" href=\"https:\/\/paratraduccion.com\/limiares\/fr\/recrutement-de-lecteurs-despagnol-universite-de-toulouse\/\" >\n\t\t\t\t\t\t\t\t\t\t\t\t\t\t\t\t\t\t\t<i class=\"ep-icon-link\" aria-hidden=\"true\"><\/i>\n\t\t\t\t\t\t\t\t\t\t\t\t\t\t\t\t\t<\/a>\n\t\t\t\t\t\t\t\t\t\t\t\t\t<\/div>\n\t\t\t\t\t\t\t\t\t<\/div>\n\t\t\t<\/div>\n\t\t<\/div>\n\t\t\t\t<\/div>\n\t\t<\/div>\n\t\t<div class=\"bdt-gallery-item bdt-transition-toggle bdt-width-1-1 bdt-width-1-2@s bdt-width-1-3@m\" data-filter=\"\">\n\t\t\t<div class=\"bdt-post-gallery-inner\" >\n\t\t\t\t\t\t<div class=\"bdt-gallery-thumbnail bdt-image-mask\">\n\t\t\t<img loading=\"lazy\" decoding=\"async\" width=\"310\" height=\"164\" src=\"https:\/\/paratraduccion.com\/limiares\/wp-content\/uploads\/2020\/12\/Misterio-educacion-formacion-profesional.jpg\" class=\"attachment-medium size-medium\" alt=\"Profesores interinos en programas educativos en el exterior\" \/>\t\t<\/div>\n\t\t\t<div class=\"bdt-position-cover bdt-overlay bdt-overlay-default bdt-transition-fade\">\n\t\t\t<div class=\"bdt-post-gallery-content\">\n\t\t\t\t<div class=\"bdt-gallery-content-inner\">\n\t\t\t\t\t\t\t<a href=\"https:\/\/paratraduccion.com\/limiares\/fr\/profesores-interinos-en-programas-educativos-en-el-exterior\/\" >\n\t\t\t<h4 class=\"bdt-gallery-item-title bdt-margin-remove\">\n\t\t\t\tProfesores interinos en programas educativos en el exterior\t\t\t<\/h4>\n\t\t<\/a>\n\t\t\t\t\t\t\t<div class=\"bdt-flex-inline bdt-gallery-item-link-wrapper\">\n\t\t\t\t\t\t\t\t\t\t\t\t\t\t\t<a class=\"bdt-gallery-item-link bdt-gallery-lightbox-item bdt-link-icon\" data-elementor-open-lightbox=\"no\" data-caption=\"Profesores interinos en programas educativos en el exterior\" href=\"https:\/\/paratraduccion.com\/limiares\/wp-content\/uploads\/2020\/12\/Misterio-educacion-formacion-profesional.jpg\">\n\t\t\t\t\t\t\t\t\t\t\t\t\t\t\t\t\t\t\t<i class=\"ep-icon-search\" aria-hidden=\"true\"><\/i>\n\t\t\t\t\t\t\t\t\t\t\t\t\t\t\t\t\t<\/a>\n\t\t\t\t\t\t\t\n\t\t\t\t\t\t\t\t\t\t\t\t\t\t\t\t\t\t\t\t\t\t\t<a class=\"bdt-gallery-item-link bdt-link-icon\" href=\"https:\/\/paratraduccion.com\/limiares\/fr\/profesores-interinos-en-programas-educativos-en-el-exterior\/\" >\n\t\t\t\t\t\t\t\t\t\t\t\t\t\t\t\t\t\t\t<i class=\"ep-icon-link\" aria-hidden=\"true\"><\/i>\n\t\t\t\t\t\t\t\t\t\t\t\t\t\t\t\t\t<\/a>\n\t\t\t\t\t\t\t\t\t\t\t\t\t<\/div>\n\t\t\t\t\t\t\t\t\t<\/div>\n\t\t\t<\/div>\n\t\t<\/div>\n\t\t\t\t<\/div>\n\t\t<\/div>\n\t\t<div class=\"bdt-gallery-item bdt-transition-toggle bdt-width-1-1 bdt-width-1-2@s bdt-width-1-3@m\" data-filter=\"\">\n\t\t\t<div class=\"bdt-post-gallery-inner\" >\n\t\t\t\t\t\t<div class=\"bdt-gallery-thumbnail bdt-image-mask\">\n\t\t\t<img loading=\"lazy\" decoding=\"async\" width=\"320\" height=\"153\" src=\"https:\/\/paratraduccion.com\/limiares\/wp-content\/uploads\/2021\/02\/etudiants-parvis-u-bordeaux-montaigne_max0x640-320x153.png\" class=\"attachment-medium size-medium\" alt=\"L&#8217;universit\u00e9 de Bordeaux Montaigne : recrutement de lecteurs\/lectrices\" srcset=\"https:\/\/paratraduccion.com\/limiares\/wp-content\/uploads\/2021\/02\/etudiants-parvis-u-bordeaux-montaigne_max0x640-320x153.png 320w, https:\/\/paratraduccion.com\/limiares\/wp-content\/uploads\/2021\/02\/etudiants-parvis-u-bordeaux-montaigne_max0x640.png 639w\" sizes=\"(max-width: 320px) 100vw, 320px\" \/>\t\t<\/div>\n\t\t\t<div class=\"bdt-position-cover bdt-overlay bdt-overlay-default bdt-transition-fade\">\n\t\t\t<div class=\"bdt-post-gallery-content\">\n\t\t\t\t<div class=\"bdt-gallery-content-inner\">\n\t\t\t\t\t\t\t<a href=\"https:\/\/paratraduccion.com\/limiares\/fr\/luniversite-de-bordeaux-montaigne-recrutement-de-lecteurs-lectrices\/\" >\n\t\t\t<h4 class=\"bdt-gallery-item-title bdt-margin-remove\">\n\t\t\t\tL&#8217;universit\u00e9 de Bordeaux Montaigne : recrutement de lecteurs\/lectrices\t\t\t<\/h4>\n\t\t<\/a>\n\t\t\t\t\t\t\t<div class=\"bdt-flex-inline bdt-gallery-item-link-wrapper\">\n\t\t\t\t\t\t\t\t\t\t\t\t\t\t\t<a class=\"bdt-gallery-item-link bdt-gallery-lightbox-item bdt-link-icon\" data-elementor-open-lightbox=\"no\" data-caption=\"L&#8217;universit\u00e9 de Bordeaux Montaigne : recrutement de lecteurs\/lectrices\" href=\"https:\/\/paratraduccion.com\/limiares\/wp-content\/uploads\/2021\/02\/etudiants-parvis-u-bordeaux-montaigne_max0x640.png\">\n\t\t\t\t\t\t\t\t\t\t\t\t\t\t\t\t\t\t\t<i class=\"ep-icon-search\" aria-hidden=\"true\"><\/i>\n\t\t\t\t\t\t\t\t\t\t\t\t\t\t\t\t\t<\/a>\n\t\t\t\t\t\t\t\n\t\t\t\t\t\t\t\t\t\t\t\t\t\t\t\t\t\t\t\t\t\t\t<a class=\"bdt-gallery-item-link bdt-link-icon\" href=\"https:\/\/paratraduccion.com\/limiares\/fr\/luniversite-de-bordeaux-montaigne-recrutement-de-lecteurs-lectrices\/\" >\n\t\t\t\t\t\t\t\t\t\t\t\t\t\t\t\t\t\t\t<i class=\"ep-icon-link\" aria-hidden=\"true\"><\/i>\n\t\t\t\t\t\t\t\t\t\t\t\t\t\t\t\t\t<\/a>\n\t\t\t\t\t\t\t\t\t\t\t\t\t<\/div>\n\t\t\t\t\t\t\t\t\t<\/div>\n\t\t\t<\/div>\n\t\t<\/div>\n\t\t\t\t<\/div>\n\t\t<\/div>\n\t\t<div class=\"bdt-gallery-item bdt-transition-toggle bdt-width-1-1 bdt-width-1-2@s bdt-width-1-3@m\" data-filter=\"\">\n\t\t\t<div class=\"bdt-post-gallery-inner\" >\n\t\t\t\t\t\t<div class=\"bdt-gallery-thumbnail bdt-image-mask\">\n\t\t\t<img loading=\"lazy\" decoding=\"async\" width=\"310\" height=\"164\" src=\"https:\/\/paratraduccion.com\/limiares\/wp-content\/uploads\/2020\/12\/Misterio-educacion-formacion-profesional.jpg\" class=\"attachment-medium size-medium\" alt=\"Auxiliares de conversaci\u00f3n espa\u00f1oles en el extranjero &#8211; Convocatoria 2021 &#8211; 2022\" \/>\t\t<\/div>\n\t\t\t<div class=\"bdt-position-cover bdt-overlay bdt-overlay-default bdt-transition-fade\">\n\t\t\t<div class=\"bdt-post-gallery-content\">\n\t\t\t\t<div class=\"bdt-gallery-content-inner\">\n\t\t\t\t\t\t\t<a href=\"https:\/\/paratraduccion.com\/limiares\/fr\/auxiliares-de-conversacion-espanoles-en-el-extranjero-convocatoria-2021-2022\/\" >\n\t\t\t<h4 class=\"bdt-gallery-item-title bdt-margin-remove\">\n\t\t\t\tAuxiliares de conversaci\u00f3n espa\u00f1oles en el extranjero &#8211; Convocatoria 2021 &#8211; 2022\t\t\t<\/h4>\n\t\t<\/a>\n\t\t\t\t\t\t\t<div class=\"bdt-flex-inline bdt-gallery-item-link-wrapper\">\n\t\t\t\t\t\t\t\t\t\t\t\t\t\t\t<a class=\"bdt-gallery-item-link bdt-gallery-lightbox-item bdt-link-icon\" data-elementor-open-lightbox=\"no\" data-caption=\"Auxiliares de conversaci\u00f3n espa\u00f1oles en el extranjero &#8211; Convocatoria 2021 &#8211; 2022\" href=\"https:\/\/paratraduccion.com\/limiares\/wp-content\/uploads\/2020\/12\/Misterio-educacion-formacion-profesional.jpg\">\n\t\t\t\t\t\t\t\t\t\t\t\t\t\t\t\t\t\t\t<i class=\"ep-icon-search\" aria-hidden=\"true\"><\/i>\n\t\t\t\t\t\t\t\t\t\t\t\t\t\t\t\t\t<\/a>\n\t\t\t\t\t\t\t\n\t\t\t\t\t\t\t\t\t\t\t\t\t\t\t\t\t\t\t\t\t\t\t<a class=\"bdt-gallery-item-link bdt-link-icon\" href=\"https:\/\/paratraduccion.com\/limiares\/fr\/auxiliares-de-conversacion-espanoles-en-el-extranjero-convocatoria-2021-2022\/\" >\n\t\t\t\t\t\t\t\t\t\t\t\t\t\t\t\t\t\t\t<i class=\"ep-icon-link\" aria-hidden=\"true\"><\/i>\n\t\t\t\t\t\t\t\t\t\t\t\t\t\t\t\t\t<\/a>\n\t\t\t\t\t\t\t\t\t\t\t\t\t<\/div>\n\t\t\t\t\t\t\t\t\t<\/div>\n\t\t\t<\/div>\n\t\t<\/div>\n\t\t\t\t<\/div>\n\t\t<\/div>\n\t\t<div class=\"bdt-gallery-item bdt-transition-toggle bdt-width-1-1 bdt-width-1-2@s bdt-width-1-3@m\" data-filter=\"\">\n\t\t\t<div class=\"bdt-post-gallery-inner\" >\n\t\t\t\t\t\t<div class=\"bdt-gallery-thumbnail bdt-image-mask\">\n\t\t\t<img loading=\"lazy\" decoding=\"async\" width=\"320\" height=\"213\" src=\"https:\/\/paratraduccion.com\/limiares\/wp-content\/uploads\/2020\/12\/aula-instituto_1-320x213.jpg\" class=\"attachment-medium size-medium\" alt=\"Lista abiertas en Asturias y Cantabria\" srcset=\"https:\/\/paratraduccion.com\/limiares\/wp-content\/uploads\/2020\/12\/aula-instituto_1-320x213.jpg 320w, https:\/\/paratraduccion.com\/limiares\/wp-content\/uploads\/2020\/12\/aula-instituto_1-768x512.jpg 768w, https:\/\/paratraduccion.com\/limiares\/wp-content\/uploads\/2020\/12\/aula-instituto_1-1200x800.jpg 1200w\" sizes=\"(max-width: 320px) 100vw, 320px\" \/>\t\t<\/div>\n\t\t\t<div class=\"bdt-position-cover bdt-overlay bdt-overlay-default bdt-transition-fade\">\n\t\t\t<div class=\"bdt-post-gallery-content\">\n\t\t\t\t<div class=\"bdt-gallery-content-inner\">\n\t\t\t\t\t\t\t<a href=\"https:\/\/paratraduccion.com\/limiares\/fr\/lista-abiertas-en-asturias-y-cantabria\/\" >\n\t\t\t<h4 class=\"bdt-gallery-item-title bdt-margin-remove\">\n\t\t\t\tLista abiertas en Asturias y Cantabria\t\t\t<\/h4>\n\t\t<\/a>\n\t\t\t\t\t\t\t<div class=\"bdt-flex-inline bdt-gallery-item-link-wrapper\">\n\t\t\t\t\t\t\t\t\t\t\t\t\t\t\t<a class=\"bdt-gallery-item-link bdt-gallery-lightbox-item bdt-link-icon\" data-elementor-open-lightbox=\"no\" data-caption=\"Lista abiertas en Asturias y Cantabria\" href=\"https:\/\/paratraduccion.com\/limiares\/wp-content\/uploads\/2020\/12\/aula-instituto_1.jpg\">\n\t\t\t\t\t\t\t\t\t\t\t\t\t\t\t\t\t\t\t<i class=\"ep-icon-search\" aria-hidden=\"true\"><\/i>\n\t\t\t\t\t\t\t\t\t\t\t\t\t\t\t\t\t<\/a>\n\t\t\t\t\t\t\t\n\t\t\t\t\t\t\t\t\t\t\t\t\t\t\t\t\t\t\t\t\t\t\t<a class=\"bdt-gallery-item-link bdt-link-icon\" href=\"https:\/\/paratraduccion.com\/limiares\/fr\/lista-abiertas-en-asturias-y-cantabria\/\" >\n\t\t\t\t\t\t\t\t\t\t\t\t\t\t\t\t\t\t\t<i class=\"ep-icon-link\" aria-hidden=\"true\"><\/i>\n\t\t\t\t\t\t\t\t\t\t\t\t\t\t\t\t\t<\/a>\n\t\t\t\t\t\t\t\t\t\t\t\t\t<\/div>\n\t\t\t\t\t\t\t\t\t<\/div>\n\t\t\t<\/div>\n\t\t<\/div>\n\t\t\t\t<\/div>\n\t\t<\/div>\n\t\t<div class=\"bdt-gallery-item bdt-transition-toggle bdt-width-1-1 bdt-width-1-2@s bdt-width-1-3@m\" data-filter=\"\">\n\t\t\t<div class=\"bdt-post-gallery-inner\" >\n\t\t\t\t\t\t<div class=\"bdt-gallery-thumbnail bdt-image-mask\">\n\t\t\t<img loading=\"lazy\" decoding=\"async\" width=\"320\" height=\"213\" src=\"https:\/\/paratraduccion.com\/limiares\/wp-content\/uploads\/2020\/10\/Prof-tableau-320x213.jpg\" class=\"attachment-medium size-medium\" alt=\"Junta de Castilla y Le\u00f3n : Segunda convocatoria para listas de interinos\" srcset=\"https:\/\/paratraduccion.com\/limiares\/wp-content\/uploads\/2020\/10\/Prof-tableau-320x213.jpg 320w, https:\/\/paratraduccion.com\/limiares\/wp-content\/uploads\/2020\/10\/Prof-tableau.jpg 512w\" sizes=\"(max-width: 320px) 100vw, 320px\" \/>\t\t<\/div>\n\t\t\t<div class=\"bdt-position-cover bdt-overlay bdt-overlay-default bdt-transition-fade\">\n\t\t\t<div class=\"bdt-post-gallery-content\">\n\t\t\t\t<div class=\"bdt-gallery-content-inner\">\n\t\t\t\t\t\t\t<a href=\"https:\/\/paratraduccion.com\/limiares\/fr\/junta-de-castilla-y-leon-segunda-convocatoria-para-listas-de-interinos\/\" >\n\t\t\t<h4 class=\"bdt-gallery-item-title bdt-margin-remove\">\n\t\t\t\tJunta de Castilla y Le\u00f3n : Segunda convocatoria para listas de interinos\t\t\t<\/h4>\n\t\t<\/a>\n\t\t\t\t\t\t\t<div class=\"bdt-flex-inline bdt-gallery-item-link-wrapper\">\n\t\t\t\t\t\t\t\t\t\t\t\t\t\t\t<a class=\"bdt-gallery-item-link bdt-gallery-lightbox-item bdt-link-icon\" data-elementor-open-lightbox=\"no\" data-caption=\"Junta de Castilla y Le\u00f3n : Segunda convocatoria para listas de interinos\" href=\"https:\/\/paratraduccion.com\/limiares\/wp-content\/uploads\/2020\/10\/Prof-tableau.jpg\">\n\t\t\t\t\t\t\t\t\t\t\t\t\t\t\t\t\t\t\t<i class=\"ep-icon-search\" aria-hidden=\"true\"><\/i>\n\t\t\t\t\t\t\t\t\t\t\t\t\t\t\t\t\t<\/a>\n\t\t\t\t\t\t\t\n\t\t\t\t\t\t\t\t\t\t\t\t\t\t\t\t\t\t\t\t\t\t\t<a class=\"bdt-gallery-item-link bdt-link-icon\" href=\"https:\/\/paratraduccion.com\/limiares\/fr\/junta-de-castilla-y-leon-segunda-convocatoria-para-listas-de-interinos\/\" >\n\t\t\t\t\t\t\t\t\t\t\t\t\t\t\t\t\t\t\t<i class=\"ep-icon-link\" aria-hidden=\"true\"><\/i>\n\t\t\t\t\t\t\t\t\t\t\t\t\t\t\t\t\t<\/a>\n\t\t\t\t\t\t\t\t\t\t\t\t\t<\/div>\n\t\t\t\t\t\t\t\t\t<\/div>\n\t\t\t<\/div>\n\t\t<\/div>\n\t\t\t\t<\/div>\n\t\t<\/div>\n\t\t<div class=\"bdt-gallery-item bdt-transition-toggle bdt-width-1-1 bdt-width-1-2@s bdt-width-1-3@m\" data-filter=\"\">\n\t\t\t<div class=\"bdt-post-gallery-inner\" >\n\t\t\t\t\t\t<div class=\"bdt-gallery-thumbnail bdt-image-mask\">\n\t\t\t<img loading=\"lazy\" decoding=\"async\" width=\"320\" height=\"213\" src=\"https:\/\/paratraduccion.com\/limiares\/wp-content\/uploads\/2020\/10\/Prof-tableau-320x213.jpg\" class=\"attachment-medium size-medium\" alt=\"VACANTE EN EL INSTITUTO ESPA\u00d1OL LOPE DE VEGA DE NADOR\" srcset=\"https:\/\/paratraduccion.com\/limiares\/wp-content\/uploads\/2020\/10\/Prof-tableau-320x213.jpg 320w, https:\/\/paratraduccion.com\/limiares\/wp-content\/uploads\/2020\/10\/Prof-tableau.jpg 512w\" sizes=\"(max-width: 320px) 100vw, 320px\" \/>\t\t<\/div>\n\t\t\t<div class=\"bdt-position-cover bdt-overlay bdt-overlay-default bdt-transition-fade\">\n\t\t\t<div class=\"bdt-post-gallery-content\">\n\t\t\t\t<div class=\"bdt-gallery-content-inner\">\n\t\t\t\t\t\t\t<a href=\"https:\/\/paratraduccion.com\/limiares\/fr\/vacante-en-el-instituto-espanol-lope-de-vega-de-nador\/\" >\n\t\t\t<h4 class=\"bdt-gallery-item-title bdt-margin-remove\">\n\t\t\t\tVACANTE EN EL INSTITUTO ESPA\u00d1OL LOPE DE VEGA DE NADOR\t\t\t<\/h4>\n\t\t<\/a>\n\t\t\t\t\t\t\t<div class=\"bdt-flex-inline bdt-gallery-item-link-wrapper\">\n\t\t\t\t\t\t\t\t\t\t\t\t\t\t\t<a class=\"bdt-gallery-item-link bdt-gallery-lightbox-item bdt-link-icon\" data-elementor-open-lightbox=\"no\" data-caption=\"VACANTE EN EL INSTITUTO ESPA\u00d1OL LOPE DE VEGA DE NADOR\" href=\"https:\/\/paratraduccion.com\/limiares\/wp-content\/uploads\/2020\/10\/Prof-tableau.jpg\">\n\t\t\t\t\t\t\t\t\t\t\t\t\t\t\t\t\t\t\t<i class=\"ep-icon-search\" aria-hidden=\"true\"><\/i>\n\t\t\t\t\t\t\t\t\t\t\t\t\t\t\t\t\t<\/a>\n\t\t\t\t\t\t\t\n\t\t\t\t\t\t\t\t\t\t\t\t\t\t\t\t\t\t\t\t\t\t\t<a class=\"bdt-gallery-item-link bdt-link-icon\" href=\"https:\/\/paratraduccion.com\/limiares\/fr\/vacante-en-el-instituto-espanol-lope-de-vega-de-nador\/\" >\n\t\t\t\t\t\t\t\t\t\t\t\t\t\t\t\t\t\t\t<i class=\"ep-icon-link\" aria-hidden=\"true\"><\/i>\n\t\t\t\t\t\t\t\t\t\t\t\t\t\t\t\t\t<\/a>\n\t\t\t\t\t\t\t\t\t\t\t\t\t<\/div>\n\t\t\t\t\t\t\t\t\t<\/div>\n\t\t\t<\/div>\n\t\t<\/div>\n\t\t\t\t<\/div>\n\t\t<\/div>\n\t\t<div class=\"bdt-gallery-item bdt-transition-toggle bdt-width-1-1 bdt-width-1-2@s bdt-width-1-3@m\" data-filter=\"\">\n\t\t\t<div class=\"bdt-post-gallery-inner\" >\n\t\t\t\t\t\t<div class=\"bdt-gallery-thumbnail bdt-image-mask\">\n\t\t\t<img loading=\"lazy\" decoding=\"async\" width=\"320\" height=\"88\" src=\"https:\/\/paratraduccion.com\/limiares\/wp-content\/uploads\/2019\/02\/Captura-320x88.jpg\" class=\"attachment-medium size-medium\" alt=\"Apertura das listas de interinidade e substituci\u00f3n &#8211; Conseller\u00eda de Cultura, Educaci\u00f3n e Universidade &#8211; Galicia\" srcset=\"https:\/\/paratraduccion.com\/limiares\/wp-content\/uploads\/2019\/02\/Captura-320x88.jpg 320w, https:\/\/paratraduccion.com\/limiares\/wp-content\/uploads\/2019\/02\/Captura.jpg 373w\" sizes=\"(max-width: 320px) 100vw, 320px\" \/>\t\t<\/div>\n\t\t\t<div class=\"bdt-position-cover bdt-overlay bdt-overlay-default bdt-transition-fade\">\n\t\t\t<div class=\"bdt-post-gallery-content\">\n\t\t\t\t<div class=\"bdt-gallery-content-inner\">\n\t\t\t\t\t\t\t<a href=\"https:\/\/paratraduccion.com\/limiares\/fr\/apertura-das-listas-de-frances\/\" >\n\t\t\t<h4 class=\"bdt-gallery-item-title bdt-margin-remove\">\n\t\t\t\tApertura das listas de interinidade e substituci\u00f3n &#8211; Conseller\u00eda de Cultura, Educaci\u00f3n e Universidade &#8211; Galicia\t\t\t<\/h4>\n\t\t<\/a>\n\t\t\t\t\t\t\t<div class=\"bdt-flex-inline bdt-gallery-item-link-wrapper\">\n\t\t\t\t\t\t\t\t\t\t\t\t\t\t\t<a class=\"bdt-gallery-item-link bdt-gallery-lightbox-item bdt-link-icon\" data-elementor-open-lightbox=\"no\" data-caption=\"Apertura das listas de interinidade e substituci\u00f3n &#8211; Conseller\u00eda de Cultura, Educaci\u00f3n e Universidade &#8211; Galicia\" href=\"https:\/\/paratraduccion.com\/limiares\/wp-content\/uploads\/2019\/02\/Captura.jpg\">\n\t\t\t\t\t\t\t\t\t\t\t\t\t\t\t\t\t\t\t<i class=\"ep-icon-search\" aria-hidden=\"true\"><\/i>\n\t\t\t\t\t\t\t\t\t\t\t\t\t\t\t\t\t<\/a>\n\t\t\t\t\t\t\t\n\t\t\t\t\t\t\t\t\t\t\t\t\t\t\t\t\t\t\t\t\t\t\t<a class=\"bdt-gallery-item-link bdt-link-icon\" href=\"https:\/\/paratraduccion.com\/limiares\/fr\/apertura-das-listas-de-frances\/\" >\n\t\t\t\t\t\t\t\t\t\t\t\t\t\t\t\t\t\t\t<i class=\"ep-icon-link\" aria-hidden=\"true\"><\/i>\n\t\t\t\t\t\t\t\t\t\t\t\t\t\t\t\t\t<\/a>\n\t\t\t\t\t\t\t\t\t\t\t\t\t<\/div>\n\t\t\t\t\t\t\t\t\t<\/div>\n\t\t\t<\/div>\n\t\t<\/div>\n\t\t\t\t<\/div>\n\t\t<\/div>\n\t\t<div class=\"bdt-gallery-item bdt-transition-toggle bdt-width-1-1 bdt-width-1-2@s bdt-width-1-3@m\" data-filter=\"\">\n\t\t\t<div class=\"bdt-post-gallery-inner\" >\n\t\t\t\t\t\t<div class=\"bdt-gallery-thumbnail bdt-image-mask\">\n\t\t\t<img loading=\"lazy\" decoding=\"async\" width=\"320\" height=\"213\" src=\"https:\/\/paratraduccion.com\/limiares\/wp-content\/uploads\/2020\/10\/Prof-tableau-320x213.jpg\" class=\"attachment-medium size-medium\" alt=\"Convocatoria de listas de espera extraordinarias para Personal Docente no universitario (Extremadura)\" srcset=\"https:\/\/paratraduccion.com\/limiares\/wp-content\/uploads\/2020\/10\/Prof-tableau-320x213.jpg 320w, https:\/\/paratraduccion.com\/limiares\/wp-content\/uploads\/2020\/10\/Prof-tableau.jpg 512w\" sizes=\"(max-width: 320px) 100vw, 320px\" \/>\t\t<\/div>\n\t\t\t<div class=\"bdt-position-cover bdt-overlay bdt-overlay-default bdt-transition-fade\">\n\t\t\t<div class=\"bdt-post-gallery-content\">\n\t\t\t\t<div class=\"bdt-gallery-content-inner\">\n\t\t\t\t\t\t\t<a href=\"https:\/\/paratraduccion.com\/limiares\/fr\/convocatoria-de-listas-de-espera-extraordinarias-para-personal-docente-no-universitario-extremadura\/\" >\n\t\t\t<h4 class=\"bdt-gallery-item-title bdt-margin-remove\">\n\t\t\t\tConvocatoria de listas de espera extraordinarias para Personal Docente no universitario (Extremadura)\t\t\t<\/h4>\n\t\t<\/a>\n\t\t\t\t\t\t\t<div class=\"bdt-flex-inline bdt-gallery-item-link-wrapper\">\n\t\t\t\t\t\t\t\t\t\t\t\t\t\t\t<a class=\"bdt-gallery-item-link bdt-gallery-lightbox-item bdt-link-icon\" data-elementor-open-lightbox=\"no\" data-caption=\"Convocatoria de listas de espera extraordinarias para Personal Docente no universitario (Extremadura)\" href=\"https:\/\/paratraduccion.com\/limiares\/wp-content\/uploads\/2020\/10\/Prof-tableau.jpg\">\n\t\t\t\t\t\t\t\t\t\t\t\t\t\t\t\t\t\t\t<i class=\"ep-icon-search\" aria-hidden=\"true\"><\/i>\n\t\t\t\t\t\t\t\t\t\t\t\t\t\t\t\t\t<\/a>\n\t\t\t\t\t\t\t\n\t\t\t\t\t\t\t\t\t\t\t\t\t\t\t\t\t\t\t\t\t\t\t<a class=\"bdt-gallery-item-link bdt-link-icon\" href=\"https:\/\/paratraduccion.com\/limiares\/fr\/convocatoria-de-listas-de-espera-extraordinarias-para-personal-docente-no-universitario-extremadura\/\" >\n\t\t\t\t\t\t\t\t\t\t\t\t\t\t\t\t\t\t\t<i class=\"ep-icon-link\" aria-hidden=\"true\"><\/i>\n\t\t\t\t\t\t\t\t\t\t\t\t\t\t\t\t\t<\/a>\n\t\t\t\t\t\t\t\t\t\t\t\t\t<\/div>\n\t\t\t\t\t\t\t\t\t<\/div>\n\t\t\t<\/div>\n\t\t<\/div>\n\t\t\t\t<\/div>\n\t\t<\/div>\n\n\t\t\t<\/div>\n\t\t<\/div>\n\t\t\t<\/div>\n\t\t\t\t<\/div>\n\t\t\t\t<div class=\"elementor-element elementor-element-f50fb61 bdt-custom-gallery-skin-fedara-style-center elementor-widget elementor-widget-bdt-post-gallery\" data-id=\"f50fb61\" data-element_type=\"widget\" data-settings=\"{&quot;columns&quot;:&quot;3&quot;,&quot;columns_tablet&quot;:&quot;2&quot;,&quot;columns_mobile&quot;:&quot;1&quot;}\" data-widget_type=\"bdt-post-gallery.default\">\n\t\t\t\t<div class=\"elementor-widget-container\">\n\t\t\t\t\t<div class=\"bdt-post-gallery-wrapper\">\n\n\t\t\t\t\t\t<div id=\"bdt-post-galleryf50fb61\" class=\"bdt-post-gallery bdt-ep-grid-filter-container bdt-post-gallery-skin-default bdt-grid bdt-grid-medium\" data-bdt-grid=\"\" data-bdt-lightbox=\"toggle: .bdt-gallery-lightbox-item; animation:slide;\" data-settings=\"{&quot;id&quot;:&quot;#bdt-post-galleryf50fb61&quot;,&quot;tiltShow&quot;:false}\">\n\n\t\t\t\t\t<div class=\"bdt-gallery-item bdt-transition-toggle bdt-width-1-1 bdt-width-1-2@s bdt-width-1-3@m\" data-filter=\"\">\n\t\t\t<div class=\"bdt-post-gallery-inner\" >\n\t\t\t\t\t\t<div class=\"bdt-gallery-thumbnail bdt-image-mask\">\n\t\t\t<img loading=\"lazy\" decoding=\"async\" width=\"320\" height=\"139\" src=\"https:\/\/paratraduccion.com\/limiares\/wp-content\/uploads\/2020\/06\/Region-de-Murcia-320x139.png\" class=\"attachment-medium size-medium\" alt=\"Regi\u00f3n de Murcia : selecci\u00f3n de personal interino de ense\u00f1anza secundaria para cubrir plazas vacantes o sustituciones para franc\u00e9s.\" srcset=\"https:\/\/paratraduccion.com\/limiares\/wp-content\/uploads\/2020\/06\/Region-de-Murcia-320x139.png 320w, https:\/\/paratraduccion.com\/limiares\/wp-content\/uploads\/2020\/06\/Region-de-Murcia.png 700w\" sizes=\"(max-width: 320px) 100vw, 320px\" \/>\t\t<\/div>\n\t\t\t<div class=\"bdt-position-cover bdt-overlay bdt-overlay-default bdt-transition-fade\">\n\t\t\t<div class=\"bdt-post-gallery-content\">\n\t\t\t\t<div class=\"bdt-gallery-content-inner\">\n\t\t\t\t\t\t\t<a href=\"https:\/\/paratraduccion.com\/limiares\/fr\/region-de-murcia-seleccion-de-personal-interino-de-ensenanza-secundaria-para-cubrir-plazas-vacantes-o-sustituciones-para-frances\/\" >\n\t\t\t<h4 class=\"bdt-gallery-item-title bdt-margin-remove\">\n\t\t\t\tRegi\u00f3n de Murcia : selecci\u00f3n de personal interino de ense\u00f1anza secundaria para cubrir plazas vacantes o sustituciones para franc\u00e9s.\t\t\t<\/h4>\n\t\t<\/a>\n\t\t\t\t\t\t\t<div class=\"bdt-flex-inline bdt-gallery-item-link-wrapper\">\n\t\t\t\t\t\t\t\t\t\t\t\t\t\t\t<a class=\"bdt-gallery-item-link bdt-gallery-lightbox-item bdt-link-icon\" data-elementor-open-lightbox=\"no\" data-caption=\"Regi\u00f3n de Murcia : selecci\u00f3n de personal interino de ense\u00f1anza secundaria para cubrir plazas vacantes o sustituciones para franc\u00e9s.\" href=\"https:\/\/paratraduccion.com\/limiares\/wp-content\/uploads\/2020\/06\/Region-de-Murcia.png\">\n\t\t\t\t\t\t\t\t\t\t\t\t\t\t\t\t\t\t\t<i class=\"ep-icon-search\" aria-hidden=\"true\"><\/i>\n\t\t\t\t\t\t\t\t\t\t\t\t\t\t\t\t\t<\/a>\n\t\t\t\t\t\t\t\n\t\t\t\t\t\t\t\t\t\t\t\t\t\t\t\t\t\t\t\t\t\t\t<a class=\"bdt-gallery-item-link bdt-link-icon\" href=\"https:\/\/paratraduccion.com\/limiares\/fr\/region-de-murcia-seleccion-de-personal-interino-de-ensenanza-secundaria-para-cubrir-plazas-vacantes-o-sustituciones-para-frances\/\" >\n\t\t\t\t\t\t\t\t\t\t\t\t\t\t\t\t\t\t\t<i class=\"ep-icon-link\" aria-hidden=\"true\"><\/i>\n\t\t\t\t\t\t\t\t\t\t\t\t\t\t\t\t\t<\/a>\n\t\t\t\t\t\t\t\t\t\t\t\t\t<\/div>\n\t\t\t\t\t\t\t\t\t<\/div>\n\t\t\t<\/div>\n\t\t<\/div>\n\t\t\t\t<\/div>\n\t\t<\/div>\n\t\t<div class=\"bdt-gallery-item bdt-transition-toggle bdt-width-1-1 bdt-width-1-2@s bdt-width-1-3@m\" data-filter=\"\">\n\t\t\t<div class=\"bdt-post-gallery-inner\" >\n\t\t\t\t\t\t<div class=\"bdt-gallery-thumbnail bdt-image-mask\">\n\t\t\t<img loading=\"lazy\" decoding=\"async\" width=\"320\" height=\"180\" src=\"https:\/\/paratraduccion.com\/limiares\/wp-content\/uploads\/2020\/06\/UnivToursEtudiants-320x180.jpg\" class=\"attachment-medium size-medium\" alt=\"Universit\u00e9 de Tours &#8211; Campagne de recrutement pour la rentr\u00e9e 2020\" srcset=\"https:\/\/paratraduccion.com\/limiares\/wp-content\/uploads\/2020\/06\/UnivToursEtudiants-320x180.jpg 320w, https:\/\/paratraduccion.com\/limiares\/wp-content\/uploads\/2020\/06\/UnivToursEtudiants.jpg 676w\" sizes=\"(max-width: 320px) 100vw, 320px\" \/>\t\t<\/div>\n\t\t\t<div class=\"bdt-position-cover bdt-overlay bdt-overlay-default bdt-transition-fade\">\n\t\t\t<div class=\"bdt-post-gallery-content\">\n\t\t\t\t<div class=\"bdt-gallery-content-inner\">\n\t\t\t\t\t\t\t<a href=\"https:\/\/paratraduccion.com\/limiares\/fr\/universite-de-tours-campagne-de-recrutement-pour-la-rentree-2020\/\" >\n\t\t\t<h4 class=\"bdt-gallery-item-title bdt-margin-remove\">\n\t\t\t\tUniversit\u00e9 de Tours &#8211; Campagne de recrutement pour la rentr\u00e9e 2020\t\t\t<\/h4>\n\t\t<\/a>\n\t\t\t\t\t\t\t<div class=\"bdt-flex-inline bdt-gallery-item-link-wrapper\">\n\t\t\t\t\t\t\t\t\t\t\t\t\t\t\t<a class=\"bdt-gallery-item-link bdt-gallery-lightbox-item bdt-link-icon\" data-elementor-open-lightbox=\"no\" data-caption=\"Universit\u00e9 de Tours &#8211; Campagne de recrutement pour la rentr\u00e9e 2020\" href=\"https:\/\/paratraduccion.com\/limiares\/wp-content\/uploads\/2020\/06\/UnivToursEtudiants.jpg\">\n\t\t\t\t\t\t\t\t\t\t\t\t\t\t\t\t\t\t\t<i class=\"ep-icon-search\" aria-hidden=\"true\"><\/i>\n\t\t\t\t\t\t\t\t\t\t\t\t\t\t\t\t\t<\/a>\n\t\t\t\t\t\t\t\n\t\t\t\t\t\t\t\t\t\t\t\t\t\t\t\t\t\t\t\t\t\t\t<a class=\"bdt-gallery-item-link bdt-link-icon\" href=\"https:\/\/paratraduccion.com\/limiares\/fr\/universite-de-tours-campagne-de-recrutement-pour-la-rentree-2020\/\" >\n\t\t\t\t\t\t\t\t\t\t\t\t\t\t\t\t\t\t\t<i class=\"ep-icon-link\" aria-hidden=\"true\"><\/i>\n\t\t\t\t\t\t\t\t\t\t\t\t\t\t\t\t\t<\/a>\n\t\t\t\t\t\t\t\t\t\t\t\t\t<\/div>\n\t\t\t\t\t\t\t\t\t<\/div>\n\t\t\t<\/div>\n\t\t<\/div>\n\t\t\t\t<\/div>\n\t\t<\/div>\n\t\t<div class=\"bdt-gallery-item bdt-transition-toggle bdt-width-1-1 bdt-width-1-2@s bdt-width-1-3@m\" data-filter=\"\">\n\t\t\t<div class=\"bdt-post-gallery-inner\" >\n\t\t\t\t\t\t<div class=\"bdt-gallery-thumbnail bdt-image-mask\">\n\t\t\t<img loading=\"lazy\" decoding=\"async\" width=\"320\" height=\"196\" src=\"https:\/\/paratraduccion.com\/limiares\/wp-content\/uploads\/2019\/06\/parlamento-de-galicia-320x196.jpg\" class=\"attachment-medium size-medium\" alt=\"O Parlamento de Galicia convoca oito bolsas de formaci\u00f3n pr\u00e1ctica para titulados universitarios\" srcset=\"https:\/\/paratraduccion.com\/limiares\/wp-content\/uploads\/2019\/06\/parlamento-de-galicia-320x196.jpg 320w, https:\/\/paratraduccion.com\/limiares\/wp-content\/uploads\/2019\/06\/parlamento-de-galicia.jpg 344w\" sizes=\"(max-width: 320px) 100vw, 320px\" \/>\t\t<\/div>\n\t\t\t<div class=\"bdt-position-cover bdt-overlay bdt-overlay-default bdt-transition-fade\">\n\t\t\t<div class=\"bdt-post-gallery-content\">\n\t\t\t\t<div class=\"bdt-gallery-content-inner\">\n\t\t\t\t\t\t\t<a href=\"https:\/\/paratraduccion.com\/limiares\/fr\/o-parlamento-de-galicia-convoca-oito-bolsas-de-formacion-practica-para-titulados-universitarios\/\" >\n\t\t\t<h4 class=\"bdt-gallery-item-title bdt-margin-remove\">\n\t\t\t\tO Parlamento de Galicia convoca oito bolsas de formaci\u00f3n pr\u00e1ctica para titulados universitarios\t\t\t<\/h4>\n\t\t<\/a>\n\t\t\t\t\t\t\t<div class=\"bdt-flex-inline bdt-gallery-item-link-wrapper\">\n\t\t\t\t\t\t\t\t\t\t\t\t\t\t\t<a class=\"bdt-gallery-item-link bdt-gallery-lightbox-item bdt-link-icon\" data-elementor-open-lightbox=\"no\" data-caption=\"O Parlamento de Galicia convoca oito bolsas de formaci\u00f3n pr\u00e1ctica para titulados universitarios\" href=\"https:\/\/paratraduccion.com\/limiares\/wp-content\/uploads\/2019\/06\/parlamento-de-galicia.jpg\">\n\t\t\t\t\t\t\t\t\t\t\t\t\t\t\t\t\t\t\t<i class=\"ep-icon-search\" aria-hidden=\"true\"><\/i>\n\t\t\t\t\t\t\t\t\t\t\t\t\t\t\t\t\t<\/a>\n\t\t\t\t\t\t\t\n\t\t\t\t\t\t\t\t\t\t\t\t\t\t\t\t\t\t\t\t\t\t\t<a class=\"bdt-gallery-item-link bdt-link-icon\" href=\"https:\/\/paratraduccion.com\/limiares\/fr\/o-parlamento-de-galicia-convoca-oito-bolsas-de-formacion-practica-para-titulados-universitarios\/\" >\n\t\t\t\t\t\t\t\t\t\t\t\t\t\t\t\t\t\t\t<i class=\"ep-icon-link\" aria-hidden=\"true\"><\/i>\n\t\t\t\t\t\t\t\t\t\t\t\t\t\t\t\t\t<\/a>\n\t\t\t\t\t\t\t\t\t\t\t\t\t<\/div>\n\t\t\t\t\t\t\t\t\t<\/div>\n\t\t\t<\/div>\n\t\t<\/div>\n\t\t\t\t<\/div>\n\t\t<\/div>\n\t\t<div class=\"bdt-gallery-item bdt-transition-toggle bdt-width-1-1 bdt-width-1-2@s bdt-width-1-3@m\" data-filter=\"\">\n\t\t\t<div class=\"bdt-post-gallery-inner\" >\n\t\t\t\t\t\t<div class=\"bdt-gallery-thumbnail bdt-image-mask\">\n\t\t\t<img loading=\"lazy\" decoding=\"async\" width=\"320\" height=\"228\" src=\"https:\/\/paratraduccion.com\/limiares\/wp-content\/uploads\/2020\/05\/UniLille-320x228.jpg\" class=\"attachment-medium size-medium\" alt=\"Universit\u00e9 de Lille : campagne de recrutement des enseignants contractuels &#8211; Rentr\u00e9e 2020\" srcset=\"https:\/\/paratraduccion.com\/limiares\/wp-content\/uploads\/2020\/05\/UniLille-320x228.jpg 320w, https:\/\/paratraduccion.com\/limiares\/wp-content\/uploads\/2020\/05\/UniLille-768x546.jpg 768w, https:\/\/paratraduccion.com\/limiares\/wp-content\/uploads\/2020\/05\/UniLille.jpg 894w\" sizes=\"(max-width: 320px) 100vw, 320px\" \/>\t\t<\/div>\n\t\t\t<div class=\"bdt-position-cover bdt-overlay bdt-overlay-default bdt-transition-fade\">\n\t\t\t<div class=\"bdt-post-gallery-content\">\n\t\t\t\t<div class=\"bdt-gallery-content-inner\">\n\t\t\t\t\t\t\t<a href=\"https:\/\/paratraduccion.com\/limiares\/fr\/universite-de-lille-campagne-de-recrutement-des-enseignants-contractuels-rentree-2020\/\" >\n\t\t\t<h4 class=\"bdt-gallery-item-title bdt-margin-remove\">\n\t\t\t\tUniversit\u00e9 de Lille : campagne de recrutement des enseignants contractuels &#8211; Rentr\u00e9e 2020\t\t\t<\/h4>\n\t\t<\/a>\n\t\t\t\t\t\t\t<div class=\"bdt-flex-inline bdt-gallery-item-link-wrapper\">\n\t\t\t\t\t\t\t\t\t\t\t\t\t\t\t<a class=\"bdt-gallery-item-link bdt-gallery-lightbox-item bdt-link-icon\" data-elementor-open-lightbox=\"no\" data-caption=\"Universit\u00e9 de Lille : campagne de recrutement des enseignants contractuels &#8211; Rentr\u00e9e 2020\" href=\"https:\/\/paratraduccion.com\/limiares\/wp-content\/uploads\/2020\/05\/UniLille.jpg\">\n\t\t\t\t\t\t\t\t\t\t\t\t\t\t\t\t\t\t\t<i class=\"ep-icon-search\" aria-hidden=\"true\"><\/i>\n\t\t\t\t\t\t\t\t\t\t\t\t\t\t\t\t\t<\/a>\n\t\t\t\t\t\t\t\n\t\t\t\t\t\t\t\t\t\t\t\t\t\t\t\t\t\t\t\t\t\t\t<a class=\"bdt-gallery-item-link bdt-link-icon\" href=\"https:\/\/paratraduccion.com\/limiares\/fr\/universite-de-lille-campagne-de-recrutement-des-enseignants-contractuels-rentree-2020\/\" >\n\t\t\t\t\t\t\t\t\t\t\t\t\t\t\t\t\t\t\t<i class=\"ep-icon-link\" aria-hidden=\"true\"><\/i>\n\t\t\t\t\t\t\t\t\t\t\t\t\t\t\t\t\t<\/a>\n\t\t\t\t\t\t\t\t\t\t\t\t\t<\/div>\n\t\t\t\t\t\t\t\t\t<\/div>\n\t\t\t<\/div>\n\t\t<\/div>\n\t\t\t\t<\/div>\n\t\t<\/div>\n\t\t<div class=\"bdt-gallery-item bdt-transition-toggle bdt-width-1-1 bdt-width-1-2@s bdt-width-1-3@m\" data-filter=\"\">\n\t\t\t<div class=\"bdt-post-gallery-inner\" >\n\t\t\t\t\t\t<div class=\"bdt-gallery-thumbnail bdt-image-mask\">\n\t\t\t<img loading=\"lazy\" decoding=\"async\" width=\"320\" height=\"168\" src=\"https:\/\/paratraduccion.com\/limiares\/wp-content\/uploads\/2019\/02\/parvis_etudiantsOK_max0x640-320x168.jpg\" class=\"attachment-medium size-medium\" alt=\"Se abre la convocatoria para profesorado interino en Suiza y Austria para el curso 2020-2021\" srcset=\"https:\/\/paratraduccion.com\/limiares\/wp-content\/uploads\/2019\/02\/parvis_etudiantsOK_max0x640-320x168.jpg 320w, https:\/\/paratraduccion.com\/limiares\/wp-content\/uploads\/2019\/02\/parvis_etudiantsOK_max0x640.jpg 608w\" sizes=\"(max-width: 320px) 100vw, 320px\" \/>\t\t<\/div>\n\t\t\t<div class=\"bdt-position-cover bdt-overlay bdt-overlay-default bdt-transition-fade\">\n\t\t\t<div class=\"bdt-post-gallery-content\">\n\t\t\t\t<div class=\"bdt-gallery-content-inner\">\n\t\t\t\t\t\t\t<a href=\"https:\/\/paratraduccion.com\/limiares\/fr\/se-abre-la-convocatoria-para-profesorado-interino-en-suiza-y-austria-para-el-curso-2020-2021\/\" >\n\t\t\t<h4 class=\"bdt-gallery-item-title bdt-margin-remove\">\n\t\t\t\tSe abre la convocatoria para profesorado interino en Suiza y Austria para el curso 2020-2021\t\t\t<\/h4>\n\t\t<\/a>\n\t\t\t\t\t\t\t<div class=\"bdt-flex-inline bdt-gallery-item-link-wrapper\">\n\t\t\t\t\t\t\t\t\t\t\t\t\t\t\t<a class=\"bdt-gallery-item-link bdt-gallery-lightbox-item bdt-link-icon\" data-elementor-open-lightbox=\"no\" data-caption=\"Se abre la convocatoria para profesorado interino en Suiza y Austria para el curso 2020-2021\" href=\"https:\/\/paratraduccion.com\/limiares\/wp-content\/uploads\/2019\/02\/parvis_etudiantsOK_max0x640.jpg\">\n\t\t\t\t\t\t\t\t\t\t\t\t\t\t\t\t\t\t\t<i class=\"ep-icon-search\" aria-hidden=\"true\"><\/i>\n\t\t\t\t\t\t\t\t\t\t\t\t\t\t\t\t\t<\/a>\n\t\t\t\t\t\t\t\n\t\t\t\t\t\t\t\t\t\t\t\t\t\t\t\t\t\t\t\t\t\t\t<a class=\"bdt-gallery-item-link bdt-link-icon\" href=\"https:\/\/paratraduccion.com\/limiares\/fr\/se-abre-la-convocatoria-para-profesorado-interino-en-suiza-y-austria-para-el-curso-2020-2021\/\" >\n\t\t\t\t\t\t\t\t\t\t\t\t\t\t\t\t\t\t\t<i class=\"ep-icon-link\" aria-hidden=\"true\"><\/i>\n\t\t\t\t\t\t\t\t\t\t\t\t\t\t\t\t\t<\/a>\n\t\t\t\t\t\t\t\t\t\t\t\t\t<\/div>\n\t\t\t\t\t\t\t\t\t<\/div>\n\t\t\t<\/div>\n\t\t<\/div>\n\t\t\t\t<\/div>\n\t\t<\/div>\n\t\t<div class=\"bdt-gallery-item bdt-transition-toggle bdt-width-1-1 bdt-width-1-2@s bdt-width-1-3@m\" data-filter=\"\">\n\t\t\t<div class=\"bdt-post-gallery-inner\" >\n\t\t\t\t\t\t<div class=\"bdt-gallery-thumbnail bdt-image-mask\">\n\t\t\t<img loading=\"lazy\" decoding=\"async\" width=\"320\" height=\"178\" src=\"https:\/\/paratraduccion.com\/limiares\/wp-content\/uploads\/2019\/04\/DepOurense-320x178.jpg\" class=\"attachment-medium size-medium\" alt=\"A Deputaci\u00f3n de Ourense publica unha oferta de emprego p\u00fablico de praza de tradutor\/a de galego.\" srcset=\"https:\/\/paratraduccion.com\/limiares\/wp-content\/uploads\/2019\/04\/DepOurense-320x178.jpg 320w, https:\/\/paratraduccion.com\/limiares\/wp-content\/uploads\/2019\/04\/DepOurense.jpg 338w\" sizes=\"(max-width: 320px) 100vw, 320px\" \/>\t\t<\/div>\n\t\t\t<div class=\"bdt-position-cover bdt-overlay bdt-overlay-default bdt-transition-fade\">\n\t\t\t<div class=\"bdt-post-gallery-content\">\n\t\t\t\t<div class=\"bdt-gallery-content-inner\">\n\t\t\t\t\t\t\t<a href=\"https:\/\/paratraduccion.com\/limiares\/fr\/a-deputacion-de-ourense-publica-unha-oferta-de-emprego-publico-de-praza-de-tradutor-a-de-galego\/\" >\n\t\t\t<h4 class=\"bdt-gallery-item-title bdt-margin-remove\">\n\t\t\t\tA Deputaci\u00f3n de Ourense publica unha oferta de emprego p\u00fablico de praza de tradutor\/a de galego.\t\t\t<\/h4>\n\t\t<\/a>\n\t\t\t\t\t\t\t<div class=\"bdt-flex-inline bdt-gallery-item-link-wrapper\">\n\t\t\t\t\t\t\t\t\t\t\t\t\t\t\t<a class=\"bdt-gallery-item-link bdt-gallery-lightbox-item bdt-link-icon\" data-elementor-open-lightbox=\"no\" data-caption=\"A Deputaci\u00f3n de Ourense publica unha oferta de emprego p\u00fablico de praza de tradutor\/a de galego.\" href=\"https:\/\/paratraduccion.com\/limiares\/wp-content\/uploads\/2019\/04\/DepOurense.jpg\">\n\t\t\t\t\t\t\t\t\t\t\t\t\t\t\t\t\t\t\t<i class=\"ep-icon-search\" aria-hidden=\"true\"><\/i>\n\t\t\t\t\t\t\t\t\t\t\t\t\t\t\t\t\t<\/a>\n\t\t\t\t\t\t\t\n\t\t\t\t\t\t\t\t\t\t\t\t\t\t\t\t\t\t\t\t\t\t\t<a class=\"bdt-gallery-item-link bdt-link-icon\" href=\"https:\/\/paratraduccion.com\/limiares\/fr\/a-deputacion-de-ourense-publica-unha-oferta-de-emprego-publico-de-praza-de-tradutor-a-de-galego\/\" >\n\t\t\t\t\t\t\t\t\t\t\t\t\t\t\t\t\t\t\t<i class=\"ep-icon-link\" aria-hidden=\"true\"><\/i>\n\t\t\t\t\t\t\t\t\t\t\t\t\t\t\t\t\t<\/a>\n\t\t\t\t\t\t\t\t\t\t\t\t\t<\/div>\n\t\t\t\t\t\t\t\t\t<\/div>\n\t\t\t<\/div>\n\t\t<\/div>\n\t\t\t\t<\/div>\n\t\t<\/div>\n\t\t<div class=\"bdt-gallery-item bdt-transition-toggle bdt-width-1-1 bdt-width-1-2@s bdt-width-1-3@m\" data-filter=\"\">\n\t\t\t<div class=\"bdt-post-gallery-inner\" >\n\t\t\t\t\t\t<div class=\"bdt-gallery-thumbnail bdt-image-mask\">\n\t\t\t<img loading=\"lazy\" decoding=\"async\" width=\"320\" height=\"163\" src=\"https:\/\/paratraduccion.com\/limiares\/wp-content\/uploads\/2020\/02\/Giner-de-los-rios-Lisboa-320x163.jpg\" class=\"attachment-medium size-medium\" alt=\"Convocatoria para cubrir puestos docentes en el Instituto espa\u00f1ol &#8220;Giner de los R\u00edos&#8221; en Lisboa &#8211; Curso 2020\/2021\" srcset=\"https:\/\/paratraduccion.com\/limiares\/wp-content\/uploads\/2020\/02\/Giner-de-los-rios-Lisboa-320x163.jpg 320w, https:\/\/paratraduccion.com\/limiares\/wp-content\/uploads\/2020\/02\/Giner-de-los-rios-Lisboa-768x391.jpg 768w, https:\/\/paratraduccion.com\/limiares\/wp-content\/uploads\/2020\/02\/Giner-de-los-rios-Lisboa.jpg 1140w\" sizes=\"(max-width: 320px) 100vw, 320px\" \/>\t\t<\/div>\n\t\t\t<div class=\"bdt-position-cover bdt-overlay bdt-overlay-default bdt-transition-fade\">\n\t\t\t<div class=\"bdt-post-gallery-content\">\n\t\t\t\t<div class=\"bdt-gallery-content-inner\">\n\t\t\t\t\t\t\t<a href=\"https:\/\/paratraduccion.com\/limiares\/fr\/convocatoria-para-cubrir-puestos-docentes-en-el-instituto-espanol-giner-de-los-rios-en-lisboa-curso-2020-2021\/\" >\n\t\t\t<h4 class=\"bdt-gallery-item-title bdt-margin-remove\">\n\t\t\t\tConvocatoria para cubrir puestos docentes en el Instituto espa\u00f1ol &#8220;Giner de los R\u00edos&#8221; en Lisboa &#8211; Curso 2020\/2021\t\t\t<\/h4>\n\t\t<\/a>\n\t\t\t\t\t\t\t<div class=\"bdt-flex-inline bdt-gallery-item-link-wrapper\">\n\t\t\t\t\t\t\t\t\t\t\t\t\t\t\t<a class=\"bdt-gallery-item-link bdt-gallery-lightbox-item bdt-link-icon\" data-elementor-open-lightbox=\"no\" data-caption=\"Convocatoria para cubrir puestos docentes en el Instituto espa\u00f1ol &#8220;Giner de los R\u00edos&#8221; en Lisboa &#8211; Curso 2020\/2021\" href=\"https:\/\/paratraduccion.com\/limiares\/wp-content\/uploads\/2020\/02\/Giner-de-los-rios-Lisboa.jpg\">\n\t\t\t\t\t\t\t\t\t\t\t\t\t\t\t\t\t\t\t<i class=\"ep-icon-search\" aria-hidden=\"true\"><\/i>\n\t\t\t\t\t\t\t\t\t\t\t\t\t\t\t\t\t<\/a>\n\t\t\t\t\t\t\t\n\t\t\t\t\t\t\t\t\t\t\t\t\t\t\t\t\t\t\t\t\t\t\t<a class=\"bdt-gallery-item-link bdt-link-icon\" href=\"https:\/\/paratraduccion.com\/limiares\/fr\/convocatoria-para-cubrir-puestos-docentes-en-el-instituto-espanol-giner-de-los-rios-en-lisboa-curso-2020-2021\/\" >\n\t\t\t\t\t\t\t\t\t\t\t\t\t\t\t\t\t\t\t<i class=\"ep-icon-link\" aria-hidden=\"true\"><\/i>\n\t\t\t\t\t\t\t\t\t\t\t\t\t\t\t\t\t<\/a>\n\t\t\t\t\t\t\t\t\t\t\t\t\t<\/div>\n\t\t\t\t\t\t\t\t\t<\/div>\n\t\t\t<\/div>\n\t\t<\/div>\n\t\t\t\t<\/div>\n\t\t<\/div>\n\t\t<div class=\"bdt-gallery-item bdt-transition-toggle bdt-width-1-1 bdt-width-1-2@s bdt-width-1-3@m\" data-filter=\"\">\n\t\t\t<div class=\"bdt-post-gallery-inner\" >\n\t\t\t\t\t\t<div class=\"bdt-gallery-thumbnail bdt-image-mask\">\n\t\t\t<img loading=\"lazy\" decoding=\"async\" width=\"320\" height=\"483\" src=\"https:\/\/paratraduccion.com\/limiares\/wp-content\/uploads\/2022\/05\/WEB-MTCI_24-320x483.jpg\" class=\"attachment-medium size-medium\" alt=\"TFM_Curso 2019-2020\" srcset=\"https:\/\/paratraduccion.com\/limiares\/wp-content\/uploads\/2022\/05\/WEB-MTCI_24-320x483.jpg 320w, https:\/\/paratraduccion.com\/limiares\/wp-content\/uploads\/2022\/05\/WEB-MTCI_24-1200x1812.jpg 1200w, https:\/\/paratraduccion.com\/limiares\/wp-content\/uploads\/2022\/05\/WEB-MTCI_24-768x1160.jpg 768w, https:\/\/paratraduccion.com\/limiares\/wp-content\/uploads\/2022\/05\/WEB-MTCI_24-1017x1536.jpg 1017w, https:\/\/paratraduccion.com\/limiares\/wp-content\/uploads\/2022\/05\/WEB-MTCI_24-1356x2048.jpg 1356w, https:\/\/paratraduccion.com\/limiares\/wp-content\/uploads\/2022\/05\/WEB-MTCI_24-scaled.jpg 1696w\" sizes=\"(max-width: 320px) 100vw, 320px\" \/>\t\t<\/div>\n\t\t\t<div class=\"bdt-position-cover bdt-overlay bdt-overlay-default bdt-transition-fade\">\n\t\t\t<div class=\"bdt-post-gallery-content\">\n\t\t\t\t<div class=\"bdt-gallery-content-inner\">\n\t\t\t\t\t\t\t<a href=\"https:\/\/paratraduccion.com\/limiares\/fr\/tfm_curso-2019-2020\/\" >\n\t\t\t<h4 class=\"bdt-gallery-item-title bdt-margin-remove\">\n\t\t\t\tTFM_Curso 2019-2020\t\t\t<\/h4>\n\t\t<\/a>\n\t\t\t\t\t\t\t<div class=\"bdt-flex-inline bdt-gallery-item-link-wrapper\">\n\t\t\t\t\t\t\t\t\t\t\t\t\t\t\t<a class=\"bdt-gallery-item-link bdt-gallery-lightbox-item bdt-link-icon\" data-elementor-open-lightbox=\"no\" data-caption=\"TFM_Curso 2019-2020\" href=\"https:\/\/paratraduccion.com\/limiares\/wp-content\/uploads\/2022\/05\/WEB-MTCI_24-scaled.jpg\">\n\t\t\t\t\t\t\t\t\t\t\t\t\t\t\t\t\t\t\t<i class=\"ep-icon-search\" aria-hidden=\"true\"><\/i>\n\t\t\t\t\t\t\t\t\t\t\t\t\t\t\t\t\t<\/a>\n\t\t\t\t\t\t\t\n\t\t\t\t\t\t\t\t\t\t\t\t\t\t\t\t\t\t\t\t\t\t\t<a class=\"bdt-gallery-item-link bdt-link-icon\" href=\"https:\/\/paratraduccion.com\/limiares\/fr\/tfm_curso-2019-2020\/\" >\n\t\t\t\t\t\t\t\t\t\t\t\t\t\t\t\t\t\t\t<i class=\"ep-icon-link\" aria-hidden=\"true\"><\/i>\n\t\t\t\t\t\t\t\t\t\t\t\t\t\t\t\t\t<\/a>\n\t\t\t\t\t\t\t\t\t\t\t\t\t<\/div>\n\t\t\t\t\t\t\t\t\t<\/div>\n\t\t\t<\/div>\n\t\t<\/div>\n\t\t\t\t<\/div>\n\t\t<\/div>\n\t\t<div class=\"bdt-gallery-item bdt-transition-toggle bdt-width-1-1 bdt-width-1-2@s bdt-width-1-3@m\" data-filter=\"\">\n\t\t\t<div class=\"bdt-post-gallery-inner\" >\n\t\t\t\t\t\t<div class=\"bdt-gallery-thumbnail bdt-image-mask\">\n\t\t\t<img loading=\"lazy\" decoding=\"async\" width=\"320\" height=\"244\" src=\"https:\/\/paratraduccion.com\/limiares\/wp-content\/uploads\/2020\/02\/Logo-Ambassade-de-France-en-Espagne-1024x782-320x244.jpg\" class=\"attachment-medium size-medium\" alt=\"CONVOCATORIA PARA LISTAS DE ASPIRANTES A PUESTOS DOCENTES EN FRANCIA PARA EL CURSO 2020\/2021\" srcset=\"https:\/\/paratraduccion.com\/limiares\/wp-content\/uploads\/2020\/02\/Logo-Ambassade-de-France-en-Espagne-1024x782-320x244.jpg 320w, https:\/\/paratraduccion.com\/limiares\/wp-content\/uploads\/2020\/02\/Logo-Ambassade-de-France-en-Espagne-1024x782-768x587.jpg 768w, https:\/\/paratraduccion.com\/limiares\/wp-content\/uploads\/2020\/02\/Logo-Ambassade-de-France-en-Espagne-1024x782.jpg 1024w\" sizes=\"(max-width: 320px) 100vw, 320px\" \/>\t\t<\/div>\n\t\t\t<div class=\"bdt-position-cover bdt-overlay bdt-overlay-default bdt-transition-fade\">\n\t\t\t<div class=\"bdt-post-gallery-content\">\n\t\t\t\t<div class=\"bdt-gallery-content-inner\">\n\t\t\t\t\t\t\t<a href=\"https:\/\/paratraduccion.com\/limiares\/fr\/convocatoria-para-listas-de-aspirantes-a-puestos-docentes-en-francia-para-el-curso-2020-2021\/\" >\n\t\t\t<h4 class=\"bdt-gallery-item-title bdt-margin-remove\">\n\t\t\t\tCONVOCATORIA PARA LISTAS DE ASPIRANTES A PUESTOS DOCENTES EN FRANCIA PARA EL CURSO 2020\/2021\t\t\t<\/h4>\n\t\t<\/a>\n\t\t\t\t\t\t\t<div class=\"bdt-flex-inline bdt-gallery-item-link-wrapper\">\n\t\t\t\t\t\t\t\t\t\t\t\t\t\t\t<a class=\"bdt-gallery-item-link bdt-gallery-lightbox-item bdt-link-icon\" data-elementor-open-lightbox=\"no\" data-caption=\"CONVOCATORIA PARA LISTAS DE ASPIRANTES A PUESTOS DOCENTES EN FRANCIA PARA EL CURSO 2020\/2021\" href=\"https:\/\/paratraduccion.com\/limiares\/wp-content\/uploads\/2020\/02\/Logo-Ambassade-de-France-en-Espagne-1024x782.jpg\">\n\t\t\t\t\t\t\t\t\t\t\t\t\t\t\t\t\t\t\t<i class=\"ep-icon-search\" aria-hidden=\"true\"><\/i>\n\t\t\t\t\t\t\t\t\t\t\t\t\t\t\t\t\t<\/a>\n\t\t\t\t\t\t\t\n\t\t\t\t\t\t\t\t\t\t\t\t\t\t\t\t\t\t\t\t\t\t\t<a class=\"bdt-gallery-item-link bdt-link-icon\" href=\"https:\/\/paratraduccion.com\/limiares\/fr\/convocatoria-para-listas-de-aspirantes-a-puestos-docentes-en-francia-para-el-curso-2020-2021\/\" >\n\t\t\t\t\t\t\t\t\t\t\t\t\t\t\t\t\t\t\t<i class=\"ep-icon-link\" aria-hidden=\"true\"><\/i>\n\t\t\t\t\t\t\t\t\t\t\t\t\t\t\t\t\t<\/a>\n\t\t\t\t\t\t\t\t\t\t\t\t\t<\/div>\n\t\t\t\t\t\t\t\t\t<\/div>\n\t\t\t<\/div>\n\t\t<\/div>\n\t\t\t\t<\/div>\n\t\t<\/div>\n\t\t<div class=\"bdt-gallery-item bdt-transition-toggle bdt-width-1-1 bdt-width-1-2@s bdt-width-1-3@m\" data-filter=\"\">\n\t\t\t<div class=\"bdt-post-gallery-inner\" >\n\t\t\t\t\t\t<div class=\"bdt-gallery-thumbnail bdt-image-mask\">\n\t\t\t<img loading=\"lazy\" decoding=\"async\" width=\"320\" height=\"103\" src=\"https:\/\/paratraduccion.com\/limiares\/wp-content\/uploads\/2020\/01\/logo-Embajada-Cooperaci\u00f3n-320x103.jpg\" class=\"attachment-medium size-medium\" alt=\"Convocatoria para puestos de docentes curso 2020\/2021\" srcset=\"https:\/\/paratraduccion.com\/limiares\/wp-content\/uploads\/2020\/01\/logo-Embajada-Cooperaci\u00f3n-320x103.jpg 320w, https:\/\/paratraduccion.com\/limiares\/wp-content\/uploads\/2020\/01\/logo-Embajada-Cooperaci\u00f3n-768x247.jpg 768w, https:\/\/paratraduccion.com\/limiares\/wp-content\/uploads\/2020\/01\/logo-Embajada-Cooperaci\u00f3n-1200x386.jpg 1200w, https:\/\/paratraduccion.com\/limiares\/wp-content\/uploads\/2020\/01\/logo-Embajada-Cooperaci\u00f3n.jpg 1600w\" sizes=\"(max-width: 320px) 100vw, 320px\" \/>\t\t<\/div>\n\t\t\t<div class=\"bdt-position-cover bdt-overlay bdt-overlay-default bdt-transition-fade\">\n\t\t\t<div class=\"bdt-post-gallery-content\">\n\t\t\t\t<div class=\"bdt-gallery-content-inner\">\n\t\t\t\t\t\t\t<a href=\"https:\/\/paratraduccion.com\/limiares\/fr\/convocatoria-para-puestos-de-docentes-curso-2020-2021\/\" >\n\t\t\t<h4 class=\"bdt-gallery-item-title bdt-margin-remove\">\n\t\t\t\tConvocatoria para puestos de docentes curso 2020\/2021\t\t\t<\/h4>\n\t\t<\/a>\n\t\t\t\t\t\t\t<div class=\"bdt-flex-inline bdt-gallery-item-link-wrapper\">\n\t\t\t\t\t\t\t\t\t\t\t\t\t\t\t<a class=\"bdt-gallery-item-link bdt-gallery-lightbox-item bdt-link-icon\" data-elementor-open-lightbox=\"no\" data-caption=\"Convocatoria para puestos de docentes curso 2020\/2021\" href=\"https:\/\/paratraduccion.com\/limiares\/wp-content\/uploads\/2020\/01\/logo-Embajada-Cooperaci\u00f3n.jpg\">\n\t\t\t\t\t\t\t\t\t\t\t\t\t\t\t\t\t\t\t<i class=\"ep-icon-search\" aria-hidden=\"true\"><\/i>\n\t\t\t\t\t\t\t\t\t\t\t\t\t\t\t\t\t<\/a>\n\t\t\t\t\t\t\t\n\t\t\t\t\t\t\t\t\t\t\t\t\t\t\t\t\t\t\t\t\t\t\t<a class=\"bdt-gallery-item-link bdt-link-icon\" href=\"https:\/\/paratraduccion.com\/limiares\/fr\/convocatoria-para-puestos-de-docentes-curso-2020-2021\/\" >\n\t\t\t\t\t\t\t\t\t\t\t\t\t\t\t\t\t\t\t<i class=\"ep-icon-link\" aria-hidden=\"true\"><\/i>\n\t\t\t\t\t\t\t\t\t\t\t\t\t\t\t\t\t<\/a>\n\t\t\t\t\t\t\t\t\t\t\t\t\t<\/div>\n\t\t\t\t\t\t\t\t\t<\/div>\n\t\t\t<\/div>\n\t\t<\/div>\n\t\t\t\t<\/div>\n\t\t<\/div>\n\t\t<div class=\"bdt-gallery-item bdt-transition-toggle bdt-width-1-1 bdt-width-1-2@s bdt-width-1-3@m\" data-filter=\"\">\n\t\t\t<div class=\"bdt-post-gallery-inner\" >\n\t\t\t\t\t\t<div class=\"bdt-gallery-thumbnail bdt-image-mask\">\n\t\t\t<img loading=\"lazy\" decoding=\"async\" width=\"320\" height=\"211\" src=\"https:\/\/paratraduccion.com\/limiares\/wp-content\/uploads\/2020\/01\/transporte_multimodal-320x211.jpg\" class=\"attachment-medium size-medium\" alt=\"Oferta de trabajo en empresa de transporte internacional\" srcset=\"https:\/\/paratraduccion.com\/limiares\/wp-content\/uploads\/2020\/01\/transporte_multimodal-320x211.jpg 320w, https:\/\/paratraduccion.com\/limiares\/wp-content\/uploads\/2020\/01\/transporte_multimodal-768x507.jpg 768w, https:\/\/paratraduccion.com\/limiares\/wp-content\/uploads\/2020\/01\/transporte_multimodal.jpg 1025w\" sizes=\"(max-width: 320px) 100vw, 320px\" \/>\t\t<\/div>\n\t\t\t<div class=\"bdt-position-cover bdt-overlay bdt-overlay-default bdt-transition-fade\">\n\t\t\t<div class=\"bdt-post-gallery-content\">\n\t\t\t\t<div class=\"bdt-gallery-content-inner\">\n\t\t\t\t\t\t\t<a href=\"https:\/\/paratraduccion.com\/limiares\/fr\/oferta-de-trabajo-en-empresa-de-transporte-internacional\/\" >\n\t\t\t<h4 class=\"bdt-gallery-item-title bdt-margin-remove\">\n\t\t\t\tOferta de trabajo en empresa de transporte internacional\t\t\t<\/h4>\n\t\t<\/a>\n\t\t\t\t\t\t\t<div class=\"bdt-flex-inline bdt-gallery-item-link-wrapper\">\n\t\t\t\t\t\t\t\t\t\t\t\t\t\t\t<a class=\"bdt-gallery-item-link bdt-gallery-lightbox-item bdt-link-icon\" data-elementor-open-lightbox=\"no\" data-caption=\"Oferta de trabajo en empresa de transporte internacional\" href=\"https:\/\/paratraduccion.com\/limiares\/wp-content\/uploads\/2020\/01\/transporte_multimodal.jpg\">\n\t\t\t\t\t\t\t\t\t\t\t\t\t\t\t\t\t\t\t<i class=\"ep-icon-search\" aria-hidden=\"true\"><\/i>\n\t\t\t\t\t\t\t\t\t\t\t\t\t\t\t\t\t<\/a>\n\t\t\t\t\t\t\t\n\t\t\t\t\t\t\t\t\t\t\t\t\t\t\t\t\t\t\t\t\t\t\t<a class=\"bdt-gallery-item-link bdt-link-icon\" href=\"https:\/\/paratraduccion.com\/limiares\/fr\/oferta-de-trabajo-en-empresa-de-transporte-internacional\/\" >\n\t\t\t\t\t\t\t\t\t\t\t\t\t\t\t\t\t\t\t<i class=\"ep-icon-link\" aria-hidden=\"true\"><\/i>\n\t\t\t\t\t\t\t\t\t\t\t\t\t\t\t\t\t<\/a>\n\t\t\t\t\t\t\t\t\t\t\t\t\t<\/div>\n\t\t\t\t\t\t\t\t\t<\/div>\n\t\t\t<\/div>\n\t\t<\/div>\n\t\t\t\t<\/div>\n\t\t<\/div>\n\t\t<div class=\"bdt-gallery-item bdt-transition-toggle bdt-width-1-1 bdt-width-1-2@s bdt-width-1-3@m\" data-filter=\"\">\n\t\t\t<div class=\"bdt-post-gallery-inner\" >\n\t\t\t\t\t\t<div class=\"bdt-gallery-thumbnail bdt-image-mask\">\n\t\t\t<img loading=\"lazy\" decoding=\"async\" width=\"309\" height=\"163\" src=\"https:\/\/paratraduccion.com\/limiares\/wp-content\/uploads\/2020\/01\/Logo-AECID.png\" class=\"attachment-medium size-medium\" alt=\"Convocatoria lectorados 2019\/2020\" \/>\t\t<\/div>\n\t\t\t<div class=\"bdt-position-cover bdt-overlay bdt-overlay-default bdt-transition-fade\">\n\t\t\t<div class=\"bdt-post-gallery-content\">\n\t\t\t\t<div class=\"bdt-gallery-content-inner\">\n\t\t\t\t\t\t\t<a href=\"https:\/\/paratraduccion.com\/limiares\/fr\/convocatoria-lectorados-2019-2020-2\/\" >\n\t\t\t<h4 class=\"bdt-gallery-item-title bdt-margin-remove\">\n\t\t\t\tConvocatoria lectorados 2019\/2020\t\t\t<\/h4>\n\t\t<\/a>\n\t\t\t\t\t\t\t<div class=\"bdt-flex-inline bdt-gallery-item-link-wrapper\">\n\t\t\t\t\t\t\t\t\t\t\t\t\t\t\t<a class=\"bdt-gallery-item-link bdt-gallery-lightbox-item bdt-link-icon\" data-elementor-open-lightbox=\"no\" data-caption=\"Convocatoria lectorados 2019\/2020\" href=\"https:\/\/paratraduccion.com\/limiares\/wp-content\/uploads\/2020\/01\/Logo-AECID.png\">\n\t\t\t\t\t\t\t\t\t\t\t\t\t\t\t\t\t\t\t<i class=\"ep-icon-search\" aria-hidden=\"true\"><\/i>\n\t\t\t\t\t\t\t\t\t\t\t\t\t\t\t\t\t<\/a>\n\t\t\t\t\t\t\t\n\t\t\t\t\t\t\t\t\t\t\t\t\t\t\t\t\t\t\t\t\t\t\t<a class=\"bdt-gallery-item-link bdt-link-icon\" href=\"https:\/\/paratraduccion.com\/limiares\/fr\/convocatoria-lectorados-2019-2020-2\/\" >\n\t\t\t\t\t\t\t\t\t\t\t\t\t\t\t\t\t\t\t<i class=\"ep-icon-link\" aria-hidden=\"true\"><\/i>\n\t\t\t\t\t\t\t\t\t\t\t\t\t\t\t\t\t<\/a>\n\t\t\t\t\t\t\t\t\t\t\t\t\t<\/div>\n\t\t\t\t\t\t\t\t\t<\/div>\n\t\t\t<\/div>\n\t\t<\/div>\n\t\t\t\t<\/div>\n\t\t<\/div>\n\t\t<div class=\"bdt-gallery-item bdt-transition-toggle bdt-width-1-1 bdt-width-1-2@s bdt-width-1-3@m\" data-filter=\"\">\n\t\t\t<div class=\"bdt-post-gallery-inner\" >\n\t\t\t\t\t\t<div class=\"bdt-gallery-thumbnail bdt-image-mask\">\n\t\t\t<img loading=\"lazy\" decoding=\"async\" width=\"287\" height=\"193\" src=\"https:\/\/paratraduccion.com\/limiares\/wp-content\/uploads\/2020\/01\/UE.jpg\" class=\"attachment-medium size-medium\" alt=\"Informaci\u00f3n de pr\u00e1cticas e traballo como traductor\/a ou corrector\/a na UE\" \/>\t\t<\/div>\n\t\t\t<div class=\"bdt-position-cover bdt-overlay bdt-overlay-default bdt-transition-fade\">\n\t\t\t<div class=\"bdt-post-gallery-content\">\n\t\t\t\t<div class=\"bdt-gallery-content-inner\">\n\t\t\t\t\t\t\t<a href=\"https:\/\/paratraduccion.com\/limiares\/fr\/informacion-de-practicas-e-traballo-como-traductor-a-ou-corrector-a-na-ue\/\" >\n\t\t\t<h4 class=\"bdt-gallery-item-title bdt-margin-remove\">\n\t\t\t\tInformaci\u00f3n de pr\u00e1cticas e traballo como traductor\/a ou corrector\/a na UE\t\t\t<\/h4>\n\t\t<\/a>\n\t\t\t\t\t\t\t<div class=\"bdt-flex-inline bdt-gallery-item-link-wrapper\">\n\t\t\t\t\t\t\t\t\t\t\t\t\t\t\t<a class=\"bdt-gallery-item-link bdt-gallery-lightbox-item bdt-link-icon\" data-elementor-open-lightbox=\"no\" data-caption=\"Informaci\u00f3n de pr\u00e1cticas e traballo como traductor\/a ou corrector\/a na UE\" href=\"https:\/\/paratraduccion.com\/limiares\/wp-content\/uploads\/2020\/01\/UE.jpg\">\n\t\t\t\t\t\t\t\t\t\t\t\t\t\t\t\t\t\t\t<i class=\"ep-icon-search\" aria-hidden=\"true\"><\/i>\n\t\t\t\t\t\t\t\t\t\t\t\t\t\t\t\t\t<\/a>\n\t\t\t\t\t\t\t\n\t\t\t\t\t\t\t\t\t\t\t\t\t\t\t\t\t\t\t\t\t\t\t<a class=\"bdt-gallery-item-link bdt-link-icon\" href=\"https:\/\/paratraduccion.com\/limiares\/fr\/informacion-de-practicas-e-traballo-como-traductor-a-ou-corrector-a-na-ue\/\" >\n\t\t\t\t\t\t\t\t\t\t\t\t\t\t\t\t\t\t\t<i class=\"ep-icon-link\" aria-hidden=\"true\"><\/i>\n\t\t\t\t\t\t\t\t\t\t\t\t\t\t\t\t\t<\/a>\n\t\t\t\t\t\t\t\t\t\t\t\t\t<\/div>\n\t\t\t\t\t\t\t\t\t<\/div>\n\t\t\t<\/div>\n\t\t<\/div>\n\t\t\t\t<\/div>\n\t\t<\/div>\n\t\t<div class=\"bdt-gallery-item bdt-transition-toggle bdt-width-1-1 bdt-width-1-2@s bdt-width-1-3@m\" data-filter=\"\">\n\t\t\t<div class=\"bdt-post-gallery-inner\" >\n\t\t\t\t\t\t<div class=\"bdt-gallery-thumbnail bdt-image-mask\">\n\t\t\t<img loading=\"lazy\" decoding=\"async\" width=\"262\" height=\"168\" src=\"https:\/\/paratraduccion.com\/limiares\/wp-content\/uploads\/2019\/12\/logo-auxiliares-conversacion.jpg\" class=\"attachment-medium size-medium\" alt=\"Convocatoria del programa de auxiliares de conversaci\u00f3n espa\u00f1oles\" \/>\t\t<\/div>\n\t\t\t<div class=\"bdt-position-cover bdt-overlay bdt-overlay-default bdt-transition-fade\">\n\t\t\t<div class=\"bdt-post-gallery-content\">\n\t\t\t\t<div class=\"bdt-gallery-content-inner\">\n\t\t\t\t\t\t\t<a href=\"https:\/\/paratraduccion.com\/limiares\/fr\/convocatoria-del-programa-de-auxiliares-de-conversacion-espanoles\/\" >\n\t\t\t<h4 class=\"bdt-gallery-item-title bdt-margin-remove\">\n\t\t\t\tConvocatoria del programa de auxiliares de conversaci\u00f3n espa\u00f1oles\t\t\t<\/h4>\n\t\t<\/a>\n\t\t\t\t\t\t\t<div class=\"bdt-flex-inline bdt-gallery-item-link-wrapper\">\n\t\t\t\t\t\t\t\t\t\t\t\t\t\t\t<a class=\"bdt-gallery-item-link bdt-gallery-lightbox-item bdt-link-icon\" data-elementor-open-lightbox=\"no\" data-caption=\"Convocatoria del programa de auxiliares de conversaci\u00f3n espa\u00f1oles\" href=\"https:\/\/paratraduccion.com\/limiares\/wp-content\/uploads\/2019\/12\/logo-auxiliares-conversacion.jpg\">\n\t\t\t\t\t\t\t\t\t\t\t\t\t\t\t\t\t\t\t<i class=\"ep-icon-search\" aria-hidden=\"true\"><\/i>\n\t\t\t\t\t\t\t\t\t\t\t\t\t\t\t\t\t<\/a>\n\t\t\t\t\t\t\t\n\t\t\t\t\t\t\t\t\t\t\t\t\t\t\t\t\t\t\t\t\t\t\t<a class=\"bdt-gallery-item-link bdt-link-icon\" href=\"https:\/\/paratraduccion.com\/limiares\/fr\/convocatoria-del-programa-de-auxiliares-de-conversacion-espanoles\/\" >\n\t\t\t\t\t\t\t\t\t\t\t\t\t\t\t\t\t\t\t<i class=\"ep-icon-link\" aria-hidden=\"true\"><\/i>\n\t\t\t\t\t\t\t\t\t\t\t\t\t\t\t\t\t<\/a>\n\t\t\t\t\t\t\t\t\t\t\t\t\t<\/div>\n\t\t\t\t\t\t\t\t\t<\/div>\n\t\t\t<\/div>\n\t\t<\/div>\n\t\t\t\t<\/div>\n\t\t<\/div>\n\t\t<div class=\"bdt-gallery-item bdt-transition-toggle bdt-width-1-1 bdt-width-1-2@s bdt-width-1-3@m\" data-filter=\"\">\n\t\t\t<div class=\"bdt-post-gallery-inner\" >\n\t\t\t\t\t\t<div class=\"bdt-gallery-thumbnail bdt-image-mask\">\n\t\t\t<img loading=\"lazy\" decoding=\"async\" width=\"242\" height=\"86\" src=\"https:\/\/paratraduccion.com\/limiares\/wp-content\/uploads\/2019\/02\/LogoUVIGO.jpg\" class=\"attachment-medium size-medium\" alt=\"Charlas informativas sobre programas de mobilidade internacional para estudantes, curso 2020-21\" \/>\t\t<\/div>\n\t\t\t<div class=\"bdt-position-cover bdt-overlay bdt-overlay-default bdt-transition-fade\">\n\t\t\t<div class=\"bdt-post-gallery-content\">\n\t\t\t\t<div class=\"bdt-gallery-content-inner\">\n\t\t\t\t\t\t\t<a href=\"https:\/\/paratraduccion.com\/limiares\/fr\/charlas-informativas-sobre-programas-de-mobilidade-internacional-para-estudantes-curso-2020-21\/\" >\n\t\t\t<h4 class=\"bdt-gallery-item-title bdt-margin-remove\">\n\t\t\t\tCharlas informativas sobre programas de mobilidade internacional para estudantes, curso 2020-21\t\t\t<\/h4>\n\t\t<\/a>\n\t\t\t\t\t\t\t<div class=\"bdt-flex-inline bdt-gallery-item-link-wrapper\">\n\t\t\t\t\t\t\t\t\t\t\t\t\t\t\t<a class=\"bdt-gallery-item-link bdt-gallery-lightbox-item bdt-link-icon\" data-elementor-open-lightbox=\"no\" data-caption=\"Charlas informativas sobre programas de mobilidade internacional para estudantes, curso 2020-21\" href=\"https:\/\/paratraduccion.com\/limiares\/wp-content\/uploads\/2019\/02\/LogoUVIGO.jpg\">\n\t\t\t\t\t\t\t\t\t\t\t\t\t\t\t\t\t\t\t<i class=\"ep-icon-search\" aria-hidden=\"true\"><\/i>\n\t\t\t\t\t\t\t\t\t\t\t\t\t\t\t\t\t<\/a>\n\t\t\t\t\t\t\t\n\t\t\t\t\t\t\t\t\t\t\t\t\t\t\t\t\t\t\t\t\t\t\t<a class=\"bdt-gallery-item-link bdt-link-icon\" href=\"https:\/\/paratraduccion.com\/limiares\/fr\/charlas-informativas-sobre-programas-de-mobilidade-internacional-para-estudantes-curso-2020-21\/\" >\n\t\t\t\t\t\t\t\t\t\t\t\t\t\t\t\t\t\t\t<i class=\"ep-icon-link\" aria-hidden=\"true\"><\/i>\n\t\t\t\t\t\t\t\t\t\t\t\t\t\t\t\t\t<\/a>\n\t\t\t\t\t\t\t\t\t\t\t\t\t<\/div>\n\t\t\t\t\t\t\t\t\t<\/div>\n\t\t\t<\/div>\n\t\t<\/div>\n\t\t\t\t<\/div>\n\t\t<\/div>\n\t\t<div class=\"bdt-gallery-item bdt-transition-toggle bdt-width-1-1 bdt-width-1-2@s bdt-width-1-3@m\" data-filter=\"\">\n\t\t\t<div class=\"bdt-post-gallery-inner\" >\n\t\t\t\t\t\t<div class=\"bdt-gallery-thumbnail bdt-image-mask\">\n\t\t\t<img loading=\"lazy\" decoding=\"async\" width=\"320\" height=\"168\" src=\"https:\/\/paratraduccion.com\/limiares\/wp-content\/uploads\/2019\/02\/parvis_etudiantsOK_max0x640-320x168.jpg\" class=\"attachment-medium size-medium\" alt=\"Oferta de trabajo: Profesor (Assistant Professor) de traducci\u00f3n\/interpretaci\u00f3n ingl\u00e9s-espa\u00f1ol en Nueva York\" srcset=\"https:\/\/paratraduccion.com\/limiares\/wp-content\/uploads\/2019\/02\/parvis_etudiantsOK_max0x640-320x168.jpg 320w, https:\/\/paratraduccion.com\/limiares\/wp-content\/uploads\/2019\/02\/parvis_etudiantsOK_max0x640.jpg 608w\" sizes=\"(max-width: 320px) 100vw, 320px\" \/>\t\t<\/div>\n\t\t\t<div class=\"bdt-position-cover bdt-overlay bdt-overlay-default bdt-transition-fade\">\n\t\t\t<div class=\"bdt-post-gallery-content\">\n\t\t\t\t<div class=\"bdt-gallery-content-inner\">\n\t\t\t\t\t\t\t<a href=\"https:\/\/paratraduccion.com\/limiares\/fr\/oferta-de-trabajo-profesor-assistant-professor-de-traduccion-interpretacion-ingles-espanol-en-nueva-york\/\" >\n\t\t\t<h4 class=\"bdt-gallery-item-title bdt-margin-remove\">\n\t\t\t\tOferta de trabajo: Profesor (Assistant Professor) de traducci\u00f3n\/interpretaci\u00f3n ingl\u00e9s-espa\u00f1ol en Nueva York\t\t\t<\/h4>\n\t\t<\/a>\n\t\t\t\t\t\t\t<div class=\"bdt-flex-inline bdt-gallery-item-link-wrapper\">\n\t\t\t\t\t\t\t\t\t\t\t\t\t\t\t<a class=\"bdt-gallery-item-link bdt-gallery-lightbox-item bdt-link-icon\" data-elementor-open-lightbox=\"no\" data-caption=\"Oferta de trabajo: Profesor (Assistant Professor) de traducci\u00f3n\/interpretaci\u00f3n ingl\u00e9s-espa\u00f1ol en Nueva York\" href=\"https:\/\/paratraduccion.com\/limiares\/wp-content\/uploads\/2019\/02\/parvis_etudiantsOK_max0x640.jpg\">\n\t\t\t\t\t\t\t\t\t\t\t\t\t\t\t\t\t\t\t<i class=\"ep-icon-search\" aria-hidden=\"true\"><\/i>\n\t\t\t\t\t\t\t\t\t\t\t\t\t\t\t\t\t<\/a>\n\t\t\t\t\t\t\t\n\t\t\t\t\t\t\t\t\t\t\t\t\t\t\t\t\t\t\t\t\t\t\t<a class=\"bdt-gallery-item-link bdt-link-icon\" href=\"https:\/\/paratraduccion.com\/limiares\/fr\/oferta-de-trabajo-profesor-assistant-professor-de-traduccion-interpretacion-ingles-espanol-en-nueva-york\/\" >\n\t\t\t\t\t\t\t\t\t\t\t\t\t\t\t\t\t\t\t<i class=\"ep-icon-link\" aria-hidden=\"true\"><\/i>\n\t\t\t\t\t\t\t\t\t\t\t\t\t\t\t\t\t<\/a>\n\t\t\t\t\t\t\t\t\t\t\t\t\t<\/div>\n\t\t\t\t\t\t\t\t\t<\/div>\n\t\t\t<\/div>\n\t\t<\/div>\n\t\t\t\t<\/div>\n\t\t<\/div>\n\t\t<div class=\"bdt-gallery-item bdt-transition-toggle bdt-width-1-1 bdt-width-1-2@s bdt-width-1-3@m\" data-filter=\"\">\n\t\t\t<div class=\"bdt-post-gallery-inner\" >\n\t\t\t\t\t\t<div class=\"bdt-gallery-thumbnail bdt-image-mask\">\n\t\t\t<img loading=\"lazy\" decoding=\"async\" width=\"320\" height=\"88\" src=\"https:\/\/paratraduccion.com\/limiares\/wp-content\/uploads\/2019\/02\/Captura-320x88.jpg\" class=\"attachment-medium size-medium\" alt=\"Apertura das listas de interinidades e substituci\u00f3ns para impartir docencia en EOI\" srcset=\"https:\/\/paratraduccion.com\/limiares\/wp-content\/uploads\/2019\/02\/Captura-320x88.jpg 320w, https:\/\/paratraduccion.com\/limiares\/wp-content\/uploads\/2019\/02\/Captura.jpg 373w\" sizes=\"(max-width: 320px) 100vw, 320px\" \/>\t\t<\/div>\n\t\t\t<div class=\"bdt-position-cover bdt-overlay bdt-overlay-default bdt-transition-fade\">\n\t\t\t<div class=\"bdt-post-gallery-content\">\n\t\t\t\t<div class=\"bdt-gallery-content-inner\">\n\t\t\t\t\t\t\t<a href=\"https:\/\/paratraduccion.com\/limiares\/fr\/apertura-das-listas-de-interinidades-e-substitucions-para-impartir-docencia-en-eoi\/\" >\n\t\t\t<h4 class=\"bdt-gallery-item-title bdt-margin-remove\">\n\t\t\t\tApertura das listas de interinidades e substituci\u00f3ns para impartir docencia en EOI\t\t\t<\/h4>\n\t\t<\/a>\n\t\t\t\t\t\t\t<div class=\"bdt-flex-inline bdt-gallery-item-link-wrapper\">\n\t\t\t\t\t\t\t\t\t\t\t\t\t\t\t<a class=\"bdt-gallery-item-link bdt-gallery-lightbox-item bdt-link-icon\" data-elementor-open-lightbox=\"no\" data-caption=\"Apertura das listas de interinidades e substituci\u00f3ns para impartir docencia en EOI\" href=\"https:\/\/paratraduccion.com\/limiares\/wp-content\/uploads\/2019\/02\/Captura.jpg\">\n\t\t\t\t\t\t\t\t\t\t\t\t\t\t\t\t\t\t\t<i class=\"ep-icon-search\" aria-hidden=\"true\"><\/i>\n\t\t\t\t\t\t\t\t\t\t\t\t\t\t\t\t\t<\/a>\n\t\t\t\t\t\t\t\n\t\t\t\t\t\t\t\t\t\t\t\t\t\t\t\t\t\t\t\t\t\t\t<a class=\"bdt-gallery-item-link bdt-link-icon\" href=\"https:\/\/paratraduccion.com\/limiares\/fr\/apertura-das-listas-de-interinidades-e-substitucions-para-impartir-docencia-en-eoi\/\" >\n\t\t\t\t\t\t\t\t\t\t\t\t\t\t\t\t\t\t\t<i class=\"ep-icon-link\" aria-hidden=\"true\"><\/i>\n\t\t\t\t\t\t\t\t\t\t\t\t\t\t\t\t\t<\/a>\n\t\t\t\t\t\t\t\t\t\t\t\t\t<\/div>\n\t\t\t\t\t\t\t\t\t<\/div>\n\t\t\t<\/div>\n\t\t<\/div>\n\t\t\t\t<\/div>\n\t\t<\/div>\n\t\t<div class=\"bdt-gallery-item bdt-transition-toggle bdt-width-1-1 bdt-width-1-2@s bdt-width-1-3@m\" data-filter=\"\">\n\t\t\t<div class=\"bdt-post-gallery-inner\" >\n\t\t\t\t\t\t<div class=\"bdt-gallery-thumbnail bdt-image-mask\">\n\t\t\t<img loading=\"lazy\" decoding=\"async\" width=\"320\" height=\"88\" src=\"https:\/\/paratraduccion.com\/limiares\/wp-content\/uploads\/2019\/02\/Captura-320x88.jpg\" class=\"attachment-medium size-medium\" alt=\"Apertura das listas de interinidades e substituci\u00f3ns no corpo de PES\" srcset=\"https:\/\/paratraduccion.com\/limiares\/wp-content\/uploads\/2019\/02\/Captura-320x88.jpg 320w, https:\/\/paratraduccion.com\/limiares\/wp-content\/uploads\/2019\/02\/Captura.jpg 373w\" sizes=\"(max-width: 320px) 100vw, 320px\" \/>\t\t<\/div>\n\t\t\t<div class=\"bdt-position-cover bdt-overlay bdt-overlay-default bdt-transition-fade\">\n\t\t\t<div class=\"bdt-post-gallery-content\">\n\t\t\t\t<div class=\"bdt-gallery-content-inner\">\n\t\t\t\t\t\t\t<a href=\"https:\/\/paratraduccion.com\/limiares\/fr\/apertura-das-listas-de-interinidades-e-substitucions-no-corpo-de-pes\/\" >\n\t\t\t<h4 class=\"bdt-gallery-item-title bdt-margin-remove\">\n\t\t\t\tApertura das listas de interinidades e substituci\u00f3ns no corpo de PES\t\t\t<\/h4>\n\t\t<\/a>\n\t\t\t\t\t\t\t<div class=\"bdt-flex-inline bdt-gallery-item-link-wrapper\">\n\t\t\t\t\t\t\t\t\t\t\t\t\t\t\t<a class=\"bdt-gallery-item-link bdt-gallery-lightbox-item bdt-link-icon\" data-elementor-open-lightbox=\"no\" data-caption=\"Apertura das listas de interinidades e substituci\u00f3ns no corpo de PES\" href=\"https:\/\/paratraduccion.com\/limiares\/wp-content\/uploads\/2019\/02\/Captura.jpg\">\n\t\t\t\t\t\t\t\t\t\t\t\t\t\t\t\t\t\t\t<i class=\"ep-icon-search\" aria-hidden=\"true\"><\/i>\n\t\t\t\t\t\t\t\t\t\t\t\t\t\t\t\t\t<\/a>\n\t\t\t\t\t\t\t\n\t\t\t\t\t\t\t\t\t\t\t\t\t\t\t\t\t\t\t\t\t\t\t<a class=\"bdt-gallery-item-link bdt-link-icon\" href=\"https:\/\/paratraduccion.com\/limiares\/fr\/apertura-das-listas-de-interinidades-e-substitucions-no-corpo-de-pes\/\" >\n\t\t\t\t\t\t\t\t\t\t\t\t\t\t\t\t\t\t\t<i class=\"ep-icon-link\" aria-hidden=\"true\"><\/i>\n\t\t\t\t\t\t\t\t\t\t\t\t\t\t\t\t\t<\/a>\n\t\t\t\t\t\t\t\t\t\t\t\t\t<\/div>\n\t\t\t\t\t\t\t\t\t<\/div>\n\t\t\t<\/div>\n\t\t<\/div>\n\t\t\t\t<\/div>\n\t\t<\/div>\n\t\t<div class=\"bdt-gallery-item bdt-transition-toggle bdt-width-1-1 bdt-width-1-2@s bdt-width-1-3@m\" data-filter=\"\">\n\t\t\t<div class=\"bdt-post-gallery-inner\" >\n\t\t\t\t\t\t<div class=\"bdt-gallery-thumbnail bdt-image-mask\">\n\t\t\t<img loading=\"lazy\" decoding=\"async\" width=\"320\" height=\"171\" src=\"https:\/\/paratraduccion.com\/limiares\/wp-content\/uploads\/2019\/10\/sanfilippo-899x480-320x171.png\" class=\"attachment-medium size-medium\" alt=\"Conferencia: La traducci\u00f3n espa\u00f1ola de textos del \u00abTeatro di Narrazione\u00bb de Ascanio Celestini y de cuentos populares de Giuseppe Pitr\u00e8\" srcset=\"https:\/\/paratraduccion.com\/limiares\/wp-content\/uploads\/2019\/10\/sanfilippo-899x480-320x171.png 320w, https:\/\/paratraduccion.com\/limiares\/wp-content\/uploads\/2019\/10\/sanfilippo-899x480-768x410.png 768w, https:\/\/paratraduccion.com\/limiares\/wp-content\/uploads\/2019\/10\/sanfilippo-899x480.png 899w\" sizes=\"(max-width: 320px) 100vw, 320px\" \/>\t\t<\/div>\n\t\t\t<div class=\"bdt-position-cover bdt-overlay bdt-overlay-default bdt-transition-fade\">\n\t\t\t<div class=\"bdt-post-gallery-content\">\n\t\t\t\t<div class=\"bdt-gallery-content-inner\">\n\t\t\t\t\t\t\t<a href=\"https:\/\/paratraduccion.com\/limiares\/fr\/conferencia-la-traduccion-espanola-de-textos-del-teatro-di-narrazione-de-ascanio-celestini-y-de-cuentos-populares-de-giuseppe-pitre\/\" >\n\t\t\t<h4 class=\"bdt-gallery-item-title bdt-margin-remove\">\n\t\t\t\tConferencia: La traducci\u00f3n espa\u00f1ola de textos del \u00abTeatro di Narrazione\u00bb de Ascanio Celestini y de cuentos populares de Giuseppe Pitr\u00e8\t\t\t<\/h4>\n\t\t<\/a>\n\t\t\t\t\t\t\t<div class=\"bdt-flex-inline bdt-gallery-item-link-wrapper\">\n\t\t\t\t\t\t\t\t\t\t\t\t\t\t\t<a class=\"bdt-gallery-item-link bdt-gallery-lightbox-item bdt-link-icon\" data-elementor-open-lightbox=\"no\" data-caption=\"Conferencia: La traducci\u00f3n espa\u00f1ola de textos del \u00abTeatro di Narrazione\u00bb de Ascanio Celestini y de cuentos populares de Giuseppe Pitr\u00e8\" href=\"https:\/\/paratraduccion.com\/limiares\/wp-content\/uploads\/2019\/10\/sanfilippo-899x480.png\">\n\t\t\t\t\t\t\t\t\t\t\t\t\t\t\t\t\t\t\t<i class=\"ep-icon-search\" aria-hidden=\"true\"><\/i>\n\t\t\t\t\t\t\t\t\t\t\t\t\t\t\t\t\t<\/a>\n\t\t\t\t\t\t\t\n\t\t\t\t\t\t\t\t\t\t\t\t\t\t\t\t\t\t\t\t\t\t\t<a class=\"bdt-gallery-item-link bdt-link-icon\" href=\"https:\/\/paratraduccion.com\/limiares\/fr\/conferencia-la-traduccion-espanola-de-textos-del-teatro-di-narrazione-de-ascanio-celestini-y-de-cuentos-populares-de-giuseppe-pitre\/\" >\n\t\t\t\t\t\t\t\t\t\t\t\t\t\t\t\t\t\t\t<i class=\"ep-icon-link\" aria-hidden=\"true\"><\/i>\n\t\t\t\t\t\t\t\t\t\t\t\t\t\t\t\t\t<\/a>\n\t\t\t\t\t\t\t\t\t\t\t\t\t<\/div>\n\t\t\t\t\t\t\t\t\t<\/div>\n\t\t\t<\/div>\n\t\t<\/div>\n\t\t\t\t<\/div>\n\t\t<\/div>\n\t\t<div class=\"bdt-gallery-item bdt-transition-toggle bdt-width-1-1 bdt-width-1-2@s bdt-width-1-3@m\" data-filter=\"\">\n\t\t\t<div class=\"bdt-post-gallery-inner\" >\n\t\t\t\t\t\t<div class=\"bdt-gallery-thumbnail bdt-image-mask\">\n\t\t\t<img loading=\"lazy\" decoding=\"async\" width=\"320\" height=\"226\" src=\"https:\/\/paratraduccion.com\/limiares\/wp-content\/uploads\/2019\/10\/Int\u00e9rpretes-pioneiras-1900-1953-Deitando-pontes-320x226.jpg\" class=\"attachment-medium size-medium\" alt=\"Int\u00e9rpretes pioneiras (1900-1953) Deitando pontes\" srcset=\"https:\/\/paratraduccion.com\/limiares\/wp-content\/uploads\/2019\/10\/Int\u00e9rpretes-pioneiras-1900-1953-Deitando-pontes-320x226.jpg 320w, https:\/\/paratraduccion.com\/limiares\/wp-content\/uploads\/2019\/10\/Int\u00e9rpretes-pioneiras-1900-1953-Deitando-pontes-768x543.jpg 768w, https:\/\/paratraduccion.com\/limiares\/wp-content\/uploads\/2019\/10\/Int\u00e9rpretes-pioneiras-1900-1953-Deitando-pontes.jpg 1123w\" sizes=\"(max-width: 320px) 100vw, 320px\" \/>\t\t<\/div>\n\t\t\t<div class=\"bdt-position-cover bdt-overlay bdt-overlay-default bdt-transition-fade\">\n\t\t\t<div class=\"bdt-post-gallery-content\">\n\t\t\t\t<div class=\"bdt-gallery-content-inner\">\n\t\t\t\t\t\t\t<a href=\"https:\/\/paratraduccion.com\/limiares\/fr\/interpretes-pioneiras-1900-1953-deitando-pontes\/\" >\n\t\t\t<h4 class=\"bdt-gallery-item-title bdt-margin-remove\">\n\t\t\t\tInt\u00e9rpretes pioneiras (1900-1953) Deitando pontes\t\t\t<\/h4>\n\t\t<\/a>\n\t\t\t\t\t\t\t<div class=\"bdt-flex-inline bdt-gallery-item-link-wrapper\">\n\t\t\t\t\t\t\t\t\t\t\t\t\t\t\t<a class=\"bdt-gallery-item-link bdt-gallery-lightbox-item bdt-link-icon\" data-elementor-open-lightbox=\"no\" data-caption=\"Int\u00e9rpretes pioneiras (1900-1953) Deitando pontes\" href=\"https:\/\/paratraduccion.com\/limiares\/wp-content\/uploads\/2019\/10\/Int\u00e9rpretes-pioneiras-1900-1953-Deitando-pontes.jpg\">\n\t\t\t\t\t\t\t\t\t\t\t\t\t\t\t\t\t\t\t<i class=\"ep-icon-search\" aria-hidden=\"true\"><\/i>\n\t\t\t\t\t\t\t\t\t\t\t\t\t\t\t\t\t<\/a>\n\t\t\t\t\t\t\t\n\t\t\t\t\t\t\t\t\t\t\t\t\t\t\t\t\t\t\t\t\t\t\t<a class=\"bdt-gallery-item-link bdt-link-icon\" href=\"https:\/\/paratraduccion.com\/limiares\/fr\/interpretes-pioneiras-1900-1953-deitando-pontes\/\" >\n\t\t\t\t\t\t\t\t\t\t\t\t\t\t\t\t\t\t\t<i class=\"ep-icon-link\" aria-hidden=\"true\"><\/i>\n\t\t\t\t\t\t\t\t\t\t\t\t\t\t\t\t\t<\/a>\n\t\t\t\t\t\t\t\t\t\t\t\t\t<\/div>\n\t\t\t\t\t\t\t\t\t<\/div>\n\t\t\t<\/div>\n\t\t<\/div>\n\t\t\t\t<\/div>\n\t\t<\/div>\n\t\t<div class=\"bdt-gallery-item bdt-transition-toggle bdt-width-1-1 bdt-width-1-2@s bdt-width-1-3@m\" data-filter=\"\">\n\t\t\t<div class=\"bdt-post-gallery-inner\" >\n\t\t\t\t\t\t<div class=\"bdt-gallery-thumbnail bdt-image-mask\">\n\t\t\t<img loading=\"lazy\" decoding=\"async\" width=\"320\" height=\"241\" src=\"https:\/\/paratraduccion.com\/limiares\/wp-content\/uploads\/2019\/09\/Captura-320x241.png\" class=\"attachment-medium size-medium\" alt=\"Sorteo de d\u00faas subscrici\u00f3ns por un ano \u00e1 Plataforma Cosnautas\" srcset=\"https:\/\/paratraduccion.com\/limiares\/wp-content\/uploads\/2019\/09\/Captura-320x241.png 320w, https:\/\/paratraduccion.com\/limiares\/wp-content\/uploads\/2019\/09\/Captura.png 678w\" sizes=\"(max-width: 320px) 100vw, 320px\" \/>\t\t<\/div>\n\t\t\t<div class=\"bdt-position-cover bdt-overlay bdt-overlay-default bdt-transition-fade\">\n\t\t\t<div class=\"bdt-post-gallery-content\">\n\t\t\t\t<div class=\"bdt-gallery-content-inner\">\n\t\t\t\t\t\t\t<a href=\"https:\/\/paratraduccion.com\/limiares\/fr\/sorteo-de-duas-subscricions-por-un-ano-a-plataforma-cosnautas\/\" >\n\t\t\t<h4 class=\"bdt-gallery-item-title bdt-margin-remove\">\n\t\t\t\tSorteo de d\u00faas subscrici\u00f3ns por un ano \u00e1 Plataforma Cosnautas\t\t\t<\/h4>\n\t\t<\/a>\n\t\t\t\t\t\t\t<div class=\"bdt-flex-inline bdt-gallery-item-link-wrapper\">\n\t\t\t\t\t\t\t\t\t\t\t\t\t\t\t<a class=\"bdt-gallery-item-link bdt-gallery-lightbox-item bdt-link-icon\" data-elementor-open-lightbox=\"no\" data-caption=\"Sorteo de d\u00faas subscrici\u00f3ns por un ano \u00e1 Plataforma Cosnautas\" href=\"https:\/\/paratraduccion.com\/limiares\/wp-content\/uploads\/2019\/09\/Captura.png\">\n\t\t\t\t\t\t\t\t\t\t\t\t\t\t\t\t\t\t\t<i class=\"ep-icon-search\" aria-hidden=\"true\"><\/i>\n\t\t\t\t\t\t\t\t\t\t\t\t\t\t\t\t\t<\/a>\n\t\t\t\t\t\t\t\n\t\t\t\t\t\t\t\t\t\t\t\t\t\t\t\t\t\t\t\t\t\t\t<a class=\"bdt-gallery-item-link bdt-link-icon\" href=\"https:\/\/paratraduccion.com\/limiares\/fr\/sorteo-de-duas-subscricions-por-un-ano-a-plataforma-cosnautas\/\" >\n\t\t\t\t\t\t\t\t\t\t\t\t\t\t\t\t\t\t\t<i class=\"ep-icon-link\" aria-hidden=\"true\"><\/i>\n\t\t\t\t\t\t\t\t\t\t\t\t\t\t\t\t\t<\/a>\n\t\t\t\t\t\t\t\t\t\t\t\t\t<\/div>\n\t\t\t\t\t\t\t\t\t<\/div>\n\t\t\t<\/div>\n\t\t<\/div>\n\t\t\t\t<\/div>\n\t\t<\/div>\n\t\t<div class=\"bdt-gallery-item bdt-transition-toggle bdt-width-1-1 bdt-width-1-2@s bdt-width-1-3@m\" data-filter=\"\">\n\t\t\t<div class=\"bdt-post-gallery-inner\" >\n\t\t\t\t\t\t<div class=\"bdt-gallery-thumbnail bdt-image-mask\">\n\t\t\t<img loading=\"lazy\" decoding=\"async\" width=\"320\" height=\"227\" src=\"https:\/\/paratraduccion.com\/limiares\/wp-content\/uploads\/2019\/09\/Fernando_navarro_traductor_medico-320x227.jpeg\" class=\"attachment-medium size-medium\" alt=\"CONFERENCIA DE FERNANDO NAVARRO &#8211; Presentaci\u00f3n del Libro Rojo y la plataforma Cosnautas\" srcset=\"https:\/\/paratraduccion.com\/limiares\/wp-content\/uploads\/2019\/09\/Fernando_navarro_traductor_medico-320x227.jpeg 320w, https:\/\/paratraduccion.com\/limiares\/wp-content\/uploads\/2019\/09\/Fernando_navarro_traductor_medico-768x545.jpeg 768w, https:\/\/paratraduccion.com\/limiares\/wp-content\/uploads\/2019\/09\/Fernando_navarro_traductor_medico.jpeg 1200w\" sizes=\"(max-width: 320px) 100vw, 320px\" \/>\t\t<\/div>\n\t\t\t<div class=\"bdt-position-cover bdt-overlay bdt-overlay-default bdt-transition-fade\">\n\t\t\t<div class=\"bdt-post-gallery-content\">\n\t\t\t\t<div class=\"bdt-gallery-content-inner\">\n\t\t\t\t\t\t\t<a href=\"https:\/\/paratraduccion.com\/limiares\/fr\/conferencia-de-fernando-navarro-presentacion-del-libro-rojo-y-la-plataforma-cosnautas\/\" >\n\t\t\t<h4 class=\"bdt-gallery-item-title bdt-margin-remove\">\n\t\t\t\tCONFERENCIA DE FERNANDO NAVARRO &#8211; Presentaci\u00f3n del Libro Rojo y la plataforma Cosnautas\t\t\t<\/h4>\n\t\t<\/a>\n\t\t\t\t\t\t\t<div class=\"bdt-flex-inline bdt-gallery-item-link-wrapper\">\n\t\t\t\t\t\t\t\t\t\t\t\t\t\t\t<a class=\"bdt-gallery-item-link bdt-gallery-lightbox-item bdt-link-icon\" data-elementor-open-lightbox=\"no\" data-caption=\"CONFERENCIA DE FERNANDO NAVARRO &#8211; Presentaci\u00f3n del Libro Rojo y la plataforma Cosnautas\" href=\"https:\/\/paratraduccion.com\/limiares\/wp-content\/uploads\/2019\/09\/Fernando_navarro_traductor_medico.jpeg\">\n\t\t\t\t\t\t\t\t\t\t\t\t\t\t\t\t\t\t\t<i class=\"ep-icon-search\" aria-hidden=\"true\"><\/i>\n\t\t\t\t\t\t\t\t\t\t\t\t\t\t\t\t\t<\/a>\n\t\t\t\t\t\t\t\n\t\t\t\t\t\t\t\t\t\t\t\t\t\t\t\t\t\t\t\t\t\t\t<a class=\"bdt-gallery-item-link bdt-link-icon\" href=\"https:\/\/paratraduccion.com\/limiares\/fr\/conferencia-de-fernando-navarro-presentacion-del-libro-rojo-y-la-plataforma-cosnautas\/\" >\n\t\t\t\t\t\t\t\t\t\t\t\t\t\t\t\t\t\t\t<i class=\"ep-icon-link\" aria-hidden=\"true\"><\/i>\n\t\t\t\t\t\t\t\t\t\t\t\t\t\t\t\t\t<\/a>\n\t\t\t\t\t\t\t\t\t\t\t\t\t<\/div>\n\t\t\t\t\t\t\t\t\t<\/div>\n\t\t\t<\/div>\n\t\t<\/div>\n\t\t\t\t<\/div>\n\t\t<\/div>\n\t\t<div class=\"bdt-gallery-item bdt-transition-toggle bdt-width-1-1 bdt-width-1-2@s bdt-width-1-3@m\" data-filter=\"\">\n\t\t\t<div class=\"bdt-post-gallery-inner\" >\n\t\t\t\t\t\t<div class=\"bdt-gallery-thumbnail bdt-image-mask\">\n\t\t\t<img loading=\"lazy\" decoding=\"async\" width=\"320\" height=\"320\" src=\"https:\/\/paratraduccion.com\/limiares\/wp-content\/uploads\/2019\/09\/prof-de-francais-320x320.jpg\" class=\"attachment-medium size-medium\" alt=\"URGENTE: PLAZA DE PROFESOR DE FRANC\u00c9S\" srcset=\"https:\/\/paratraduccion.com\/limiares\/wp-content\/uploads\/2019\/09\/prof-de-francais-320x320.jpg 320w, https:\/\/paratraduccion.com\/limiares\/wp-content\/uploads\/2019\/09\/prof-de-francais-160x160.jpg 160w, https:\/\/paratraduccion.com\/limiares\/wp-content\/uploads\/2019\/09\/prof-de-francais.jpg 480w\" sizes=\"(max-width: 320px) 100vw, 320px\" \/>\t\t<\/div>\n\t\t\t<div class=\"bdt-position-cover bdt-overlay bdt-overlay-default bdt-transition-fade\">\n\t\t\t<div class=\"bdt-post-gallery-content\">\n\t\t\t\t<div class=\"bdt-gallery-content-inner\">\n\t\t\t\t\t\t\t<a href=\"https:\/\/paratraduccion.com\/limiares\/fr\/urgente-plaza-de-profesor-de-frances\/\" >\n\t\t\t<h4 class=\"bdt-gallery-item-title bdt-margin-remove\">\n\t\t\t\tURGENTE: PLAZA DE PROFESOR DE FRANC\u00c9S\t\t\t<\/h4>\n\t\t<\/a>\n\t\t\t\t\t\t\t<div class=\"bdt-flex-inline bdt-gallery-item-link-wrapper\">\n\t\t\t\t\t\t\t\t\t\t\t\t\t\t\t<a class=\"bdt-gallery-item-link bdt-gallery-lightbox-item bdt-link-icon\" data-elementor-open-lightbox=\"no\" data-caption=\"URGENTE: PLAZA DE PROFESOR DE FRANC\u00c9S\" href=\"https:\/\/paratraduccion.com\/limiares\/wp-content\/uploads\/2019\/09\/prof-de-francais.jpg\">\n\t\t\t\t\t\t\t\t\t\t\t\t\t\t\t\t\t\t\t<i class=\"ep-icon-search\" aria-hidden=\"true\"><\/i>\n\t\t\t\t\t\t\t\t\t\t\t\t\t\t\t\t\t<\/a>\n\t\t\t\t\t\t\t\n\t\t\t\t\t\t\t\t\t\t\t\t\t\t\t\t\t\t\t\t\t\t\t<a class=\"bdt-gallery-item-link bdt-link-icon\" href=\"https:\/\/paratraduccion.com\/limiares\/fr\/urgente-plaza-de-profesor-de-frances\/\" >\n\t\t\t\t\t\t\t\t\t\t\t\t\t\t\t\t\t\t\t<i class=\"ep-icon-link\" aria-hidden=\"true\"><\/i>\n\t\t\t\t\t\t\t\t\t\t\t\t\t\t\t\t\t<\/a>\n\t\t\t\t\t\t\t\t\t\t\t\t\t<\/div>\n\t\t\t\t\t\t\t\t\t<\/div>\n\t\t\t<\/div>\n\t\t<\/div>\n\t\t\t\t<\/div>\n\t\t<\/div>\n\n\t\t\t<\/div>\n\t\t<\/div>\n\t\t\t<\/div>\n\t\t\t\t<\/div>\n\t\t\t\t<div class=\"elementor-element elementor-element-9ffae3a bdt-custom-gallery-skin-fedara-style-center elementor-widget elementor-widget-bdt-post-gallery\" data-id=\"9ffae3a\" data-element_type=\"widget\" data-settings=\"{&quot;columns&quot;:&quot;3&quot;,&quot;columns_tablet&quot;:&quot;2&quot;,&quot;columns_mobile&quot;:&quot;1&quot;}\" data-widget_type=\"bdt-post-gallery.default\">\n\t\t\t\t<div class=\"elementor-widget-container\">\n\t\t\t\t\t<div class=\"bdt-post-gallery-wrapper\">\n\n\t\t\t\t\t\t<div id=\"bdt-post-gallery9ffae3a\" class=\"bdt-post-gallery bdt-ep-grid-filter-container bdt-post-gallery-skin-default bdt-grid bdt-grid-medium\" data-bdt-grid=\"\" data-bdt-lightbox=\"toggle: .bdt-gallery-lightbox-item; animation:slide;\" data-settings=\"{&quot;id&quot;:&quot;#bdt-post-gallery9ffae3a&quot;,&quot;tiltShow&quot;:false}\">\n\n\t\t\t\t\t<div class=\"bdt-gallery-item bdt-transition-toggle bdt-width-1-1 bdt-width-1-2@s bdt-width-1-3@m\" data-filter=\"\">\n\t\t\t<div class=\"bdt-post-gallery-inner\" >\n\t\t\t\t\t\t<div class=\"bdt-gallery-thumbnail bdt-image-mask\">\n\t\t\t<img loading=\"lazy\" decoding=\"async\" width=\"320\" height=\"214\" src=\"https:\/\/paratraduccion.com\/limiares\/wp-content\/uploads\/2019\/07\/Becas-traduccion-juridica-320x214.jpg\" class=\"attachment-medium size-medium\" alt=\"CONVOCATORIA DE BECAS DE FORMACI\u00d3N EN MATERIA DE TRADUCCI\u00d3N JUR\u00cdDICA\" srcset=\"https:\/\/paratraduccion.com\/limiares\/wp-content\/uploads\/2019\/07\/Becas-traduccion-juridica-320x214.jpg 320w, https:\/\/paratraduccion.com\/limiares\/wp-content\/uploads\/2019\/07\/Becas-traduccion-juridica-768x513.jpg 768w, https:\/\/paratraduccion.com\/limiares\/wp-content\/uploads\/2019\/07\/Becas-traduccion-juridica.jpg 1024w\" sizes=\"(max-width: 320px) 100vw, 320px\" \/>\t\t<\/div>\n\t\t\t<div class=\"bdt-position-cover bdt-overlay bdt-overlay-default bdt-transition-fade\">\n\t\t\t<div class=\"bdt-post-gallery-content\">\n\t\t\t\t<div class=\"bdt-gallery-content-inner\">\n\t\t\t\t\t\t\t<a href=\"https:\/\/paratraduccion.com\/limiares\/fr\/convocatoria-de-becas-de-formacion-en-materia-de-traduccion-juridica\/\" >\n\t\t\t<h4 class=\"bdt-gallery-item-title bdt-margin-remove\">\n\t\t\t\tCONVOCATORIA DE BECAS DE FORMACI\u00d3N EN MATERIA DE TRADUCCI\u00d3N JUR\u00cdDICA\t\t\t<\/h4>\n\t\t<\/a>\n\t\t\t\t\t\t\t<div class=\"bdt-flex-inline bdt-gallery-item-link-wrapper\">\n\t\t\t\t\t\t\t\t\t\t\t\t\t\t\t<a class=\"bdt-gallery-item-link bdt-gallery-lightbox-item bdt-link-icon\" data-elementor-open-lightbox=\"no\" data-caption=\"CONVOCATORIA DE BECAS DE FORMACI\u00d3N EN MATERIA DE TRADUCCI\u00d3N JUR\u00cdDICA\" href=\"https:\/\/paratraduccion.com\/limiares\/wp-content\/uploads\/2019\/07\/Becas-traduccion-juridica.jpg\">\n\t\t\t\t\t\t\t\t\t\t\t\t\t\t\t\t\t\t\t<i class=\"ep-icon-search\" aria-hidden=\"true\"><\/i>\n\t\t\t\t\t\t\t\t\t\t\t\t\t\t\t\t\t<\/a>\n\t\t\t\t\t\t\t\n\t\t\t\t\t\t\t\t\t\t\t\t\t\t\t\t\t\t\t\t\t\t\t<a class=\"bdt-gallery-item-link bdt-link-icon\" href=\"https:\/\/paratraduccion.com\/limiares\/fr\/convocatoria-de-becas-de-formacion-en-materia-de-traduccion-juridica\/\" >\n\t\t\t\t\t\t\t\t\t\t\t\t\t\t\t\t\t\t\t<i class=\"ep-icon-link\" aria-hidden=\"true\"><\/i>\n\t\t\t\t\t\t\t\t\t\t\t\t\t\t\t\t\t<\/a>\n\t\t\t\t\t\t\t\t\t\t\t\t\t<\/div>\n\t\t\t\t\t\t\t\t\t<\/div>\n\t\t\t<\/div>\n\t\t<\/div>\n\t\t\t\t<\/div>\n\t\t<\/div>\n\t\t<div class=\"bdt-gallery-item bdt-transition-toggle bdt-width-1-1 bdt-width-1-2@s bdt-width-1-3@m\" data-filter=\"\">\n\t\t\t<div class=\"bdt-post-gallery-inner\" >\n\t\t\t\t\t\t<div class=\"bdt-gallery-thumbnail bdt-image-mask\">\n\t\t\t<img loading=\"lazy\" decoding=\"async\" width=\"320\" height=\"392\" src=\"https:\/\/paratraduccion.com\/limiares\/wp-content\/uploads\/2018\/07\/LOGO-universidade-de-vigo-320x392.jpg\" class=\"attachment-medium size-medium\" alt=\"PREMIOS EXCELENCIA ACAD\u00c9MICA &#8211; INICIO DE ESTUDOS DE GRAO NA UVIGO\" srcset=\"https:\/\/paratraduccion.com\/limiares\/wp-content\/uploads\/2018\/07\/LOGO-universidade-de-vigo-320x392.jpg 320w, https:\/\/paratraduccion.com\/limiares\/wp-content\/uploads\/2018\/07\/LOGO-universidade-de-vigo.jpg 370w\" sizes=\"(max-width: 320px) 100vw, 320px\" \/>\t\t<\/div>\n\t\t\t<div class=\"bdt-position-cover bdt-overlay bdt-overlay-default bdt-transition-fade\">\n\t\t\t<div class=\"bdt-post-gallery-content\">\n\t\t\t\t<div class=\"bdt-gallery-content-inner\">\n\t\t\t\t\t\t\t<a href=\"https:\/\/paratraduccion.com\/limiares\/fr\/premios-excelencia-academica-inicio-de-estudos-de-grao-na-uvigo\/\" >\n\t\t\t<h4 class=\"bdt-gallery-item-title bdt-margin-remove\">\n\t\t\t\tPREMIOS EXCELENCIA ACAD\u00c9MICA &#8211; INICIO DE ESTUDOS DE GRAO NA UVIGO\t\t\t<\/h4>\n\t\t<\/a>\n\t\t\t\t\t\t\t<div class=\"bdt-flex-inline bdt-gallery-item-link-wrapper\">\n\t\t\t\t\t\t\t\t\t\t\t\t\t\t\t<a class=\"bdt-gallery-item-link bdt-gallery-lightbox-item bdt-link-icon\" data-elementor-open-lightbox=\"no\" data-caption=\"PREMIOS EXCELENCIA ACAD\u00c9MICA &#8211; INICIO DE ESTUDOS DE GRAO NA UVIGO\" href=\"https:\/\/paratraduccion.com\/limiares\/wp-content\/uploads\/2018\/07\/LOGO-universidade-de-vigo.jpg\">\n\t\t\t\t\t\t\t\t\t\t\t\t\t\t\t\t\t\t\t<i class=\"ep-icon-search\" aria-hidden=\"true\"><\/i>\n\t\t\t\t\t\t\t\t\t\t\t\t\t\t\t\t\t<\/a>\n\t\t\t\t\t\t\t\n\t\t\t\t\t\t\t\t\t\t\t\t\t\t\t\t\t\t\t\t\t\t\t<a class=\"bdt-gallery-item-link bdt-link-icon\" href=\"https:\/\/paratraduccion.com\/limiares\/fr\/premios-excelencia-academica-inicio-de-estudos-de-grao-na-uvigo\/\" >\n\t\t\t\t\t\t\t\t\t\t\t\t\t\t\t\t\t\t\t<i class=\"ep-icon-link\" aria-hidden=\"true\"><\/i>\n\t\t\t\t\t\t\t\t\t\t\t\t\t\t\t\t\t<\/a>\n\t\t\t\t\t\t\t\t\t\t\t\t\t<\/div>\n\t\t\t\t\t\t\t\t\t<\/div>\n\t\t\t<\/div>\n\t\t<\/div>\n\t\t\t\t<\/div>\n\t\t<\/div>\n\t\t<div class=\"bdt-gallery-item bdt-transition-toggle bdt-width-1-1 bdt-width-1-2@s bdt-width-1-3@m\" data-filter=\"\">\n\t\t\t<div class=\"bdt-post-gallery-inner\" >\n\t\t\t\t\t\t<div class=\"bdt-gallery-thumbnail bdt-image-mask\">\n\t\t\t<img loading=\"lazy\" decoding=\"async\" width=\"320\" height=\"160\" src=\"https:\/\/paratraduccion.com\/limiares\/wp-content\/uploads\/2019\/06\/Ramon-Pineiro-320x160.jpg\" class=\"attachment-medium size-medium\" alt=\"O PARLAMENTO DE GALICIA E O CENTRO RAM\u00d3N PI\u00d1EIRO CONVOCAN BOLSAS\" srcset=\"https:\/\/paratraduccion.com\/limiares\/wp-content\/uploads\/2019\/06\/Ramon-Pineiro-320x160.jpg 320w, https:\/\/paratraduccion.com\/limiares\/wp-content\/uploads\/2019\/06\/Ramon-Pineiro.jpg 686w\" sizes=\"(max-width: 320px) 100vw, 320px\" \/>\t\t<\/div>\n\t\t\t<div class=\"bdt-position-cover bdt-overlay bdt-overlay-default bdt-transition-fade\">\n\t\t\t<div class=\"bdt-post-gallery-content\">\n\t\t\t\t<div class=\"bdt-gallery-content-inner\">\n\t\t\t\t\t\t\t<a href=\"https:\/\/paratraduccion.com\/limiares\/fr\/o-parlamento-de-galicia-e-o-centro-ramon-pineiro-convocan-bolsas\/\" >\n\t\t\t<h4 class=\"bdt-gallery-item-title bdt-margin-remove\">\n\t\t\t\tO PARLAMENTO DE GALICIA E O CENTRO RAM\u00d3N PI\u00d1EIRO CONVOCAN BOLSAS\t\t\t<\/h4>\n\t\t<\/a>\n\t\t\t\t\t\t\t<div class=\"bdt-flex-inline bdt-gallery-item-link-wrapper\">\n\t\t\t\t\t\t\t\t\t\t\t\t\t\t\t<a class=\"bdt-gallery-item-link bdt-gallery-lightbox-item bdt-link-icon\" data-elementor-open-lightbox=\"no\" data-caption=\"O PARLAMENTO DE GALICIA E O CENTRO RAM\u00d3N PI\u00d1EIRO CONVOCAN BOLSAS\" href=\"https:\/\/paratraduccion.com\/limiares\/wp-content\/uploads\/2019\/06\/Ramon-Pineiro.jpg\">\n\t\t\t\t\t\t\t\t\t\t\t\t\t\t\t\t\t\t\t<i class=\"ep-icon-search\" aria-hidden=\"true\"><\/i>\n\t\t\t\t\t\t\t\t\t\t\t\t\t\t\t\t\t<\/a>\n\t\t\t\t\t\t\t\n\t\t\t\t\t\t\t\t\t\t\t\t\t\t\t\t\t\t\t\t\t\t\t<a class=\"bdt-gallery-item-link bdt-link-icon\" href=\"https:\/\/paratraduccion.com\/limiares\/fr\/o-parlamento-de-galicia-e-o-centro-ramon-pineiro-convocan-bolsas\/\" >\n\t\t\t\t\t\t\t\t\t\t\t\t\t\t\t\t\t\t\t<i class=\"ep-icon-link\" aria-hidden=\"true\"><\/i>\n\t\t\t\t\t\t\t\t\t\t\t\t\t\t\t\t\t<\/a>\n\t\t\t\t\t\t\t\t\t\t\t\t\t<\/div>\n\t\t\t\t\t\t\t\t\t<\/div>\n\t\t\t<\/div>\n\t\t<\/div>\n\t\t\t\t<\/div>\n\t\t<\/div>\n\t\t<div class=\"bdt-gallery-item bdt-transition-toggle bdt-width-1-1 bdt-width-1-2@s bdt-width-1-3@m\" data-filter=\"\">\n\t\t\t<div class=\"bdt-post-gallery-inner\" >\n\t\t\t\t\t\t<div class=\"bdt-gallery-thumbnail bdt-image-mask\">\n\t\t\t<img loading=\"lazy\" decoding=\"async\" width=\"320\" height=\"88\" src=\"https:\/\/paratraduccion.com\/limiares\/wp-content\/uploads\/2019\/02\/Captura-320x88.jpg\" class=\"attachment-medium size-medium\" alt=\"CONVOCATORIA DE PRAZAS NOS LECTORADOS DE LINGUA, LITERATURA E CULTURA GALEGAS\" srcset=\"https:\/\/paratraduccion.com\/limiares\/wp-content\/uploads\/2019\/02\/Captura-320x88.jpg 320w, https:\/\/paratraduccion.com\/limiares\/wp-content\/uploads\/2019\/02\/Captura.jpg 373w\" sizes=\"(max-width: 320px) 100vw, 320px\" \/>\t\t<\/div>\n\t\t\t<div class=\"bdt-position-cover bdt-overlay bdt-overlay-default bdt-transition-fade\">\n\t\t\t<div class=\"bdt-post-gallery-content\">\n\t\t\t\t<div class=\"bdt-gallery-content-inner\">\n\t\t\t\t\t\t\t<a href=\"https:\/\/paratraduccion.com\/limiares\/fr\/convocatoria-de-prazas-nos-lectorados-de-lingua-literatura-e-cultura-galegas\/\" >\n\t\t\t<h4 class=\"bdt-gallery-item-title bdt-margin-remove\">\n\t\t\t\tCONVOCATORIA DE PRAZAS NOS LECTORADOS DE LINGUA, LITERATURA E CULTURA GALEGAS\t\t\t<\/h4>\n\t\t<\/a>\n\t\t\t\t\t\t\t<div class=\"bdt-flex-inline bdt-gallery-item-link-wrapper\">\n\t\t\t\t\t\t\t\t\t\t\t\t\t\t\t<a class=\"bdt-gallery-item-link bdt-gallery-lightbox-item bdt-link-icon\" data-elementor-open-lightbox=\"no\" data-caption=\"CONVOCATORIA DE PRAZAS NOS LECTORADOS DE LINGUA, LITERATURA E CULTURA GALEGAS\" href=\"https:\/\/paratraduccion.com\/limiares\/wp-content\/uploads\/2019\/02\/Captura.jpg\">\n\t\t\t\t\t\t\t\t\t\t\t\t\t\t\t\t\t\t\t<i class=\"ep-icon-search\" aria-hidden=\"true\"><\/i>\n\t\t\t\t\t\t\t\t\t\t\t\t\t\t\t\t\t<\/a>\n\t\t\t\t\t\t\t\n\t\t\t\t\t\t\t\t\t\t\t\t\t\t\t\t\t\t\t\t\t\t\t<a class=\"bdt-gallery-item-link bdt-link-icon\" href=\"https:\/\/paratraduccion.com\/limiares\/fr\/convocatoria-de-prazas-nos-lectorados-de-lingua-literatura-e-cultura-galegas\/\" >\n\t\t\t\t\t\t\t\t\t\t\t\t\t\t\t\t\t\t\t<i class=\"ep-icon-link\" aria-hidden=\"true\"><\/i>\n\t\t\t\t\t\t\t\t\t\t\t\t\t\t\t\t\t<\/a>\n\t\t\t\t\t\t\t\t\t\t\t\t\t<\/div>\n\t\t\t\t\t\t\t\t\t<\/div>\n\t\t\t<\/div>\n\t\t<\/div>\n\t\t\t\t<\/div>\n\t\t<\/div>\n\t\t<div class=\"bdt-gallery-item bdt-transition-toggle bdt-width-1-1 bdt-width-1-2@s bdt-width-1-3@m\" data-filter=\"\">\n\t\t\t<div class=\"bdt-post-gallery-inner\" >\n\t\t\t\t\t\t<div class=\"bdt-gallery-thumbnail bdt-image-mask\">\n\t\t\t<img loading=\"lazy\" decoding=\"async\" width=\"320\" height=\"178\" src=\"https:\/\/paratraduccion.com\/limiares\/wp-content\/uploads\/2019\/06\/parlamento-de-galicia-1-320x178.jpg\" class=\"attachment-medium size-medium\" alt=\"CONVOCATORIA DE BOLSAS PARA A FORMACI\u00d3N PR\u00c1CTICA NO PARLAMENTO DE GALICIA\" srcset=\"https:\/\/paratraduccion.com\/limiares\/wp-content\/uploads\/2019\/06\/parlamento-de-galicia-1-320x178.jpg 320w, https:\/\/paratraduccion.com\/limiares\/wp-content\/uploads\/2019\/06\/parlamento-de-galicia-1.jpg 735w\" sizes=\"(max-width: 320px) 100vw, 320px\" \/>\t\t<\/div>\n\t\t\t<div class=\"bdt-position-cover bdt-overlay bdt-overlay-default bdt-transition-fade\">\n\t\t\t<div class=\"bdt-post-gallery-content\">\n\t\t\t\t<div class=\"bdt-gallery-content-inner\">\n\t\t\t\t\t\t\t<a href=\"https:\/\/paratraduccion.com\/limiares\/fr\/convocatoria-de-bolsas-para-a-formacion-practica-no-parlamento-de-galicia\/\" >\n\t\t\t<h4 class=\"bdt-gallery-item-title bdt-margin-remove\">\n\t\t\t\tCONVOCATORIA DE BOLSAS PARA A FORMACI\u00d3N PR\u00c1CTICA NO PARLAMENTO DE GALICIA\t\t\t<\/h4>\n\t\t<\/a>\n\t\t\t\t\t\t\t<div class=\"bdt-flex-inline bdt-gallery-item-link-wrapper\">\n\t\t\t\t\t\t\t\t\t\t\t\t\t\t\t<a class=\"bdt-gallery-item-link bdt-gallery-lightbox-item bdt-link-icon\" data-elementor-open-lightbox=\"no\" data-caption=\"CONVOCATORIA DE BOLSAS PARA A FORMACI\u00d3N PR\u00c1CTICA NO PARLAMENTO DE GALICIA\" href=\"https:\/\/paratraduccion.com\/limiares\/wp-content\/uploads\/2019\/06\/parlamento-de-galicia-1.jpg\">\n\t\t\t\t\t\t\t\t\t\t\t\t\t\t\t\t\t\t\t<i class=\"ep-icon-search\" aria-hidden=\"true\"><\/i>\n\t\t\t\t\t\t\t\t\t\t\t\t\t\t\t\t\t<\/a>\n\t\t\t\t\t\t\t\n\t\t\t\t\t\t\t\t\t\t\t\t\t\t\t\t\t\t\t\t\t\t\t<a class=\"bdt-gallery-item-link bdt-link-icon\" href=\"https:\/\/paratraduccion.com\/limiares\/fr\/convocatoria-de-bolsas-para-a-formacion-practica-no-parlamento-de-galicia\/\" >\n\t\t\t\t\t\t\t\t\t\t\t\t\t\t\t\t\t\t\t<i class=\"ep-icon-link\" aria-hidden=\"true\"><\/i>\n\t\t\t\t\t\t\t\t\t\t\t\t\t\t\t\t\t<\/a>\n\t\t\t\t\t\t\t\t\t\t\t\t\t<\/div>\n\t\t\t\t\t\t\t\t\t<\/div>\n\t\t\t<\/div>\n\t\t<\/div>\n\t\t\t\t<\/div>\n\t\t<\/div>\n\t\t<div class=\"bdt-gallery-item bdt-transition-toggle bdt-width-1-1 bdt-width-1-2@s bdt-width-1-3@m\" data-filter=\"\">\n\t\t\t<div class=\"bdt-post-gallery-inner\" >\n\t\t\t\t\t\t<div class=\"bdt-gallery-thumbnail bdt-image-mask\">\n\t\t\t<img loading=\"lazy\" decoding=\"async\" width=\"320\" height=\"224\" src=\"https:\/\/paratraduccion.com\/limiares\/wp-content\/uploads\/2019\/06\/MonumentFFT-320x224.jpg\" class=\"attachment-medium size-medium\" alt=\"CONVOCATORIA DE MATR\u00cdCULA EN ESTUDIOS DE POSGRADO PARA EL CURSO 2019\/2020\" srcset=\"https:\/\/paratraduccion.com\/limiares\/wp-content\/uploads\/2019\/06\/MonumentFFT-320x224.jpg 320w, https:\/\/paratraduccion.com\/limiares\/wp-content\/uploads\/2019\/06\/MonumentFFT.jpg 714w\" sizes=\"(max-width: 320px) 100vw, 320px\" \/>\t\t<\/div>\n\t\t\t<div class=\"bdt-position-cover bdt-overlay bdt-overlay-default bdt-transition-fade\">\n\t\t\t<div class=\"bdt-post-gallery-content\">\n\t\t\t\t<div class=\"bdt-gallery-content-inner\">\n\t\t\t\t\t\t\t<a href=\"https:\/\/paratraduccion.com\/limiares\/fr\/convocatoria-de-matricula-en-estudios-de-posgrado-para-el-curso-2019-2020\/\" >\n\t\t\t<h4 class=\"bdt-gallery-item-title bdt-margin-remove\">\n\t\t\t\tCONVOCATORIA DE MATR\u00cdCULA EN ESTUDIOS DE POSGRADO PARA EL CURSO 2019\/2020\t\t\t<\/h4>\n\t\t<\/a>\n\t\t\t\t\t\t\t<div class=\"bdt-flex-inline bdt-gallery-item-link-wrapper\">\n\t\t\t\t\t\t\t\t\t\t\t\t\t\t\t<a class=\"bdt-gallery-item-link bdt-gallery-lightbox-item bdt-link-icon\" data-elementor-open-lightbox=\"no\" data-caption=\"CONVOCATORIA DE MATR\u00cdCULA EN ESTUDIOS DE POSGRADO PARA EL CURSO 2019\/2020\" href=\"https:\/\/paratraduccion.com\/limiares\/wp-content\/uploads\/2019\/06\/MonumentFFT.jpg\">\n\t\t\t\t\t\t\t\t\t\t\t\t\t\t\t\t\t\t\t<i class=\"ep-icon-search\" aria-hidden=\"true\"><\/i>\n\t\t\t\t\t\t\t\t\t\t\t\t\t\t\t\t\t<\/a>\n\t\t\t\t\t\t\t\n\t\t\t\t\t\t\t\t\t\t\t\t\t\t\t\t\t\t\t\t\t\t\t<a class=\"bdt-gallery-item-link bdt-link-icon\" href=\"https:\/\/paratraduccion.com\/limiares\/fr\/convocatoria-de-matricula-en-estudios-de-posgrado-para-el-curso-2019-2020\/\" >\n\t\t\t\t\t\t\t\t\t\t\t\t\t\t\t\t\t\t\t<i class=\"ep-icon-link\" aria-hidden=\"true\"><\/i>\n\t\t\t\t\t\t\t\t\t\t\t\t\t\t\t\t\t<\/a>\n\t\t\t\t\t\t\t\t\t\t\t\t\t<\/div>\n\t\t\t\t\t\t\t\t\t<\/div>\n\t\t\t<\/div>\n\t\t<\/div>\n\t\t\t\t<\/div>\n\t\t<\/div>\n\t\t<div class=\"bdt-gallery-item bdt-transition-toggle bdt-width-1-1 bdt-width-1-2@s bdt-width-1-3@m\" data-filter=\"\">\n\t\t\t<div class=\"bdt-post-gallery-inner\" >\n\t\t\t\t\t\t<div class=\"bdt-gallery-thumbnail bdt-image-mask\">\n\t\t\t<img loading=\"lazy\" decoding=\"async\" width=\"320\" height=\"225\" src=\"https:\/\/paratraduccion.com\/limiares\/wp-content\/uploads\/2019\/06\/farogaming-320x225.jpg\" class=\"attachment-medium size-medium\" alt=\"FARO GAMING: El primer evento gaming en Vigo con la participaci\u00f3n de la UVigo y el T\u00edtulo propio de Especialista en traducci\u00f3n para la industria del videojuego (ETIV)\" srcset=\"https:\/\/paratraduccion.com\/limiares\/wp-content\/uploads\/2019\/06\/farogaming-320x225.jpg 320w, https:\/\/paratraduccion.com\/limiares\/wp-content\/uploads\/2019\/06\/farogaming.jpg 549w\" sizes=\"(max-width: 320px) 100vw, 320px\" \/>\t\t<\/div>\n\t\t\t<div class=\"bdt-position-cover bdt-overlay bdt-overlay-default bdt-transition-fade\">\n\t\t\t<div class=\"bdt-post-gallery-content\">\n\t\t\t\t<div class=\"bdt-gallery-content-inner\">\n\t\t\t\t\t\t\t<a href=\"https:\/\/paratraduccion.com\/limiares\/fr\/faro-gaming-el-primer-evento-gaming-en-vigo-con-la-participacion-de-la-uvigo-y-el-titulo-propio-de-especialista-en-traduccion-para-la-industria-del-videojuego-etiv\/\" >\n\t\t\t<h4 class=\"bdt-gallery-item-title bdt-margin-remove\">\n\t\t\t\tFARO GAMING: El primer evento gaming en Vigo con la participaci\u00f3n de la UVigo y el T\u00edtulo propio de Especialista en traducci\u00f3n para la industria del videojuego (ETIV)\t\t\t<\/h4>\n\t\t<\/a>\n\t\t\t\t\t\t\t<div class=\"bdt-flex-inline bdt-gallery-item-link-wrapper\">\n\t\t\t\t\t\t\t\t\t\t\t\t\t\t\t<a class=\"bdt-gallery-item-link bdt-gallery-lightbox-item bdt-link-icon\" data-elementor-open-lightbox=\"no\" data-caption=\"FARO GAMING: El primer evento gaming en Vigo con la participaci\u00f3n de la UVigo y el T\u00edtulo propio de Especialista en traducci\u00f3n para la industria del videojuego (ETIV)\" href=\"https:\/\/paratraduccion.com\/limiares\/wp-content\/uploads\/2019\/06\/farogaming.jpg\">\n\t\t\t\t\t\t\t\t\t\t\t\t\t\t\t\t\t\t\t<i class=\"ep-icon-search\" aria-hidden=\"true\"><\/i>\n\t\t\t\t\t\t\t\t\t\t\t\t\t\t\t\t\t<\/a>\n\t\t\t\t\t\t\t\n\t\t\t\t\t\t\t\t\t\t\t\t\t\t\t\t\t\t\t\t\t\t\t<a class=\"bdt-gallery-item-link bdt-link-icon\" href=\"https:\/\/paratraduccion.com\/limiares\/fr\/faro-gaming-el-primer-evento-gaming-en-vigo-con-la-participacion-de-la-uvigo-y-el-titulo-propio-de-especialista-en-traduccion-para-la-industria-del-videojuego-etiv\/\" >\n\t\t\t\t\t\t\t\t\t\t\t\t\t\t\t\t\t\t\t<i class=\"ep-icon-link\" aria-hidden=\"true\"><\/i>\n\t\t\t\t\t\t\t\t\t\t\t\t\t\t\t\t\t<\/a>\n\t\t\t\t\t\t\t\t\t\t\t\t\t<\/div>\n\t\t\t\t\t\t\t\t\t<\/div>\n\t\t\t<\/div>\n\t\t<\/div>\n\t\t\t\t<\/div>\n\t\t<\/div>\n\t\t<div class=\"bdt-gallery-item bdt-transition-toggle bdt-width-1-1 bdt-width-1-2@s bdt-width-1-3@m\" data-filter=\"\">\n\t\t\t<div class=\"bdt-post-gallery-inner\" >\n\t\t\t\t\t\t<div class=\"bdt-gallery-thumbnail bdt-image-mask\">\n\t\t\t<img loading=\"lazy\" decoding=\"async\" width=\"320\" height=\"178\" src=\"https:\/\/paratraduccion.com\/limiares\/wp-content\/uploads\/2019\/04\/DepOurense-320x178.jpg\" class=\"attachment-medium size-medium\" alt=\"CONVOCATORIA TRADUCTOR INTERINO &#8211; PROVINCIA DE OURENSE\" srcset=\"https:\/\/paratraduccion.com\/limiares\/wp-content\/uploads\/2019\/04\/DepOurense-320x178.jpg 320w, https:\/\/paratraduccion.com\/limiares\/wp-content\/uploads\/2019\/04\/DepOurense.jpg 338w\" sizes=\"(max-width: 320px) 100vw, 320px\" \/>\t\t<\/div>\n\t\t\t<div class=\"bdt-position-cover bdt-overlay bdt-overlay-default bdt-transition-fade\">\n\t\t\t<div class=\"bdt-post-gallery-content\">\n\t\t\t\t<div class=\"bdt-gallery-content-inner\">\n\t\t\t\t\t\t\t<a href=\"https:\/\/paratraduccion.com\/limiares\/fr\/convocatoria-traductor-interino-provincia-de-ourense\/\" >\n\t\t\t<h4 class=\"bdt-gallery-item-title bdt-margin-remove\">\n\t\t\t\tCONVOCATORIA TRADUCTOR INTERINO &#8211; PROVINCIA DE OURENSE\t\t\t<\/h4>\n\t\t<\/a>\n\t\t\t\t\t\t\t<div class=\"bdt-flex-inline bdt-gallery-item-link-wrapper\">\n\t\t\t\t\t\t\t\t\t\t\t\t\t\t\t<a class=\"bdt-gallery-item-link bdt-gallery-lightbox-item bdt-link-icon\" data-elementor-open-lightbox=\"no\" data-caption=\"CONVOCATORIA TRADUCTOR INTERINO &#8211; PROVINCIA DE OURENSE\" href=\"https:\/\/paratraduccion.com\/limiares\/wp-content\/uploads\/2019\/04\/DepOurense.jpg\">\n\t\t\t\t\t\t\t\t\t\t\t\t\t\t\t\t\t\t\t<i class=\"ep-icon-search\" aria-hidden=\"true\"><\/i>\n\t\t\t\t\t\t\t\t\t\t\t\t\t\t\t\t\t<\/a>\n\t\t\t\t\t\t\t\n\t\t\t\t\t\t\t\t\t\t\t\t\t\t\t\t\t\t\t\t\t\t\t<a class=\"bdt-gallery-item-link bdt-link-icon\" href=\"https:\/\/paratraduccion.com\/limiares\/fr\/convocatoria-traductor-interino-provincia-de-ourense\/\" >\n\t\t\t\t\t\t\t\t\t\t\t\t\t\t\t\t\t\t\t<i class=\"ep-icon-link\" aria-hidden=\"true\"><\/i>\n\t\t\t\t\t\t\t\t\t\t\t\t\t\t\t\t\t<\/a>\n\t\t\t\t\t\t\t\t\t\t\t\t\t<\/div>\n\t\t\t\t\t\t\t\t\t<\/div>\n\t\t\t<\/div>\n\t\t<\/div>\n\t\t\t\t<\/div>\n\t\t<\/div>\n\t\t<div class=\"bdt-gallery-item bdt-transition-toggle bdt-width-1-1 bdt-width-1-2@s bdt-width-1-3@m\" data-filter=\"\">\n\t\t\t<div class=\"bdt-post-gallery-inner\" >\n\t\t\t\t\t\t<div class=\"bdt-gallery-thumbnail bdt-image-mask\">\n\t\t\t<img loading=\"lazy\" decoding=\"async\" width=\"320\" height=\"361\" src=\"https:\/\/paratraduccion.com\/limiares\/wp-content\/uploads\/2019\/06\/Logofrancofonia-320x361.jpg\" class=\"attachment-medium size-medium\" alt=\"FORMATIONS POUR PROFESSEURS DE FRAN\u00c7AIS\" srcset=\"https:\/\/paratraduccion.com\/limiares\/wp-content\/uploads\/2019\/06\/Logofrancofonia-320x361.jpg 320w, https:\/\/paratraduccion.com\/limiares\/wp-content\/uploads\/2019\/06\/Logofrancofonia.jpg 616w\" sizes=\"(max-width: 320px) 100vw, 320px\" \/>\t\t<\/div>\n\t\t\t<div class=\"bdt-position-cover bdt-overlay bdt-overlay-default bdt-transition-fade\">\n\t\t\t<div class=\"bdt-post-gallery-content\">\n\t\t\t\t<div class=\"bdt-gallery-content-inner\">\n\t\t\t\t\t\t\t<a href=\"https:\/\/paratraduccion.com\/limiares\/fr\/formations-pour-professeurs-de-francais\/\" >\n\t\t\t<h4 class=\"bdt-gallery-item-title bdt-margin-remove\">\n\t\t\t\tFORMATIONS POUR PROFESSEURS DE FRAN\u00c7AIS\t\t\t<\/h4>\n\t\t<\/a>\n\t\t\t\t\t\t\t<div class=\"bdt-flex-inline bdt-gallery-item-link-wrapper\">\n\t\t\t\t\t\t\t\t\t\t\t\t\t\t\t<a class=\"bdt-gallery-item-link bdt-gallery-lightbox-item bdt-link-icon\" data-elementor-open-lightbox=\"no\" data-caption=\"FORMATIONS POUR PROFESSEURS DE FRAN\u00c7AIS\" href=\"https:\/\/paratraduccion.com\/limiares\/wp-content\/uploads\/2019\/06\/Logofrancofonia.jpg\">\n\t\t\t\t\t\t\t\t\t\t\t\t\t\t\t\t\t\t\t<i class=\"ep-icon-search\" aria-hidden=\"true\"><\/i>\n\t\t\t\t\t\t\t\t\t\t\t\t\t\t\t\t\t<\/a>\n\t\t\t\t\t\t\t\n\t\t\t\t\t\t\t\t\t\t\t\t\t\t\t\t\t\t\t\t\t\t\t<a class=\"bdt-gallery-item-link bdt-link-icon\" href=\"https:\/\/paratraduccion.com\/limiares\/fr\/formations-pour-professeurs-de-francais\/\" >\n\t\t\t\t\t\t\t\t\t\t\t\t\t\t\t\t\t\t\t<i class=\"ep-icon-link\" aria-hidden=\"true\"><\/i>\n\t\t\t\t\t\t\t\t\t\t\t\t\t\t\t\t\t<\/a>\n\t\t\t\t\t\t\t\t\t\t\t\t\t<\/div>\n\t\t\t\t\t\t\t\t\t<\/div>\n\t\t\t<\/div>\n\t\t<\/div>\n\t\t\t\t<\/div>\n\t\t<\/div>\n\t\t<div class=\"bdt-gallery-item bdt-transition-toggle bdt-width-1-1 bdt-width-1-2@s bdt-width-1-3@m\" data-filter=\"\">\n\t\t\t<div class=\"bdt-post-gallery-inner\" >\n\t\t\t\t\t\t<div class=\"bdt-gallery-thumbnail bdt-image-mask\">\n\t\t\t<img loading=\"lazy\" decoding=\"async\" width=\"320\" height=\"88\" src=\"https:\/\/paratraduccion.com\/limiares\/wp-content\/uploads\/2019\/02\/Captura-320x88.jpg\" class=\"attachment-medium size-medium\" alt=\"CONVOCATORIA P\u00daBLICA DOS PREMIOS FIN DE CARREIRA DA COMUNIDADE AUT\u00d3NOMA DE GALICIA\" srcset=\"https:\/\/paratraduccion.com\/limiares\/wp-content\/uploads\/2019\/02\/Captura-320x88.jpg 320w, https:\/\/paratraduccion.com\/limiares\/wp-content\/uploads\/2019\/02\/Captura.jpg 373w\" sizes=\"(max-width: 320px) 100vw, 320px\" \/>\t\t<\/div>\n\t\t\t<div class=\"bdt-position-cover bdt-overlay bdt-overlay-default bdt-transition-fade\">\n\t\t\t<div class=\"bdt-post-gallery-content\">\n\t\t\t\t<div class=\"bdt-gallery-content-inner\">\n\t\t\t\t\t\t\t<a href=\"https:\/\/paratraduccion.com\/limiares\/fr\/convocatoria-publica-dos-premios-fin-de-carreira-da-comunidade-autonoma-de-galicia\/\" >\n\t\t\t<h4 class=\"bdt-gallery-item-title bdt-margin-remove\">\n\t\t\t\tCONVOCATORIA P\u00daBLICA DOS PREMIOS FIN DE CARREIRA DA COMUNIDADE AUT\u00d3NOMA DE GALICIA\t\t\t<\/h4>\n\t\t<\/a>\n\t\t\t\t\t\t\t<div class=\"bdt-flex-inline bdt-gallery-item-link-wrapper\">\n\t\t\t\t\t\t\t\t\t\t\t\t\t\t\t<a class=\"bdt-gallery-item-link bdt-gallery-lightbox-item bdt-link-icon\" data-elementor-open-lightbox=\"no\" data-caption=\"CONVOCATORIA P\u00daBLICA DOS PREMIOS FIN DE CARREIRA DA COMUNIDADE AUT\u00d3NOMA DE GALICIA\" href=\"https:\/\/paratraduccion.com\/limiares\/wp-content\/uploads\/2019\/02\/Captura.jpg\">\n\t\t\t\t\t\t\t\t\t\t\t\t\t\t\t\t\t\t\t<i class=\"ep-icon-search\" aria-hidden=\"true\"><\/i>\n\t\t\t\t\t\t\t\t\t\t\t\t\t\t\t\t\t<\/a>\n\t\t\t\t\t\t\t\n\t\t\t\t\t\t\t\t\t\t\t\t\t\t\t\t\t\t\t\t\t\t\t<a class=\"bdt-gallery-item-link bdt-link-icon\" href=\"https:\/\/paratraduccion.com\/limiares\/fr\/convocatoria-publica-dos-premios-fin-de-carreira-da-comunidade-autonoma-de-galicia\/\" >\n\t\t\t\t\t\t\t\t\t\t\t\t\t\t\t\t\t\t\t<i class=\"ep-icon-link\" aria-hidden=\"true\"><\/i>\n\t\t\t\t\t\t\t\t\t\t\t\t\t\t\t\t\t<\/a>\n\t\t\t\t\t\t\t\t\t\t\t\t\t<\/div>\n\t\t\t\t\t\t\t\t\t<\/div>\n\t\t\t<\/div>\n\t\t<\/div>\n\t\t\t\t<\/div>\n\t\t<\/div>\n\t\t<div class=\"bdt-gallery-item bdt-transition-toggle bdt-width-1-1 bdt-width-1-2@s bdt-width-1-3@m\" data-filter=\"\">\n\t\t\t<div class=\"bdt-post-gallery-inner\" >\n\t\t\t\t\t\t<div class=\"bdt-gallery-thumbnail bdt-image-mask\">\n\t\t\t<img loading=\"lazy\" decoding=\"async\" width=\"320\" height=\"213\" src=\"https:\/\/paratraduccion.com\/limiares\/wp-content\/uploads\/2019\/02\/becas-320x213.jpg\" class=\"attachment-medium size-medium\" alt=\"CONVOCATORIA UVIGO PARA BOLSAS DE MOBILIDADE PARA O CURSO 2018\/2019\" srcset=\"https:\/\/paratraduccion.com\/limiares\/wp-content\/uploads\/2019\/02\/becas-320x213.jpg 320w, https:\/\/paratraduccion.com\/limiares\/wp-content\/uploads\/2019\/02\/becas.jpg 473w\" sizes=\"(max-width: 320px) 100vw, 320px\" \/>\t\t<\/div>\n\t\t\t<div class=\"bdt-position-cover bdt-overlay bdt-overlay-default bdt-transition-fade\">\n\t\t\t<div class=\"bdt-post-gallery-content\">\n\t\t\t\t<div class=\"bdt-gallery-content-inner\">\n\t\t\t\t\t\t\t<a href=\"https:\/\/paratraduccion.com\/limiares\/fr\/convocatoria-uvigo-para-bolsas-de-mobilidade-para-o-curso-2018-2019\/\" >\n\t\t\t<h4 class=\"bdt-gallery-item-title bdt-margin-remove\">\n\t\t\t\tCONVOCATORIA UVIGO PARA BOLSAS DE MOBILIDADE PARA O CURSO 2018\/2019\t\t\t<\/h4>\n\t\t<\/a>\n\t\t\t\t\t\t\t<div class=\"bdt-flex-inline bdt-gallery-item-link-wrapper\">\n\t\t\t\t\t\t\t\t\t\t\t\t\t\t\t<a class=\"bdt-gallery-item-link bdt-gallery-lightbox-item bdt-link-icon\" data-elementor-open-lightbox=\"no\" data-caption=\"CONVOCATORIA UVIGO PARA BOLSAS DE MOBILIDADE PARA O CURSO 2018\/2019\" href=\"https:\/\/paratraduccion.com\/limiares\/wp-content\/uploads\/2019\/02\/becas.jpg\">\n\t\t\t\t\t\t\t\t\t\t\t\t\t\t\t\t\t\t\t<i class=\"ep-icon-search\" aria-hidden=\"true\"><\/i>\n\t\t\t\t\t\t\t\t\t\t\t\t\t\t\t\t\t<\/a>\n\t\t\t\t\t\t\t\n\t\t\t\t\t\t\t\t\t\t\t\t\t\t\t\t\t\t\t\t\t\t\t<a class=\"bdt-gallery-item-link bdt-link-icon\" href=\"https:\/\/paratraduccion.com\/limiares\/fr\/convocatoria-uvigo-para-bolsas-de-mobilidade-para-o-curso-2018-2019\/\" >\n\t\t\t\t\t\t\t\t\t\t\t\t\t\t\t\t\t\t\t<i class=\"ep-icon-link\" aria-hidden=\"true\"><\/i>\n\t\t\t\t\t\t\t\t\t\t\t\t\t\t\t\t\t<\/a>\n\t\t\t\t\t\t\t\t\t\t\t\t\t<\/div>\n\t\t\t\t\t\t\t\t\t<\/div>\n\t\t\t<\/div>\n\t\t<\/div>\n\t\t\t\t<\/div>\n\t\t<\/div>\n\t\t<div class=\"bdt-gallery-item bdt-transition-toggle bdt-width-1-1 bdt-width-1-2@s bdt-width-1-3@m\" data-filter=\"\">\n\t\t\t<div class=\"bdt-post-gallery-inner\" >\n\t\t\t\t\t\t<div class=\"bdt-gallery-thumbnail bdt-image-mask\">\n\t\t\t<img loading=\"lazy\" decoding=\"async\" width=\"320\" height=\"128\" src=\"https:\/\/paratraduccion.com\/limiares\/wp-content\/uploads\/2019\/05\/Logo-Xunta-Cultura-e-turismo-320x128.jpg\" class=\"attachment-medium size-medium\" alt=\"CONVOCATORIA P\u00daBLICA PARA CINCO PRAZAS DE LECTORADO DE LINGUA, LITERATURA E CULTURA GALEGAS\" srcset=\"https:\/\/paratraduccion.com\/limiares\/wp-content\/uploads\/2019\/05\/Logo-Xunta-Cultura-e-turismo-320x128.jpg 320w, https:\/\/paratraduccion.com\/limiares\/wp-content\/uploads\/2019\/05\/Logo-Xunta-Cultura-e-turismo.jpg 354w\" sizes=\"(max-width: 320px) 100vw, 320px\" \/>\t\t<\/div>\n\t\t\t<div class=\"bdt-position-cover bdt-overlay bdt-overlay-default bdt-transition-fade\">\n\t\t\t<div class=\"bdt-post-gallery-content\">\n\t\t\t\t<div class=\"bdt-gallery-content-inner\">\n\t\t\t\t\t\t\t<a href=\"https:\/\/paratraduccion.com\/limiares\/fr\/convocatoria-publica-para-cinco-prazas-de-lectorado-de-lingua-literatura-e-cultura-galegas\/\" >\n\t\t\t<h4 class=\"bdt-gallery-item-title bdt-margin-remove\">\n\t\t\t\tCONVOCATORIA P\u00daBLICA PARA CINCO PRAZAS DE LECTORADO DE LINGUA, LITERATURA E CULTURA GALEGAS\t\t\t<\/h4>\n\t\t<\/a>\n\t\t\t\t\t\t\t<div class=\"bdt-flex-inline bdt-gallery-item-link-wrapper\">\n\t\t\t\t\t\t\t\t\t\t\t\t\t\t\t<a class=\"bdt-gallery-item-link bdt-gallery-lightbox-item bdt-link-icon\" data-elementor-open-lightbox=\"no\" data-caption=\"CONVOCATORIA P\u00daBLICA PARA CINCO PRAZAS DE LECTORADO DE LINGUA, LITERATURA E CULTURA GALEGAS\" href=\"https:\/\/paratraduccion.com\/limiares\/wp-content\/uploads\/2019\/05\/Logo-Xunta-Cultura-e-turismo.jpg\">\n\t\t\t\t\t\t\t\t\t\t\t\t\t\t\t\t\t\t\t<i class=\"ep-icon-search\" aria-hidden=\"true\"><\/i>\n\t\t\t\t\t\t\t\t\t\t\t\t\t\t\t\t\t<\/a>\n\t\t\t\t\t\t\t\n\t\t\t\t\t\t\t\t\t\t\t\t\t\t\t\t\t\t\t\t\t\t\t<a class=\"bdt-gallery-item-link bdt-link-icon\" href=\"https:\/\/paratraduccion.com\/limiares\/fr\/convocatoria-publica-para-cinco-prazas-de-lectorado-de-lingua-literatura-e-cultura-galegas\/\" >\n\t\t\t\t\t\t\t\t\t\t\t\t\t\t\t\t\t\t\t<i class=\"ep-icon-link\" aria-hidden=\"true\"><\/i>\n\t\t\t\t\t\t\t\t\t\t\t\t\t\t\t\t\t<\/a>\n\t\t\t\t\t\t\t\t\t\t\t\t\t<\/div>\n\t\t\t\t\t\t\t\t\t<\/div>\n\t\t\t<\/div>\n\t\t<\/div>\n\t\t\t\t<\/div>\n\t\t<\/div>\n\t\t<div class=\"bdt-gallery-item bdt-transition-toggle bdt-width-1-1 bdt-width-1-2@s bdt-width-1-3@m\" data-filter=\"\">\n\t\t\t<div class=\"bdt-post-gallery-inner\" >\n\t\t\t\t\t\t<div class=\"bdt-gallery-thumbnail bdt-image-mask\">\n\t\t\t<img loading=\"lazy\" decoding=\"async\" width=\"270\" height=\"187\" src=\"https:\/\/paratraduccion.com\/limiares\/wp-content\/uploads\/2019\/05\/DraMaFernandezMoya-1.jpg\" class=\"attachment-medium size-medium\" alt=\"Conferencia de Mar\u00eda Fern\u00e1ndez Moya\" \/>\t\t<\/div>\n\t\t\t<div class=\"bdt-position-cover bdt-overlay bdt-overlay-default bdt-transition-fade\">\n\t\t\t<div class=\"bdt-post-gallery-content\">\n\t\t\t\t<div class=\"bdt-gallery-content-inner\">\n\t\t\t\t\t\t\t<a href=\"https:\/\/paratraduccion.com\/limiares\/fr\/conferencia-de-maria-fernandez-moya\/\" >\n\t\t\t<h4 class=\"bdt-gallery-item-title bdt-margin-remove\">\n\t\t\t\tConferencia de Mar\u00eda Fern\u00e1ndez Moya\t\t\t<\/h4>\n\t\t<\/a>\n\t\t\t\t\t\t\t<div class=\"bdt-flex-inline bdt-gallery-item-link-wrapper\">\n\t\t\t\t\t\t\t\t\t\t\t\t\t\t\t<a class=\"bdt-gallery-item-link bdt-gallery-lightbox-item bdt-link-icon\" data-elementor-open-lightbox=\"no\" data-caption=\"Conferencia de Mar\u00eda Fern\u00e1ndez Moya\" href=\"https:\/\/paratraduccion.com\/limiares\/wp-content\/uploads\/2019\/05\/DraMaFernandezMoya-1.jpg\">\n\t\t\t\t\t\t\t\t\t\t\t\t\t\t\t\t\t\t\t<i class=\"ep-icon-search\" aria-hidden=\"true\"><\/i>\n\t\t\t\t\t\t\t\t\t\t\t\t\t\t\t\t\t<\/a>\n\t\t\t\t\t\t\t\n\t\t\t\t\t\t\t\t\t\t\t\t\t\t\t\t\t\t\t\t\t\t\t<a class=\"bdt-gallery-item-link bdt-link-icon\" href=\"https:\/\/paratraduccion.com\/limiares\/fr\/conferencia-de-maria-fernandez-moya\/\" >\n\t\t\t\t\t\t\t\t\t\t\t\t\t\t\t\t\t\t\t<i class=\"ep-icon-link\" aria-hidden=\"true\"><\/i>\n\t\t\t\t\t\t\t\t\t\t\t\t\t\t\t\t\t<\/a>\n\t\t\t\t\t\t\t\t\t\t\t\t\t<\/div>\n\t\t\t\t\t\t\t\t\t<\/div>\n\t\t\t<\/div>\n\t\t<\/div>\n\t\t\t\t<\/div>\n\t\t<\/div>\n\t\t<div class=\"bdt-gallery-item bdt-transition-toggle bdt-width-1-1 bdt-width-1-2@s bdt-width-1-3@m\" data-filter=\"\">\n\t\t\t<div class=\"bdt-post-gallery-inner\" >\n\t\t\t\t\t\t<div class=\"bdt-gallery-thumbnail bdt-image-mask\">\n\t\t\t<img loading=\"lazy\" decoding=\"async\" width=\"320\" height=\"208\" src=\"https:\/\/paratraduccion.com\/limiares\/wp-content\/uploads\/2019\/04\/EdifDepOurense-320x208.jpg\" class=\"attachment-medium size-medium\" alt=\"Proceso de selecci\u00f3n dun\/ha traductor\/a na Deputaci\u00f3n de Ourense\" srcset=\"https:\/\/paratraduccion.com\/limiares\/wp-content\/uploads\/2019\/04\/EdifDepOurense-320x208.jpg 320w, https:\/\/paratraduccion.com\/limiares\/wp-content\/uploads\/2019\/04\/EdifDepOurense-768x499.jpg 768w, https:\/\/paratraduccion.com\/limiares\/wp-content\/uploads\/2019\/04\/EdifDepOurense.jpg 875w\" sizes=\"(max-width: 320px) 100vw, 320px\" \/>\t\t<\/div>\n\t\t\t<div class=\"bdt-position-cover bdt-overlay bdt-overlay-default bdt-transition-fade\">\n\t\t\t<div class=\"bdt-post-gallery-content\">\n\t\t\t\t<div class=\"bdt-gallery-content-inner\">\n\t\t\t\t\t\t\t<a href=\"https:\/\/paratraduccion.com\/limiares\/fr\/proceso-de-seleccion-dun-ha-traductor-a-na-deputacion-de-ourense\/\" >\n\t\t\t<h4 class=\"bdt-gallery-item-title bdt-margin-remove\">\n\t\t\t\tProceso de selecci\u00f3n dun\/ha traductor\/a na Deputaci\u00f3n de Ourense\t\t\t<\/h4>\n\t\t<\/a>\n\t\t\t\t\t\t\t<div class=\"bdt-flex-inline bdt-gallery-item-link-wrapper\">\n\t\t\t\t\t\t\t\t\t\t\t\t\t\t\t<a class=\"bdt-gallery-item-link bdt-gallery-lightbox-item bdt-link-icon\" data-elementor-open-lightbox=\"no\" data-caption=\"Proceso de selecci\u00f3n dun\/ha traductor\/a na Deputaci\u00f3n de Ourense\" href=\"https:\/\/paratraduccion.com\/limiares\/wp-content\/uploads\/2019\/04\/EdifDepOurense.jpg\">\n\t\t\t\t\t\t\t\t\t\t\t\t\t\t\t\t\t\t\t<i class=\"ep-icon-search\" aria-hidden=\"true\"><\/i>\n\t\t\t\t\t\t\t\t\t\t\t\t\t\t\t\t\t<\/a>\n\t\t\t\t\t\t\t\n\t\t\t\t\t\t\t\t\t\t\t\t\t\t\t\t\t\t\t\t\t\t\t<a class=\"bdt-gallery-item-link bdt-link-icon\" href=\"https:\/\/paratraduccion.com\/limiares\/fr\/proceso-de-seleccion-dun-ha-traductor-a-na-deputacion-de-ourense\/\" >\n\t\t\t\t\t\t\t\t\t\t\t\t\t\t\t\t\t\t\t<i class=\"ep-icon-link\" aria-hidden=\"true\"><\/i>\n\t\t\t\t\t\t\t\t\t\t\t\t\t\t\t\t\t<\/a>\n\t\t\t\t\t\t\t\t\t\t\t\t\t<\/div>\n\t\t\t\t\t\t\t\t\t<\/div>\n\t\t\t<\/div>\n\t\t<\/div>\n\t\t\t\t<\/div>\n\t\t<\/div>\n\t\t<div class=\"bdt-gallery-item bdt-transition-toggle bdt-width-1-1 bdt-width-1-2@s bdt-width-1-3@m\" data-filter=\"\">\n\t\t\t<div class=\"bdt-post-gallery-inner\" >\n\t\t\t\t\t\t<div class=\"bdt-gallery-thumbnail bdt-image-mask\">\n\t\t\t<img loading=\"lazy\" decoding=\"async\" width=\"320\" height=\"198\" src=\"https:\/\/paratraduccion.com\/limiares\/wp-content\/uploads\/2019\/04\/Universite-Cote-Opale-320x198.jpg\" class=\"attachment-medium size-medium\" alt=\"L&#8217;UNIVERSIT\u00c9 C\u00d4TE D&#8217;OPALE RECRUTE\" srcset=\"https:\/\/paratraduccion.com\/limiares\/wp-content\/uploads\/2019\/04\/Universite-Cote-Opale-320x198.jpg 320w, https:\/\/paratraduccion.com\/limiares\/wp-content\/uploads\/2019\/04\/Universite-Cote-Opale-768x475.jpg 768w, https:\/\/paratraduccion.com\/limiares\/wp-content\/uploads\/2019\/04\/Universite-Cote-Opale.jpg 869w\" sizes=\"(max-width: 320px) 100vw, 320px\" \/>\t\t<\/div>\n\t\t\t<div class=\"bdt-position-cover bdt-overlay bdt-overlay-default bdt-transition-fade\">\n\t\t\t<div class=\"bdt-post-gallery-content\">\n\t\t\t\t<div class=\"bdt-gallery-content-inner\">\n\t\t\t\t\t\t\t<a href=\"https:\/\/paratraduccion.com\/limiares\/fr\/luniversite-cote-dopale-recrute\/\" >\n\t\t\t<h4 class=\"bdt-gallery-item-title bdt-margin-remove\">\n\t\t\t\tL&#8217;UNIVERSIT\u00c9 C\u00d4TE D&#8217;OPALE RECRUTE\t\t\t<\/h4>\n\t\t<\/a>\n\t\t\t\t\t\t\t<div class=\"bdt-flex-inline bdt-gallery-item-link-wrapper\">\n\t\t\t\t\t\t\t\t\t\t\t\t\t\t\t<a class=\"bdt-gallery-item-link bdt-gallery-lightbox-item bdt-link-icon\" data-elementor-open-lightbox=\"no\" data-caption=\"L&#8217;UNIVERSIT\u00c9 C\u00d4TE D&#8217;OPALE RECRUTE\" href=\"https:\/\/paratraduccion.com\/limiares\/wp-content\/uploads\/2019\/04\/Universite-Cote-Opale.jpg\">\n\t\t\t\t\t\t\t\t\t\t\t\t\t\t\t\t\t\t\t<i class=\"ep-icon-search\" aria-hidden=\"true\"><\/i>\n\t\t\t\t\t\t\t\t\t\t\t\t\t\t\t\t\t<\/a>\n\t\t\t\t\t\t\t\n\t\t\t\t\t\t\t\t\t\t\t\t\t\t\t\t\t\t\t\t\t\t\t<a class=\"bdt-gallery-item-link bdt-link-icon\" href=\"https:\/\/paratraduccion.com\/limiares\/fr\/luniversite-cote-dopale-recrute\/\" >\n\t\t\t\t\t\t\t\t\t\t\t\t\t\t\t\t\t\t\t<i class=\"ep-icon-link\" aria-hidden=\"true\"><\/i>\n\t\t\t\t\t\t\t\t\t\t\t\t\t\t\t\t\t<\/a>\n\t\t\t\t\t\t\t\t\t\t\t\t\t<\/div>\n\t\t\t\t\t\t\t\t\t<\/div>\n\t\t\t<\/div>\n\t\t<\/div>\n\t\t\t\t<\/div>\n\t\t<\/div>\n\t\t<div class=\"bdt-gallery-item bdt-transition-toggle bdt-width-1-1 bdt-width-1-2@s bdt-width-1-3@m\" data-filter=\"\">\n\t\t\t<div class=\"bdt-post-gallery-inner\" >\n\t\t\t\t\t\t<div class=\"bdt-gallery-thumbnail bdt-image-mask\">\n\t\t\t<img loading=\"lazy\" decoding=\"async\" width=\"320\" height=\"177\" src=\"https:\/\/paratraduccion.com\/limiares\/wp-content\/uploads\/2019\/03\/Rennes-II-320x177.jpg\" class=\"attachment-medium size-medium\" alt=\"L&#8217;Universit\u00e9 Rennes II &#8211; Haute Bretagne recrute\" srcset=\"https:\/\/paratraduccion.com\/limiares\/wp-content\/uploads\/2019\/03\/Rennes-II-320x177.jpg 320w, https:\/\/paratraduccion.com\/limiares\/wp-content\/uploads\/2019\/03\/Rennes-II-768x424.jpg 768w, https:\/\/paratraduccion.com\/limiares\/wp-content\/uploads\/2019\/03\/Rennes-II.jpg 899w\" sizes=\"(max-width: 320px) 100vw, 320px\" \/>\t\t<\/div>\n\t\t\t<div class=\"bdt-position-cover bdt-overlay bdt-overlay-default bdt-transition-fade\">\n\t\t\t<div class=\"bdt-post-gallery-content\">\n\t\t\t\t<div class=\"bdt-gallery-content-inner\">\n\t\t\t\t\t\t\t<a href=\"https:\/\/paratraduccion.com\/limiares\/fr\/luniversite-rennes-ii-haute-bretagne-recrute\/\" >\n\t\t\t<h4 class=\"bdt-gallery-item-title bdt-margin-remove\">\n\t\t\t\tL&#8217;Universit\u00e9 Rennes II &#8211; Haute Bretagne recrute\t\t\t<\/h4>\n\t\t<\/a>\n\t\t\t\t\t\t\t<div class=\"bdt-flex-inline bdt-gallery-item-link-wrapper\">\n\t\t\t\t\t\t\t\t\t\t\t\t\t\t\t<a class=\"bdt-gallery-item-link bdt-gallery-lightbox-item bdt-link-icon\" data-elementor-open-lightbox=\"no\" data-caption=\"L&#8217;Universit\u00e9 Rennes II &#8211; Haute Bretagne recrute\" href=\"https:\/\/paratraduccion.com\/limiares\/wp-content\/uploads\/2019\/03\/Rennes-II.jpg\">\n\t\t\t\t\t\t\t\t\t\t\t\t\t\t\t\t\t\t\t<i class=\"ep-icon-search\" aria-hidden=\"true\"><\/i>\n\t\t\t\t\t\t\t\t\t\t\t\t\t\t\t\t\t<\/a>\n\t\t\t\t\t\t\t\n\t\t\t\t\t\t\t\t\t\t\t\t\t\t\t\t\t\t\t\t\t\t\t<a class=\"bdt-gallery-item-link bdt-link-icon\" href=\"https:\/\/paratraduccion.com\/limiares\/fr\/luniversite-rennes-ii-haute-bretagne-recrute\/\" >\n\t\t\t\t\t\t\t\t\t\t\t\t\t\t\t\t\t\t\t<i class=\"ep-icon-link\" aria-hidden=\"true\"><\/i>\n\t\t\t\t\t\t\t\t\t\t\t\t\t\t\t\t\t<\/a>\n\t\t\t\t\t\t\t\t\t\t\t\t\t<\/div>\n\t\t\t\t\t\t\t\t\t<\/div>\n\t\t\t<\/div>\n\t\t<\/div>\n\t\t\t\t<\/div>\n\t\t<\/div>\n\t\t<div class=\"bdt-gallery-item bdt-transition-toggle bdt-width-1-1 bdt-width-1-2@s bdt-width-1-3@m\" data-filter=\"\">\n\t\t\t<div class=\"bdt-post-gallery-inner\" >\n\t\t\t\t\t\t<div class=\"bdt-gallery-thumbnail bdt-image-mask\">\n\t\t\t<img loading=\"lazy\" decoding=\"async\" width=\"320\" height=\"256\" src=\"https:\/\/paratraduccion.com\/limiares\/wp-content\/uploads\/2019\/03\/David-A.-\u00c1lvarez-320x256.png\" class=\"attachment-medium size-medium\" alt=\"Conferencia de David A. \u00c1lvarez\" srcset=\"https:\/\/paratraduccion.com\/limiares\/wp-content\/uploads\/2019\/03\/David-A.-\u00c1lvarez-320x256.png 320w, https:\/\/paratraduccion.com\/limiares\/wp-content\/uploads\/2019\/03\/David-A.-\u00c1lvarez.png 582w\" sizes=\"(max-width: 320px) 100vw, 320px\" \/>\t\t<\/div>\n\t\t\t<div class=\"bdt-position-cover bdt-overlay bdt-overlay-default bdt-transition-fade\">\n\t\t\t<div class=\"bdt-post-gallery-content\">\n\t\t\t\t<div class=\"bdt-gallery-content-inner\">\n\t\t\t\t\t\t\t<a href=\"https:\/\/paratraduccion.com\/limiares\/fr\/conferencia-dos-mares-do-sur-a-galicia-do-seculo-xxi-recreacion-e-censura-nas-traducions-de-pippi-mediaslongas\/\" >\n\t\t\t<h4 class=\"bdt-gallery-item-title bdt-margin-remove\">\n\t\t\t\tConferencia de David A. \u00c1lvarez\t\t\t<\/h4>\n\t\t<\/a>\n\t\t\t\t\t\t\t<div class=\"bdt-flex-inline bdt-gallery-item-link-wrapper\">\n\t\t\t\t\t\t\t\t\t\t\t\t\t\t\t<a class=\"bdt-gallery-item-link bdt-gallery-lightbox-item bdt-link-icon\" data-elementor-open-lightbox=\"no\" data-caption=\"Conferencia de David A. \u00c1lvarez\" href=\"https:\/\/paratraduccion.com\/limiares\/wp-content\/uploads\/2019\/03\/David-A.-\u00c1lvarez.png\">\n\t\t\t\t\t\t\t\t\t\t\t\t\t\t\t\t\t\t\t<i class=\"ep-icon-search\" aria-hidden=\"true\"><\/i>\n\t\t\t\t\t\t\t\t\t\t\t\t\t\t\t\t\t<\/a>\n\t\t\t\t\t\t\t\n\t\t\t\t\t\t\t\t\t\t\t\t\t\t\t\t\t\t\t\t\t\t\t<a class=\"bdt-gallery-item-link bdt-link-icon\" href=\"https:\/\/paratraduccion.com\/limiares\/fr\/conferencia-dos-mares-do-sur-a-galicia-do-seculo-xxi-recreacion-e-censura-nas-traducions-de-pippi-mediaslongas\/\" >\n\t\t\t\t\t\t\t\t\t\t\t\t\t\t\t\t\t\t\t<i class=\"ep-icon-link\" aria-hidden=\"true\"><\/i>\n\t\t\t\t\t\t\t\t\t\t\t\t\t\t\t\t\t<\/a>\n\t\t\t\t\t\t\t\t\t\t\t\t\t<\/div>\n\t\t\t\t\t\t\t\t\t<\/div>\n\t\t\t<\/div>\n\t\t<\/div>\n\t\t\t\t<\/div>\n\t\t<\/div>\n\t\t<div class=\"bdt-gallery-item bdt-transition-toggle bdt-width-1-1 bdt-width-1-2@s bdt-width-1-3@m\" data-filter=\"\">\n\t\t\t<div class=\"bdt-post-gallery-inner\" >\n\t\t\t\t\t\t<div class=\"bdt-gallery-thumbnail bdt-image-mask\">\n\t\t\t<img loading=\"lazy\" decoding=\"async\" width=\"320\" height=\"213\" src=\"https:\/\/paratraduccion.com\/limiares\/wp-content\/uploads\/2019\/03\/aula-instituto-320x213.jpg\" class=\"attachment-medium size-medium\" alt=\"A CONSELLER\u00cdA DE EDUCACI\u00d3N PUBLICOU A CONVOCATORIA DO PROCESO SELECTIVO PARA O ACCESO AO CORPO DE PROFESORADO DE ENSINO SECUNDARIO\" srcset=\"https:\/\/paratraduccion.com\/limiares\/wp-content\/uploads\/2019\/03\/aula-instituto-320x213.jpg 320w, https:\/\/paratraduccion.com\/limiares\/wp-content\/uploads\/2019\/03\/aula-instituto.jpg 658w\" sizes=\"(max-width: 320px) 100vw, 320px\" \/>\t\t<\/div>\n\t\t\t<div class=\"bdt-position-cover bdt-overlay bdt-overlay-default bdt-transition-fade\">\n\t\t\t<div class=\"bdt-post-gallery-content\">\n\t\t\t\t<div class=\"bdt-gallery-content-inner\">\n\t\t\t\t\t\t\t<a href=\"https:\/\/paratraduccion.com\/limiares\/fr\/a-conselleria-de-educacion-publicou-a-convocatoria-do-proceso-selectivo-para-o-acceso-ao-corpo-de-profesorado-de-ensino-secundario\/\" >\n\t\t\t<h4 class=\"bdt-gallery-item-title bdt-margin-remove\">\n\t\t\t\tA CONSELLER\u00cdA DE EDUCACI\u00d3N PUBLICOU A CONVOCATORIA DO PROCESO SELECTIVO PARA O ACCESO AO CORPO DE PROFESORADO DE ENSINO SECUNDARIO\t\t\t<\/h4>\n\t\t<\/a>\n\t\t\t\t\t\t\t<div class=\"bdt-flex-inline bdt-gallery-item-link-wrapper\">\n\t\t\t\t\t\t\t\t\t\t\t\t\t\t\t<a class=\"bdt-gallery-item-link bdt-gallery-lightbox-item bdt-link-icon\" data-elementor-open-lightbox=\"no\" data-caption=\"A CONSELLER\u00cdA DE EDUCACI\u00d3N PUBLICOU A CONVOCATORIA DO PROCESO SELECTIVO PARA O ACCESO AO CORPO DE PROFESORADO DE ENSINO SECUNDARIO\" href=\"https:\/\/paratraduccion.com\/limiares\/wp-content\/uploads\/2019\/03\/aula-instituto.jpg\">\n\t\t\t\t\t\t\t\t\t\t\t\t\t\t\t\t\t\t\t<i class=\"ep-icon-search\" aria-hidden=\"true\"><\/i>\n\t\t\t\t\t\t\t\t\t\t\t\t\t\t\t\t\t<\/a>\n\t\t\t\t\t\t\t\n\t\t\t\t\t\t\t\t\t\t\t\t\t\t\t\t\t\t\t\t\t\t\t<a class=\"bdt-gallery-item-link bdt-link-icon\" href=\"https:\/\/paratraduccion.com\/limiares\/fr\/a-conselleria-de-educacion-publicou-a-convocatoria-do-proceso-selectivo-para-o-acceso-ao-corpo-de-profesorado-de-ensino-secundario\/\" >\n\t\t\t\t\t\t\t\t\t\t\t\t\t\t\t\t\t\t\t<i class=\"ep-icon-link\" aria-hidden=\"true\"><\/i>\n\t\t\t\t\t\t\t\t\t\t\t\t\t\t\t\t\t<\/a>\n\t\t\t\t\t\t\t\t\t\t\t\t\t<\/div>\n\t\t\t\t\t\t\t\t\t<\/div>\n\t\t\t<\/div>\n\t\t<\/div>\n\t\t\t\t<\/div>\n\t\t<\/div>\n\t\t<div class=\"bdt-gallery-item bdt-transition-toggle bdt-width-1-1 bdt-width-1-2@s bdt-width-1-3@m\" data-filter=\"\">\n\t\t\t<div class=\"bdt-post-gallery-inner\" >\n\t\t\t\t\t\t<div class=\"bdt-gallery-thumbnail bdt-image-mask\">\n\t\t\t<img loading=\"lazy\" decoding=\"async\" width=\"320\" height=\"149\" src=\"https:\/\/paratraduccion.com\/limiares\/wp-content\/uploads\/2019\/03\/Vue-Mont-Blanc-320x149.jpg\" class=\"attachment-medium size-medium\" alt=\"L&#8217;UNIVERSIT\u00c9 SAVOIE MONT-BLANC RECRUTE\" srcset=\"https:\/\/paratraduccion.com\/limiares\/wp-content\/uploads\/2019\/03\/Vue-Mont-Blanc-320x149.jpg 320w, https:\/\/paratraduccion.com\/limiares\/wp-content\/uploads\/2019\/03\/Vue-Mont-Blanc-768x358.jpg 768w, https:\/\/paratraduccion.com\/limiares\/wp-content\/uploads\/2019\/03\/Vue-Mont-Blanc-1200x560.jpg 1200w, https:\/\/paratraduccion.com\/limiares\/wp-content\/uploads\/2019\/03\/Vue-Mont-Blanc.jpg 1262w\" sizes=\"(max-width: 320px) 100vw, 320px\" \/>\t\t<\/div>\n\t\t\t<div class=\"bdt-position-cover bdt-overlay bdt-overlay-default bdt-transition-fade\">\n\t\t\t<div class=\"bdt-post-gallery-content\">\n\t\t\t\t<div class=\"bdt-gallery-content-inner\">\n\t\t\t\t\t\t\t<a href=\"https:\/\/paratraduccion.com\/limiares\/fr\/luniversite-savoie-mont-blanc-recrute\/\" >\n\t\t\t<h4 class=\"bdt-gallery-item-title bdt-margin-remove\">\n\t\t\t\tL&#8217;UNIVERSIT\u00c9 SAVOIE MONT-BLANC RECRUTE\t\t\t<\/h4>\n\t\t<\/a>\n\t\t\t\t\t\t\t<div class=\"bdt-flex-inline bdt-gallery-item-link-wrapper\">\n\t\t\t\t\t\t\t\t\t\t\t\t\t\t\t<a class=\"bdt-gallery-item-link bdt-gallery-lightbox-item bdt-link-icon\" data-elementor-open-lightbox=\"no\" data-caption=\"L&#8217;UNIVERSIT\u00c9 SAVOIE MONT-BLANC RECRUTE\" href=\"https:\/\/paratraduccion.com\/limiares\/wp-content\/uploads\/2019\/03\/Vue-Mont-Blanc.jpg\">\n\t\t\t\t\t\t\t\t\t\t\t\t\t\t\t\t\t\t\t<i class=\"ep-icon-search\" aria-hidden=\"true\"><\/i>\n\t\t\t\t\t\t\t\t\t\t\t\t\t\t\t\t\t<\/a>\n\t\t\t\t\t\t\t\n\t\t\t\t\t\t\t\t\t\t\t\t\t\t\t\t\t\t\t\t\t\t\t<a class=\"bdt-gallery-item-link bdt-link-icon\" href=\"https:\/\/paratraduccion.com\/limiares\/fr\/luniversite-savoie-mont-blanc-recrute\/\" >\n\t\t\t\t\t\t\t\t\t\t\t\t\t\t\t\t\t\t\t<i class=\"ep-icon-link\" aria-hidden=\"true\"><\/i>\n\t\t\t\t\t\t\t\t\t\t\t\t\t\t\t\t\t<\/a>\n\t\t\t\t\t\t\t\t\t\t\t\t\t<\/div>\n\t\t\t\t\t\t\t\t\t<\/div>\n\t\t\t<\/div>\n\t\t<\/div>\n\t\t\t\t<\/div>\n\t\t<\/div>\n\t\t<div class=\"bdt-gallery-item bdt-transition-toggle bdt-width-1-1 bdt-width-1-2@s bdt-width-1-3@m\" data-filter=\"\">\n\t\t\t<div class=\"bdt-post-gallery-inner\" >\n\t\t\t\t\t\t<div class=\"bdt-gallery-thumbnail bdt-image-mask\">\n\t\t\t<img loading=\"lazy\" decoding=\"async\" width=\"320\" height=\"236\" src=\"https:\/\/paratraduccion.com\/limiares\/wp-content\/uploads\/2019\/03\/XSimposioAsia-320x236.jpg\" class=\"attachment-medium size-medium\" alt=\"X SIMPOSIO INTERNACIONAL DE J\u00d3VENES INVESTIGADORES EN TRADUCCI\u00d3N, INTERPRETATACI\u00d3N, ESTUDIOS INTERCULTURALES Y ESTUDIOS DE ASIA ORIENTAL\" srcset=\"https:\/\/paratraduccion.com\/limiares\/wp-content\/uploads\/2019\/03\/XSimposioAsia-320x236.jpg 320w, https:\/\/paratraduccion.com\/limiares\/wp-content\/uploads\/2019\/03\/XSimposioAsia.jpg 682w\" sizes=\"(max-width: 320px) 100vw, 320px\" \/>\t\t<\/div>\n\t\t\t<div class=\"bdt-position-cover bdt-overlay bdt-overlay-default bdt-transition-fade\">\n\t\t\t<div class=\"bdt-post-gallery-content\">\n\t\t\t\t<div class=\"bdt-gallery-content-inner\">\n\t\t\t\t\t\t\t<a href=\"https:\/\/paratraduccion.com\/limiares\/fr\/x-simposio-internacional-de-jovenes-investigadores-en-traduccion-interpretatacion-estudios-interculturales-y-estudios-de-asia-oriental\/\" >\n\t\t\t<h4 class=\"bdt-gallery-item-title bdt-margin-remove\">\n\t\t\t\tX SIMPOSIO INTERNACIONAL DE J\u00d3VENES INVESTIGADORES EN TRADUCCI\u00d3N, INTERPRETATACI\u00d3N, ESTUDIOS INTERCULTURALES Y ESTUDIOS DE ASIA ORIENTAL\t\t\t<\/h4>\n\t\t<\/a>\n\t\t\t\t\t\t\t<div class=\"bdt-flex-inline bdt-gallery-item-link-wrapper\">\n\t\t\t\t\t\t\t\t\t\t\t\t\t\t\t<a class=\"bdt-gallery-item-link bdt-gallery-lightbox-item bdt-link-icon\" data-elementor-open-lightbox=\"no\" data-caption=\"X SIMPOSIO INTERNACIONAL DE J\u00d3VENES INVESTIGADORES EN TRADUCCI\u00d3N, INTERPRETATACI\u00d3N, ESTUDIOS INTERCULTURALES Y ESTUDIOS DE ASIA ORIENTAL\" href=\"https:\/\/paratraduccion.com\/limiares\/wp-content\/uploads\/2019\/03\/XSimposioAsia.jpg\">\n\t\t\t\t\t\t\t\t\t\t\t\t\t\t\t\t\t\t\t<i class=\"ep-icon-search\" aria-hidden=\"true\"><\/i>\n\t\t\t\t\t\t\t\t\t\t\t\t\t\t\t\t\t<\/a>\n\t\t\t\t\t\t\t\n\t\t\t\t\t\t\t\t\t\t\t\t\t\t\t\t\t\t\t\t\t\t\t<a class=\"bdt-gallery-item-link bdt-link-icon\" href=\"https:\/\/paratraduccion.com\/limiares\/fr\/x-simposio-internacional-de-jovenes-investigadores-en-traduccion-interpretatacion-estudios-interculturales-y-estudios-de-asia-oriental\/\" >\n\t\t\t\t\t\t\t\t\t\t\t\t\t\t\t\t\t\t\t<i class=\"ep-icon-link\" aria-hidden=\"true\"><\/i>\n\t\t\t\t\t\t\t\t\t\t\t\t\t\t\t\t\t<\/a>\n\t\t\t\t\t\t\t\t\t\t\t\t\t<\/div>\n\t\t\t\t\t\t\t\t\t<\/div>\n\t\t\t<\/div>\n\t\t<\/div>\n\t\t\t\t<\/div>\n\t\t<\/div>\n\t\t<div class=\"bdt-gallery-item bdt-transition-toggle bdt-width-1-1 bdt-width-1-2@s bdt-width-1-3@m\" data-filter=\"\">\n\t\t\t<div class=\"bdt-post-gallery-inner\" >\n\t\t\t\t\t\t<div class=\"bdt-gallery-thumbnail bdt-image-mask\">\n\t\t\t<img loading=\"lazy\" decoding=\"async\" width=\"249\" height=\"377\" src=\"https:\/\/paratraduccion.com\/limiares\/wp-content\/uploads\/2019\/03\/Seistoeunhome.jpg\" class=\"attachment-medium size-medium\" alt=\"PRESENTACI\u00d3N DO LIBRO DE PRIMO LEVI TRADUCIDO AO GALEGO\" \/>\t\t<\/div>\n\t\t\t<div class=\"bdt-position-cover bdt-overlay bdt-overlay-default bdt-transition-fade\">\n\t\t\t<div class=\"bdt-post-gallery-content\">\n\t\t\t\t<div class=\"bdt-gallery-content-inner\">\n\t\t\t\t\t\t\t<a href=\"https:\/\/paratraduccion.com\/limiares\/fr\/presentacion-do-libro-de-primo-levi-traducido-ao-galego\/\" >\n\t\t\t<h4 class=\"bdt-gallery-item-title bdt-margin-remove\">\n\t\t\t\tPRESENTACI\u00d3N DO LIBRO DE PRIMO LEVI TRADUCIDO AO GALEGO\t\t\t<\/h4>\n\t\t<\/a>\n\t\t\t\t\t\t\t<div class=\"bdt-flex-inline bdt-gallery-item-link-wrapper\">\n\t\t\t\t\t\t\t\t\t\t\t\t\t\t\t<a class=\"bdt-gallery-item-link bdt-gallery-lightbox-item bdt-link-icon\" data-elementor-open-lightbox=\"no\" data-caption=\"PRESENTACI\u00d3N DO LIBRO DE PRIMO LEVI TRADUCIDO AO GALEGO\" href=\"https:\/\/paratraduccion.com\/limiares\/wp-content\/uploads\/2019\/03\/Seistoeunhome.jpg\">\n\t\t\t\t\t\t\t\t\t\t\t\t\t\t\t\t\t\t\t<i class=\"ep-icon-search\" aria-hidden=\"true\"><\/i>\n\t\t\t\t\t\t\t\t\t\t\t\t\t\t\t\t\t<\/a>\n\t\t\t\t\t\t\t\n\t\t\t\t\t\t\t\t\t\t\t\t\t\t\t\t\t\t\t\t\t\t\t<a class=\"bdt-gallery-item-link bdt-link-icon\" href=\"https:\/\/paratraduccion.com\/limiares\/fr\/presentacion-do-libro-de-primo-levi-traducido-ao-galego\/\" >\n\t\t\t\t\t\t\t\t\t\t\t\t\t\t\t\t\t\t\t<i class=\"ep-icon-link\" aria-hidden=\"true\"><\/i>\n\t\t\t\t\t\t\t\t\t\t\t\t\t\t\t\t\t<\/a>\n\t\t\t\t\t\t\t\t\t\t\t\t\t<\/div>\n\t\t\t\t\t\t\t\t\t<\/div>\n\t\t\t<\/div>\n\t\t<\/div>\n\t\t\t\t<\/div>\n\t\t<\/div>\n\t\t<div class=\"bdt-gallery-item bdt-transition-toggle bdt-width-1-1 bdt-width-1-2@s bdt-width-1-3@m\" data-filter=\"\">\n\t\t\t<div class=\"bdt-post-gallery-inner\" >\n\t\t\t\t\t\t<div class=\"bdt-gallery-thumbnail bdt-image-mask\">\n\t\t\t<img loading=\"lazy\" decoding=\"async\" width=\"320\" height=\"88\" src=\"https:\/\/paratraduccion.com\/limiares\/wp-content\/uploads\/2019\/02\/Captura-320x88.jpg\" class=\"attachment-medium size-medium\" alt=\"PREMIOS DE EXCELENCIA ACAD\u00c9MICA AO ALMUNADO DE GRAO\" srcset=\"https:\/\/paratraduccion.com\/limiares\/wp-content\/uploads\/2019\/02\/Captura-320x88.jpg 320w, https:\/\/paratraduccion.com\/limiares\/wp-content\/uploads\/2019\/02\/Captura.jpg 373w\" sizes=\"(max-width: 320px) 100vw, 320px\" \/>\t\t<\/div>\n\t\t\t<div class=\"bdt-position-cover bdt-overlay bdt-overlay-default bdt-transition-fade\">\n\t\t\t<div class=\"bdt-post-gallery-content\">\n\t\t\t\t<div class=\"bdt-gallery-content-inner\">\n\t\t\t\t\t\t\t<a href=\"https:\/\/paratraduccion.com\/limiares\/fr\/premios-de-excelencia-academica-ao-almunado-de-grao\/\" >\n\t\t\t<h4 class=\"bdt-gallery-item-title bdt-margin-remove\">\n\t\t\t\tPREMIOS DE EXCELENCIA ACAD\u00c9MICA AO ALMUNADO DE GRAO\t\t\t<\/h4>\n\t\t<\/a>\n\t\t\t\t\t\t\t<div class=\"bdt-flex-inline bdt-gallery-item-link-wrapper\">\n\t\t\t\t\t\t\t\t\t\t\t\t\t\t\t<a class=\"bdt-gallery-item-link bdt-gallery-lightbox-item bdt-link-icon\" data-elementor-open-lightbox=\"no\" data-caption=\"PREMIOS DE EXCELENCIA ACAD\u00c9MICA AO ALMUNADO DE GRAO\" href=\"https:\/\/paratraduccion.com\/limiares\/wp-content\/uploads\/2019\/02\/Captura.jpg\">\n\t\t\t\t\t\t\t\t\t\t\t\t\t\t\t\t\t\t\t<i class=\"ep-icon-search\" aria-hidden=\"true\"><\/i>\n\t\t\t\t\t\t\t\t\t\t\t\t\t\t\t\t\t<\/a>\n\t\t\t\t\t\t\t\n\t\t\t\t\t\t\t\t\t\t\t\t\t\t\t\t\t\t\t\t\t\t\t<a class=\"bdt-gallery-item-link bdt-link-icon\" href=\"https:\/\/paratraduccion.com\/limiares\/fr\/premios-de-excelencia-academica-ao-almunado-de-grao\/\" >\n\t\t\t\t\t\t\t\t\t\t\t\t\t\t\t\t\t\t\t<i class=\"ep-icon-link\" aria-hidden=\"true\"><\/i>\n\t\t\t\t\t\t\t\t\t\t\t\t\t\t\t\t\t<\/a>\n\t\t\t\t\t\t\t\t\t\t\t\t\t<\/div>\n\t\t\t\t\t\t\t\t\t<\/div>\n\t\t\t<\/div>\n\t\t<\/div>\n\t\t\t\t<\/div>\n\t\t<\/div>\n\t\t<div class=\"bdt-gallery-item bdt-transition-toggle bdt-width-1-1 bdt-width-1-2@s bdt-width-1-3@m\" data-filter=\"\">\n\t\t\t<div class=\"bdt-post-gallery-inner\" >\n\t\t\t\t\t\t<div class=\"bdt-gallery-thumbnail bdt-image-mask\">\n\t\t\t<img loading=\"lazy\" decoding=\"async\" width=\"320\" height=\"199\" src=\"https:\/\/paratraduccion.com\/limiares\/wp-content\/uploads\/2019\/02\/Bolsas-comedor-320x199.jpg\" class=\"attachment-medium size-medium\" alt=\"A UNIVERSIDADE CONVOCA AS BOLSAS COMEDOR\" srcset=\"https:\/\/paratraduccion.com\/limiares\/wp-content\/uploads\/2019\/02\/Bolsas-comedor-320x199.jpg 320w, https:\/\/paratraduccion.com\/limiares\/wp-content\/uploads\/2019\/02\/Bolsas-comedor.jpg 698w\" sizes=\"(max-width: 320px) 100vw, 320px\" \/>\t\t<\/div>\n\t\t\t<div class=\"bdt-position-cover bdt-overlay bdt-overlay-default bdt-transition-fade\">\n\t\t\t<div class=\"bdt-post-gallery-content\">\n\t\t\t\t<div class=\"bdt-gallery-content-inner\">\n\t\t\t\t\t\t\t<a href=\"https:\/\/paratraduccion.com\/limiares\/fr\/a-universidade-convoca-as-bolsas-comedor\/\" >\n\t\t\t<h4 class=\"bdt-gallery-item-title bdt-margin-remove\">\n\t\t\t\tA UNIVERSIDADE CONVOCA AS BOLSAS COMEDOR\t\t\t<\/h4>\n\t\t<\/a>\n\t\t\t\t\t\t\t<div class=\"bdt-flex-inline bdt-gallery-item-link-wrapper\">\n\t\t\t\t\t\t\t\t\t\t\t\t\t\t\t<a class=\"bdt-gallery-item-link bdt-gallery-lightbox-item bdt-link-icon\" data-elementor-open-lightbox=\"no\" data-caption=\"A UNIVERSIDADE CONVOCA AS BOLSAS COMEDOR\" href=\"https:\/\/paratraduccion.com\/limiares\/wp-content\/uploads\/2019\/02\/Bolsas-comedor.jpg\">\n\t\t\t\t\t\t\t\t\t\t\t\t\t\t\t\t\t\t\t<i class=\"ep-icon-search\" aria-hidden=\"true\"><\/i>\n\t\t\t\t\t\t\t\t\t\t\t\t\t\t\t\t\t<\/a>\n\t\t\t\t\t\t\t\n\t\t\t\t\t\t\t\t\t\t\t\t\t\t\t\t\t\t\t\t\t\t\t<a class=\"bdt-gallery-item-link bdt-link-icon\" href=\"https:\/\/paratraduccion.com\/limiares\/fr\/a-universidade-convoca-as-bolsas-comedor\/\" >\n\t\t\t\t\t\t\t\t\t\t\t\t\t\t\t\t\t\t\t<i class=\"ep-icon-link\" aria-hidden=\"true\"><\/i>\n\t\t\t\t\t\t\t\t\t\t\t\t\t\t\t\t\t<\/a>\n\t\t\t\t\t\t\t\t\t\t\t\t\t<\/div>\n\t\t\t\t\t\t\t\t\t<\/div>\n\t\t\t<\/div>\n\t\t<\/div>\n\t\t\t\t<\/div>\n\t\t<\/div>\n\t\t<div class=\"bdt-gallery-item bdt-transition-toggle bdt-width-1-1 bdt-width-1-2@s bdt-width-1-3@m\" data-filter=\"\">\n\t\t\t<div class=\"bdt-post-gallery-inner\" >\n\t\t\t\t\t\t<div class=\"bdt-gallery-thumbnail bdt-image-mask\">\n\t\t\t<img loading=\"lazy\" decoding=\"async\" width=\"320\" height=\"184\" src=\"https:\/\/paratraduccion.com\/limiares\/wp-content\/uploads\/2019\/02\/fotogrupopremioVilalba-320x184.jpg\" class=\"attachment-medium size-medium\" alt=\"UNHA ALUMNA DA PRIMEIRA PROMOCI\u00d3N DO MTCI RECIBE O PREMIO EMPRENDEDOR DE VILALBA\" srcset=\"https:\/\/paratraduccion.com\/limiares\/wp-content\/uploads\/2019\/02\/fotogrupopremioVilalba-320x184.jpg 320w, https:\/\/paratraduccion.com\/limiares\/wp-content\/uploads\/2019\/02\/fotogrupopremioVilalba-768x443.jpg 768w, https:\/\/paratraduccion.com\/limiares\/wp-content\/uploads\/2019\/02\/fotogrupopremioVilalba.jpg 1062w\" sizes=\"(max-width: 320px) 100vw, 320px\" \/>\t\t<\/div>\n\t\t\t<div class=\"bdt-position-cover bdt-overlay bdt-overlay-default bdt-transition-fade\">\n\t\t\t<div class=\"bdt-post-gallery-content\">\n\t\t\t\t<div class=\"bdt-gallery-content-inner\">\n\t\t\t\t\t\t\t<a href=\"https:\/\/paratraduccion.com\/limiares\/fr\/unha-alumna-da-primeira-promocion-do-mtci-recibe-o-premio-emprendedor-de-vilalba\/\" >\n\t\t\t<h4 class=\"bdt-gallery-item-title bdt-margin-remove\">\n\t\t\t\tUNHA ALUMNA DA PRIMEIRA PROMOCI\u00d3N DO MTCI RECIBE O PREMIO EMPRENDEDOR DE VILALBA\t\t\t<\/h4>\n\t\t<\/a>\n\t\t\t\t\t\t\t<div class=\"bdt-flex-inline bdt-gallery-item-link-wrapper\">\n\t\t\t\t\t\t\t\t\t\t\t\t\t\t\t<a class=\"bdt-gallery-item-link bdt-gallery-lightbox-item bdt-link-icon\" data-elementor-open-lightbox=\"no\" data-caption=\"UNHA ALUMNA DA PRIMEIRA PROMOCI\u00d3N DO MTCI RECIBE O PREMIO EMPRENDEDOR DE VILALBA\" href=\"https:\/\/paratraduccion.com\/limiares\/wp-content\/uploads\/2019\/02\/fotogrupopremioVilalba.jpg\">\n\t\t\t\t\t\t\t\t\t\t\t\t\t\t\t\t\t\t\t<i class=\"ep-icon-search\" aria-hidden=\"true\"><\/i>\n\t\t\t\t\t\t\t\t\t\t\t\t\t\t\t\t\t<\/a>\n\t\t\t\t\t\t\t\n\t\t\t\t\t\t\t\t\t\t\t\t\t\t\t\t\t\t\t\t\t\t\t<a class=\"bdt-gallery-item-link bdt-link-icon\" href=\"https:\/\/paratraduccion.com\/limiares\/fr\/unha-alumna-da-primeira-promocion-do-mtci-recibe-o-premio-emprendedor-de-vilalba\/\" >\n\t\t\t\t\t\t\t\t\t\t\t\t\t\t\t\t\t\t\t<i class=\"ep-icon-link\" aria-hidden=\"true\"><\/i>\n\t\t\t\t\t\t\t\t\t\t\t\t\t\t\t\t\t<\/a>\n\t\t\t\t\t\t\t\t\t\t\t\t\t<\/div>\n\t\t\t\t\t\t\t\t\t<\/div>\n\t\t\t<\/div>\n\t\t<\/div>\n\t\t\t\t<\/div>\n\t\t<\/div>\n\t\t<div class=\"bdt-gallery-item bdt-transition-toggle bdt-width-1-1 bdt-width-1-2@s bdt-width-1-3@m\" data-filter=\"\">\n\t\t\t<div class=\"bdt-post-gallery-inner\" >\n\t\t\t\t\t\t<div class=\"bdt-gallery-thumbnail bdt-image-mask\">\n\t\t\t<img loading=\"lazy\" decoding=\"async\" width=\"216\" height=\"56\" src=\"https:\/\/paratraduccion.com\/limiares\/wp-content\/uploads\/2019\/02\/UnivTours.png\" class=\"attachment-medium size-medium\" alt=\"L\u2019UNIVERSIT\u00c9 DE TOURS RECRUTE DES LECTEURS\" \/>\t\t<\/div>\n\t\t\t<div class=\"bdt-position-cover bdt-overlay bdt-overlay-default bdt-transition-fade\">\n\t\t\t<div class=\"bdt-post-gallery-content\">\n\t\t\t\t<div class=\"bdt-gallery-content-inner\">\n\t\t\t\t\t\t\t<a href=\"https:\/\/paratraduccion.com\/limiares\/fr\/luniversite-de-tours-recrute-des-lecteurs\/\" >\n\t\t\t<h4 class=\"bdt-gallery-item-title bdt-margin-remove\">\n\t\t\t\tL\u2019UNIVERSIT\u00c9 DE TOURS RECRUTE DES LECTEURS\t\t\t<\/h4>\n\t\t<\/a>\n\t\t\t\t\t\t\t<div class=\"bdt-flex-inline bdt-gallery-item-link-wrapper\">\n\t\t\t\t\t\t\t\t\t\t\t\t\t\t\t<a class=\"bdt-gallery-item-link bdt-gallery-lightbox-item bdt-link-icon\" data-elementor-open-lightbox=\"no\" data-caption=\"L\u2019UNIVERSIT\u00c9 DE TOURS RECRUTE DES LECTEURS\" href=\"https:\/\/paratraduccion.com\/limiares\/wp-content\/uploads\/2019\/02\/UnivTours.png\">\n\t\t\t\t\t\t\t\t\t\t\t\t\t\t\t\t\t\t\t<i class=\"ep-icon-search\" aria-hidden=\"true\"><\/i>\n\t\t\t\t\t\t\t\t\t\t\t\t\t\t\t\t\t<\/a>\n\t\t\t\t\t\t\t\n\t\t\t\t\t\t\t\t\t\t\t\t\t\t\t\t\t\t\t\t\t\t\t<a class=\"bdt-gallery-item-link bdt-link-icon\" href=\"https:\/\/paratraduccion.com\/limiares\/fr\/luniversite-de-tours-recrute-des-lecteurs\/\" >\n\t\t\t\t\t\t\t\t\t\t\t\t\t\t\t\t\t\t\t<i class=\"ep-icon-link\" aria-hidden=\"true\"><\/i>\n\t\t\t\t\t\t\t\t\t\t\t\t\t\t\t\t\t<\/a>\n\t\t\t\t\t\t\t\t\t\t\t\t\t<\/div>\n\t\t\t\t\t\t\t\t\t<\/div>\n\t\t\t<\/div>\n\t\t<\/div>\n\t\t\t\t<\/div>\n\t\t<\/div>\n\t\t<div class=\"bdt-gallery-item bdt-transition-toggle bdt-width-1-1 bdt-width-1-2@s bdt-width-1-3@m\" data-filter=\"\">\n\t\t\t<div class=\"bdt-post-gallery-inner\" >\n\t\t\t\t\t\t<div class=\"bdt-gallery-thumbnail bdt-image-mask\">\n\t\t\t<img loading=\"lazy\" decoding=\"async\" width=\"320\" height=\"70\" src=\"https:\/\/paratraduccion.com\/limiares\/wp-content\/uploads\/2019\/02\/ParisNanterre-320x70.png\" class=\"attachment-medium size-medium\" alt=\"PARIS &#8211; NANTERRE RECRUTE DES LECTEURS ET MA\u00ceTRES DE LANGUE\" srcset=\"https:\/\/paratraduccion.com\/limiares\/wp-content\/uploads\/2019\/02\/ParisNanterre-320x70.png 320w, https:\/\/paratraduccion.com\/limiares\/wp-content\/uploads\/2019\/02\/ParisNanterre.png 349w\" sizes=\"(max-width: 320px) 100vw, 320px\" \/>\t\t<\/div>\n\t\t\t<div class=\"bdt-position-cover bdt-overlay bdt-overlay-default bdt-transition-fade\">\n\t\t\t<div class=\"bdt-post-gallery-content\">\n\t\t\t\t<div class=\"bdt-gallery-content-inner\">\n\t\t\t\t\t\t\t<a href=\"https:\/\/paratraduccion.com\/limiares\/fr\/paris-nanterre-recrute-des-lecteurs-et-maitres-de-langue\/\" >\n\t\t\t<h4 class=\"bdt-gallery-item-title bdt-margin-remove\">\n\t\t\t\tPARIS &#8211; NANTERRE RECRUTE DES LECTEURS ET MA\u00ceTRES DE LANGUE\t\t\t<\/h4>\n\t\t<\/a>\n\t\t\t\t\t\t\t<div class=\"bdt-flex-inline bdt-gallery-item-link-wrapper\">\n\t\t\t\t\t\t\t\t\t\t\t\t\t\t\t<a class=\"bdt-gallery-item-link bdt-gallery-lightbox-item bdt-link-icon\" data-elementor-open-lightbox=\"no\" data-caption=\"PARIS &#8211; NANTERRE RECRUTE DES LECTEURS ET MA\u00ceTRES DE LANGUE\" href=\"https:\/\/paratraduccion.com\/limiares\/wp-content\/uploads\/2019\/02\/ParisNanterre.png\">\n\t\t\t\t\t\t\t\t\t\t\t\t\t\t\t\t\t\t\t<i class=\"ep-icon-search\" aria-hidden=\"true\"><\/i>\n\t\t\t\t\t\t\t\t\t\t\t\t\t\t\t\t\t<\/a>\n\t\t\t\t\t\t\t\n\t\t\t\t\t\t\t\t\t\t\t\t\t\t\t\t\t\t\t\t\t\t\t<a class=\"bdt-gallery-item-link bdt-link-icon\" href=\"https:\/\/paratraduccion.com\/limiares\/fr\/paris-nanterre-recrute-des-lecteurs-et-maitres-de-langue\/\" >\n\t\t\t\t\t\t\t\t\t\t\t\t\t\t\t\t\t\t\t<i class=\"ep-icon-link\" aria-hidden=\"true\"><\/i>\n\t\t\t\t\t\t\t\t\t\t\t\t\t\t\t\t\t<\/a>\n\t\t\t\t\t\t\t\t\t\t\t\t\t<\/div>\n\t\t\t\t\t\t\t\t\t<\/div>\n\t\t\t<\/div>\n\t\t<\/div>\n\t\t\t\t<\/div>\n\t\t<\/div>\n\t\t<div class=\"bdt-gallery-item bdt-transition-toggle bdt-width-1-1 bdt-width-1-2@s bdt-width-1-3@m\" data-filter=\"\">\n\t\t\t<div class=\"bdt-post-gallery-inner\" >\n\t\t\t\t\t\t<div class=\"bdt-gallery-thumbnail bdt-image-mask\">\n\t\t\t<img loading=\"lazy\" decoding=\"async\" width=\"320\" height=\"320\" src=\"https:\/\/paratraduccion.com\/limiares\/wp-content\/uploads\/2019\/02\/LogoLaRochelle-320x320.jpg\" class=\"attachment-medium size-medium\" alt=\"L&#8217;UNIVERSIT\u00c9 DE LA ROCHELLE RECRUTE DES PERSONNELS ENSEIGNANTS (2019-2020)\" srcset=\"https:\/\/paratraduccion.com\/limiares\/wp-content\/uploads\/2019\/02\/LogoLaRochelle-320x320.jpg 320w, https:\/\/paratraduccion.com\/limiares\/wp-content\/uploads\/2019\/02\/LogoLaRochelle-160x160.jpg 160w, https:\/\/paratraduccion.com\/limiares\/wp-content\/uploads\/2019\/02\/LogoLaRochelle.jpg 474w\" sizes=\"(max-width: 320px) 100vw, 320px\" \/>\t\t<\/div>\n\t\t\t<div class=\"bdt-position-cover bdt-overlay bdt-overlay-default bdt-transition-fade\">\n\t\t\t<div class=\"bdt-post-gallery-content\">\n\t\t\t\t<div class=\"bdt-gallery-content-inner\">\n\t\t\t\t\t\t\t<a href=\"https:\/\/paratraduccion.com\/limiares\/fr\/luniversite-de-la-rochelle-recrute-des-personnels-enseignants-2019-2020\/\" >\n\t\t\t<h4 class=\"bdt-gallery-item-title bdt-margin-remove\">\n\t\t\t\tL&#8217;UNIVERSIT\u00c9 DE LA ROCHELLE RECRUTE DES PERSONNELS ENSEIGNANTS (2019-2020)\t\t\t<\/h4>\n\t\t<\/a>\n\t\t\t\t\t\t\t<div class=\"bdt-flex-inline bdt-gallery-item-link-wrapper\">\n\t\t\t\t\t\t\t\t\t\t\t\t\t\t\t<a class=\"bdt-gallery-item-link bdt-gallery-lightbox-item bdt-link-icon\" data-elementor-open-lightbox=\"no\" data-caption=\"L&#8217;UNIVERSIT\u00c9 DE LA ROCHELLE RECRUTE DES PERSONNELS ENSEIGNANTS (2019-2020)\" href=\"https:\/\/paratraduccion.com\/limiares\/wp-content\/uploads\/2019\/02\/LogoLaRochelle.jpg\">\n\t\t\t\t\t\t\t\t\t\t\t\t\t\t\t\t\t\t\t<i class=\"ep-icon-search\" aria-hidden=\"true\"><\/i>\n\t\t\t\t\t\t\t\t\t\t\t\t\t\t\t\t\t<\/a>\n\t\t\t\t\t\t\t\n\t\t\t\t\t\t\t\t\t\t\t\t\t\t\t\t\t\t\t\t\t\t\t<a class=\"bdt-gallery-item-link bdt-link-icon\" href=\"https:\/\/paratraduccion.com\/limiares\/fr\/luniversite-de-la-rochelle-recrute-des-personnels-enseignants-2019-2020\/\" >\n\t\t\t\t\t\t\t\t\t\t\t\t\t\t\t\t\t\t\t<i class=\"ep-icon-link\" aria-hidden=\"true\"><\/i>\n\t\t\t\t\t\t\t\t\t\t\t\t\t\t\t\t\t<\/a>\n\t\t\t\t\t\t\t\t\t\t\t\t\t<\/div>\n\t\t\t\t\t\t\t\t\t<\/div>\n\t\t\t<\/div>\n\t\t<\/div>\n\t\t\t\t<\/div>\n\t\t<\/div>\n\t\t<div class=\"bdt-gallery-item bdt-transition-toggle bdt-width-1-1 bdt-width-1-2@s bdt-width-1-3@m\" data-filter=\"\">\n\t\t\t<div class=\"bdt-post-gallery-inner\" >\n\t\t\t\t\t\t<div class=\"bdt-gallery-thumbnail bdt-image-mask\">\n\t\t\t<img loading=\"lazy\" decoding=\"async\" width=\"320\" height=\"483\" src=\"https:\/\/paratraduccion.com\/limiares\/wp-content\/uploads\/2022\/05\/WEB-MTCI_24-320x483.jpg\" class=\"attachment-medium size-medium\" alt=\"TFM_Curso 2018-2019\" srcset=\"https:\/\/paratraduccion.com\/limiares\/wp-content\/uploads\/2022\/05\/WEB-MTCI_24-320x483.jpg 320w, https:\/\/paratraduccion.com\/limiares\/wp-content\/uploads\/2022\/05\/WEB-MTCI_24-1200x1812.jpg 1200w, https:\/\/paratraduccion.com\/limiares\/wp-content\/uploads\/2022\/05\/WEB-MTCI_24-768x1160.jpg 768w, https:\/\/paratraduccion.com\/limiares\/wp-content\/uploads\/2022\/05\/WEB-MTCI_24-1017x1536.jpg 1017w, https:\/\/paratraduccion.com\/limiares\/wp-content\/uploads\/2022\/05\/WEB-MTCI_24-1356x2048.jpg 1356w, https:\/\/paratraduccion.com\/limiares\/wp-content\/uploads\/2022\/05\/WEB-MTCI_24-scaled.jpg 1696w\" sizes=\"(max-width: 320px) 100vw, 320px\" \/>\t\t<\/div>\n\t\t\t<div class=\"bdt-position-cover bdt-overlay bdt-overlay-default bdt-transition-fade\">\n\t\t\t<div class=\"bdt-post-gallery-content\">\n\t\t\t\t<div class=\"bdt-gallery-content-inner\">\n\t\t\t\t\t\t\t<a href=\"https:\/\/paratraduccion.com\/limiares\/fr\/tfm_curso-2018-2019\/\" >\n\t\t\t<h4 class=\"bdt-gallery-item-title bdt-margin-remove\">\n\t\t\t\tTFM_Curso 2018-2019\t\t\t<\/h4>\n\t\t<\/a>\n\t\t\t\t\t\t\t<div class=\"bdt-flex-inline bdt-gallery-item-link-wrapper\">\n\t\t\t\t\t\t\t\t\t\t\t\t\t\t\t<a class=\"bdt-gallery-item-link bdt-gallery-lightbox-item bdt-link-icon\" data-elementor-open-lightbox=\"no\" data-caption=\"TFM_Curso 2018-2019\" href=\"https:\/\/paratraduccion.com\/limiares\/wp-content\/uploads\/2022\/05\/WEB-MTCI_24-scaled.jpg\">\n\t\t\t\t\t\t\t\t\t\t\t\t\t\t\t\t\t\t\t<i class=\"ep-icon-search\" aria-hidden=\"true\"><\/i>\n\t\t\t\t\t\t\t\t\t\t\t\t\t\t\t\t\t<\/a>\n\t\t\t\t\t\t\t\n\t\t\t\t\t\t\t\t\t\t\t\t\t\t\t\t\t\t\t\t\t\t\t<a class=\"bdt-gallery-item-link bdt-link-icon\" href=\"https:\/\/paratraduccion.com\/limiares\/fr\/tfm_curso-2018-2019\/\" >\n\t\t\t\t\t\t\t\t\t\t\t\t\t\t\t\t\t\t\t<i class=\"ep-icon-link\" aria-hidden=\"true\"><\/i>\n\t\t\t\t\t\t\t\t\t\t\t\t\t\t\t\t\t<\/a>\n\t\t\t\t\t\t\t\t\t\t\t\t\t<\/div>\n\t\t\t\t\t\t\t\t\t<\/div>\n\t\t\t<\/div>\n\t\t<\/div>\n\t\t\t\t<\/div>\n\t\t<\/div>\n\t\t<div class=\"bdt-gallery-item bdt-transition-toggle bdt-width-1-1 bdt-width-1-2@s bdt-width-1-3@m\" data-filter=\"\">\n\t\t\t<div class=\"bdt-post-gallery-inner\" >\n\t\t\t\t\t\t<div class=\"bdt-gallery-thumbnail bdt-image-mask\">\n\t\t\t<img loading=\"lazy\" decoding=\"async\" width=\"320\" height=\"213\" src=\"https:\/\/paratraduccion.com\/limiares\/wp-content\/uploads\/2019\/02\/CasatraductorTarazona-320x213.jpg\" class=\"attachment-medium size-medium\" alt=\"BECAS DE FORMACI\u00d3N DE TRADUCTOR\" srcset=\"https:\/\/paratraduccion.com\/limiares\/wp-content\/uploads\/2019\/02\/CasatraductorTarazona-320x213.jpg 320w, https:\/\/paratraduccion.com\/limiares\/wp-content\/uploads\/2019\/02\/CasatraductorTarazona.jpg 638w\" sizes=\"(max-width: 320px) 100vw, 320px\" \/>\t\t<\/div>\n\t\t\t<div class=\"bdt-position-cover bdt-overlay bdt-overlay-default bdt-transition-fade\">\n\t\t\t<div class=\"bdt-post-gallery-content\">\n\t\t\t\t<div class=\"bdt-gallery-content-inner\">\n\t\t\t\t\t\t\t<a href=\"https:\/\/paratraduccion.com\/limiares\/fr\/becas-de-formacion-de-traductor\/\" >\n\t\t\t<h4 class=\"bdt-gallery-item-title bdt-margin-remove\">\n\t\t\t\tBECAS DE FORMACI\u00d3N DE TRADUCTOR\t\t\t<\/h4>\n\t\t<\/a>\n\t\t\t\t\t\t\t<div class=\"bdt-flex-inline bdt-gallery-item-link-wrapper\">\n\t\t\t\t\t\t\t\t\t\t\t\t\t\t\t<a class=\"bdt-gallery-item-link bdt-gallery-lightbox-item bdt-link-icon\" data-elementor-open-lightbox=\"no\" data-caption=\"BECAS DE FORMACI\u00d3N DE TRADUCTOR\" href=\"https:\/\/paratraduccion.com\/limiares\/wp-content\/uploads\/2019\/02\/CasatraductorTarazona.jpg\">\n\t\t\t\t\t\t\t\t\t\t\t\t\t\t\t\t\t\t\t<i class=\"ep-icon-search\" aria-hidden=\"true\"><\/i>\n\t\t\t\t\t\t\t\t\t\t\t\t\t\t\t\t\t<\/a>\n\t\t\t\t\t\t\t\n\t\t\t\t\t\t\t\t\t\t\t\t\t\t\t\t\t\t\t\t\t\t\t<a class=\"bdt-gallery-item-link bdt-link-icon\" href=\"https:\/\/paratraduccion.com\/limiares\/fr\/becas-de-formacion-de-traductor\/\" >\n\t\t\t\t\t\t\t\t\t\t\t\t\t\t\t\t\t\t\t<i class=\"ep-icon-link\" aria-hidden=\"true\"><\/i>\n\t\t\t\t\t\t\t\t\t\t\t\t\t\t\t\t\t<\/a>\n\t\t\t\t\t\t\t\t\t\t\t\t\t<\/div>\n\t\t\t\t\t\t\t\t\t<\/div>\n\t\t\t<\/div>\n\t\t<\/div>\n\t\t\t\t<\/div>\n\t\t<\/div>\n\t\t<div class=\"bdt-gallery-item bdt-transition-toggle bdt-width-1-1 bdt-width-1-2@s bdt-width-1-3@m\" data-filter=\"\">\n\t\t\t<div class=\"bdt-post-gallery-inner\" >\n\t\t\t\t\t\t<div class=\"bdt-gallery-thumbnail bdt-image-mask\">\n\t\t\t<img loading=\"lazy\" decoding=\"async\" width=\"300\" height=\"198\" src=\"https:\/\/paratraduccion.com\/limiares\/wp-content\/uploads\/2019\/02\/toulouseJeanJaur\u00e8s.jpg\" class=\"attachment-medium size-medium\" alt=\"RECRUTEMENT DE LECTEURS\/LECTRICES \u00c0 TOULOUSE\" \/>\t\t<\/div>\n\t\t\t<div class=\"bdt-position-cover bdt-overlay bdt-overlay-default bdt-transition-fade\">\n\t\t\t<div class=\"bdt-post-gallery-content\">\n\t\t\t\t<div class=\"bdt-gallery-content-inner\">\n\t\t\t\t\t\t\t<a href=\"https:\/\/paratraduccion.com\/limiares\/fr\/recrutement-de-lecteurslectrices-a-toulouse\/\" >\n\t\t\t<h4 class=\"bdt-gallery-item-title bdt-margin-remove\">\n\t\t\t\tRECRUTEMENT DE LECTEURS\/LECTRICES \u00c0 TOULOUSE\t\t\t<\/h4>\n\t\t<\/a>\n\t\t\t\t\t\t\t<div class=\"bdt-flex-inline bdt-gallery-item-link-wrapper\">\n\t\t\t\t\t\t\t\t\t\t\t\t\t\t\t<a class=\"bdt-gallery-item-link bdt-gallery-lightbox-item bdt-link-icon\" data-elementor-open-lightbox=\"no\" data-caption=\"RECRUTEMENT DE LECTEURS\/LECTRICES \u00c0 TOULOUSE\" href=\"https:\/\/paratraduccion.com\/limiares\/wp-content\/uploads\/2019\/02\/toulouseJeanJaur\u00e8s.jpg\">\n\t\t\t\t\t\t\t\t\t\t\t\t\t\t\t\t\t\t\t<i class=\"ep-icon-search\" aria-hidden=\"true\"><\/i>\n\t\t\t\t\t\t\t\t\t\t\t\t\t\t\t\t\t<\/a>\n\t\t\t\t\t\t\t\n\t\t\t\t\t\t\t\t\t\t\t\t\t\t\t\t\t\t\t\t\t\t\t<a class=\"bdt-gallery-item-link bdt-link-icon\" href=\"https:\/\/paratraduccion.com\/limiares\/fr\/recrutement-de-lecteurslectrices-a-toulouse\/\" >\n\t\t\t\t\t\t\t\t\t\t\t\t\t\t\t\t\t\t\t<i class=\"ep-icon-link\" aria-hidden=\"true\"><\/i>\n\t\t\t\t\t\t\t\t\t\t\t\t\t\t\t\t\t<\/a>\n\t\t\t\t\t\t\t\t\t\t\t\t\t<\/div>\n\t\t\t\t\t\t\t\t\t<\/div>\n\t\t\t<\/div>\n\t\t<\/div>\n\t\t\t\t<\/div>\n\t\t<\/div>\n\t\t<div class=\"bdt-gallery-item bdt-transition-toggle bdt-width-1-1 bdt-width-1-2@s bdt-width-1-3@m\" data-filter=\"\">\n\t\t\t<div class=\"bdt-post-gallery-inner\" >\n\t\t\t\t\t\t<div class=\"bdt-gallery-thumbnail bdt-image-mask\">\n\t\t\t<img loading=\"lazy\" decoding=\"async\" width=\"320\" height=\"168\" src=\"https:\/\/paratraduccion.com\/limiares\/wp-content\/uploads\/2019\/02\/parvis_etudiantsOK_max0x640-320x168.jpg\" class=\"attachment-medium size-medium\" alt=\"RECRUTEMENT DE LECTEURS DE LANGUE \u00c9TRANG\u00c8RE\" srcset=\"https:\/\/paratraduccion.com\/limiares\/wp-content\/uploads\/2019\/02\/parvis_etudiantsOK_max0x640-320x168.jpg 320w, https:\/\/paratraduccion.com\/limiares\/wp-content\/uploads\/2019\/02\/parvis_etudiantsOK_max0x640.jpg 608w\" sizes=\"(max-width: 320px) 100vw, 320px\" \/>\t\t<\/div>\n\t\t\t<div class=\"bdt-position-cover bdt-overlay bdt-overlay-default bdt-transition-fade\">\n\t\t\t<div class=\"bdt-post-gallery-content\">\n\t\t\t\t<div class=\"bdt-gallery-content-inner\">\n\t\t\t\t\t\t\t<a href=\"https:\/\/paratraduccion.com\/limiares\/fr\/recrutement-de-lecteurs-de-langue-etrangere\/\" >\n\t\t\t<h4 class=\"bdt-gallery-item-title bdt-margin-remove\">\n\t\t\t\tRECRUTEMENT DE LECTEURS DE LANGUE \u00c9TRANG\u00c8RE\t\t\t<\/h4>\n\t\t<\/a>\n\t\t\t\t\t\t\t<div class=\"bdt-flex-inline bdt-gallery-item-link-wrapper\">\n\t\t\t\t\t\t\t\t\t\t\t\t\t\t\t<a class=\"bdt-gallery-item-link bdt-gallery-lightbox-item bdt-link-icon\" data-elementor-open-lightbox=\"no\" data-caption=\"RECRUTEMENT DE LECTEURS DE LANGUE \u00c9TRANG\u00c8RE\" href=\"https:\/\/paratraduccion.com\/limiares\/wp-content\/uploads\/2019\/02\/parvis_etudiantsOK_max0x640.jpg\">\n\t\t\t\t\t\t\t\t\t\t\t\t\t\t\t\t\t\t\t<i class=\"ep-icon-search\" aria-hidden=\"true\"><\/i>\n\t\t\t\t\t\t\t\t\t\t\t\t\t\t\t\t\t<\/a>\n\t\t\t\t\t\t\t\n\t\t\t\t\t\t\t\t\t\t\t\t\t\t\t\t\t\t\t\t\t\t\t<a class=\"bdt-gallery-item-link bdt-link-icon\" href=\"https:\/\/paratraduccion.com\/limiares\/fr\/recrutement-de-lecteurs-de-langue-etrangere\/\" >\n\t\t\t\t\t\t\t\t\t\t\t\t\t\t\t\t\t\t\t<i class=\"ep-icon-link\" aria-hidden=\"true\"><\/i>\n\t\t\t\t\t\t\t\t\t\t\t\t\t\t\t\t\t<\/a>\n\t\t\t\t\t\t\t\t\t\t\t\t\t<\/div>\n\t\t\t\t\t\t\t\t\t<\/div>\n\t\t\t<\/div>\n\t\t<\/div>\n\t\t\t\t<\/div>\n\t\t<\/div>\n\t\t<div class=\"bdt-gallery-item bdt-transition-toggle bdt-width-1-1 bdt-width-1-2@s bdt-width-1-3@m\" data-filter=\"\">\n\t\t\t<div class=\"bdt-post-gallery-inner\" >\n\t\t\t\t\t\t<div class=\"bdt-gallery-thumbnail bdt-image-mask\">\n\t\t\t<img loading=\"lazy\" decoding=\"async\" width=\"320\" height=\"231\" src=\"https:\/\/paratraduccion.com\/limiares\/wp-content\/uploads\/2019\/02\/SUG-320x231.jpg\" class=\"attachment-medium size-medium\" alt=\"AXUDAS DESTINADAS AO ALUMNO DO SISTEMA UNIVERSITARIO GALEGO\" srcset=\"https:\/\/paratraduccion.com\/limiares\/wp-content\/uploads\/2019\/02\/SUG-320x231.jpg 320w, https:\/\/paratraduccion.com\/limiares\/wp-content\/uploads\/2019\/02\/SUG.jpg 378w\" sizes=\"(max-width: 320px) 100vw, 320px\" \/>\t\t<\/div>\n\t\t\t<div class=\"bdt-position-cover bdt-overlay bdt-overlay-default bdt-transition-fade\">\n\t\t\t<div class=\"bdt-post-gallery-content\">\n\t\t\t\t<div class=\"bdt-gallery-content-inner\">\n\t\t\t\t\t\t\t<a href=\"https:\/\/paratraduccion.com\/limiares\/fr\/axudas-destinadas-ao-alumno-do-sistema-universitario-galego\/\" >\n\t\t\t<h4 class=\"bdt-gallery-item-title bdt-margin-remove\">\n\t\t\t\tAXUDAS DESTINADAS AO ALUMNO DO SISTEMA UNIVERSITARIO GALEGO\t\t\t<\/h4>\n\t\t<\/a>\n\t\t\t\t\t\t\t<div class=\"bdt-flex-inline bdt-gallery-item-link-wrapper\">\n\t\t\t\t\t\t\t\t\t\t\t\t\t\t\t<a class=\"bdt-gallery-item-link bdt-gallery-lightbox-item bdt-link-icon\" data-elementor-open-lightbox=\"no\" data-caption=\"AXUDAS DESTINADAS AO ALUMNO DO SISTEMA UNIVERSITARIO GALEGO\" href=\"https:\/\/paratraduccion.com\/limiares\/wp-content\/uploads\/2019\/02\/SUG.jpg\">\n\t\t\t\t\t\t\t\t\t\t\t\t\t\t\t\t\t\t\t<i class=\"ep-icon-search\" aria-hidden=\"true\"><\/i>\n\t\t\t\t\t\t\t\t\t\t\t\t\t\t\t\t\t<\/a>\n\t\t\t\t\t\t\t\n\t\t\t\t\t\t\t\t\t\t\t\t\t\t\t\t\t\t\t\t\t\t\t<a class=\"bdt-gallery-item-link bdt-link-icon\" href=\"https:\/\/paratraduccion.com\/limiares\/fr\/axudas-destinadas-ao-alumno-do-sistema-universitario-galego\/\" >\n\t\t\t\t\t\t\t\t\t\t\t\t\t\t\t\t\t\t\t<i class=\"ep-icon-link\" aria-hidden=\"true\"><\/i>\n\t\t\t\t\t\t\t\t\t\t\t\t\t\t\t\t\t<\/a>\n\t\t\t\t\t\t\t\t\t\t\t\t\t<\/div>\n\t\t\t\t\t\t\t\t\t<\/div>\n\t\t\t<\/div>\n\t\t<\/div>\n\t\t\t\t<\/div>\n\t\t<\/div>\n\t\t<div class=\"bdt-gallery-item bdt-transition-toggle bdt-width-1-1 bdt-width-1-2@s bdt-width-1-3@m\" data-filter=\"\">\n\t\t\t<div class=\"bdt-post-gallery-inner\" >\n\t\t\t\t\t\t<div class=\"bdt-gallery-thumbnail bdt-image-mask\">\n\t\t\t<img loading=\"lazy\" decoding=\"async\" width=\"320\" height=\"429\" src=\"https:\/\/paratraduccion.com\/limiares\/wp-content\/uploads\/2019\/02\/Claudia_1-320x429.jpg\" class=\"attachment-medium size-medium\" alt=\"QUINTA EDICI\u00d3N DOS PREMIOS EGERIA\" srcset=\"https:\/\/paratraduccion.com\/limiares\/wp-content\/uploads\/2019\/02\/Claudia_1-320x429.jpg 320w, https:\/\/paratraduccion.com\/limiares\/wp-content\/uploads\/2019\/02\/Claudia_1.jpg 363w\" sizes=\"(max-width: 320px) 100vw, 320px\" \/>\t\t<\/div>\n\t\t\t<div class=\"bdt-position-cover bdt-overlay bdt-overlay-default bdt-transition-fade\">\n\t\t\t<div class=\"bdt-post-gallery-content\">\n\t\t\t\t<div class=\"bdt-gallery-content-inner\">\n\t\t\t\t\t\t\t<a href=\"https:\/\/paratraduccion.com\/limiares\/fr\/quinta-edicion-dos-premios-egeria\/\" >\n\t\t\t<h4 class=\"bdt-gallery-item-title bdt-margin-remove\">\n\t\t\t\tQUINTA EDICI\u00d3N DOS PREMIOS EGERIA\t\t\t<\/h4>\n\t\t<\/a>\n\t\t\t\t\t\t\t<div class=\"bdt-flex-inline bdt-gallery-item-link-wrapper\">\n\t\t\t\t\t\t\t\t\t\t\t\t\t\t\t<a class=\"bdt-gallery-item-link bdt-gallery-lightbox-item bdt-link-icon\" data-elementor-open-lightbox=\"no\" data-caption=\"QUINTA EDICI\u00d3N DOS PREMIOS EGERIA\" href=\"https:\/\/paratraduccion.com\/limiares\/wp-content\/uploads\/2019\/02\/Claudia_1.jpg\">\n\t\t\t\t\t\t\t\t\t\t\t\t\t\t\t\t\t\t\t<i class=\"ep-icon-search\" aria-hidden=\"true\"><\/i>\n\t\t\t\t\t\t\t\t\t\t\t\t\t\t\t\t\t<\/a>\n\t\t\t\t\t\t\t\n\t\t\t\t\t\t\t\t\t\t\t\t\t\t\t\t\t\t\t\t\t\t\t<a class=\"bdt-gallery-item-link bdt-link-icon\" href=\"https:\/\/paratraduccion.com\/limiares\/fr\/quinta-edicion-dos-premios-egeria\/\" >\n\t\t\t\t\t\t\t\t\t\t\t\t\t\t\t\t\t\t\t<i class=\"ep-icon-link\" aria-hidden=\"true\"><\/i>\n\t\t\t\t\t\t\t\t\t\t\t\t\t\t\t\t\t<\/a>\n\t\t\t\t\t\t\t\t\t\t\t\t\t<\/div>\n\t\t\t\t\t\t\t\t\t<\/div>\n\t\t\t<\/div>\n\t\t<\/div>\n\t\t\t\t<\/div>\n\t\t<\/div>\n\t\t<div class=\"bdt-gallery-item bdt-transition-toggle bdt-width-1-1 bdt-width-1-2@s bdt-width-1-3@m\" data-filter=\"\">\n\t\t\t<div class=\"bdt-post-gallery-inner\" >\n\t\t\t\t\t\t<div class=\"bdt-gallery-thumbnail bdt-image-mask\">\n\t\t\t<img loading=\"lazy\" decoding=\"async\" width=\"320\" height=\"213\" src=\"https:\/\/paratraduccion.com\/limiares\/wp-content\/uploads\/2019\/02\/becas-320x213.jpg\" class=\"attachment-medium size-medium\" alt=\"AXUDAS PARA ESTAD\u00cdAS\" srcset=\"https:\/\/paratraduccion.com\/limiares\/wp-content\/uploads\/2019\/02\/becas-320x213.jpg 320w, https:\/\/paratraduccion.com\/limiares\/wp-content\/uploads\/2019\/02\/becas.jpg 473w\" sizes=\"(max-width: 320px) 100vw, 320px\" \/>\t\t<\/div>\n\t\t\t<div class=\"bdt-position-cover bdt-overlay bdt-overlay-default bdt-transition-fade\">\n\t\t\t<div class=\"bdt-post-gallery-content\">\n\t\t\t\t<div class=\"bdt-gallery-content-inner\">\n\t\t\t\t\t\t\t<a href=\"https:\/\/paratraduccion.com\/limiares\/fr\/axudas-para-estadias\/\" >\n\t\t\t<h4 class=\"bdt-gallery-item-title bdt-margin-remove\">\n\t\t\t\tAXUDAS PARA ESTAD\u00cdAS\t\t\t<\/h4>\n\t\t<\/a>\n\t\t\t\t\t\t\t<div class=\"bdt-flex-inline bdt-gallery-item-link-wrapper\">\n\t\t\t\t\t\t\t\t\t\t\t\t\t\t\t<a class=\"bdt-gallery-item-link bdt-gallery-lightbox-item bdt-link-icon\" data-elementor-open-lightbox=\"no\" data-caption=\"AXUDAS PARA ESTAD\u00cdAS\" href=\"https:\/\/paratraduccion.com\/limiares\/wp-content\/uploads\/2019\/02\/becas.jpg\">\n\t\t\t\t\t\t\t\t\t\t\t\t\t\t\t\t\t\t\t<i class=\"ep-icon-search\" aria-hidden=\"true\"><\/i>\n\t\t\t\t\t\t\t\t\t\t\t\t\t\t\t\t\t<\/a>\n\t\t\t\t\t\t\t\n\t\t\t\t\t\t\t\t\t\t\t\t\t\t\t\t\t\t\t\t\t\t\t<a class=\"bdt-gallery-item-link bdt-link-icon\" href=\"https:\/\/paratraduccion.com\/limiares\/fr\/axudas-para-estadias\/\" >\n\t\t\t\t\t\t\t\t\t\t\t\t\t\t\t\t\t\t\t<i class=\"ep-icon-link\" aria-hidden=\"true\"><\/i>\n\t\t\t\t\t\t\t\t\t\t\t\t\t\t\t\t\t<\/a>\n\t\t\t\t\t\t\t\t\t\t\t\t\t<\/div>\n\t\t\t\t\t\t\t\t\t<\/div>\n\t\t\t<\/div>\n\t\t<\/div>\n\t\t\t\t<\/div>\n\t\t<\/div>\n\t\t<div class=\"bdt-gallery-item bdt-transition-toggle bdt-width-1-1 bdt-width-1-2@s bdt-width-1-3@m\" data-filter=\"\">\n\t\t\t<div class=\"bdt-post-gallery-inner\" >\n\t\t\t\t\t\t<div class=\"bdt-gallery-thumbnail bdt-image-mask\">\n\t\t\t<img loading=\"lazy\" decoding=\"async\" width=\"224\" height=\"224\" src=\"https:\/\/paratraduccion.com\/limiares\/wp-content\/uploads\/2019\/01\/agpti.png\" class=\"attachment-medium size-medium\" alt=\"Xornada \u00abTomamos o pulso ao mercado da interpretaci\u00f3n en Galiza\u00bb\" srcset=\"https:\/\/paratraduccion.com\/limiares\/wp-content\/uploads\/2019\/01\/agpti.png 224w, https:\/\/paratraduccion.com\/limiares\/wp-content\/uploads\/2019\/01\/agpti-160x160.png 160w\" sizes=\"(max-width: 224px) 100vw, 224px\" \/>\t\t<\/div>\n\t\t\t<div class=\"bdt-position-cover bdt-overlay bdt-overlay-default bdt-transition-fade\">\n\t\t\t<div class=\"bdt-post-gallery-content\">\n\t\t\t\t<div class=\"bdt-gallery-content-inner\">\n\t\t\t\t\t\t\t<a href=\"https:\/\/paratraduccion.com\/limiares\/fr\/xornada-tomamos-o-pulso-ao-mercado-da-interpretacion-en-galiza\/\" >\n\t\t\t<h4 class=\"bdt-gallery-item-title bdt-margin-remove\">\n\t\t\t\tXornada \u00abTomamos o pulso ao mercado da interpretaci\u00f3n en Galiza\u00bb\t\t\t<\/h4>\n\t\t<\/a>\n\t\t\t\t\t\t\t<div class=\"bdt-flex-inline bdt-gallery-item-link-wrapper\">\n\t\t\t\t\t\t\t\t\t\t\t\t\t\t\t<a class=\"bdt-gallery-item-link bdt-gallery-lightbox-item bdt-link-icon\" data-elementor-open-lightbox=\"no\" data-caption=\"Xornada \u00abTomamos o pulso ao mercado da interpretaci\u00f3n en Galiza\u00bb\" href=\"https:\/\/paratraduccion.com\/limiares\/wp-content\/uploads\/2019\/01\/agpti.png\">\n\t\t\t\t\t\t\t\t\t\t\t\t\t\t\t\t\t\t\t<i class=\"ep-icon-search\" aria-hidden=\"true\"><\/i>\n\t\t\t\t\t\t\t\t\t\t\t\t\t\t\t\t\t<\/a>\n\t\t\t\t\t\t\t\n\t\t\t\t\t\t\t\t\t\t\t\t\t\t\t\t\t\t\t\t\t\t\t<a class=\"bdt-gallery-item-link bdt-link-icon\" href=\"https:\/\/paratraduccion.com\/limiares\/fr\/xornada-tomamos-o-pulso-ao-mercado-da-interpretacion-en-galiza\/\" >\n\t\t\t\t\t\t\t\t\t\t\t\t\t\t\t\t\t\t\t<i class=\"ep-icon-link\" aria-hidden=\"true\"><\/i>\n\t\t\t\t\t\t\t\t\t\t\t\t\t\t\t\t\t<\/a>\n\t\t\t\t\t\t\t\t\t\t\t\t\t<\/div>\n\t\t\t\t\t\t\t\t\t<\/div>\n\t\t\t<\/div>\n\t\t<\/div>\n\t\t\t\t<\/div>\n\t\t<\/div>\n\t\t<div class=\"bdt-gallery-item bdt-transition-toggle bdt-width-1-1 bdt-width-1-2@s bdt-width-1-3@m\" data-filter=\"\">\n\t\t\t<div class=\"bdt-post-gallery-inner\" >\n\t\t\t\t\t\t<div class=\"bdt-gallery-thumbnail bdt-image-mask\">\n\t\t\t<img loading=\"lazy\" decoding=\"async\" width=\"320\" height=\"63\" src=\"https:\/\/paratraduccion.com\/limiares\/wp-content\/uploads\/2018\/07\/LOGO_ministerio-asuntos-exteriores_2018-320x63.jpg\" class=\"attachment-medium size-medium\" alt=\"CONVOCATORIA LECTORADOS 2019-2020\" srcset=\"https:\/\/paratraduccion.com\/limiares\/wp-content\/uploads\/2018\/07\/LOGO_ministerio-asuntos-exteriores_2018-320x63.jpg 320w, https:\/\/paratraduccion.com\/limiares\/wp-content\/uploads\/2018\/07\/LOGO_ministerio-asuntos-exteriores_2018.jpg 761w\" sizes=\"(max-width: 320px) 100vw, 320px\" \/>\t\t<\/div>\n\t\t\t<div class=\"bdt-position-cover bdt-overlay bdt-overlay-default bdt-transition-fade\">\n\t\t\t<div class=\"bdt-post-gallery-content\">\n\t\t\t\t<div class=\"bdt-gallery-content-inner\">\n\t\t\t\t\t\t\t<a href=\"https:\/\/paratraduccion.com\/limiares\/fr\/convocatoria-lectorados-2019-2020\/\" >\n\t\t\t<h4 class=\"bdt-gallery-item-title bdt-margin-remove\">\n\t\t\t\tCONVOCATORIA LECTORADOS 2019-2020\t\t\t<\/h4>\n\t\t<\/a>\n\t\t\t\t\t\t\t<div class=\"bdt-flex-inline bdt-gallery-item-link-wrapper\">\n\t\t\t\t\t\t\t\t\t\t\t\t\t\t\t<a class=\"bdt-gallery-item-link bdt-gallery-lightbox-item bdt-link-icon\" data-elementor-open-lightbox=\"no\" data-caption=\"CONVOCATORIA LECTORADOS 2019-2020\" href=\"https:\/\/paratraduccion.com\/limiares\/wp-content\/uploads\/2018\/07\/LOGO_ministerio-asuntos-exteriores_2018.jpg\">\n\t\t\t\t\t\t\t\t\t\t\t\t\t\t\t\t\t\t\t<i class=\"ep-icon-search\" aria-hidden=\"true\"><\/i>\n\t\t\t\t\t\t\t\t\t\t\t\t\t\t\t\t\t<\/a>\n\t\t\t\t\t\t\t\n\t\t\t\t\t\t\t\t\t\t\t\t\t\t\t\t\t\t\t\t\t\t\t<a class=\"bdt-gallery-item-link bdt-link-icon\" href=\"https:\/\/paratraduccion.com\/limiares\/fr\/convocatoria-lectorados-2019-2020\/\" >\n\t\t\t\t\t\t\t\t\t\t\t\t\t\t\t\t\t\t\t<i class=\"ep-icon-link\" aria-hidden=\"true\"><\/i>\n\t\t\t\t\t\t\t\t\t\t\t\t\t\t\t\t\t<\/a>\n\t\t\t\t\t\t\t\t\t\t\t\t\t<\/div>\n\t\t\t\t\t\t\t\t\t<\/div>\n\t\t\t<\/div>\n\t\t<\/div>\n\t\t\t\t<\/div>\n\t\t<\/div>\n\t\t<div class=\"bdt-gallery-item bdt-transition-toggle bdt-width-1-1 bdt-width-1-2@s bdt-width-1-3@m\" data-filter=\"\">\n\t\t\t<div class=\"bdt-post-gallery-inner\" >\n\t\t\t\t\t\t<div class=\"bdt-gallery-thumbnail bdt-image-mask\">\n\t\t\t<img loading=\"lazy\" decoding=\"async\" width=\"285\" height=\"406\" src=\"https:\/\/paratraduccion.com\/limiares\/wp-content\/uploads\/2019\/01\/PlacidoCastro.jpg\" class=\"attachment-medium size-medium\" alt=\"PREMIO DE TRADUCI\u00d3N PL\u00c1CIDO CASTRO 18.\u00aa EDICI\u00d3N 2018\" \/>\t\t<\/div>\n\t\t\t<div class=\"bdt-position-cover bdt-overlay bdt-overlay-default bdt-transition-fade\">\n\t\t\t<div class=\"bdt-post-gallery-content\">\n\t\t\t\t<div class=\"bdt-gallery-content-inner\">\n\t\t\t\t\t\t\t<a href=\"https:\/\/paratraduccion.com\/limiares\/fr\/premio-de-traducion-placido-castro-18o-edicion-2018\/\" >\n\t\t\t<h4 class=\"bdt-gallery-item-title bdt-margin-remove\">\n\t\t\t\tPREMIO DE TRADUCI\u00d3N PL\u00c1CIDO CASTRO 18.\u00aa EDICI\u00d3N 2018\t\t\t<\/h4>\n\t\t<\/a>\n\t\t\t\t\t\t\t<div class=\"bdt-flex-inline bdt-gallery-item-link-wrapper\">\n\t\t\t\t\t\t\t\t\t\t\t\t\t\t\t<a class=\"bdt-gallery-item-link bdt-gallery-lightbox-item bdt-link-icon\" data-elementor-open-lightbox=\"no\" data-caption=\"PREMIO DE TRADUCI\u00d3N PL\u00c1CIDO CASTRO 18.\u00aa EDICI\u00d3N 2018\" href=\"https:\/\/paratraduccion.com\/limiares\/wp-content\/uploads\/2019\/01\/PlacidoCastro.jpg\">\n\t\t\t\t\t\t\t\t\t\t\t\t\t\t\t\t\t\t\t<i class=\"ep-icon-search\" aria-hidden=\"true\"><\/i>\n\t\t\t\t\t\t\t\t\t\t\t\t\t\t\t\t\t<\/a>\n\t\t\t\t\t\t\t\n\t\t\t\t\t\t\t\t\t\t\t\t\t\t\t\t\t\t\t\t\t\t\t<a class=\"bdt-gallery-item-link bdt-link-icon\" href=\"https:\/\/paratraduccion.com\/limiares\/fr\/premio-de-traducion-placido-castro-18o-edicion-2018\/\" >\n\t\t\t\t\t\t\t\t\t\t\t\t\t\t\t\t\t\t\t<i class=\"ep-icon-link\" aria-hidden=\"true\"><\/i>\n\t\t\t\t\t\t\t\t\t\t\t\t\t\t\t\t\t<\/a>\n\t\t\t\t\t\t\t\t\t\t\t\t\t<\/div>\n\t\t\t\t\t\t\t\t\t<\/div>\n\t\t\t<\/div>\n\t\t<\/div>\n\t\t\t\t<\/div>\n\t\t<\/div>\n\t\t<div class=\"bdt-gallery-item bdt-transition-toggle bdt-width-1-1 bdt-width-1-2@s bdt-width-1-3@m\" data-filter=\"\">\n\t\t\t<div class=\"bdt-post-gallery-inner\" >\n\t\t\t\t\t\t<div class=\"bdt-gallery-thumbnail bdt-image-mask\">\n\t\t\t<img loading=\"lazy\" decoding=\"async\" width=\"320\" height=\"354\" src=\"https:\/\/paratraduccion.com\/limiares\/wp-content\/uploads\/2019\/01\/Top-TEN_MTCI_2019-02-320x354.png\" class=\"attachment-medium size-medium\" alt=\"TOP TEN de los t\u00edtulos mejor valorados de la UVigo\" srcset=\"https:\/\/paratraduccion.com\/limiares\/wp-content\/uploads\/2019\/01\/Top-TEN_MTCI_2019-02-320x354.png 320w, https:\/\/paratraduccion.com\/limiares\/wp-content\/uploads\/2019\/01\/Top-TEN_MTCI_2019-02.png 550w\" sizes=\"(max-width: 320px) 100vw, 320px\" \/>\t\t<\/div>\n\t\t\t<div class=\"bdt-position-cover bdt-overlay bdt-overlay-default bdt-transition-fade\">\n\t\t\t<div class=\"bdt-post-gallery-content\">\n\t\t\t\t<div class=\"bdt-gallery-content-inner\">\n\t\t\t\t\t\t\t<a href=\"https:\/\/paratraduccion.com\/limiares\/fr\/top-ten-de-los-titulos-mejor-valorados-de-la-uvigo\/\" >\n\t\t\t<h4 class=\"bdt-gallery-item-title bdt-margin-remove\">\n\t\t\t\tTOP TEN de los t\u00edtulos mejor valorados de la UVigo\t\t\t<\/h4>\n\t\t<\/a>\n\t\t\t\t\t\t\t<div class=\"bdt-flex-inline bdt-gallery-item-link-wrapper\">\n\t\t\t\t\t\t\t\t\t\t\t\t\t\t\t<a class=\"bdt-gallery-item-link bdt-gallery-lightbox-item bdt-link-icon\" data-elementor-open-lightbox=\"no\" data-caption=\"TOP TEN de los t\u00edtulos mejor valorados de la UVigo\" href=\"https:\/\/paratraduccion.com\/limiares\/wp-content\/uploads\/2019\/01\/Top-TEN_MTCI_2019-02.png\">\n\t\t\t\t\t\t\t\t\t\t\t\t\t\t\t\t\t\t\t<i class=\"ep-icon-search\" aria-hidden=\"true\"><\/i>\n\t\t\t\t\t\t\t\t\t\t\t\t\t\t\t\t\t<\/a>\n\t\t\t\t\t\t\t\n\t\t\t\t\t\t\t\t\t\t\t\t\t\t\t\t\t\t\t\t\t\t\t<a class=\"bdt-gallery-item-link bdt-link-icon\" href=\"https:\/\/paratraduccion.com\/limiares\/fr\/top-ten-de-los-titulos-mejor-valorados-de-la-uvigo\/\" >\n\t\t\t\t\t\t\t\t\t\t\t\t\t\t\t\t\t\t\t<i class=\"ep-icon-link\" aria-hidden=\"true\"><\/i>\n\t\t\t\t\t\t\t\t\t\t\t\t\t\t\t\t\t<\/a>\n\t\t\t\t\t\t\t\t\t\t\t\t\t<\/div>\n\t\t\t\t\t\t\t\t\t<\/div>\n\t\t\t<\/div>\n\t\t<\/div>\n\t\t\t\t<\/div>\n\t\t<\/div>\n\t\t<div class=\"bdt-gallery-item bdt-transition-toggle bdt-width-1-1 bdt-width-1-2@s bdt-width-1-3@m\" data-filter=\"\">\n\t\t\t<div class=\"bdt-post-gallery-inner\" >\n\t\t\t\t\t\t<div class=\"bdt-gallery-thumbnail bdt-image-mask\">\n\t\t\t<img loading=\"lazy\" decoding=\"async\" width=\"320\" height=\"413\" src=\"https:\/\/paratraduccion.com\/limiares\/wp-content\/uploads\/2018\/12\/Foto-Branka-320x413.jpg\" class=\"attachment-medium size-medium\" alt=\"Conferencia de  Branka O\u0161trec\" srcset=\"https:\/\/paratraduccion.com\/limiares\/wp-content\/uploads\/2018\/12\/Foto-Branka-320x413.jpg 320w, https:\/\/paratraduccion.com\/limiares\/wp-content\/uploads\/2018\/12\/Foto-Branka-768x991.jpg 768w, https:\/\/paratraduccion.com\/limiares\/wp-content\/uploads\/2018\/12\/Foto-Branka.jpg 992w\" sizes=\"(max-width: 320px) 100vw, 320px\" \/>\t\t<\/div>\n\t\t\t<div class=\"bdt-position-cover bdt-overlay bdt-overlay-default bdt-transition-fade\">\n\t\t\t<div class=\"bdt-post-gallery-content\">\n\t\t\t\t<div class=\"bdt-gallery-content-inner\">\n\t\t\t\t\t\t\t<a href=\"https:\/\/paratraduccion.com\/limiares\/fr\/conferencia-de-branka-ostrec\/\" >\n\t\t\t<h4 class=\"bdt-gallery-item-title bdt-margin-remove\">\n\t\t\t\tConferencia de  Branka O\u0161trec\t\t\t<\/h4>\n\t\t<\/a>\n\t\t\t\t\t\t\t<div class=\"bdt-flex-inline bdt-gallery-item-link-wrapper\">\n\t\t\t\t\t\t\t\t\t\t\t\t\t\t\t<a class=\"bdt-gallery-item-link bdt-gallery-lightbox-item bdt-link-icon\" data-elementor-open-lightbox=\"no\" data-caption=\"Conferencia de  Branka O\u0161trec\" href=\"https:\/\/paratraduccion.com\/limiares\/wp-content\/uploads\/2018\/12\/Foto-Branka.jpg\">\n\t\t\t\t\t\t\t\t\t\t\t\t\t\t\t\t\t\t\t<i class=\"ep-icon-search\" aria-hidden=\"true\"><\/i>\n\t\t\t\t\t\t\t\t\t\t\t\t\t\t\t\t\t<\/a>\n\t\t\t\t\t\t\t\n\t\t\t\t\t\t\t\t\t\t\t\t\t\t\t\t\t\t\t\t\t\t\t<a class=\"bdt-gallery-item-link bdt-link-icon\" href=\"https:\/\/paratraduccion.com\/limiares\/fr\/conferencia-de-branka-ostrec\/\" >\n\t\t\t\t\t\t\t\t\t\t\t\t\t\t\t\t\t\t\t<i class=\"ep-icon-link\" aria-hidden=\"true\"><\/i>\n\t\t\t\t\t\t\t\t\t\t\t\t\t\t\t\t\t<\/a>\n\t\t\t\t\t\t\t\t\t\t\t\t\t<\/div>\n\t\t\t\t\t\t\t\t\t<\/div>\n\t\t\t<\/div>\n\t\t<\/div>\n\t\t\t\t<\/div>\n\t\t<\/div>\n\t\t<div class=\"bdt-gallery-item bdt-transition-toggle bdt-width-1-1 bdt-width-1-2@s bdt-width-1-3@m\" data-filter=\"\">\n\t\t\t<div class=\"bdt-post-gallery-inner\" >\n\t\t\t\t\t\t<div class=\"bdt-gallery-thumbnail bdt-image-mask\">\n\t\t\t<img loading=\"lazy\" decoding=\"async\" width=\"320\" height=\"427\" src=\"https:\/\/paratraduccion.com\/limiares\/wp-content\/uploads\/2018\/11\/Foto_Patricia-LLUBERAS-320x427.jpeg\" class=\"attachment-medium size-medium\" alt=\"Conferencia de Patricia Lluberas\" srcset=\"https:\/\/paratraduccion.com\/limiares\/wp-content\/uploads\/2018\/11\/Foto_Patricia-LLUBERAS-320x427.jpeg 320w, https:\/\/paratraduccion.com\/limiares\/wp-content\/uploads\/2018\/11\/Foto_Patricia-LLUBERAS-768x1024.jpeg 768w, https:\/\/paratraduccion.com\/limiares\/wp-content\/uploads\/2018\/11\/Foto_Patricia-LLUBERAS.jpeg 1200w\" sizes=\"(max-width: 320px) 100vw, 320px\" \/>\t\t<\/div>\n\t\t\t<div class=\"bdt-position-cover bdt-overlay bdt-overlay-default bdt-transition-fade\">\n\t\t\t<div class=\"bdt-post-gallery-content\">\n\t\t\t\t<div class=\"bdt-gallery-content-inner\">\n\t\t\t\t\t\t\t<a href=\"https:\/\/paratraduccion.com\/limiares\/fr\/los-traductores-tambien-se-emocionan\/\" >\n\t\t\t<h4 class=\"bdt-gallery-item-title bdt-margin-remove\">\n\t\t\t\tConferencia de Patricia Lluberas\t\t\t<\/h4>\n\t\t<\/a>\n\t\t\t\t\t\t\t<div class=\"bdt-flex-inline bdt-gallery-item-link-wrapper\">\n\t\t\t\t\t\t\t\t\t\t\t\t\t\t\t<a class=\"bdt-gallery-item-link bdt-gallery-lightbox-item bdt-link-icon\" data-elementor-open-lightbox=\"no\" data-caption=\"Conferencia de Patricia Lluberas\" href=\"https:\/\/paratraduccion.com\/limiares\/wp-content\/uploads\/2018\/11\/Foto_Patricia-LLUBERAS.jpeg\">\n\t\t\t\t\t\t\t\t\t\t\t\t\t\t\t\t\t\t\t<i class=\"ep-icon-search\" aria-hidden=\"true\"><\/i>\n\t\t\t\t\t\t\t\t\t\t\t\t\t\t\t\t\t<\/a>\n\t\t\t\t\t\t\t\n\t\t\t\t\t\t\t\t\t\t\t\t\t\t\t\t\t\t\t\t\t\t\t<a class=\"bdt-gallery-item-link bdt-link-icon\" href=\"https:\/\/paratraduccion.com\/limiares\/fr\/los-traductores-tambien-se-emocionan\/\" >\n\t\t\t\t\t\t\t\t\t\t\t\t\t\t\t\t\t\t\t<i class=\"ep-icon-link\" aria-hidden=\"true\"><\/i>\n\t\t\t\t\t\t\t\t\t\t\t\t\t\t\t\t\t<\/a>\n\t\t\t\t\t\t\t\t\t\t\t\t\t<\/div>\n\t\t\t\t\t\t\t\t\t<\/div>\n\t\t\t<\/div>\n\t\t<\/div>\n\t\t\t\t<\/div>\n\t\t<\/div>\n\t\t<div class=\"bdt-gallery-item bdt-transition-toggle bdt-width-1-1 bdt-width-1-2@s bdt-width-1-3@m\" data-filter=\"\">\n\t\t\t<div class=\"bdt-post-gallery-inner\" >\n\t\t\t\t\t\t<div class=\"bdt-gallery-thumbnail bdt-image-mask\">\n\t\t\t<img loading=\"lazy\" decoding=\"async\" width=\"320\" height=\"371\" src=\"https:\/\/paratraduccion.com\/limiares\/wp-content\/uploads\/2017\/05\/Logo_ETIV-320x371.jpg\" class=\"attachment-medium size-medium\" alt=\"Becas ETIV 2018-2019\" srcset=\"https:\/\/paratraduccion.com\/limiares\/wp-content\/uploads\/2017\/05\/Logo_ETIV-320x371.jpg 320w, https:\/\/paratraduccion.com\/limiares\/wp-content\/uploads\/2017\/05\/Logo_ETIV-768x890.jpg 768w, https:\/\/paratraduccion.com\/limiares\/wp-content\/uploads\/2017\/05\/Logo_ETIV.jpg 932w\" sizes=\"(max-width: 320px) 100vw, 320px\" \/>\t\t<\/div>\n\t\t\t<div class=\"bdt-position-cover bdt-overlay bdt-overlay-default bdt-transition-fade\">\n\t\t\t<div class=\"bdt-post-gallery-content\">\n\t\t\t\t<div class=\"bdt-gallery-content-inner\">\n\t\t\t\t\t\t\t<a href=\"https:\/\/paratraduccion.com\/limiares\/fr\/becas-etiv-2018-2019\/\" >\n\t\t\t<h4 class=\"bdt-gallery-item-title bdt-margin-remove\">\n\t\t\t\tBecas ETIV 2018-2019\t\t\t<\/h4>\n\t\t<\/a>\n\t\t\t\t\t\t\t<div class=\"bdt-flex-inline bdt-gallery-item-link-wrapper\">\n\t\t\t\t\t\t\t\t\t\t\t\t\t\t\t<a class=\"bdt-gallery-item-link bdt-gallery-lightbox-item bdt-link-icon\" data-elementor-open-lightbox=\"no\" data-caption=\"Becas ETIV 2018-2019\" href=\"https:\/\/paratraduccion.com\/limiares\/wp-content\/uploads\/2017\/05\/Logo_ETIV.jpg\">\n\t\t\t\t\t\t\t\t\t\t\t\t\t\t\t\t\t\t\t<i class=\"ep-icon-search\" aria-hidden=\"true\"><\/i>\n\t\t\t\t\t\t\t\t\t\t\t\t\t\t\t\t\t<\/a>\n\t\t\t\t\t\t\t\n\t\t\t\t\t\t\t\t\t\t\t\t\t\t\t\t\t\t\t\t\t\t\t<a class=\"bdt-gallery-item-link bdt-link-icon\" href=\"https:\/\/paratraduccion.com\/limiares\/fr\/becas-etiv-2018-2019\/\" >\n\t\t\t\t\t\t\t\t\t\t\t\t\t\t\t\t\t\t\t<i class=\"ep-icon-link\" aria-hidden=\"true\"><\/i>\n\t\t\t\t\t\t\t\t\t\t\t\t\t\t\t\t\t<\/a>\n\t\t\t\t\t\t\t\t\t\t\t\t\t<\/div>\n\t\t\t\t\t\t\t\t\t<\/div>\n\t\t\t<\/div>\n\t\t<\/div>\n\t\t\t\t<\/div>\n\t\t<\/div>\n\t\t<div class=\"bdt-gallery-item bdt-transition-toggle bdt-width-1-1 bdt-width-1-2@s bdt-width-1-3@m\" data-filter=\"\">\n\t\t\t<div class=\"bdt-post-gallery-inner\" >\n\t\t\t\t\t\t<div class=\"bdt-gallery-thumbnail bdt-image-mask\">\n\t\t\t<img loading=\"lazy\" decoding=\"async\" width=\"320\" height=\"427\" src=\"https:\/\/paratraduccion.com\/limiares\/wp-content\/uploads\/2019\/01\/TOP-FIVE_Profesores-Mejor-Valorados_MTCI_2018-320x427.jpg\" class=\"attachment-medium size-medium\" alt=\"TOP FIVE del profesorado mejor valorado en la UVigo\" srcset=\"https:\/\/paratraduccion.com\/limiares\/wp-content\/uploads\/2019\/01\/TOP-FIVE_Profesores-Mejor-Valorados_MTCI_2018-320x427.jpg 320w, https:\/\/paratraduccion.com\/limiares\/wp-content\/uploads\/2019\/01\/TOP-FIVE_Profesores-Mejor-Valorados_MTCI_2018.jpg 720w\" sizes=\"(max-width: 320px) 100vw, 320px\" \/>\t\t<\/div>\n\t\t\t<div class=\"bdt-position-cover bdt-overlay bdt-overlay-default bdt-transition-fade\">\n\t\t\t<div class=\"bdt-post-gallery-content\">\n\t\t\t\t<div class=\"bdt-gallery-content-inner\">\n\t\t\t\t\t\t\t<a href=\"https:\/\/paratraduccion.com\/limiares\/fr\/top-five-del-profesorado-mejor-valorado-en-la-uvigo\/\" >\n\t\t\t<h4 class=\"bdt-gallery-item-title bdt-margin-remove\">\n\t\t\t\tTOP FIVE del profesorado mejor valorado en la UVigo\t\t\t<\/h4>\n\t\t<\/a>\n\t\t\t\t\t\t\t<div class=\"bdt-flex-inline bdt-gallery-item-link-wrapper\">\n\t\t\t\t\t\t\t\t\t\t\t\t\t\t\t<a class=\"bdt-gallery-item-link bdt-gallery-lightbox-item bdt-link-icon\" data-elementor-open-lightbox=\"no\" data-caption=\"TOP FIVE del profesorado mejor valorado en la UVigo\" href=\"https:\/\/paratraduccion.com\/limiares\/wp-content\/uploads\/2019\/01\/TOP-FIVE_Profesores-Mejor-Valorados_MTCI_2018.jpg\">\n\t\t\t\t\t\t\t\t\t\t\t\t\t\t\t\t\t\t\t<i class=\"ep-icon-search\" aria-hidden=\"true\"><\/i>\n\t\t\t\t\t\t\t\t\t\t\t\t\t\t\t\t\t<\/a>\n\t\t\t\t\t\t\t\n\t\t\t\t\t\t\t\t\t\t\t\t\t\t\t\t\t\t\t\t\t\t\t<a class=\"bdt-gallery-item-link bdt-link-icon\" href=\"https:\/\/paratraduccion.com\/limiares\/fr\/top-five-del-profesorado-mejor-valorado-en-la-uvigo\/\" >\n\t\t\t\t\t\t\t\t\t\t\t\t\t\t\t\t\t\t\t<i class=\"ep-icon-link\" aria-hidden=\"true\"><\/i>\n\t\t\t\t\t\t\t\t\t\t\t\t\t\t\t\t\t<\/a>\n\t\t\t\t\t\t\t\t\t\t\t\t\t<\/div>\n\t\t\t\t\t\t\t\t\t<\/div>\n\t\t\t<\/div>\n\t\t<\/div>\n\t\t\t\t<\/div>\n\t\t<\/div>\n\t\t<div class=\"bdt-gallery-item bdt-transition-toggle bdt-width-1-1 bdt-width-1-2@s bdt-width-1-3@m\" data-filter=\"\">\n\t\t\t<div class=\"bdt-post-gallery-inner\" >\n\t\t\t\t\t\t<div class=\"bdt-gallery-thumbnail bdt-image-mask\">\n\t\t\t<img loading=\"lazy\" decoding=\"async\" width=\"320\" height=\"305\" src=\"https:\/\/paratraduccion.com\/limiares\/wp-content\/uploads\/2018\/09\/Rodolfo-Maslias_Conferencia_02-320x305.jpg\" class=\"attachment-medium size-medium\" alt=\"Conferencia de Rodolfo Maslias\" srcset=\"https:\/\/paratraduccion.com\/limiares\/wp-content\/uploads\/2018\/09\/Rodolfo-Maslias_Conferencia_02-320x305.jpg 320w, https:\/\/paratraduccion.com\/limiares\/wp-content\/uploads\/2018\/09\/Rodolfo-Maslias_Conferencia_02.jpg 382w\" sizes=\"(max-width: 320px) 100vw, 320px\" \/>\t\t<\/div>\n\t\t\t<div class=\"bdt-position-cover bdt-overlay bdt-overlay-default bdt-transition-fade\">\n\t\t\t<div class=\"bdt-post-gallery-content\">\n\t\t\t\t<div class=\"bdt-gallery-content-inner\">\n\t\t\t\t\t\t\t<a href=\"https:\/\/paratraduccion.com\/limiares\/fr\/conferencia-de-rodolfo-maslias\/\" >\n\t\t\t<h4 class=\"bdt-gallery-item-title bdt-margin-remove\">\n\t\t\t\tConferencia de Rodolfo Maslias\t\t\t<\/h4>\n\t\t<\/a>\n\t\t\t\t\t\t\t<div class=\"bdt-flex-inline bdt-gallery-item-link-wrapper\">\n\t\t\t\t\t\t\t\t\t\t\t\t\t\t\t<a class=\"bdt-gallery-item-link bdt-gallery-lightbox-item bdt-link-icon\" data-elementor-open-lightbox=\"no\" data-caption=\"Conferencia de Rodolfo Maslias\" href=\"https:\/\/paratraduccion.com\/limiares\/wp-content\/uploads\/2018\/09\/Rodolfo-Maslias_Conferencia_02.jpg\">\n\t\t\t\t\t\t\t\t\t\t\t\t\t\t\t\t\t\t\t<i class=\"ep-icon-search\" aria-hidden=\"true\"><\/i>\n\t\t\t\t\t\t\t\t\t\t\t\t\t\t\t\t\t<\/a>\n\t\t\t\t\t\t\t\n\t\t\t\t\t\t\t\t\t\t\t\t\t\t\t\t\t\t\t\t\t\t\t<a class=\"bdt-gallery-item-link bdt-link-icon\" href=\"https:\/\/paratraduccion.com\/limiares\/fr\/conferencia-de-rodolfo-maslias\/\" >\n\t\t\t\t\t\t\t\t\t\t\t\t\t\t\t\t\t\t\t<i class=\"ep-icon-link\" aria-hidden=\"true\"><\/i>\n\t\t\t\t\t\t\t\t\t\t\t\t\t\t\t\t\t<\/a>\n\t\t\t\t\t\t\t\t\t\t\t\t\t<\/div>\n\t\t\t\t\t\t\t\t\t<\/div>\n\t\t\t<\/div>\n\t\t<\/div>\n\t\t\t\t<\/div>\n\t\t<\/div>\n\n\t\t\t<\/div>\n\t\t<\/div>\n\t\t\t<\/div>\n\t\t\t\t<\/div>\n\t\t\t\t\t<\/div>\n\t\t<\/div>\n\t\t\t\t\t<\/div>\n\t\t<\/section>\n\t\t\t\t<\/div>","protected":false},"excerpt":{"rendered":"<p>Aberta a inscrici\u00f3n na microcredencial \u00abTraduci\u00f3n e dobraxe\u00bb O Mestrado en Traduci\u00f3n para a Comunicaci\u00f3n Internacional da Universidade de Vigo informa que puxo Ler M\u00e1is 03 octubre 2025 10 julio 2025 O Mestrado en Traduci\u00f3n para a Comunicaci\u00f3n Internacional consol\u00eddase como referente internacional cunha avalancha de solicitudes e lidera a demanda en Humanidades O Mestrado&hellip;<\/p>","protected":false},"author":1,"featured_media":0,"parent":0,"menu_order":0,"comment_status":"closed","ping_status":"closed","template":"","meta":{"footnotes":""},"_links":{"self":[{"href":"https:\/\/paratraduccion.com\/limiares\/fr\/wp-json\/wp\/v2\/pages\/121949"}],"collection":[{"href":"https:\/\/paratraduccion.com\/limiares\/fr\/wp-json\/wp\/v2\/pages"}],"about":[{"href":"https:\/\/paratraduccion.com\/limiares\/fr\/wp-json\/wp\/v2\/types\/page"}],"author":[{"embeddable":true,"href":"https:\/\/paratraduccion.com\/limiares\/fr\/wp-json\/wp\/v2\/users\/1"}],"replies":[{"embeddable":true,"href":"https:\/\/paratraduccion.com\/limiares\/fr\/wp-json\/wp\/v2\/comments?post=121949"}],"version-history":[{"count":61,"href":"https:\/\/paratraduccion.com\/limiares\/fr\/wp-json\/wp\/v2\/pages\/121949\/revisions"}],"predecessor-version":[{"id":128051,"href":"https:\/\/paratraduccion.com\/limiares\/fr\/wp-json\/wp\/v2\/pages\/121949\/revisions\/128051"}],"wp:attachment":[{"href":"https:\/\/paratraduccion.com\/limiares\/fr\/wp-json\/wp\/v2\/media?parent=121949"}],"curies":[{"name":"wp","href":"https:\/\/api.w.org\/{rel}","templated":true}]}}