{"id":17,"date":"2013-03-10T21:41:01","date_gmt":"2013-03-10T21:41:01","guid":{"rendered":"http:\/\/paratraduccion.com\/mestrado\/ana-hermida-rubial\/"},"modified":"2025-09-15T10:57:35","modified_gmt":"2025-09-15T10:57:35","slug":"ana-hermida-ruibal","status":"publish","type":"page","link":"https:\/\/paratraduccion.com\/limiares\/fr\/ana-hermida-ruibal\/","title":{"rendered":"Hermida Ruibal, Ana"},"content":{"rendered":"<div data-elementor-type=\"wp-page\" data-elementor-id=\"17\" class=\"elementor elementor-17\" data-elementor-post-type=\"page\">\n\t\t\t\t\t\t<section class=\"elementor-section elementor-top-section elementor-element elementor-element-174c9dae elementor-section-boxed elementor-section-height-default elementor-section-height-default\" data-id=\"174c9dae\" data-element_type=\"section\" data-settings=\"{&quot;jet_parallax_layout_list&quot;:[]}\">\n\t\t\t\t\t\t<div class=\"elementor-container elementor-column-gap-default\">\n\t\t\t\t\t<div class=\"elementor-column elementor-col-100 elementor-top-column elementor-element elementor-element-5e0ead42\" data-id=\"5e0ead42\" data-element_type=\"column\">\n\t\t\t<div class=\"elementor-widget-wrap elementor-element-populated\">\n\t\t\t\t\t\t<div class=\"elementor-element elementor-element-4f1d6c9 elementor-widget elementor-widget-bdt-advanced-heading\" data-id=\"4f1d6c9\" data-element_type=\"widget\" data-widget_type=\"bdt-advanced-heading.default\">\n\t\t\t\t<div class=\"elementor-widget-container\">\n\t\t\t<div id =\"4f1d6c9\" class=\"bdt-ep-advanced-heading\" data-settings=\"{&quot;titleMultiColor&quot;:&quot;no&quot;}\"><div class=\"bdt-ep-advanced-heading-content bdt-visible@m\"><div class=\"bdt-transform-origin-top-left\">Professeure associ\u00e9e<\/div><\/div><h2 class=\"bdt-ep-advanced-heading-title\"><span class=\"bdt-ep-advanced-heading-main-title\"><span class=\"bdt-ep-advanced-heading-main-title-inner\">Professeure associ\u00e9e<\/span><\/span><\/h2><\/div>\t\t<\/div>\n\t\t\t\t<\/div>\n\t\t\t\t<div class=\"elementor-element elementor-element-43c2243 e-grid-align-left elementor-shape-rounded elementor-grid-0 elementor-widget elementor-widget-social-icons\" data-id=\"43c2243\" data-element_type=\"widget\" data-widget_type=\"social-icons.default\">\n\t\t\t\t<div class=\"elementor-widget-container\">\n\t\t\t\t\t<div class=\"elementor-social-icons-wrapper elementor-grid\">\n\t\t\t\t\t\t\t<span class=\"elementor-grid-item\">\n\t\t\t\t\t<a class=\"elementor-icon elementor-social-icon elementor-social-icon-link elementor-repeater-item-585184a\" href=\"http:\/\/www.anahermida.com%20\" target=\"_blank\">\n\t\t\t\t\t\t<span class=\"elementor-screen-only\">Link<\/span>\n\t\t\t\t\t\t<i class=\"fas fa-link\"><\/i>\t\t\t\t\t<\/a>\n\t\t\t\t<\/span>\n\t\t\t\t\t\t\t<span class=\"elementor-grid-item\">\n\t\t\t\t\t<a class=\"elementor-icon elementor-social-icon elementor-social-icon-linkedin elementor-repeater-item-1e83c37\" href=\"https:\/\/www.linkedin.com\/in\/anahermidaruibal\/%20\" target=\"_blank\">\n\t\t\t\t\t\t<span class=\"elementor-screen-only\">Linkedin<\/span>\n\t\t\t\t\t\t<i class=\"fab fa-linkedin\"><\/i>\t\t\t\t\t<\/a>\n\t\t\t\t<\/span>\n\t\t\t\t\t\t\t<span class=\"elementor-grid-item\">\n\t\t\t\t\t<a class=\"elementor-icon elementor-social-icon elementor-social-icon-researchgate elementor-repeater-item-5326ae8\" href=\"https:\/\/www.researchgate.net\/profile\/Ana-Hermida-Ruibal%20\" target=\"_blank\">\n\t\t\t\t\t\t<span class=\"elementor-screen-only\">Researchgate<\/span>\n\t\t\t\t\t\t<i class=\"fab fa-researchgate\"><\/i>\t\t\t\t\t<\/a>\n\t\t\t\t<\/span>\n\t\t\t\t\t<\/div>\n\t\t\t\t<\/div>\n\t\t\t\t<\/div>\n\t\t\t\t<div class=\"elementor-element elementor-element-b8d1aba elementor-widget elementor-widget-bdt-accordion\" data-id=\"b8d1aba\" data-element_type=\"widget\" data-widget_type=\"bdt-accordion.default\">\n\t\t\t\t<div class=\"elementor-widget-container\">\n\t\t\t        <div class=\"bdt-ep-accordion-container\">\n            <div id=\"bdt-ep-accordion-b8d1aba\" class=\"bdt-ep-accordion bdt-accordion\" data-bdt-accordion=\"{&quot;collapsible&quot;:true,&quot;multiple&quot;:false,&quot;transition&quot;:&quot;ease-in-out&quot;}\" data-settings=\"{&quot;id&quot;:&quot;bdt-ep-accordion-b8d1aba&quot;,&quot;activeHash&quot;:&quot;no&quot;,&quot;activeScrollspy&quot;:null,&quot;hashTopOffset&quot;:false,&quot;hashScrollspyTime&quot;:false}\">\n                                    <div class=\"bdt-ep-accordion-item\">\n                        <div class=\"bdt-ep-accordion-title bdt-accordion-title bdt-flex bdt-flex-middle bdt-flex-between\" id=\"bdt-ep-accordion-bionota\" data-accordion-index=\"0\" data-title=\"bionota\" role=\"heading\">\n\n                                                            <span class=\"bdt-ep-accordion-icon bdt-flex-align-right\" aria-hidden=\"true\">\n\n                                                                            <span class=\"bdt-ep-accordion-icon-closed\">\n                                            <i aria-hidden=\"true\" class=\"fa-fw fas fa-plus\"><\/i>                                        <\/span>\n                                    \n                                                                            <span class=\"bdt-ep-accordion-icon-opened\">\n                                            <i aria-hidden=\"true\" class=\"fa-fw fas fa-minus\"><\/i>                                        <\/span>\n                                    \n                                <\/span>\n                            \n                            <span class=\"bdt-ep-title-text bdt-flex bdt-flex-middle\">\n\n                                                                INFOS                            <\/span>\n\n                        <\/div>\n                        <div class=\"bdt-ep-accordion-content bdt-accordion-content\">\n                            <p style=\"text-align: justify;\" class=\" translation-block\">Ana Hermida Ruibal est dipl\u00f4m\u00e9e en Traduction et Interpr\u00e9tation de la <a href=\"https:\/\/www.uvigo.gal\/es\" target=\"_self\" role=\"link\">Universidade de Vigo<\/a>, traductrice-interpr\u00e8te asserment\u00e9e (galicien-anglais-galicien) nomm\u00e9e par la Xunta de Galicia. Elle poss\u00e8de un Dipl\u00f4me en \u00c9tudes Avanc\u00e9es (DEA) en Traduction et Paratraduction de cette m\u00eame universit\u00e9. Depuis 1998, elle est traductrice : pendant 15 ans en tant qu'associ\u00e9e fondatrice d'une soci\u00e9t\u00e9 de traduction au Portugal o\u00f9 elle traduisait, r\u00e9visait et coordonnait des projets multilingues, puis en tant que traductrice ind\u00e9pendante install\u00e9e en Galice. En 2003-2004, elle a fait partie de l'\u00e9quipe de localisation des logiciels pour Windows XP et Office 2003 en galicien. Pendant six ans, elle a \u00e9t\u00e9 LQS Language Specialist et Terminologist sur des projets Microsoft. Ses langues de travail sont le portugais, l'espagnol, le galicien et l'anglais.<\/p><p style=\"text-align: justify;\" class=\" translation-block\">Elle si\u00e8ge actuellement au conseil d'administration de l'<a href=\"http:\/\/www.agpti.org\" target=\"_self\" role=\"link\">AGPTI<\/a>, en tant que membre des Activit\u00e9s et associ\u00e9e de l'<a href=\"https:\/\/aptrad.pt\/\" target=\"_self\" role=\"link\">APTRAD<\/a>, <a href=\"https:\/\/asetrad.org\/\" target=\"_self\" role=\"link\">Asetrad<\/a>, APT, <a href=\"https:\/\/aieti.es\/\" target=\"_self\" role=\"link\">AIETI <\/a>et DPG. Pendant plusieurs ann\u00e9es, elle a coordonn\u00e9 la rubrique \"Tribuna universitaria\" du magazine La Linterna del Traductor (Asetrad).<\/p>                        <\/div>\n                    <\/div>\n                                    <div class=\"bdt-ep-accordion-item\">\n                        <div class=\"bdt-ep-accordion-title bdt-accordion-title bdt-flex bdt-flex-middle bdt-flex-between\" id=\"bdt-ep-accordion-experiencia-docente\" data-accordion-index=\"1\" data-title=\"experiencia-docente\" role=\"heading\">\n\n                                                            <span class=\"bdt-ep-accordion-icon bdt-flex-align-right\" aria-hidden=\"true\">\n\n                                                                            <span class=\"bdt-ep-accordion-icon-closed\">\n                                            <i aria-hidden=\"true\" class=\"fa-fw fas fa-plus\"><\/i>                                        <\/span>\n                                    \n                                                                            <span class=\"bdt-ep-accordion-icon-opened\">\n                                            <i aria-hidden=\"true\" class=\"fa-fw fas fa-minus\"><\/i>                                        <\/span>\n                                    \n                                <\/span>\n                            \n                            <span class=\"bdt-ep-title-text bdt-flex bdt-flex-middle\">\n\n                                                                EXP\u00c9RIENCE ACAD\u00c9MIQUE                            <\/span>\n\n                        <\/div>\n                        <div class=\"bdt-ep-accordion-content bdt-accordion-content\">\n                            <p style=\"text-align: justify;\" class=\" translation-block\">Pendant son s\u00e9jour de 13 ans \u00e0 Lisbonne, elle a enseign\u00e9 la traduction portugais-espagnol au cours annuel et d'\u00e9t\u00e9 pour les traducteurs \u00e9trangers de portugais \u00e0 l'Universit\u00e9 de Lisbonne. \u00c0 son retour en Galice, elle a commenc\u00e9 \u00e0 enseigner la langue portugaise au <a href=\"https:\/\/cdl.uvigo.es\/\" target=\"_self\" role=\"link\">Centre de Langues de la Universidade de Vigo<\/a> \/ <a href=\"https:\/\/www.instituto-camoes.pt\/es\/?view=article&amp;id=24129:centro-cultural-vigo&amp;catid=1296\" target=\"_self\" role=\"link\">Institut Cam\u00f5es de Vigo<\/a> et enseigne depuis plusieurs ann\u00e9es dans la licence en Traduction et d'Interpr\u00e9tation et dans le <a href=\"https:\/\/paratraduccion.com\/limiares\/\" target=\"_self\" role=\"link\">Master en Traduction pour la Communication Internationale \u00e0 la Universidade de Vigo<\/a>.<\/p>                        <\/div>\n                    <\/div>\n                                    <div class=\"bdt-ep-accordion-item\">\n                        <div class=\"bdt-ep-accordion-title bdt-accordion-title bdt-flex bdt-flex-middle bdt-flex-between\" id=\"bdt-ep-accordion-materias-impartidas-no-mtci\" data-accordion-index=\"2\" data-title=\"materias-impartidas-no-mtci\" role=\"heading\">\n\n                                                            <span class=\"bdt-ep-accordion-icon bdt-flex-align-right\" aria-hidden=\"true\">\n\n                                                                            <span class=\"bdt-ep-accordion-icon-closed\">\n                                            <i aria-hidden=\"true\" class=\"fa-fw fas fa-plus\"><\/i>                                        <\/span>\n                                    \n                                                                            <span class=\"bdt-ep-accordion-icon-opened\">\n                                            <i aria-hidden=\"true\" class=\"fa-fw fas fa-minus\"><\/i>                                        <\/span>\n                                    \n                                <\/span>\n                            \n                            <span class=\"bdt-ep-title-text bdt-flex bdt-flex-middle\">\n\n                                                                MATI\u00c8RES DISPENS\u00c9ES DANS LE MTCI                            <\/span>\n\n                        <\/div>\n                        <div class=\"bdt-ep-accordion-content bdt-accordion-content\">\n                            <ul><li><p><a href=\"https:\/\/paratraduccion.com\/limiares\/fr\/tecnoloxias-aplicadas-a-traduccion\/\" target=\"_blank\" rel=\"noopener\">Technologies appliqu\u00e9es \u00e0 la traduction<\/a><\/p><\/li><\/ul>                        <\/div>\n                    <\/div>\n                                    <div class=\"bdt-ep-accordion-item\">\n                        <div class=\"bdt-ep-accordion-title bdt-accordion-title bdt-flex bdt-flex-middle bdt-flex-between\" id=\"bdt-ep-accordion-lias-de-investigacin\" data-accordion-index=\"3\" data-title=\"li-as-de-investigaci-n\" role=\"heading\">\n\n                                                            <span class=\"bdt-ep-accordion-icon bdt-flex-align-right\" aria-hidden=\"true\">\n\n                                                                            <span class=\"bdt-ep-accordion-icon-closed\">\n                                            <i aria-hidden=\"true\" class=\"fa-fw fas fa-plus\"><\/i>                                        <\/span>\n                                    \n                                                                            <span class=\"bdt-ep-accordion-icon-opened\">\n                                            <i aria-hidden=\"true\" class=\"fa-fw fas fa-minus\"><\/i>                                        <\/span>\n                                    \n                                <\/span>\n                            \n                            <span class=\"bdt-ep-title-text bdt-flex bdt-flex-middle\">\n\n                                                                AXES DE RECHERCHE                            <\/span>\n\n                        <\/div>\n                        <div class=\"bdt-ep-accordion-content bdt-accordion-content\">\n                            <p style=\"text-align: justify;\">Ses recherches portent sur les aspects professionnels de la traduction, la traduction portugais-espagnol-portugais et portugais-galicien-portugais, et l'informatique appliqu\u00e9e \u00e0 la traduction.<\/p>                        <\/div>\n                    <\/div>\n                                    <div class=\"bdt-ep-accordion-item\">\n                        <div class=\"bdt-ep-accordion-title bdt-accordion-title bdt-flex bdt-flex-middle bdt-flex-between\" id=\"bdt-ep-accordion-publicacins\" data-accordion-index=\"4\" data-title=\"publicaci-ns\" role=\"heading\">\n\n                                                            <span class=\"bdt-ep-accordion-icon bdt-flex-align-right\" aria-hidden=\"true\">\n\n                                                                            <span class=\"bdt-ep-accordion-icon-closed\">\n                                            <i aria-hidden=\"true\" class=\"fa-fw fas fa-plus\"><\/i>                                        <\/span>\n                                    \n                                                                            <span class=\"bdt-ep-accordion-icon-opened\">\n                                            <i aria-hidden=\"true\" class=\"fa-fw fas fa-minus\"><\/i>                                        <\/span>\n                                    \n                                <\/span>\n                            \n                            <span class=\"bdt-ep-title-text bdt-flex bdt-flex-middle\">\n\n                                                                PUBLICATIONS                            <\/span>\n\n                        <\/div>\n                        <div class=\"bdt-ep-accordion-content bdt-accordion-content\">\n                            <ul><li style=\"text-align: justify;\">Museo Guggenheim Bilbao. 2018. Joana Vasconcelos, I\u2019m Your Mirror. Bilbao: La F\u00e1brica y Museo Guggenheim Bilbao. (Tradutora PT&gt;ES).<\/li><li style=\"text-align: justify;\">Luis e Alejandro Paad\u00edn. 2017. Os milenarios lagares rupestres de Galicia. A Coru\u00f1a: Servino Consulting. (Tradutora ES&gt;GL).<\/li><li style=\"text-align: justify;\" class=\" translation-block\">Hermida Ruibal, A. (2016): \u00ab<a href=\"http:\/\/www.lalinternadeltraductor.org\/pdf\/lalinterna_n13.pdf\" target=\"_self\" role=\"link\">La universidad, en primera persona. Entrevista a Carlos Fortea, profesor de traducci\u00f3n de la Universidad de Salamanca<\/a>\u00bb, en La linterna del traductor, nueva temporada, n.\u00ba 13, pp. 90-92. ISSN: 1579-5314.<\/li><li style=\"text-align: justify;\">Hermida Ruibal, A. (2012): \u00ab\u00bfMe f\u00edo o no me f\u00edo de un cliente nuevo?: Pr\u00e1cticas de pago de clientes potenciales.\u00bb, en Traducir en la frontera\/Traduzir na fronteira. Actas do IV Congreso da Asociaci\u00f3n Ib\u00e9rica de Estudios de Traducci\u00f3n e Interpretaci\u00f3n, pp. 619-628. Granada: Atrio. ISBN: 9788415275077.<\/li><li style=\"text-align: justify;\">Salter, J. 2008. A idade da auga. Vigo: Edici\u00f3ns Xerais de Galicia. (Traductora EN&gt;GL).<\/li><li style=\"text-align: justify;\">Callejo, J.; Lou\u00e7\u00e3o, P. e Mart\u00ednez, T. 2007. Lugares m\u00e1gicos en Espa\u00f1a y Portugal. Lisboa: \u00c9squilo. (Tradutora PT&gt;ES).<\/li><li style=\"text-align: justify;\">Hanbuckers, A. 2006. Cocina (r)evoluci\u00f3n. Barcelona: Buffet&amp;Ambig\u00fa. (Tradutora ES&gt;GL).<\/li><\/ul>                        <\/div>\n                    <\/div>\n                            <\/div>\n        <\/div>\n    \t\t<\/div>\n\t\t\t\t<\/div>\n\t\t\t\t\t<\/div>\n\t\t<\/div>\n\t\t\t\t\t<\/div>\n\t\t<\/section>\n\t\t\t\t<section class=\"elementor-section elementor-top-section elementor-element elementor-element-1637436 elementor-section-boxed elementor-section-height-default elementor-section-height-default\" data-id=\"1637436\" data-element_type=\"section\" data-settings=\"{&quot;jet_parallax_layout_list&quot;:[]}\">\n\t\t\t\t\t\t<div class=\"elementor-container elementor-column-gap-default\">\n\t\t\t\t\t<div class=\"elementor-column elementor-col-100 elementor-top-column elementor-element elementor-element-a0721d1\" data-id=\"a0721d1\" data-element_type=\"column\">\n\t\t\t<div class=\"elementor-widget-wrap elementor-element-populated\">\n\t\t\t\t\t\t<div class=\"elementor-element elementor-element-9aa897f elementor-widget__width-auto elementor-widget elementor-widget-global elementor-global-122536 elementor-widget-premium-addon-person\" data-id=\"9aa897f\" data-element_type=\"widget\" data-settings=\"{&quot;persons_per_row&quot;:&quot;16.667%&quot;,&quot;persons_per_row_tablet&quot;:&quot;100%&quot;,&quot;persons_per_row_mobile&quot;:&quot;100%&quot;}\" data-widget_type=\"premium-addon-person.default\">\n\t\t\t\t<div class=\"elementor-widget-container\">\n\t\t\t\t\t<div class=\"premium-persons-container premium-person-style1 multiple-persons\" data-persons-equal=\"\">\r\n\t\t\t\t\t\t\t\t<div class=\"premium-person-container premium-person-zoomin-effect\">\r\n\t\t\t\t\t\t<div class=\"premium-person-image-container\">\r\n\t\t\t\t\t\t\t<img fetchpriority=\"high\" decoding=\"async\" width=\"320\" height=\"426\" src=\"https:\/\/paratraduccion.com\/limiares\/wp-content\/uploads\/2024\/07\/lorena_abreu_BG-320x426.png\" class=\"attachment-medium size-medium wp-image-126037\" alt=\"\" srcset=\"https:\/\/paratraduccion.com\/limiares\/wp-content\/uploads\/2024\/07\/lorena_abreu_BG-320x426.png 320w, https:\/\/paratraduccion.com\/limiares\/wp-content\/uploads\/2024\/07\/lorena_abreu_BG-9x12.png 9w, https:\/\/paratraduccion.com\/limiares\/wp-content\/uploads\/2024\/07\/lorena_abreu_BG.png 433w\" sizes=\"(max-width: 320px) 100vw, 320px\" \/>\t\t\t\t\t\t\t\t\t\t\t\t\t<\/div>\r\n\t\t\t\t\t\t<div class=\"premium-person-info\">\r\n\t\t\t\t\t\t\t\t\t\t<div class=\"premium-person-info-container\">\r\n\t\t\t\t\t\t\t\t\t<span class=\"premium-person-name\">\r\n\t\t\t\t\t\tAbreu L\u00f3pez, Lorena\t\t\t\t\t<\/span>\r\n\t\t\t\t\t\t\t\t\t\t\t<div class=\"premium-person-content\">\r\n\t\t\t\t\t\t\t<p><a href=\"https:\/\/paratraduccion.com\/limiares\/fr\/abreu-lopez-lorena\/\"><span style=\"color: #00ccff;\">INFOS<\/span><\/a><\/p>\t\t\t\t\t\t<\/div>\r\n\t\t\t\t\t\t\t\t<\/div>\r\n\t\t\t\t\t\t\t\t\t<\/div>\r\n\t\t\t\t\t<\/div>\r\n\t\t\t\t\t\t\t\t\t\t<div class=\"premium-person-container premium-person-zoomin-effect\">\r\n\t\t\t\t\t\t<div class=\"premium-person-image-container\">\r\n\t\t\t\t\t\t\t<img decoding=\"async\" width=\"320\" height=\"320\" src=\"https:\/\/paratraduccion.com\/limiares\/wp-content\/uploads\/2022\/05\/Alberto-320x320.jpeg\" class=\"attachment-medium size-medium wp-image-121656\" alt=\"\" srcset=\"https:\/\/paratraduccion.com\/limiares\/wp-content\/uploads\/2022\/05\/Alberto-320x320.jpeg 320w, https:\/\/paratraduccion.com\/limiares\/wp-content\/uploads\/2022\/05\/Alberto-1200x1200.jpeg 1200w, https:\/\/paratraduccion.com\/limiares\/wp-content\/uploads\/2022\/05\/Alberto-160x160.jpeg 160w, https:\/\/paratraduccion.com\/limiares\/wp-content\/uploads\/2022\/05\/Alberto-768x768.jpeg 768w, https:\/\/paratraduccion.com\/limiares\/wp-content\/uploads\/2022\/05\/Alberto-1536x1536.jpeg 1536w, https:\/\/paratraduccion.com\/limiares\/wp-content\/uploads\/2022\/05\/Alberto-2048x2048.jpeg 2048w\" sizes=\"(max-width: 320px) 100vw, 320px\" \/>\t\t\t\t\t\t\t\t\t\t\t\t\t<\/div>\r\n\t\t\t\t\t\t<div class=\"premium-person-info\">\r\n\t\t\t\t\t\t\t\t\t\t<div class=\"premium-person-info-container\">\r\n\t\t\t\t\t\t\t\t\t<span class=\"premium-person-name\">\r\n\t\t\t\t\t\t\u00c1lvarez Lugr\u00eds, Alberto\t\t\t\t\t<\/span>\r\n\t\t\t\t\t\t\t\t\t\t\t<div class=\"premium-person-content\">\r\n\t\t\t\t\t\t\t<p><a href=\"https:\/\/paratraduccion.com\/limiares\/fr\/alvarez-lugris\/\"><span style=\"color: #00ccff;\">INFOS<br \/><\/span><\/a><\/p>\t\t\t\t\t\t<\/div>\r\n\t\t\t\t\t\t\t\t<\/div>\r\n\t\t\t\t\t\t\t\t\t<\/div>\r\n\t\t\t\t\t<\/div>\r\n\t\t\t\t\t\t\t\t\t\t<div class=\"premium-person-container premium-person-zoomin-effect\">\r\n\t\t\t\t\t\t<div class=\"premium-person-image-container\">\r\n\t\t\t\t\t\t\t<img decoding=\"async\" src=\"https:\/\/paratraduccion.com\/limiares\/wp-content\/uploads\/2022\/05\/Emmanuel-scaled.jpeg\" title=\"\" alt=\"\" loading=\"lazy\" \/>\t\t\t\t\t\t\t\t\t\t\t\t\t<\/div>\r\n\t\t\t\t\t\t<div class=\"premium-person-info\">\r\n\t\t\t\t\t\t\t\t\t\t<div class=\"premium-person-info-container\">\r\n\t\t\t\t\t\t\t\t\t<span class=\"premium-person-name\">\r\n\t\t\t\t\t\tBourgoin Vergondy, Emmanuel\t\t\t\t\t<\/span>\r\n\t\t\t\t\t\t\t\t\t\t\t<div class=\"premium-person-content\">\r\n\t\t\t\t\t\t\t<p><a href=\"https:\/\/paratraduccion.com\/limiares\/fr\/bourgoin-vergondy-emmanuel-claude\/\"><span style=\"color: #00ccff;\">INFOS<\/span><\/a><\/p>\t\t\t\t\t\t<\/div>\r\n\t\t\t\t\t\t\t\t<\/div>\r\n\t\t\t\t\t\t\t\t\t<\/div>\r\n\t\t\t\t\t<\/div>\r\n\t\t\t\t\t\t\t\t\t\t<div class=\"premium-person-container premium-person-zoomin-effect\">\r\n\t\t\t\t\t\t<div class=\"premium-person-image-container\">\r\n\t\t\t\t\t\t\t<img decoding=\"async\" width=\"320\" height=\"320\" src=\"https:\/\/paratraduccion.com\/limiares\/wp-content\/uploads\/2022\/05\/Patricia-Buxan--320x320.jpeg\" class=\"attachment-medium size-medium wp-image-121672\" alt=\"\" srcset=\"https:\/\/paratraduccion.com\/limiares\/wp-content\/uploads\/2022\/05\/Patricia-Buxan--320x320.jpeg 320w, https:\/\/paratraduccion.com\/limiares\/wp-content\/uploads\/2022\/05\/Patricia-Buxan--1200x1200.jpeg 1200w, https:\/\/paratraduccion.com\/limiares\/wp-content\/uploads\/2022\/05\/Patricia-Buxan--160x160.jpeg 160w, https:\/\/paratraduccion.com\/limiares\/wp-content\/uploads\/2022\/05\/Patricia-Buxan--768x768.jpeg 768w, https:\/\/paratraduccion.com\/limiares\/wp-content\/uploads\/2022\/05\/Patricia-Buxan--1536x1536.jpeg 1536w, https:\/\/paratraduccion.com\/limiares\/wp-content\/uploads\/2022\/05\/Patricia-Buxan--2048x2048.jpeg 2048w\" sizes=\"(max-width: 320px) 100vw, 320px\" \/>\t\t\t\t\t\t\t\t\t\t\t\t\t<\/div>\r\n\t\t\t\t\t\t<div class=\"premium-person-info\">\r\n\t\t\t\t\t\t\t\t\t\t<div class=\"premium-person-info-container\">\r\n\t\t\t\t\t\t\t\t\t<span class=\"premium-person-name\">\r\n\t\t\t\t\t\tBux\u00e1n Otero, Patricia\t\t\t\t\t<\/span>\r\n\t\t\t\t\t\t\t\t\t\t\t<div class=\"premium-person-content\">\r\n\t\t\t\t\t\t\t<p><a href=\"https:\/\/paratraduccion.com\/limiares\/fr\/patricia-bujan\/\"><span style=\"color: #00ccff;\">INFOS<\/span><\/a><\/p>\t\t\t\t\t\t<\/div>\r\n\t\t\t\t\t\t\t\t<\/div>\r\n\t\t\t\t\t\t\t\t\t<\/div>\r\n\t\t\t\t\t<\/div>\r\n\t\t\t\t\t\t\t\t\t\t<div class=\"premium-person-container premium-person-zoomin-effect\">\r\n\t\t\t\t\t\t<div class=\"premium-person-image-container\">\r\n\t\t\t\t\t\t\t<img loading=\"lazy\" decoding=\"async\" width=\"320\" height=\"320\" src=\"https:\/\/paratraduccion.com\/limiares\/wp-content\/uploads\/2022\/05\/Pablo-de-Carlo--320x320.jpeg\" class=\"attachment-medium size-medium wp-image-121670\" alt=\"\" srcset=\"https:\/\/paratraduccion.com\/limiares\/wp-content\/uploads\/2022\/05\/Pablo-de-Carlo--320x320.jpeg 320w, https:\/\/paratraduccion.com\/limiares\/wp-content\/uploads\/2022\/05\/Pablo-de-Carlo--1200x1200.jpeg 1200w, https:\/\/paratraduccion.com\/limiares\/wp-content\/uploads\/2022\/05\/Pablo-de-Carlo--160x160.jpeg 160w, https:\/\/paratraduccion.com\/limiares\/wp-content\/uploads\/2022\/05\/Pablo-de-Carlo--768x768.jpeg 768w, https:\/\/paratraduccion.com\/limiares\/wp-content\/uploads\/2022\/05\/Pablo-de-Carlo--1536x1536.jpeg 1536w, https:\/\/paratraduccion.com\/limiares\/wp-content\/uploads\/2022\/05\/Pablo-de-Carlo--2048x2048.jpeg 2048w\" sizes=\"(max-width: 320px) 100vw, 320px\" \/>\t\t\t\t\t\t\t\t\t\t\t\t\t<\/div>\r\n\t\t\t\t\t\t<div class=\"premium-person-info\">\r\n\t\t\t\t\t\t\t\t\t\t<div class=\"premium-person-info-container\">\r\n\t\t\t\t\t\t\t\t\t<span class=\"premium-person-name\">\r\n\t\t\t\t\t\tDe Carlos Villamarin, Pablo\t\t\t\t\t<\/span>\r\n\t\t\t\t\t\t\t\t\t\t\t<div class=\"premium-person-content\">\r\n\t\t\t\t\t\t\t<p><a href=\"https:\/\/paratraduccion.com\/limiares\/fr\/pablo-de-carlo\/\"><span style=\"color: #00ccff;\">INFOS<\/span><\/a><\/p>\t\t\t\t\t\t<\/div>\r\n\t\t\t\t\t\t\t\t<\/div>\r\n\t\t\t\t\t\t\t\t\t<\/div>\r\n\t\t\t\t\t<\/div>\r\n\t\t\t\t\t\t\t\t\t\t<div class=\"premium-person-container premium-person-zoomin-effect\">\r\n\t\t\t\t\t\t<div class=\"premium-person-image-container\">\r\n\t\t\t\t\t\t\t<img loading=\"lazy\" decoding=\"async\" width=\"320\" height=\"320\" src=\"https:\/\/paratraduccion.com\/limiares\/wp-content\/uploads\/2022\/05\/Maribel-320x320.jpeg\" class=\"attachment-medium size-medium wp-image-121668\" alt=\"\" srcset=\"https:\/\/paratraduccion.com\/limiares\/wp-content\/uploads\/2022\/05\/Maribel-320x320.jpeg 320w, https:\/\/paratraduccion.com\/limiares\/wp-content\/uploads\/2022\/05\/Maribel-1200x1200.jpeg 1200w, https:\/\/paratraduccion.com\/limiares\/wp-content\/uploads\/2022\/05\/Maribel-160x160.jpeg 160w, https:\/\/paratraduccion.com\/limiares\/wp-content\/uploads\/2022\/05\/Maribel-768x768.jpeg 768w, https:\/\/paratraduccion.com\/limiares\/wp-content\/uploads\/2022\/05\/Maribel-1536x1536.jpeg 1536w, https:\/\/paratraduccion.com\/limiares\/wp-content\/uploads\/2022\/05\/Maribel-2048x2048.jpeg 2048w\" sizes=\"(max-width: 320px) 100vw, 320px\" \/>\t\t\t\t\t\t\t\t\t\t\t\t\t<\/div>\r\n\t\t\t\t\t\t<div class=\"premium-person-info\">\r\n\t\t\t\t\t\t\t\t\t\t<div class=\"premium-person-info-container\">\r\n\t\t\t\t\t\t\t\t\t<span class=\"premium-person-name\">\r\n\t\t\t\t\t\tDel Pozo Trivi\u00f1o, Maribel\t\t\t\t\t<\/span>\r\n\t\t\t\t\t\t\t\t\t\t\t<div class=\"premium-person-content\">\r\n\t\t\t\t\t\t\t<p><a href=\"https:\/\/paratraduccion.com\/limiares\/fr\/del-pozo-maribel\/\"><span style=\"color: #00ccff;\">INFOS<\/span><\/a><\/p>\t\t\t\t\t\t<\/div>\r\n\t\t\t\t\t\t\t\t<\/div>\r\n\t\t\t\t\t\t\t\t\t<\/div>\r\n\t\t\t\t\t<\/div>\r\n\t\t\t\t\t\t\t\t\t\t<div class=\"premium-person-container premium-person-zoomin-effect\">\r\n\t\t\t\t\t\t<div class=\"premium-person-image-container\">\r\n\t\t\t\t\t\t\t<img loading=\"lazy\" decoding=\"async\" width=\"320\" height=\"320\" src=\"https:\/\/paratraduccion.com\/limiares\/wp-content\/uploads\/2022\/05\/Lara-320x320.jpeg\" class=\"attachment-medium size-medium wp-image-121667\" alt=\"\" srcset=\"https:\/\/paratraduccion.com\/limiares\/wp-content\/uploads\/2022\/05\/Lara-320x320.jpeg 320w, https:\/\/paratraduccion.com\/limiares\/wp-content\/uploads\/2022\/05\/Lara-1200x1200.jpeg 1200w, https:\/\/paratraduccion.com\/limiares\/wp-content\/uploads\/2022\/05\/Lara-160x160.jpeg 160w, https:\/\/paratraduccion.com\/limiares\/wp-content\/uploads\/2022\/05\/Lara-768x768.jpeg 768w, https:\/\/paratraduccion.com\/limiares\/wp-content\/uploads\/2022\/05\/Lara-1536x1536.jpeg 1536w, https:\/\/paratraduccion.com\/limiares\/wp-content\/uploads\/2022\/05\/Lara-2048x2048.jpeg 2048w\" sizes=\"(max-width: 320px) 100vw, 320px\" \/>\t\t\t\t\t\t\t\t\t\t\t\t\t<\/div>\r\n\t\t\t\t\t\t<div class=\"premium-person-info\">\r\n\t\t\t\t\t\t\t\t\t\t<div class=\"premium-person-info-container\">\r\n\t\t\t\t\t\t\t\t\t<span class=\"premium-person-name\">\r\n\t\t\t\t\t\tDom\u00ednguez Ara\u00fajo, Lara\t\t\t\t\t<\/span>\r\n\t\t\t\t\t\t\t\t\t\t\t<div class=\"premium-person-content\">\r\n\t\t\t\t\t\t\t<p><a href=\"https:\/\/paratraduccion.com\/limiares\/fr\/lara-dominguez-araujo\/\"><span style=\"color: #00ccff;\">INFOS<\/span><\/a><\/p>\t\t\t\t\t\t<\/div>\r\n\t\t\t\t\t\t\t\t<\/div>\r\n\t\t\t\t\t\t\t\t\t<\/div>\r\n\t\t\t\t\t<\/div>\r\n\t\t\t\t\t\t\t\t\t\t<div class=\"premium-person-container premium-person-zoomin-effect\">\r\n\t\t\t\t\t\t<div class=\"premium-person-image-container\">\r\n\t\t\t\t\t\t\t<img loading=\"lazy\" decoding=\"async\" width=\"320\" height=\"320\" src=\"https:\/\/paratraduccion.com\/limiares\/wp-content\/uploads\/2022\/05\/Pablo-Fernandez-Calero--320x320.jpeg\" class=\"attachment-medium size-medium wp-image-121671\" alt=\"\" srcset=\"https:\/\/paratraduccion.com\/limiares\/wp-content\/uploads\/2022\/05\/Pablo-Fernandez-Calero--320x320.jpeg 320w, https:\/\/paratraduccion.com\/limiares\/wp-content\/uploads\/2022\/05\/Pablo-Fernandez-Calero--1200x1200.jpeg 1200w, https:\/\/paratraduccion.com\/limiares\/wp-content\/uploads\/2022\/05\/Pablo-Fernandez-Calero--160x160.jpeg 160w, https:\/\/paratraduccion.com\/limiares\/wp-content\/uploads\/2022\/05\/Pablo-Fernandez-Calero--768x768.jpeg 768w, https:\/\/paratraduccion.com\/limiares\/wp-content\/uploads\/2022\/05\/Pablo-Fernandez-Calero--1536x1536.jpeg 1536w, https:\/\/paratraduccion.com\/limiares\/wp-content\/uploads\/2022\/05\/Pablo-Fernandez-Calero--2048x2048.jpeg 2048w\" sizes=\"(max-width: 320px) 100vw, 320px\" \/>\t\t\t\t\t\t\t\t\t\t\t\t\t<\/div>\r\n\t\t\t\t\t\t<div class=\"premium-person-info\">\r\n\t\t\t\t\t\t\t\t\t\t<div class=\"premium-person-info-container\">\r\n\t\t\t\t\t\t\t\t\t<span class=\"premium-person-name\">\r\n\t\t\t\t\t\tFern\u00e1ndez Carballo Calero, Pablo\t\t\t\t\t<\/span>\r\n\t\t\t\t\t\t\t\t\t\t\t<div class=\"premium-person-content\">\r\n\t\t\t\t\t\t\t<p><a href=\"https:\/\/paratraduccion.com\/limiares\/fr\/pablo-fernandez-carballo-calero\/\"><span style=\"color: #00ccff;\">INFOS<\/span><\/a><\/p>\t\t\t\t\t\t<\/div>\r\n\t\t\t\t\t\t\t\t<\/div>\r\n\t\t\t\t\t\t\t\t\t<\/div>\r\n\t\t\t\t\t<\/div>\r\n\t\t\t\t\t\t\t\t\t\t<div class=\"premium-person-container premium-person-zoomin-effect\">\r\n\t\t\t\t\t\t<div class=\"premium-person-image-container\">\r\n\t\t\t\t\t\t\t<img loading=\"lazy\" decoding=\"async\" width=\"320\" height=\"323\" src=\"https:\/\/paratraduccion.com\/limiares\/wp-content\/uploads\/2022\/05\/Anxo-320x323.jpeg\" class=\"attachment-medium size-medium wp-image-121660\" alt=\"\" srcset=\"https:\/\/paratraduccion.com\/limiares\/wp-content\/uploads\/2022\/05\/Anxo-320x323.jpeg 320w, https:\/\/paratraduccion.com\/limiares\/wp-content\/uploads\/2022\/05\/Anxo-1200x1212.jpeg 1200w, https:\/\/paratraduccion.com\/limiares\/wp-content\/uploads\/2022\/05\/Anxo-768x775.jpeg 768w, https:\/\/paratraduccion.com\/limiares\/wp-content\/uploads\/2022\/05\/Anxo-1521x1536.jpeg 1521w, https:\/\/paratraduccion.com\/limiares\/wp-content\/uploads\/2022\/05\/Anxo-2028x2048.jpeg 2028w\" sizes=\"(max-width: 320px) 100vw, 320px\" \/>\t\t\t\t\t\t\t\t\t\t\t\t\t<\/div>\r\n\t\t\t\t\t\t<div class=\"premium-person-info\">\r\n\t\t\t\t\t\t\t\t\t\t<div class=\"premium-person-info-container\">\r\n\t\t\t\t\t\t\t\t\t<span class=\"premium-person-name\">\r\n\t\t\t\t\t\tFern\u00e1ndez Ocampo, Anxo\t\t\t\t\t<\/span>\r\n\t\t\t\t\t\t\t\t\t\t\t<div class=\"premium-person-content\">\r\n\t\t\t\t\t\t\t<p><a href=\"https:\/\/paratraduccion.com\/limiares\/fr\/fernandez-ocampo-anxo\/\"><span style=\"color: #00ccff;\">INFOS<\/span><\/a><\/p>\t\t\t\t\t\t<\/div>\r\n\t\t\t\t\t\t\t\t<\/div>\r\n\t\t\t\t\t\t\t\t\t<\/div>\r\n\t\t\t\t\t<\/div>\r\n\t\t\t\t\t\t\t\t\t\t<div class=\"premium-person-container premium-person-zoomin-effect\">\r\n\t\t\t\t\t\t<div class=\"premium-person-image-container\">\r\n\t\t\t\t\t\t\t<img loading=\"lazy\" decoding=\"async\" width=\"320\" height=\"320\" src=\"https:\/\/paratraduccion.com\/limiares\/wp-content\/uploads\/2022\/05\/Oscar-Ferreiro--320x320.jpg\" class=\"attachment-medium size-medium wp-image-121669\" alt=\"\" srcset=\"https:\/\/paratraduccion.com\/limiares\/wp-content\/uploads\/2022\/05\/Oscar-Ferreiro--320x320.jpg 320w, https:\/\/paratraduccion.com\/limiares\/wp-content\/uploads\/2022\/05\/Oscar-Ferreiro--1200x1200.jpg 1200w, https:\/\/paratraduccion.com\/limiares\/wp-content\/uploads\/2022\/05\/Oscar-Ferreiro--160x160.jpg 160w, https:\/\/paratraduccion.com\/limiares\/wp-content\/uploads\/2022\/05\/Oscar-Ferreiro--768x768.jpg 768w, https:\/\/paratraduccion.com\/limiares\/wp-content\/uploads\/2022\/05\/Oscar-Ferreiro--1536x1536.jpg 1536w, https:\/\/paratraduccion.com\/limiares\/wp-content\/uploads\/2022\/05\/Oscar-Ferreiro--2048x2048.jpg 2048w\" sizes=\"(max-width: 320px) 100vw, 320px\" \/>\t\t\t\t\t\t\t\t\t\t\t\t\t<\/div>\r\n\t\t\t\t\t\t<div class=\"premium-person-info\">\r\n\t\t\t\t\t\t\t\t\t\t<div class=\"premium-person-info-container\">\r\n\t\t\t\t\t\t\t\t\t<span class=\"premium-person-name\">\r\n\t\t\t\t\t\tFerreiro V\u00e1zquez, \u00d3scar\t\t\t\t\t<\/span>\r\n\t\t\t\t\t\t\t\t\t\t\t<div class=\"premium-person-content\">\r\n\t\t\t\t\t\t\t<p><a href=\"https:\/\/paratraduccion.com\/limiares\/fr\/oscar-ferreiro-vazquez\/\"><span style=\"color: #00ccff;\">INFOS<\/span><\/a><\/p>\t\t\t\t\t\t<\/div>\r\n\t\t\t\t\t\t\t\t<\/div>\r\n\t\t\t\t\t\t\t\t\t<\/div>\r\n\t\t\t\t\t<\/div>\r\n\t\t\t\t\t\t\t\t\t\t<div class=\"premium-person-container premium-person-zoomin-effect\">\r\n\t\t\t\t\t\t<div class=\"premium-person-image-container\">\r\n\t\t\t\t\t\t\t<img loading=\"lazy\" decoding=\"async\" width=\"320\" height=\"320\" src=\"https:\/\/paratraduccion.com\/limiares\/wp-content\/uploads\/2022\/05\/Iolanda-Galanes-320x320.jpeg\" class=\"attachment-medium size-medium wp-image-121664\" alt=\"\" srcset=\"https:\/\/paratraduccion.com\/limiares\/wp-content\/uploads\/2022\/05\/Iolanda-Galanes-320x320.jpeg 320w, https:\/\/paratraduccion.com\/limiares\/wp-content\/uploads\/2022\/05\/Iolanda-Galanes-1200x1200.jpeg 1200w, https:\/\/paratraduccion.com\/limiares\/wp-content\/uploads\/2022\/05\/Iolanda-Galanes-160x160.jpeg 160w, https:\/\/paratraduccion.com\/limiares\/wp-content\/uploads\/2022\/05\/Iolanda-Galanes-768x768.jpeg 768w, https:\/\/paratraduccion.com\/limiares\/wp-content\/uploads\/2022\/05\/Iolanda-Galanes-1536x1536.jpeg 1536w, https:\/\/paratraduccion.com\/limiares\/wp-content\/uploads\/2022\/05\/Iolanda-Galanes-2048x2048.jpeg 2048w\" sizes=\"(max-width: 320px) 100vw, 320px\" \/>\t\t\t\t\t\t\t\t\t\t\t\t\t<\/div>\r\n\t\t\t\t\t\t<div class=\"premium-person-info\">\r\n\t\t\t\t\t\t\t\t\t\t<div class=\"premium-person-info-container\">\r\n\t\t\t\t\t\t\t\t\t<span class=\"premium-person-name\">\r\n\t\t\t\t\t\tGalanes Santos, Iolanda\t\t\t\t\t<\/span>\r\n\t\t\t\t\t\t\t\t\t\t\t<div class=\"premium-person-content\">\r\n\t\t\t\t\t\t\t<p><a href=\"https:\/\/paratraduccion.com\/limiares\/fr\/iolanda-galanes\/\"><span style=\"color: #00ccff;\">INFOS<\/span><\/a><\/p>\t\t\t\t\t\t<\/div>\r\n\t\t\t\t\t\t\t\t<\/div>\r\n\t\t\t\t\t\t\t\t\t<\/div>\r\n\t\t\t\t\t<\/div>\r\n\t\t\t\t\t\t\t\t\t\t<div class=\"premium-person-container premium-person-zoomin-effect\">\r\n\t\t\t\t\t\t<div class=\"premium-person-image-container\">\r\n\t\t\t\t\t\t\t<img loading=\"lazy\" decoding=\"async\" width=\"320\" height=\"320\" src=\"https:\/\/paratraduccion.com\/limiares\/wp-content\/uploads\/2022\/05\/Xoan-Garrido--320x320.jpeg\" class=\"attachment-medium size-medium wp-image-121685\" alt=\"\" srcset=\"https:\/\/paratraduccion.com\/limiares\/wp-content\/uploads\/2022\/05\/Xoan-Garrido--320x320.jpeg 320w, https:\/\/paratraduccion.com\/limiares\/wp-content\/uploads\/2022\/05\/Xoan-Garrido--1200x1200.jpeg 1200w, https:\/\/paratraduccion.com\/limiares\/wp-content\/uploads\/2022\/05\/Xoan-Garrido--160x160.jpeg 160w, https:\/\/paratraduccion.com\/limiares\/wp-content\/uploads\/2022\/05\/Xoan-Garrido--768x768.jpeg 768w, https:\/\/paratraduccion.com\/limiares\/wp-content\/uploads\/2022\/05\/Xoan-Garrido--1536x1536.jpeg 1536w, https:\/\/paratraduccion.com\/limiares\/wp-content\/uploads\/2022\/05\/Xoan-Garrido--2048x2048.jpeg 2048w\" sizes=\"(max-width: 320px) 100vw, 320px\" \/>\t\t\t\t\t\t\t\t\t\t\t\t\t<\/div>\r\n\t\t\t\t\t\t<div class=\"premium-person-info\">\r\n\t\t\t\t\t\t\t\t\t\t<div class=\"premium-person-info-container\">\r\n\t\t\t\t\t\t\t\t\t<span class=\"premium-person-name\">\r\n\t\t\t\t\t\tGarrido Vilari\u00f1o, Xo\u00e1n\t\t\t\t\t<\/span>\r\n\t\t\t\t\t\t\t\t\t\t\t<div class=\"premium-person-content\">\r\n\t\t\t\t\t\t\t<p><a href=\"https:\/\/paratraduccion.com\/limiares\/fr\/garrido-vilarino-xoan-manuel\/\"><span style=\"color: #00ccff;\">INFOS<\/span><\/a><\/p>\t\t\t\t\t\t<\/div>\r\n\t\t\t\t\t\t\t\t<\/div>\r\n\t\t\t\t\t\t\t\t\t<\/div>\r\n\t\t\t\t\t<\/div>\r\n\t\t\t\t\t\t\t\t\t\t<div class=\"premium-person-container premium-person-zoomin-effect\">\r\n\t\t\t\t\t\t<div class=\"premium-person-image-container\">\r\n\t\t\t\t\t\t\t<img loading=\"lazy\" decoding=\"async\" width=\"320\" height=\"320\" src=\"https:\/\/paratraduccion.com\/limiares\/wp-content\/uploads\/2022\/05\/Pedro--320x320.jpeg\" class=\"attachment-medium size-medium wp-image-121674\" alt=\"\" srcset=\"https:\/\/paratraduccion.com\/limiares\/wp-content\/uploads\/2022\/05\/Pedro--320x320.jpeg 320w, https:\/\/paratraduccion.com\/limiares\/wp-content\/uploads\/2022\/05\/Pedro--1200x1200.jpeg 1200w, https:\/\/paratraduccion.com\/limiares\/wp-content\/uploads\/2022\/05\/Pedro--160x160.jpeg 160w, https:\/\/paratraduccion.com\/limiares\/wp-content\/uploads\/2022\/05\/Pedro--768x768.jpeg 768w, https:\/\/paratraduccion.com\/limiares\/wp-content\/uploads\/2022\/05\/Pedro--1536x1536.jpeg 1536w, https:\/\/paratraduccion.com\/limiares\/wp-content\/uploads\/2022\/05\/Pedro--2048x2048.jpeg 2048w\" sizes=\"(max-width: 320px) 100vw, 320px\" \/>\t\t\t\t\t\t\t\t\t\t\t\t\t<\/div>\r\n\t\t\t\t\t\t<div class=\"premium-person-info\">\r\n\t\t\t\t\t\t\t\t\t\t<div class=\"premium-person-info-container\">\r\n\t\t\t\t\t\t\t\t\t<span class=\"premium-person-name\">\r\n\t\t\t\t\t\tGonz\u00e1lez Santamar\u00eda, Pedro\t\t\t\t\t<\/span>\r\n\t\t\t\t\t\t\t\t\t\t\t<div class=\"premium-person-content\">\r\n\t\t\t\t\t\t\t<p><a href=\"https:\/\/paratraduccion.com\/limiares\/fr\/pedro-gonzalez\/\"><span style=\"color: #00ccff;\">INFOS<\/span><\/a><\/p>\t\t\t\t\t\t<\/div>\r\n\t\t\t\t\t\t\t\t<\/div>\r\n\t\t\t\t\t\t\t\t\t<\/div>\r\n\t\t\t\t\t<\/div>\r\n\t\t\t\t\t\t\t\t\t\t<div class=\"premium-person-container premium-person-zoomin-effect\">\r\n\t\t\t\t\t\t<div class=\"premium-person-image-container\">\r\n\t\t\t\t\t\t\t<img loading=\"lazy\" decoding=\"async\" width=\"320\" height=\"320\" src=\"https:\/\/paratraduccion.com\/limiares\/wp-content\/uploads\/2022\/05\/Jessica-320x320.jpeg\" class=\"attachment-medium size-medium wp-image-121665\" alt=\"\" srcset=\"https:\/\/paratraduccion.com\/limiares\/wp-content\/uploads\/2022\/05\/Jessica-320x320.jpeg 320w, https:\/\/paratraduccion.com\/limiares\/wp-content\/uploads\/2022\/05\/Jessica-1200x1200.jpeg 1200w, https:\/\/paratraduccion.com\/limiares\/wp-content\/uploads\/2022\/05\/Jessica-160x160.jpeg 160w, https:\/\/paratraduccion.com\/limiares\/wp-content\/uploads\/2022\/05\/Jessica-768x768.jpeg 768w, https:\/\/paratraduccion.com\/limiares\/wp-content\/uploads\/2022\/05\/Jessica-1536x1536.jpeg 1536w, https:\/\/paratraduccion.com\/limiares\/wp-content\/uploads\/2022\/05\/Jessica-2048x2048.jpeg 2048w\" sizes=\"(max-width: 320px) 100vw, 320px\" \/>\t\t\t\t\t\t\t\t\t\t\t\t\t<\/div>\r\n\t\t\t\t\t\t<div class=\"premium-person-info\">\r\n\t\t\t\t\t\t\t\t\t\t<div class=\"premium-person-info-container\">\r\n\t\t\t\t\t\t\t\t\t<span class=\"premium-person-name\">\r\n\t\t\t\t\t\tGregori Sendra, Jessica\t\t\t\t\t<\/span>\r\n\t\t\t\t\t\t\t\t\t\t\t<div class=\"premium-person-content\">\r\n\t\t\t\t\t\t\t<p><a href=\"https:\/\/paratraduccion.com\/limiares\/fr\/gregori-sendra-jessica\/\"><span style=\"color: #00ccff;\">INFOS<\/span><\/a><\/p>\t\t\t\t\t\t<\/div>\r\n\t\t\t\t\t\t\t\t<\/div>\r\n\t\t\t\t\t\t\t\t\t<\/div>\r\n\t\t\t\t\t<\/div>\r\n\t\t\t\t\t\t\t\t\t\t<div class=\"premium-person-container premium-person-zoomin-effect\">\r\n\t\t\t\t\t\t<div class=\"premium-person-image-container\">\r\n\t\t\t\t\t\t\t<img loading=\"lazy\" decoding=\"async\" width=\"320\" height=\"320\" src=\"https:\/\/paratraduccion.com\/limiares\/wp-content\/uploads\/2022\/05\/Ana-Hermida-320x320.jpeg\" class=\"attachment-medium size-medium wp-image-121658\" alt=\"\" srcset=\"https:\/\/paratraduccion.com\/limiares\/wp-content\/uploads\/2022\/05\/Ana-Hermida-320x320.jpeg 320w, https:\/\/paratraduccion.com\/limiares\/wp-content\/uploads\/2022\/05\/Ana-Hermida-1200x1200.jpeg 1200w, https:\/\/paratraduccion.com\/limiares\/wp-content\/uploads\/2022\/05\/Ana-Hermida-160x160.jpeg 160w, https:\/\/paratraduccion.com\/limiares\/wp-content\/uploads\/2022\/05\/Ana-Hermida-768x768.jpeg 768w, https:\/\/paratraduccion.com\/limiares\/wp-content\/uploads\/2022\/05\/Ana-Hermida-1536x1536.jpeg 1536w, https:\/\/paratraduccion.com\/limiares\/wp-content\/uploads\/2022\/05\/Ana-Hermida-2048x2048.jpeg 2048w\" sizes=\"(max-width: 320px) 100vw, 320px\" \/>\t\t\t\t\t\t\t\t\t\t\t\t\t<\/div>\r\n\t\t\t\t\t\t<div class=\"premium-person-info\">\r\n\t\t\t\t\t\t\t\t\t\t<div class=\"premium-person-info-container\">\r\n\t\t\t\t\t\t\t\t\t<span class=\"premium-person-name\">\r\n\t\t\t\t\t\tHermida Ruibal, Ana\t\t\t\t\t<\/span>\r\n\t\t\t\t\t\t\t\t\t\t\t<div class=\"premium-person-content\">\r\n\t\t\t\t\t\t\t<p><a href=\"https:\/\/paratraduccion.com\/limiares\/fr\/ana-hermida-ruibal\/\"><span style=\"color: #00ccff;\">INFOS<\/span><\/a><\/p>\t\t\t\t\t\t<\/div>\r\n\t\t\t\t\t\t\t\t<\/div>\r\n\t\t\t\t\t\t\t\t\t<\/div>\r\n\t\t\t\t\t<\/div>\r\n\t\t\t\t\t\t\t\t\t\t<div class=\"premium-person-container premium-person-zoomin-effect\">\r\n\t\t\t\t\t\t<div class=\"premium-person-image-container\">\r\n\t\t\t\t\t\t\t<img loading=\"lazy\" decoding=\"async\" width=\"320\" height=\"320\" src=\"https:\/\/paratraduccion.com\/limiares\/wp-content\/uploads\/2022\/05\/Sara-Louredo--320x320.jpeg\" class=\"attachment-medium size-medium wp-image-121677\" alt=\"\" srcset=\"https:\/\/paratraduccion.com\/limiares\/wp-content\/uploads\/2022\/05\/Sara-Louredo--320x320.jpeg 320w, https:\/\/paratraduccion.com\/limiares\/wp-content\/uploads\/2022\/05\/Sara-Louredo--1200x1200.jpeg 1200w, https:\/\/paratraduccion.com\/limiares\/wp-content\/uploads\/2022\/05\/Sara-Louredo--160x160.jpeg 160w, https:\/\/paratraduccion.com\/limiares\/wp-content\/uploads\/2022\/05\/Sara-Louredo--768x768.jpeg 768w, https:\/\/paratraduccion.com\/limiares\/wp-content\/uploads\/2022\/05\/Sara-Louredo--1536x1536.jpeg 1536w, https:\/\/paratraduccion.com\/limiares\/wp-content\/uploads\/2022\/05\/Sara-Louredo--2048x2048.jpeg 2048w\" sizes=\"(max-width: 320px) 100vw, 320px\" \/>\t\t\t\t\t\t\t\t\t\t\t\t\t<\/div>\r\n\t\t\t\t\t\t<div class=\"premium-person-info\">\r\n\t\t\t\t\t\t\t\t\t\t<div class=\"premium-person-info-container\">\r\n\t\t\t\t\t\t\t\t\t<span class=\"premium-person-name\">\r\n\t\t\t\t\t\tLouredo Casado, Sara\t\t\t\t\t<\/span>\r\n\t\t\t\t\t\t\t\t\t\t\t<div class=\"premium-person-content\">\r\n\t\t\t\t\t\t\t<p><a href=\"https:\/\/paratraduccion.com\/limiares\/fr\/sara-louredo-casado\/\"><span style=\"color: #00ccff;\">INFOS<\/span><\/a><\/p>\t\t\t\t\t\t<\/div>\r\n\t\t\t\t\t\t\t\t<\/div>\r\n\t\t\t\t\t\t\t\t\t<\/div>\r\n\t\t\t\t\t<\/div>\r\n\t\t\t\t\t\t\t\t\t\t<div class=\"premium-person-container premium-person-zoomin-effect\">\r\n\t\t\t\t\t\t<div class=\"premium-person-image-container\">\r\n\t\t\t\t\t\t\t<img loading=\"lazy\" decoding=\"async\" width=\"320\" height=\"320\" src=\"https:\/\/paratraduccion.com\/limiares\/wp-content\/uploads\/2022\/05\/Ana-Luna-320x320.jpeg\" class=\"attachment-medium size-medium wp-image-121659\" alt=\"\" srcset=\"https:\/\/paratraduccion.com\/limiares\/wp-content\/uploads\/2022\/05\/Ana-Luna-320x320.jpeg 320w, https:\/\/paratraduccion.com\/limiares\/wp-content\/uploads\/2022\/05\/Ana-Luna-1200x1200.jpeg 1200w, https:\/\/paratraduccion.com\/limiares\/wp-content\/uploads\/2022\/05\/Ana-Luna-160x160.jpeg 160w, https:\/\/paratraduccion.com\/limiares\/wp-content\/uploads\/2022\/05\/Ana-Luna-768x768.jpeg 768w, https:\/\/paratraduccion.com\/limiares\/wp-content\/uploads\/2022\/05\/Ana-Luna-1536x1536.jpeg 1536w, https:\/\/paratraduccion.com\/limiares\/wp-content\/uploads\/2022\/05\/Ana-Luna-2048x2048.jpeg 2048w\" sizes=\"(max-width: 320px) 100vw, 320px\" \/>\t\t\t\t\t\t\t\t\t\t\t\t\t<\/div>\r\n\t\t\t\t\t\t<div class=\"premium-person-info\">\r\n\t\t\t\t\t\t\t\t\t\t<div class=\"premium-person-info-container\">\r\n\t\t\t\t\t\t\t\t\t<span class=\"premium-person-name\">\r\n\t\t\t\t\t\tLuna Alonso, Ana\t\t\t\t\t<\/span>\r\n\t\t\t\t\t\t\t\t\t\t\t<div class=\"premium-person-content\">\r\n\t\t\t\t\t\t\t<p><a href=\"https:\/\/paratraduccion.com\/limiares\/fr\/ana-luna\/\"><span style=\"color: #00ccff;\">INFOS<\/span><\/a><\/p>\t\t\t\t\t\t<\/div>\r\n\t\t\t\t\t\t\t\t<\/div>\r\n\t\t\t\t\t\t\t\t\t<\/div>\r\n\t\t\t\t\t<\/div>\r\n\t\t\t\t\t\t\t\t\t\t<div class=\"premium-person-container premium-person-zoomin-effect\">\r\n\t\t\t\t\t\t<div class=\"premium-person-image-container\">\r\n\t\t\t\t\t\t\t<img loading=\"lazy\" decoding=\"async\" width=\"320\" height=\"320\" src=\"https:\/\/paratraduccion.com\/limiares\/wp-content\/uploads\/2022\/05\/Ramon--320x320.jpeg\" class=\"attachment-medium size-medium wp-image-121675\" alt=\"\" srcset=\"https:\/\/paratraduccion.com\/limiares\/wp-content\/uploads\/2022\/05\/Ramon--320x320.jpeg 320w, https:\/\/paratraduccion.com\/limiares\/wp-content\/uploads\/2022\/05\/Ramon--1200x1200.jpeg 1200w, https:\/\/paratraduccion.com\/limiares\/wp-content\/uploads\/2022\/05\/Ramon--160x160.jpeg 160w, https:\/\/paratraduccion.com\/limiares\/wp-content\/uploads\/2022\/05\/Ramon--768x768.jpeg 768w, https:\/\/paratraduccion.com\/limiares\/wp-content\/uploads\/2022\/05\/Ramon--1536x1536.jpeg 1536w, https:\/\/paratraduccion.com\/limiares\/wp-content\/uploads\/2022\/05\/Ramon--2048x2048.jpeg 2048w\" sizes=\"(max-width: 320px) 100vw, 320px\" \/>\t\t\t\t\t\t\t\t\t\t\t\t\t<\/div>\r\n\t\t\t\t\t\t<div class=\"premium-person-info\">\r\n\t\t\t\t\t\t\t\t\t\t<div class=\"premium-person-info-container\">\r\n\t\t\t\t\t\t\t\t\t<span class=\"premium-person-name\">\r\n\t\t\t\t\t\tM\u00e9ndez Gonz\u00e1lez, Ram\u00f3n\t\t\t\t\t<\/span>\r\n\t\t\t\t\t\t\t\t\t\t\t<div class=\"premium-person-content\">\r\n\t\t\t\t\t\t\t<p><a href=\"https:\/\/paratraduccion.com\/limiares\/fr\/ramon-mendez\/\"><span style=\"color: #00ccff;\">INFOS<\/span><\/a><\/p>\t\t\t\t\t\t<\/div>\r\n\t\t\t\t\t\t\t\t<\/div>\r\n\t\t\t\t\t\t\t\t\t<\/div>\r\n\t\t\t\t\t<\/div>\r\n\t\t\t\t\t\t\t\t\t\t<div class=\"premium-person-container premium-person-zoomin-effect\">\r\n\t\t\t\t\t\t<div class=\"premium-person-image-container\">\r\n\t\t\t\t\t\t\t<img loading=\"lazy\" decoding=\"async\" width=\"320\" height=\"320\" src=\"https:\/\/paratraduccion.com\/limiares\/wp-content\/uploads\/2022\/05\/Xoan-Montero-320x320.jpeg\" class=\"attachment-medium size-medium wp-image-121678\" alt=\"\" srcset=\"https:\/\/paratraduccion.com\/limiares\/wp-content\/uploads\/2022\/05\/Xoan-Montero-320x320.jpeg 320w, https:\/\/paratraduccion.com\/limiares\/wp-content\/uploads\/2022\/05\/Xoan-Montero-1200x1200.jpeg 1200w, https:\/\/paratraduccion.com\/limiares\/wp-content\/uploads\/2022\/05\/Xoan-Montero-160x160.jpeg 160w, https:\/\/paratraduccion.com\/limiares\/wp-content\/uploads\/2022\/05\/Xoan-Montero-768x768.jpeg 768w, https:\/\/paratraduccion.com\/limiares\/wp-content\/uploads\/2022\/05\/Xoan-Montero-1536x1536.jpeg 1536w, https:\/\/paratraduccion.com\/limiares\/wp-content\/uploads\/2022\/05\/Xoan-Montero-2048x2048.jpeg 2048w\" sizes=\"(max-width: 320px) 100vw, 320px\" \/>\t\t\t\t\t\t\t\t\t\t\t\t\t<\/div>\r\n\t\t\t\t\t\t<div class=\"premium-person-info\">\r\n\t\t\t\t\t\t\t\t\t\t<div class=\"premium-person-info-container\">\r\n\t\t\t\t\t\t\t\t\t<span class=\"premium-person-name\">\r\n\t\t\t\t\t\tMontero Dom\u00ednguez, Xo\u00e1n\t\t\t\t\t<\/span>\r\n\t\t\t\t\t\t\t\t\t\t\t<div class=\"premium-person-content\">\r\n\t\t\t\t\t\t\t<p><a href=\"https:\/\/paratraduccion.com\/limiares\/fr\/xoan-montero\/\"><span style=\"color: #00ccff;\">INFOS<\/span><\/a><\/p>\t\t\t\t\t\t<\/div>\r\n\t\t\t\t\t\t\t\t<\/div>\r\n\t\t\t\t\t\t\t\t\t<\/div>\r\n\t\t\t\t\t<\/div>\r\n\t\t\t\t\t\t\t\t\t\t<div class=\"premium-person-container premium-person-zoomin-effect\">\r\n\t\t\t\t\t\t<div class=\"premium-person-image-container\">\r\n\t\t\t\t\t\t\t<img loading=\"lazy\" decoding=\"async\" width=\"320\" height=\"320\" src=\"https:\/\/paratraduccion.com\/limiares\/wp-content\/uploads\/2022\/05\/Salvador-320x320.jpeg\" class=\"attachment-medium size-medium wp-image-121676\" alt=\"\" srcset=\"https:\/\/paratraduccion.com\/limiares\/wp-content\/uploads\/2022\/05\/Salvador-320x320.jpeg 320w, https:\/\/paratraduccion.com\/limiares\/wp-content\/uploads\/2022\/05\/Salvador-1200x1200.jpeg 1200w, https:\/\/paratraduccion.com\/limiares\/wp-content\/uploads\/2022\/05\/Salvador-160x160.jpeg 160w, https:\/\/paratraduccion.com\/limiares\/wp-content\/uploads\/2022\/05\/Salvador-768x768.jpeg 768w, https:\/\/paratraduccion.com\/limiares\/wp-content\/uploads\/2022\/05\/Salvador-1536x1536.jpeg 1536w, https:\/\/paratraduccion.com\/limiares\/wp-content\/uploads\/2022\/05\/Salvador-2048x2048.jpeg 2048w\" sizes=\"(max-width: 320px) 100vw, 320px\" \/>\t\t\t\t\t\t\t\t\t\t\t\t\t<\/div>\r\n\t\t\t\t\t\t<div class=\"premium-person-info\">\r\n\t\t\t\t\t\t\t\t\t\t<div class=\"premium-person-info-container\">\r\n\t\t\t\t\t\t\t\t\t<span class=\"premium-person-name\">\r\n\t\t\t\t\t\tMourelo P\u00e9rez, Salvador\t\t\t\t\t<\/span>\r\n\t\t\t\t\t\t\t\t\t\t\t<div class=\"premium-person-content\">\r\n\t\t\t\t\t\t\t<p><a href=\"https:\/\/paratraduccion.com\/limiares\/fr\/mourelo-salvador\/\"><span style=\"color: #00ccff;\">INFOS<\/span><\/a><\/p>\t\t\t\t\t\t<\/div>\r\n\t\t\t\t\t\t\t\t<\/div>\r\n\t\t\t\t\t\t\t\t\t<\/div>\r\n\t\t\t\t\t<\/div>\r\n\t\t\t\t\t\t\t\t\t\t<div class=\"premium-person-container premium-person-zoomin-effect\">\r\n\t\t\t\t\t\t<div class=\"premium-person-image-container\">\r\n\t\t\t\t\t\t\t<img loading=\"lazy\" decoding=\"async\" width=\"320\" height=\"320\" src=\"https:\/\/paratraduccion.com\/limiares\/wp-content\/uploads\/2022\/05\/Elena-320x320.jpeg\" class=\"attachment-medium size-medium wp-image-121661\" alt=\"\" srcset=\"https:\/\/paratraduccion.com\/limiares\/wp-content\/uploads\/2022\/05\/Elena-320x320.jpeg 320w, https:\/\/paratraduccion.com\/limiares\/wp-content\/uploads\/2022\/05\/Elena-1200x1200.jpeg 1200w, https:\/\/paratraduccion.com\/limiares\/wp-content\/uploads\/2022\/05\/Elena-160x160.jpeg 160w, https:\/\/paratraduccion.com\/limiares\/wp-content\/uploads\/2022\/05\/Elena-768x768.jpeg 768w, https:\/\/paratraduccion.com\/limiares\/wp-content\/uploads\/2022\/05\/Elena-1536x1536.jpeg 1536w, https:\/\/paratraduccion.com\/limiares\/wp-content\/uploads\/2022\/05\/Elena-2048x2048.jpeg 2048w\" sizes=\"(max-width: 320px) 100vw, 320px\" \/>\t\t\t\t\t\t\t\t\t\t\t\t\t<\/div>\r\n\t\t\t\t\t\t<div class=\"premium-person-info\">\r\n\t\t\t\t\t\t\t\t\t\t<div class=\"premium-person-info-container\">\r\n\t\t\t\t\t\t\t\t\t<span class=\"premium-person-name\">\r\n\t\t\t\t\t\tSanchez Trigo, Elena\t\t\t\t\t<\/span>\r\n\t\t\t\t\t\t\t\t\t\t\t<div class=\"premium-person-content\">\r\n\t\t\t\t\t\t\t<p><a href=\"https:\/\/paratraduccion.com\/limiares\/fr\/elena-sanchez-trigo\/\"><span style=\"color: #00ccff;\">INFOS<\/span><\/a><\/p>\t\t\t\t\t\t<\/div>\r\n\t\t\t\t\t\t\t\t<\/div>\r\n\t\t\t\t\t\t\t\t\t<\/div>\r\n\t\t\t\t\t<\/div>\r\n\t\t\t\t\t\t\t\t\t\t<div class=\"premium-person-container premium-person-zoomin-effect\">\r\n\t\t\t\t\t\t<div class=\"premium-person-image-container\">\r\n\t\t\t\t\t\t\t<img loading=\"lazy\" decoding=\"async\" width=\"320\" height=\"320\" src=\"https:\/\/paratraduccion.com\/limiares\/wp-content\/uploads\/2022\/05\/Patricia-Sotelo-320x320.jpeg\" class=\"attachment-medium size-medium wp-image-121673\" alt=\"\" srcset=\"https:\/\/paratraduccion.com\/limiares\/wp-content\/uploads\/2022\/05\/Patricia-Sotelo-320x320.jpeg 320w, https:\/\/paratraduccion.com\/limiares\/wp-content\/uploads\/2022\/05\/Patricia-Sotelo-1200x1200.jpeg 1200w, https:\/\/paratraduccion.com\/limiares\/wp-content\/uploads\/2022\/05\/Patricia-Sotelo-160x160.jpeg 160w, https:\/\/paratraduccion.com\/limiares\/wp-content\/uploads\/2022\/05\/Patricia-Sotelo-768x768.jpeg 768w, https:\/\/paratraduccion.com\/limiares\/wp-content\/uploads\/2022\/05\/Patricia-Sotelo-1536x1536.jpeg 1536w, https:\/\/paratraduccion.com\/limiares\/wp-content\/uploads\/2022\/05\/Patricia-Sotelo-2048x2048.jpeg 2048w\" sizes=\"(max-width: 320px) 100vw, 320px\" \/>\t\t\t\t\t\t\t\t\t\t\t\t\t<\/div>\r\n\t\t\t\t\t\t<div class=\"premium-person-info\">\r\n\t\t\t\t\t\t\t\t\t\t<div class=\"premium-person-info-container\">\r\n\t\t\t\t\t\t\t\t\t<span class=\"premium-person-name\">\r\n\t\t\t\t\t\tSotelo Dios, Patricia\t\t\t\t\t<\/span>\r\n\t\t\t\t\t\t\t\t\t\t\t<div class=\"premium-person-content\">\r\n\t\t\t\t\t\t\t<p><a href=\"https:\/\/paratraduccion.com\/limiares\/fr\/sotelo-dios-patricia\/\"><span style=\"color: #00ccff;\">INFOS<\/span><\/a><\/p>\t\t\t\t\t\t<\/div>\r\n\t\t\t\t\t\t\t\t<\/div>\r\n\t\t\t\t\t\t\t\t\t<\/div>\r\n\t\t\t\t\t<\/div>\r\n\t\t\t\t\t\t\t\t\t\t<div class=\"premium-person-container premium-person-zoomin-effect\">\r\n\t\t\t\t\t\t<div class=\"premium-person-image-container\">\r\n\t\t\t\t\t\t\t<img loading=\"lazy\" decoding=\"async\" width=\"320\" height=\"320\" src=\"https:\/\/paratraduccion.com\/limiares\/wp-content\/uploads\/2022\/05\/Francisco--320x320.jpeg\" class=\"attachment-medium size-medium wp-image-121663\" alt=\"\" srcset=\"https:\/\/paratraduccion.com\/limiares\/wp-content\/uploads\/2022\/05\/Francisco--320x320.jpeg 320w, https:\/\/paratraduccion.com\/limiares\/wp-content\/uploads\/2022\/05\/Francisco--1200x1200.jpeg 1200w, https:\/\/paratraduccion.com\/limiares\/wp-content\/uploads\/2022\/05\/Francisco--160x160.jpeg 160w, https:\/\/paratraduccion.com\/limiares\/wp-content\/uploads\/2022\/05\/Francisco--768x768.jpeg 768w, https:\/\/paratraduccion.com\/limiares\/wp-content\/uploads\/2022\/05\/Francisco--1536x1536.jpeg 1536w, https:\/\/paratraduccion.com\/limiares\/wp-content\/uploads\/2022\/05\/Francisco--2048x2048.jpeg 2048w\" sizes=\"(max-width: 320px) 100vw, 320px\" \/>\t\t\t\t\t\t\t\t\t\t\t\t\t<\/div>\r\n\t\t\t\t\t\t<div class=\"premium-person-info\">\r\n\t\t\t\t\t\t\t\t\t\t<div class=\"premium-person-info-container\">\r\n\t\t\t\t\t\t\t\t\t<span class=\"premium-person-name\">\r\n\t\t\t\t\t\tTorres P\u00e9rez, Francisco Jos\u00e9\t\t\t\t\t<\/span>\r\n\t\t\t\t\t\t\t\t\t\t\t<div class=\"premium-person-content\">\r\n\t\t\t\t\t\t\t<p><a href=\"https:\/\/paratraduccion.com\/limiares\/fr\/franciso-jose-torres-perez\/\"><span style=\"color: #00ccff;\">INFOS<\/span><\/a><\/p>\t\t\t\t\t\t<\/div>\r\n\t\t\t\t\t\t\t\t<\/div>\r\n\t\t\t\t\t\t\t\t\t<\/div>\r\n\t\t\t\t\t<\/div>\r\n\t\t\t\t\t\t\t\t\t\t<div class=\"premium-person-container premium-person-zoomin-effect\">\r\n\t\t\t\t\t\t<div class=\"premium-person-image-container\">\r\n\t\t\t\t\t\t\t<img loading=\"lazy\" decoding=\"async\" width=\"320\" height=\"320\" src=\"https:\/\/paratraduccion.com\/limiares\/wp-content\/uploads\/2022\/05\/Jose-Yuste-II-320x320.jpeg\" class=\"attachment-medium size-medium wp-image-121666\" alt=\"\" srcset=\"https:\/\/paratraduccion.com\/limiares\/wp-content\/uploads\/2022\/05\/Jose-Yuste-II-320x320.jpeg 320w, https:\/\/paratraduccion.com\/limiares\/wp-content\/uploads\/2022\/05\/Jose-Yuste-II-1200x1200.jpeg 1200w, https:\/\/paratraduccion.com\/limiares\/wp-content\/uploads\/2022\/05\/Jose-Yuste-II-160x160.jpeg 160w, https:\/\/paratraduccion.com\/limiares\/wp-content\/uploads\/2022\/05\/Jose-Yuste-II-768x768.jpeg 768w, https:\/\/paratraduccion.com\/limiares\/wp-content\/uploads\/2022\/05\/Jose-Yuste-II-1536x1536.jpeg 1536w, https:\/\/paratraduccion.com\/limiares\/wp-content\/uploads\/2022\/05\/Jose-Yuste-II-2048x2048.jpeg 2048w\" sizes=\"(max-width: 320px) 100vw, 320px\" \/>\t\t\t\t\t\t\t\t\t\t\t\t\t<\/div>\r\n\t\t\t\t\t\t<div class=\"premium-person-info\">\r\n\t\t\t\t\t\t\t\t\t\t<div class=\"premium-person-info-container\">\r\n\t\t\t\t\t\t\t\t\t<span class=\"premium-person-name\">\r\n\t\t\t\t\t\tYuste Fr\u00edas, Jos\u00e9\t\t\t\t\t<\/span>\r\n\t\t\t\t\t\t\t\t\t\t\t<div class=\"premium-person-content\">\r\n\t\t\t\t\t\t\t<p><a href=\"https:\/\/paratraduccion.com\/limiares\/fr\/yuste-frias\/\"><span style=\"color: #00ccff;\">INFOS<\/span><\/a><\/p>\t\t\t\t\t\t<\/div>\r\n\t\t\t\t\t\t\t\t<\/div>\r\n\t\t\t\t\t\t\t\t\t<\/div>\r\n\t\t\t\t\t<\/div>\r\n\t\t\t\t\t\t\t<\/div>\r\n\t\t\t\t<\/div>\n\t\t\t\t<\/div>\n\t\t\t\t\t<\/div>\n\t\t<\/div>\n\t\t\t\t\t<\/div>\n\t\t<\/section>\n\t\t\t\t<\/div>","protected":false},"excerpt":{"rendered":"<p>Profesional asociada Profesional asociada Link Linkedin Researchgate BIONOTA Ana Hermida Ruibal \u00e9 licenciada en Traduci\u00f3n e Interpretaci\u00f3n pola Universidade de Vigo, tradutora\/int\u00e9rprete xurada (galego-ingl\u00e9s-galego) nomeada pola Xunta de Galicia, pos\u00fae o Diploma de Estudos Avanzados (DEA) en Traduci\u00f3n e Paratraduci\u00f3n pola mesma universidade, e \u00e9 tradutora desde 1998: durante 15 anos coma socia-fundadora dunha empresa&hellip;<\/p>","protected":false},"author":1,"featured_media":121658,"parent":0,"menu_order":14,"comment_status":"closed","ping_status":"closed","template":"","meta":{"footnotes":""},"_links":{"self":[{"href":"https:\/\/paratraduccion.com\/limiares\/fr\/wp-json\/wp\/v2\/pages\/17"}],"collection":[{"href":"https:\/\/paratraduccion.com\/limiares\/fr\/wp-json\/wp\/v2\/pages"}],"about":[{"href":"https:\/\/paratraduccion.com\/limiares\/fr\/wp-json\/wp\/v2\/types\/page"}],"author":[{"embeddable":true,"href":"https:\/\/paratraduccion.com\/limiares\/fr\/wp-json\/wp\/v2\/users\/1"}],"replies":[{"embeddable":true,"href":"https:\/\/paratraduccion.com\/limiares\/fr\/wp-json\/wp\/v2\/comments?post=17"}],"version-history":[{"count":27,"href":"https:\/\/paratraduccion.com\/limiares\/fr\/wp-json\/wp\/v2\/pages\/17\/revisions"}],"predecessor-version":[{"id":127968,"href":"https:\/\/paratraduccion.com\/limiares\/fr\/wp-json\/wp\/v2\/pages\/17\/revisions\/127968"}],"wp:featuredmedia":[{"embeddable":true,"href":"https:\/\/paratraduccion.com\/limiares\/fr\/wp-json\/wp\/v2\/media\/121658"}],"wp:attachment":[{"href":"https:\/\/paratraduccion.com\/limiares\/fr\/wp-json\/wp\/v2\/media?parent=17"}],"curies":[{"name":"wp","href":"https:\/\/api.w.org\/{rel}","templated":true}]}}