{"id":78,"date":"2013-04-24T00:02:57","date_gmt":"2013-04-24T00:02:57","guid":{"rendered":"http:\/\/paratraduccion.com\/mestrado\/terminoloxia\/"},"modified":"2023-10-16T07:37:17","modified_gmt":"2023-10-16T07:37:17","slug":"terminoloxia","status":"publish","type":"page","link":"https:\/\/paratraduccion.com\/limiares\/pt\/terminoloxia\/","title":{"rendered":"Terminologia em tradu\u00e7\u00e3o"},"content":{"rendered":"<p style=\"font-size: 12.16px; margin-bottom: 0.0001pt; text-align: right;\"><a href=\"https:\/\/seix.uvigo.es\/docnet-nuevo\/guia_docent\/?centre=301&amp;ensenyament=V01M128V01&amp;consulta=assignatures&amp;idioma=cast&amp;idioma=gal\" target=\"_blank\" rel=\"noopener noreferrer\"><span style=\"font-family: tahoma, arial, helvetica, sans-serif; font-size: 12pt;\">Acesso \u00e0s guias docentes em galego<\/span><\/a><\/p>\n<p style=\"text-align: right;\" class=\" translation-block\"><span style=\"font-family: tahoma, arial, helvetica, sans-serif;font-size: 12pt\" data-mce-mark=\"1\"><a href=\"https:\/\/seix.uvigo.es\/docnet-nuevo\/guia_docent\/?centre=301&amp;ensenyament=V01M128V01&amp;consulta=assignatures&amp;idioma=gal&amp;idioma=cast\" target=\"_blank\" rel=\"noopener noreferrer\" role=\"link\">Acesso \u00e0s\u00a0<\/a><a href=\"https:\/\/seix.uvigo.es\/docnet-nuevo\/guia_docent\/?centre=301&amp;ensenyament=V01M128V01&amp;consulta=assignatures&amp;idioma=gal&amp;idioma=cast\" target=\"_blank\" rel=\"noopener noreferrer\" role=\"link\">guias docentes em espanhol<\/a><\/span><\/a><\/span><\/p>\n<p><span style=\"font-family: tahoma, arial, helvetica, sans-serif; font-size: 12pt;\" data-mce-mark=\"1\">\u00a0<\/span><\/p>\n<p style=\"text-align: justify;\"><strong><span style=\"color: #222222; font-family: Arial; font-size: 14px;\">\u00a0<\/span><\/strong><\/p>\n<p style=\"text-align: justify;\"><b style=\"text-align: justify; font-family: tahoma, arial, helvetica, sans-serif; font-size: 12pt;\">Terminologia em tradu\u00e7\u00e3o<\/b><\/p>\n<p style=\"text-align: justify;\">(Prof.\u00aa\u00a0<a href=\"https:\/\/paratraduccion.com\/limiares\/pt\/iolanda-galanes\/\" target=\"_blank\" rel=\"noopener noreferrer\">Iolanda Galanes Santos<\/a>\u00a0e Prof.\u00aa\u00a0<a href=\"https:\/\/paratraduccion.com\/limiares\/pt\/aurea-fernandez\/\" target=\"_blank\" rel=\"noopener noreferrer\">\u00c1urea Fern\u00e1ndez Rodr\u00edguez<\/a>)<\/p>\n<p style=\"text-align: justify;\">A gest\u00e3o da terminologia \u00e9 um elemento-chave para o desenvolvimento profissional de Tradu\u00e7\u00e3o e Interpreta\u00e7\u00e3o (T&amp;I). A terminologia est\u00e1 presente em todas as atividades relacionadas ao conhecimento especializado. Gra\u00e7as \u00e0s unidades terminol\u00f3gicas, tanto especialistas quanto mediadores lingu\u00edsticos representam e transferem esse conhecimento pr\u00f3prio da especialidade para outros especialistas ou para um p\u00fablico que deseje adquiri-lo em condi\u00e7\u00f5es de precis\u00e3o, concis\u00e3o e sistematicidade.<\/p>\n<p style=\"text-align: justify;\">Nesta disciplina, por meio de pesquisas e casos concretos selecionados para esse fim, e em colabora\u00e7\u00e3o com os projetos coordenados pela professora Galanes na UVigo, <a href=\"https:\/\/yourterm.eu\/\">Terminology without borders<\/a> de TermCoord (UE) e com os da Rede Panlatina de Terminologia <a href=\"https:\/\/www.realiter.net\/gl\/presentazione\">Realiter<\/a>, se coloca em pr\u00e1tica uma metodologia de busca terminol\u00f3gica espec\u00edfica para a tradu\u00e7\u00e3o especializada. Tamb\u00e9m s\u00e3o apresentadas estrat\u00e9gias e protocolos de busca terminol\u00f3gica e, de forma transversal, s\u00e3o adquiridas compet\u00eancias para pesquisa, para a elabora\u00e7\u00e3o de corpora de apoio e de projetos terminogr\u00e1ficos oficiais destinados \u00e0 T&amp;I.<\/p>","protected":false},"excerpt":{"rendered":"<p>Acceso \u00e1s gu\u00edas docentes en galego \u00a0Acceso \u00e1s\u00a0gu\u00edas docentes en castel\u00e1n \u00a0 \u00a0 Terminolox\u00eda en traduci\u00f3n (Prof.\u00aa\u00a0Iolanda Galanes Santos\u00a0e Prof.\u00aa\u00a0\u00c1urea Fern\u00e1ndez Rodr\u00edguez) A xesti\u00f3n da terminolox\u00eda \u00e9 un elemento clave para o desenvolvemento profesional da T&amp;I. A terminolox\u00eda est\u00e1 presente en todas as actividades relacionadas co co\u00f1ecemento especializado. Grazas \u00e1s unidades terminol\u00f3xicas, tanto especialistas coma&hellip;<\/p>","protected":false},"author":1,"featured_media":0,"parent":0,"menu_order":20,"comment_status":"closed","ping_status":"closed","template":"","meta":{"footnotes":""},"_links":{"self":[{"href":"https:\/\/paratraduccion.com\/limiares\/pt\/wp-json\/wp\/v2\/pages\/78"}],"collection":[{"href":"https:\/\/paratraduccion.com\/limiares\/pt\/wp-json\/wp\/v2\/pages"}],"about":[{"href":"https:\/\/paratraduccion.com\/limiares\/pt\/wp-json\/wp\/v2\/types\/page"}],"author":[{"embeddable":true,"href":"https:\/\/paratraduccion.com\/limiares\/pt\/wp-json\/wp\/v2\/users\/1"}],"replies":[{"embeddable":true,"href":"https:\/\/paratraduccion.com\/limiares\/pt\/wp-json\/wp\/v2\/comments?post=78"}],"version-history":[{"count":8,"href":"https:\/\/paratraduccion.com\/limiares\/pt\/wp-json\/wp\/v2\/pages\/78\/revisions"}],"predecessor-version":[{"id":125310,"href":"https:\/\/paratraduccion.com\/limiares\/pt\/wp-json\/wp\/v2\/pages\/78\/revisions\/125310"}],"wp:attachment":[{"href":"https:\/\/paratraduccion.com\/limiares\/pt\/wp-json\/wp\/v2\/media?parent=78"}],"curies":[{"name":"wp","href":"https:\/\/api.w.org\/{rel}","templated":true}]}}