{"id":78,"date":"2013-04-24T00:02:57","date_gmt":"2013-04-24T00:02:57","guid":{"rendered":"http:\/\/paratraduccion.com\/mestrado\/terminoloxia\/"},"modified":"2023-10-16T07:37:17","modified_gmt":"2023-10-16T07:37:17","slug":"terminoloxia","status":"publish","type":"page","link":"https:\/\/paratraduccion.com\/limiares\/terminoloxia\/","title":{"rendered":"Terminolox\u00eda en traduci\u00f3n"},"content":{"rendered":"<p style=\"font-size: 12.16px; margin-bottom: 0.0001pt; text-align: right;\"><a href=\"https:\/\/seix.uvigo.es\/docnet-nuevo\/guia_docent\/?centre=301&amp;ensenyament=V01M128V01&amp;consulta=assignatures&amp;idioma=cast&amp;idioma=gal\" target=\"_blank\" rel=\"noopener noreferrer\"><span style=\"font-family: tahoma, arial, helvetica, sans-serif; font-size: 12pt;\">Acceso \u00e1s gu\u00edas docentes en galego<\/span><\/a><\/p>\n<p style=\"text-align: right;\">\u00a0<span style=\"font-family: tahoma, arial, helvetica, sans-serif; font-size: 12pt;\" data-mce-mark=\"1\"><a href=\"https:\/\/seix.uvigo.es\/docnet-nuevo\/guia_docent\/?centre=301&amp;ensenyament=V01M128V01&amp;consulta=assignatures&amp;idioma=gal&amp;idioma=cast\" target=\"_blank\" rel=\"noopener noreferrer\">Acceso \u00e1s\u00a0<\/a><a href=\"https:\/\/seix.uvigo.es\/docnet-nuevo\/guia_docent\/?centre=301&amp;ensenyament=V01M128V01&amp;consulta=assignatures&amp;idioma=gal&amp;idioma=cast\" target=\"_blank\" rel=\"noopener noreferrer\">gu\u00edas docentes en castel\u00e1n<\/a><\/span><\/p>\n<p><span style=\"font-family: tahoma, arial, helvetica, sans-serif; font-size: 12pt;\" data-mce-mark=\"1\">\u00a0<\/span><\/p>\n<p style=\"text-align: justify;\"><strong><span style=\"color: #222222; font-family: Arial; font-size: 14px;\">\u00a0<\/span><\/strong><\/p>\n<p style=\"text-align: justify;\"><b style=\"text-align: justify; font-family: tahoma, arial, helvetica, sans-serif; font-size: 12pt;\">Terminolox\u00eda en traduci\u00f3n<\/b><\/p>\n<p style=\"text-align: justify;\">(Prof.\u00aa\u00a0<a href=\"http:\/\/paratraduccion.com\/limiares\/iolanda-galanes\/\" target=\"_blank\" rel=\"noopener noreferrer\">Iolanda Galanes Santos<\/a>\u00a0e Prof.\u00aa\u00a0<a href=\"http:\/\/paratraduccion.com\/limiares\/aurea-fernandez\/\" target=\"_blank\" rel=\"noopener noreferrer\">\u00c1urea Fern\u00e1ndez Rodr\u00edguez<\/a>)<\/p>\n<p style=\"text-align: justify;\">A xesti\u00f3n da terminolox\u00eda \u00e9 un elemento clave para o desenvolvemento profesional da T&amp;I. A terminolox\u00eda est\u00e1 presente en todas as actividades relacionadas co co\u00f1ecemento especializado. Grazas \u00e1s unidades terminol\u00f3xicas, tanto especialistas coma mediadores\/as ling\u00fc\u00edsticos representan e transfiren ese co\u00f1ecemento propio da especialidade a outros\/as especialistas ou a un p\u00fablico que desexe adquirilo en condici\u00f3ns de precisi\u00f3n, concisi\u00f3n e sistematicidade.<\/p>\n<p style=\"text-align: justify;\">Nesta materia a trav\u00e9s de buscas e casos concretos, seleccionados para o efecto e en colaboraci\u00f3n cos proxectos, coordinados pola profesora Galanes na UVigo, <a href=\"https:\/\/yourterm.eu\/\">Terminology without borders<\/a> de TermCoord (UE) e cos da Rede Panlatina de Terminolox\u00eda <a href=\"https:\/\/www.realiter.net\/gl\/presentazione\">Realiter<\/a>, ponse en pr\u00e1ctica unha metodolox\u00eda de busca terminol\u00f3xica puntual para a traduci\u00f3n especializada. Tam\u00e9n se propo\u00f1en as estratexias e o protocolo de busca terminol\u00f3xica e, de modo transversal, adqu\u00edrense as competencias para a investigaci\u00f3n, para a elaboraci\u00f3n de corpus de apoio e de proxectos terminogr\u00e1ficos oficiais destinados \u00e1 T&amp;I.<\/p>\n","protected":false},"excerpt":{"rendered":"<p>Acceso \u00e1s gu\u00edas docentes en galego \u00a0Acceso \u00e1s\u00a0gu\u00edas docentes en castel\u00e1n \u00a0 \u00a0 Terminolox\u00eda en traduci\u00f3n (Prof.\u00aa\u00a0Iolanda Galanes Santos\u00a0e Prof.\u00aa\u00a0\u00c1urea Fern\u00e1ndez Rodr\u00edguez) A xesti\u00f3n da terminolox\u00eda \u00e9 un elemento clave para o desenvolvemento profesional da T&amp;I. A terminolox\u00eda est\u00e1 presente en todas as actividades relacionadas co co\u00f1ecemento especializado. Grazas \u00e1s unidades terminol\u00f3xicas, tanto especialistas coma&hellip;<\/p>\n","protected":false},"author":1,"featured_media":0,"parent":0,"menu_order":20,"comment_status":"closed","ping_status":"closed","template":"","meta":{"footnotes":""},"_links":{"self":[{"href":"https:\/\/paratraduccion.com\/limiares\/wp-json\/wp\/v2\/pages\/78"}],"collection":[{"href":"https:\/\/paratraduccion.com\/limiares\/wp-json\/wp\/v2\/pages"}],"about":[{"href":"https:\/\/paratraduccion.com\/limiares\/wp-json\/wp\/v2\/types\/page"}],"author":[{"embeddable":true,"href":"https:\/\/paratraduccion.com\/limiares\/wp-json\/wp\/v2\/users\/1"}],"replies":[{"embeddable":true,"href":"https:\/\/paratraduccion.com\/limiares\/wp-json\/wp\/v2\/comments?post=78"}],"version-history":[{"count":8,"href":"https:\/\/paratraduccion.com\/limiares\/wp-json\/wp\/v2\/pages\/78\/revisions"}],"predecessor-version":[{"id":125310,"href":"https:\/\/paratraduccion.com\/limiares\/wp-json\/wp\/v2\/pages\/78\/revisions\/125310"}],"wp:attachment":[{"href":"https:\/\/paratraduccion.com\/limiares\/wp-json\/wp\/v2\/media?parent=78"}],"curies":[{"name":"wp","href":"https:\/\/api.w.org\/{rel}","templated":true}]}}