{"id":84,"date":"2013-04-24T00:34:40","date_gmt":"2013-04-24T00:34:40","guid":{"rendered":"http:\/\/paratraduccion.com\/mestrado\/publicidade\/"},"modified":"2023-10-16T08:40:45","modified_gmt":"2023-10-16T08:40:45","slug":"publicidade","status":"publish","type":"page","link":"https:\/\/paratraduccion.com\/limiares\/publicidade\/","title":{"rendered":"Traduci\u00f3n publicitaria"},"content":{"rendered":"<p style=\"font-size: 12.16px; margin-bottom: 0.0001pt; text-align: right;\"><a href=\"https:\/\/seix.uvigo.es\/docnet-nuevo\/guia_docent\/?centre=301&amp;ensenyament=V01M128V01&amp;consulta=assignatures&amp;idioma=cast&amp;idioma=gal\" target=\"_blank\" rel=\"noopener noreferrer\"><span style=\"font-family: tahoma, arial, helvetica, sans-serif; font-size: 12pt;\">Acceso \u00e1s gu\u00edas docentes en galego<\/span><\/a><\/p>\n<p style=\"text-align: right;\">\u00a0<span style=\"font-family: tahoma, arial, helvetica, sans-serif; font-size: 12pt;\" data-mce-mark=\"1\"><a href=\"https:\/\/seix.uvigo.es\/docnet-nuevo\/guia_docent\/?centre=301&amp;ensenyament=V01M128V01&amp;consulta=assignatures&amp;idioma=gal&amp;idioma=cast\" target=\"_blank\" rel=\"noopener noreferrer\">Acceso \u00e1s\u00a0<\/a><a href=\"https:\/\/seix.uvigo.es\/docnet-nuevo\/guia_docent\/?centre=301&amp;ensenyament=V01M128V01&amp;consulta=assignatures&amp;idioma=gal&amp;idioma=cast\" target=\"_blank\" rel=\"noopener noreferrer\">gu\u00edas docentes en castel\u00e1n<\/a><\/span><\/p>\n<h1><\/h1>\n<h3>Traduci\u00f3n publicitaria<\/h3>\n<p style=\"text-align: justify;\">(Prof. <a href=\"http:\/\/paratraduccion.com\/limiares\/yuste-frias\/\" target=\"_blank\" rel=\"noopener noreferrer\">Jos\u00e9 Yuste Fr\u00edas<\/a>)<\/p>\n<p style=\"text-align: justify;\">Un dos principais obxectivos desta materia \u00e9 o <strong>de acabar co t\u00f3pico da suposta universalidade do s\u00edmbolo e da imaxe en traduci\u00f3n<\/strong>, demostrando que son necesarias e imprescindibles as (para)traduci\u00f3ns dos s\u00edmbolos e as imaxes que acompa\u00f1an ao texto publicitario cando se pretende comunicar dun pa\u00eds a outro, dunha lingua a outra, dunha cultura a outra\u2026 dun mercado a outro.<\/p>\n<p style=\"text-align: justify;\">Analizando diferentes exemplos de entidades iconatextuais presentes na traduci\u00f3n publicitaria, o alumnado aprender\u00e1 a desmontar os sut\u00eds mecanismos e as eficaces estratexias de comunicaci\u00f3n (para)tradutora que, \u00e1 hora de conquistar novos mercados, adoptan empresas, industrias, organismos e instituci\u00f3ns con proxecci\u00f3n internacional, facendo uso dunha pol\u00edtica global de aut\u00e9ntica e pura paratraduci\u00f3n maquillada con retoques de localizaci\u00f3n que pretende converter produtos puramente comerciais en supostos bens culturais de consumo universal.<\/p>\n<p style=\"text-align: justify;\">Para unha primeira aproximaci\u00f3n xeral \u00e1 materia, preme <a href=\"https:\/\/paratraduccion.com\/limiares\/wp-content\/uploads\/2023\/10\/Traduccioin-publicitaria_MTCI_JoseYusteFrias.pdf\" target=\"_blank\" rel=\"noopener\">aqu\u00ed<\/a>.<\/p>\n","protected":false},"excerpt":{"rendered":"<p>Acceso \u00e1s gu\u00edas docentes en galego \u00a0Acceso \u00e1s\u00a0gu\u00edas docentes en castel\u00e1n Traduci\u00f3n publicitaria (Prof. Jos\u00e9 Yuste Fr\u00edas) Un dos principais obxectivos desta materia \u00e9 o de acabar co t\u00f3pico da suposta universalidade do s\u00edmbolo e da imaxe en traduci\u00f3n, demostrando que son necesarias e imprescindibles as (para)traduci\u00f3ns dos s\u00edmbolos e as imaxes que acompa\u00f1an ao&hellip;<\/p>\n","protected":false},"author":1,"featured_media":0,"parent":0,"menu_order":16,"comment_status":"closed","ping_status":"closed","template":"","meta":{"footnotes":""},"_links":{"self":[{"href":"https:\/\/paratraduccion.com\/limiares\/wp-json\/wp\/v2\/pages\/84"}],"collection":[{"href":"https:\/\/paratraduccion.com\/limiares\/wp-json\/wp\/v2\/pages"}],"about":[{"href":"https:\/\/paratraduccion.com\/limiares\/wp-json\/wp\/v2\/types\/page"}],"author":[{"embeddable":true,"href":"https:\/\/paratraduccion.com\/limiares\/wp-json\/wp\/v2\/users\/1"}],"replies":[{"embeddable":true,"href":"https:\/\/paratraduccion.com\/limiares\/wp-json\/wp\/v2\/comments?post=84"}],"version-history":[{"count":31,"href":"https:\/\/paratraduccion.com\/limiares\/wp-json\/wp\/v2\/pages\/84\/revisions"}],"predecessor-version":[{"id":125319,"href":"https:\/\/paratraduccion.com\/limiares\/wp-json\/wp\/v2\/pages\/84\/revisions\/125319"}],"wp:attachment":[{"href":"https:\/\/paratraduccion.com\/limiares\/wp-json\/wp\/v2\/media?parent=84"}],"curies":[{"name":"wp","href":"https:\/\/api.w.org\/{rel}","templated":true}]}}